{"id":5595,"date":"2021-04-25T14:57:05","date_gmt":"2021-04-25T12:57:05","guid":{"rendered":"https:\/\/www.anika-net.de\/imprint\/"},"modified":"2022-03-24T13:14:11","modified_gmt":"2022-03-24T12:14:11","slug":"kunye","status":"publish","type":"page","link":"https:\/\/www.anika-net.de\/tr\/kunye\/","title":{"rendered":"K\u00fcn\u00adye"},"content":{"rendered":"\n<p class=\"has-white-color has-text-color has-background\" style=\"background-color:#29b297\">Bil\u00adgi: Bu say\u00adfa \u201c<a href=\"\/de\/impressum\">Imp\u00adres\u00adsum<\/a>\u201cun \u00e7evi\u00adri\u00adsi\u00addir ve yal\u00adn\u0131z\u00adca ori\u00adji\u00adnal s\u00fcr\u00fcm\u00adde, yani Alman\u00adca\u00ad\u2019\u00adda ba\u011flay\u0131c\u0131d\u0131r.<\/p>\n\n\n\n<h2 class=\"wp-block-heading\">Mez\u00adhep 5 Alman Tele\u00adt\u0131p Yasa\u00ads\u0131 (TMG) uya\u00adr\u0131n\u00adca&nbsp;bilgi<\/h2>\n\n\n\n<p>ibz Karls\u00adru\u00adhe e.V.<br>Kaise\u00adral\u00adlee 12 d<br>76133 Karls\u00adru\u00adhe<\/p>\n\n\n\n<p><strong>Tem\u00adsil etti\u00ad\u011fi:<\/strong><br>Bar\u00adba\u00adra Mehnert<\/p>\n\n\n\n<h2 class=\"wp-block-heading\">Ile\u00adti\u00ad\u015fim<\/h2>\n\n\n\n<p>Tele\u00adfon: +49 721 89333710<br>Tele\u00adfax: +49 721 89333719<br>E\u2011posta: info@ibz-karlsruhe.de<\/p>\n\n\n\n<h2 class=\"wp-block-heading\">Edi\u00adtor\u00adyal\u00adden sorum\u00adlu&nbsp;ki\u015fi<\/h2>\n\n\n\n<p>Eva Geer\u00adken<br>Kaise\u00adral\u00adlee 12 d<br>76133 Karls\u00adru\u00adhe<\/p>\n\n\n\n<h2 class=\"wp-block-heading\">EU dis\u00adpu\u00adte resolution<\/h2>\n\n\n\n<p>The Euro\u00adpe\u00adan Com\u00admis\u00adsi\u00adon pro\u00advi\u00addes a plat\u00adform for onli\u00adne dis\u00adpu\u00adte reso\u00adlu\u00adti\u00adon (ODR): <a href=\"https:\/\/ec.europa.eu\/consumers\/odr\/\" target=\"_blank\" rel=\"noreferrer noopener\">https:\/\/ec.europa.eu\/consumers\/odr\/<\/a>.<br>E\u2011posta adre\u00adsi\u00admi\u00adzi yuka\u00adr\u0131\u00adda site bil\u00addi\u00adri\u00admin\u00adde bulabilirsiniz.<\/p>\n\n\n\n<h2 class=\"wp-block-heading\">T\u00fcke\u00adti\u00adci hakem heye\u00adti \u00f6n\u00fcn\u00adde uyu\u015f\u00admaz\u00adl\u0131k \u00e7\u00f6z\u00fc\u00adm\u00fc i\u015flemleri<\/h2>\n\n\n\n<p>We are not wil\u00adling or obli\u00adged to par\u00adti\u00adci\u00adpa\u00adte in dis\u00adpu\u00adte reso\u00adlu\u00adti\u00adBir t\u00fcke\u00adti\u00adci hakem heye\u00adti\u00adnin \u00f6n\u00fcn\u00adde\u00adki uyu\u015f\u00admaz\u00adl\u0131k \u00e7\u00f6z\u00fc\u00adm\u00fc i\u015flem\u00adle\u00adri\u00adne kat\u0131l\u00adma\u00adya istek\u00adli veya y\u00fck\u00fcm\u00adl\u00fc de\u011filiz.<\/p>\n\n\n\n<p><\/p>\n\n\n\n<p><\/p>\n","protected":false},"excerpt":{"rendered":"<p>Bil\u00adgi: Bu say\u00adfa \u201cImp\u00adres\u00adsum\u201cun \u00e7evi\u00adri\u00adsi\u00addir ve yal\u00adn\u0131z\u00adca ori\u00adji\u00adnal s\u00fcr\u00fcm\u00adde, yani Alman\u00adca\u00ad\u2019\u00adda ba\u011f\u00adla\u00ady\u0131\u00adc\u0131\u00add\u0131r. Mez\u00adhep 5 Alman Tele\u00adt\u0131p Yasa\u00ads\u0131 (TMG) uya\u00adr\u0131n\u00adca&nbsp;bil\u00adgi ibz Karls\u00adru\u00adhe e.V.Kaise\u00adral\u00adlee 12 d76133 Karls\u00adru\u00adhe Tem\u00adsil etti\u00ad\u011fi:Bar\u00adba\u00adra Meh\u00adnert Ile\u00adti\u00ad\u015fim Tele\u00adfon:&nbsp;<a class=\"moretag\" href=\"https:\/\/www.anika-net.de\/tr\/kunye\/\">daha faz\u00adla okuyun<\/a><\/p>\n","protected":false},"author":1,"featured_media":0,"parent":0,"menu_order":93,"comment_status":"closed","ping_status":"closed","template":"","meta":{"_acf_changed":false,"inline_featured_image":false,"_uag_custom_page_level_css":"","wp_typography_post_enhancements_disabled":false,"footnotes":""},"class_list":["post-5595","page","type-page","status-publish","hentry"],"acf":[],"featured_image_urls_v2":{"full":"","thumbnail":"","medium":"","medium_large":"","large":"","1536x1536":"","2048x2048":"","event-overview":"","event-archive-thumb":"","grid-item-thumbnail":"","network-partner-icon":"","organiser-icon":"","gform-image-choice-sm":"","gform-image-choice-md":"","gform-image-choice-lg":""},"post_excerpt_stackable_v2":"<p>Bil\u00adgi: Bu say\u00adfa \u201cImp\u00adres\u00adsum\u201cun \u00e7evi\u00adri\u00adsi\u00addir ve yal\u00adn\u0131z\u00adca ori\u00adji\u00adnal s\u00fcr\u00fcm\u00adde, yani Alman\u00adca\u00ad\u2019\u00adda ba\u011f\u00adla\u00ady\u0131\u00adc\u0131\u00add\u0131r. Mez\u00adhep 5 Alman Tele\u00adt\u0131p Yasa\u00ads\u0131 (TMG) uya\u00adr\u0131n\u00adca&nbsp;bil\u00adgi ibz Karls\u00adru\u00adhe e.V.Kaise\u00adral\u00adlee 12 d76133 Karls\u00adru\u00adhe Tem\u00adsil etti\u00ad\u011fi:Bar\u00adba\u00adra Meh\u00adnert Ile\u00adti\u00ad\u015fim Tele\u00adfon: +49 721 89333710Tele\u00adfax: +49 721 89333719E\u2011posta: info@ibz-karlsruhe.de Edi\u00adtor\u00adyal\u00adden sorum\u00adlu&nbsp;ki\u015fi Eva Geer\u00adkenKaise\u00adral\u00adlee 12 d76133 Karls\u00adru\u00adhe EU dis\u00adpu\u00adte reso\u00adlu\u00adti\u00adon The Euro\u00adpe\u00adan Com\u00admis\u00adsi\u00adon pro\u00advi\u00addes a plat\u00adform for onli\u00adne dis\u00adpu\u00adte reso\u00adlu\u00adti\u00adon (ODR): https:\/\/ec.europa.eu\/consumers\/odr\/.E\u2011posta adre\u00adsi\u00admi\u00adzi yuka\u00adr\u0131\u00adda site bil\u00addi\u00adri\u00admin\u00adde bula\u00adbi\u00adlir\u00adsi\u00adniz. T\u00fcke\u00adti\u00adci hakem heye\u00adti \u00f6n\u00fcn\u00adde uyu\u015f\u00admaz\u00adl\u0131k \u00e7\u00f6z\u00fc\u00adm\u00fc i\u015flem\u00adle\u00adri We are not wil\u00adling or obli\u00adged to par\u00adti\u00adci\u00adpa\u00adte in dis\u00adpu\u00adte reso\u00adlu\u00adti\u00adBir t\u00fcke\u00adti\u00adci hakem heye\u00adti\u00adnin \u00f6n\u00fcn\u00adde\u00adki uyu\u015f\u00admaz\u00adl\u0131k \u00e7\u00f6z\u00fc\u00adm\u00fc i\u015flem\u00adle\u00adri\u00adne kat\u0131l\u00adma\u00adya istek\u00adli veya y\u00fck\u00fcm\u00adl\u00fc de\u011filiz.<\/p>\n","category_list_v2":"","author_info_v2":{"name":"saasweb-admin","url":"https:\/\/www.anika-net.de\/tr\/author\/saasweb-admin\/"},"comments_num_v2":"0 comments","uagb_featured_image_src":{"full":false,"thumbnail":false,"medium":false,"medium_large":false,"large":false,"1536x1536":false,"2048x2048":false,"event-overview":false,"event-archive-thumb":false,"grid-item-thumbnail":false,"network-partner-icon":false,"organiser-icon":false,"gform-image-choice-sm":false,"gform-image-choice-md":false,"gform-image-choice-lg":false},"uagb_author_info":{"display_name":"saasweb-admin","author_link":"https:\/\/www.anika-net.de\/tr\/author\/saasweb-admin\/"},"uagb_comment_info":0,"uagb_excerpt":"Bil\u00adgi: Bu say\u00adfa \u201cImp\u00adres\u00adsum\u201cun \u00e7evi\u00adri\u00adsi\u00addir ve yal\u00adn\u0131z\u00adca ori\u00adji\u00adnal s\u00fcr\u00fcm\u00adde, yani Alman\u00adca\u00ad\u2019\u00adda ba\u011flay\u0131c\u0131d\u0131r. Mez\u00adhep 5 Alman Tele\u00adt\u0131p Yasa\u00ads\u0131 (TMG) uya\u00adr\u0131n\u00adca&nbsp;bilgi ibz Karls\u00adru\u00adhe e.V.Kaise\u00adral\u00adlee 12 d76133 Karls\u00adru\u00adhe Tem\u00adsil etti\u00ad\u011fi:Bar\u00adba\u00adra Mehnert Ile\u00adti\u00ad\u015fim Tele\u00adfon:&nbsp;daha fazla okuyun","_links":{"self":[{"href":"https:\/\/www.anika-net.de\/tr\/wp-json\/wp\/v2\/pages\/5595","targetHints":{"allow":["GET"]}}],"collection":[{"href":"https:\/\/www.anika-net.de\/tr\/wp-json\/wp\/v2\/pages"}],"about":[{"href":"https:\/\/www.anika-net.de\/tr\/wp-json\/wp\/v2\/types\/page"}],"author":[{"embeddable":true,"href":"https:\/\/www.anika-net.de\/tr\/wp-json\/wp\/v2\/users\/1"}],"replies":[{"embeddable":true,"href":"https:\/\/www.anika-net.de\/tr\/wp-json\/wp\/v2\/comments?post=5595"}],"version-history":[{"count":0,"href":"https:\/\/www.anika-net.de\/tr\/wp-json\/wp\/v2\/pages\/5595\/revisions"}],"wp:attachment":[{"href":"https:\/\/www.anika-net.de\/tr\/wp-json\/wp\/v2\/media?parent=5595"}],"curies":[{"name":"wp","href":"https:\/\/api.w.org\/{rel}","templated":true}]}}