{"id":34668,"date":"2023-03-07T13:35:12","date_gmt":"2023-03-07T12:35:12","guid":{"rendered":"https:\/\/www.anika-net.de\/almanca-ogrenmek\/isle-ilgili-dil-kurslari\/"},"modified":"2025-03-05T12:45:02","modified_gmt":"2025-03-05T11:45:02","slug":"isle-ilgili-dil-kurslari","status":"publish","type":"page","link":"https:\/\/www.anika-net.de\/tr\/almanca-ogrenmek\/isle-ilgili-dil-kurslari\/","title":{"rendered":"Mes\u00adlek\u00adle ilgi\u00adli Alman\u00adca kurslar\u0131"},"content":{"rendered":"\n<p>Enteg\u00adras\u00adyon kur\u00adsun\u00addan son\u00adra<strong> mes\u00adlek\u00adle ilgi\u00adli bir Alman\u00adca kur\u00adsu\u00adna<\/strong> kat\u0131l\u00admak m\u00fcm\u00adk\u00fcn\u00add\u00fcr. \u0130\u015fle ilgi\u00adli dil kurs\u00adla\u00adr\u0131 genel\u00adlik\u00adle i\u015f piya\u00adsa\u00ads\u0131n\u00adda\u00adki \u015fan\u00ads\u0131 art\u0131\u00adr\u0131r. C1 dil sevi\u00adye\u00adsi\u00adne kadar Alman\u00adca bece\u00adri\u00adle\u00adri\u00adni \u00f6\u011fretirler.<\/p>\n\n<p>\u0130\u015f Bul\u00adma Mer\u00adke\u00adzi ve \u0130\u015f Bul\u00adma Kuru\u00admu m\u00fc\u015f\u00adte\u00adri\u00adle\u00adri, vaka \u00e7al\u0131\u00ad\u015fan\u00adla\u00adr\u0131\u00adna ba\u015f\u00advur\u00adma\u00adl\u0131\u00add\u0131r. Di\u011fer her\u00adkes (\u00e7al\u0131\u00ad\u015fan\u00adlar ve staj\u00adyer\u00adler dahil) Fede\u00adral G\u00f6\u00e7 ve M\u00fcl\u00adte\u00adci\u00adler Daire\u00adsi\u00ad\u2019\u00adne (BAMF) ba\u015fvurabilir.<\/p>\n\n<div class=\"wp-block-stackable-icon-label stk-block-icon-label stk-block stk-3373660\" data-block-id=\"3373660\"><div class=\"stk-row stk-inner-blocks stk-block-content\">\n<div class=\"wp-block-stackable-icon stk-block-icon has-text-align-left stk-block stk-6558a18\" data-block-id=\"6558a18\"><span class=\"stk--svg-wrapper\"><div class=\"stk--inner-svg\"><svg style=\"height:0;width:0\"><defs><linearGradient id=\"linear-gradient-6558a18\" x1=\"0\" x2=\"100%\" y1=\"0\" y2=\"0\"><stop offset=\"0%\" style=\"stop-opacity:1;stop-color:var(--linear-gradient-6558-a-18-color-1)\" \/><stop offset=\"100%\" style=\"stop-opacity:1;stop-color:var(--linear-gradient-6558-a-18-color-2)\" \/><\/linearGradient><\/defs><\/svg><svg data-prefix=\"fa\" data-icon=\"star\" class=\"svg-inline--fa fa-star fa-w-18\" viewBox=\"0 0 576 512\" aria-hidden=\"true\" width=\"32\" height=\"32\"><path fill=\"currentColor\" d=\"M259.3 17.8L194 150.2 47.9 171.5c-26.2 3.8-36.7 36.1-17.7 54.6l105.7 103-25 145.5c-4.5 26.3 23.2 46 46.4 33.7L288 439.6l130.7 68.7c23.2 12.2 50.9-7.4 46.4-33.7l-25-145.5 105.7-103c19-18.5 8.5-50.8-17.7-54.6L382 150.2 316.7 17.8c-11.7-23.6-45.6-23.9-57.4 0z\" \/><\/svg><\/div><\/span><\/div>\n\n\n\n<div class=\"wp-block-stackable-heading stk-block-heading stk-block-heading--v2 stk-block stk-a251b45\" id=\"span-style-color-fcb-900-class-stk-highlight-good-to-know-span-br-strong-you-can-find-the-most-common-technical-terms-relating-to-your-industry-here-strong-br-\ud83d\udcce-100-technical-terms\" data-block-id=\"a251b45\"><h4 class=\"stk-block-heading__text\"><span style=\"color: #fcb900;\" class=\"stk-highlight\">Bil\u00admek\u00adte<\/span><strong>fay\u00adda var:<\/strong><br><strong>Sek\u00adt\u00f6\u00adr\u00fc\u00adn\u00fcz\u00adle ilgi\u00adli en yay\u00adg\u0131n tek\u00adnik terim\u00adle\u00adri bura\u00adda bula\u00adbi\u00adlir\u00adsi\u00adniz:<\/strong><br>\ud83d\udcce 100 tek\u00adnik&nbsp;terim<\/h4><\/div>\n<\/div><\/div>\n\n<h2 class=\"wp-block-heading\"><span style=\"color: #f39005;\" class=\"stk-highlight\">Haber\u00adler<\/span><\/h2>\n\n<p>Bura\u00adda <strong>bula\u00adcak\u00adla\u00adr\u0131\u00adn\u0131z<\/strong> <strong><a href=\"https:\/\/www.anika-net.de\/tr\/event\/almanca-kursu-erken-egitim\/\">erken \u00e7ocuk\u00adluk e\u011fi\u0307ti\u0307mci\u0307leri\u0307 i\u0307\u00e7i\u0307n \u00f6zel mes\u00adle\u00adki\u0307 di\u0307l kurslari<\/a><\/strong><\/p>\n\n<h2 class=\"wp-block-heading\"><strong>\u0130\u015fle ilgi\u00adli dil kurs\u00adla\u00adr\u0131 hak\u00adk\u0131n\u00adda&nbsp;bilgi:<\/strong><\/h2>\n\n<p><strong> <strong><a href=\"https:\/\/www.bamf.de\/DE\/Themen\/Integration\/ZugewanderteTeilnehmende\/DeutschBeruf\/deutsch-beruf.html\" rel=\"noopener\">Fede\u00adral G\u00f6\u00e7 ve M\u00fcl\u00adte\u00adci\u00adler Daire\u00adsi (BAMF)<\/a><\/strong><\/strong><\/p>\n\n<ul class=\"wp-block-list\">\n<li>\ud83d\udce5<strong><a href=\"https:\/\/www.bamf.de\/SharedDocs\/Anlagen\/DE\/Integration\/Berufsbezsprachf-ESF-BAMF\/BSK-Vordrucke-Formulare\/antrag-zulassung-beschaeftigte-aa-jc.html?nn=282656\" rel=\"noopener\">\u00c7al\u0131\u00ad\u015fan\u00adlar i\u00e7in kat\u0131\u00adl\u0131m hak\u00adk\u0131 ba\u015fvurusu<\/a><\/strong><\/li>\n\n\n\n<li>\ud83d\udce5<strong><a href=\"https:\/\/www.bamf.de\/SharedDocs\/Anlagen\/DE\/Integration\/Berufsbezsprachf-ESF-BAMF\/BSK-Vordrucke-Formulare\/antrag-zulassung-berufsausbildung.html?nn=282388\" rel=\"noopener\">Staj\u00adyer\u00adler i\u00e7in kat\u0131\u00adl\u0131m hak\u00adk\u0131 ba\u015fvurusu<\/a><\/strong><\/li>\n<\/ul>\n\n<p><strong>Karls\u00adru\u00adhe\u00ad\u2019\u00adde i\u015fle ilgi\u00adli dil kurs\u00adla\u00adr\u0131 i\u00e7in g\u00fcn\u00adcel kurs teklifleri:<\/strong><\/p>\n\n<h3 class=\"wp-block-heading\"><strong>\ud83c\udf10<\/strong> <strong><a href=\"https:\/\/web.arbeitsagentur.de\/sprachfoerderung\/suche\/berufssprachkurse?ort=Karlsruhe;%20Baden_8.4053_49.0097&amp;umkreis=25&amp;seite=0\" rel=\"noopener\">Fede\u00adral \u0130\u015f Bul\u00adma Kurumu<\/a><\/strong><\/h3>\n\n<p><strong>A\u015fa\u00ad\u011f\u0131\u00adda\u00adki dil okul\u00adla\u00adr\u0131 Karls\u00adru\u00adhe \u015feh\u00adrin\u00adde pro\u00adfes\u00adyo\u00adnel dil kurs\u00adla\u00adr\u0131 sunmaktad\u0131r:<\/strong><\/p>\n\n<p><strong>\ud83c\udf10<\/strong> <strong><a href=\"https:\/\/www.aaw.de\/berufsbezogener-deutschsprachkurs\" rel=\"noopener\">AAW<\/a><\/strong><br><strong>\ud83c\udf10<\/strong> <strong><a href=\"https:\/\/sprachkurse.berlitz.de\/?utm_source=google&amp;utm_medium=cpc&amp;utm_campaign=DE%7CGG%7CSN%7CBR%7CAL%7CF2F%7CDE%7CCOUNTRY%7CAll%7CBerlitz%20Center%20All%7C&amp;utm_term=berlitz%20karlsruhe&amp;gad_source=1&amp;gclid=CjwKCAiAiaC-BhBEEiwAjY99qHsjYi5WzG3X8VfVnctwRFn4Bd08f-EA21YwGD9kCtZgECInmUEojRoCpkEQAvD_BwE\" rel=\"noopener\">Ber\u00adlitz<\/a><br><\/strong>\ud83c\udf10<strong> <a href=\"http:\/\/www.eduglobal.de\/deutsch-lernen\/deufoev-berufsbezogene-sprachkurse\/\" rel=\"noopener\">EduG\u00adlo\u00adbal<\/a><\/strong><br><strong>\ud83c\udf10<\/strong> <strong><a href=\"https:\/\/www.internationaler-bund.de\/angebot\/10602\" rel=\"noopener\">Inter\u00adna\u00adti\u00adona\u00adler Bund<\/a><\/strong><br><strong>\ud83c\udf10<\/strong> <a href=\"https:\/\/www.sprachakademie-karlsruhe.de\/deufoev.htm\" rel=\"noopener\"><strong>Sprac\u00adha\u00adka\u00adde\u00admie<\/strong><\/a><br><strong>\ud83c\udf10<\/strong> <strong><a href=\"https:\/\/www.uss.de\/kurssuche\/?_suche=karlsruhe\" rel=\"noopener\">USS impuls\u00adla\u00adr\u0131<\/a><\/strong><br><strong>\ud83c\udf10<\/strong> <strong><a href=\"https:\/\/www.vhs-karlsruhe.de\/p\/deutsch\/deutsch-im-alltag-und-fuer-den-beruf-699-CAT-KAT524\" rel=\"noopener\">vhs<\/a><\/strong><\/p>\n","protected":false},"excerpt":{"rendered":"<p>Enteg\u00adras\u00adyon kur\u00adsun\u00addan son\u00adra mes\u00adlek\u00adle ilgi\u00adli bir Alman\u00adca kur\u00adsu\u00adna kat\u0131l\u00admak m\u00fcm\u00adk\u00fcn\u00add\u00fcr. \u0130\u015fle ilgi\u00adli dil kurs\u00adla\u00adr\u0131 genel\u00adlik\u00adle i\u015f piya\u00adsa\u00ads\u0131n\u00adda\u00adki \u015fan\u00ads\u0131 art\u0131\u00adr\u0131r. C1 dil sevi\u00adye\u00adsi\u00adne kadar Alman\u00adca bece\u00adri\u00adle\u00adri\u00adni \u00f6\u011fre\u00adtir\u00adler. \u0130\u015f Bul\u00adma Mer\u00adke\u00adzi ve&nbsp;<a class=\"moretag\" href=\"https:\/\/www.anika-net.de\/tr\/almanca-ogrenmek\/isle-ilgili-dil-kurslari\/\">daha faz\u00adla okuyun<\/a><\/p>\n","protected":false},"author":12,"featured_media":34420,"parent":34538,"menu_order":10,"comment_status":"closed","ping_status":"closed","template":"","meta":{"_acf_changed":false,"inline_featured_image":false,"_uag_custom_page_level_css":"","wp_typography_post_enhancements_disabled":false,"footnotes":""},"class_list":["post-34668","page","type-page","status-publish","has-post-thumbnail","hentry"],"acf":[],"featured_image_urls_v2":{"full":["https:\/\/www.anika-net.de\/wp-content\/uploads\/2023\/03\/Berufsbezogene-Sprachkurse_Kacheln-2.png",2000,1111,false],"thumbnail":["https:\/\/www.anika-net.de\/wp-content\/uploads\/2023\/03\/Berufsbezogene-Sprachkurse_Kacheln-2-150x150.png",150,150,true],"medium":["https:\/\/www.anika-net.de\/wp-content\/uploads\/2023\/03\/Berufsbezogene-Sprachkurse_Kacheln-2-300x167.png",300,167,true],"medium_large":["https:\/\/www.anika-net.de\/wp-content\/uploads\/2023\/03\/Berufsbezogene-Sprachkurse_Kacheln-2-768x427.png",640,356,true],"large":["https:\/\/www.anika-net.de\/wp-content\/uploads\/2023\/03\/Berufsbezogene-Sprachkurse_Kacheln-2-1024x569.png",640,356,true],"1536x1536":["https:\/\/www.anika-net.de\/wp-content\/uploads\/2023\/03\/Berufsbezogene-Sprachkurse_Kacheln-2-1536x853.png",1536,853,true],"2048x2048":["https:\/\/www.anika-net.de\/wp-content\/uploads\/2023\/03\/Berufsbezogene-Sprachkurse_Kacheln-2.png",2000,1111,false],"event-overview":["https:\/\/www.anika-net.de\/wp-content\/uploads\/2023\/03\/Berufsbezogene-Sprachkurse_Kacheln-2-960x640.png",960,640,true],"event-archive-thumb":["https:\/\/www.anika-net.de\/wp-content\/uploads\/2023\/03\/Berufsbezogene-Sprachkurse_Kacheln-2-480x267.png",480,267,true],"grid-item-thumbnail":["https:\/\/www.anika-net.de\/wp-content\/uploads\/2023\/03\/Berufsbezogene-Sprachkurse_Kacheln-2-360x200.png",360,200,true],"network-partner-icon":["https:\/\/www.anika-net.de\/wp-content\/uploads\/2023\/03\/Berufsbezogene-Sprachkurse_Kacheln-2-100x100.png",100,100,true],"organiser-icon":["https:\/\/www.anika-net.de\/wp-content\/uploads\/2023\/03\/Berufsbezogene-Sprachkurse_Kacheln-2-200x200.png",200,200,true],"gform-image-choice-sm":["https:\/\/www.anika-net.de\/wp-content\/uploads\/2023\/03\/Berufsbezogene-Sprachkurse_Kacheln-2.png",300,167,false],"gform-image-choice-md":["https:\/\/www.anika-net.de\/wp-content\/uploads\/2023\/03\/Berufsbezogene-Sprachkurse_Kacheln-2.png",400,222,false],"gform-image-choice-lg":["https:\/\/www.anika-net.de\/wp-content\/uploads\/2023\/03\/Berufsbezogene-Sprachkurse_Kacheln-2.png",600,333,false]},"post_excerpt_stackable_v2":"<p>Enteg\u00adras\u00adyon kur\u00adsun\u00addan son\u00adra mes\u00adlek\u00adle ilgi\u00adli bir Alman\u00adca kur\u00adsu\u00adna kat\u0131l\u00admak m\u00fcm\u00adk\u00fcn\u00add\u00fcr. \u0130\u015fle ilgi\u00adli dil kurs\u00adla\u00adr\u0131 genel\u00adlik\u00adle i\u015f piya\u00adsa\u00ads\u0131n\u00adda\u00adki \u015fan\u00ads\u0131 art\u0131\u00adr\u0131r. C1 dil sevi\u00adye\u00adsi\u00adne kadar Alman\u00adca bece\u00adri\u00adle\u00adri\u00adni \u00f6\u011fre\u00adtir\u00adler. \u0130\u015f Bul\u00adma Mer\u00adke\u00adzi ve \u0130\u015f Bul\u00adma Kuru\u00admu m\u00fc\u015f\u00adte\u00adri\u00adle\u00adri, vaka \u00e7al\u0131\u00ad\u015fan\u00adla\u00adr\u0131\u00adna ba\u015f\u00advur\u00adma\u00adl\u0131\u00add\u0131r. Di\u011fer her\u00adkes (\u00e7al\u0131\u00ad\u015fan\u00adlar ve staj\u00adyer\u00adler dahil) Fede\u00adral G\u00f6\u00e7 ve M\u00fcl\u00adte\u00adci\u00adler Daire\u00adsi\u00ad\u2019\u00adne (BAMF) ba\u015f\u00advu\u00adra\u00adbi\u00adlir. Bil\u00admek\u00adtefay\u00adda var:Sek\u00adt\u00f6\u00adr\u00fc\u00adn\u00fcz\u00adle ilgi\u00adli en yay\u00adg\u0131n tek\u00adnik terim\u00adle\u00adri bura\u00adda bula\u00adbi\u00adlir\u00adsi\u00adniz:\ud83d\udcce 100 tek\u00adnik&nbsp;terim Haber\u00adler Bura\u00adda bula\u00adcak\u00adla\u00adr\u0131\u00adn\u0131z erken \u00e7ocuk\u00adluk e\u011fi\u0307ti\u0307mci\u0307leri\u0307 i\u0307\u00e7i\u0307n \u00f6zel mes\u00adle\u00adki\u0307 di\u0307l kurs\u00adla\u00adri \u0130\u015fle ilgi\u00adli dil kurs\u00adla\u00adr\u0131 hak\u00adk\u0131n\u00adda&nbsp;bil\u00adgi: Fede\u00adral G\u00f6\u00e7 ve M\u00fcl\u00adte\u00adci\u00adler Daire\u00adsi (BAMF) \ud83d\udce5\u00c7al\u0131\u00ad\u015fan\u00adlar i\u00e7in kat\u0131\u00adl\u0131m hak\u00adk\u0131 ba\u015f\u00advu\u00adru\u00adsu \ud83d\udce5Staj\u00adyer\u00adler i\u00e7in kat\u0131\u00adl\u0131m hak\u00adk\u0131 ba\u015f\u00advu\u00adru\u00adsu Karls\u00adru\u00adhe\u00ad\u2019\u00adde i\u015fle ilgi\u00adli dil kurs\u00adla\u00adr\u0131 i\u00e7in g\u00fcncel\u2026<\/p>\n","category_list_v2":"","author_info_v2":{"name":"Andrea Ramirez","url":"https:\/\/www.anika-net.de\/tr\/author\/andrea-ramirez\/"},"comments_num_v2":"0 comments","uagb_featured_image_src":{"full":["https:\/\/www.anika-net.de\/wp-content\/uploads\/2023\/03\/Berufsbezogene-Sprachkurse_Kacheln-2.png",2000,1111,false],"thumbnail":["https:\/\/www.anika-net.de\/wp-content\/uploads\/2023\/03\/Berufsbezogene-Sprachkurse_Kacheln-2-150x150.png",150,150,true],"medium":["https:\/\/www.anika-net.de\/wp-content\/uploads\/2023\/03\/Berufsbezogene-Sprachkurse_Kacheln-2-300x167.png",300,167,true],"medium_large":["https:\/\/www.anika-net.de\/wp-content\/uploads\/2023\/03\/Berufsbezogene-Sprachkurse_Kacheln-2-768x427.png",640,356,true],"large":["https:\/\/www.anika-net.de\/wp-content\/uploads\/2023\/03\/Berufsbezogene-Sprachkurse_Kacheln-2-1024x569.png",640,356,true],"1536x1536":["https:\/\/www.anika-net.de\/wp-content\/uploads\/2023\/03\/Berufsbezogene-Sprachkurse_Kacheln-2-1536x853.png",1536,853,true],"2048x2048":["https:\/\/www.anika-net.de\/wp-content\/uploads\/2023\/03\/Berufsbezogene-Sprachkurse_Kacheln-2.png",2000,1111,false],"event-overview":["https:\/\/www.anika-net.de\/wp-content\/uploads\/2023\/03\/Berufsbezogene-Sprachkurse_Kacheln-2-960x640.png",960,640,true],"event-archive-thumb":["https:\/\/www.anika-net.de\/wp-content\/uploads\/2023\/03\/Berufsbezogene-Sprachkurse_Kacheln-2-480x267.png",480,267,true],"grid-item-thumbnail":["https:\/\/www.anika-net.de\/wp-content\/uploads\/2023\/03\/Berufsbezogene-Sprachkurse_Kacheln-2-360x200.png",360,200,true],"network-partner-icon":["https:\/\/www.anika-net.de\/wp-content\/uploads\/2023\/03\/Berufsbezogene-Sprachkurse_Kacheln-2-100x100.png",100,100,true],"organiser-icon":["https:\/\/www.anika-net.de\/wp-content\/uploads\/2023\/03\/Berufsbezogene-Sprachkurse_Kacheln-2-200x200.png",200,200,true],"gform-image-choice-sm":["https:\/\/www.anika-net.de\/wp-content\/uploads\/2023\/03\/Berufsbezogene-Sprachkurse_Kacheln-2.png",300,167,false],"gform-image-choice-md":["https:\/\/www.anika-net.de\/wp-content\/uploads\/2023\/03\/Berufsbezogene-Sprachkurse_Kacheln-2.png",400,222,false],"gform-image-choice-lg":["https:\/\/www.anika-net.de\/wp-content\/uploads\/2023\/03\/Berufsbezogene-Sprachkurse_Kacheln-2.png",600,333,false]},"uagb_author_info":{"display_name":"Andrea Ramirez","author_link":"https:\/\/www.anika-net.de\/tr\/author\/andrea-ramirez\/"},"uagb_comment_info":0,"uagb_excerpt":"Enteg\u00adras\u00adyon kur\u00adsun\u00addan son\u00adra mes\u00adlek\u00adle ilgi\u00adli bir Alman\u00adca kur\u00adsu\u00adna kat\u0131l\u00admak m\u00fcm\u00adk\u00fcn\u00add\u00fcr. \u0130\u015fle ilgi\u00adli dil kurs\u00adla\u00adr\u0131 genel\u00adlik\u00adle i\u015f piya\u00adsa\u00ads\u0131n\u00adda\u00adki \u015fan\u00ads\u0131 art\u0131\u00adr\u0131r. C1 dil sevi\u00adye\u00adsi\u00adne kadar Alman\u00adca bece\u00adri\u00adle\u00adri\u00adni \u00f6\u011fretirler. \u0130\u015f Bul\u00adma Mer\u00adke\u00adzi ve&nbsp;daha fazla okuyun","_links":{"self":[{"href":"https:\/\/www.anika-net.de\/tr\/wp-json\/wp\/v2\/pages\/34668","targetHints":{"allow":["GET"]}}],"collection":[{"href":"https:\/\/www.anika-net.de\/tr\/wp-json\/wp\/v2\/pages"}],"about":[{"href":"https:\/\/www.anika-net.de\/tr\/wp-json\/wp\/v2\/types\/page"}],"author":[{"embeddable":true,"href":"https:\/\/www.anika-net.de\/tr\/wp-json\/wp\/v2\/users\/12"}],"replies":[{"embeddable":true,"href":"https:\/\/www.anika-net.de\/tr\/wp-json\/wp\/v2\/comments?post=34668"}],"version-history":[{"count":2,"href":"https:\/\/www.anika-net.de\/tr\/wp-json\/wp\/v2\/pages\/34668\/revisions"}],"predecessor-version":[{"id":59486,"href":"https:\/\/www.anika-net.de\/tr\/wp-json\/wp\/v2\/pages\/34668\/revisions\/59486"}],"up":[{"embeddable":true,"href":"https:\/\/www.anika-net.de\/tr\/wp-json\/wp\/v2\/pages\/34538"}],"wp:featuredmedia":[{"embeddable":true,"href":"https:\/\/www.anika-net.de\/tr\/wp-json\/wp\/v2\/media\/34420"}],"wp:attachment":[{"href":"https:\/\/www.anika-net.de\/tr\/wp-json\/wp\/v2\/media?parent=34668"}],"curies":[{"name":"wp","href":"https:\/\/api.w.org\/{rel}","templated":true}]}}