{"id":34646,"date":"2023-03-07T13:31:08","date_gmt":"2023-03-07T12:31:08","guid":{"rendered":"https:\/\/www.anika-net.de\/almanca-ogrenmek\/cocuk-bakimli-almanca-kursu\/"},"modified":"2025-09-01T09:57:21","modified_gmt":"2025-09-01T07:57:21","slug":"cocuk-bakimli-almanca-kursu","status":"publish","type":"page","link":"https:\/\/www.anika-net.de\/tr\/almanca-ogrenmek\/cocuk-bakimli-almanca-kursu\/","title":{"rendered":"\u00c7ocuk bak\u0131m\u00adl\u0131 Alman\u00adca&nbsp;kursu"},"content":{"rendered":"\n<p>Enteg\u00adras\u00adyon kurs\u00adla\u00adr\u0131\u00adna kat\u0131l\u00adma\u00adya uygun olma\u00adyan veya fizik\u00adsel ola\u00adrak bu kurs\u00adla\u00adra kat\u0131\u00adla\u00adma\u00adya\u00adcak durum\u00adda olan ki\u015fi\u00adler, \u0130dari Y\u00f6net\u00adme\u00adlik <em>(Ver\u00adwal\u00adtungs\u00advorsch\u00adrift<\/em> VwV) Alman\u00adca uya\u00adr\u0131n\u00adca kurs\u00adla\u00adra kat\u0131labilirler.<\/p>\n\n\n\n<p><strong><span style=\"color: #078c88;\" class=\"stk-highlight\">Hedef grup<\/span><\/strong><br>Ebe\u00adveyn\u00adler \u00e7ocuk bak\u0131\u00adm\u0131 ile Alman\u00adca Kur\u00adsu\u00adna kat\u0131labilirler,<\/p>\n\n\n\n<ul class=\"wp-block-list\">\n<li>K\u00fc\u00e7\u00fck \u00e7ocuk\u00adla\u00adr\u0131 olan ancak \u00e7ocuk bak\u0131m ola\u00adnak\u00adla\u00adr\u0131 bulun\u00adma\u00adyan ve bu neden\u00adle bir enteg\u00adras\u00adyon kur\u00adsu\u00adna kat\u0131\u00adla\u00adma\u00adyan ki\u015filer.<\/li>\n<\/ul>\n\n\n\n<ul class=\"wp-block-list\">\n<li>Otur\u00adma izni olma\u00adyan ve bu neden\u00adle enteg\u00adras\u00adyon kur\u00adsu\u00adna kat\u0131\u00adla\u00adma\u00adyan ki\u015filer.<\/li>\n<\/ul>\n\n\n\n<p><strong><span style=\"color: #078c88;\" class=\"stk-highlight\">Ne zaman<\/span><\/strong><br>Sabah\u00adla\u00adr\u0131 ve \u00f6\u011fle\u00adden sonralar\u0131<\/p>\n\n\n\n<p><strong><span style=\"color: #078c88;\" class=\"stk-highlight\">Kurs sa\u011f\u00adla\u00ady\u0131\u00adc\u0131\u00adla\u00adr\u0131 ve kay\u0131t<\/span><\/strong><br>\u00c7ocuk bak\u0131m hiz\u00adme\u00adti sunan bir Alman\u00adca kur\u00adsu\u00adna kay\u00addol\u00admak i\u00e7in l\u00fct\u00adfen a\u015fa\u00ad\u011f\u0131\u00adda\u00adki dil kur\u00adsu sa\u011f\u00adla\u00ady\u0131\u00adc\u0131\u00adla\u00adr\u0131y\u00adla do\u011f\u00adru\u00addan ile\u00adti\u00ad\u015fi\u00adme&nbsp;ge\u00e7in:<\/p>\n\n\n\n<p>\ud83c\udf10<strong><a href=\"https:\/\/www.aaw.de\/sprach-und-integrationskurse\" rel=\"noopener\">AAW Karls\u00adru\u00adhe<\/a><\/strong><br>\ud83d\udccd Gri\u00ades\u00adbachst\u00adra\u00ad\u00dfe 12, 76185 Karls\u00adru\u00adhe<br>\ud83d\udcde 0157 3392 7304 veya 0721 850290<br>\ud83d\udce7 kibe.karlsruhe@aaw.de<br><strong>Nere\u00adde:<\/strong> <strong><a href=\"https:\/\/www.anika-net.de\/wp-content\/uploads\/2021\/10\/20_07_Flyer_Deutschkurse_mit_Kinderbetreuung.pdf\">ibz Karls\u00adru\u00adhe<\/a><\/strong> <br>\ud83d\udccdKaise\u00adral\u00adlee 12 d, 76133 Karlsruhe<\/p>\n\n\n\n<p>\ud83c\udf10 <strong><a href=\"https:\/\/future-gate.eu\/\" rel=\"noopener\">Futu\u00adre Gate Bil\u00addung und Tra\u00adining<\/a><\/strong><br>\ud83d\udccd Kaiserst\u00adra\u00ad\u00dfe 156, 76133 Karls\u00adru\u00adhe<br>\ud83d\udcde 0721 6697 1359<br>\ud83d\udce7 info@future-gate.eu<br><strong>Nere\u00adde<\/strong>: <a href=\"https:\/\/future-gate.eu\/\" rel=\"noopener\"><strong>Gelecek Kap\u0131\u00ads\u0131<\/strong><\/a><br>\ud83d\udccd Kaiserst\u00adra\u00ad\u00dfe 156, 76133 Karlsruhe<\/p>\n\n\n\n<p>\u00c7ocuk bak\u0131\u00adm\u0131 ile enteg\u00adras\u00adyon kurs\u00adla\u00adr\u0131 fede\u00adral prog\u00adra\u00adm\u0131n bir par\u00ad\u00e7a\u00ads\u0131 ola\u00adrak finan\u00adse edil\u00admek\u00adte\u00addir \u201c<a href=\"https:\/\/www.fruehe-chancen.de\/themen\/integration-und-inklusion\/bundesprogramm-integrationskurs-mit-kind\" rel=\"noopener\"><strong>\u00c7ocuk\u00adla enteg\u00adras\u00adyon kur\u00adsu<\/strong><\/a>\u201d Fede\u00adral Aile, Ya\u015f\u00adl\u0131\u00adlar, Kad\u0131n\u00adlar ve Gen\u00e7\u00adlik Bakan\u00adl\u0131\u00ad\u011f\u0131 (BMFSFJ). Tek\u00adlif, Enteg\u00adras\u00adyon Ofi\u00adsi ve Karls\u00adru\u00adhe Bele\u00addi\u00adye\u00adsi \u00c7ocuk G\u00fcn\u00add\u00fcz Bak\u0131m Depart\u00adma\u00adn\u0131 tara\u00adf\u0131n\u00addan des\u00adtek\u00adlen\u00admek\u00adte\u00addir. <br><br>VwV Alman\u00adca kurs\u00adla\u00adr\u0131 Baden-W\u00fcrt\u00adtem\u00adberg eya\u00adle\u00adti ve Karls\u00adru\u00adhe \u015feh\u00adri tara\u00adf\u0131n\u00addan finan\u00adse edil\u00admek\u00adte\u00addir. Tek\u00adlif, <strong> <a href=\"https:\/\/www.aaw.de\/\" rel=\"noopener\">Arbe\u00aditsk\u00adre\u00adis f\u00fcr Aus- und Weiter\u00adbil\u00addung Karls\u00adru\u00adhe (AAW<\/a><\/strong> ) ve <strong> Karls\u00adru\u00adhe<\/strong> \u00dcni\u00adver\u00adsi\u00adte\u00adsi ile i\u015fbir\u00adli\u00ad\u011fi i\u00e7in\u00adde ger\u00ad\u00e7ek\u00adle\u015f\u00adti\u00adril\u00admek\u00adte\u00addir.  <strong> <a href=\"https:\/\/www.ibz-karlsruhe.de\/\" rel=\"noopener\">Ulus\u00adla\u00adra\u00adra\u00ads\u0131 Top\u00adlan\u00adt\u0131 Mer\u00adke\u00adzi Karls\u00adru\u00adhe e. V. (ibz) <\/a><\/strong> <strong> <a href=\"https:\/\/www.jobcenter-stadt-karlsruhe.de\/\" rel=\"noopener\">Job\u00adcen\u00adter Karls\u00adru\u00adhe<\/a><\/strong>\u2019nin de nazik des\u00adte\u00ad\u011fiy\u00adle <strong> .<\/strong><\/p>\n\n\n\n<h2 class=\"wp-block-heading\"><span style=\"color: #078c88;\" class=\"stk-highlight\">Haber\u00adler<\/span><\/h2>\n\n\n\n<details class=\"wp-block-stackable-accordion stk-block-accordion stk-inner-blocks stk-block-content stk-block stk-586a212 is-style-default\" data-block-id=\"586a212\">\n<summary class=\"wp-block-stackable-column stk-block-column stk-column stk-block stk-b82b200 stk--container-small stk-block-accordion__heading\" data-v=\"4\" data-block-id=\"b82b200\"><div class=\"stk-column-wrapper stk-block-column__content stk-container stk-b82b200-container stk-hover-parent\"><div class=\"stk-block-content stk-inner-blocks stk-b82b200-inner-blocks\">\n<div class=\"wp-block-stackable-icon-label stk-block-icon-label stk-block stk-adc16ac\" data-block-id=\"adc16ac\"><div class=\"stk-row stk-inner-blocks stk-block-content\">\n<div class=\"wp-block-stackable-heading stk-block-heading stk-block-heading--v2 stk-block stk-3e53cec\" id=\"parents-meeting-and-childrens-language-course\" data-block-id=\"3e53cec\"><h4 class=\"stk-block-heading__text\">Ebe\u00adveyn top\u00adlan\u00adt\u0131\u00ads\u0131 ve \u00e7ocuk dil&nbsp;kursu<\/h4><\/div>\n\n\n\n<div class=\"wp-block-stackable-icon stk-block-icon stk-block stk-ec26a2c\" data-block-id=\"ec26a2c\"><span class=\"stk--svg-wrapper\"><div class=\"stk--inner-svg\"><svg style=\"height:0;width:0\"><defs><linearGradient id=\"linear-gradient-ec26a2c\" x1=\"0\" x2=\"100%\" y1=\"0\" y2=\"0\"><stop offset=\"0%\" style=\"stop-opacity:1;stop-color:var(--linear-gradient-ec-26-a-2-c-color-1)\" \/><stop offset=\"100%\" style=\"stop-opacity:1;stop-color:var(--linear-gradient-ec-26-a-2-c-color-2)\" \/><\/linearGradient><\/defs><\/svg><svg data-prefix=\"fas\" data-icon=\"chevron-down\" class=\"svg-inline--fa fa-chevron-down fa-w-14\" viewBox=\"0 0 448 512\" aria-hidden=\"true\" width=\"32\" height=\"32\"><path fill=\"currentColor\" d=\"M207.029 381.476L12.686 187.132c-9.373-9.373-9.373-24.569 0-33.941l22.667-22.667c9.357-9.357 24.522-9.375 33.901-.04L224 284.505l154.745-154.021c9.379-9.335 24.544-9.317 33.901.04l22.667 22.667c9.373 9.373 9.373 24.569 0 33.941L240.971 381.476c-9.373 9.372-24.569 9.372-33.942 0z\" \/><\/svg><\/div><\/span><\/div>\n<\/div><\/div>\n<\/div><\/div><\/summary>\n\n\n\n<div class=\"wp-block-stackable-column stk-block-column stk-column stk-block stk-5156b07 stk-block-accordion__content\" data-v=\"4\" data-block-id=\"5156b07\"><div class=\"stk-column-wrapper stk-block-column__content stk-container stk-5156b07-container stk--no-background stk--no-padding\"><div class=\"stk-block-content stk-inner-blocks stk-5156b07-inner-blocks\">\n<div class=\"wp-block-stackable-text stk-block-text stk-block stk-538f2fb\" data-block-id=\"538f2fb\"><p class=\"stk-block-text__text\">Enteg\u00adras\u00adyon Ofi\u00adsi, AWO Karls\u00adru\u00adhe ile i\u015fbir\u00adli\u00ad\u011fi i\u00e7in\u00adde, ana\u00adoku\u00adlun\u00adda yeri olma\u00adyan \u00e7ocuk\u00adla\u00adr\u0131n Alman\u00adca dil bece\u00adri\u00adle\u00adri\u00adni geli\u015f\u00adtir\u00admek i\u00e7in ebe\u00adveyn\u00adler i\u00e7in para\u00adlel bir top\u00adlan\u00adt\u0131 ile bir pilot pro\u00adje sunu\u00adyor.<br>Kim\u00adler kat\u0131\u00adla\u00adbi\u00adlir: (Yeni) g\u00f6\u00e7\u00admen ebe\u00adveyn\u00adler ve d\u00f6rt ila alt\u0131 ya\u015f\u00adla\u00adr\u0131n\u00adda olan ve hen\u00fcz ana\u00adoku\u00adlun\u00adda yeri olma\u00adyan \u00e7ocuk\u00adla\u00adr\u0131.<br><br><strong>Kurs saat\u00adle\u00adri:<\/strong> Hala yer oldu\u00ad\u011fu s\u00fcre\u00adce her\u00adhan\u00adgi bir zaman\u00adda giri\u015f m\u00fcm\u00adk\u00fcn\u00add\u00fcr. Aksi tak\u00addir\u00adde, bir bek\u00adle\u00adme lis\u00adte\u00adsi tutu\u00adyo\u00adruz ve bir yer m\u00fcsa\u00adit olur olmaz sizin\u00adle ile\u00adti\u00ad\u015fi\u00adme ge\u00e7i\u00adle\u00adcek\u00adtir. <br><br>\ud83d\udccdBle\u00adichst\u00adra\u00ad\u00dfe 9, 76227 Karls\u00adru\u00adhe<br><strong>Kurs orga\u00adni\u00adza\u00adt\u00f6\u00adr\u00fc:<\/strong> AWO Karls\u00adru\u00adhe gGmbH, Gritz\u00adnerst\u00adra\u00ad\u00dfe 8, 76227 Karls\u00adru\u00adhe<br><br><strong>\u0130let\u00adi\u015f\u00adim kuru\u00adla\u00adcak ki\u015fi\u00adler:<\/strong> Sil\u00adke Teltsc\u00adher ve Sami\u00adra Ahmed<br>\ud83d\udcde 0171 68 13 739<br>\ud83d\udcde 0171 62 86 094<br>\ud83d\udce7 s.teltscher@awo-karlsruhe.de<br>\ud83d\udce7 s.ahmed@awo-karlsruhe.de<br><br><strong>Sade\u00adce ran\u00adde\u00advu ile kay\u0131t ve ki\u015fi\u00adsel dan\u0131\u015f\u00adman\u00adl\u0131k<\/strong><br>Bu hiz\u00admet Baden-W\u00fcrt\u00adtem\u00adberg eya\u00adle\u00adti ve Enteg\u00adras\u00adyon Daire\u00adsi tara\u00adf\u0131n\u00addan finan\u00adse edilmektedir.<\/p><\/div>\n<\/div><\/div><\/div>\n<\/details>\n","protected":false},"excerpt":{"rendered":"<p>Enteg\u00adras\u00adyon kurs\u00adla\u00adr\u0131\u00adna kat\u0131l\u00adma\u00adya uygun olma\u00adyan veya fizik\u00adsel ola\u00adrak bu kurs\u00adla\u00adra kat\u0131\u00adla\u00adma\u00adya\u00adcak durum\u00adda olan ki\u015fi\u00adler, \u0130dari Y\u00f6net\u00adme\u00adlik (Ver\u00adwal\u00adtungs\u00advorsch\u00adrift VwV) Alman\u00adca uya\u00adr\u0131n\u00adca kurs\u00adla\u00adra kat\u0131\u00adla\u00adbi\u00adlir\u00adler. Hedef grupEbe\u00adveyn\u00adler \u00e7ocuk bak\u0131\u00adm\u0131 ile Alman\u00adca Kur\u00adsu\u00adna kat\u0131\u00adla\u00adbi\u00adlir\u00adler,&nbsp;<a class=\"moretag\" href=\"https:\/\/www.anika-net.de\/tr\/almanca-ogrenmek\/cocuk-bakimli-almanca-kursu\/\">daha faz\u00adla okuyun<\/a><\/p>\n","protected":false},"author":12,"featured_media":37376,"parent":34538,"menu_order":20,"comment_status":"closed","ping_status":"closed","template":"","meta":{"_acf_changed":false,"inline_featured_image":false,"_uag_custom_page_level_css":"","wp_typography_post_enhancements_disabled":false,"footnotes":""},"class_list":["post-34646","page","type-page","status-publish","has-post-thumbnail","hentry"],"acf":[],"featured_image_urls_v2":{"full":["https:\/\/www.anika-net.de\/wp-content\/uploads\/2023\/04\/Kinderbetreuung-05n-05.png",2000,1111,false],"thumbnail":["https:\/\/www.anika-net.de\/wp-content\/uploads\/2023\/04\/Kinderbetreuung-05n-05-150x150.png",150,150,true],"medium":["https:\/\/www.anika-net.de\/wp-content\/uploads\/2023\/04\/Kinderbetreuung-05n-05-300x167.png",300,167,true],"medium_large":["https:\/\/www.anika-net.de\/wp-content\/uploads\/2023\/04\/Kinderbetreuung-05n-05-768x427.png",640,356,true],"large":["https:\/\/www.anika-net.de\/wp-content\/uploads\/2023\/04\/Kinderbetreuung-05n-05-1024x569.png",640,356,true],"1536x1536":["https:\/\/www.anika-net.de\/wp-content\/uploads\/2023\/04\/Kinderbetreuung-05n-05-1536x853.png",1536,853,true],"2048x2048":["https:\/\/www.anika-net.de\/wp-content\/uploads\/2023\/04\/Kinderbetreuung-05n-05.png",2000,1111,false],"event-overview":["https:\/\/www.anika-net.de\/wp-content\/uploads\/2023\/04\/Kinderbetreuung-05n-05-960x640.png",960,640,true],"event-archive-thumb":["https:\/\/www.anika-net.de\/wp-content\/uploads\/2023\/04\/Kinderbetreuung-05n-05-480x267.png",480,267,true],"grid-item-thumbnail":["https:\/\/www.anika-net.de\/wp-content\/uploads\/2023\/04\/Kinderbetreuung-05n-05-360x200.png",360,200,true],"network-partner-icon":["https:\/\/www.anika-net.de\/wp-content\/uploads\/2023\/04\/Kinderbetreuung-05n-05-100x100.png",100,100,true],"organiser-icon":["https:\/\/www.anika-net.de\/wp-content\/uploads\/2023\/04\/Kinderbetreuung-05n-05-200x200.png",200,200,true],"gform-image-choice-sm":["https:\/\/www.anika-net.de\/wp-content\/uploads\/2023\/04\/Kinderbetreuung-05n-05.png",300,167,false],"gform-image-choice-md":["https:\/\/www.anika-net.de\/wp-content\/uploads\/2023\/04\/Kinderbetreuung-05n-05.png",400,222,false],"gform-image-choice-lg":["https:\/\/www.anika-net.de\/wp-content\/uploads\/2023\/04\/Kinderbetreuung-05n-05.png",600,333,false]},"post_excerpt_stackable_v2":"<p>Enteg\u00adras\u00adyon kurs\u00adla\u00adr\u0131\u00adna kat\u0131l\u00adma\u00adya uygun olma\u00adyan veya fizik\u00adsel ola\u00adrak bu kurs\u00adla\u00adra kat\u0131\u00adla\u00adma\u00adya\u00adcak durum\u00adda olan ki\u015fi\u00adler, \u0130dari Y\u00f6net\u00adme\u00adlik (Ver\u00adwal\u00adtungs\u00advorsch\u00adrift VwV) Alman\u00adca uya\u00adr\u0131n\u00adca kurs\u00adla\u00adra kat\u0131\u00adla\u00adbi\u00adlir\u00adler. Hedef grupEbe\u00adveyn\u00adler \u00e7ocuk bak\u0131\u00adm\u0131 ile Alman\u00adca Kur\u00adsu\u00adna kat\u0131\u00adla\u00adbi\u00adlir\u00adler, K\u00fc\u00e7\u00fck \u00e7ocuk\u00adla\u00adr\u0131 olan ancak \u00e7ocuk bak\u0131m ola\u00adnak\u00adla\u00adr\u0131 bulun\u00adma\u00adyan ve bu neden\u00adle bir enteg\u00adras\u00adyon kur\u00adsu\u00adna kat\u0131\u00adla\u00adma\u00adyan ki\u015fi\u00adler. Otur\u00adma izni olma\u00adyan ve bu neden\u00adle enteg\u00adras\u00adyon kur\u00adsu\u00adna kat\u0131\u00adla\u00adma\u00adyan ki\u015fi\u00adler. Ne zamanSabah\u00adla\u00adr\u0131 ve \u00f6\u011fle\u00adden son\u00adra\u00adla\u00adr\u0131 Kurs sa\u011f\u00adla\u00ady\u0131\u00adc\u0131\u00adla\u00adr\u0131 ve kay\u0131t\u00ad\u00c7o\u00adcuk bak\u0131m hiz\u00adme\u00adti sunan bir Alman\u00adca kur\u00adsu\u00adna kay\u00addol\u00admak i\u00e7in l\u00fct\u00adfen a\u015fa\u00ad\u011f\u0131\u00adda\u00adki dil kur\u00adsu sa\u011f\u00adla\u00ady\u0131\u00adc\u0131\u00adla\u00adr\u0131y\u00adla do\u011f\u00adru\u00addan ile\u00adti\u00ad\u015fi\u00adme&nbsp;ge\u00e7in: \ud83c\udf10AAW Karls\u00adru\u00adhe\ud83d\udccd Gri\u00ades\u00adbachst\u00adra\u00ad\u00dfe 12, 76185 Karls\u00adru\u00adhe\ud83d\udcde 0157 3392 7304 veya 0721 850290\ud83d\udce7 kibe.karlsruhe@aaw.deNere\u00adde: ibz Karls\u00adru\u00adhe \ud83d\udccdKaise\u00adral\u00adlee 12 d, 76133 Karlsruhe\u2026<\/p>\n","category_list_v2":"","author_info_v2":{"name":"Andrea Ramirez","url":"https:\/\/www.anika-net.de\/tr\/author\/andrea-ramirez\/"},"comments_num_v2":"0 comments","uagb_featured_image_src":{"full":["https:\/\/www.anika-net.de\/wp-content\/uploads\/2023\/04\/Kinderbetreuung-05n-05.png",2000,1111,false],"thumbnail":["https:\/\/www.anika-net.de\/wp-content\/uploads\/2023\/04\/Kinderbetreuung-05n-05-150x150.png",150,150,true],"medium":["https:\/\/www.anika-net.de\/wp-content\/uploads\/2023\/04\/Kinderbetreuung-05n-05-300x167.png",300,167,true],"medium_large":["https:\/\/www.anika-net.de\/wp-content\/uploads\/2023\/04\/Kinderbetreuung-05n-05-768x427.png",640,356,true],"large":["https:\/\/www.anika-net.de\/wp-content\/uploads\/2023\/04\/Kinderbetreuung-05n-05-1024x569.png",640,356,true],"1536x1536":["https:\/\/www.anika-net.de\/wp-content\/uploads\/2023\/04\/Kinderbetreuung-05n-05-1536x853.png",1536,853,true],"2048x2048":["https:\/\/www.anika-net.de\/wp-content\/uploads\/2023\/04\/Kinderbetreuung-05n-05.png",2000,1111,false],"event-overview":["https:\/\/www.anika-net.de\/wp-content\/uploads\/2023\/04\/Kinderbetreuung-05n-05-960x640.png",960,640,true],"event-archive-thumb":["https:\/\/www.anika-net.de\/wp-content\/uploads\/2023\/04\/Kinderbetreuung-05n-05-480x267.png",480,267,true],"grid-item-thumbnail":["https:\/\/www.anika-net.de\/wp-content\/uploads\/2023\/04\/Kinderbetreuung-05n-05-360x200.png",360,200,true],"network-partner-icon":["https:\/\/www.anika-net.de\/wp-content\/uploads\/2023\/04\/Kinderbetreuung-05n-05-100x100.png",100,100,true],"organiser-icon":["https:\/\/www.anika-net.de\/wp-content\/uploads\/2023\/04\/Kinderbetreuung-05n-05-200x200.png",200,200,true],"gform-image-choice-sm":["https:\/\/www.anika-net.de\/wp-content\/uploads\/2023\/04\/Kinderbetreuung-05n-05.png",300,167,false],"gform-image-choice-md":["https:\/\/www.anika-net.de\/wp-content\/uploads\/2023\/04\/Kinderbetreuung-05n-05.png",400,222,false],"gform-image-choice-lg":["https:\/\/www.anika-net.de\/wp-content\/uploads\/2023\/04\/Kinderbetreuung-05n-05.png",600,333,false]},"uagb_author_info":{"display_name":"Andrea Ramirez","author_link":"https:\/\/www.anika-net.de\/tr\/author\/andrea-ramirez\/"},"uagb_comment_info":0,"uagb_excerpt":"Enteg\u00adras\u00adyon kurs\u00adla\u00adr\u0131\u00adna kat\u0131l\u00adma\u00adya uygun olma\u00adyan veya fizik\u00adsel ola\u00adrak bu kurs\u00adla\u00adra kat\u0131\u00adla\u00adma\u00adya\u00adcak durum\u00adda olan ki\u015fi\u00adler, \u0130dari Y\u00f6net\u00adme\u00adlik (Ver\u00adwal\u00adtungs\u00advorsch\u00adrift VwV) Alman\u00adca uya\u00adr\u0131n\u00adca kurs\u00adla\u00adra kat\u0131labilirler. Hedef grupEbe\u00adveyn\u00adler \u00e7ocuk bak\u0131\u00adm\u0131 ile Alman\u00adca Kur\u00adsu\u00adna kat\u0131labilirler,&nbsp;daha fazla okuyun","_links":{"self":[{"href":"https:\/\/www.anika-net.de\/tr\/wp-json\/wp\/v2\/pages\/34646","targetHints":{"allow":["GET"]}}],"collection":[{"href":"https:\/\/www.anika-net.de\/tr\/wp-json\/wp\/v2\/pages"}],"about":[{"href":"https:\/\/www.anika-net.de\/tr\/wp-json\/wp\/v2\/types\/page"}],"author":[{"embeddable":true,"href":"https:\/\/www.anika-net.de\/tr\/wp-json\/wp\/v2\/users\/12"}],"replies":[{"embeddable":true,"href":"https:\/\/www.anika-net.de\/tr\/wp-json\/wp\/v2\/comments?post=34646"}],"version-history":[{"count":5,"href":"https:\/\/www.anika-net.de\/tr\/wp-json\/wp\/v2\/pages\/34646\/revisions"}],"predecessor-version":[{"id":64346,"href":"https:\/\/www.anika-net.de\/tr\/wp-json\/wp\/v2\/pages\/34646\/revisions\/64346"}],"up":[{"embeddable":true,"href":"https:\/\/www.anika-net.de\/tr\/wp-json\/wp\/v2\/pages\/34538"}],"wp:featuredmedia":[{"embeddable":true,"href":"https:\/\/www.anika-net.de\/tr\/wp-json\/wp\/v2\/media\/37376"}],"wp:attachment":[{"href":"https:\/\/www.anika-net.de\/tr\/wp-json\/wp\/v2\/media?parent=34646"}],"curies":[{"name":"wp","href":"https:\/\/api.w.org\/{rel}","templated":true}]}}