{"id":34624,"date":"2023-03-07T13:27:22","date_gmt":"2023-03-07T12:27:22","guid":{"rendered":"https:\/\/www.anika-net.de\/almanca-ogrenmek\/diger-almanca-kurslari\/"},"modified":"2026-03-25T11:56:43","modified_gmt":"2026-03-25T10:56:43","slug":"diger-almanca-kurslari","status":"publish","type":"page","link":"https:\/\/www.anika-net.de\/tr\/almanca-ogrenmek\/diger-almanca-kurslari\/","title":{"rendered":"VwV Kur\u00adsu \u2014 Ser\u00adti\u00adfi\u00adka\u00adl\u0131 Alman\u00adca kurslar\u0131"},"content":{"rendered":"\n<p class=\"has-text-align-center\">(Yeni) g\u00f6\u00e7\u00admen\u00adler i\u00e7in Karls\u00adru\u00adhe\u00ad\u2019\u00adde Alman\u00adca \u00f6\u011fren\u00admek i\u00e7in bir\u00ad\u00e7ok f\u0131r\u00adsat bulun\u00admak\u00adta\u00add\u0131r. <strong>Enteg\u00adras\u00adyon kurs\u00adla\u00adr\u0131\u00adn\u0131n, mes\u00adle\u00adki dil kurs\u00adla\u00adr\u0131\u00adn\u0131n ve VwV Alman\u00adca kurs\u00adla\u00adr\u0131\u00adn\u0131n ser\u00adti\u00adfi\u00adka\u00adl\u0131 dil kurs\u00adla\u00adr\u0131<\/strong> oldu\u00ad\u011fu\u00adnu bil\u00admek \u00f6nem\u00adli\u00addir. Bu, kat\u0131\u00adl\u0131m\u00adc\u0131\u00adla\u00adr\u0131n bu kurs\u00adla\u00adr\u0131n sonun\u00adda bir s\u0131na\u00adva gire\u00adbi\u00adle\u00adcek\u00adle\u00adri ve res\u00admi bir dil ser\u00adti\u00adfi\u00adka\u00ads\u0131 ala\u00adbi\u00adle\u00adcek\u00adle\u00adri anla\u00adm\u0131\u00adna&nbsp;gelir.&nbsp;<\/p>\n\n\n\n<div class=\"wp-block-stackable-divider stk-block-divider stk-block stk-e7caf98\" data-block-id=\"e7caf98\"><hr class=\"stk-block-divider__hr\"><\/div>\n\n\n\n\n\n<details class=\"wp-block-stackable-accordion stk-block-accordion stk-inner-blocks stk-block-content stk-block stk-4ed0468 is-style-default\" data-block-id=\"4ed0468\">\n<summary class=\"wp-block-stackable-column stk-block-column stk-column stk-block stk-97e0d09 stk--container-small stk-block-accordion__heading\" data-v=\"4\" data-block-id=\"97e0d09\"><div class=\"stk-column-wrapper stk-block-column__content stk-container stk-97e0d09-container stk-hover-parent\"><div class=\"stk-block-content stk-inner-blocks stk-97e0d09-inner-blocks\"><\/div><\/div><\/summary>\n\n\n\n<div class=\"wp-block-stackable-column stk-block-column stk-column stk-block stk-80c7dc6 stk-block-accordion__content\" data-v=\"4\" data-block-id=\"80c7dc6\"><div class=\"stk-column-wrapper stk-block-column__content stk-container stk-80c7dc6-container stk--no-background stk--no-padding\"><div class=\"stk-block-content stk-inner-blocks stk-80c7dc6-inner-blocks\">\n<div class=\"wp-block-stackable-text stk-block-text stk-block stk-f7863d9\" data-block-id=\"f7863d9\"><p class=\"stk-block-text__text\">Volks\u00adhochsc\u00adhu\u00adle (vhs) Karls\u00adru\u00adhe, yeni bir VwV Alman\u00adca kur\u00adsu Auf\u00adbau Beruf B1 sunu\u00adyor. Kat\u0131\u00adl\u0131m, Karls\u00adru\u00adhe \u015feh\u00adrin\u00adde ya\u015fa\u00adyan, bir enteg\u00adras\u00adyon kur\u00adsun\u00adda A2 dil sevi\u00adye\u00adsi\u00adne ula\u015f\u00adm\u0131\u015f ve art\u0131k tek\u00adrar der\u00adsi bulun\u00adma\u00adyan ki\u015fi\u00adle\u00adre a\u00e7\u0131k\u00adt\u0131r. <br><br>\ud83d\udcc5 <strong>15 Eyl\u00fcl 2025 \u2014 3 \u015eubat 2026<\/strong>, ard\u0131n\u00addan bir s\u0131nav.<br>\u23f0 <strong>Ders saat\u00adle\u00adri:<\/strong> 8:30 \u2014 12:30 \u2014 (Tatil\u00adler\u00adde ders yok\u00adtur)<br>\ud83d\udccd Kim\u00admel\u00admannsc\u00adhu\u00adle, Graf-Rhe\u00adna-Stra\u00ad\u00dfe 18, 76137 Karls\u00adru\u00adhe, Alman\u00adya<br><br><strong>Kay\u0131t<\/strong><br>\ud83d\udcde 0721 98 57 50<br>\ud83d\udce7 daf@vhs-karlsruhe.de<br><br><strong><a href=\"https:\/\/www.anika-net.de\/tr\/event\/is-icin-almanca-kursu-b1\/\">Daha Faz\u00adla Bil\u00adgi<\/a><\/strong><br><br><em><span style=\"color: #737373;\" class=\"stk-highlight\">Baden-W\u00fcrt\u00adtem\u00adberg eya\u00adle\u00adti ve Karls\u00adru\u00adhe \u015feh\u00adri tara\u00adf\u0131n\u00addan desteklenmektedir.<\/span><\/em><\/p><\/div>\n<\/div><\/div><\/div>\n<\/details>\n\n\n\n<h2 class=\"wp-block-heading\">Alman ida\u00adri y\u00f6net\u00adme\u00adli\u00ad\u011fi\u00adne g\u00f6re Alman\u00adca kurs\u00adla\u00adr\u0131 (VwV Deutsch)<\/h2>\n\n\n\n<p>Enteg\u00adras\u00adyon kurs\u00adla\u00adr\u0131\u00adna her\u00adke\u00adsin kat\u0131l\u00adma\u00ads\u0131\u00adna izin veril\u00adme\u00addi\u00ad\u011fi i\u00e7in Karls\u00adru\u00adhe Bele\u00addi\u00adye\u00adsi VwV Deutsch\u00adkur\u00adse\u00ad\u2019\u00adyi uygu\u00adla\u00admak\u00adta\u00add\u0131r.<br>Enteg\u00adras\u00adyon kurs\u00adla\u00adr\u0131\u00adna kat\u0131l\u00adma hak\u00adk\u0131 olma\u00adyan veya pra\u00adtik ola\u00adrak kat\u0131\u00adla\u00adma\u00adyan ki\u015fi\u00adler VwV Alman\u00adca kurs\u00adla\u00adr\u0131\u00adna kat\u0131\u00adla\u00adbi\u00adlir\u00adler.<br><br><em>A\u015fa\u00ad\u011f\u0131\u00adda\u00adki VwV Alman\u00adca kurs\u00adla\u00adr\u0131 Karls\u00adru\u00adhe\u00ad\u2019\u00adde de sunul\u00admak\u00adta\u00add\u0131r<\/em>:<\/p>\n\n\n\n<h3 class=\"wp-block-heading\"><span style=\"color: #099189;\" class=\"stk-highlight\">1. Yaz kurs\u00adla\u00adr\u0131<\/span><strong><span style=\"color: #099189;\" class=\"stk-highlight\"> okul\u00addan mes\u00adle\u00adki e\u011fi\u00adti\u00adme ge\u00e7i\u015f s\u00fcre\u00adcin\u00adde\u00adki gen\u00e7\u00adler ve gen\u00e7 yeti\u015f\u00adkin\u00adler&nbsp;i\u00e7in<\/span><\/strong><\/h3>\n\n\n\n<p>A2 veya daha y\u00fck\u00adsek dil sevi\u00adye\u00adsi\u00adne sahip gen\u00e7\u00adler ve gen\u00e7 yeti\u015f\u00adkin\u00adler (15 ya\u015f ve \u00fcze\u00adri) i\u00e7in ser\u00adti\u00adfi\u00adka\u00adl\u0131 final s\u0131nav\u00adla\u00adr\u0131 B1 veya daha y\u00fck\u00adsek olan Alman\u00adca kurslar\u0131.<\/p>\n\n\n\n<h3 class=\"wp-block-heading\"><strong><span style=\"color: #099e96;\" class=\"stk-highlight\">2. Enteg\u00adras\u00adyon kurs\u00adla\u00adr\u0131\u00adna kat\u0131l\u00adma\u00adya uygun olma\u00adyan ki\u015fi\u00adle\u00adrin ter\u00adfi ettirilmesi<\/span><\/strong><\/h3>\n\n\n\n<p>Bu yar\u00add\u0131m, uyum kurs\u00adla\u00adr\u0131\u00adna eri\u00ad\u015fi\u00admi olma\u00adyan veya hen\u00fcz olma\u00adyan ve s\u0131n\u0131r d\u0131\u015f\u0131 edil\u00adme teh\u00adli\u00adke\u00adsiy\u00adle kar\u00ad\u015f\u0131 kar\u00ad\u015f\u0131\u00adya olma\u00adyan t\u00fcm g\u00f6\u00e7\u00admen\u00adle\u00adre y\u00f6neliktir.<\/p>\n\n\n\n<p><strong><span style=\"color: #069997;\" class=\"stk-highlight\">Kay\u0131t<\/span><\/strong><\/p>\n\n\n\n<ul class=\"wp-block-list\">\n<li>Bir <strong>VwV Alman\u00adca Kur\u00adsu\u00adna<\/strong> kay\u00addol\u00admak i\u00e7in l\u00fct\u00adfen ori\u00adji\u00adnal, dol\u00addu\u00adrul\u00admu\u015f ve <strong>imza\u00adlan\u00adm\u0131\u015f<\/strong> ola\u00adrak bize g\u00f6n\u00adde\u00adrin <strong><a href=\"https:\/\/www.anika-net.de\/wp-content\/uploads\/2026\/03\/Antrag_VwV-Deutsch_neu.pdf\">ba\u015f\u00advu\u00adru&nbsp;formu<\/a><\/strong><\/li>\n\n\n\n<li>Otur\u00adma <strong>izni\u00adni\u00adzin bir kop\u00adya\u00ads\u0131<\/strong> (otur\u00adma izni, ge\u00e7i\u00adci otur\u00adma izni, ho\u015f\u00adg\u00f6\u00adr\u00fc izni veya AB vatan\u00adda\u015f\u00adla\u00adr\u0131 s\u00f6z konu\u00adsu oldu\u00ad\u011fun\u00adda kim\u00adlik kar\u00adt\u0131 \u015feklinde)<\/li>\n<\/ul>\n\n\n\n<p>\ud83d\udd10 <strong>Veri i\u015fle\u00adme ile ilgi\u00adli bil\u00adgi\u00adle\u00adri<\/strong> a\u015fa\u00ad\u011f\u0131\u00adda <strong>bula\u00adbi\u00adlir\u00adsi\u00adniz<\/strong> <strong><a href=\"https:\/\/www.anika-net.de\/wp-content\/uploads\/2025\/02\/4-Datenschutzinformation-BfI.pdf\">Bura\u00adda<\/a><\/strong><\/p>\n\n\n\n<p><strong><span style=\"color: #069997;\" class=\"stk-highlight\">\u0130let\u00adi\u015f\u00adim<\/span><\/strong><br>Her\u00adhan\u00adgi bir soru\u00adnuz olur\u00adsa, Enteg\u00adras\u00adyon Ofi\u00adsi size \ud83d\udcde 0721 133\u20115727 numa\u00adra\u00adl\u0131 tele\u00adfon\u00addan veya \ud83d\udce7 buero.fuer.integration@sjb.karlsruhe.de adre\u00adsin\u00adden bil\u00adgi ver\u00admek\u00adten mem\u00adnu\u00adni\u00adyet duyacakt\u0131r.<\/p>\n\n\n\n<p><em><span style=\"color: #575656;\" class=\"stk-highlight\">VwV Alman\u00adca kurs\u00adla\u00adr\u0131 Baden-W\u00fcrt\u00adtem\u00adberg eya\u00adle\u00adti ve Karls\u00adru\u00adhe \u015feh\u00adri tara\u00adf\u0131n\u00addan finan\u00adse edilmektedir.<\/span><\/em><\/p>\n","protected":false},"excerpt":{"rendered":"<p>(Yeni) g\u00f6\u00e7\u00admen\u00adler i\u00e7in Karls\u00adru\u00adhe\u00ad\u2019\u00adde Alman\u00adca \u00f6\u011fren\u00admek i\u00e7in bir\u00ad\u00e7ok f\u0131r\u00adsat bulun\u00admak\u00adta\u00add\u0131r. Enteg\u00adras\u00adyon kurs\u00adla\u00adr\u0131\u00adn\u0131n, mes\u00adle\u00adki dil kurs\u00adla\u00adr\u0131\u00adn\u0131n ve VwV Alman\u00adca kurs\u00adla\u00adr\u0131\u00adn\u0131n ser\u00adti\u00adfi\u00adka\u00adl\u0131 dil kurs\u00adla\u00adr\u0131 oldu\u00ad\u011fu\u00adnu bil\u00admek \u00f6nem\u00adli\u00addir. Bu, kat\u0131\u00adl\u0131m\u00adc\u0131\u00adla\u00adr\u0131n bu kurs\u00adla\u00adr\u0131n sonun\u00adda&nbsp;<a class=\"moretag\" href=\"https:\/\/www.anika-net.de\/tr\/almanca-ogrenmek\/diger-almanca-kurslari\/\">daha faz\u00adla okuyun<\/a><\/p>\n","protected":false},"author":12,"featured_media":34435,"parent":34538,"menu_order":30,"comment_status":"closed","ping_status":"closed","template":"","meta":{"_acf_changed":false,"inline_featured_image":false,"_uag_custom_page_level_css":"","wp_typography_post_enhancements_disabled":false,"footnotes":""},"class_list":["post-34624","page","type-page","status-publish","has-post-thumbnail","hentry"],"acf":[],"featured_image_urls_v2":{"full":["https:\/\/www.anika-net.de\/wp-content\/uploads\/2023\/03\/Andere-Deutsch-Kurse_Kacheln-4.png",2000,1111,false],"thumbnail":["https:\/\/www.anika-net.de\/wp-content\/uploads\/2023\/03\/Andere-Deutsch-Kurse_Kacheln-4-150x150.png",150,150,true],"medium":["https:\/\/www.anika-net.de\/wp-content\/uploads\/2023\/03\/Andere-Deutsch-Kurse_Kacheln-4-300x167.png",300,167,true],"medium_large":["https:\/\/www.anika-net.de\/wp-content\/uploads\/2023\/03\/Andere-Deutsch-Kurse_Kacheln-4-768x427.png",640,356,true],"large":["https:\/\/www.anika-net.de\/wp-content\/uploads\/2023\/03\/Andere-Deutsch-Kurse_Kacheln-4-1024x569.png",640,356,true],"1536x1536":["https:\/\/www.anika-net.de\/wp-content\/uploads\/2023\/03\/Andere-Deutsch-Kurse_Kacheln-4-1536x853.png",1536,853,true],"2048x2048":["https:\/\/www.anika-net.de\/wp-content\/uploads\/2023\/03\/Andere-Deutsch-Kurse_Kacheln-4.png",2000,1111,false],"event-overview":["https:\/\/www.anika-net.de\/wp-content\/uploads\/2023\/03\/Andere-Deutsch-Kurse_Kacheln-4-960x640.png",960,640,true],"event-archive-thumb":["https:\/\/www.anika-net.de\/wp-content\/uploads\/2023\/03\/Andere-Deutsch-Kurse_Kacheln-4-480x267.png",480,267,true],"grid-item-thumbnail":["https:\/\/www.anika-net.de\/wp-content\/uploads\/2023\/03\/Andere-Deutsch-Kurse_Kacheln-4-360x200.png",360,200,true],"network-partner-icon":["https:\/\/www.anika-net.de\/wp-content\/uploads\/2023\/03\/Andere-Deutsch-Kurse_Kacheln-4-100x100.png",100,100,true],"organiser-icon":["https:\/\/www.anika-net.de\/wp-content\/uploads\/2023\/03\/Andere-Deutsch-Kurse_Kacheln-4-200x200.png",200,200,true],"gform-image-choice-sm":["https:\/\/www.anika-net.de\/wp-content\/uploads\/2023\/03\/Andere-Deutsch-Kurse_Kacheln-4.png",300,167,false],"gform-image-choice-md":["https:\/\/www.anika-net.de\/wp-content\/uploads\/2023\/03\/Andere-Deutsch-Kurse_Kacheln-4.png",400,222,false],"gform-image-choice-lg":["https:\/\/www.anika-net.de\/wp-content\/uploads\/2023\/03\/Andere-Deutsch-Kurse_Kacheln-4.png",600,333,false]},"post_excerpt_stackable_v2":"<p>(Yeni) g\u00f6\u00e7\u00admen\u00adler i\u00e7in Karls\u00adru\u00adhe\u00ad\u2019\u00adde Alman\u00adca \u00f6\u011fren\u00admek i\u00e7in bir\u00ad\u00e7ok f\u0131r\u00adsat bulun\u00admak\u00adta\u00add\u0131r. Enteg\u00adras\u00adyon kurs\u00adla\u00adr\u0131\u00adn\u0131n, mes\u00adle\u00adki dil kurs\u00adla\u00adr\u0131\u00adn\u0131n ve VwV Alman\u00adca kurs\u00adla\u00adr\u0131\u00adn\u0131n ser\u00adti\u00adfi\u00adka\u00adl\u0131 dil kurs\u00adla\u00adr\u0131 oldu\u00ad\u011fu\u00adnu bil\u00admek \u00f6nem\u00adli\u00addir. Bu, kat\u0131\u00adl\u0131m\u00adc\u0131\u00adla\u00adr\u0131n bu kurs\u00adla\u00adr\u0131n sonun\u00adda bir s\u0131na\u00adva gire\u00adbi\u00adle\u00adcek\u00adle\u00adri ve res\u00admi bir dil ser\u00adti\u00adfi\u00adka\u00ads\u0131 ala\u00adbi\u00adle\u00adcek\u00adle\u00adri anla\u00adm\u0131\u00adna&nbsp;gelir.&nbsp; Volks\u00adhochsc\u00adhu\u00adle (vhs) Karls\u00adru\u00adhe, yeni bir VwV Alman\u00adca kur\u00adsu Auf\u00adbau Beruf B1 sunu\u00adyor. Kat\u0131\u00adl\u0131m, Karls\u00adru\u00adhe \u015feh\u00adrin\u00adde ya\u015fa\u00adyan, bir enteg\u00adras\u00adyon kur\u00adsun\u00adda A2 dil sevi\u00adye\u00adsi\u00adne ula\u015f\u00adm\u0131\u015f ve art\u0131k tek\u00adrar der\u00adsi bulun\u00adma\u00adyan ki\u015fi\u00adle\u00adre a\u00e7\u0131k\u00adt\u0131r. \ud83d\udcc5 15 Eyl\u00fcl 2025 \u2014 3 \u015eubat 2026, ard\u0131n\u00addan bir s\u0131nav.\u23f0 Ders saat\u00adle\u00adri: 8:30 \u2014 12:30 \u2014 (Tatil\u00adler\u00adde ders yok\u00adtur)\ud83d\udccd Kim\u00admel\u00admannsc\u00adhu\u00adle, Graf-Rhe\u00ad\u00ad\u00adna-Stra\u00ad\u00ad\u00dfe 18, 76137 Karls\u00adru\u00adhe, Alman\u00adyaKay\u0131t\ud83d\udcde 0721 98 57&nbsp;50\ud83d\udce7\u2026<\/p>\n","category_list_v2":"","author_info_v2":{"name":"Andrea Ramirez","url":"https:\/\/www.anika-net.de\/tr\/author\/andrea-ramirez\/"},"comments_num_v2":"0 comments","uagb_featured_image_src":{"full":["https:\/\/www.anika-net.de\/wp-content\/uploads\/2023\/03\/Andere-Deutsch-Kurse_Kacheln-4.png",2000,1111,false],"thumbnail":["https:\/\/www.anika-net.de\/wp-content\/uploads\/2023\/03\/Andere-Deutsch-Kurse_Kacheln-4-150x150.png",150,150,true],"medium":["https:\/\/www.anika-net.de\/wp-content\/uploads\/2023\/03\/Andere-Deutsch-Kurse_Kacheln-4-300x167.png",300,167,true],"medium_large":["https:\/\/www.anika-net.de\/wp-content\/uploads\/2023\/03\/Andere-Deutsch-Kurse_Kacheln-4-768x427.png",640,356,true],"large":["https:\/\/www.anika-net.de\/wp-content\/uploads\/2023\/03\/Andere-Deutsch-Kurse_Kacheln-4-1024x569.png",640,356,true],"1536x1536":["https:\/\/www.anika-net.de\/wp-content\/uploads\/2023\/03\/Andere-Deutsch-Kurse_Kacheln-4-1536x853.png",1536,853,true],"2048x2048":["https:\/\/www.anika-net.de\/wp-content\/uploads\/2023\/03\/Andere-Deutsch-Kurse_Kacheln-4.png",2000,1111,false],"event-overview":["https:\/\/www.anika-net.de\/wp-content\/uploads\/2023\/03\/Andere-Deutsch-Kurse_Kacheln-4-960x640.png",960,640,true],"event-archive-thumb":["https:\/\/www.anika-net.de\/wp-content\/uploads\/2023\/03\/Andere-Deutsch-Kurse_Kacheln-4-480x267.png",480,267,true],"grid-item-thumbnail":["https:\/\/www.anika-net.de\/wp-content\/uploads\/2023\/03\/Andere-Deutsch-Kurse_Kacheln-4-360x200.png",360,200,true],"network-partner-icon":["https:\/\/www.anika-net.de\/wp-content\/uploads\/2023\/03\/Andere-Deutsch-Kurse_Kacheln-4-100x100.png",100,100,true],"organiser-icon":["https:\/\/www.anika-net.de\/wp-content\/uploads\/2023\/03\/Andere-Deutsch-Kurse_Kacheln-4-200x200.png",200,200,true],"gform-image-choice-sm":["https:\/\/www.anika-net.de\/wp-content\/uploads\/2023\/03\/Andere-Deutsch-Kurse_Kacheln-4.png",300,167,false],"gform-image-choice-md":["https:\/\/www.anika-net.de\/wp-content\/uploads\/2023\/03\/Andere-Deutsch-Kurse_Kacheln-4.png",400,222,false],"gform-image-choice-lg":["https:\/\/www.anika-net.de\/wp-content\/uploads\/2023\/03\/Andere-Deutsch-Kurse_Kacheln-4.png",600,333,false]},"uagb_author_info":{"display_name":"Andrea Ramirez","author_link":"https:\/\/www.anika-net.de\/tr\/author\/andrea-ramirez\/"},"uagb_comment_info":0,"uagb_excerpt":"(Yeni) g\u00f6\u00e7\u00admen\u00adler i\u00e7in Karls\u00adru\u00adhe\u00ad\u2019\u00adde Alman\u00adca \u00f6\u011fren\u00admek i\u00e7in bir\u00ad\u00e7ok f\u0131r\u00adsat bulun\u00admak\u00adta\u00add\u0131r. Enteg\u00adras\u00adyon kurs\u00adla\u00adr\u0131\u00adn\u0131n, mes\u00adle\u00adki dil kurs\u00adla\u00adr\u0131\u00adn\u0131n ve VwV Alman\u00adca kurs\u00adla\u00adr\u0131\u00adn\u0131n ser\u00adti\u00adfi\u00adka\u00adl\u0131 dil kurs\u00adla\u00adr\u0131 oldu\u00ad\u011fu\u00adnu bil\u00admek \u00f6nem\u00adli\u00addir. Bu, kat\u0131\u00adl\u0131m\u00adc\u0131\u00adla\u00adr\u0131n bu kurs\u00adla\u00adr\u0131n sonun\u00adda&nbsp;daha fazla okuyun","_links":{"self":[{"href":"https:\/\/www.anika-net.de\/tr\/wp-json\/wp\/v2\/pages\/34624","targetHints":{"allow":["GET"]}}],"collection":[{"href":"https:\/\/www.anika-net.de\/tr\/wp-json\/wp\/v2\/pages"}],"about":[{"href":"https:\/\/www.anika-net.de\/tr\/wp-json\/wp\/v2\/types\/page"}],"author":[{"embeddable":true,"href":"https:\/\/www.anika-net.de\/tr\/wp-json\/wp\/v2\/users\/12"}],"replies":[{"embeddable":true,"href":"https:\/\/www.anika-net.de\/tr\/wp-json\/wp\/v2\/comments?post=34624"}],"version-history":[{"count":8,"href":"https:\/\/www.anika-net.de\/tr\/wp-json\/wp\/v2\/pages\/34624\/revisions"}],"predecessor-version":[{"id":119940,"href":"https:\/\/www.anika-net.de\/tr\/wp-json\/wp\/v2\/pages\/34624\/revisions\/119940"}],"up":[{"embeddable":true,"href":"https:\/\/www.anika-net.de\/tr\/wp-json\/wp\/v2\/pages\/34538"}],"wp:featuredmedia":[{"embeddable":true,"href":"https:\/\/www.anika-net.de\/tr\/wp-json\/wp\/v2\/media\/34435"}],"wp:attachment":[{"href":"https:\/\/www.anika-net.de\/tr\/wp-json\/wp\/v2\/media?parent=34624"}],"curies":[{"name":"wp","href":"https:\/\/api.w.org\/{rel}","templated":true}]}}