{"id":34538,"date":"2023-03-07T12:55:38","date_gmt":"2023-03-07T11:55:38","guid":{"rendered":"https:\/\/www.anika-net.de\/almanca-ogrenmek\/"},"modified":"2025-08-11T11:10:48","modified_gmt":"2025-08-11T09:10:48","slug":"almanca-ogrenmek","status":"publish","type":"page","link":"https:\/\/www.anika-net.de\/tr\/almanca-ogrenmek\/","title":{"rendered":"Alman\u00adca \u00f6\u011frenmek"},"content":{"rendered":"\n<h2 class=\"wp-block-heading\"><em><span style=\"color: #efb11d;\" class=\"stk-highlight\">Yeni!<\/span><\/em><\/h2>\n\n<h3 class=\"wp-block-heading\">Alman\u00adca kur\u00adsu \u2014 Mes\u00adle\u00adki B1 Eyl\u00fcl 2025\u2019te ba\u015fl\u0131yor<\/h3>\n\n<p>Karls\u00adru\u00adhe\u00ad\u2019\u00adde\u00adki Yeti\u015f\u00adkin E\u011fi\u00adtim Mer\u00adke\u00adzi (vhs) yeni bir \ufe0f<strong> <a href=\"https:\/\/www.anika-net.de\/tr\/event\/is-icin-almanca-kursu-b1\/\">VwV Alman\u00adca kur\u00adsu, Mes\u00adle\u00adki B1<\/a><\/strong>. Kurs, bir enteg\u00adras\u00adyon kur\u00adsun\u00adda A2 dil sevi\u00adye\u00adsi\u00adne ula\u015f\u00adm\u0131\u015f olan ve tek\u00adrar der\u00adsi bulun\u00adma\u00adyan Karls\u00adru\u00adhe \u015feh\u00adri sakin\u00adle\u00adri\u00adne a\u00e7\u0131kt\u0131r.&nbsp;<\/p>\n\n<p><strong>Kurs tarih\u00adle\u00adri:<\/strong> 15 Eyl\u00fcl 2025 \u2014 3 \u015eubat 2026.<br>Ard\u0131n\u00addan bir s\u0131nav \/ tatil\u00adler\u00adde ders&nbsp;yok<\/p>\n\n<p><strong>Ders saat\u00adle\u00adri:<\/strong> 8:30 \u2014 12:30 ara\u00ads\u0131<br>\ud83d\udccdKim\u00admel\u00admannsc\u00adhu\u00adle, Graf-Rhe\u00adna-Stra\u00ad\u00dfe 18, 76137 Karls\u00adru\u00adhe<br><strong>Kay\u0131t:<\/strong> \ud83d\udce7 daf@vhs-karlsruhe.de | \ud83d\udcde 0721 985750<\/p>\n\n<p><em><span style=\"color: #abb8c3;\" class=\"stk-highlight\">Baden-W\u00fcrt\u00adtem\u00adberg eya\u00adle\u00adti ve Karls\u00adru\u00adhe \u015feh\u00adri tara\u00adf\u0131n\u00addan finan\u00adse edilmektedir.<\/span><\/em><\/p>\n","protected":false},"excerpt":{"rendered":"<p>Yeni! Alman\u00adca kur\u00adsu \u2014 Mes\u00adle\u00adki B1 Eyl\u00fcl 2025\u2019te ba\u015f\u00adl\u0131\u00adyor Karls\u00adru\u00adhe\u00ad\u2019\u00adde\u00adki Yeti\u015f\u00adkin E\u011fi\u00adtim Mer\u00adke\u00adzi (vhs) yeni bir \ufe0f VwV Alman\u00adca kur\u00adsu, Mes\u00adle\u00adki B1. Kurs, bir enteg\u00adras\u00adyon kur\u00adsun\u00adda A2 dil sevi\u00adye\u00adsi\u00adne ula\u015f\u00adm\u0131\u015f&nbsp;<a class=\"moretag\" href=\"https:\/\/www.anika-net.de\/tr\/almanca-ogrenmek\/\">daha faz\u00adla okuyun<\/a><\/p>\n","protected":false},"author":12,"featured_media":0,"parent":0,"menu_order":19,"comment_status":"closed","ping_status":"closed","template":"page-toc.php","meta":{"_acf_changed":false,"inline_featured_image":false,"_uag_custom_page_level_css":"","wp_typography_post_enhancements_disabled":false,"footnotes":""},"class_list":["post-34538","page","type-page","status-publish","hentry"],"acf":[],"featured_image_urls_v2":{"full":"","thumbnail":"","medium":"","medium_large":"","large":"","1536x1536":"","2048x2048":"","event-overview":"","event-archive-thumb":"","grid-item-thumbnail":"","network-partner-icon":"","organiser-icon":"","gform-image-choice-sm":"","gform-image-choice-md":"","gform-image-choice-lg":""},"post_excerpt_stackable_v2":"<p>Yeni! Alman\u00adca kur\u00adsu \u2014 Mes\u00adle\u00adki B1 Eyl\u00fcl 2025\u2019te ba\u015f\u00adl\u0131\u00adyor Karls\u00adru\u00adhe\u00ad\u2019\u00adde\u00adki Yeti\u015f\u00adkin E\u011fi\u00adtim Mer\u00adke\u00adzi (vhs) yeni bir \ufe0f VwV Alman\u00adca kur\u00adsu, Mes\u00adle\u00adki B1. Kurs, bir enteg\u00adras\u00adyon kur\u00adsun\u00adda A2 dil sevi\u00adye\u00adsi\u00adne ula\u015f\u00adm\u0131\u015f olan ve tek\u00adrar der\u00adsi bulun\u00adma\u00adyan Karls\u00adru\u00adhe \u015feh\u00adri sakin\u00adle\u00adri\u00adne a\u00e7\u0131k\u00adt\u0131r.&nbsp; Kurs tarih\u00adle\u00adri: 15 Eyl\u00fcl 2025 \u2014 3 \u015eubat 2026.Ard\u0131n\u00addan bir s\u0131nav \/ tatil\u00adler\u00adde ders&nbsp;yok Ders saat\u00adle\u00adri: 8:30 \u2014 12:30 ara\u00ads\u0131\ud83d\udccdKim\u00admel\u00admannsc\u00adhu\u00adle, Graf-Rhe\u00ad\u00ad\u00adna-Stra\u00ad\u00ad\u00dfe 18, 76137 Karls\u00adru\u00adheKay\u0131t: \ud83d\udce7 daf@vhs-karlsruhe.de | \ud83d\udcde 0721 985750 Baden-W\u00fcr\u00adt\u00ad\u00ad\u00adte\u00adm\u00ad\u00ad\u00adberg eya\u00adle\u00adti ve Karls\u00adru\u00adhe \u015feh\u00adri tara\u00adf\u0131n\u00addan finan\u00adse edilmektedir.<\/p>\n","category_list_v2":"","author_info_v2":{"name":"Andrea Ramirez","url":"https:\/\/www.anika-net.de\/tr\/author\/andrea-ramirez\/"},"comments_num_v2":"0 comments","uagb_featured_image_src":{"full":false,"thumbnail":false,"medium":false,"medium_large":false,"large":false,"1536x1536":false,"2048x2048":false,"event-overview":false,"event-archive-thumb":false,"grid-item-thumbnail":false,"network-partner-icon":false,"organiser-icon":false,"gform-image-choice-sm":false,"gform-image-choice-md":false,"gform-image-choice-lg":false},"uagb_author_info":{"display_name":"Andrea Ramirez","author_link":"https:\/\/www.anika-net.de\/tr\/author\/andrea-ramirez\/"},"uagb_comment_info":0,"uagb_excerpt":"Yeni! Alman\u00adca kur\u00adsu \u2014 Mes\u00adle\u00adki B1 Eyl\u00fcl 2025\u2019te ba\u015fl\u0131yor Karls\u00adru\u00adhe\u00ad\u2019\u00adde\u00adki Yeti\u015f\u00adkin E\u011fi\u00adtim Mer\u00adke\u00adzi (vhs) yeni bir \ufe0f VwV Alman\u00adca kur\u00adsu, Mes\u00adle\u00adki B1. Kurs, bir enteg\u00adras\u00adyon kur\u00adsun\u00adda A2 dil sevi\u00adye\u00adsi\u00adne ula\u015f\u00adm\u0131\u015f&nbsp;daha fazla okuyun","_links":{"self":[{"href":"https:\/\/www.anika-net.de\/tr\/wp-json\/wp\/v2\/pages\/34538","targetHints":{"allow":["GET"]}}],"collection":[{"href":"https:\/\/www.anika-net.de\/tr\/wp-json\/wp\/v2\/pages"}],"about":[{"href":"https:\/\/www.anika-net.de\/tr\/wp-json\/wp\/v2\/types\/page"}],"author":[{"embeddable":true,"href":"https:\/\/www.anika-net.de\/tr\/wp-json\/wp\/v2\/users\/12"}],"replies":[{"embeddable":true,"href":"https:\/\/www.anika-net.de\/tr\/wp-json\/wp\/v2\/comments?post=34538"}],"version-history":[{"count":2,"href":"https:\/\/www.anika-net.de\/tr\/wp-json\/wp\/v2\/pages\/34538\/revisions"}],"predecessor-version":[{"id":64274,"href":"https:\/\/www.anika-net.de\/tr\/wp-json\/wp\/v2\/pages\/34538\/revisions\/64274"}],"wp:attachment":[{"href":"https:\/\/www.anika-net.de\/tr\/wp-json\/wp\/v2\/media?parent=34538"}],"curies":[{"name":"wp","href":"https:\/\/api.w.org\/{rel}","templated":true}]}}