{"id":2699,"date":"2021-05-21T14:26:56","date_gmt":"2021-05-21T12:26:56","guid":{"rendered":"https:\/\/www.anika-net.de\/open-a-bank-account\/"},"modified":"2022-03-03T12:34:26","modified_gmt":"2022-03-03T11:34:26","slug":"vadesiz-mevduat-hesabi","status":"publish","type":"page","link":"https:\/\/www.anika-net.de\/tr\/varmak\/banka-hesabi\/vadesiz-mevduat-hesabi\/","title":{"rendered":"Vade\u00adsiz mev\u00addu\u00adat hesab\u0131"},"content":{"rendered":"\n<p>Alman\u00adya\u00ad\u2019\u00adda bir ban\u00adka hesa\u00adb\u0131\u00adn\u0131\u00adz\u0131n olma\u00ads\u0131 gerek\u00admek\u00adte\u00addir \u2014 en uygu\u00adnu bir vade\u00adsiz mev\u00addu\u00adat hesa\u00adb\u0131\u00add\u0131r <em>(Giro\u00adkon\u00adto).<\/em> Bu hesa\u00adb\u0131\u00adn\u0131z\u00addan kira\u00ady\u0131 hava\u00adle ede\u00adbi\u00adlir\u00adsi\u00adniz veya maa\u015f\u0131\u00adn\u0131z ve ba\u015f\u00adka \u00f6de\u00adme\u00adler bu hesa\u00adba \u00f6de\u00adne\u00adbi\u00adlir. Bu hesa\u00adb\u0131 iste\u00addi\u00ad\u011fi\u00adniz bir ban\u00adka veya tasar\u00adruf san\u00add\u0131\u00ad\u011f\u0131n\u00adda <em>(Spar\u00adkas\u00adse)<\/em> a\u00e7t\u0131\u00adra\u00adbi\u00adlir\u00adsi\u00adniz. Bu konu\u00adda ilgi\u00adli yer\u00adle\u00adre dan\u0131\u00ad\u015f\u0131\u00adn\u0131z: Baz\u0131 ban\u00adka\u00adlar hesa\u00adb\u0131n kul\u00adla\u00adn\u0131l\u00adma\u00ads\u0131 i\u00e7in, her ay \u00f6den\u00adme\u00adsi gere\u00adken bir \u00fccret kes\u00admek\u00adte\u00addir\u00adler. <strong>Ban\u00adka hesa\u00adb\u0131 kul\u00adlan\u00adma \u00fccre\u00adti\u00adni<\/strong> (<em>Kon\u00adto\u00adf\u00fch\u00adrungs\u00adge\u00adb\u00fchr) <\/em>soru\u00adnuz.<\/p>\n\n\n\n<p><strong><strong>Yan\u0131m\u00adda neler getirmeliyim?<\/strong><\/strong><\/p>\n\n\n\n<p>Ban\u00adka hesa\u00adb\u0131 a\u00e7t\u0131r\u00admak i\u00e7in n\u00fcfus c\u00fcz\u00adda\u00adn\u0131\u00adn\u0131z, pasa\u00adpor\u00adtu\u00adnuz ve\/veya otur\u00adma izni\u00adniz gereklidir.<\/p>\n\n\n\n<ul class=\"wp-block-list\"><li><strong>\u00d6ne\u00adri: <\/strong>Ba\u015f\u00adka bir ban\u00adka\u00addan para \u00e7ek\u00adti\u00ad\u011fi\u00adniz\u00adde ayr\u0131\u00adca \u00fccret olu\u00ad\u015fa\u00adbi\u00adle\u00adce\u00ad\u011fi\u00adne l\u00fct\u00adfen dik\u00adkat edi\u00adniz. Han\u00adgi ban\u00adka\u00adlar\u00addan \u00fccret\u00adsiz para \u00e7eke\u00adbi\u00adle\u00adce\u00ad\u011fi\u00adni\u00adzi \u00f6\u011fren\u00adme\u00adniz fay\u00adda\u00adl\u0131 olacakt\u0131r.<\/li><\/ul>\n\n\n\n<ul class=\"wp-block-list\"><li>L\u00fct\u00adfen ba\u015f\u00adka bir eve ta\u015f\u0131\u00adna\u00adcak olur\u00adsa\u00adn\u0131z yeni adre\u00adsi\u00adni\u00adzi ban\u00adka\u00adn\u0131\u00adza bildiriniz.<\/li><\/ul>\n","protected":false},"excerpt":{"rendered":"<p>Alman\u00adya\u00ad\u2019\u00adda bir ban\u00adka hesa\u00adb\u0131\u00adn\u0131\u00adz\u0131n olma\u00ads\u0131 gerek\u00admek\u00adte\u00addir \u2014 en uygu\u00adnu bir vade\u00adsiz mev\u00addu\u00adat hesa\u00adb\u0131\u00add\u0131r (Giro\u00adkon\u00adto). Bu hesa\u00adb\u0131\u00adn\u0131z\u00addan kira\u00ady\u0131 hava\u00adle ede\u00adbi\u00adlir\u00adsi\u00adniz veya maa\u015f\u0131\u00adn\u0131z ve ba\u015f\u00adka \u00f6de\u00adme\u00adler bu hesa\u00adba \u00f6de\u00adne\u00adbi\u00adlir. Bu hesa\u00adb\u0131 iste\u00addi\u00ad\u011fi\u00adniz&nbsp;<a class=\"moretag\" href=\"https:\/\/www.anika-net.de\/tr\/varmak\/banka-hesabi\/vadesiz-mevduat-hesabi\/\">daha faz\u00adla okuyun<\/a><\/p>\n","protected":false},"author":1,"featured_media":0,"parent":15825,"menu_order":0,"comment_status":"closed","ping_status":"closed","template":"","meta":{"_acf_changed":false,"inline_featured_image":false,"_uag_custom_page_level_css":"","wp_typography_post_enhancements_disabled":false,"footnotes":""},"class_list":["post-2699","page","type-page","status-publish","hentry"],"acf":[],"featured_image_urls_v2":{"full":"","thumbnail":"","medium":"","medium_large":"","large":"","1536x1536":"","2048x2048":"","event-overview":"","event-archive-thumb":"","grid-item-thumbnail":"","network-partner-icon":"","organiser-icon":"","gform-image-choice-sm":"","gform-image-choice-md":"","gform-image-choice-lg":""},"post_excerpt_stackable_v2":"<p>Alman\u00adya\u00ad\u2019\u00adda bir ban\u00adka hesa\u00adb\u0131\u00adn\u0131\u00adz\u0131n olma\u00ads\u0131 gerek\u00admek\u00adte\u00addir \u2014 en uygu\u00adnu bir vade\u00adsiz mev\u00addu\u00adat hesa\u00adb\u0131\u00add\u0131r (Giro\u00adkon\u00adto). Bu hesa\u00adb\u0131\u00adn\u0131z\u00addan kira\u00ady\u0131 hava\u00adle ede\u00adbi\u00adlir\u00adsi\u00adniz veya maa\u015f\u0131\u00adn\u0131z ve ba\u015f\u00adka \u00f6de\u00adme\u00adler bu hesa\u00adba \u00f6de\u00adne\u00adbi\u00adlir. Bu hesa\u00adb\u0131 iste\u00addi\u00ad\u011fi\u00adniz bir ban\u00adka veya tasar\u00adruf san\u00add\u0131\u00ad\u011f\u0131n\u00adda (Spar\u00adkas\u00adse) a\u00e7t\u0131\u00adra\u00adbi\u00adlir\u00adsi\u00adniz. Bu konu\u00adda ilgi\u00adli yer\u00adle\u00adre dan\u0131\u00ad\u015f\u0131\u00adn\u0131z: Baz\u0131 ban\u00adka\u00adlar hesa\u00adb\u0131n kul\u00adla\u00adn\u0131l\u00adma\u00ads\u0131 i\u00e7in, her ay \u00f6den\u00adme\u00adsi gere\u00adken bir \u00fccret kes\u00admek\u00adte\u00addir\u00adler. Ban\u00adka hesa\u00adb\u0131 kul\u00adlan\u00adma \u00fccre\u00adti\u00adni (Kon\u00adto\u00adf\u00fch\u00adrungs\u00adge\u00adb\u00fchr) soru\u00adnuz. Yan\u0131m\u00adda neler getir\u00adme\u00adli\u00adyim? Ban\u00adka hesa\u00adb\u0131 a\u00e7t\u0131r\u00admak i\u00e7in n\u00fcfus c\u00fcz\u00adda\u00adn\u0131\u00adn\u0131z, pasa\u00adpor\u00adtu\u00adnuz ve\/veya otur\u00adma izni\u00adniz gerek\u00adli\u00addir. \u00d6ne\u00adri: Ba\u015f\u00adka bir ban\u00adka\u00addan para \u00e7ek\u00adti\u00ad\u011fi\u00adniz\u00adde ayr\u0131\u00adca \u00fccret olu\u00ad\u015fa\u00adbi\u00adle\u00adce\u00ad\u011fi\u00adne l\u00fct\u00adfen dik\u00adkat edi\u00adniz. Han\u00adgi ban\u00adka\u00adlar\u00addan \u00fccret\u00adsiz para \u00e7eke\u00adbi\u00adle\u00adce\u00ad\u011fi\u00adni\u00adzi \u00f6\u011fren\u00adme\u00adniz fay\u00adda\u00adl\u0131 ola\u00adcak\u00adt\u0131r. L\u00fct\u00adfen ba\u015f\u00adka bir eve ta\u015f\u0131\u00adna\u00adcak olursan\u0131z\u2026<\/p>\n","category_list_v2":"","author_info_v2":{"name":"saasweb-admin","url":"https:\/\/www.anika-net.de\/tr\/author\/saasweb-admin\/"},"comments_num_v2":"0 comments","uagb_featured_image_src":{"full":false,"thumbnail":false,"medium":false,"medium_large":false,"large":false,"1536x1536":false,"2048x2048":false,"event-overview":false,"event-archive-thumb":false,"grid-item-thumbnail":false,"network-partner-icon":false,"organiser-icon":false,"gform-image-choice-sm":false,"gform-image-choice-md":false,"gform-image-choice-lg":false},"uagb_author_info":{"display_name":"saasweb-admin","author_link":"https:\/\/www.anika-net.de\/tr\/author\/saasweb-admin\/"},"uagb_comment_info":0,"uagb_excerpt":"Alman\u00adya\u00ad\u2019\u00adda bir ban\u00adka hesa\u00adb\u0131\u00adn\u0131\u00adz\u0131n olma\u00ads\u0131 gerek\u00admek\u00adte\u00addir \u2014 en uygu\u00adnu bir vade\u00adsiz mev\u00addu\u00adat hesa\u00adb\u0131\u00add\u0131r (Giro\u00adkon\u00adto). Bu hesa\u00adb\u0131\u00adn\u0131z\u00addan kira\u00ady\u0131 hava\u00adle ede\u00adbi\u00adlir\u00adsi\u00adniz veya maa\u015f\u0131\u00adn\u0131z ve ba\u015f\u00adka \u00f6de\u00adme\u00adler bu hesa\u00adba \u00f6de\u00adne\u00adbi\u00adlir. Bu hesa\u00adb\u0131 iste\u00addi\u00ad\u011fi\u00adniz&nbsp;daha fazla okuyun","_links":{"self":[{"href":"https:\/\/www.anika-net.de\/tr\/wp-json\/wp\/v2\/pages\/2699","targetHints":{"allow":["GET"]}}],"collection":[{"href":"https:\/\/www.anika-net.de\/tr\/wp-json\/wp\/v2\/pages"}],"about":[{"href":"https:\/\/www.anika-net.de\/tr\/wp-json\/wp\/v2\/types\/page"}],"author":[{"embeddable":true,"href":"https:\/\/www.anika-net.de\/tr\/wp-json\/wp\/v2\/users\/1"}],"replies":[{"embeddable":true,"href":"https:\/\/www.anika-net.de\/tr\/wp-json\/wp\/v2\/comments?post=2699"}],"version-history":[{"count":0,"href":"https:\/\/www.anika-net.de\/tr\/wp-json\/wp\/v2\/pages\/2699\/revisions"}],"up":[{"embeddable":true,"href":"https:\/\/www.anika-net.de\/tr\/wp-json\/wp\/v2\/pages\/15825"}],"wp:attachment":[{"href":"https:\/\/www.anika-net.de\/tr\/wp-json\/wp\/v2\/media?parent=2699"}],"curies":[{"name":"wp","href":"https:\/\/api.w.org\/{rel}","templated":true}]}}