{"id":2686,"date":"2021-07-06T12:37:54","date_gmt":"2021-07-06T10:37:54","guid":{"rendered":"https:\/\/www.anika-net.de\/child-benefit\/"},"modified":"2025-05-26T11:17:52","modified_gmt":"2025-05-26T09:17:52","slug":"cocuk-parasi","status":"publish","type":"page","link":"https:\/\/www.anika-net.de\/tr\/varmak\/cocuklar-ve-aile\/cocuk-parasi\/","title":{"rendered":"\u00c7ocuk\u00adlu aile\u00adler i\u00e7in avantajlar"},"content":{"rendered":"\n<p>\u00c7ocuk\u00adlu aile\u00adle\u00adrin iyi \u00e7ocuk bak\u0131m ola\u00adnak\u00adla\u00adr\u0131\u00adna ve aile ile kari\u00adye\u00adri bir\u00adle\u015f\u00adtir\u00adme f\u0131r\u00adsa\u00adt\u0131\u00adn\u0131n yan\u0131 s\u0131ra mali des\u00adte\u00ad\u011fe de ihti\u00adya\u00e7\u00adla\u00adr\u0131 var\u00add\u0131r. Aile\u00adni\u00adzi mali a\u00e7\u0131\u00addan rahat\u00adlat\u00admak ve des\u00adtek\u00adle\u00admek i\u00e7in \u00e7e\u015fit\u00adli yar\u00add\u0131m\u00adlar mevcuttur.&nbsp;<\/p>\n\n<p>Bura\u00adda Karls\u00adru\u00adhe\u00ad\u2019\u00adde \u00e7ocuk\u00adlu aile\u00adler i\u00e7in mev\u00adcut olan yar\u00add\u0131m\u00adla\u00adra genel bir bak\u0131\u015f bulacaks\u0131n\u0131z.<\/p>\n\n<details class=\"wp-block-stackable-accordion stk-block-accordion stk-inner-blocks stk-block-content stk-block stk-5203917 is-style-default\" data-block-id=\"5203917\">\n<summary class=\"wp-block-stackable-column stk-block-column stk-column stk-block stk-68b61e2 stk--container-small stk-block-accordion__heading\" data-v=\"4\" data-block-id=\"68b61e2\"><div class=\"stk-column-wrapper stk-block-column__content stk-container stk-68b61e2-container stk-hover-parent\"><div class=\"stk-block-content stk-inner-blocks stk-68b61e2-inner-blocks\">\n<div class=\"wp-block-stackable-icon-label stk-block-icon-label stk-block stk-a05511f\" data-block-id=\"a05511f\"><div class=\"stk-row stk-inner-blocks stk-block-content\">\n<div class=\"wp-block-stackable-heading stk-block-heading stk-block-heading--v2 stk-block stk-5c0203e\" id=\"span-style-color-10967-f-class-stk-highlight-child-benefit-span\" data-block-id=\"5c0203e\"><style>.stk-5c0203e .stk-block-heading__text{font-family:system-ui, sans-serif !important;}<\/style><h4 class=\"stk-block-heading__text\"><span style=\"color: #10967f;\" class=\"stk-highlight\">\u00c7OCUK FAYDASI<\/span><\/h4><\/div>\n\n\n\n<div class=\"wp-block-stackable-icon stk-block-icon stk-block stk-20810a5\" data-block-id=\"20810a5\"><span class=\"stk--svg-wrapper\"><div class=\"stk--inner-svg\"><svg style=\"height:0;width:0\"><defs><linearGradient id=\"linear-gradient-20810a5\" x1=\"0\" x2=\"100%\" y1=\"0\" y2=\"0\"><stop offset=\"0%\" style=\"stop-opacity:1;stop-color:var(--linear-gradient-20810-a-5-color-1)\" \/><stop offset=\"100%\" style=\"stop-opacity:1;stop-color:var(--linear-gradient-20810-a-5-color-2)\" \/><\/linearGradient><\/defs><\/svg><svg data-prefix=\"fas\" data-icon=\"chevron-down\" class=\"svg-inline--fa fa-chevron-down fa-w-14\" viewBox=\"0 0 448 512\" aria-hidden=\"true\" width=\"32\" height=\"32\"><path fill=\"currentColor\" d=\"M207.029 381.476L12.686 187.132c-9.373-9.373-9.373-24.569 0-33.941l22.667-22.667c9.357-9.357 24.522-9.375 33.901-.04L224 284.505l154.745-154.021c9.379-9.335 24.544-9.317 33.901.04l22.667 22.667c9.373 9.373 9.373 24.569 0 33.941L240.971 381.476c-9.373 9.372-24.569 9.372-33.942 0z\" \/><\/svg><\/div><\/span><\/div>\n<\/div><\/div>\n<\/div><\/div><\/summary>\n\n\n\n<div class=\"wp-block-stackable-column stk-block-column stk-column stk-block stk-b236af7 stk-block-accordion__content\" data-v=\"4\" data-block-id=\"b236af7\"><div class=\"stk-column-wrapper stk-block-column__content stk-container stk-b236af7-container stk--no-background stk--no-padding\"><div class=\"stk-block-content stk-inner-blocks stk-b236af7-inner-blocks\">\n<div class=\"wp-block-stackable-text stk-block-text stk-block stk-eb8bd83\" data-block-id=\"eb8bd83\"><p class=\"stk-block-text__text\">Alman\u00adya\u00ad\u2019\u00adda s\u00fcrek\u00adli ola\u00adrak ya\u015fa\u00adyan \u00e7ocuk\u00adlu t\u00fcm ebe\u00adveyn\u00adler \u00e7ocuk para\u00ads\u0131 alma hak\u00adk\u0131\u00adna sahip\u00adtir.<br>\u00c7ocuk ba\u015f\u0131\u00adna ayda <strong>255 Euro<\/strong> \u00e7ocuk para\u00ads\u0131 al\u0131r\u00ads\u0131\u00adn\u0131z.<br>\u00c7ocuk para\u00ads\u0131 <strong>,<\/strong> \u00e7ocuk <strong>18 ya\u015f\u0131\u00adna <\/strong>gele\u00adne <strong>kadar <\/strong>veya \u00e7ocu\u00ad\u011fu\u00adnuz <strong>e\u011fi\u00adtim, \u00f6\u011fre\u00adnim veya g\u00f6n\u00fcl\u00adl\u00fc hiz\u00admet\u00adte bulu\u00adnu\u00adyor\u00adsa 25 ya\u015f\u0131\u00adna kadar<\/strong> \u00f6de\u00adnir.<br>\u00c7ocuk para\u00ads\u0131 i\u00e7in<em>(Fami\u00adli\u00aden\u00adkas\u00adse<\/em>) aile kasa\u00ads\u0131\u00adna ba\u015f\u00advu\u00adrur\u00adsu\u00adnuz.<br><br>\ud83c\udf10 <strong><a href=\"https:\/\/www.arbeitsagentur.de\/vor-ort\/familienkasse\/familienkasse-baden-wuerttemberg-west-karlsruhe.html\" rel=\"noopener\">Fami\u00adli\u00aden\u00adkas\u00adse Baden-W\u00fcrt\u00adtem\u00adberg Bat\u0131 Karls\u00adru\u00adhe<\/a><\/strong><br>\ud83d\udccd Her\u00admann-Veit-Stra\u00ad\u00dfe 6, 76135 Karls\u00adru\u00adhe \u260e 0800 45 555 30  familienkasse-baden-wuerttemberg-west@arbeitsagentur.de<br><br>\ud83d\udce7 <\/p><\/div>\n<\/div><\/div><\/div>\n<\/details>\n\n<div class=\"wp-block-ugb-button ugb-button-wrapper ugb-1b6300f ugb-main-block\"><style>.ugb-1b6300f .ugb-button1 .ugb-button--inner{color:#119c81 !important}.ugb-1b6300f .ugb-button1{border-color:#119c81 !important}.ugb-1b6300f .ugb-button1:hover .ugb-button--inner{color:#119c81 !important}<\/style><div class=\"ugb-inner-block\"><div class=\"ugb-block-content\"><div class=\"ugb-button-container\"><a class=\"ugb-button1 ugb-button ugb-button--size-normal ugb-button--design-ghost\" href=\"https:\/\/www.arbeitsagentur.de\/familie-und-kinder\/infos-rund-um-kindergeld\/kindergeld-anspruch-hoehe-dauer\/kindergeld-antrag-starten\" rel=\"noopener\" title><span class=\"ugb-button--inner\"><strong>Onli\u00adne \u00e7ocuk para\u00ads\u0131 ba\u015f\u00advu\u00adru\u00adsu&nbsp;yap\u0131n<\/strong><\/span><\/a><\/div><\/div><\/div><\/div>\n\n<details class=\"wp-block-stackable-accordion stk-block-accordion stk-inner-blocks stk-block-content stk-block stk-fcfa711 is-style-default\" data-block-id=\"fcfa711\">\n<summary class=\"wp-block-stackable-column stk-block-column stk-column stk-block stk-89c0bdb stk--container-small stk-block-accordion__heading\" data-v=\"4\" data-block-id=\"89c0bdb\"><div class=\"stk-column-wrapper stk-block-column__content stk-container stk-89c0bdb-container stk-hover-parent\"><div class=\"stk-block-content stk-inner-blocks stk-89c0bdb-inner-blocks\">\n<div class=\"wp-block-stackable-icon-label stk-block-icon-label stk-block stk-5ce0034\" data-block-id=\"5ce0034\"><div class=\"stk-row stk-inner-blocks stk-block-content\">\n<div class=\"wp-block-stackable-heading stk-block-heading stk-block-heading--v2 stk-block stk-90f1501\" id=\"span-style-color-10967-f-class-stk-highlight-child-benefit-supplement-span\" data-block-id=\"90f1501\"><h4 class=\"stk-block-heading__text\"><span style=\"color: #10967f;\" class=\"stk-highlight\">\u00c7OCUK PARASI EKI<\/span><\/h4><\/div>\n\n\n\n<div class=\"wp-block-stackable-icon stk-block-icon stk-block stk-5c41f1c\" data-block-id=\"5c41f1c\"><span class=\"stk--svg-wrapper\"><div class=\"stk--inner-svg\"><svg style=\"height:0;width:0\"><defs><linearGradient id=\"linear-gradient-5c41f1c\" x1=\"0\" x2=\"100%\" y1=\"0\" y2=\"0\"><stop offset=\"0%\" style=\"stop-opacity:1;stop-color:var(--linear-gradient-5-c-41-f-1-c-color-1)\" \/><stop offset=\"100%\" style=\"stop-opacity:1;stop-color:var(--linear-gradient-5-c-41-f-1-c-color-2)\" \/><\/linearGradient><\/defs><\/svg><svg data-prefix=\"fas\" data-icon=\"chevron-down\" class=\"svg-inline--fa fa-chevron-down fa-w-14\" viewBox=\"0 0 448 512\" aria-hidden=\"true\" width=\"32\" height=\"32\"><path fill=\"currentColor\" d=\"M207.029 381.476L12.686 187.132c-9.373-9.373-9.373-24.569 0-33.941l22.667-22.667c9.357-9.357 24.522-9.375 33.901-.04L224 284.505l154.745-154.021c9.379-9.335 24.544-9.317 33.901.04l22.667 22.667c9.373 9.373 9.373 24.569 0 33.941L240.971 381.476c-9.373 9.372-24.569 9.372-33.942 0z\" \/><\/svg><\/div><\/span><\/div>\n<\/div><\/div>\n<\/div><\/div><\/summary>\n\n\n\n<div class=\"wp-block-stackable-column stk-block-column stk-column stk-block stk-b0f1c45 stk-block-accordion__content\" data-v=\"4\" data-block-id=\"b0f1c45\"><div class=\"stk-column-wrapper stk-block-column__content stk-container stk-b0f1c45-container stk--no-background stk--no-padding\"><div class=\"stk-block-content stk-inner-blocks stk-b0f1c45-inner-blocks\">\n<div class=\"wp-block-stackable-text stk-block-text stk-block stk-3eef997\" data-block-id=\"3eef997\"><p class=\"stk-block-text__text\">Geli\u00adri\u00adniz d\u00fc\u015f\u00fck\u00adse, Fami\u00adli\u00aden\u00adkas\u00adse\u00ad\u2019\u00adye stan\u00addart \u00e7ocuk para\u00ads\u0131\u00adna ek ola\u00adrak bir Kin\u00adder\u00adzusch\u00adlag (\u00e7ocuk para\u00ads\u0131 eki) i\u00e7in ba\u015f\u00advu\u00adra\u00adbi\u00adlir\u00adsi\u00adniz.<br><br><strong>Ne getir\u00adme\u00adli\u00adsi\u00adniz?<\/strong><br>\u2611\ufe0f Paso veya kim\u00adlik kar\u00adt\u0131<br>\u2611\ufe0f Gebur\u00adturkun\u00adde<br>\u2611\ufe0f \u00c7ocuk para\u00ads\u0131 i\u00e7in ant\u00adrag ve muh\u00adte\u00adme\u00adlen okul bel\u00adge\u00adsi, e\u011fi\u00adtim bel\u00adge\u00adsi, \u00f6\u011fre\u00adnim bel\u00adge\u00adsi.<br>\u2611\ufe0f \u00c7ocuk yar\u00add\u0131\u00adm\u0131 i\u00e7in ba\u015f\u00advu\u00adru, bar\u0131n\u00adma ve \u0131s\u0131n\u00adma kan\u0131\u00adt\u0131, gelir ve mal var\u00adl\u0131\u00ad\u011f\u0131, bak\u0131m d\u00fczen\u00adle\u00adme\u00adle\u00adri.<br><br>\ud83c\udf10 <strong><a href=\"https:\/\/www.arbeitsagentur.de\/vor-ort\/familienkasse\/familienkasse-baden-wuerttemberg-west-karlsruhe.html\" rel=\"noopener\">Fami\u00adli\u00aden\u00adkas\u00adse Baden-W\u00fcrt\u00adtem\u00adberg Bat\u0131 Karls\u00adru\u00adhe<\/a><\/strong><br>\ud83d\udccd Her\u00admann-Veit-Stra\u00ad\u00dfe 6, 76135 Karls\u00adru\u00adhe<br>\u260e 0800 45 555 30<br>\ud83d\udce7 familienkasse-baden-wuerttemberg-west@arbeitsagentur.de<\/p><\/div>\n<\/div><\/div><\/div>\n<\/details>\n\n<div class=\"wp-block-ugb-button ugb-button-wrapper ugb-cd7366d ugb-main-block\"><style>.ugb-cd7366d .ugb-button1 .ugb-button--inner{color:#119c81 !important}.ugb-cd7366d .ugb-button1{border-color:#119c81 !important}.ugb-cd7366d .ugb-button1:hover .ugb-button--inner{color:#119c81 !important}<\/style><div class=\"ugb-inner-block\"><div class=\"ugb-block-content\"><div class=\"ugb-button-container\"><a class=\"ugb-button1 ugb-button ugb-button--size-normal ugb-button--design-ghost\" href=\"https:\/\/web.arbeitsagentur.de\/kiz\/ui\/start\" rel=\"noopener\" title><span class=\"ugb-button--inner\"><strong>\u00c7ocuk yar\u00add\u0131\u00adm\u0131 i\u00e7in onli\u00adne ba\u015f\u00advu\u00adru&nbsp;yap\u0131n<\/strong><\/span><\/a><\/div><\/div><\/div><\/div>\n\n<div class=\"wp-block-stackable-columns stk-block-columns stk-block stk-ceacb89\" data-block-id=\"ceacb89\"><div class=\"stk-row stk-inner-blocks stk-block-content stk-content-align stk-ceacb89-column\">\n<div class=\"wp-block-stackable-column stk-block-column stk-column stk-block stk-9391cf6\" data-v=\"4\" data-block-id=\"9391cf6\"><style>@media screen and (min-width:901px){.stk-9391cf6 {flex:var(--stk-flex-grow, 1) 1 calc(25% - var(--stk-column-gap, 0px) * 1 \/ 2 ) !important;}}<\/style><div class=\"stk-column-wrapper stk-block-column__content stk-container stk-9391cf6-container stk--no-background stk--no-padding\"><div class=\"stk-block-content stk-inner-blocks stk-9391cf6-inner-blocks\">\n<figure class=\"wp-block-image size-full is-resized\"><img decoding=\"async\" src=\"https:\/\/www.anika-net.de\/wp-content\/uploads\/2025\/05\/Kita_bezahlen.svg\" alt class=\"wp-image-61608\" style=\"aspect-ratio:1;width:206px;height:auto\"><\/figure>\n<\/div><\/div><\/div>\n\n\n\n<div class=\"wp-block-stackable-column stk-block-column stk-column stk-block stk-16b7db6\" data-v=\"4\" data-block-id=\"16b7db6\"><style>@media screen and (min-width:901px){.stk-16b7db6 {flex:var(--stk-flex-grow, 1) 1 calc(75% - var(--stk-column-gap, 0px) * 1 \/ 2 ) !important;}}<\/style><div class=\"stk-column-wrapper stk-block-column__content stk-container stk-16b7db6-container stk--no-background stk--no-padding\"><div class=\"stk-block-content stk-inner-blocks stk-16b7db6-inner-blocks\"><\/div><\/div><\/div>\n<\/div><\/div>\n\n<details class=\"wp-block-stackable-accordion stk-block-accordion stk-inner-blocks stk-block-content stk-block stk-3456315 is-style-default\" data-block-id=\"3456315\">\n<summary class=\"wp-block-stackable-column stk-block-column stk-column stk-block stk-9eec8e8 stk--container-small stk-block-accordion__heading\" data-v=\"4\" data-block-id=\"9eec8e8\"><div class=\"stk-column-wrapper stk-block-column__content stk-container stk-9eec8e8-container stk-hover-parent\"><div class=\"stk-block-content stk-inner-blocks stk-9eec8e8-inner-blocks\">\n<div class=\"wp-block-stackable-icon-label stk-block-icon-label stk-block stk-93946fe\" data-block-id=\"93946fe\"><div class=\"stk-row stk-inner-blocks stk-block-content\">\n<div class=\"wp-block-stackable-heading stk-block-heading stk-block-heading--v2 stk-block stk-1fabb59\" id=\"span-style-color-10967-f-class-stk-highlight-subsidy-for-childcare-cost-span\" data-block-id=\"1fabb59\"><h4 class=\"stk-block-heading__text\"><span style=\"color: #10967f;\" class=\"stk-highlight\">\u00c7OCUK BAKIM MAL\u0130YET\u0130 \u0130\u00c7\u0130N S\u00dcBVANS\u0130YON<\/span><\/h4><\/div>\n\n\n\n<div class=\"wp-block-stackable-icon stk-block-icon stk-block stk-15c263a\" data-block-id=\"15c263a\"><span class=\"stk--svg-wrapper\"><div class=\"stk--inner-svg\"><svg style=\"height:0;width:0\"><defs><linearGradient id=\"linear-gradient-15c263a\" x1=\"0\" x2=\"100%\" y1=\"0\" y2=\"0\"><stop offset=\"0%\" style=\"stop-opacity:1;stop-color:var(--linear-gradient-15-c-263-a-color-1)\" \/><stop offset=\"100%\" style=\"stop-opacity:1;stop-color:var(--linear-gradient-15-c-263-a-color-2)\" \/><\/linearGradient><\/defs><\/svg><svg data-prefix=\"fas\" data-icon=\"chevron-down\" class=\"svg-inline--fa fa-chevron-down fa-w-14\" viewBox=\"0 0 448 512\" aria-hidden=\"true\" width=\"32\" height=\"32\"><path fill=\"currentColor\" d=\"M207.029 381.476L12.686 187.132c-9.373-9.373-9.373-24.569 0-33.941l22.667-22.667c9.357-9.357 24.522-9.375 33.901-.04L224 284.505l154.745-154.021c9.379-9.335 24.544-9.317 33.901.04l22.667 22.667c9.373 9.373 9.373 24.569 0 33.941L240.971 381.476c-9.373 9.372-24.569 9.372-33.942 0z\" \/><\/svg><\/div><\/span><\/div>\n<\/div><\/div>\n<\/div><\/div><\/summary>\n\n\n\n<div class=\"wp-block-stackable-column stk-block-column stk-column stk-block stk-48e9d82 stk-block-accordion__content\" data-v=\"4\" data-block-id=\"48e9d82\"><div class=\"stk-column-wrapper stk-block-column__content stk-container stk-48e9d82-container stk--no-background stk--no-padding\"><div class=\"stk-block-content stk-inner-blocks stk-48e9d82-inner-blocks\">\n<div class=\"wp-block-stackable-text stk-block-text stk-block stk-2727679\" data-block-id=\"2727679\"><p class=\"stk-block-text__text\">Karls\u00adru\u00adhe \u015feh\u00adri aile\u00adle\u00adre \u00e7e\u015fit\u00adli \u00e7ocuk bak\u0131m hiz\u00admet\u00adle\u00adri sun\u00admak\u00adta\u00add\u0131r. Bu hiz\u00admet\u00adle\u00adrin kul\u00adla\u00adn\u0131\u00adm\u0131 i\u00e7in kul\u00adla\u00adn\u0131\u00adc\u0131 \u00fccret\u00adle\u00adri al\u0131n\u00admak\u00adta\u00add\u0131r. Karls\u00adru\u00adhe, bir\u00adden faz\u00adla \u00e7ocu\u00ad\u011fu olan aile\u00adle\u00adrin y\u00fck\u00fc\u00adn\u00fc hafif\u00adlet\u00admek i\u00e7in \u00fccret\u00adler\u00adde indi\u00adrim yap\u00admak\u00adta veya kar\u00adde\u015f \u00fccret\u00adle\u00adri\u00adni geri \u00f6de\u00admek\u00adte\u00addir.  <br><br>\ud83c\udf10 <strong><a href=\"https:\/\/www.karlsruhe.de\/bildung-soziales\/kinderbetreuung\/gebuehren-fuer-kindertagesbetreuung\" rel=\"noopener\">Stadt Karls\u00adru\u00adhe \u2014 Sozi\u00adal- und Jugend\u00adbe\u00adh\u00f6r\u00adde<\/a><\/strong><br>Fach\u00adbe\u00adre\u00adich Kin\u00adder\u00adta\u00adges\u00adbet\u00adre\u00adu\u00adung<br>\ud83d\udccd Ernst-Frey-Stra\u00ad\u00dfe 10, 76135 Karls\u00adru\u00adhe<br>\u260e 0721 133 5189<br>\ud83d\udce7 kibe-zuschuss@sjb.karlsruhe.de<\/p><\/div>\n<\/div><\/div><\/div>\n<\/details>\n\n<details class=\"wp-block-stackable-accordion stk-block-accordion stk-inner-blocks stk-block-content stk-block stk-caed5db is-style-default\" data-block-id=\"caed5db\">\n<summary class=\"wp-block-stackable-column stk-block-column stk-column stk-block stk-ed812ad stk--container-small stk-block-accordion__heading\" data-v=\"4\" data-block-id=\"ed812ad\"><div class=\"stk-column-wrapper stk-block-column__content stk-container stk-ed812ad-container stk-hover-parent\"><div class=\"stk-block-content stk-inner-blocks stk-ed812ad-inner-blocks\">\n<div class=\"wp-block-stackable-icon-label stk-block-icon-label stk-block stk-83ce512\" data-block-id=\"83ce512\"><div class=\"stk-row stk-inner-blocks stk-block-content\">\n<div class=\"wp-block-stackable-heading stk-block-heading stk-block-heading--v2 stk-block stk-78f45f3\" id=\"strong-span-style-color-0-b-8274-class-stk-highlight-parental-allowance-span-strong\" data-block-id=\"78f45f3\"><h4 class=\"stk-block-heading__text\"><strong><span style=\"color: #0b8274;\" class=\"stk-highlight\">EBEVEYN \u00d6DENE\u011eI<\/span><\/strong><\/h4><\/div>\n\n\n\n<div class=\"wp-block-stackable-icon stk-block-icon stk-block stk-76c2b69\" data-block-id=\"76c2b69\"><span class=\"stk--svg-wrapper\"><div class=\"stk--inner-svg\"><svg style=\"height:0;width:0\"><defs><linearGradient id=\"linear-gradient-76c2b69\" x1=\"0\" x2=\"100%\" y1=\"0\" y2=\"0\"><stop offset=\"0%\" style=\"stop-opacity:1;stop-color:var(--linear-gradient-76-c-2-b-69-color-1)\" \/><stop offset=\"100%\" style=\"stop-opacity:1;stop-color:var(--linear-gradient-76-c-2-b-69-color-2)\" \/><\/linearGradient><\/defs><\/svg><svg data-prefix=\"fas\" data-icon=\"chevron-down\" class=\"svg-inline--fa fa-chevron-down fa-w-14\" viewBox=\"0 0 448 512\" aria-hidden=\"true\" width=\"32\" height=\"32\"><path fill=\"currentColor\" d=\"M207.029 381.476L12.686 187.132c-9.373-9.373-9.373-24.569 0-33.941l22.667-22.667c9.357-9.357 24.522-9.375 33.901-.04L224 284.505l154.745-154.021c9.379-9.335 24.544-9.317 33.901.04l22.667 22.667c9.373 9.373 9.373 24.569 0 33.941L240.971 381.476c-9.373 9.372-24.569 9.372-33.942 0z\" \/><\/svg><\/div><\/span><\/div>\n<\/div><\/div>\n<\/div><\/div><\/summary>\n\n\n\n<div class=\"wp-block-stackable-column stk-block-column stk-column stk-block stk-9919268 stk-block-accordion__content\" data-v=\"4\" data-block-id=\"9919268\"><div class=\"stk-column-wrapper stk-block-column__content stk-container stk-9919268-container stk--no-background stk--no-padding\"><div class=\"stk-block-content stk-inner-blocks stk-9919268-inner-blocks\">\n<div class=\"wp-block-stackable-text stk-block-text stk-block stk-2e16455\" data-block-id=\"2e16455\"><p class=\"stk-block-text__text\"><strong> <\/strong><em>Eltern\u00adgeld<\/em> (ebe\u00adveyn para\u00ads\u0131) <strong>anne veya baba\u00adla\u00adra \u00e7ocuk\u00adla\u00adr\u0131\u00adn\u0131n do\u011fu\u00admun\u00addan son\u00adra<\/strong> veri\u00adlir.<br>Ebe\u00adveyn para\u00ads\u0131\u00adna ba\u015f\u00advur\u00adma\u00adn\u0131n en iyi yolu inter\u00adnet\u00adtir \u2014 en h\u0131z\u00adl\u0131 yol budur.<br>Ebe\u00adveyn para\u00ads\u0131 ba\u015f\u00advu\u00adru\u00adnu\u00adzu do\u011fum\u00addan \u00f6nce haz\u0131r\u00adla\u00adya\u00adbi\u00adlir\u00adsi\u00adniz.<br><br>Ebe\u00adveyn para\u00ads\u0131, ebe\u00adveyn\u00adle\u00adrin do\u011fum\u00addan son\u00adra \u00e7ocuk\u00adla\u00adr\u0131\u00adn\u0131n yan\u0131n\u00adda olmak iste\u00adme\u00adle\u00adri ve bu neden\u00adle i\u015fle\u00adri\u00adne ara ver\u00adme\u00adle\u00adri veya i\u015fle\u00adri\u00adni azalt\u00adma\u00adla\u00adr\u0131 duru\u00admun\u00adda gelir eksik\u00adli\u00ad\u011fi\u00adni tela\u00adfi&nbsp;eder.<\/p><\/div>\n\n\n\n<p><strong>Han\u00adgi bel\u00adge\u00adle\u00adre ihti\u00adya\u00adc\u0131m var?<\/strong><br>\u2705 Do\u011fum bel\u00adge\u00adsi (asl\u0131)  Geli\u00adri\u00adni\u00adzin kan\u0131\u00adt\u0131  \u0130ht\u00adiy\u00ada\u00e7 duya\u00adbi\u00adle\u00adce\u00ad\u011fi\u00adniz di\u011fer bel\u00adge\u00adler i\u00e7in l\u00fct\u00adfen bizim\u00adle tele\u00adfon\u00adla ile\u00adti\u00ad\u015fi\u00adme ge\u00e7in Fark\u00adl\u0131 ebe\u00adveyn \u00f6de\u00adne\u00ad\u011fi t\u00fcr\u00adle\u00adri var\u00add\u0131r:<br>\u2705<br>\u2705<br><br><\/p>\n\n\n\n<h3 class=\"wp-block-heading\">Temel ebe\u00adveyn \u00f6de\u00adne\u00ad\u011fi \u2014 <em><strong>Basi\u00adsel\u00adtern\u00adgeld<\/strong><\/em><\/h3>\n\n\n\n<ul class=\"wp-block-list\">\n<li>12 aya kadar m\u00fcmk\u00fcn.<\/li>\n\n\n\n<li>Bir \u00e7ift ola\u00adrak, bir\u00adlik\u00adte 14 aya kadar yararlanabilirsiniz.<\/li>\n\n\n\n<li>Bekar ebe\u00adveyn\u00adler de 14 ayl\u0131k temel ebe\u00adveyn para\u00ads\u0131 alabilirler.<\/li>\n\n\n\n<li>Ebe\u00adveyn para\u00ads\u0131 ayla\u00adr\u0131\u00adn\u0131 ara\u00adn\u0131z\u00adda b\u00f6l\u00fc\u015f\u00adt\u00fc\u00adr\u00fcn. 01.04.2024 tari\u00adhin\u00adden son\u00adra\u00adki do\u011fum\u00adlar i\u00e7in <strong>, <\/strong><a href=\"https:\/\/www.l-bank.de\/elterngeld-hilfe\/voraussetzungen_elterngeld.html#e52b9eff-d0c6-47b4-a551-a25c53d54948\" rel=\"noopener\"><strong>temel ebe\u00adveyn \u00f6de\u00adne\u00ad\u011fi\u00adnin e\u015f zaman\u00adl\u0131 ola\u00adrak al\u0131n\u00adma\u00ads\u0131<\/strong><\/a> sade\u00adce \u00e7ocu\u00ad\u011fun ilk do\u011fum g\u00fcn\u00fcn\u00adden \u00f6nce\u00adki bir ay i\u00e7in\u00adde m\u00fcmk\u00fcnd\u00fcr.&nbsp;<\/li>\n\n\n\n<li>\u00d6zel\u00adlik\u00adle 01.09.2021 tari\u00adhin\u00adden iti\u00adba\u00adren erken do\u011fan \u00e7ocuk\u00adlar i\u00e7in <strong>,<\/strong> <a href=\"https:\/\/www.l-bank.de\/elterngeld-hilfe\/voraussetzungen_elterngeld.html#cb3c747b-a7bf-48ad-ae03-c18d0d8e35b2\" rel=\"noopener\"><strong>temel ebe\u00adveyn para\u00ads\u0131 alma s\u00fcre\u00adsi\u00adni uzatabilirsiniz.<\/strong><\/a><\/li>\n<\/ul>\n\n\n\n<h3 class=\"wp-block-heading\">Ebe\u00adveyn para\u00ads\u0131 art\u0131 \u2014 <strong><em>Eltern\u00adgeld&nbsp;Plus<\/em><\/strong><\/h3>\n\n\n\n<ul class=\"wp-block-list\">\n<li>1 ayl\u0131k Temel Ebe\u00adveyn \u00d6de\u00adne\u00ad\u011fi\u00adni 2 ayl\u0131k Ebe\u00adveyn \u00d6de\u00adne\u00ad\u011fi Art\u0131 ile de\u011fi\u015f\u00adti\u00adrin.<br>Bu size 24 aya kadar Ebe\u00adveyn \u00d6de\u00adne\u00ad\u011fi Art\u0131 sa\u011flar.<\/li>\n\n\n\n<li>Bir \u00e7ift ola\u00adrak, bir\u00adlik\u00adte 28 aya kadar yararlanabilirsiniz.<\/li>\n\n\n\n<li>Bekar ebe\u00adveyn\u00adler de 28 ay boyun\u00adca des\u00adtek alabilmektedir.<\/li>\n\n\n\n<li>Her ay Temel Ebe\u00adveyn \u00d6de\u00adne\u00ad\u011fi\u00adnin en faz\u00adla yar\u0131\u00ads\u0131\u00adn\u0131 al\u0131rs\u0131n\u0131z.<\/li>\n<\/ul>\n\n\n\n<h3 class=\"wp-block-heading\">Ortak\u00adl\u0131k bonus ayla\u00adr\u0131 \u2014 <em><strong>Part\u00adnersc\u00adhafts\u00adbo\u00adnus\u00admo\u00adna\u00adte<\/strong><\/em><\/h3>\n\n\n\n<ul class=\"wp-block-list\">\n<li>\u00c7ift ola\u00adrak, her biri\u00adniz 4 aya kadar ek Ebe\u00adveyn \u00d6de\u00adne\u00ad\u011fi Plus alabilirsiniz.<\/li>\n\n\n\n<li>\u00d6n ko\u015ful, bu s\u00fcre zar\u00adf\u0131n\u00adda her iki\u00adni\u00adzin de yar\u0131 zaman\u00adl\u0131 \u00e7al\u0131\u015f\u00adma\u00ads\u0131\u00add\u0131r. \u00c7ocu\u00ad\u011fu\u00adnuz 01.09.2021 tari\u00adhin\u00adde veya son\u00adra\u00ads\u0131n\u00adda do\u011f\u00admu\u015f\u00adsa, haf\u00adta\u00adda 24 ila 32 saat ara\u00ads\u0131n\u00adda \u00e7al\u0131\u015f\u00adma\u00adn\u0131z gerekir.&nbsp;<\/li>\n\n\n\n<li>Siz ve di\u011fer ebe\u00adveyn \u00e7ocu\u00ad\u011fu\u00adnu\u00adzu ayr\u0131 ayr\u0131 yeti\u015f\u00adti\u00adri\u00adyor\u00adsa\u00adn\u0131z, bu tek\u00adlif\u00adten bir\u00adlik\u00adte de yarar\u00adla\u00adna\u00adbi\u00adlir\u00adsi\u00adniz. Tek ebe\u00adveyn ise\u00adniz, tek\u00adlif\u00adten tek ba\u015f\u0131\u00adn\u0131\u00adza yararlanabilirsiniz.&nbsp;<\/li>\n<\/ul>\n\n\n\n<p>\ud83c\udf10 <strong><a href=\"https:\/\/www.karlsruhe.de\/bildung-soziales\/kinderbetreuung\/gebuehren-fuer-kindertagesbetreuung\" rel=\"noopener\"><\/a><a href=\"http:\/\/www.l-bank.de\/produkte\/familienfoerderung\/elterngeld.html\" rel=\"noopener\"><strong>L\u2011Bank<\/strong> <strong>Aile\u00advi Des\u00adtek<\/strong><\/a><\/strong><br>\ud83d\udccd 76131 Karls\u00adru\u00adhe<br>\u260e 0800 664 5471<br>\ud83d\udce7 familienfoerderung@l\u2011bank.de<\/p>\n<\/div><\/div><\/div>\n<\/details>\n\n<div class=\"wp-block-ugb-columns ugb-columns ugb-ae34cc6 ugb-columns--design-plain ugb-columns--columns-2 ugb-main-block\"><div class=\"ugb-inner-block\"><div class=\"ugb-block-content\"><div class=\"ugb-columns__item ugb-ae34cc6-content-wrapper\">\n<div class=\"wp-block-ugb-column ugb-column ugb-0370a18 ugb-column--design-plain ugb-main-block\"><div class=\"ugb-inner-block\"><div class=\"ugb-block-content\"><div class=\"ugb-column__item ugb-0370a18-column-wrapper\"><div class=\"ugb-column__content-wrapper\"><\/div><\/div><\/div><\/div><\/div>\n\n\n\n<div class=\"wp-block-ugb-column ugb-column ugb-173140f ugb-column--design-plain ugb-main-block\"><div class=\"ugb-inner-block\"><div class=\"ugb-block-content\"><div class=\"ugb-column__item ugb-173140f-column-wrapper\"><div class=\"ugb-column__content-wrapper\"><\/div><\/div><\/div><\/div><\/div>\n<\/div><\/div><\/div><\/div>\n\n<div class=\"wp-block-stackable-separator alignfull stk-block-separator stk--no-padding stk-block stk-ca39704\" data-block-id=\"ca39704\"><style>.stk-ca39704 {margin-bottom:0px !important;}.stk-ca39704 .stk-block-separator__inner{height:54px !important;}<\/style><div class=\"stk-block-separator__inner\"><svg viewBox=\"0 0 1600 200\" class=\"stk-separator__layer-1\" preserveAspectRatio=\"none\" aria-hidden=\"true\"><path class=\"wave-1_svg__st2\" d=\"M1341.4 48.9c-182.4 0-254.2 80.4-429.4 80.4-117.8 0-209.7-67.5-393.5-67.5-142.2 0-212.6 38.8-324.6 38.8S-10 64.7-10 64.7V210h1620V102c-110.6-40.2-181-53.1-268.6-53.1z\" \/><\/svg><\/div><\/div>\n\n<details class=\"wp-block-stackable-accordion stk-block-accordion stk-inner-blocks stk-block-content stk-block stk-31e901f is-style-default\" data-block-id=\"31e901f\">\n<summary class=\"wp-block-stackable-column stk-block-column stk-column stk-block stk-0b78aef stk--container-small stk-block-accordion__heading\" data-v=\"4\" data-block-id=\"0b78aef\"><div class=\"stk-column-wrapper stk-block-column__content stk-container stk-0b78aef-container stk-hover-parent\"><div class=\"stk-block-content stk-inner-blocks stk-0b78aef-inner-blocks\">\n<div class=\"wp-block-stackable-icon-label stk-block-icon-label stk-block stk-2b13fcd\" data-block-id=\"2b13fcd\"><div class=\"stk-row stk-inner-blocks stk-block-content\">\n<div class=\"wp-block-stackable-heading stk-block-heading stk-block-heading--v2 stk-block stk-15d3d9a\" id=\"span-style-color-0-b-8274-class-stk-highlight-karlsruher-kinderpass-karlsruher-pass-karlsruher-pass-60-span\" data-block-id=\"15d3d9a\"><h4 class=\"stk-block-heading__text\"><span style=\"color: #0b8274;\" class=\"stk-highlight\">KARLSRUHER KINDERPASS \/ Karls\u00adru\u00adher Pass \/ Karls\u00adru\u00adher Pass&nbsp;60+<\/span><\/h4><\/div>\n\n\n\n<div class=\"wp-block-stackable-icon stk-block-icon stk-block stk-b5c3f8b\" data-block-id=\"b5c3f8b\"><span class=\"stk--svg-wrapper\"><div class=\"stk--inner-svg\"><svg style=\"height:0;width:0\"><defs><linearGradient id=\"linear-gradient-b5c3f8b\" x1=\"0\" x2=\"100%\" y1=\"0\" y2=\"0\"><stop offset=\"0%\" style=\"stop-opacity:1;stop-color:var(--linear-gradient-b-5-c-3-f-8-b-color-1)\" \/><stop offset=\"100%\" style=\"stop-opacity:1;stop-color:var(--linear-gradient-b-5-c-3-f-8-b-color-2)\" \/><\/linearGradient><\/defs><\/svg><svg data-prefix=\"fas\" data-icon=\"chevron-down\" class=\"svg-inline--fa fa-chevron-down fa-w-14\" viewBox=\"0 0 448 512\" aria-hidden=\"true\" width=\"32\" height=\"32\"><path fill=\"currentColor\" d=\"M207.029 381.476L12.686 187.132c-9.373-9.373-9.373-24.569 0-33.941l22.667-22.667c9.357-9.357 24.522-9.375 33.901-.04L224 284.505l154.745-154.021c9.379-9.335 24.544-9.317 33.901.04l22.667 22.667c9.373 9.373 9.373 24.569 0 33.941L240.971 381.476c-9.373 9.372-24.569 9.372-33.942 0z\" \/><\/svg><\/div><\/span><\/div>\n<\/div><\/div>\n<\/div><\/div><\/summary>\n\n\n\n<div class=\"wp-block-stackable-column stk-block-column stk-column stk-block stk-1f04f97 stk-block-accordion__content\" data-v=\"4\" data-block-id=\"1f04f97\"><div class=\"stk-column-wrapper stk-block-column__content stk-container stk-1f04f97-container stk--no-background stk--no-padding\"><div class=\"stk-block-content stk-inner-blocks stk-1f04f97-inner-blocks\">\n<div class=\"wp-block-stackable-text stk-block-text stk-block stk-55a51eb\" data-block-id=\"55a51eb\"><p class=\"stk-block-text__text\">Karls\u00adru\u00adher<strong> Kin\u00adder\u00adpass \/ Karls\u00adru\u00adher Pass \/ Karls\u00adru\u00adher Pass 60+<\/strong>, d\u00fc\u015f\u00fck gelir\u00adli veya sos\u00adyal yar\u00add\u0131m alan Karls\u00adru\u00adhe vatan\u00adda\u015f\u00adla\u00adr\u0131\u00adna genel\u00adlik\u00adle bo\u015f zaman, spor, k\u00fcl\u00adt\u00fcr, e\u011fi\u00adtim ve hare\u00adket\u00adli\u00adlik alan\u00adla\u00adr\u0131n\u00adda \u00fccret\u00adsiz giri\u015f, indi\u00adrim veya kupon veren \u00f6zel kart\u00adlar\u00add\u0131r.  <br><br>Bun\u00adlar ara\u00ads\u0131n\u00adda \u00f6rne\u00ad\u011fin Karls\u00adru\u00adher Ver\u00adkehrs\u00adver\u00adbund (KVV) tara\u00adf\u0131n\u00addan sat\u0131\u00adlan seya\u00adhat bilet\u00adle\u00adrin\u00adde %50\u2019ye varan indi\u00adrim ve a\u00e7\u0131k\/kapal\u0131 y\u00fcz\u00adme havuz\u00adla\u00adr\u0131\u00adna giri\u015f, s\u00fcb\u00advan\u00adsi\u00adyon\u00adlu tatil etkin\u00adlik prog\u00adram\u00adla\u00adr\u0131, e\u011fi\u00adtim kupon\u00adla\u00adr\u0131, Karls\u00adru\u00adhe ve b\u00f6l\u00adge\u00adde\u00adki m\u00fcze\u00adle\u00adre \u00fccret\u00adsiz giri\u015f\u00adler veya indi\u00adrim\u00adler yer almak\u00adta\u00add\u0131r.<br><br>Tek\u00adlif\u00adler ge\u00e7i\u00ad\u015fe ba\u011f\u00adl\u0131 ola\u00adrak de\u011fi\u015f\u00admek\u00adte\u00addir. Daha faz\u00adla bil\u00adgi\u00adyi <strong>\u015fu adres\u00adte<\/strong> bula\u00adbi\u00adlir\u00adsi\u00adniz <a href=\"about:blank\"><strong>https:\/\/karlsruher-pass.de\/<\/strong><\/a> <br><br><strong>Yan\u0131\u00adma ne alma\u00adl\u0131\u00ady\u0131m?<\/strong><br>\u2611\ufe0f G\u00fcn\u00adcel vesi\u00adka\u00adl\u0131k foto\u011f\u00adraf<br>\u2611\ufe0f Ge\u00e7er\u00adli kim\u00adlik kar\u00adt\u0131 veya di\u011fer kim\u00adlik bel\u00adge\u00adle\u00adri<br>\u2611\ufe0f Sizin i\u00e7in ge\u00e7er\u00adli ola\u00adna ba\u011f\u00adl\u0131 ola\u00adrak kan\u0131t\u00adlar: sos\u00adyal yar\u00add\u0131m bil\u00addi\u00adri\u00admi, a\u011f\u0131r engel\u00adli ki\u015fi\u00adnin kim\u00adlik kar\u00adt\u0131, do\u011fum bel\u00adge\u00adle\u00adri, kay\u0131t bel\u00adge\u00adle\u00adri veya aile sici\u00adli (be\u015f veya daha faz\u00adla re\u015fit olma\u00adyan \u00e7ocu\u00ad\u011fu olan aile\u00adler i\u00e7in), daha d\u00fc\u015f\u00fck gelir\u00adli aile\u00adler i\u00e7in: Hesap\u00adla\u00adma i\u00e7in bel\u00adge\u00adler.<br><br><strong>Stadt\u00adju\u00adgen\u00adda\u00adussc\u00adhuss e.V. Karls\u00adru\u00adhe \u2014 stja<\/strong><br><strong>Jugend\u2011, Fre\u00adize\u00adit- und Bil\u00addung\u00ads\u00adwerk (jfbw)<\/strong><br>\ud83d\udccd B\u00fcr\u00adgerstr. 16, 76133 Karls\u00adru\u00adhe<br>\u260e 0721 133\u20115671<br>\ud83d\udce7 jfbw@stja.de<br>\ud83c\udf10 <a href=\"https:\/\/karlsruher-pass.de\/\" rel=\"noopener\"><strong>\u0130nt\u00adern\u00adet<\/strong><\/a> <\/p><\/div>\n<\/div><\/div><\/div>\n<\/details>\n\n<div class=\"wp-block-stackable-columns stk-block-columns stk-block stk-1b04cbc\" data-block-id=\"1b04cbc\"><div class=\"stk-row stk-inner-blocks stk-block-content stk-content-align stk-1b04cbc-column\">\n<div class=\"wp-block-stackable-column stk-block-column stk-column stk-block stk-c3b00e4\" data-v=\"4\" data-block-id=\"c3b00e4\"><style>@media screen and (min-width:901px){.stk-c3b00e4 {flex:var(--stk-flex-grow, 1) 1 calc(25% - var(--stk-column-gap, 0px) * 1 \/ 2 ) !important;}}<\/style><div class=\"stk-column-wrapper stk-block-column__content stk-container stk-c3b00e4-container stk--no-background stk--no-padding\"><div class=\"stk-block-content stk-inner-blocks stk-c3b00e4-inner-blocks\">\n<figure class=\"wp-block-image size-large is-resized\"><img decoding=\"async\" src=\"https:\/\/www.anika-net.de\/wp-content\/uploads\/2025\/05\/Karlsruher_Pass.svg\" alt=\"Karlsruher Kinderpass\" class=\"wp-image-61587\" style=\"aspect-ratio:1;width:159px;height:auto\"><\/figure>\n<\/div><\/div><\/div>\n\n\n\n<div class=\"wp-block-stackable-column stk-block-column stk-column stk-block stk-195e73f\" data-v=\"4\" data-block-id=\"195e73f\"><style>@media screen and (min-width:901px){.stk-195e73f {flex:var(--stk-flex-grow, 1) 1 calc(75% - var(--stk-column-gap, 0px) * 1 \/ 2 ) !important;}}<\/style><div class=\"stk-column-wrapper stk-block-column__content stk-container stk-195e73f-container stk--no-background stk--no-padding\"><div class=\"stk-block-content stk-inner-blocks stk-195e73f-inner-blocks\">\n<p><strong><span style=\"color: #6c0d94;\" class=\"stk-highlight\">Karls\u00adru\u00adher Pass\/ Karls\u00adru\u00adher Kin\u00adder\u00adpass i\u00e7in uygun muyum?<\/span><\/strong><br><strong> <strong><a href=\"https:\/\/karlsruher-pass.de\/onlinerechner\/\" rel=\"noopener\">\u00c7ev\u00adri\u00admi\u00ad\u00e7i hesap makinesi<\/a><\/strong><\/strong><\/p>\n<\/div><\/div><\/div>\n<\/div><\/div>\n\n<div class=\"wp-block-ugb-columns ugb-columns ugb-27e6d19 ugb-columns--design-plain ugb-columns--columns-2 ugb-main-block\"><div class=\"ugb-inner-block\"><div class=\"ugb-block-content\"><div class=\"ugb-columns__item ugb-27e6d19-content-wrapper\">\n<div class=\"wp-block-ugb-column ugb-column ugb-4797194 ugb-column--design-plain ugb-main-block\"><div class=\"ugb-inner-block\"><div class=\"ugb-block-content\"><div class=\"ugb-column__item ugb-4797194-column-wrapper\"><div class=\"ugb-column__content-wrapper\"><\/div><\/div><\/div><\/div><\/div>\n\n\n\n<div class=\"wp-block-ugb-column ugb-column ugb-861d1a2 ugb-column--design-plain ugb-main-block\"><div class=\"ugb-inner-block\"><div class=\"ugb-block-content\"><div class=\"ugb-column__item ugb-861d1a2-column-wrapper\"><div class=\"ugb-column__content-wrapper\"><\/div><\/div><\/div><\/div><\/div>\n<\/div><\/div><\/div><\/div>\n\n<h2 class=\"wp-block-heading\"><span style=\"color: #0b8274;\" class=\"stk-highlight\">\u00c7ocuk nafa\u00adka\u00ads\u0131<\/span><\/h2>\n\n<p>Re\u015fit olma\u00adyan \u00e7ocu\u00ad\u011fu\u00adnuz i\u00e7in di\u011fer ebe\u00adveyn\u00adden \ud83d\udcb6 para (nafa\u00adka) talep ede\u00adbi\u00adlir\u00adsi\u00adniz.<br>Bunu yap\u00adma\u00adn\u0131n iki yolu var\u00add\u0131r:<br><br>1. Aile mah\u00adke\u00adme\u00adsin\u00adde nor\u00admal bir pro\u00adse\u00add\u00fcr.<br>2. Daha basit ve h\u0131z\u00adl\u0131 bir pro\u00adse\u00add\u00fcr \u2014 \u201cbasit\u00adle\u015f\u00adti\u00adril\u00admi\u015f prosed\u00fcr\u201d.<\/p>\n\n<p>Basit\u00adle\u015f\u00adti\u00adril\u00admi\u015f pro\u00adse\u00add\u00fcr i\u00e7in \ud83d\udccb for\u00admu\u00adnu dol\u00addur\u00adma\u00adn\u0131z ve g\u00f6n\u00adder\u00adme\u00adniz gerekmektedir.<\/p>\n\n<p>Bu pro\u00adse\u00add\u00fcr genel\u00adlik\u00adle daha h\u0131z\u00adl\u0131\u00add\u0131r ve nor\u00admal pro\u00adse\u00add\u00fcr\u00adden daha az mali\u00adyet\u00adli\u00addir.<br>Sonun\u00adda, nafa\u00adka tale\u00adbin\u00adde bulun\u00admak i\u00e7in kul\u00adla\u00adna\u00adbi\u00adle\u00adce\u00ad\u011fi\u00adniz res\u00admi bir bel\u00adge ala\u00adcak\u00ads\u0131\u00adn\u0131z.<br><br>\u00d6nce\u00adsin\u00adde bir \u2696\ufe0f avu\u00adka\u00adt\u0131y\u00adla ya da gen\u00e7\u00adlik daire\u00adsiy\u00adle g\u00f6r\u00fc\u015f\u00adme\u00adniz \u00f6nem\u00adli\u00addir. Bu pro\u00adse\u00add\u00fc\u00adr\u00fcn sizin i\u00e7in do\u011f\u00adru olup olma\u00add\u0131\u00ad\u011f\u0131\u00adn\u0131 size s\u00f6yleyeceklerdir.&nbsp;<\/p>\n\n<p>\ud83d\udca1<strong>\u0130pucu:<\/strong> Gen\u00e7\u00adlik Daire\u00adsi per\u00adso\u00adne\u00adli <em><strong>(Jugen\u00addamt)<\/strong><\/em> bekar anne ve baba\u00adla\u00adra nafa\u00adka konu\u00adla\u00adr\u0131n\u00adda yar\u00add\u0131m\u00adc\u0131 olmak ve hak\u00adl\u0131 talep\u00adle\u00adrin uygu\u00adlan\u00adma\u00ads\u0131\u00adna yar\u00add\u0131m\u00adc\u0131 olmak i\u00e7in haz\u0131r\u00add\u0131r. <strong>Dan\u0131\u015f\u00adman\u00adl\u0131k hiz\u00adme\u00adti \u00fccretsizdir.<\/strong><\/p>\n\n<details class=\"wp-block-stackable-accordion stk-block-accordion stk-inner-blocks stk-block-content stk-block stk-77f004b is-style-default\" data-block-id=\"77f004b\">\n<summary class=\"wp-block-stackable-column stk-block-column stk-column stk-block stk-6308eba stk--container-small stk-block-accordion__heading\" data-v=\"4\" data-block-id=\"6308eba\"><div class=\"stk-column-wrapper stk-block-column__content stk-container stk-6308eba-container stk-hover-parent\"><div class=\"stk-block-content stk-inner-blocks stk-6308eba-inner-blocks\">\n<div class=\"wp-block-stackable-icon-label stk-block-icon-label stk-block stk-ddf001f\" data-block-id=\"ddf001f\"><div class=\"stk-row stk-inner-blocks stk-block-content\">\n<div class=\"wp-block-stackable-heading stk-block-heading stk-block-heading--v2 stk-block stk-8625e95\" id=\"competent-authority\" data-block-id=\"8625e95\"><h4 class=\"stk-block-heading__text\">Yet\u00adki\u00adli&nbsp;makam<\/h4><\/div>\n\n\n\n<div class=\"wp-block-stackable-icon stk-block-icon stk-block stk-f91977e\" data-block-id=\"f91977e\"><span class=\"stk--svg-wrapper\"><div class=\"stk--inner-svg\"><svg style=\"height:0;width:0\"><defs><linearGradient id=\"linear-gradient-f91977e\" x1=\"0\" x2=\"100%\" y1=\"0\" y2=\"0\"><stop offset=\"0%\" style=\"stop-opacity:1;stop-color:var(--linear-gradient-f-91977-e-color-1)\" \/><stop offset=\"100%\" style=\"stop-opacity:1;stop-color:var(--linear-gradient-f-91977-e-color-2)\" \/><\/linearGradient><\/defs><\/svg><svg data-prefix=\"fas\" data-icon=\"chevron-down\" class=\"svg-inline--fa fa-chevron-down fa-w-14\" viewBox=\"0 0 448 512\" aria-hidden=\"true\" width=\"32\" height=\"32\"><path fill=\"currentColor\" d=\"M207.029 381.476L12.686 187.132c-9.373-9.373-9.373-24.569 0-33.941l22.667-22.667c9.357-9.357 24.522-9.375 33.901-.04L224 284.505l154.745-154.021c9.379-9.335 24.544-9.317 33.901.04l22.667 22.667c9.373 9.373 9.373 24.569 0 33.941L240.971 381.476c-9.373 9.372-24.569 9.372-33.942 0z\" \/><\/svg><\/div><\/span><\/div>\n<\/div><\/div>\n<\/div><\/div><\/summary>\n\n\n\n<div class=\"wp-block-stackable-column stk-block-column stk-column stk-block stk-40361c1 stk-block-accordion__content\" data-v=\"4\" data-block-id=\"40361c1\"><div class=\"stk-column-wrapper stk-block-column__content stk-container stk-40361c1-container stk--no-background stk--no-padding\"><div class=\"stk-block-content stk-inner-blocks stk-40361c1-inner-blocks\">\n<div class=\"wp-block-stackable-text stk-block-text stk-block stk-a402e19\" data-block-id=\"a402e19\"><p class=\"stk-block-text__text\">- <strong> <a href=\"https:\/\/web1.karlsruhe.de\/service\/Buergerdienste\/organisation.php?id=6012363\" rel=\"noopener\">Karls\u00adru\u00adhe<\/a><\/strong> Yerel <strong> Mah\u00adke\u00adme\u00adsi<br><\/strong> \u2014 <strong> <a href=\"https:\/\/web1.karlsruhe.de\/service\/Buergerdienste\/organisation.php?id=6012367\" rel=\"noopener\">Karls\u00adru\u00adhe-Dur\u00adlach Yerel Mah\u00adke\u00adme\u00adsi<\/a><\/strong><br>\u00e7ocu\u00ad\u011fun veya \u00e7ocu\u00ad\u011fu tem\u00adsil eden ebe\u00advey\u00adnin genel\u00adlik\u00adle ika\u00admet etti\u00ad\u011fi yerel mah\u00adke\u00adme (aile mahkemesi).<\/p><\/div>\n<\/div><\/div><\/div>\n<\/details>\n\n<details class=\"wp-block-stackable-accordion stk-block-accordion stk-inner-blocks stk-block-content stk-block stk-50411d3 is-style-default\" data-block-id=\"50411d3\">\n<summary class=\"wp-block-stackable-column stk-block-column stk-column stk-block stk-ba9e4b3 stk--container-small stk-block-accordion__heading\" data-v=\"4\" data-block-id=\"ba9e4b3\"><div class=\"stk-column-wrapper stk-block-column__content stk-container stk-ba9e4b3-container stk-hover-parent\"><div class=\"stk-block-content stk-inner-blocks stk-ba9e4b3-inner-blocks\">\n<div class=\"wp-block-stackable-icon-label stk-block-icon-label stk-block stk-f250675\" data-block-id=\"f250675\"><div class=\"stk-row stk-inner-blocks stk-block-content\">\n<div class=\"wp-block-stackable-heading stk-block-heading stk-block-heading--v2 stk-block stk-d84cc7d\" id=\"requirements\" data-block-id=\"d84cc7d\"><h4 class=\"stk-block-heading__text\">Gerek\u00adsi\u00adnim\u00adler<\/h4><\/div>\n\n\n\n<div class=\"wp-block-stackable-icon stk-block-icon stk-block stk-1635b8d\" data-block-id=\"1635b8d\"><span class=\"stk--svg-wrapper\"><div class=\"stk--inner-svg\"><svg style=\"height:0;width:0\"><defs><linearGradient id=\"linear-gradient-1635b8d\" x1=\"0\" x2=\"100%\" y1=\"0\" y2=\"0\"><stop offset=\"0%\" style=\"stop-opacity:1;stop-color:var(--linear-gradient-1635-b-8-d-color-1)\" \/><stop offset=\"100%\" style=\"stop-opacity:1;stop-color:var(--linear-gradient-1635-b-8-d-color-2)\" \/><\/linearGradient><\/defs><\/svg><svg data-prefix=\"fas\" data-icon=\"chevron-down\" class=\"svg-inline--fa fa-chevron-down fa-w-14\" viewBox=\"0 0 448 512\" aria-hidden=\"true\" width=\"32\" height=\"32\"><path fill=\"currentColor\" d=\"M207.029 381.476L12.686 187.132c-9.373-9.373-9.373-24.569 0-33.941l22.667-22.667c9.357-9.357 24.522-9.375 33.901-.04L224 284.505l154.745-154.021c9.379-9.335 24.544-9.317 33.901.04l22.667 22.667c9.373 9.373 9.373 24.569 0 33.941L240.971 381.476c-9.373 9.372-24.569 9.372-33.942 0z\" \/><\/svg><\/div><\/span><\/div>\n<\/div><\/div>\n<\/div><\/div><\/summary>\n\n\n\n<div class=\"wp-block-stackable-column stk-block-column stk-column stk-block stk-bd11082 stk-block-accordion__content\" data-v=\"4\" data-block-id=\"bd11082\"><div class=\"stk-column-wrapper stk-block-column__content stk-container stk-bd11082-container stk--no-background stk--no-padding\"><div class=\"stk-block-content stk-inner-blocks stk-bd11082-inner-blocks\">\n<div class=\"wp-block-stackable-text stk-block-text stk-block stk-195a185\" data-block-id=\"195a185\"><p class=\"stk-block-text__text\">\u2714\ufe0f Nafa\u00adka ile ilgi\u00adli\u00addir:<br>- re\u015fit olma\u00adyan bir \u00e7ocuk i\u00e7in veya<br>- re\u015fit olan bir \u00e7ocuk i\u00e7in ge\u00e7\u00admi\u015f re\u015fit\u00adlik d\u00f6ne\u00admi i\u00e7in.<br>\u2714\ufe0f Mah\u00adke\u00adme hen\u00fcz nafa\u00adka dava\u00ads\u0131 a\u00e7ma\u00adm\u0131\u015f\u00adt\u0131r.<br>\u2714\ufe0f Ba\u015f\u00adka hi\u00e7\u00adbir mah\u00adke\u00adme nafa\u00adka tale\u00adbi hak\u00adk\u0131n\u00adda karar ver\u00adme\u00admi\u015f\u00adtir.<br>\u2714\ufe0f Hen\u00fcz icra edi\u00adle\u00adbi\u00adlir bir nafa\u00adka unva\u00adn\u0131 (\u00f6rne\u00ad\u011fin bir gen\u00e7\u00adlik daire\u00adsi bel\u00adge\u00adsi) yok\u00adtur.<br>\u2714\ufe0f \u00c7ocuk i\u00e7in talep edi\u00adlen nafa\u00adka asga\u00adri nafa\u00adka\u00adn\u0131n 1,2 kat\u0131n\u00addan daha y\u00fck\u00adsek de\u011fil.<br><br>\u2714\ufe0f Nafa\u00adka tale\u00adbi\u00adni<br>- re\u015fit olma\u00adyan \u00e7ocu\u00ad\u011fun bir\u00adlik\u00adte ya\u015fa\u00add\u0131\u00ad\u011f\u0131 vela\u00adyet sahi\u00adbi ebe\u00adveyn veya<br>- \u00e7ocu\u00ad\u011fu yasal ola\u00adrak tem\u00adsil eden ki\u015fi veya kurum ola\u00adrak ile\u00adri s\u00fcr\u00adme hak\u00adk\u0131\u00adna sahipsiniz.<\/p><\/div>\n<\/div><\/div><\/div>\n<\/details>\n\n<details class=\"wp-block-stackable-accordion stk-block-accordion stk-inner-blocks stk-block-content stk-block stk-42edbff is-style-default\" data-block-id=\"42edbff\">\n<summary class=\"wp-block-stackable-column stk-block-column stk-column stk-block stk-3f32a23 stk--container-small stk-block-accordion__heading\" data-v=\"4\" data-block-id=\"3f32a23\"><div class=\"stk-column-wrapper stk-block-column__content stk-container stk-3f32a23-container stk-hover-parent\"><div class=\"stk-block-content stk-inner-blocks stk-3f32a23-inner-blocks\">\n<div class=\"wp-block-stackable-icon-label stk-block-icon-label stk-block stk-0ddeb27\" data-block-id=\"0ddeb27\"><div class=\"stk-row stk-inner-blocks stk-block-content\">\n<div class=\"wp-block-stackable-heading stk-block-heading stk-block-heading--v2 stk-block stk-5aa06a8\" id=\"forms-and-other-offers\" data-block-id=\"5aa06a8\"><h4 class=\"stk-block-heading__text\">Form\u00adlar ve di\u011fer teklifler<\/h4><\/div>\n\n\n\n<div class=\"wp-block-stackable-icon stk-block-icon stk-block stk-75c1d3c\" data-block-id=\"75c1d3c\"><span class=\"stk--svg-wrapper\"><div class=\"stk--inner-svg\"><svg style=\"height:0;width:0\"><defs><linearGradient id=\"linear-gradient-75c1d3c\" x1=\"0\" x2=\"100%\" y1=\"0\" y2=\"0\"><stop offset=\"0%\" style=\"stop-opacity:1;stop-color:var(--linear-gradient-75-c-1-d-3-c-color-1)\" \/><stop offset=\"100%\" style=\"stop-opacity:1;stop-color:var(--linear-gradient-75-c-1-d-3-c-color-2)\" \/><\/linearGradient><\/defs><\/svg><svg data-prefix=\"fas\" data-icon=\"chevron-down\" class=\"svg-inline--fa fa-chevron-down fa-w-14\" viewBox=\"0 0 448 512\" aria-hidden=\"true\" width=\"32\" height=\"32\"><path fill=\"currentColor\" d=\"M207.029 381.476L12.686 187.132c-9.373-9.373-9.373-24.569 0-33.941l22.667-22.667c9.357-9.357 24.522-9.375 33.901-.04L224 284.505l154.745-154.021c9.379-9.335 24.544-9.317 33.901.04l22.667 22.667c9.373 9.373 9.373 24.569 0 33.941L240.971 381.476c-9.373 9.372-24.569 9.372-33.942 0z\" \/><\/svg><\/div><\/span><\/div>\n<\/div><\/div>\n<\/div><\/div><\/summary>\n\n\n\n<div class=\"wp-block-stackable-column stk-block-column stk-column stk-block stk-c6b8cf0 stk-block-accordion__content\" data-v=\"4\" data-block-id=\"c6b8cf0\"><div class=\"stk-column-wrapper stk-block-column__content stk-container stk-c6b8cf0-container stk--no-background stk--no-padding\"><div class=\"stk-block-content stk-inner-blocks stk-c6b8cf0-inner-blocks\">\n<div class=\"wp-block-stackable-text stk-block-text stk-block stk-07a09d0\" data-block-id=\"07a09d0\"><p class=\"stk-block-text__text\"><strong><a href=\"https:\/\/justiz.de\/service\/formular\/dateien\/festsetzung_unterhalt_ab_01_01_17.pdf\" rel=\"noopener\">Nafa\u00adka tes\u00adpi\u00adti i\u00e7in ba\u015f\u00advu\u00adru \u2014 basit\u00adle\u015f\u00adti\u00adril\u00admi\u015f pro\u00adse\u00add\u00fcr (PDF)<\/a><br><a href=\"https:\/\/justiz.de\/service\/formular\/dateien\/einwendungen_festsetzung_unterhalt_ab_01_01_18.pdf\" rel=\"noopener\">Nafa\u00adka tes\u00adpi\u00adti i\u00e7in yap\u0131\u00adlan ba\u015f\u00advu\u00adru\u00adya iti\u00adraz\u00adlar (PDF)<\/a><\/strong><\/p><\/div>\n<\/div><\/div><\/div>\n<\/details>\n\n<p><\/p>\n","protected":false},"excerpt":{"rendered":"<p>\u00c7ocuk\u00adlu aile\u00adle\u00adrin iyi \u00e7ocuk bak\u0131m ola\u00adnak\u00adla\u00adr\u0131\u00adna ve aile ile kari\u00adye\u00adri bir\u00adle\u015f\u00adtir\u00adme f\u0131r\u00adsa\u00adt\u0131\u00adn\u0131n yan\u0131 s\u0131ra mali des\u00adte\u00ad\u011fe de ihti\u00adya\u00e7\u00adla\u00adr\u0131 var\u00add\u0131r. Aile\u00adni\u00adzi mali a\u00e7\u0131\u00addan rahat\u00adlat\u00admak ve des\u00adtek\u00adle\u00admek i\u00e7in \u00e7e\u015fit\u00adli yar\u00add\u0131m\u00adlar mev\u00adcut\u00adtur.&nbsp; Bura\u00adda&nbsp;<a class=\"moretag\" href=\"https:\/\/www.anika-net.de\/tr\/varmak\/cocuklar-ve-aile\/cocuk-parasi\/\">daha faz\u00adla okuyun<\/a><\/p>\n","protected":false},"author":3,"featured_media":0,"parent":15776,"menu_order":31,"comment_status":"closed","ping_status":"closed","template":"","meta":{"_acf_changed":false,"inline_featured_image":false,"_uag_custom_page_level_css":"","wp_typography_post_enhancements_disabled":false,"footnotes":""},"class_list":["post-2686","page","type-page","status-publish","hentry"],"acf":[],"featured_image_urls_v2":{"full":"","thumbnail":"","medium":"","medium_large":"","large":"","1536x1536":"","2048x2048":"","event-overview":"","event-archive-thumb":"","grid-item-thumbnail":"","network-partner-icon":"","organiser-icon":"","gform-image-choice-sm":"","gform-image-choice-md":"","gform-image-choice-lg":""},"post_excerpt_stackable_v2":"<p>\u00c7ocuk\u00adlu aile\u00adle\u00adrin iyi \u00e7ocuk bak\u0131m ola\u00adnak\u00adla\u00adr\u0131\u00adna ve aile ile kari\u00adye\u00adri bir\u00adle\u015f\u00adtir\u00adme f\u0131r\u00adsa\u00adt\u0131\u00adn\u0131n yan\u0131 s\u0131ra mali des\u00adte\u00ad\u011fe de ihti\u00adya\u00e7\u00adla\u00adr\u0131 var\u00add\u0131r. Aile\u00adni\u00adzi mali a\u00e7\u0131\u00addan rahat\u00adlat\u00admak ve des\u00adtek\u00adle\u00admek i\u00e7in \u00e7e\u015fit\u00adli yar\u00add\u0131m\u00adlar mev\u00adcut\u00adtur.&nbsp; Bura\u00adda Karls\u00adru\u00adhe\u00ad\u2019\u00adde \u00e7ocuk\u00adlu aile\u00adler i\u00e7in mev\u00adcut olan yar\u00add\u0131m\u00adla\u00adra genel bir bak\u0131\u015f bula\u00adcak\u00ads\u0131\u00adn\u0131z. \u00c7OCUK FAYDASI Alman\u00adya\u00ad\u2019\u00adda s\u00fcrek\u00adli ola\u00adrak ya\u015fa\u00adyan \u00e7ocuk\u00adlu t\u00fcm ebe\u00adveyn\u00adler \u00e7ocuk para\u00ads\u0131 alma hak\u00adk\u0131\u00adna sahip\u00adtir.\u00c7ocuk ba\u015f\u0131\u00adna ayda 255 Euro \u00e7ocuk para\u00ads\u0131 al\u0131r\u00ads\u0131\u00adn\u0131z.\u00c7ocuk para\u00ads\u0131 , \u00e7ocuk 18 ya\u015f\u0131\u00adna gele\u00adne kadar veya \u00e7ocu\u00ad\u011fu\u00adnuz e\u011fi\u00adtim, \u00f6\u011fre\u00adnim veya g\u00f6n\u00fcl\u00adl\u00fc hiz\u00admet\u00adte bulu\u00adnu\u00adyor\u00adsa 25 ya\u015f\u0131\u00adna kadar \u00f6de\u00adnir.\u00c7ocuk para\u00ads\u0131 i\u00e7in(Fami\u00adli\u00aden\u00adkas\u00adse) aile kasa\u00ads\u0131\u00adna ba\u015f\u00advu\u00adrur\u00adsu\u00adnuz.\ud83c\udf10 Fami\u00adli\u00aden\u00adkas\u00adse Baden-W\u00fcr\u00adt\u00ad\u00ad\u00adte\u00adm\u00ad\u00ad\u00adberg Bat\u0131 Karls\u00adru\u00adhe\ud83d\udccd Her\u00ad\u00ad\u00admann-Veit-Stra\u00ad\u00ad\u00dfe 6, 76135 Karls\u00adru\u00adhe \u260e 0800 45 555 30 familienkasse-baden-wuerttemberg-west@arbeitsagentur.de\ud83d\udce7\u2026<\/p>\n","category_list_v2":"","author_info_v2":{"name":"Eva Geerken","url":"https:\/\/www.anika-net.de\/tr\/author\/egeerken\/"},"comments_num_v2":"0 comments","uagb_featured_image_src":{"full":false,"thumbnail":false,"medium":false,"medium_large":false,"large":false,"1536x1536":false,"2048x2048":false,"event-overview":false,"event-archive-thumb":false,"grid-item-thumbnail":false,"network-partner-icon":false,"organiser-icon":false,"gform-image-choice-sm":false,"gform-image-choice-md":false,"gform-image-choice-lg":false},"uagb_author_info":{"display_name":"Eva Geerken","author_link":"https:\/\/www.anika-net.de\/tr\/author\/egeerken\/"},"uagb_comment_info":0,"uagb_excerpt":"\u00c7ocuk\u00adlu aile\u00adle\u00adrin iyi \u00e7ocuk bak\u0131m ola\u00adnak\u00adla\u00adr\u0131\u00adna ve aile ile kari\u00adye\u00adri bir\u00adle\u015f\u00adtir\u00adme f\u0131r\u00adsa\u00adt\u0131\u00adn\u0131n yan\u0131 s\u0131ra mali des\u00adte\u00ad\u011fe de ihti\u00adya\u00e7\u00adla\u00adr\u0131 var\u00add\u0131r. Aile\u00adni\u00adzi mali a\u00e7\u0131\u00addan rahat\u00adlat\u00admak ve des\u00adtek\u00adle\u00admek i\u00e7in \u00e7e\u015fit\u00adli yar\u00add\u0131m\u00adlar mevcuttur.&nbsp; Bura\u00adda&nbsp;daha fazla okuyun","_links":{"self":[{"href":"https:\/\/www.anika-net.de\/tr\/wp-json\/wp\/v2\/pages\/2686","targetHints":{"allow":["GET"]}}],"collection":[{"href":"https:\/\/www.anika-net.de\/tr\/wp-json\/wp\/v2\/pages"}],"about":[{"href":"https:\/\/www.anika-net.de\/tr\/wp-json\/wp\/v2\/types\/page"}],"author":[{"embeddable":true,"href":"https:\/\/www.anika-net.de\/tr\/wp-json\/wp\/v2\/users\/3"}],"replies":[{"embeddable":true,"href":"https:\/\/www.anika-net.de\/tr\/wp-json\/wp\/v2\/comments?post=2686"}],"version-history":[{"count":2,"href":"https:\/\/www.anika-net.de\/tr\/wp-json\/wp\/v2\/pages\/2686\/revisions"}],"predecessor-version":[{"id":61741,"href":"https:\/\/www.anika-net.de\/tr\/wp-json\/wp\/v2\/pages\/2686\/revisions\/61741"}],"up":[{"embeddable":true,"href":"https:\/\/www.anika-net.de\/tr\/wp-json\/wp\/v2\/pages\/15776"}],"wp:attachment":[{"href":"https:\/\/www.anika-net.de\/tr\/wp-json\/wp\/v2\/media?parent=2686"}],"curies":[{"name":"wp","href":"https:\/\/api.w.org\/{rel}","templated":true}]}}