{"id":2682,"date":"2021-05-21T14:17:46","date_gmt":"2021-05-21T12:17:46","guid":{"rendered":"https:\/\/www.anika-net.de\/educational-advice\/"},"modified":"2025-02-04T13:50:58","modified_gmt":"2025-02-04T12:50:58","slug":"egitici-tavsiyeler","status":"publish","type":"page","link":"https:\/\/www.anika-net.de\/tr\/varmak\/cocuklar-ve-aile\/egitici-tavsiyeler\/","title":{"rendered":"E\u011fi\u00adtim tavsiyeleri"},"content":{"rendered":"\n<p>Bir oku\u00adla kay\u00addol\u00admak, e\u011fi\u00adtim ve \u00f6\u011fre\u00adtim sis\u00adte\u00admi veya genel ola\u00adrak e\u011fi\u00adtim ve okul\u00adlar hak\u00adk\u0131n\u00adda soru\u00adla\u00adr\u0131\u00adn\u0131z var\u00adsa, bir e\u011fi\u00adtim dan\u0131\u015f\u00adman\u00adl\u0131\u00ad\u011f\u0131 ser\u00advi\u00adsi\u00adne gidebilirsiniz.<\/p>\n\n<details class=\"wp-block-stackable-accordion stk-block-accordion stk-inner-blocks stk-block-content stk-block stk-84b7ae9 is-style-default\" data-block-id=\"84b7ae9\">\n<summary class=\"wp-block-stackable-column stk-block-column stk-column stk-block stk-8c805c3 stk--container-small stk-block-accordion__heading\" data-v=\"4\" data-block-id=\"8c805c3\"><div class=\"stk-column-wrapper stk-block-column__content stk-container stk-8c805c3-container stk-hover-parent\"><div class=\"stk-block-content stk-inner-blocks stk-8c805c3-inner-blocks\">\n<div class=\"wp-block-stackable-icon-label stk-block-icon-label stk-block stk-b54b16c\" data-block-id=\"b54b16c\"><div class=\"stk-row stk-inner-blocks stk-block-content\">\n<div class=\"wp-block-stackable-heading stk-block-heading stk-block-heading--v2 stk-block stk-3741370\" id=\"strong-migration-office-strong\" data-block-id=\"3741370\"><h4 class=\"stk-block-heading__text\"><strong>G\u00f6\u00e7\u00admen\u00adlik B\u00fcrosu<\/strong><\/h4><\/div>\n\n\n\n<div class=\"wp-block-stackable-icon stk-block-icon stk-block stk-40abf42\" data-block-id=\"40abf42\"><span class=\"stk--svg-wrapper\"><div class=\"stk--inner-svg\"><svg style=\"height:0;width:0\"><defs><linearGradient id=\"linear-gradient-40abf42\" x1=\"0\" x2=\"100%\" y1=\"0\" y2=\"0\"><stop offset=\"0%\" style=\"stop-opacity:1;stop-color:var(--linear-gradient-40-abf-42-color-1)\" \/><stop offset=\"100%\" style=\"stop-opacity:1;stop-color:var(--linear-gradient-40-abf-42-color-2)\" \/><\/linearGradient><\/defs><\/svg><svg data-prefix=\"fas\" data-icon=\"chevron-down\" class=\"svg-inline--fa fa-chevron-down fa-w-14\" viewBox=\"0 0 448 512\" aria-hidden=\"true\" width=\"32\" height=\"32\"><path fill=\"currentColor\" d=\"M207.029 381.476L12.686 187.132c-9.373-9.373-9.373-24.569 0-33.941l22.667-22.667c9.357-9.357 24.522-9.375 33.901-.04L224 284.505l154.745-154.021c9.379-9.335 24.544-9.317 33.901.04l22.667 22.667c9.373 9.373 9.373 24.569 0 33.941L240.971 381.476c-9.373 9.372-24.569 9.372-33.942 0z\" \/><\/svg><\/div><\/span><\/div>\n<\/div><\/div>\n<\/div><\/div><\/summary>\n\n\n\n<div class=\"wp-block-stackable-column stk-block-column stk-column stk-block stk-6eb5c51 stk-block-accordion__content\" data-v=\"4\" data-block-id=\"6eb5c51\"><div class=\"stk-column-wrapper stk-block-column__content stk-container stk-6eb5c51-container stk--no-background stk--no-padding\"><div class=\"stk-block-content stk-inner-blocks stk-6eb5c51-inner-blocks\">\n<div class=\"wp-block-stackable-text stk-block-text stk-block stk-033d7c2\" data-block-id=\"033d7c2\"><p class=\"stk-block-text__text\">\ud83c\udf10 <a href=\"https:\/\/ka.schulamt-bw.de\/,Lde\/Startseite\/Unterstuetzung+_+Beratung\/Arbeitsstelle+Migration\" rel=\"noopener\">Web\u00adse\u00adite<\/a><br>G\u00f6\u00e7\u00admen B\u00fcro\u00adsu, t\u00fcm okul\u00adla\u00adr\u0131 g\u00f6\u00e7\u00admen k\u00f6ken\u00adli \u00e7ocuk ve gen\u00e7\u00adle\u00adri hem aka\u00adde\u00admik hem de sos\u00adyal ola\u00adrak enteg\u00adre etme g\u00f6rev\u00adle\u00adrin\u00adde te\u015f\u00advik eder ve des\u00adtek\u00adler.<br><strong>G\u00f6rev\u00adler<\/strong><\/p><\/div>\n\n\n\n<p>\u2611\ufe0f Saha\u00adda b\u00fct\u00fcn\u00adle\u015f\u00adti\u00adri\u00adci pro\u00adje\u00adler ara\u00adc\u0131\u00adl\u0131\u00ad\u011f\u0131y\u00adla okul\u00adlar ve ebe\u00adveyn\u00adler ara\u00ads\u0131n\u00adda i\u015fbir\u00adli\u00ad\u011fi\u00adnin te\u015f\u00advik edil\u00adme\u00adsi<br>\u2611\ufe0f Ebe\u00adveyn der\u00adnek\u00adle\u00adri ile temas\u00adla\u00adr\u0131n s\u00fcr\u00add\u00fc\u00adr\u00fcl\u00adme\u00adsi<br>\u2611\ufe0f Ebe\u00adveyn\u00adler ve okul\u00adlar i\u00e7in des\u00adtek sis\u00adtem\u00adle\u00adri\u00adnin kurul\u00adma\u00ads\u0131<br>\u2611\ufe0f B\u00fct\u00fcn\u00adle\u015f\u00adti\u00adri\u00adci pro\u00adje\u00adle\u00adrin olu\u015f\u00adtu\u00adrul\u00adma\u00ads\u0131n\u00adda ebe\u00adveyn\u00adle\u00adrin ve okul\u00adla\u00adr\u0131n des\u00adtek\u00adlen\u00adme\u00adsi<br>\u2611\ufe0f Okul\u00adlar ve veli\u00adler i\u00e7in irti\u00adbat ki\u015fisi<\/p>\n\n\n\n<p><strong>Sta\u00adat\u00adlic\u00adhes Schu\u00adlamt Karls\u00adru\u00adhe<\/strong><br>\ud83d\udccd Rit\u00adterst\u00adra\u00ad\u00dfe 16 \u2014 20, 76133 Karls\u00adru\u00adhe<br>\ud83d\udcde 0721 \/ 605610 \u2014&nbsp;0<\/p>\n<\/div><\/div><\/div>\n<\/details>\n\n<details class=\"wp-block-stackable-accordion stk-block-accordion stk-inner-blocks stk-block-content stk-block stk-2c831d8 is-style-default\" data-block-id=\"2c831d8\">\n<summary class=\"wp-block-stackable-column stk-block-column stk-column stk-block stk-c2c122b stk--container-small stk-block-accordion__heading\" data-v=\"4\" data-block-id=\"c2c122b\"><div class=\"stk-column-wrapper stk-block-column__content stk-container stk-c2c122b-container stk-hover-parent\"><div class=\"stk-block-content stk-inner-blocks stk-c2c122b-inner-blocks\">\n<div class=\"wp-block-stackable-icon-label stk-block-icon-label stk-block stk-9ef47d5\" data-block-id=\"9ef47d5\"><div class=\"stk-row stk-inner-blocks stk-block-content\">\n<div class=\"wp-block-stackable-heading stk-block-heading stk-block-heading--v2 stk-block stk-ec6a698\" id=\"strong-youth-migration-service-strong\" data-block-id=\"ec6a698\"><h4 class=\"stk-block-heading__text\"><strong>Gen\u00e7\u00adlik G\u00f6\u00e7 Hizmeti<\/strong><\/h4><\/div>\n\n\n\n<div class=\"wp-block-stackable-icon stk-block-icon stk-block stk-4b0db09\" data-block-id=\"4b0db09\"><span class=\"stk--svg-wrapper\"><div class=\"stk--inner-svg\"><svg style=\"height:0;width:0\"><defs><linearGradient id=\"linear-gradient-4b0db09\" x1=\"0\" x2=\"100%\" y1=\"0\" y2=\"0\"><stop offset=\"0%\" style=\"stop-opacity:1;stop-color:var(--linear-gradient-4-b-0-db-09-color-1)\" \/><stop offset=\"100%\" style=\"stop-opacity:1;stop-color:var(--linear-gradient-4-b-0-db-09-color-2)\" \/><\/linearGradient><\/defs><\/svg><svg data-prefix=\"fas\" data-icon=\"chevron-down\" class=\"svg-inline--fa fa-chevron-down fa-w-14\" viewBox=\"0 0 448 512\" aria-hidden=\"true\" width=\"32\" height=\"32\"><path fill=\"currentColor\" d=\"M207.029 381.476L12.686 187.132c-9.373-9.373-9.373-24.569 0-33.941l22.667-22.667c9.357-9.357 24.522-9.375 33.901-.04L224 284.505l154.745-154.021c9.379-9.335 24.544-9.317 33.901.04l22.667 22.667c9.373 9.373 9.373 24.569 0 33.941L240.971 381.476c-9.373 9.372-24.569 9.372-33.942 0z\" \/><\/svg><\/div><\/span><\/div>\n<\/div><\/div>\n<\/div><\/div><\/summary>\n\n\n\n<div class=\"wp-block-stackable-column stk-block-column stk-column stk-block stk-42cf1a6 stk-block-accordion__content\" data-v=\"4\" data-block-id=\"42cf1a6\"><div class=\"stk-column-wrapper stk-block-column__content stk-container stk-42cf1a6-container stk--no-background stk--no-padding\"><div class=\"stk-block-content stk-inner-blocks stk-42cf1a6-inner-blocks\">\n<div class=\"wp-block-stackable-text stk-block-text stk-block stk-a7060f7\" data-block-id=\"a7060f7\"><p class=\"stk-block-text__text\"><em>Jugend\u00admig\u00adra\u00adti\u00adons\u00addi\u00adenst<\/em> (Gen\u00e7\u00adlik G\u00f6\u00e7\u00admen\u00adlik Ser\u00advi\u00adsi) <strong>12\u201327 ya\u015f ara\u00ads\u0131 gen\u00e7<\/strong> leri Alman\u00adca \u00f6\u011fren\u00adme, okul ve kari\u00adyer alan\u00adla\u00adr\u0131n\u00adda des\u00adtek\u00adle\u00admek\u00adte\u00addir.<br>\ud83d\udcde <a href=\"tel:072185019816\">0721 85019\u2013816<\/a><br>\ud83d\udce7 <a href=\"mailto:JMD-Karlsruhe@ib.de\">JMD-Karlsruhe@ib.de<\/a><br>\ud83c\udf10 <a href=\"https:\/\/www.jugendmigrationsdienste.de\/jmd\/karlsruhe\" rel=\"noopener\">Web site\u00adsi<\/a><\/p><\/div>\n<\/div><\/div><\/div>\n<\/details>\n\n<details class=\"wp-block-stackable-accordion stk-block-accordion stk-inner-blocks stk-block-content stk-block stk-02432ce is-style-default\" data-block-id=\"02432ce\">\n<summary class=\"wp-block-stackable-column stk-block-column stk-column stk-block stk-17c8f7f stk--container-small stk-block-accordion__heading\" data-v=\"4\" data-block-id=\"17c8f7f\"><div class=\"stk-column-wrapper stk-block-column__content stk-container stk-17c8f7f-container stk-hover-parent\"><div class=\"stk-block-content stk-inner-blocks stk-17c8f7f-inner-blocks\">\n<div class=\"wp-block-stackable-icon-label stk-block-icon-label stk-block stk-d3415a4\" data-block-id=\"d3415a4\"><div class=\"stk-row stk-inner-blocks stk-block-content\">\n<div class=\"wp-block-stackable-heading stk-block-heading stk-block-heading--v2 stk-block stk-d8c8651\" id=\"strong-support-for-young-people-entering-the-education-system-from-other-countries-strong\" data-block-id=\"d8c8651\"><h4 class=\"stk-block-heading__text\"><strong>Di\u011fer \u00fclke\u00adler\u00adden e\u011fi\u00adtim sis\u00adte\u00admi\u00adne giren gen\u00e7\u00adle\u00adre destek<\/strong><\/h4><\/div>\n\n\n\n<div class=\"wp-block-stackable-icon stk-block-icon stk-block stk-4e69795\" data-block-id=\"4e69795\"><span class=\"stk--svg-wrapper\"><div class=\"stk--inner-svg\"><svg style=\"height:0;width:0\"><defs><linearGradient id=\"linear-gradient-4e69795\" x1=\"0\" x2=\"100%\" y1=\"0\" y2=\"0\"><stop offset=\"0%\" style=\"stop-opacity:1;stop-color:var(--linear-gradient-4-e-69795-color-1)\" \/><stop offset=\"100%\" style=\"stop-opacity:1;stop-color:var(--linear-gradient-4-e-69795-color-2)\" \/><\/linearGradient><\/defs><\/svg><svg data-prefix=\"fas\" data-icon=\"chevron-down\" class=\"svg-inline--fa fa-chevron-down fa-w-14\" viewBox=\"0 0 448 512\" aria-hidden=\"true\" width=\"32\" height=\"32\"><path fill=\"currentColor\" d=\"M207.029 381.476L12.686 187.132c-9.373-9.373-9.373-24.569 0-33.941l22.667-22.667c9.357-9.357 24.522-9.375 33.901-.04L224 284.505l154.745-154.021c9.379-9.335 24.544-9.317 33.901.04l22.667 22.667c9.373 9.373 9.373 24.569 0 33.941L240.971 381.476c-9.373 9.372-24.569 9.372-33.942 0z\" \/><\/svg><\/div><\/span><\/div>\n<\/div><\/div>\n<\/div><\/div><\/summary>\n\n\n\n<div class=\"wp-block-stackable-column stk-block-column stk-column stk-block stk-61736ae stk-block-accordion__content\" data-v=\"4\" data-block-id=\"61736ae\"><div class=\"stk-column-wrapper stk-block-column__content stk-container stk-61736ae-container stk--no-background stk--no-padding\"><div class=\"stk-block-content stk-inner-blocks stk-61736ae-inner-blocks\">\n<div class=\"wp-block-stackable-text stk-block-text stk-block stk-d77586f\" data-block-id=\"d77586f\"><p class=\"stk-block-text__text\">Bu pro\u00adje 12\u201318 ya\u015f ara\u00ads\u0131 gen\u00e7\u00adle\u00adre \u00fccret\u00adsiz Alman\u00adca dil e\u011fi\u00adti\u00admi (gere\u00adkir\u00adse \u0130ng\u00adil\u00adizce de) sun\u00admak\u00adta\u00add\u0131r.<br><br> Jugend\u00admig\u00adra\u00adti\u00adons\u00addi\u00adens\u00adte (J<strong>MD<\/strong>)<br>\ud83d\udccd Schef\u00adfelst\u00adra\u00ad\u00dfe 11\u201317, 76133 Karls\u00adru\u00adhe<br>\ud83d\udcde +49 (0)721 85019 841<br>\ud83d\udce7 elena.reznik@ib.de<br>\ud83c\udf10 <a href=\"https:\/\/www.anika-net.de\/tr\/event\/young-career-changers\/\">Weite\u00adre&nbsp;Infos<\/a><\/p><\/div>\n<\/div><\/div><\/div>\n<\/details>\n\n<details class=\"wp-block-stackable-accordion stk-block-accordion stk-inner-blocks stk-block-content stk-block stk-bc18948 is-style-default\" data-block-id=\"bc18948\">\n<summary class=\"wp-block-stackable-column stk-block-column stk-column stk-block stk-8d769a9 stk--container-small stk-block-accordion__heading\" data-v=\"4\" data-block-id=\"8d769a9\"><div class=\"stk-column-wrapper stk-block-column__content stk-container stk-8d769a9-container stk-hover-parent\"><div class=\"stk-block-content stk-inner-blocks stk-8d769a9-inner-blocks\">\n<div class=\"wp-block-stackable-icon-label stk-block-icon-label stk-block stk-bcdfe0f\" data-block-id=\"bcdfe0f\"><div class=\"stk-row stk-inner-blocks stk-block-content\">\n<div class=\"wp-block-stackable-heading stk-block-heading stk-block-heading--v2 stk-block stk-d7f2732\" id=\"strong-educational-careers-advisory-service-p-by-the-karlsruhe-rastatt-employment-agency-strong\" data-block-id=\"d7f2732\"><h4 class=\"stk-block-heading__text\"><strong>Karls\u00adru\u00adhe-Ras\u00adtatt i\u015f bul\u00adma kuru\u00admu tara\u00adf\u0131n\u00addan e\u011fitim\/kariyer dan\u0131\u015f\u00adman\u00adl\u0131\u00ad\u011f\u0131 hizmeti<\/strong><\/h4><\/div>\n\n\n\n<div class=\"wp-block-stackable-icon stk-block-icon stk-block stk-8873d0c\" data-block-id=\"8873d0c\"><span class=\"stk--svg-wrapper\"><div class=\"stk--inner-svg\"><svg style=\"height:0;width:0\"><defs><linearGradient id=\"linear-gradient-8873d0c\" x1=\"0\" x2=\"100%\" y1=\"0\" y2=\"0\"><stop offset=\"0%\" style=\"stop-opacity:1;stop-color:var(--linear-gradient-8873-d-0-c-color-1)\" \/><stop offset=\"100%\" style=\"stop-opacity:1;stop-color:var(--linear-gradient-8873-d-0-c-color-2)\" \/><\/linearGradient><\/defs><\/svg><svg data-prefix=\"fas\" data-icon=\"chevron-down\" class=\"svg-inline--fa fa-chevron-down fa-w-14\" viewBox=\"0 0 448 512\" aria-hidden=\"true\" width=\"32\" height=\"32\"><path fill=\"currentColor\" d=\"M207.029 381.476L12.686 187.132c-9.373-9.373-9.373-24.569 0-33.941l22.667-22.667c9.357-9.357 24.522-9.375 33.901-.04L224 284.505l154.745-154.021c9.379-9.335 24.544-9.317 33.901.04l22.667 22.667c9.373 9.373 9.373 24.569 0 33.941L240.971 381.476c-9.373 9.372-24.569 9.372-33.942 0z\" \/><\/svg><\/div><\/span><\/div>\n<\/div><\/div>\n<\/div><\/div><\/summary>\n\n\n\n<div class=\"wp-block-stackable-column stk-block-column stk-column stk-block stk-d3e4d1a stk-block-accordion__content\" data-v=\"4\" data-block-id=\"d3e4d1a\"><div class=\"stk-column-wrapper stk-block-column__content stk-container stk-d3e4d1a-container stk--no-background stk--no-padding\"><div class=\"stk-block-content stk-inner-blocks stk-d3e4d1a-inner-blocks\">\n<div class=\"wp-block-stackable-text stk-block-text stk-block stk-36e5214\" data-block-id=\"36e5214\"><p class=\"stk-block-text__text\">E\u011fi\u00adtim ve kari\u00adyer dan\u0131\u015f\u00adman\u00adl\u0131\u00ad\u011f\u0131 hiz\u00adme\u00adti, insan\u00adla\u00adr\u0131 e\u011fi\u00adtim\u00adle\u00adri s\u0131ra\u00ads\u0131n\u00adda ve mes\u00adlek hayat\u00adla\u00adr\u0131\u00adn\u0131n ba\u015f\u00adlan\u00adg\u0131\u00adc\u0131n\u00adda diploma\/kariyer se\u00e7im\u00adle\u00adrin\u00adde des\u00adtek\u00adler.<br><br><strong>Agen\u00adtur f\u00fcr Arbe\u00adit Karls\u00adru\u00adhe<\/strong><br>\ud83d\udccd Bra\u00adu\u00aderst\u00adra\u00ad\u00dfe 10, 76135 Karls\u00adru\u00adhe<br>\ud83d\udcde Bera\u00adtungs\u00adter\u00admin: 0800 4 555500 (geb\u00fch\u00adrenf\u00adrei)<br>\ud83c\udf10 oder onli\u00adne unter: <a href=\"http:\/\/www.arbeitsagentur.de\/bildung\/berufsberatung\" target=\"_blank\" rel=\"noreferrer noopener\">www.arbeitsagentur.de\/bildung\/berufsberatung<\/a><\/p><\/div>\n<\/div><\/div><\/div>\n<\/details>\n\n<details class=\"wp-block-stackable-accordion stk-block-accordion stk-inner-blocks stk-block-content stk-block stk-105e3de is-style-default\" data-block-id=\"105e3de\">\n<summary class=\"wp-block-stackable-column stk-block-column stk-column stk-block stk-b44f24b stk--container-small stk-block-accordion__heading\" data-v=\"4\" data-block-id=\"b44f24b\"><div class=\"stk-column-wrapper stk-block-column__content stk-container stk-b44f24b-container stk-hover-parent\"><div class=\"stk-block-content stk-inner-blocks stk-b44f24b-inner-blocks\">\n<div class=\"wp-block-stackable-icon-label stk-block-icon-label stk-block stk-a565087\" data-block-id=\"a565087\"><div class=\"stk-row stk-inner-blocks stk-block-content\">\n<div class=\"wp-block-stackable-heading stk-block-heading stk-block-heading--v2 stk-block stk-14d599c\" id=\"bildungsberatung-training-and-secondary-school\" data-block-id=\"14d599c\"><h4 class=\"stk-block-heading__text\">Bil\u00addungs\u00adbe\u00adra\u00adtung: E\u011fi\u00adtim ve ortaokul<\/h4><\/div>\n\n\n\n<div class=\"wp-block-stackable-icon stk-block-icon stk-block stk-5dadfe2\" data-block-id=\"5dadfe2\"><span class=\"stk--svg-wrapper\"><div class=\"stk--inner-svg\"><svg style=\"height:0;width:0\"><defs><linearGradient id=\"linear-gradient-5dadfe2\" x1=\"0\" x2=\"100%\" y1=\"0\" y2=\"0\"><stop offset=\"0%\" style=\"stop-opacity:1;stop-color:var(--linear-gradient-5-dadfe-2-color-1)\" \/><stop offset=\"100%\" style=\"stop-opacity:1;stop-color:var(--linear-gradient-5-dadfe-2-color-2)\" \/><\/linearGradient><\/defs><\/svg><svg data-prefix=\"fas\" data-icon=\"chevron-down\" class=\"svg-inline--fa fa-chevron-down fa-w-14\" viewBox=\"0 0 448 512\" aria-hidden=\"true\" width=\"32\" height=\"32\"><path fill=\"currentColor\" d=\"M207.029 381.476L12.686 187.132c-9.373-9.373-9.373-24.569 0-33.941l22.667-22.667c9.357-9.357 24.522-9.375 33.901-.04L224 284.505l154.745-154.021c9.379-9.335 24.544-9.317 33.901.04l22.667 22.667c9.373 9.373 9.373 24.569 0 33.941L240.971 381.476c-9.373 9.372-24.569 9.372-33.942 0z\" \/><\/svg><\/div><\/span><\/div>\n<\/div><\/div>\n<\/div><\/div><\/summary>\n\n\n\n<div class=\"wp-block-stackable-column stk-block-column stk-column stk-block stk-12bee7a stk-block-accordion__content\" data-v=\"4\" data-block-id=\"12bee7a\"><div class=\"stk-column-wrapper stk-block-column__content stk-container stk-12bee7a-container stk--no-background stk--no-padding\"><div class=\"stk-block-content stk-inner-blocks stk-12bee7a-inner-blocks\">\n<div class=\"wp-block-stackable-text stk-block-text stk-block stk-77ad17d\" data-block-id=\"77ad17d\"><p class=\"stk-block-text__text\"><em>Bil\u00addungs\u00adbe\u00adra\u00adtung<\/em>, gen\u00e7\u00adle\u00adre, gen\u00e7 yeti\u015f\u00adkin\u00adle\u00adre, ebe\u00adveyn\u00adle\u00adre ve aile \u00fcye\u00adle\u00adri\u00adne okul ve e\u011fi\u00adtim sis\u00adtem\u00adle\u00adri, \u00e7\u0131rak\u00adl\u0131k e\u011fi\u00adti\u00admi ve orta\u00ad\u00f6\u011f\u00adre\u00adtim okul\u00adla\u00adr\u0131 hak\u00adk\u0131n\u00adda e\u011fi\u00adtim dan\u0131\u015f\u00adman\u00adl\u0131\u00ad\u011f\u0131 sun\u00admak\u00adta\u00add\u0131r. Dan\u0131\u015f\u00adman\u00adl\u0131k ve acen\u00adte\u00adlik hiz\u00adme\u00adti \u00e7e\u015fit\u00adli dil\u00adler\u00adde mev\u00adcut\u00adtur.<br><br><strong>Arbe\u00adits\u00adf\u00f6r\u00adde\u00adrung Karls\u00adru\u00adhe gGmbH (afka)<\/strong><br>\ud83d\udccd Daim\u00adlerst\u00adra\u00ad\u00dfe 8, 76185 Karls\u00adru\u00adhe<br>\ud83d\udcde +49 0721 972 46 \u2014 0<br>\ud83d\udce7 <a href=\"mailto:info@af-ka.de\">info@af-ka.de<\/a><br>\ud83c\udf10 <a href=\"https:\/\/www.af-ka.de\/jugend-schule-ausbildung\/ueberblick\" rel=\"noopener\">Web site\u00adsi<\/a><\/p><\/div>\n<\/div><\/div><\/div>\n<\/details>\n\n<details class=\"wp-block-stackable-accordion stk-block-accordion stk-inner-blocks stk-block-content stk-block stk-9254d55 is-style-default\" data-block-id=\"9254d55\">\n<summary class=\"wp-block-stackable-column stk-block-column stk-column stk-block stk-e83a2f9 stk--container-small stk-block-accordion__heading\" data-v=\"4\" data-block-id=\"e83a2f9\"><div class=\"stk-column-wrapper stk-block-column__content stk-container stk-e83a2f9-container stk-hover-parent\"><div class=\"stk-block-content stk-inner-blocks stk-e83a2f9-inner-blocks\">\n<div class=\"wp-block-stackable-icon-label stk-block-icon-label stk-block stk-e10cb92\" data-block-id=\"e10cb92\"><div class=\"stk-row stk-inner-blocks stk-block-content\">\n<div class=\"wp-block-stackable-heading stk-block-heading stk-block-heading--v2 stk-block stk-16c5f18\" id=\"strong-intercultural-parent-mentors-strong\" data-block-id=\"16c5f18\"><h4 class=\"stk-block-heading__text\"><strong>K\u00fcl\u00adt\u00fcr\u00adle\u00adra\u00adra\u00ads\u0131 ebe\u00adveyn mentorlar\u0131<\/strong><\/h4><\/div>\n\n\n\n<div class=\"wp-block-stackable-icon stk-block-icon stk-block stk-2bb0da3\" data-block-id=\"2bb0da3\"><span class=\"stk--svg-wrapper\"><div class=\"stk--inner-svg\"><svg style=\"height:0;width:0\"><defs><linearGradient id=\"linear-gradient-2bb0da3\" x1=\"0\" x2=\"100%\" y1=\"0\" y2=\"0\"><stop offset=\"0%\" style=\"stop-opacity:1;stop-color:var(--linear-gradient-2-bb-0-da-3-color-1)\" \/><stop offset=\"100%\" style=\"stop-opacity:1;stop-color:var(--linear-gradient-2-bb-0-da-3-color-2)\" \/><\/linearGradient><\/defs><\/svg><svg data-prefix=\"fas\" data-icon=\"chevron-down\" class=\"svg-inline--fa fa-chevron-down fa-w-14\" viewBox=\"0 0 448 512\" aria-hidden=\"true\" width=\"32\" height=\"32\"><path fill=\"currentColor\" d=\"M207.029 381.476L12.686 187.132c-9.373-9.373-9.373-24.569 0-33.941l22.667-22.667c9.357-9.357 24.522-9.375 33.901-.04L224 284.505l154.745-154.021c9.379-9.335 24.544-9.317 33.901.04l22.667 22.667c9.373 9.373 9.373 24.569 0 33.941L240.971 381.476c-9.373 9.372-24.569 9.372-33.942 0z\" \/><\/svg><\/div><\/span><\/div>\n<\/div><\/div>\n<\/div><\/div><\/summary>\n\n\n\n<div class=\"wp-block-stackable-column stk-block-column stk-column stk-block stk-ca528b0 stk-block-accordion__content\" data-v=\"4\" data-block-id=\"ca528b0\"><div class=\"stk-column-wrapper stk-block-column__content stk-container stk-ca528b0-container stk--no-background stk--no-padding\"><div class=\"stk-block-content stk-inner-blocks stk-ca528b0-inner-blocks\">\n<div class=\"wp-block-stackable-text stk-block-text stk-block stk-0360ea1\" data-block-id=\"0360ea1\"><p class=\"stk-block-text__text\">K\u00fcl\u00adt\u00fcr\u00adle\u00adra\u00adra\u00ads\u0131 ebe\u00adveyn dan\u0131\u015f\u00adman\u00adla\u00adr\u0131, Alman\u00adya\u00ad\u2019\u00adya yeni gelen ebe\u00adveyn\u00adle\u00adre Alman\u00adya\u00ad\u2019\u00adda\u00adki <strong>okul\u00adlar ve e\u011fi\u00adtim\u00adle ilgi\u00adli genel soru\u00adlar<\/strong> konu\u00adsun\u00adda \u00e7e\u015fit\u00adli dil\u00adler\u00adde des\u00adtek sun\u00admak\u00adta\u00add\u0131r. <br>\ud83d\udce7 <a href=\"mailto:bildungskoordination@sus.karlsruhe.de\" rel=\"nofollow\">bildungskoordination@sus.karlsruhe.de<\/a><\/p><\/div>\n<\/div><\/div><\/div>\n<\/details>\n\n<details class=\"wp-block-stackable-accordion stk-block-accordion stk-inner-blocks stk-block-content stk-block stk-4dcc174 is-style-default\" data-block-id=\"4dcc174\">\n<summary class=\"wp-block-stackable-column stk-block-column stk-column stk-block stk-38589f9 stk--container-small stk-block-accordion__heading\" data-v=\"4\" data-block-id=\"38589f9\"><div class=\"stk-column-wrapper stk-block-column__content stk-container stk-38589f9-container stk-hover-parent\"><div class=\"stk-block-content stk-inner-blocks stk-38589f9-inner-blocks\">\n<div class=\"wp-block-stackable-icon-label stk-block-icon-label stk-block stk-8ef1df1\" data-block-id=\"8ef1df1\"><div class=\"stk-row stk-inner-blocks stk-block-content\">\n<div class=\"wp-block-stackable-heading stk-block-heading stk-block-heading--v2 stk-block stk-b334c74\" id=\"the-educational-coordinator-office-for-integration-city-of-karlsruhe\" data-block-id=\"b334c74\"><h4 class=\"stk-block-heading__text\">E\u011fi\u00adtim Koor\u00addi\u00adna\u00adt\u00f6\u00adr\u00fc \u2014 Karls\u00adru\u00adhe \u015eeh\u00adri Enteg\u00adras\u00adyon&nbsp;Ofisi<\/h4><\/div>\n\n\n\n<div class=\"wp-block-stackable-icon stk-block-icon stk-block stk-dcf5e7e\" data-block-id=\"dcf5e7e\"><span class=\"stk--svg-wrapper\"><div class=\"stk--inner-svg\"><svg style=\"height:0;width:0\"><defs><linearGradient id=\"linear-gradient-dcf5e7e\" x1=\"0\" x2=\"100%\" y1=\"0\" y2=\"0\"><stop offset=\"0%\" style=\"stop-opacity:1;stop-color:var(--linear-gradient-dcf-5-e-7-e-color-1)\" \/><stop offset=\"100%\" style=\"stop-opacity:1;stop-color:var(--linear-gradient-dcf-5-e-7-e-color-2)\" \/><\/linearGradient><\/defs><\/svg><svg data-prefix=\"fas\" data-icon=\"chevron-down\" class=\"svg-inline--fa fa-chevron-down fa-w-14\" viewBox=\"0 0 448 512\" aria-hidden=\"true\" width=\"32\" height=\"32\"><path fill=\"currentColor\" d=\"M207.029 381.476L12.686 187.132c-9.373-9.373-9.373-24.569 0-33.941l22.667-22.667c9.357-9.357 24.522-9.375 33.901-.04L224 284.505l154.745-154.021c9.379-9.335 24.544-9.317 33.901.04l22.667 22.667c9.373 9.373 9.373 24.569 0 33.941L240.971 381.476c-9.373 9.372-24.569 9.372-33.942 0z\" \/><\/svg><\/div><\/span><\/div>\n<\/div><\/div>\n<\/div><\/div><\/summary>\n\n\n\n<div class=\"wp-block-stackable-column stk-block-column stk-column stk-block stk-5f60fd8 stk-block-accordion__content\" data-v=\"4\" data-block-id=\"5f60fd8\"><div class=\"stk-column-wrapper stk-block-column__content stk-container stk-5f60fd8-container stk--no-background stk--no-padding\"><div class=\"stk-block-content stk-inner-blocks stk-5f60fd8-inner-blocks\">\n<div class=\"wp-block-stackable-text stk-block-text stk-block stk-4aa2dfd\" data-block-id=\"4aa2dfd\"><p class=\"stk-block-text__text\">Alman\u00adca \u00f6\u011fren\u00admek \u00e7ocu\u00ad\u011fu\u00adnu\u00adzun okul\u00adda\u00adki ba\u015fa\u00adr\u0131\u00ads\u0131\u00adn\u0131n anah\u00adta\u00adr\u0131\u00add\u0131r. S\u00fcrek\u00adli dil \u00f6\u011fre\u00adni\u00admi e\u011fi\u00adtim koor\u00addi\u00adna\u00adt\u00f6\u00adr\u00fc soru\u00adla\u00adr\u0131\u00adn\u0131\u00adz\u0131 yan\u0131t\u00adla\u00admak\u00adtan mut\u00adlu\u00adluk duya\u00adcak\u00adt\u0131r:<br>\ud83d\udce7  <a href=\"mailto:buero.fuer.integration@sjb.karlsruhe.de\" rel=\"nofollow\"><\/a><a href=\"mailto:buero.fuer.integration@sjb.karlsruhe.de\">buero.fuer.integration@sjb.karlsruhe.de<\/a><\/p><\/div>\n<\/div><\/div><\/div>\n<\/details>\n\n<p><\/p>\n","protected":false},"excerpt":{"rendered":"<p>Bir oku\u00adla kay\u00addol\u00admak, e\u011fi\u00adtim ve \u00f6\u011fre\u00adtim sis\u00adte\u00admi veya genel ola\u00adrak e\u011fi\u00adtim ve okul\u00adlar hak\u00adk\u0131n\u00adda soru\u00adla\u00adr\u0131\u00adn\u0131z var\u00adsa, bir e\u011fi\u00adtim dan\u0131\u015f\u00adman\u00adl\u0131\u00ad\u011f\u0131 ser\u00advi\u00adsi\u00adne gide\u00adbi\u00adlir\u00adsi\u00adniz. G\u00f6\u00e7\u00admen\u00adlik B\u00fcro\u00adsu \ud83c\udf10 Web\u00adse\u00aditeG\u00f6\u00e7\u00admen B\u00fcro\u00adsu, t\u00fcm okul\u00adla\u00adr\u0131 g\u00f6\u00e7\u00admen k\u00f6ken\u00adli&nbsp;<a class=\"moretag\" href=\"https:\/\/www.anika-net.de\/tr\/varmak\/cocuklar-ve-aile\/egitici-tavsiyeler\/\">daha faz\u00adla okuyun<\/a><\/p>\n","protected":false},"author":12,"featured_media":0,"parent":15776,"menu_order":21,"comment_status":"closed","ping_status":"closed","template":"","meta":{"_acf_changed":false,"inline_featured_image":false,"_uag_custom_page_level_css":"","wp_typography_post_enhancements_disabled":false,"footnotes":""},"class_list":["post-2682","page","type-page","status-publish","hentry"],"acf":[],"featured_image_urls_v2":{"full":"","thumbnail":"","medium":"","medium_large":"","large":"","1536x1536":"","2048x2048":"","event-overview":"","event-archive-thumb":"","grid-item-thumbnail":"","network-partner-icon":"","organiser-icon":"","gform-image-choice-sm":"","gform-image-choice-md":"","gform-image-choice-lg":""},"post_excerpt_stackable_v2":"<p>Bir oku\u00adla kay\u00addol\u00admak, e\u011fi\u00adtim ve \u00f6\u011fre\u00adtim sis\u00adte\u00admi veya genel ola\u00adrak e\u011fi\u00adtim ve okul\u00adlar hak\u00adk\u0131n\u00adda soru\u00adla\u00adr\u0131\u00adn\u0131z var\u00adsa, bir e\u011fi\u00adtim dan\u0131\u015f\u00adman\u00adl\u0131\u00ad\u011f\u0131 ser\u00advi\u00adsi\u00adne gide\u00adbi\u00adlir\u00adsi\u00adniz. G\u00f6\u00e7\u00admen\u00adlik B\u00fcro\u00adsu \ud83c\udf10 Web\u00adse\u00aditeG\u00f6\u00e7\u00admen B\u00fcro\u00adsu, t\u00fcm okul\u00adla\u00adr\u0131 g\u00f6\u00e7\u00admen k\u00f6ken\u00adli \u00e7ocuk ve gen\u00e7\u00adle\u00adri hem aka\u00adde\u00admik hem de sos\u00adyal ola\u00adrak enteg\u00adre etme g\u00f6rev\u00adle\u00adrin\u00adde te\u015f\u00advik eder ve des\u00adtek\u00adler.G\u00f6rev\u00adler \u2611\ufe0f Saha\u00adda b\u00fct\u00fcn\u00adle\u015f\u00adti\u00adri\u00adci pro\u00adje\u00adler ara\u00adc\u0131\u00adl\u0131\u00ad\u011f\u0131y\u00adla okul\u00adlar ve ebe\u00adveyn\u00adler ara\u00ads\u0131n\u00adda i\u015fbir\u00adli\u00ad\u011fi\u00adnin te\u015f\u00advik edil\u00adme\u00adsi\u2611\ufe0f Ebe\u00adveyn der\u00adnek\u00adle\u00adri ile temas\u00adla\u00adr\u0131n s\u00fcr\u00add\u00fc\u00adr\u00fcl\u00adme\u00adsi\u2611\ufe0f Ebe\u00adveyn\u00adler ve okul\u00adlar i\u00e7in des\u00adtek sis\u00adtem\u00adle\u00adri\u00adnin kurul\u00adma\u00ads\u0131\u2611\ufe0f B\u00fct\u00fcn\u00adle\u015f\u00adti\u00adri\u00adci pro\u00adje\u00adle\u00adrin olu\u015f\u00adtu\u00adrul\u00adma\u00ads\u0131n\u00adda ebe\u00adveyn\u00adle\u00adrin ve okul\u00adla\u00adr\u0131n des\u00adtek\u00adlen\u00adme\u00adsi\u2611\ufe0f Okul\u00adlar ve veli\u00adler i\u00e7in irti\u00adbat ki\u015fi\u00adsi Sta\u00adat\u00adlic\u00adhes Schu\u00adlamt Karls\u00adru\u00adhe\ud83d\udccd Rit\u00adterst\u00adra\u00ad\u00dfe 16 \u2014 20, 76133 Karls\u00adru\u00adhe\ud83d\udcde 0721 \/ 605610 \u2014&nbsp;0 Gen\u00e7\u00adlik G\u00f6\u00e7 Hiz\u00adme\u00adti Jugendmigrationsdienst\u2026<\/p>\n","category_list_v2":"","author_info_v2":{"name":"Andrea Ramirez","url":"https:\/\/www.anika-net.de\/tr\/author\/andrea-ramirez\/"},"comments_num_v2":"0 comments","uagb_featured_image_src":{"full":false,"thumbnail":false,"medium":false,"medium_large":false,"large":false,"1536x1536":false,"2048x2048":false,"event-overview":false,"event-archive-thumb":false,"grid-item-thumbnail":false,"network-partner-icon":false,"organiser-icon":false,"gform-image-choice-sm":false,"gform-image-choice-md":false,"gform-image-choice-lg":false},"uagb_author_info":{"display_name":"Andrea Ramirez","author_link":"https:\/\/www.anika-net.de\/tr\/author\/andrea-ramirez\/"},"uagb_comment_info":0,"uagb_excerpt":"Bir oku\u00adla kay\u00addol\u00admak, e\u011fi\u00adtim ve \u00f6\u011fre\u00adtim sis\u00adte\u00admi veya genel ola\u00adrak e\u011fi\u00adtim ve okul\u00adlar hak\u00adk\u0131n\u00adda soru\u00adla\u00adr\u0131\u00adn\u0131z var\u00adsa, bir e\u011fi\u00adtim dan\u0131\u015f\u00adman\u00adl\u0131\u00ad\u011f\u0131 ser\u00advi\u00adsi\u00adne gidebilirsiniz. G\u00f6\u00e7\u00admen\u00adlik B\u00fcrosu \ud83c\udf10 Web\u00adse\u00aditeG\u00f6\u00e7\u00admen B\u00fcro\u00adsu, t\u00fcm okul\u00adla\u00adr\u0131 g\u00f6\u00e7\u00admen k\u00f6ken\u00adli&nbsp;daha fazla okuyun","_links":{"self":[{"href":"https:\/\/www.anika-net.de\/tr\/wp-json\/wp\/v2\/pages\/2682","targetHints":{"allow":["GET"]}}],"collection":[{"href":"https:\/\/www.anika-net.de\/tr\/wp-json\/wp\/v2\/pages"}],"about":[{"href":"https:\/\/www.anika-net.de\/tr\/wp-json\/wp\/v2\/types\/page"}],"author":[{"embeddable":true,"href":"https:\/\/www.anika-net.de\/tr\/wp-json\/wp\/v2\/users\/12"}],"replies":[{"embeddable":true,"href":"https:\/\/www.anika-net.de\/tr\/wp-json\/wp\/v2\/comments?post=2682"}],"version-history":[{"count":2,"href":"https:\/\/www.anika-net.de\/tr\/wp-json\/wp\/v2\/pages\/2682\/revisions"}],"predecessor-version":[{"id":58132,"href":"https:\/\/www.anika-net.de\/tr\/wp-json\/wp\/v2\/pages\/2682\/revisions\/58132"}],"up":[{"embeddable":true,"href":"https:\/\/www.anika-net.de\/tr\/wp-json\/wp\/v2\/pages\/15776"}],"wp:attachment":[{"href":"https:\/\/www.anika-net.de\/tr\/wp-json\/wp\/v2\/media?parent=2682"}],"curies":[{"name":"wp","href":"https:\/\/api.w.org\/{rel}","templated":true}]}}