{"id":2677,"date":"2021-05-21T14:17:20","date_gmt":"2021-05-21T12:17:20","guid":{"rendered":"https:\/\/www.anika-net.de\/registering-your-child-with-a-school\/"},"modified":"2025-02-10T11:41:36","modified_gmt":"2025-02-10T10:41:36","slug":"registering-your-child-with-a-school","status":"publish","type":"page","link":"https:\/\/www.anika-net.de\/tr\/varmak\/cocuklar-ve-aile\/registering-your-child-with-a-school\/","title":{"rendered":"\u00c7ocu\u00ad\u011fu\u00admu bir oku\u00adla nas\u0131l kaydettirebilirim?"},"content":{"rendered":"\n<p class=\"has-text-color\" style=\"color:#124e71\">\u00c7ocu\u00ad\u011fu\u00adnu\u00adzun oku\u00adla git\u00adme\u00adsi\u00adne izin veri\u00adlir ve Alman\u00adya\u00ad\u2019\u00adda ika\u00admet ettik\u00adten son\u00adra\u00adki alt\u0131 ay i\u00e7in\u00adde onu bir oku\u00adla kay\u00addet\u00adtir\u00adme\u00adniz gere\u00adkir. Oku\u00adla devam zorun\u00adlu\u00addur.<br>\u00c7ocu\u00ad\u011fu\u00adnu\u00adzun okul se\u00e7e\u00adnek\u00adle\u00adri hak\u00adk\u0131n\u00adda bil\u00adgi edin\u00admek i\u00e7in yerel bele\u00addi\u00adye\u00adyi ziya\u00adret edin. \u00c7ocu\u00ad\u011fu\u00adnu\u00adzun Alman\u00adca \u00f6\u011fren\u00adme\u00adsi\u00adne yar\u00add\u0131m\u00adc\u0131 ola\u00adcak s\u0131n\u0131f\u00adlar mev\u00adcut\u00adtur. Daha faz\u00adla bil\u00adgi\u00adyi <strong><a href=\"https:\/\/ka.schulamt-bw.de\/,Lde\/Startseite\/Unterstuetzung+_+Beratung\/Vorbereitungsklassen\" rel=\"noopener\">bura\u00adda<\/a><\/strong> bula\u00adbi\u00adlir\u00adsi\u00adniz <strong>.<\/strong>   <\/p>\n\n<details class=\"wp-block-stackable-accordion stk-block-accordion stk-inner-blocks stk-block-content stk-block stk-7616f47 is-style-default\" data-block-id=\"7616f47\">\n<summary class=\"wp-block-stackable-column stk-block-column stk-column stk-block stk-fba073a stk--container-small stk-block-accordion__heading\" data-v=\"4\" data-block-id=\"fba073a\"><div class=\"stk-column-wrapper stk-block-column__content stk-container stk-fba073a-container stk-hover-parent\"><div class=\"stk-block-content stk-inner-blocks stk-fba073a-inner-blocks\">\n<div class=\"wp-block-stackable-icon-label stk-block-icon-label stk-block stk-590bcb4\" data-block-id=\"590bcb4\"><div class=\"stk-row stk-inner-blocks stk-block-content\">\n<div class=\"wp-block-stackable-heading stk-block-heading stk-block-heading--v2 stk-block stk-ab7d1d1\" id=\"t\" data-block-id=\"ab7d1d1\"><h4 class=\"stk-block-heading__text\">\u0130lk\u00adok\u00adull\u00adarda kay\u0131t tarihleri<\/h4><\/div>\n\n\n\n<div class=\"wp-block-stackable-icon stk-block-icon stk-block stk-1114f9c\" data-block-id=\"1114f9c\"><span class=\"stk--svg-wrapper\"><div class=\"stk--inner-svg\"><svg style=\"height:0;width:0\"><defs><linearGradient id=\"linear-gradient-1114f9c\" x1=\"0\" x2=\"100%\" y1=\"0\" y2=\"0\"><stop offset=\"0%\" style=\"stop-opacity:1;stop-color:var(--linear-gradient-1114-f-9-c-color-1)\" \/><stop offset=\"100%\" style=\"stop-opacity:1;stop-color:var(--linear-gradient-1114-f-9-c-color-2)\" \/><\/linearGradient><\/defs><\/svg><svg data-prefix=\"fas\" data-icon=\"chevron-down\" class=\"svg-inline--fa fa-chevron-down fa-w-14\" viewBox=\"0 0 448 512\" aria-hidden=\"true\" width=\"32\" height=\"32\"><path fill=\"currentColor\" d=\"M207.029 381.476L12.686 187.132c-9.373-9.373-9.373-24.569 0-33.941l22.667-22.667c9.357-9.357 24.522-9.375 33.901-.04L224 284.505l154.745-154.021c9.379-9.335 24.544-9.317 33.901.04l22.667 22.667c9.373 9.373 9.373 24.569 0 33.941L240.971 381.476c-9.373 9.372-24.569 9.372-33.942 0z\" \/><\/svg><\/div><\/span><\/div>\n<\/div><\/div>\n<\/div><\/div><\/summary>\n\n\n\n<div class=\"wp-block-stackable-column stk-block-column stk-column stk-block stk-7645d33 stk-block-accordion__content\" data-v=\"4\" data-block-id=\"7645d33\"><div class=\"stk-column-wrapper stk-block-column__content stk-container stk-7645d33-container stk--no-background stk--no-padding\"><div class=\"stk-block-content stk-inner-blocks stk-7645d33-inner-blocks\">\n<div class=\"wp-block-stackable-text stk-block-text stk-block stk-bdf61ab\" data-block-id=\"bdf61ab\"><p class=\"stk-block-text__text\">Son ba\u015f\u00advu\u00adru tari\u00adhi: <strong>30 Hazi\u00adran <\/strong>(\u00e7ocu\u00ad\u011fu\u00adnuz bu tari\u00adhe kadar 6 ya\u015f\u0131n\u00adda olma\u00adl\u0131\u00add\u0131r)<br>Okul\u00addan bir mek\u00adtup ala\u00adcak\u00ads\u0131\u00adn\u0131z. E\u011fer bir tane alma\u00add\u0131y\u00adsa\u00adn\u0131z, b\u00f6l\u00adge\u00adniz\u00adde\u00adki oku\u00adla kay\u0131t yap\u00adt\u0131\u00adr\u0131n.<br>Kay\u0131t: <strong>15 Eyl\u00fcl 2025<\/strong> <br><br>Okul kay\u0131t\u00adla\u00adr\u0131\u00adna ili\u015f\u00adkin bil\u00adgi\u00adler (ilko\u00adkul) <strong><a href=\"https:\/\/www.grundschulen.net\/2623-checkliste-einschulung.html\" rel=\"noopener\">Bura\u00adda<\/a><\/strong><\/p><\/div>\n<\/div><\/div><\/div>\n<\/details>\n\n<details class=\"wp-block-stackable-accordion stk-block-accordion stk-inner-blocks stk-block-content stk-block stk-dc82e38 is-style-default\" data-block-id=\"dc82e38\">\n<summary class=\"wp-block-stackable-column stk-block-column stk-column stk-block stk-b848cf8 stk--container-small stk-block-accordion__heading\" data-v=\"4\" data-block-id=\"b848cf8\"><div class=\"stk-column-wrapper stk-block-column__content stk-container stk-b848cf8-container stk-hover-parent\"><div class=\"stk-block-content stk-inner-blocks stk-b848cf8-inner-blocks\">\n<div class=\"wp-block-stackable-icon-label stk-block-icon-label stk-block stk-f2f5bd9\" data-block-id=\"f2f5bd9\"><div class=\"stk-row stk-inner-blocks stk-block-content\">\n<div class=\"wp-block-stackable-heading stk-block-heading stk-block-heading--v2 stk-block stk-d4fb30c\" id=\"strong-egistration-dates-for-other-schools-secondary-schools-strong\" data-block-id=\"d4fb30c\"><h4 class=\"stk-block-heading__text\">Di\u011fer okul\u00adlar i\u00e7in kay\u0131t tarih\u00adle\u00adri (orta\u00adokul\u00adlar)<\/h4><\/div>\n\n\n\n<div class=\"wp-block-stackable-icon stk-block-icon stk-block stk-4b4a05c\" data-block-id=\"4b4a05c\"><span class=\"stk--svg-wrapper\"><div class=\"stk--inner-svg\"><svg style=\"height:0;width:0\"><defs><linearGradient id=\"linear-gradient-4b4a05c\" x1=\"0\" x2=\"100%\" y1=\"0\" y2=\"0\"><stop offset=\"0%\" style=\"stop-opacity:1;stop-color:var(--linear-gradient-4-b-4-a-05-c-color-1)\" \/><stop offset=\"100%\" style=\"stop-opacity:1;stop-color:var(--linear-gradient-4-b-4-a-05-c-color-2)\" \/><\/linearGradient><\/defs><\/svg><svg data-prefix=\"fas\" data-icon=\"chevron-down\" class=\"svg-inline--fa fa-chevron-down fa-w-14\" viewBox=\"0 0 448 512\" aria-hidden=\"true\" width=\"32\" height=\"32\"><path fill=\"currentColor\" d=\"M207.029 381.476L12.686 187.132c-9.373-9.373-9.373-24.569 0-33.941l22.667-22.667c9.357-9.357 24.522-9.375 33.901-.04L224 284.505l154.745-154.021c9.379-9.335 24.544-9.317 33.901.04l22.667 22.667c9.373 9.373 9.373 24.569 0 33.941L240.971 381.476c-9.373 9.372-24.569 9.372-33.942 0z\" \/><\/svg><\/div><\/span><\/div>\n<\/div><\/div>\n<\/div><\/div><\/summary>\n\n\n\n<div class=\"wp-block-stackable-column stk-block-column stk-column stk-block stk-68bb8db stk-block-accordion__content\" data-v=\"4\" data-block-id=\"68bb8db\"><div class=\"stk-column-wrapper stk-block-column__content stk-container stk-68bb8db-container stk--no-background stk--no-padding\"><div class=\"stk-block-content stk-inner-blocks stk-68bb8db-inner-blocks\">\n<ul class=\"wp-block-list\">\n<li>Kay\u0131t tarih\u00adle\u00adri <strong>10\u201313 Mart 2025<\/strong> \u2018tir. Bu tarih\u00adten bir\u00adka\u00e7 haf\u00adta veya ay \u00f6nce okul\u00adla irti\u00adba\u00adta ge\u00e7iniz.<\/li>\n\n\n\n<li>\ud83d\udca1 <strong>Mes\u00adlek okul\u00adla\u00adr\u0131\u00adn\u0131n<\/strong> bir <strong><a href=\"https:\/\/www.landkreis-karlsruhe.de\/vaboanmeldung\" rel=\"noopener\">mer\u00adke\u00adzi \u00e7ev\u00adri\u00admi\u00ad\u00e7i kay\u0131t plat\u00adfor\u00admu<\/a> <br><\/strong>Kay\u0131t olduk\u00adtan son\u00adra daha faz\u00adla bil\u00adgi alacaks\u0131n\u0131z.<\/li>\n<\/ul>\n<\/div><\/div><\/div>\n<\/details>\n\n<details class=\"wp-block-stackable-accordion stk-block-accordion stk-inner-blocks stk-block-content stk-block stk-ab3a5f3 is-style-default\" data-block-id=\"ab3a5f3\">\n<summary class=\"wp-block-stackable-column stk-block-column stk-column stk-block stk-4464c93 stk--container-small stk-block-accordion__heading\" data-v=\"4\" data-block-id=\"4464c93\"><div class=\"stk-column-wrapper stk-block-column__content stk-container stk-4464c93-container stk-hover-parent\"><div class=\"stk-block-content stk-inner-blocks stk-4464c93-inner-blocks\">\n<div class=\"wp-block-stackable-icon-label stk-block-icon-label stk-block stk-2def0de\" data-block-id=\"2def0de\"><div class=\"stk-row stk-inner-blocks stk-block-content\">\n<div class=\"wp-block-stackable-heading stk-block-heading stk-block-heading--v2 stk-block stk-ce8f103\" id=\"span-style-color-128-b-81-class-stk-highlight-what-do-the-different-educational-qualifications-mean-span\" data-block-id=\"ce8f103\"><h4 class=\"stk-block-heading__text\"><span style=\"color: #128b81;\" class=\"stk-highlight\">Fark\u00adl\u0131 e\u011fi\u00adtim nite\u00adlik\u00adle\u00adri ne anla\u00adma geliyor?<\/span><\/h4><\/div>\n\n\n\n<div class=\"wp-block-stackable-icon stk-block-icon stk-block stk-49e853a\" data-block-id=\"49e853a\"><span class=\"stk--svg-wrapper\"><div class=\"stk--inner-svg\"><svg style=\"height:0;width:0\"><defs><linearGradient id=\"linear-gradient-49e853a\" x1=\"0\" x2=\"100%\" y1=\"0\" y2=\"0\"><stop offset=\"0%\" style=\"stop-opacity:1;stop-color:var(--linear-gradient-49-e-853-a-color-1)\" \/><stop offset=\"100%\" style=\"stop-opacity:1;stop-color:var(--linear-gradient-49-e-853-a-color-2)\" \/><\/linearGradient><\/defs><\/svg><svg data-prefix=\"fas\" data-icon=\"chevron-down\" class=\"svg-inline--fa fa-chevron-down fa-w-14\" viewBox=\"0 0 448 512\" aria-hidden=\"true\" width=\"32\" height=\"32\"><path fill=\"currentColor\" d=\"M207.029 381.476L12.686 187.132c-9.373-9.373-9.373-24.569 0-33.941l22.667-22.667c9.357-9.357 24.522-9.375 33.901-.04L224 284.505l154.745-154.021c9.379-9.335 24.544-9.317 33.901.04l22.667 22.667c9.373 9.373 9.373 24.569 0 33.941L240.971 381.476c-9.373 9.372-24.569 9.372-33.942 0z\" \/><\/svg><\/div><\/span><\/div>\n<\/div><\/div>\n<\/div><\/div><\/summary>\n\n\n\n<div class=\"wp-block-stackable-column stk-block-column stk-column stk-block stk-670e816 stk-block-accordion__content\" data-v=\"4\" data-block-id=\"670e816\"><div class=\"stk-column-wrapper stk-block-column__content stk-container stk-670e816-container stk--no-background stk--no-padding\"><div class=\"stk-block-content stk-inner-blocks stk-670e816-inner-blocks\">\n<div class=\"wp-block-stackable-text stk-block-text stk-block stk-61bc9c1\" data-block-id=\"61bc9c1\"><p class=\"stk-block-text__text\">\u00c7e\u015fit\u00adli okul bitir\u00adme ser\u00adti\u00adfi\u00adka\u00adla\u00adr\u0131 var\u00add\u0131r. Okul bitir\u00adme ser\u00adti\u00adfi\u00adka\u00ads\u0131 ne kadar y\u00fck\u00adsek\u00adse, bir mes\u00adlek se\u00e7er\u00adken o kadar faz\u00adla se\u00e7e\u00adne\u00ad\u011fi\u00adniz olur. Ama ayn\u0131 zaman\u00adda daha uzun s\u00fcre oku\u00adla git\u00admek zorun\u00adda\u00ads\u0131\u00adn\u0131z. \u0130kinc\u00adil bir <strong><em>Hauptsc\u00adhu\u00adlabsch\u00adluss<\/em> <\/strong>(okul bitir\u00adme ser\u00adti\u00adfi\u00adka\u00ads\u0131 \u2014 <sup>9<\/sup>. s\u0131n\u0131f\u00adtan son\u00adra) veya <em><strong>Mitt\u00adle\u00adrer Bil\u00addung\u00adsabsch\u00adluss<\/strong><\/em> (orta\u00adokul bitir\u00adme ser\u00adti\u00adfi\u00adka\u00ads\u0131 \u2014 10. s\u0131n\u0131f\u00adtan son\u00adra) mes\u00adle\u00adki e\u011fi\u00adti\u00adme gire\u00adbi\u00adlir\u00adsi\u00adniz.     <br><br>\u0130ht\u00adiy\u00adac\u00ad\u0131n olan <em><strong>Abi\u00adtur<\/strong><\/em> veya <strong>bir \u00fcni\u00adver\u00adsi\u00adte\u00adde oku\u00admak i\u00e7in \u00fcni\u00adver\u00adsit<\/strong>eye giri\u015f yeter\u00adli\u00adli\u00ad\u011fi (<sup>12<\/sup><sup>.<\/sup> veya 13. s\u0131n\u0131f\u00adtan son\u00adra). Her s\u0131na\u00adv\u0131 ge\u00e7\u00adtik\u00adten son\u00adra, daha \u00fcst d\u00fczey bir yeter\u00adli\u00adlik almak i\u00e7in e\u011fi\u00adti\u00admi\u00adni\u00adze devam ede\u00adbi\u00adlir\u00adsi\u00adniz. Oku\u00adlu b\u0131rak\u00adm\u0131\u015f olsa\u00adn\u0131z bile, daha son\u00adra kali\u00adfi\u00adkas\u00adyo\u00adnu\u00adnu\u00adzu tamam\u00adla\u00adya\u00adbi\u00adlir\u00adsi\u00adniz. Bunu \u00f6rne\u00ad\u011fin bir mes\u00adlek oku\u00adlun\u00adda yapa\u00adbi\u00adlir\u00adsi\u00adniz.     <br><br><strong>Fark\u00adl\u0131 okul t\u00fcr\u00adle\u00adri<\/strong><br>Baden W\u00fcrt\u00adtem\u00adberg Bil\u00addungs\u00adna\u00advi ola\u00adnak\u00adla\u00adr\u0131 g\u00f6s\u00adte\u00adrir ve fark\u00adl\u0131 okul t\u00fcr\u00adle\u00adri\u00adni a\u00e7\u0131k\u00adlar: <a href=\"http:\/\/bildungsnavi-bw.de\" target=\"_blank\" rel=\"noreferrer noopener\">http:\/\/bildungsnavi-bw.de<\/a><\/p><\/div>\n<\/div><\/div><\/div>\n<\/details>\n\n<h2 class=\"wp-block-heading has-text-color\" id=\"my-child-doesn-t-speak-german-where-can-they-go-to-school\" style=\"color:#124e71\">\u00c7ocu\u00ad\u011fum Alman\u00adca bil\u00admi\u00adyor. Nere\u00adde oku\u00adla gidebilirler?&nbsp;<\/h2>\n\n<p><strong><span style=\"color: #970773;\" class=\"stk-highlight\">\u0130lk\u00adok\u00adul<\/span><\/strong><br><strong>Hen\u00fcz Alman\u00adca bil\u00adme\u00adyen \u00e7ocuk\u00adlar<\/strong> bir oku\u00adla yer\u00adle\u015f\u00adti\u00adri\u00adlir. <em><strong>Vor\u00adbe\u00adre\u00aditungsk\u00adlas\u00adse<\/strong><\/em> (haz\u0131r\u00adl\u0131k s\u0131n\u0131\u00adf\u0131) dil \u00f6\u011fren\u00admek i\u00e7in. \u00c7ocu\u00ad\u011fu\u00adnuz yerel ilko\u00adku\u00adla gide\u00adcek\u00adtir. Bu, nere\u00adde ya\u015fa\u00add\u0131\u00ad\u011f\u0131\u00adn\u0131\u00adza ba\u011f\u00adl\u0131\u00add\u0131r. <br><strong><a href=\"https:\/\/www.karlsruhe.de\/bildung-soziales\/liste-schulen\" rel=\"noopener\">Karls\u00adru\u00adhe\u00ad\u2019\u00adde\u00adki Okul\u00adlar<\/a><\/strong>  <\/p>\n\n<h3 class=\"wp-block-heading\"><span style=\"color: #09928a;\" class=\"stk-highlight\">\u00c7ocu\u00ad\u011fu\u00admu bir oku\u00adla nas\u0131l kaydettirebilirim?<\/span><\/h3>\n\n<p><strong>\u00c7ocu\u00ad\u011fu\u00adnu\u00adzu do\u011f\u00adru\u00addan oku\u00adla kay\u00addet\u00adti\u00adrin.<\/strong>  Okul sek\u00adre\u00adter\u00adli\u00ad\u011fin\u00adden bir kay\u0131t ran\u00adde\u00advu\u00adsu al\u0131n ve \u00e7ocu\u00ad\u011fu\u00adnu\u00adzu ran\u00adde\u00advu\u00adya \u015fah\u00adsen g\u00f6t\u00fcr\u00fcn.<\/p>\n\n<p><strong><span style=\"color: #820979;\" class=\"stk-highlight\">Orta\u00adokul<\/span><\/strong><br>\u00c7ocu\u00ad\u011fu\u00adnuz <strong>11 ila 15 ya\u015f\u00adla\u00adr\u0131<\/strong> ara\u00ads\u0131n\u00adday\u00adsa ancak hen\u00fcz Alman\u00adca bil\u00admi\u00adyor\u00adsa, onu bir orta\u00adokul\u00adda <strong><em>Vor\u00adbe\u00adre\u00aditungsk\u00adlas\u00adse<\/em> <\/strong>\u2018ye <strong>(haz\u0131r\u00adl\u0131k s\u0131n\u0131\u00adf\u0131, VKL) <\/strong>kay\u00addet\u00adti\u00adre\u00adbi\u00adlir\u00adsi\u00adniz. Bunun i\u00e7in l\u00fct\u00adfen a\u015fa\u00ad\u011f\u0131\u00adda\u00adki okul\u00adlar\u00addan biri\u00adne ba\u015f\u00advu\u00adrun. \u00c7ocu\u00ad\u011fu\u00adnuz daha son\u00adra uygun bir oku\u00adla kaydedilecektir.&nbsp;<\/p>\n\n<div class=\"wp-block-ugb-columns ugb-columns ugb-37bbe50 ugb-columns--design-plain ugb-columns--columns-2 ugb-main-block\"><div class=\"ugb-inner-block\"><div class=\"ugb-block-content\"><div class=\"ugb-columns__item ugb-37bbe50-content-wrapper\">\n<div class=\"wp-block-ugb-column ugb-column ugb-2a29cd7 ugb-column--design-plain ugb-main-block\"><div class=\"ugb-inner-block\"><div class=\"ugb-block-content\"><div class=\"ugb-column__item ugb-2a29cd7-column-wrapper\"><div class=\"ugb-column__content-wrapper\">\n<p class=\"has-text-align-left\"><strong>Guten\u00adbergsc\u00adhu\u00adle (GWRS)<\/strong><br>\ud83d\udccd Goet\u00adhest\u00adra\u00ad\u00dfe 34<br>76135 Karls\u00adru\u00adhe<br>\ud83d\udce7 <a href=\"mailto:info@gutenbergschulekarlsruhe.de\">info@gutenbergschulekarlsruhe.de<\/a><br>\ud83d\udcde +49 (0)721 (0)133 \u20114674<\/p>\n<\/div><\/div><\/div><\/div><\/div>\n\n\n\n<div class=\"wp-block-ugb-column ugb-column ugb-83bfdc6 ugb-column--design-plain ugb-main-block\"><div class=\"ugb-inner-block\"><div class=\"ugb-block-content\"><div class=\"ugb-column__item ugb-83bfdc6-column-wrapper\"><div class=\"ugb-column__content-wrapper\">\n<p><strong>Pes\u00adta\u00adloz\u00adzisc\u00adhu\u00adle (GWRS)<\/strong><br>\ud83d\udccd Chris\u00adtofst\u00adra\u00ad\u00dfe 23<br>76227 Karls\u00adru\u00adhe<br>\ud83d\udce7 <a href=\"mailto:poststelle@pestalozzischule-ka.schule.bwl.de\">poststelle@pestalozzischule-ka.schule.bwl.de<\/a><br>\ud83d\udcde +49 (0)721 (0)133 \u20114707<\/p>\n<\/div><\/div><\/div><\/div><\/div>\n<\/div><\/div><\/div><\/div>\n\n<p><strong>16 ya\u015f\u0131n\u00addan b\u00fcy\u00fck gen\u00e7\u00adler<\/strong><br>16 ya\u015f\u0131n\u00addan b\u00fcy\u00fck gen\u00e7\u00adler, bir <em><strong>Vor\u00adbe\u00adre\u00aditungsk\u00adlas\u00adse<\/strong><\/em> (haz\u0131r\u00adl\u0131k s\u0131n\u0131\u00adf\u0131, VABO) bir mes\u00adlek y\u00fck\u00adse\u00adko\u00adku\u00adlun\u00adda. VABO s\u0131n\u0131f\u00adla\u00adr\u0131 gen\u00e7\u00adle\u00adri A2 ila B1 sevi\u00adye\u00adle\u00adrin\u00adde\u00adki Alman\u00adca dil s\u0131nav\u00adla\u00adr\u0131\u00adna haz\u0131r\u00adlar. Bir VABO s\u0131n\u0131\u00adf\u0131\u00adna \u00e7ev\u00adri\u00admi\u00ad\u00e7i ola\u00adrak kay\u00addo\u00adla\u00adbi\u00adlir\u00adsi\u00adniz <a href=\"https:\/\/wes.karlsruhe.de\/anmeldung\/\" rel=\"noopener\"><strong>Bura\u00adda<\/strong><\/a>   <\/p>\n\n<p>VABO der\u00adsin\u00adden son\u00adra Alman okul dip\u00adlo\u00adma\u00ads\u0131 i\u00e7in haz\u0131r\u00adla\u00adna\u00adbi\u00adlir\u00adsi\u00adniz. Mes\u00adlek y\u00fck\u00adse\u00adko\u00adkul\u00adla\u00adr\u0131 \u00e7e\u015fit\u00adli konu\u00adlar\u00adda okul bitir\u00adme ser\u00adti\u00adfi\u00adka\u00adla\u00adr\u0131 sunmaktad\u0131r.&nbsp;<\/p>\n\n<div class=\"wp-block-ugb-spacer ugb-spacer ugb-6644542 ugb-spacer--v2 ugb-main-block\"><div class=\"ugb-inner-block\"><div class=\"ugb-block-content\"><div class=\"ugb-spacer--inner\"><\/div><\/div><\/div><\/div>\n\n<h2 class=\"wp-block-heading has-text-color\" id=\"my-child-already-speaks-german-where-can-they-go-to-school\" style=\"color:#124e71\">\u00c7ocu\u00ad\u011fum zaten Alman\u00adca konu\u00ad\u015fu\u00adyor. Nere\u00adde oku\u00adla gidebilirler?&nbsp;<\/h2>\n\n<p>\u00c7ocu\u00ad\u011fu\u00adnuz Alman\u00adca konu\u00ad\u015fu\u00adyor\u00adsa ve nor\u00admal bir oku\u00adla gide\u00adbi\u00adli\u00adyor\u00adsa, <strong>do\u011f\u00adru\u00addan bir okul\u00adla ile\u00adti\u00ad\u015fi\u00adme<\/strong> ge\u00e7e\u00adbi\u00adlir\u00adsi\u00adniz. Ora\u00adda okul y\u00f6ne\u00adti\u00admi tara\u00adf\u0131n\u00addan bil\u00adgi\u00adlen\u00addi\u00adri\u00adle\u00adcek\u00adsi\u00adniz. Karls\u00adru\u00adhe\u00ad\u2019\u00adde\u00adki dev\u00adlet okul\u00adla\u00adr\u0131\u00adn\u0131n ve \u00f6zel okul\u00adla\u00adr\u0131n bir lis\u00adte\u00adsi\u00adni bula\u00adbi\u00adlir\u00adsi\u00adniz <strong><a href=\"https:\/\/www.karlsruhe.de\/bildung-soziales\/schulstadt-karlsruhe\" rel=\"noopener\">Bura\u00adda<\/a><\/strong>   <\/p>\n\n<p><strong>\ud83d\udca1<\/strong> Karls\u00adru\u00adhe\u00ad\u2019\u00adde ayr\u0131\u00adca <strong>iki dil\u00adli s\u0131n\u0131f\u00adla\u00adr\u0131 olan okul\u00adlar<\/strong> ve Alman\u00adca, \u0130ng\u00adil\u00adizce veya Fran\u00ads\u0131z\u00adca dil\u00adle\u00adrin\u00adde d\u00fczen\u00adli ders\u00adler veren bir Avru\u00adpa Oku\u00adlu bulunmaktad\u0131r.<\/p>\n\n<h3 class=\"wp-block-heading has-text-color\" id=\"what-documents-should-i-take-with-me-when-i-register\" style=\"color:#124e71\">Kay\u0131t olur\u00adken yan\u0131m\u00adda han\u00adgi bel\u00adge\u00adle\u00adri g\u00f6t\u00fcrmeliyim?<\/h3>\n\n<ul class=\"wp-block-list\">\n<li>\u00c7ocu\u00ad\u011fun do\u011fum belgesi<\/li>\n\n\n\n<li>\u00c7ocu\u00ad\u011fun pasaportu<\/li>\n\n\n\n<li>Ken\u00addi pasaportunuz<\/li>\n\n\n\n<li>Bir orta\u00adoku\u00adla kay\u0131t i\u00e7in okul rapor\u00adla\u00adr\u0131 (var\u00adsa)<\/li>\n<\/ul>\n","protected":false},"excerpt":{"rendered":"<p>\u00c7ocu\u00ad\u011fu\u00adnu\u00adzun oku\u00adla git\u00adme\u00adsi\u00adne izin veri\u00adlir ve Alman\u00adya\u00ad\u2019\u00adda ika\u00admet ettik\u00adten son\u00adra\u00adki alt\u0131 ay i\u00e7in\u00adde onu bir oku\u00adla kay\u00addet\u00adtir\u00adme\u00adniz gere\u00adkir. Oku\u00adla devam zorun\u00adlu\u00addur.\u00c7ocu\u00ad\u011fu\u00adnu\u00adzun okul se\u00e7e\u00adnek\u00adle\u00adri hak\u00adk\u0131n\u00adda bil\u00adgi edin\u00admek i\u00e7in yerel bele\u00addi\u00adye\u00adyi ziya\u00adret&nbsp;<a class=\"moretag\" href=\"https:\/\/www.anika-net.de\/tr\/varmak\/cocuklar-ve-aile\/registering-your-child-with-a-school\/\">daha faz\u00adla okuyun<\/a><\/p>\n","protected":false},"author":12,"featured_media":0,"parent":15776,"menu_order":11,"comment_status":"closed","ping_status":"closed","template":"","meta":{"_acf_changed":false,"inline_featured_image":false,"_uag_custom_page_level_css":"","wp_typography_post_enhancements_disabled":false,"footnotes":""},"class_list":["post-2677","page","type-page","status-publish","hentry"],"acf":[],"featured_image_urls_v2":{"full":"","thumbnail":"","medium":"","medium_large":"","large":"","1536x1536":"","2048x2048":"","event-overview":"","event-archive-thumb":"","grid-item-thumbnail":"","network-partner-icon":"","organiser-icon":"","gform-image-choice-sm":"","gform-image-choice-md":"","gform-image-choice-lg":""},"post_excerpt_stackable_v2":"<p>\u00c7ocu\u00ad\u011fu\u00adnu\u00adzun oku\u00adla git\u00adme\u00adsi\u00adne izin veri\u00adlir ve Alman\u00adya\u00ad\u2019\u00adda ika\u00admet ettik\u00adten son\u00adra\u00adki alt\u0131 ay i\u00e7in\u00adde onu bir oku\u00adla kay\u00addet\u00adtir\u00adme\u00adniz gere\u00adkir. Oku\u00adla devam zorun\u00adlu\u00addur.\u00c7ocu\u00ad\u011fu\u00adnu\u00adzun okul se\u00e7e\u00adnek\u00adle\u00adri hak\u00adk\u0131n\u00adda bil\u00adgi edin\u00admek i\u00e7in yerel bele\u00addi\u00adye\u00adyi ziya\u00adret edin. \u00c7ocu\u00ad\u011fu\u00adnu\u00adzun Alman\u00adca \u00f6\u011fren\u00adme\u00adsi\u00adne yar\u00add\u0131m\u00adc\u0131 ola\u00adcak s\u0131n\u0131f\u00adlar mev\u00adcut\u00adtur. Daha faz\u00adla bil\u00adgi\u00adyi bura\u00adda bula\u00adbi\u00adlir\u00adsi\u00adniz . \u0130lk\u00adok\u00adull\u00adarda kay\u0131t tarih\u00adle\u00adri Son ba\u015f\u00advu\u00adru tari\u00adhi: 30 Hazi\u00adran (\u00e7ocu\u00ad\u011fu\u00adnuz bu tari\u00adhe kadar 6 ya\u015f\u0131n\u00adda olma\u00adl\u0131\u00add\u0131r)Okul\u00addan bir mek\u00adtup ala\u00adcak\u00ads\u0131\u00adn\u0131z. E\u011fer bir tane alma\u00add\u0131y\u00adsa\u00adn\u0131z, b\u00f6l\u00adge\u00adniz\u00adde\u00adki oku\u00adla kay\u0131t yap\u00adt\u0131\u00adr\u0131n.Kay\u0131t: 15 Eyl\u00fcl 2025 Okul kay\u0131t\u00adla\u00adr\u0131\u00adna ili\u015f\u00adkin bil\u00adgi\u00adler (ilko\u00adkul) Bura\u00adda Di\u011fer okul\u00adlar i\u00e7in kay\u0131t tarih\u00adle\u00adri (orta\u00adokul\u00adlar) Kay\u0131t tarih\u00adle\u00adri 10\u201313 Mart 2025 \u2018tir. Bu tarih\u00adten bir\u00adka\u00e7 haf\u00adta veya ay \u00f6nce okul\u00adla irtibata\u2026<\/p>\n","category_list_v2":"","author_info_v2":{"name":"Andrea Ramirez","url":"https:\/\/www.anika-net.de\/tr\/author\/andrea-ramirez\/"},"comments_num_v2":"0 comments","uagb_featured_image_src":{"full":false,"thumbnail":false,"medium":false,"medium_large":false,"large":false,"1536x1536":false,"2048x2048":false,"event-overview":false,"event-archive-thumb":false,"grid-item-thumbnail":false,"network-partner-icon":false,"organiser-icon":false,"gform-image-choice-sm":false,"gform-image-choice-md":false,"gform-image-choice-lg":false},"uagb_author_info":{"display_name":"Andrea Ramirez","author_link":"https:\/\/www.anika-net.de\/tr\/author\/andrea-ramirez\/"},"uagb_comment_info":0,"uagb_excerpt":"\u00c7ocu\u00ad\u011fu\u00adnu\u00adzun oku\u00adla git\u00adme\u00adsi\u00adne izin veri\u00adlir ve Alman\u00adya\u00ad\u2019\u00adda ika\u00admet ettik\u00adten son\u00adra\u00adki alt\u0131 ay i\u00e7in\u00adde onu bir oku\u00adla kay\u00addet\u00adtir\u00adme\u00adniz gere\u00adkir. Oku\u00adla devam zorun\u00adlu\u00addur.\u00c7ocu\u00ad\u011fu\u00adnu\u00adzun okul se\u00e7e\u00adnek\u00adle\u00adri hak\u00adk\u0131n\u00adda bil\u00adgi edin\u00admek i\u00e7in yerel bele\u00addi\u00adye\u00adyi ziya\u00adret&nbsp;daha fazla okuyun","_links":{"self":[{"href":"https:\/\/www.anika-net.de\/tr\/wp-json\/wp\/v2\/pages\/2677","targetHints":{"allow":["GET"]}}],"collection":[{"href":"https:\/\/www.anika-net.de\/tr\/wp-json\/wp\/v2\/pages"}],"about":[{"href":"https:\/\/www.anika-net.de\/tr\/wp-json\/wp\/v2\/types\/page"}],"author":[{"embeddable":true,"href":"https:\/\/www.anika-net.de\/tr\/wp-json\/wp\/v2\/users\/12"}],"replies":[{"embeddable":true,"href":"https:\/\/www.anika-net.de\/tr\/wp-json\/wp\/v2\/comments?post=2677"}],"version-history":[{"count":2,"href":"https:\/\/www.anika-net.de\/tr\/wp-json\/wp\/v2\/pages\/2677\/revisions"}],"predecessor-version":[{"id":58239,"href":"https:\/\/www.anika-net.de\/tr\/wp-json\/wp\/v2\/pages\/2677\/revisions\/58239"}],"up":[{"embeddable":true,"href":"https:\/\/www.anika-net.de\/tr\/wp-json\/wp\/v2\/pages\/15776"}],"wp:attachment":[{"href":"https:\/\/www.anika-net.de\/tr\/wp-json\/wp\/v2\/media?parent=2677"}],"curies":[{"name":"wp","href":"https:\/\/api.w.org\/{rel}","templated":true}]}}