{"id":2578,"date":"2021-05-21T14:12:43","date_gmt":"2021-05-21T12:12:43","guid":{"rendered":"https:\/\/www.anika-net.de\/recognition-of-your-professional-qualifications\/"},"modified":"2023-12-19T13:48:09","modified_gmt":"2023-12-19T12:48:09","slug":"meslek-diplomasinin-taninmasi","status":"publish","type":"page","link":"https:\/\/www.anika-net.de\/tr\/varmak\/karlsruhede-calismak\/meslek-diplomasinin-taninmasi\/","title":{"rendered":"Mes\u00adlek dip\u00adlo\u00adma\u00ads\u0131\u00adn\u0131n tan\u0131nmas\u0131"},"content":{"rendered":"\n<p>Yurt\u00add\u0131\u00ad\u015f\u0131n\u00adda bir okul, mes\u00adlek e\u011fi\u00adti\u00admi veya \u00fcni\u00adver\u00adsi\u00adte \u00f6\u011fre\u00adni\u00admi tamam\u00adla\u00add\u0131\u00adn\u0131z m\u0131? B\u00f6y\u00adle durum\u00adlar\u00adda dip\u00adlo\u00adma\u00adn\u0131z Alman\u00adya\u00ad\u2019\u00adda ince\u00adle\u00adnir ve tan\u0131nabilir.<\/p>\n\n\n\n<p>E\u011fi\u00adtim g\u00f6r\u00add\u00fc\u00ad\u011f\u00fc\u00adn\u00fcz mes\u00adlek\u00adte dip\u00adlo\u00adma\u00adn\u0131\u00adz\u0131n tan\u0131n\u00adma\u00ads\u0131\u00adn\u0131n gerek\u00adli olup olma\u00add\u0131\u00ad\u011f\u0131\u00adn\u0131 inter\u00adnet\u00adte <a href=\"https:\/\/www.anerkennung-in-deutschland.de\/html\/de\/index.php\" target=\"_blank\" rel=\"noreferrer noopener\">www.anerkennung-in-deutschland.de<\/a> adre\u00adsin\u00adden \u00f6\u011frenebilirsiniz.<\/p>\n\n\n\n<p>Dip\u00adlo\u00adma tan\u0131t\u00adma, i\u015f ara\u00adma, \u00fclke\u00adye giri\u015f yap\u00adma, \u00fclke\u00adde ika\u00admet etme ve de Alman\u00adca \u00f6\u011fren\u00admek\u00adle ilgi\u00adli soru\u00adla\u00adr\u0131\u00adn\u0131\u00adz\u0131 tele\u00adfon\u00adla ara\u00adya\u00adrak Alman\u00adca ve \u0130ng\u00adil\u00adizce ola\u00adrak sora\u00adbi\u00adlir\u00adsi\u00adniz. Ser\u00advis hat\u00adt\u0131\u00adm\u0131\u00adza Pazar\u00adte\u00adsi \u2014 Cuma saat 8 \u2014 16 ara\u00ads\u0131 +49 30 1815\u20131111 \u00fcze\u00adrin\u00adden ula\u015f\u0131labilir.<\/p>\n\n\n\n<p><strong>Yaban\u00adc\u0131 okul ve mes\u00adlek dip\u00adlo\u00adma\u00adla\u00adr\u0131\u00adn\u0131n tan\u0131n\u00adma\u00ads\u0131y\u00adla ilgi\u00adli soru\u00adla\u00adr\u0131\u00adn\u0131z\u00adda IQ a\u011f\u0131\u00adna (IQ-Net\u00adz\u00adwerk) dan\u0131\u015fabilirsiniz.<\/strong><\/p>\n\n\n\n<p class=\"has-black-color has-light-green-cyan-background-color has-text-color has-background\"><strong>Ile\u00adti\u00ad\u015fim<\/strong><br><strong>Ran\u00adde\u00advu&nbsp;al\u0131n<\/strong><br><a href=\"https:\/\/www.iq-webapp.de\/anmeldung-bw\" rel=\"noopener\">https:\/\/www.iq-webapp.de\/anmeldung-bw<\/a><br>Tele\u00adfon\u00adla ran\u00adde\u00advu al\u0131\u00adna\u00adrak geli\u00adnir Tel. 0621 \/ 43 77 31 13  <strong>E\u2011posta: <\/strong><a href=\"mailto:anerkennung@ikubiz.de%20\">anerkennung@ikubiz.de<\/a> <\/p>\n\n\n\n<p class=\"has-black-color has-text-color has-background\" style=\"background-color:#e2d77f\"><strong>IQ-Net\u00adwork at the Arbe\u00adit\u00adsa\u00adgen\u00adtur Karls\u00adru\u00adhe-Ras\u00adtatt<\/strong><br>Arbe\u00adit\u00adsa\u00adgen\u00adtur Karls\u00adru\u00adhe-Ras\u00adtatt, Beruf\u00adsin\u00adfor\u00adma\u00adti\u00adons\u00adzent\u00adrum (BiZ)<br>Bra\u00adu\u00aderstr. 10<br>76135 Karls\u00adru\u00adhe<br><strong>Inter\u00adnet:<\/strong><a href=\"http:\/\/www.arbeitsagentur.de\/vor-ort\/karlsruhe-rastatt\/anerkennungsberatung\" target=\"_blank\" rel=\"noreferrer noopener\"> www.arbeitsagentur.de\/vor-ort\/karlsruhe-rastatt\/anerkennungsberatung<\/a><\/p>\n\n\n\n<p class=\"has-black-color has-text-color has-background\" style=\"background-color:#9ac6da\"><strong>IQ-Net\u00adwork at the IBZ<\/strong><br>Kaise\u00adral\u00adlee 12d<br>76133 Karls\u00adru\u00adhe<br><strong>Inter\u00adnet<\/strong>: https:\/\/www.anika-net.de\/tr\/event\/yabanci-mesleki-yeterliliklerin-taninmasi\/<\/p>\n","protected":false},"excerpt":{"rendered":"<p>Yurt\u00add\u0131\u00ad\u015f\u0131n\u00adda bir okul, mes\u00adlek e\u011fi\u00adti\u00admi veya \u00fcni\u00adver\u00adsi\u00adte \u00f6\u011fre\u00adni\u00admi tamam\u00adla\u00add\u0131\u00adn\u0131z m\u0131? B\u00f6y\u00adle durum\u00adlar\u00adda dip\u00adlo\u00adma\u00adn\u0131z Alman\u00adya\u00ad\u2019\u00adda ince\u00adle\u00adnir ve tan\u0131\u00adna\u00adbi\u00adlir. E\u011fi\u00adtim g\u00f6r\u00add\u00fc\u00ad\u011f\u00fc\u00adn\u00fcz mes\u00adlek\u00adte dip\u00adlo\u00adma\u00adn\u0131\u00adz\u0131n tan\u0131n\u00adma\u00ads\u0131\u00adn\u0131n gerek\u00adli olup olma\u00add\u0131\u00ad\u011f\u0131\u00adn\u0131 inter\u00adnet\u00adte www.anerkennung-in-deutschland.de adre\u00adsin\u00adden \u00f6\u011fre\u00adne\u00adbi\u00adlir\u00adsi\u00adniz. Dip\u00adlo\u00adma&nbsp;<a class=\"moretag\" href=\"https:\/\/www.anika-net.de\/tr\/varmak\/karlsruhede-calismak\/meslek-diplomasinin-taninmasi\/\">daha faz\u00adla okuyun<\/a><\/p>\n","protected":false},"author":1,"featured_media":0,"parent":15762,"menu_order":0,"comment_status":"closed","ping_status":"closed","template":"","meta":{"_acf_changed":false,"inline_featured_image":false,"_uag_custom_page_level_css":"","wp_typography_post_enhancements_disabled":false,"footnotes":""},"class_list":["post-2578","page","type-page","status-publish","hentry"],"acf":[],"featured_image_urls_v2":{"full":"","thumbnail":"","medium":"","medium_large":"","large":"","1536x1536":"","2048x2048":"","event-overview":"","event-archive-thumb":"","grid-item-thumbnail":"","network-partner-icon":"","organiser-icon":"","gform-image-choice-sm":"","gform-image-choice-md":"","gform-image-choice-lg":""},"post_excerpt_stackable_v2":"<p>Yurt\u00add\u0131\u00ad\u015f\u0131n\u00adda bir okul, mes\u00adlek e\u011fi\u00adti\u00admi veya \u00fcni\u00adver\u00adsi\u00adte \u00f6\u011fre\u00adni\u00admi tamam\u00adla\u00add\u0131\u00adn\u0131z m\u0131? B\u00f6y\u00adle durum\u00adlar\u00adda dip\u00adlo\u00adma\u00adn\u0131z Alman\u00adya\u00ad\u2019\u00adda ince\u00adle\u00adnir ve tan\u0131\u00adna\u00adbi\u00adlir. E\u011fi\u00adtim g\u00f6r\u00add\u00fc\u00ad\u011f\u00fc\u00adn\u00fcz mes\u00adlek\u00adte dip\u00adlo\u00adma\u00adn\u0131\u00adz\u0131n tan\u0131n\u00adma\u00ads\u0131\u00adn\u0131n gerek\u00adli olup olma\u00add\u0131\u00ad\u011f\u0131\u00adn\u0131 inter\u00adnet\u00adte www.anerkennung-in-deutschland.de adre\u00adsin\u00adden \u00f6\u011fre\u00adne\u00adbi\u00adlir\u00adsi\u00adniz. Dip\u00adlo\u00adma tan\u0131t\u00adma, i\u015f ara\u00adma, \u00fclke\u00adye giri\u015f yap\u00adma, \u00fclke\u00adde ika\u00admet etme ve de Alman\u00adca \u00f6\u011fren\u00admek\u00adle ilgi\u00adli soru\u00adla\u00adr\u0131\u00adn\u0131\u00adz\u0131 tele\u00adfon\u00adla ara\u00adya\u00adrak Alman\u00adca ve \u0130ng\u00adil\u00adizce ola\u00adrak sora\u00adbi\u00adlir\u00adsi\u00adniz. Ser\u00advis hat\u00adt\u0131\u00adm\u0131\u00adza Pazar\u00adte\u00adsi \u2014 Cuma saat 8 \u2014 16 ara\u00ads\u0131 +49 30 1815\u20131111 \u00fcze\u00adrin\u00adden ula\u00ad\u015f\u0131\u00adla\u00adbi\u00adlir. Yaban\u00adc\u0131 okul ve mes\u00adlek dip\u00adlo\u00adma\u00adla\u00adr\u0131\u00adn\u0131n tan\u0131n\u00adma\u00ads\u0131y\u00adla ilgi\u00adli soru\u00adla\u00adr\u0131\u00adn\u0131z\u00adda IQ a\u011f\u0131\u00adna (IQ-Net\u00ad\u00ad\u00adz\u00ad\u00adwerk) dan\u0131\u00ad\u015fa\u00adbi\u00adlir\u00adsi\u00adniz. Ile\u00adti\u00ad\u015fimRan\u00adde\u00advu&nbsp;al\u0131nhttps:\/\/www.iq-webapp.de\/anmeldung-bwTele\u00adfon\u00adla ran\u00adde\u00advu al\u0131\u00adna\u00adrak geli\u00adnir Tel. 0621 \/ 43 77 31 13 E\u2011posta: anerkennung@ikubiz.de IQ-Net\u00ad\u00adwork at the Arbe\u00adit\u00adsa\u00adgen\u00adtur Karl\u00ads\u00ad\u00ad\u00adru\u00ad\u00ad\u00adhe-Ras\u00ad\u00ad\u00adtat\u00adtAr\u00adbe\u00ad\u00adi\u00adt\u00ad\u00ad\u00adsa\u00ad\u00ad\u00adge\u00adn\u00ad\u00ad\u00adtur Karl\u00ads\u00ad\u00ad\u00adru\u00ad\u00ad\u00adhe-Ras\u00ad\u00ad\u00adtatt, Beruf\u00adsin\u00adfor\u00adma\u00adti\u00adons\u00adzent\u00adrum (BiZ)Bra\u00adu\u00aderstr.\u2026<\/p>\n","category_list_v2":"","author_info_v2":{"name":"saasweb-admin","url":"https:\/\/www.anika-net.de\/tr\/author\/saasweb-admin\/"},"comments_num_v2":"0 comments","uagb_featured_image_src":{"full":false,"thumbnail":false,"medium":false,"medium_large":false,"large":false,"1536x1536":false,"2048x2048":false,"event-overview":false,"event-archive-thumb":false,"grid-item-thumbnail":false,"network-partner-icon":false,"organiser-icon":false,"gform-image-choice-sm":false,"gform-image-choice-md":false,"gform-image-choice-lg":false},"uagb_author_info":{"display_name":"saasweb-admin","author_link":"https:\/\/www.anika-net.de\/tr\/author\/saasweb-admin\/"},"uagb_comment_info":0,"uagb_excerpt":"Yurt\u00add\u0131\u00ad\u015f\u0131n\u00adda bir okul, mes\u00adlek e\u011fi\u00adti\u00admi veya \u00fcni\u00adver\u00adsi\u00adte \u00f6\u011fre\u00adni\u00admi tamam\u00adla\u00add\u0131\u00adn\u0131z m\u0131? B\u00f6y\u00adle durum\u00adlar\u00adda dip\u00adlo\u00adma\u00adn\u0131z Alman\u00adya\u00ad\u2019\u00adda ince\u00adle\u00adnir ve tan\u0131nabilir. E\u011fi\u00adtim g\u00f6r\u00add\u00fc\u00ad\u011f\u00fc\u00adn\u00fcz mes\u00adlek\u00adte dip\u00adlo\u00adma\u00adn\u0131\u00adz\u0131n tan\u0131n\u00adma\u00ads\u0131\u00adn\u0131n gerek\u00adli olup olma\u00add\u0131\u00ad\u011f\u0131\u00adn\u0131 inter\u00adnet\u00adte www.anerkennung-in-deutschland.de adre\u00adsin\u00adden \u00f6\u011frenebilirsiniz. Dip\u00adlo\u00adma&nbsp;daha fazla okuyun","_links":{"self":[{"href":"https:\/\/www.anika-net.de\/tr\/wp-json\/wp\/v2\/pages\/2578","targetHints":{"allow":["GET"]}}],"collection":[{"href":"https:\/\/www.anika-net.de\/tr\/wp-json\/wp\/v2\/pages"}],"about":[{"href":"https:\/\/www.anika-net.de\/tr\/wp-json\/wp\/v2\/types\/page"}],"author":[{"embeddable":true,"href":"https:\/\/www.anika-net.de\/tr\/wp-json\/wp\/v2\/users\/1"}],"replies":[{"embeddable":true,"href":"https:\/\/www.anika-net.de\/tr\/wp-json\/wp\/v2\/comments?post=2578"}],"version-history":[{"count":0,"href":"https:\/\/www.anika-net.de\/tr\/wp-json\/wp\/v2\/pages\/2578\/revisions"}],"up":[{"embeddable":true,"href":"https:\/\/www.anika-net.de\/tr\/wp-json\/wp\/v2\/pages\/15762"}],"wp:attachment":[{"href":"https:\/\/www.anika-net.de\/tr\/wp-json\/wp\/v2\/media?parent=2578"}],"curies":[{"name":"wp","href":"https:\/\/api.w.org\/{rel}","templated":true}]}}