{"id":2564,"date":"2021-05-21T14:11:25","date_gmt":"2021-05-21T12:11:25","guid":{"rendered":"https:\/\/www.anika-net.de\/registering-for-tv-and-radio-licence-fee\/"},"modified":"2021-10-05T10:56:07","modified_gmt":"2021-10-05T08:56:07","slug":"radyo-televizyon-katki-payi-kaydi","status":"publish","type":"page","link":"https:\/\/www.anika-net.de\/tr\/varmak\/konaklama\/radyo-televizyon-katki-payi-kaydi\/","title":{"rendered":"Rad\u00adyo tele\u00adviz\u00adyon kat\u00adk\u0131 pay\u0131&nbsp;kayd\u0131"},"content":{"rendered":"\n<p><strong>Nedir? <\/strong>Alman\u00adya\u00ad\u2019\u00adda bir rad\u00adyo, tele\u00adviz\u00adyon veya bil\u00adgi\u00adsa\u00adya\u00adr\u0131 olan her 18 ya\u015f \u00fcze\u00adri vatan\u00adda\u015f <strong>rad\u00adyo tele\u00adviz\u00adyon kat\u00adk\u0131 pay\u0131<\/strong> <em>(Rund\u00adfunk\u00adbe\u00adit\u00adrag)<\/em> \u00f6de\u00admek zorun\u00adda\u00add\u0131r. Kamu\u00adsal rad\u00adyo ve tele\u00adviz\u00adyon yay\u0131n\u00adla\u00adr\u0131 bu kat\u00adk\u0131 pay\u0131y\u00adla desteklenmektedir.<\/p>\n\n\n\n<p class=\"has-black-color has-light-green-cyan-background-color has-text-color has-background\">\u00d6rne\u00ad\u011fin ARD, ZDF veya SWR gibi kamu-hukuk\u00adsal kanal\u00adlar taraf\u00ads\u0131z, objek\u00adtif ve par\u00adti\u00adler \u00fcst\u00fc med\u00adya haber yay\u0131n\u00adla\u00adr\u0131 yap\u00admak\u00adla y\u00fck\u00fcm\u00adl\u00fc\u00add\u00fcr\u00adler. Bu y\u00fcz\u00adden rad\u00adyo tele\u00adviz\u00adyon kat\u00adk\u0131 pay\u0131, demok\u00adra\u00adsi\u00admiz i\u00e7in \u00f6nem\u00adli olan \u00f6zg\u00fcr bir bas\u0131\u00adn\u0131 desteklemektedir.<\/p>\n\n\n\n<p><strong>Kat\u00adk\u0131 pay\u0131 ne kadar? <\/strong>Rad\u00adyo tele\u00adviz\u00adyon kat\u00adk\u0131 pay\u0131 \u015fu an konut ba\u015f\u0131\u00adna ayda 17,50 Euro veya \u00fc\u00e7 ayda bir 52,50 Euro tuta\u00adr\u0131n\u00adda\u00add\u0131r \u2013 konut i\u00e7in\u00adde otu\u00adran ki\u015fi\u00adle\u00adrin ve konut i\u00e7in\u00adde\u00adki cihaz\u00adla\u00adr\u0131n say\u0131\u00ads\u0131\u00adna bak\u0131l\u00admaz. Rad\u00adyo tele\u00adviz\u00adyon kat\u00adk\u0131 pay\u0131\u00adn\u0131 ika\u00admet kay\u00add\u0131\u00adn\u0131 yap\u00adt\u0131r\u00add\u0131\u00ad\u011f\u0131\u00adn\u0131z ilk aydan iti\u00adba\u00adren \u00f6de\u00admek zorundas\u0131n\u0131z.<\/p>\n\n\n\n<p>Belir\u00adli grup\u00adta\u00adki insan\u00adlar, \u00f6rne\u00ad\u011fin sos\u00adyal yar\u00add\u0131m alan\u00adlar veya engel\u00adli ki\u015fi\u00adler rad\u00adyo tele\u00adviz\u00adyon kat\u00adk\u0131 pay\u0131 \u00f6de\u00admek zorun\u00adda de\u011fil\u00addir veya bu ki\u015fi\u00adler i\u00e7in indi\u00adrim\u00adli bir mik\u00adtar ge\u00e7er\u00adli\u00addir. Sizin i\u00e7in bu husus\u00adlar ge\u00e7er\u00adliy\u00adse, bil\u00adgi almak i\u00e7in ba\u015f\u00advu\u00adru\u00adda bulununuz!<\/p>\n\n\n\n<p><strong>Nas\u0131l kay\u00addo\u00adla\u00adbi\u00adli\u00adrim? <\/strong>Kay\u0131t for\u00adm\u00fc\u00adle\u00adri\u00adni onli\u00adne ola\u00adrak <a href=\"https:\/\/www.rundfunkbeitrag.de\/\" target=\"_blank\" rel=\"noreferrer noopener\">www.rundfunkbeitrag.de<\/a> adre\u00adsin\u00adde bula\u00adbi\u00adlir\u00adsi\u00adniz. L\u00fct\u00adfen bu for\u00admu dol\u00addu\u00adrul\u00admu\u015f ve imza\u00adlan\u00adm\u0131\u015f ola\u00adrak gerek\u00adli olan bel\u00adge\u00adler\u00adle bir\u00adlik\u00adte \u201c<strong>ARD ZDF Deutsch\u00adland\u00adra\u00addio, Beit\u00adrags\u00adser\u00advi\u00adce<\/strong>, 50656 K\u00f6ln\u201d adre\u00adsi\u00adne g\u00f6nderiniz.<\/p>\n","protected":false},"excerpt":{"rendered":"<p>Nedir? Alman\u00adya\u00ad\u2019\u00adda bir rad\u00adyo, tele\u00adviz\u00adyon veya bil\u00adgi\u00adsa\u00adya\u00adr\u0131 olan her 18 ya\u015f \u00fcze\u00adri vatan\u00adda\u015f rad\u00adyo tele\u00adviz\u00adyon kat\u00adk\u0131 pay\u0131 (Rund\u00adfunk\u00adbe\u00adit\u00adrag) \u00f6de\u00admek zorun\u00adda\u00add\u0131r. Kamu\u00adsal rad\u00adyo ve tele\u00adviz\u00adyon yay\u0131n\u00adla\u00adr\u0131 bu kat\u00adk\u0131 pay\u0131y\u00adla des\u00adtek\u00adlen\u00admek\u00adte\u00addir. \u00d6rne\u00ad\u011fin&nbsp;<a class=\"moretag\" href=\"https:\/\/www.anika-net.de\/tr\/varmak\/konaklama\/radyo-televizyon-katki-payi-kaydi\/\">daha faz\u00adla okuyun<\/a><\/p>\n","protected":false},"author":1,"featured_media":0,"parent":15705,"menu_order":43,"comment_status":"closed","ping_status":"closed","template":"","meta":{"_acf_changed":false,"inline_featured_image":false,"_uag_custom_page_level_css":"","wp_typography_post_enhancements_disabled":false,"footnotes":""},"class_list":["post-2564","page","type-page","status-publish","hentry"],"acf":[],"featured_image_urls_v2":{"full":"","thumbnail":"","medium":"","medium_large":"","large":"","1536x1536":"","2048x2048":"","event-overview":"","event-archive-thumb":"","grid-item-thumbnail":"","network-partner-icon":"","organiser-icon":"","gform-image-choice-sm":"","gform-image-choice-md":"","gform-image-choice-lg":""},"post_excerpt_stackable_v2":"<p>Nedir? Alman\u00adya\u00ad\u2019\u00adda bir rad\u00adyo, tele\u00adviz\u00adyon veya bil\u00adgi\u00adsa\u00adya\u00adr\u0131 olan her 18 ya\u015f \u00fcze\u00adri vatan\u00adda\u015f rad\u00adyo tele\u00adviz\u00adyon kat\u00adk\u0131 pay\u0131 (Rund\u00adfunk\u00adbe\u00adit\u00adrag) \u00f6de\u00admek zorun\u00adda\u00add\u0131r. Kamu\u00adsal rad\u00adyo ve tele\u00adviz\u00adyon yay\u0131n\u00adla\u00adr\u0131 bu kat\u00adk\u0131 pay\u0131y\u00adla des\u00adtek\u00adlen\u00admek\u00adte\u00addir. \u00d6rne\u00ad\u011fin ARD, ZDF veya SWR gibi kamu-huku\u00adk\u00ad\u00ad\u00adsal kanal\u00adlar taraf\u00ads\u0131z, objek\u00adtif ve par\u00adti\u00adler \u00fcst\u00fc med\u00adya haber yay\u0131n\u00adla\u00adr\u0131 yap\u00admak\u00adla y\u00fck\u00fcm\u00adl\u00fc\u00add\u00fcr\u00adler. Bu y\u00fcz\u00adden rad\u00adyo tele\u00adviz\u00adyon kat\u00adk\u0131 pay\u0131, demok\u00adra\u00adsi\u00admiz i\u00e7in \u00f6nem\u00adli olan \u00f6zg\u00fcr bir bas\u0131\u00adn\u0131 des\u00adtek\u00adle\u00admek\u00adte\u00addir. Kat\u00adk\u0131 pay\u0131 ne kadar? Rad\u00adyo tele\u00adviz\u00adyon kat\u00adk\u0131 pay\u0131 \u015fu an konut ba\u015f\u0131\u00adna ayda 17,50 Euro veya \u00fc\u00e7 ayda bir 52,50 Euro tuta\u00adr\u0131n\u00adda\u00add\u0131r \u2013 konut i\u00e7in\u00adde otu\u00adran ki\u015fi\u00adle\u00adrin ve konut i\u00e7in\u00adde\u00adki cihaz\u00adla\u00adr\u0131n say\u0131\u00ads\u0131\u00adna bak\u0131l\u00admaz. Rad\u00adyo tele\u00adviz\u00adyon kat\u00adk\u0131 pay\u0131\u00adn\u0131 ika\u00admet kayd\u0131n\u0131\u2026<\/p>\n","category_list_v2":"","author_info_v2":{"name":"saasweb-admin","url":"https:\/\/www.anika-net.de\/tr\/author\/saasweb-admin\/"},"comments_num_v2":"0 comments","uagb_featured_image_src":{"full":false,"thumbnail":false,"medium":false,"medium_large":false,"large":false,"1536x1536":false,"2048x2048":false,"event-overview":false,"event-archive-thumb":false,"grid-item-thumbnail":false,"network-partner-icon":false,"organiser-icon":false,"gform-image-choice-sm":false,"gform-image-choice-md":false,"gform-image-choice-lg":false},"uagb_author_info":{"display_name":"saasweb-admin","author_link":"https:\/\/www.anika-net.de\/tr\/author\/saasweb-admin\/"},"uagb_comment_info":0,"uagb_excerpt":"Nedir? Alman\u00adya\u00ad\u2019\u00adda bir rad\u00adyo, tele\u00adviz\u00adyon veya bil\u00adgi\u00adsa\u00adya\u00adr\u0131 olan her 18 ya\u015f \u00fcze\u00adri vatan\u00adda\u015f rad\u00adyo tele\u00adviz\u00adyon kat\u00adk\u0131 pay\u0131 (Rund\u00adfunk\u00adbe\u00adit\u00adrag) \u00f6de\u00admek zorun\u00adda\u00add\u0131r. Kamu\u00adsal rad\u00adyo ve tele\u00adviz\u00adyon yay\u0131n\u00adla\u00adr\u0131 bu kat\u00adk\u0131 pay\u0131y\u00adla desteklenmektedir. \u00d6rne\u00ad\u011fin&nbsp;daha fazla okuyun","_links":{"self":[{"href":"https:\/\/www.anika-net.de\/tr\/wp-json\/wp\/v2\/pages\/2564","targetHints":{"allow":["GET"]}}],"collection":[{"href":"https:\/\/www.anika-net.de\/tr\/wp-json\/wp\/v2\/pages"}],"about":[{"href":"https:\/\/www.anika-net.de\/tr\/wp-json\/wp\/v2\/types\/page"}],"author":[{"embeddable":true,"href":"https:\/\/www.anika-net.de\/tr\/wp-json\/wp\/v2\/users\/1"}],"replies":[{"embeddable":true,"href":"https:\/\/www.anika-net.de\/tr\/wp-json\/wp\/v2\/comments?post=2564"}],"version-history":[{"count":0,"href":"https:\/\/www.anika-net.de\/tr\/wp-json\/wp\/v2\/pages\/2564\/revisions"}],"up":[{"embeddable":true,"href":"https:\/\/www.anika-net.de\/tr\/wp-json\/wp\/v2\/pages\/15705"}],"wp:attachment":[{"href":"https:\/\/www.anika-net.de\/tr\/wp-json\/wp\/v2\/media?parent=2564"}],"curies":[{"name":"wp","href":"https:\/\/api.w.org\/{rel}","templated":true}]}}