{"id":2560,"date":"2021-05-21T14:11:02","date_gmt":"2021-05-21T12:11:02","guid":{"rendered":"https:\/\/www.anika-net.de\/applying-for-housing-benefits\/"},"modified":"2025-07-15T13:26:05","modified_gmt":"2025-07-15T11:26:05","slug":"kira-yardimi","status":"publish","type":"page","link":"https:\/\/www.anika-net.de\/tr\/varmak\/konaklama\/kira-yardimi\/","title":{"rendered":"Konut yar\u00add\u0131\u00adm\u0131 i\u00e7in ba\u015fvurun"},"content":{"rendered":"\n<h4 class=\"wp-block-heading\"><strong><em>\ud83c\udfe0<\/em><\/strong> <strong><em>D\u00fc\u015f\u00fck gelir\u00adli ki\u015fi\u00adler i\u00e7in kira s\u00fcbvansiyonu<\/em><\/strong><\/h4>\n\n<p>D\u00fc\u015f\u00fck gelir\u00adli ki\u015fi\u00adler <strong>konut yar\u00add\u0131\u00adm\u0131 (<strong><em>Wohn\u00adgeld<\/em>)<\/strong><\/strong> i\u00e7in ba\u015f\u00advu\u00adra\u00adbi\u00adlir\u00adler. Bu, <strong>kira\u00adn\u0131\u00adz\u0131 s\u00fcb\u00advan\u00adse<\/strong> eden bir \u00f6de\u00adme\u00addir.<br>Konu\u00adtu\u00adnu\u00adzu \u00f6de\u00admek i\u00e7in yeter\u00adli geli\u00adri\u00adniz yok\u00adsa konut yar\u00add\u0131\u00adm\u0131 al\u0131r\u00ads\u0131\u00adn\u0131z. Kira\u00adc\u0131\u00adlar i\u00e7in yap\u0131\u00adlan konut yar\u00add\u0131\u00adm\u0131\u00adna kira yar\u00add\u0131\u00adm\u0131, ev sahip\u00adle\u00adri i\u00e7in yap\u0131\u00adlan konut yar\u00add\u0131\u00adm\u0131\u00adna ise ipo\u00adtek yar\u00add\u0131\u00adm\u0131&nbsp;denir.&nbsp;<\/p>\n\n<p><strong>Mik\u00adtar:<\/strong><br>Birey\u00adsel duru\u00adma g\u00f6re de\u011fi\u00ad\u015fir.<br>Hane hal\u00adk\u0131 b\u00fcy\u00fck\u00adl\u00fc\u00ad\u011f\u00fc\u00adne, geli\u00adre ve kira veya \u00fccret\u00adle\u00adre dayan\u0131r.<\/p>\n\n<p><strong>S\u00fcre:<\/strong><br>Genel\u00adlik\u00adle 12&nbsp;ayd\u0131r.<\/p>\n\n<p>M\u00fcn\u00adfe\u00adrit durum\u00adlar\u00adda bu s\u00fcre daha uzun ya da daha k\u0131sa ola\u00adbi\u00adlir.<br>Bu s\u00fcre\u00adden son\u00adra konut yar\u00add\u0131\u00adm\u0131 alma\u00adya devam etmek isti\u00adyor\u00adsa\u00adn\u0131z, yeni\u00adden ba\u015f\u00advu\u00adru\u00adda bulun\u00adma\u00adn\u0131z gerekir.<\/p>\n\n<details class=\"wp-block-stackable-accordion stk-block-accordion stk-inner-blocks stk-block-content stk-block stk-97401e7 is-style-default\" data-block-id=\"97401e7\">\n<summary class=\"wp-block-stackable-column stk-block-column stk-column stk-block stk-ec3d4c4 stk--container-small stk-block-accordion__heading\" data-v=\"4\" data-block-id=\"ec3d4c4\"><div class=\"stk-column-wrapper stk-block-column__content stk-container stk-ec3d4c4-container stk-hover-parent\"><div class=\"stk-block-content stk-inner-blocks stk-ec3d4c4-inner-blocks\">\n<div class=\"wp-block-stackable-icon-label stk-block-icon-label stk-block stk-061f3bd\" data-block-id=\"061f3bd\"><div class=\"stk-row stk-inner-blocks stk-block-content\">\n<div class=\"wp-block-stackable-heading stk-block-heading stk-block-heading--v2 stk-block stk-41c071a\" id=\"span-style-color-158-b-83-class-stk-highlight-prerequisites-span\" data-block-id=\"41c071a\"><h4 class=\"stk-block-heading__text\"><span style=\"color: #158b83;\" class=\"stk-highlight\">\u00d6n Ko\u015ful\u00adlar<\/span><\/h4><\/div>\n\n\n\n<div class=\"wp-block-stackable-icon stk-block-icon stk-block stk-ad14b10\" data-block-id=\"ad14b10\"><span class=\"stk--svg-wrapper\"><div class=\"stk--inner-svg\"><svg style=\"height:0;width:0\"><defs><linearGradient id=\"linear-gradient-ad14b10\" x1=\"0\" x2=\"100%\" y1=\"0\" y2=\"0\"><stop offset=\"0%\" style=\"stop-opacity:1;stop-color:var(--linear-gradient-ad-14-b-10-color-1)\" \/><stop offset=\"100%\" style=\"stop-opacity:1;stop-color:var(--linear-gradient-ad-14-b-10-color-2)\" \/><\/linearGradient><\/defs><\/svg><svg data-prefix=\"fas\" data-icon=\"chevron-down\" class=\"svg-inline--fa fa-chevron-down fa-w-14\" viewBox=\"0 0 448 512\" aria-hidden=\"true\" width=\"32\" height=\"32\"><path fill=\"currentColor\" d=\"M207.029 381.476L12.686 187.132c-9.373-9.373-9.373-24.569 0-33.941l22.667-22.667c9.357-9.357 24.522-9.375 33.901-.04L224 284.505l154.745-154.021c9.379-9.335 24.544-9.317 33.901.04l22.667 22.667c9.373 9.373 9.373 24.569 0 33.941L240.971 381.476c-9.373 9.372-24.569 9.372-33.942 0z\" \/><\/svg><\/div><\/span><\/div>\n<\/div><\/div>\n<\/div><\/div><\/summary>\n\n\n\n<div class=\"wp-block-stackable-column stk-block-column stk-column stk-block stk-d453f4a stk-block-accordion__content\" data-v=\"4\" data-block-id=\"d453f4a\"><div class=\"stk-column-wrapper stk-block-column__content stk-container stk-d453f4a-container stk--no-background stk--no-padding\"><div class=\"stk-block-content stk-inner-blocks stk-d453f4a-inner-blocks\">\n<div class=\"wp-block-stackable-text stk-block-text stk-block stk-17a8b1c\" data-block-id=\"17a8b1c\"><p class=\"stk-block-text__text\">\ud83c\udfe0 A\u015fa\u00ad\u011f\u0131\u00adda\u00adki durum\u00adlar\u00adda konut yar\u00add\u0131\u00adm\u0131 alabilirsiniz:<\/p><\/div>\n\n\n\n<ul class=\"wp-block-list\">\n<li><strong>Top\u00adlam geli\u00adri\u00adniz<\/strong> \u00e7ok y\u00fck\u00adsek&nbsp;de\u011fil.<\/li>\n\n\n\n<li>Gelir, <strong>Gelir Ver\u00adgi\u00adsi Kanu\u00adnu\u00adna<\/strong> g\u00f6re hesap\u00adla\u00adn\u0131r. \u00d6nem\u00adli olan ne kadar <strong>ver\u00adgi\u00adye tabi gelir<\/strong> iniz oldu\u00ad\u011fu\u00addur. Baz\u0131 <strong>ver\u00adgi\u00adden muaf gelir<\/strong> ler de dahildir.&nbsp;<\/li>\n\n\n\n<li>Kira\u00adn\u0131\u00adz\u0131 ken\u00addi\u00adniz \u00f6der\u00adsi\u00adniz. Kira\u00adn\u0131\u00adz\u0131 bir ba\u015f\u00adka\u00ads\u0131 (\u00f6rne\u00ad\u011fin bir i\u015fye\u00adri) \u00f6d\u00fc\u00adyor\u00adsa, konut yar\u00add\u0131\u00adm\u0131 alamazs\u0131n\u0131z.&nbsp;<\/li>\n<\/ul>\n\n\n\n<p>\u274c <strong>Kim\u00adler konut yar\u00add\u0131\u00adm\u0131 ala\u00admaz?<\/strong><br>\u00d6rne\u00ad\u011fin hali\u00adha\u00adz\u0131r\u00adda ba\u015f\u00adka dev\u00adlet yar\u00add\u0131m\u00adla\u00adr\u0131 alan ki\u015fi\u00adler konut yar\u00add\u0131\u00adm\u0131 alamaz:<\/p>\n\n\n\n<ul class=\"wp-block-list\">\n<li><strong>Vatan\u00adda\u015f\u00adl\u0131k \u00f6de\u00adne\u00ad\u011fi<\/strong> \u2014 <em>B\u00fcr\u00adger\u00adgeld<\/em> (eski ad\u0131y\u00adla i\u015fsiz\u00adlik para\u00ads\u0131 II veya sos\u00adyal yard\u0131m)<\/li>\n\n\n\n<li>Vatan\u00adda\u015f\u00adl\u0131k \u00f6de\u00adne\u00ad\u011fi ile ayn\u0131 mik\u00adtar\u00adda ge\u00e7i\u015f \u00f6de\u00adne\u00ad\u011fi veya yara\u00adlan\u00adma yard\u0131m\u0131<\/li>\n\n\n\n<li>Staj\u00adyer\u00adler veya \u00f6\u011fren\u00adci\u00adler i\u00e7in <strong>kira yar\u00add\u0131m\u00adla\u00adr\u0131<\/strong> <\/li>\n\n\n\n<li><strong>Ya\u015f\u00adl\u0131\u00adl\u0131k\u00adta<\/strong> veya \u00e7al\u0131\u015f\u00adma kapa\u00adsi\u00adte\u00adsi\u00adnin azal\u00adma\u00ads\u0131 duru\u00admun\u00adda <strong>temel gelir des\u00adte\u00ad\u011fi<\/strong> <\/li>\n\n\n\n<li><strong>Ya\u015fam gider\u00adle\u00adri i\u00e7in yard\u0131m<\/strong><\/li>\n\n\n\n<li><strong>Bak\u0131m evle\u00adrin\u00adde<\/strong> yemek ve konak\u00adla\u00adma i\u00e7in \u00f6de\u00adme yap\u0131\u00adl\u0131\u00adyor\u00adsa <strong>yar\u00add\u0131m<\/strong> <\/li>\n\n\n\n<li>S\u0131\u011f\u0131n\u00adma\u00adc\u0131\u00adla\u00adra Sa\u011f\u00adla\u00adnan Yar\u00add\u0131m\u00adlar Yasa\u00ads\u0131 kap\u00adsa\u00adm\u0131n\u00adda\u00adki yard\u0131mlar<\/li>\n\n\n\n<li>Hane\u00adde sade\u00adce bu ki\u015fi\u00adler ya\u015f\u0131\u00adyor\u00adsa, <strong>\u00e7ocuk ve gen\u00e7\u00adle\u00adrin refa\u00adh\u0131<\/strong>.<\/li>\n<\/ul>\n<\/div><\/div><\/div>\n<\/details>\n\n<h2 class=\"wp-block-heading\">\ud83d\udcdd Onli\u00adne ba\u015f\u00advu\u00adru \u2014 <span style=\"color: #158b83;\" class=\"stk-highlight\">konut yar\u00add\u0131\u00adm\u0131 ba\u015fvurusu<\/span><\/h2>\n\n<p><strong> <a href=\"https:\/\/www.service-bw.de\/onlineantraege\/onlineantrag?prozessKey=m40191.wgeld&amp;regionIds=1919&amp;regionName=Karlsruhe&amp;ags=08212000&amp;leistungId=96&amp;processIntegrationName=karlsruhe\" rel=\"noopener\">Form dol\u00addur\u00adma yar\u00add\u0131\u00adm\u0131 ile konut yar\u00add\u0131\u00adm\u0131 (kira yar\u00add\u0131\u00adm\u0131) ba\u015f\u00advu\u00adru\u00adsu (onli\u00adne ba\u015f\u00advu\u00adru)<\/a><\/strong><br>Onli\u00adne ba\u015f\u00advu\u00adru, <strong> for\u00admun<\/strong> <strong>pos\u00adta ile g\u00f6n\u00adde\u00adril\u00adme\u00adsi gerek\u00admez<\/strong>.<\/p>\n\n<p><strong><a href=\"https:\/\/pdf.form-solutions.net:443\/metaform\/Form-Solutions\/sid\/assistant\/565c2cc50cf2c8af88350bdf\" rel=\"noopener\">Tamam\u00adla\u00adma yar\u00add\u0131\u00adm\u0131 ile konut yar\u00add\u0131\u00adm\u0131 (kira yar\u00add\u0131\u00adm\u0131) ba\u015f\u00advu\u00adru\u00adsu (for\u00admu yaz\u00add\u0131\u00adr\u0131n)<\/a><\/strong><br>Form <strong>imza\u00adlan\u00adma\u00adl\u0131 ve pos\u00adta yoluy\u00adla g\u00f6n\u00adde\u00adril\u00adme\u00adli\u00addir<\/strong>.<\/p>\n\n<div class=\"wp-block-stackable-spacer stk-block-spacer stk--no-padding stk-block stk-781be68\" data-block-id=\"781be68\"><style>.stk-781be68 {height:30px !important;}<\/style><\/div>\n\n<h3 class=\"wp-block-heading\">Gerek\u00adli belgeler<\/h3>\n\n<ul class=\"wp-block-list\">\n<li>Hane hal\u00adk\u0131 \u00fcye\u00adle\u00adri\u00adnin say\u0131\u00ads\u0131\u00adn\u0131n kan\u0131t\u0131.<\/li>\n\n\n\n<li>Kira bel\u00adge\u00adsi (<strong> <a href=\"https:\/\/pdf.form-solutions.net\/metaform\/Form-Solutions\/?2&amp;releaseUserId=08212000-0001-0000&amp;releaseID=565c35410cf2c8af88350be2&amp;releaseOrganizationID=08212000-0001&amp;assistant=AS_BW620004&amp;translation=false&amp;storable=false&amp;fileUrl=https%253A%252F%252Fpdf.form-solutions.net%252Fmetaform%252FForm-Solutions%252Fsid%252Fassistant%252F565c35410cf2c8af88350be2%253Fconsent_type%253DNONE&amp;oID=22222222-2222&amp;consent_type=NONE&amp;kdnr=08212000-0001\" rel=\"noopener\">kira ser\u00adti\u00adfi\u00adka\u00ads\u0131<\/a><\/strong>) veya ipo\u00adtek (kre\u00addi s\u00f6zle\u015fmesi).<\/li>\n\n\n\n<li>Hane hal\u00adk\u0131\u00adn\u0131n top\u00adlam geli\u00adri\u00adnin kan\u0131\u00adt\u0131 \u2014 <strong> <a href=\"https:\/\/pdf.form-solutions.net\/metaform\/Form-Solutions\/?5&amp;releaseUserId=08212000-0001-0000&amp;releaseID=565c31e50cf2c8af88350be1&amp;releaseOrganizationID=08212000-0001&amp;assistant=AS_BW620005&amp;translation=false&amp;storable=false&amp;fileUrl=https%253A%252F%252Fpdf.form-solutions.net%252Fmetaform%252FForm-Solutions%252Fsid%252Fassistant%252F565c31e50cf2c8af88350be1&amp;oID=22222222-2222&amp;kdnr=08212000-0001\" rel=\"noopener\">kazan\u00e7 bel\u00adge\u00adsi<\/a><\/strong> <br>(kaza\u00adn\u0131l\u00adm\u0131\u015f gelir, emek\u00adli maa\u015f\u0131, \u00e7ocuk paras\u0131).<\/li>\n<\/ul>\n\n<details class=\"wp-block-stackable-accordion stk-block-accordion stk-inner-blocks stk-block-content stk-block stk-07d4c15 is-style-default\" data-block-id=\"07d4c15\">\n<summary class=\"wp-block-stackable-column stk-block-column stk-column stk-block stk-e65c357 stk--container-small stk-block-accordion__heading\" data-v=\"4\" data-block-id=\"e65c357\"><div class=\"stk-column-wrapper stk-block-column__content stk-container stk-e65c357-container stk-hover-parent\"><div class=\"stk-block-content stk-inner-blocks stk-e65c357-inner-blocks\">\n<div class=\"wp-block-stackable-icon-label stk-block-icon-label stk-block stk-0499bc5\" data-block-id=\"0499bc5\"><div class=\"stk-row stk-inner-blocks stk-block-content\">\n<div class=\"wp-block-stackable-heading stk-block-heading stk-block-heading--v2 stk-block stk-9669a49\" id=\"responsible-office\" data-block-id=\"9669a49\"><h4 class=\"stk-block-heading__text\">Sorum\u00adlu&nbsp;ofis<\/h4><\/div>\n\n\n\n<div class=\"wp-block-stackable-icon stk-block-icon stk-block stk-726ee53\" data-block-id=\"726ee53\"><span class=\"stk--svg-wrapper\"><div class=\"stk--inner-svg\"><svg style=\"height:0;width:0\"><defs><linearGradient id=\"linear-gradient-726ee53\" x1=\"0\" x2=\"100%\" y1=\"0\" y2=\"0\"><stop offset=\"0%\" style=\"stop-opacity:1;stop-color:var(--linear-gradient-726-ee-53-color-1)\" \/><stop offset=\"100%\" style=\"stop-opacity:1;stop-color:var(--linear-gradient-726-ee-53-color-2)\" \/><\/linearGradient><\/defs><\/svg><svg data-prefix=\"fas\" data-icon=\"chevron-down\" class=\"svg-inline--fa fa-chevron-down fa-w-14\" viewBox=\"0 0 448 512\" aria-hidden=\"true\" width=\"32\" height=\"32\"><path fill=\"currentColor\" d=\"M207.029 381.476L12.686 187.132c-9.373-9.373-9.373-24.569 0-33.941l22.667-22.667c9.357-9.357 24.522-9.375 33.901-.04L224 284.505l154.745-154.021c9.379-9.335 24.544-9.317 33.901.04l22.667 22.667c9.373 9.373 9.373 24.569 0 33.941L240.971 381.476c-9.373 9.372-24.569 9.372-33.942 0z\" \/><\/svg><\/div><\/span><\/div>\n<\/div><\/div>\n<\/div><\/div><\/summary>\n\n\n\n<div class=\"wp-block-stackable-column stk-block-column stk-column stk-block stk-1d68d55 stk-block-accordion__content\" data-v=\"4\" data-block-id=\"1d68d55\"><div class=\"stk-column-wrapper stk-block-column__content stk-container stk-1d68d55-container stk--no-background stk--no-padding\"><div class=\"stk-block-content stk-inner-blocks stk-1d68d55-inner-blocks\">\n<div class=\"wp-block-stackable-text stk-block-text stk-block stk-fe682b6\" data-block-id=\"fe682b6\"><p class=\"stk-block-text__text\">\ud83c\udf10<strong><a href=\"https:\/\/web1.karlsruhe.de\/service\/Buergerdienste\/leistung.php?id=6002515\" rel=\"noopener\">Wohn\u00adgelds\u00adtel\u00adle<\/a><\/strong> (Konut yar\u00add\u0131\u00adm\u0131 ofi\u00adsi)<br>\ud83d\udccd Lammst\u00adra\u00ad\u00dfe 7 a, oda E 219 \u2014 E 223, 76133 <strong>Karls\u00adru\u00adhe<\/strong><br>\u260e 0721 133 6470<br>\ud83d\udce7 wohngeld@la.karlsruhe.de<\/p><\/div>\n<\/div><\/div><\/div>\n<\/details>\n","protected":false},"excerpt":{"rendered":"<p>\ud83c\udfe0 D\u00fc\u015f\u00fck gelir\u00adli ki\u015fi\u00adler i\u00e7in kira s\u00fcb\u00advan\u00adsi\u00adyo\u00adnu D\u00fc\u015f\u00fck gelir\u00adli ki\u015fi\u00adler konut yar\u00add\u0131\u00adm\u0131 (Wohn\u00adgeld) i\u00e7in ba\u015f\u00advu\u00adra\u00adbi\u00adlir\u00adler. Bu, kira\u00adn\u0131\u00adz\u0131 s\u00fcb\u00advan\u00adse eden bir \u00f6de\u00adme\u00addir.Konu\u00adtu\u00adnu\u00adzu \u00f6de\u00admek i\u00e7in yeter\u00adli geli\u00adri\u00adniz yok\u00adsa konut yar\u00add\u0131\u00adm\u0131 al\u0131r\u00ads\u0131\u00adn\u0131z. Kira\u00adc\u0131\u00adlar&nbsp;<a class=\"moretag\" href=\"https:\/\/www.anika-net.de\/tr\/varmak\/konaklama\/kira-yardimi\/\">daha faz\u00adla okuyun<\/a><\/p>\n","protected":false},"author":12,"featured_media":0,"parent":15705,"menu_order":41,"comment_status":"closed","ping_status":"closed","template":"","meta":{"_acf_changed":false,"inline_featured_image":false,"_uag_custom_page_level_css":"","wp_typography_post_enhancements_disabled":false,"footnotes":""},"class_list":["post-2560","page","type-page","status-publish","hentry"],"acf":[],"featured_image_urls_v2":{"full":"","thumbnail":"","medium":"","medium_large":"","large":"","1536x1536":"","2048x2048":"","event-overview":"","event-archive-thumb":"","grid-item-thumbnail":"","network-partner-icon":"","organiser-icon":"","gform-image-choice-sm":"","gform-image-choice-md":"","gform-image-choice-lg":""},"post_excerpt_stackable_v2":"<p>\ud83c\udfe0 D\u00fc\u015f\u00fck gelir\u00adli ki\u015fi\u00adler i\u00e7in kira s\u00fcb\u00advan\u00adsi\u00adyo\u00adnu D\u00fc\u015f\u00fck gelir\u00adli ki\u015fi\u00adler konut yar\u00add\u0131\u00adm\u0131 (Wohn\u00adgeld) i\u00e7in ba\u015f\u00advu\u00adra\u00adbi\u00adlir\u00adler. Bu, kira\u00adn\u0131\u00adz\u0131 s\u00fcb\u00advan\u00adse eden bir \u00f6de\u00adme\u00addir.Konu\u00adtu\u00adnu\u00adzu \u00f6de\u00admek i\u00e7in yeter\u00adli geli\u00adri\u00adniz yok\u00adsa konut yar\u00add\u0131\u00adm\u0131 al\u0131r\u00ads\u0131\u00adn\u0131z. Kira\u00adc\u0131\u00adlar i\u00e7in yap\u0131\u00adlan konut yar\u00add\u0131\u00adm\u0131\u00adna kira yar\u00add\u0131\u00adm\u0131, ev sahip\u00adle\u00adri i\u00e7in yap\u0131\u00adlan konut yar\u00add\u0131\u00adm\u0131\u00adna ise ipo\u00adtek yar\u00add\u0131\u00adm\u0131&nbsp;denir.&nbsp; Mik\u00adtar:Birey\u00adsel duru\u00adma g\u00f6re de\u011fi\u00ad\u015fir.Hane hal\u00adk\u0131 b\u00fcy\u00fck\u00adl\u00fc\u00ad\u011f\u00fc\u00adne, geli\u00adre ve kira veya \u00fccret\u00adle\u00adre daya\u00adn\u0131r. S\u00fcre:Genel\u00adlik\u00adle 12&nbsp;ayd\u0131r. M\u00fcn\u00adfe\u00adrit durum\u00adlar\u00adda bu s\u00fcre daha uzun ya da daha k\u0131sa ola\u00adbi\u00adlir.Bu s\u00fcre\u00adden son\u00adra konut yar\u00add\u0131\u00adm\u0131 alma\u00adya devam etmek isti\u00adyor\u00adsa\u00adn\u0131z, yeni\u00adden ba\u015f\u00advu\u00adru\u00adda bulun\u00adma\u00adn\u0131z gere\u00adkir. \u00d6n Ko\u015ful\u00adlar \ud83c\udfe0 A\u015fa\u00ad\u011f\u0131\u00adda\u00adki durum\u00adlar\u00adda konut yar\u00add\u0131\u00adm\u0131 ala\u00adbi\u00adlir\u00adsi\u00adniz: Top\u00adlam geli\u00adri\u00adniz \u00e7ok y\u00fck\u00adsek&nbsp;de\u011fil. Gelir, Gelir Ver\u00adgi\u00adsi Kanu\u00adnu\u00adna g\u00f6re hesaplan\u0131r.\u2026<\/p>\n","category_list_v2":"","author_info_v2":{"name":"Andrea Ramirez","url":"https:\/\/www.anika-net.de\/tr\/author\/andrea-ramirez\/"},"comments_num_v2":"0 comments","uagb_featured_image_src":{"full":false,"thumbnail":false,"medium":false,"medium_large":false,"large":false,"1536x1536":false,"2048x2048":false,"event-overview":false,"event-archive-thumb":false,"grid-item-thumbnail":false,"network-partner-icon":false,"organiser-icon":false,"gform-image-choice-sm":false,"gform-image-choice-md":false,"gform-image-choice-lg":false},"uagb_author_info":{"display_name":"Andrea Ramirez","author_link":"https:\/\/www.anika-net.de\/tr\/author\/andrea-ramirez\/"},"uagb_comment_info":0,"uagb_excerpt":"\ud83c\udfe0 D\u00fc\u015f\u00fck gelir\u00adli ki\u015fi\u00adler i\u00e7in kira s\u00fcbvansiyonu D\u00fc\u015f\u00fck gelir\u00adli ki\u015fi\u00adler konut yar\u00add\u0131\u00adm\u0131 (Wohn\u00adgeld) i\u00e7in ba\u015f\u00advu\u00adra\u00adbi\u00adlir\u00adler. Bu, kira\u00adn\u0131\u00adz\u0131 s\u00fcb\u00advan\u00adse eden bir \u00f6de\u00adme\u00addir.Konu\u00adtu\u00adnu\u00adzu \u00f6de\u00admek i\u00e7in yeter\u00adli geli\u00adri\u00adniz yok\u00adsa konut yar\u00add\u0131\u00adm\u0131 al\u0131r\u00ads\u0131\u00adn\u0131z. Kira\u00adc\u0131\u00adlar&nbsp;daha fazla okuyun","_links":{"self":[{"href":"https:\/\/www.anika-net.de\/tr\/wp-json\/wp\/v2\/pages\/2560","targetHints":{"allow":["GET"]}}],"collection":[{"href":"https:\/\/www.anika-net.de\/tr\/wp-json\/wp\/v2\/pages"}],"about":[{"href":"https:\/\/www.anika-net.de\/tr\/wp-json\/wp\/v2\/types\/page"}],"author":[{"embeddable":true,"href":"https:\/\/www.anika-net.de\/tr\/wp-json\/wp\/v2\/users\/12"}],"replies":[{"embeddable":true,"href":"https:\/\/www.anika-net.de\/tr\/wp-json\/wp\/v2\/comments?post=2560"}],"version-history":[{"count":2,"href":"https:\/\/www.anika-net.de\/tr\/wp-json\/wp\/v2\/pages\/2560\/revisions"}],"predecessor-version":[{"id":61779,"href":"https:\/\/www.anika-net.de\/tr\/wp-json\/wp\/v2\/pages\/2560\/revisions\/61779"}],"up":[{"embeddable":true,"href":"https:\/\/www.anika-net.de\/tr\/wp-json\/wp\/v2\/pages\/15705"}],"wp:attachment":[{"href":"https:\/\/www.anika-net.de\/tr\/wp-json\/wp\/v2\/media?parent=2560"}],"curies":[{"name":"wp","href":"https:\/\/api.w.org\/{rel}","templated":true}]}}