{"id":2539,"date":"2021-05-21T14:09:49","date_gmt":"2021-05-21T12:09:49","guid":{"rendered":"https:\/\/www.anika-net.de\/finding-an-appartement\/"},"modified":"2024-03-27T11:58:53","modified_gmt":"2024-03-27T10:58:53","slug":"nasil-ev-bulabilirim","status":"publish","type":"page","link":"https:\/\/www.anika-net.de\/tr\/varmak\/konaklama\/nasil-ev-bulabilirim\/","title":{"rendered":"Nas\u0131l ev bulabilirim?"},"content":{"rendered":"\n<ul class=\"wp-block-list\">\n<li><strong>Badisc\u00adhe Neu\u00ades\u00adte Nach\u00adrich\u00adten (BNN)<\/strong> (\u00c7ar\u00ad\u015fam\u00adba ve Cumar\u00adte\u00adsi bas\u00adk\u0131\u00adla\u00adr\u0131), <strong>Der Kuri\u00ader<\/strong> (Cuma bas\u00adk\u0131\u00ads\u0131) gibi yerel <strong>gaze\u00adte\u00adler\u00adde<\/strong>,<\/li>\n\n\n\n<li>veya<strong> inter\u00adnet<\/strong>\u2019de (\u00f6rne\u00ad\u011fin <a href=\"https:\/\/www.immonet.de\/\" target=\"_blank\" rel=\"noreferrer noopener\">www.immonet.de<\/a>, <a href=\"https:\/\/www.immowelt.de\/\" target=\"_blank\" rel=\"noreferrer noopener\">www.immowelt.de<\/a>, <a href=\"https:\/\/www.wohnungsboerse.net\/\" target=\"_blank\" rel=\"noreferrer noopener\">https:\/\/www.wohnungsboerse.net\/<\/a>,<a href=\"https:\/\/www.meinestadt.de\" target=\"_blank\" rel=\"noreferrer noopener\"> https:\/\/www.meinestadt.de<\/a>, <a href=\"https:\/\/www.immobilo.de\/\" target=\"_blank\" rel=\"noreferrer noopener\">https:\/\/www.immobilo.de\/<\/a>, <a href=\"https:\/\/www.immobilienscout24.de\/\" target=\"_blank\" rel=\"noreferrer noopener\">https:\/\/www.immobilienscout24.de\/<\/a> veya ba\u015f\u00adka portallerde)<\/li>\n\n\n\n<li>Ba\u015f\u00adka insan\u00adlar\u00adla bir\u00adlik\u00adte ayn\u0131 evde ya\u015fa\u00adma\u00ady\u0131 sevi\u00adyor\u00adsa\u00adn\u0131z bir <strong>pay\u00adla\u00ad\u015f\u0131m\u00adl\u0131 ev<\/strong> <strong>(Wohn\u00adge\u00adme\u00adinsc\u00adhaft (WG)<\/strong> de ara\u00adya\u00adbi\u00adlir\u00adsi\u00adniz. WG\u2019\u00adle\u00adri onli\u00adne ola\u00adrak \u015fu adres\u00adten bula\u00adbi\u00adlir\u00adsi\u00adniz: <a href=\"https:\/\/www.wg-gesucht.de\/\" rel=\"noopener\">https:\/\/www.wg-gesucht.de\/<\/a>, <a href=\"http:\/\/www.wg-suche.de\" rel=\"noopener\">www.wg-suche.de<\/a>, Karls\u00adru\u00adhe\u00ad\u2019\u00adde kira\u00adl\u0131k pay\u00adla\u00ad\u015f\u0131m\u00adl\u0131 ev\/oda <em>(WG Zim\u00admer frei in Karls\u00adru\u00adhe)<\/em> gibi Face\u00adbo\u00adok gruplar\u0131.<\/li>\n<\/ul>\n\n\n\n<p><strong>\u00d6ne\u00adri: <\/strong>Alman\u00adya\u00ad\u2019\u00adda\u00adki bir\u00ad\u00e7ok b\u00fcy\u00fck \u015fehir\u00adler\u00adde oldu\u00ad\u011fu gibi Karls\u00adru\u00adhe\u00ad\u2019\u00adde de ev ara\u00admak her zaman kolay de\u011fil. Arka\u00adda\u015f\u00adla\u00adr\u0131\u00adn\u0131\u00adza, akra\u00adba\u00adla\u00adr\u0131\u00adn\u0131\u00adza, kom\u00ad\u015fu\u00adla\u00adr\u0131\u00adn\u0131\u00adza ve i\u015fye\u00adri\u00adniz\u00adde\u00adki arka\u00adda\u015f\u00adla\u00adr\u0131\u00adn\u0131\u00adza da kira\u00adl\u0131k ev bilip bil\u00adme\u00addik\u00adle\u00adri\u00adni sorunuz!<\/p>\n\n\n\n<p>A\u015fa\u00ad\u011f\u0131\u00adda ev ilan\u00adla\u00adr\u0131n\u00adda s\u0131k\u00adl\u0131k\u00adla kar\u00ad\u015f\u0131\u00adla\u00ad\u015f\u0131\u00adlan k\u0131salt\u00adma\u00adlar\u00addan baz\u0131\u00adla\u00adr\u0131\u00adn\u0131n a\u00e7\u0131\u00adl\u0131\u00adm\u0131\u00adn\u0131 bulmaktas\u0131n\u0131z:<\/p>\n\n\n\n<ul class=\"wp-block-list\">\n<li><strong>AB <\/strong>Alt\u00adbau (Eski&nbsp;bina)<\/li>\n\n\n\n<li><strong>B<\/strong> Bad (Ban\u00adyo)<\/li>\n\n\n\n<li><strong>BLK<\/strong> Bal\u00adkon (Bal\u00adkon)<\/li>\n\n\n\n<li><strong>HT<\/strong> Haus\u00adti\u00ader (Ev hayvanlar\u0131)<\/li>\n\n\n\n<li><strong>KM<\/strong> Kalt\u00admi\u00adete (Yan gider\u00adsiz&nbsp;kira)<\/li>\n\n\n\n<li><strong>Kt.<\/strong> Kauti\u00adon (Depo\u00adzi\u00adto)<\/li>\n\n\n\n<li><strong>mbl.<\/strong> m\u00f6b\u00adli\u00adert (Mobil\u00adya\u00adl\u0131)<\/li>\n\n\n\n<li><strong>mtl<\/strong>. monat\u00adlich (Ayl\u0131k)<\/li>\n\n\n\n<li><strong>NB <\/strong>Neubau (Yeni&nbsp;bina)<\/li>\n\n\n\n<li><strong>NK<\/strong> Neben\u00adkos\u00adten (Yan giderler)<\/li>\n\n\n\n<li><strong>NR<\/strong> Nicht\u00adra\u00aduc\u00adher (Siga\u00adra kullanmayanlar)<\/li>\n\n\n\n<li><strong>P\/PP<\/strong> Parkp\u00adlatz (Oto\u00adpark)<\/li>\n\n\n\n<li><strong>Whg<\/strong>. Woh\u00adnung (Daire)<\/li>\n\n\n\n<li><strong>WM<\/strong> Warm\u00admi\u00adete (Yan gider dahil kira bedeli)<\/li>\n\n\n\n<li><strong>Zi. <\/strong>Zim\u00admer (Oda)<\/li>\n\n\n\n<li><strong>ZKB <\/strong>Zim\u00admer K\u00fcc\u00adhe Bad&nbsp;(Oda Mut\u00adfak&nbsp;Banyo)<\/li>\n\n\n\n<li><strong>ZKD<\/strong> Zim\u00admer K\u00fcc\u00adhe Dusc\u00adhe (Oda Mut\u00adfak&nbsp;Du\u015f)<\/li>\n<\/ul>\n\n\n\n<p>\u00d6ne\u00adri: <strong>Ev bak\u00adma\u00adya gider\u00adken yan\u0131m\u00adda neler getir\u00adme\u00adli\u00adyim?<\/strong> N\u00fcfus c\u00fcz\u00adda\u00adn\u0131\u00adn\u0131\u00adz\u0131n foto\u00adko\u00adpi\u00adsi\u00adni ve var\u00adsa, i\u015fye\u00adri\u00adni\u00adzin bir onay bel\u00adge\u00adsi\u00adni (maa\u015f bord\u00adro\u00adsu veya i\u015f s\u00f6z\u00adle\u015f\u00adme\u00adsi\u00adnin fotokopisi).<\/p>\n\n\n\n<p><strong>Depo\u00adzi\u00adto (Kauti\u00adon) nedir? <\/strong>Ev sahip\u00adle\u00adri\u00adnin \u00e7o\u011fu, kira\u00adl\u0131k eve ta\u015f\u0131n\u00adma\u00adn\u0131z\u00addan \u00f6nce depo\u00adzi\u00adto iste\u00adye\u00adcek\u00adtir. Bu genel\u00adde iki veya \u00fc\u00e7 ay\u0131n yan gider\u00adsiz kira bede\u00adli <em>(Kalt\u00admi\u00adete (KM))<\/em> tuta\u00adr\u0131n\u00adda\u00add\u0131r. Evden ta\u015f\u0131n\u00add\u0131\u00ad\u011f\u0131\u00adn\u0131z\u00adda bu para size geri \u00f6de\u00adne\u00adcek\u00adtir \u2014 ancak konu\u00adtun i\u00e7in\u00adde tamir gerek\u00adli olma\u00ads\u0131 durum\u00adla\u00adr\u0131 hari\u00e7tir.<\/p>\n\n\n\n<p class=\"has-black-color has-light-green-cyan-background-color has-text-color has-background\"><strong>\u00d6ne\u00adri: <\/strong>Stres\u00adli olan ev ta\u015f\u0131\u00adma zama\u00adn\u0131n\u00adda pos\u00adta kutu\u00adsu ve zili\u00adniz \u00fcze\u00adri\u00adne ismi\u00adni\u00adzi yaz\u00adma\u00ady\u0131 unutmay\u0131n\u0131z.<\/p>\n","protected":false},"excerpt":{"rendered":"<p>\u00d6ne\u00adri: Alman\u00adya\u00ad\u2019\u00adda\u00adki bir\u00ad\u00e7ok b\u00fcy\u00fck \u015fehir\u00adler\u00adde oldu\u00ad\u011fu gibi Karls\u00adru\u00adhe\u00ad\u2019\u00adde de ev ara\u00admak her zaman kolay de\u011fil. Arka\u00adda\u015f\u00adla\u00adr\u0131\u00adn\u0131\u00adza, akra\u00adba\u00adla\u00adr\u0131\u00adn\u0131\u00adza, kom\u00ad\u015fu\u00adla\u00adr\u0131\u00adn\u0131\u00adza ve i\u015fye\u00adri\u00adniz\u00adde\u00adki arka\u00adda\u015f\u00adla\u00adr\u0131\u00adn\u0131\u00adza da kira\u00adl\u0131k ev bilip bil\u00adme\u00addik\u00adle\u00adri\u00adni soru\u00adnuz! A\u015fa\u00ad\u011f\u0131\u00adda ev ilan\u00adla\u00adr\u0131n\u00adda&nbsp;<a class=\"moretag\" href=\"https:\/\/www.anika-net.de\/tr\/varmak\/konaklama\/nasil-ev-bulabilirim\/\">daha faz\u00adla okuyun<\/a><\/p>\n","protected":false},"author":1,"featured_media":0,"parent":15705,"menu_order":2,"comment_status":"closed","ping_status":"closed","template":"","meta":{"_acf_changed":false,"inline_featured_image":false,"_uag_custom_page_level_css":"","wp_typography_post_enhancements_disabled":false,"footnotes":""},"class_list":["post-2539","page","type-page","status-publish","hentry"],"acf":[],"featured_image_urls_v2":{"full":"","thumbnail":"","medium":"","medium_large":"","large":"","1536x1536":"","2048x2048":"","event-overview":"","event-archive-thumb":"","grid-item-thumbnail":"","network-partner-icon":"","organiser-icon":"","gform-image-choice-sm":"","gform-image-choice-md":"","gform-image-choice-lg":""},"post_excerpt_stackable_v2":"<p>Badisc\u00adhe Neu\u00ades\u00adte Nach\u00adrich\u00adten (BNN) (\u00c7ar\u00ad\u015fam\u00adba ve Cumar\u00adte\u00adsi bas\u00adk\u0131\u00adla\u00adr\u0131), Der Kuri\u00ader (Cuma bas\u00adk\u0131\u00ads\u0131) gibi yerel gaze\u00adte\u00adler\u00adde, veya inter\u00adnet\u2019de (\u00f6rne\u00ad\u011fin www.immonet.de, www.immowelt.de, https:\/\/www.wohnungsboerse.net\/, https:\/\/www.meinestadt.de, https:\/\/www.immobilo.de\/, https:\/\/www.immobilienscout24.de\/ veya ba\u015f\u00adka por\u00adtal\u00adler\u00adde) Ba\u015f\u00adka insan\u00adlar\u00adla bir\u00adlik\u00adte ayn\u0131 evde ya\u015fa\u00adma\u00ady\u0131 sevi\u00adyor\u00adsa\u00adn\u0131z bir pay\u00adla\u00ad\u015f\u0131m\u00adl\u0131 ev (Wohn\u00adge\u00adme\u00adinsc\u00adhaft (WG) de ara\u00adya\u00adbi\u00adlir\u00adsi\u00adniz. WG\u2019\u00adle\u00adri onli\u00adne ola\u00adrak \u015fu adres\u00adten bula\u00adbi\u00adlir\u00adsi\u00adniz: https:\/\/www.wg-gesucht.de\/, www.wg-suche.de, Karls\u00adru\u00adhe\u00ad\u2019\u00adde kira\u00adl\u0131k pay\u00adla\u00ad\u015f\u0131m\u00adl\u0131 ev\/oda (WG Zim\u00admer frei in Karls\u00adru\u00adhe) gibi Face\u00adbo\u00adok grup\u00adla\u00adr\u0131. \u00d6ne\u00adri: Alman\u00adya\u00ad\u2019\u00adda\u00adki bir\u00ad\u00e7ok b\u00fcy\u00fck \u015fehir\u00adler\u00adde oldu\u00ad\u011fu gibi Karls\u00adru\u00adhe\u00ad\u2019\u00adde de ev ara\u00admak her zaman kolay de\u011fil. Arka\u00adda\u015f\u00adla\u00adr\u0131\u00adn\u0131\u00adza, akra\u00adba\u00adla\u00adr\u0131\u00adn\u0131\u00adza, kom\u00ad\u015fu\u00adla\u00adr\u0131\u00adn\u0131\u00adza ve i\u015fye\u00adri\u00adniz\u00adde\u00adki arka\u00adda\u015f\u00adla\u00adr\u0131\u00adn\u0131\u00adza da kira\u00adl\u0131k ev bilip bil\u00adme\u00addik\u00adle\u00adri\u00adni soru\u00adnuz! A\u015fa\u00ad\u011f\u0131\u00adda ev ilan\u00adla\u00adr\u0131n\u00adda s\u0131k\u00adl\u0131k\u00adla kar\u00ad\u015f\u0131\u00adla\u00ad\u015f\u0131\u00adlan k\u0131salt\u00adma\u00adlar\u00addan baz\u0131\u00adla\u00adr\u0131\u00adn\u0131n a\u00e7\u0131\u00adl\u0131\u00adm\u0131\u00adn\u0131 bul\u00admak\u00adta\u00ads\u0131\u00adn\u0131z: AB Alt\u00adbau (Eski&nbsp;bina)\u2026<\/p>\n","category_list_v2":"","author_info_v2":{"name":"saasweb-admin","url":"https:\/\/www.anika-net.de\/tr\/author\/saasweb-admin\/"},"comments_num_v2":"0 comments","uagb_featured_image_src":{"full":false,"thumbnail":false,"medium":false,"medium_large":false,"large":false,"1536x1536":false,"2048x2048":false,"event-overview":false,"event-archive-thumb":false,"grid-item-thumbnail":false,"network-partner-icon":false,"organiser-icon":false,"gform-image-choice-sm":false,"gform-image-choice-md":false,"gform-image-choice-lg":false},"uagb_author_info":{"display_name":"saasweb-admin","author_link":"https:\/\/www.anika-net.de\/tr\/author\/saasweb-admin\/"},"uagb_comment_info":0,"uagb_excerpt":"\u00d6ne\u00adri: Alman\u00adya\u00ad\u2019\u00adda\u00adki bir\u00ad\u00e7ok b\u00fcy\u00fck \u015fehir\u00adler\u00adde oldu\u00ad\u011fu gibi Karls\u00adru\u00adhe\u00ad\u2019\u00adde de ev ara\u00admak her zaman kolay de\u011fil. Arka\u00adda\u015f\u00adla\u00adr\u0131\u00adn\u0131\u00adza, akra\u00adba\u00adla\u00adr\u0131\u00adn\u0131\u00adza, kom\u00ad\u015fu\u00adla\u00adr\u0131\u00adn\u0131\u00adza ve i\u015fye\u00adri\u00adniz\u00adde\u00adki arka\u00adda\u015f\u00adla\u00adr\u0131\u00adn\u0131\u00adza da kira\u00adl\u0131k ev bilip bil\u00adme\u00addik\u00adle\u00adri\u00adni sorunuz! A\u015fa\u00ad\u011f\u0131\u00adda ev ilan\u00adla\u00adr\u0131n\u00adda&nbsp;daha fazla okuyun","_links":{"self":[{"href":"https:\/\/www.anika-net.de\/tr\/wp-json\/wp\/v2\/pages\/2539","targetHints":{"allow":["GET"]}}],"collection":[{"href":"https:\/\/www.anika-net.de\/tr\/wp-json\/wp\/v2\/pages"}],"about":[{"href":"https:\/\/www.anika-net.de\/tr\/wp-json\/wp\/v2\/types\/page"}],"author":[{"embeddable":true,"href":"https:\/\/www.anika-net.de\/tr\/wp-json\/wp\/v2\/users\/1"}],"replies":[{"embeddable":true,"href":"https:\/\/www.anika-net.de\/tr\/wp-json\/wp\/v2\/comments?post=2539"}],"version-history":[{"count":0,"href":"https:\/\/www.anika-net.de\/tr\/wp-json\/wp\/v2\/pages\/2539\/revisions"}],"up":[{"embeddable":true,"href":"https:\/\/www.anika-net.de\/tr\/wp-json\/wp\/v2\/pages\/15705"}],"wp:attachment":[{"href":"https:\/\/www.anika-net.de\/tr\/wp-json\/wp\/v2\/media?parent=2539"}],"curies":[{"name":"wp","href":"https:\/\/api.w.org\/{rel}","templated":true}]}}