{"id":2533,"date":"2021-05-21T14:06:14","date_gmt":"2021-05-21T12:06:14","guid":{"rendered":"https:\/\/www.anika-net.de\/aliens-registration-office\/"},"modified":"2023-10-11T12:01:01","modified_gmt":"2023-10-11T10:01:01","slug":"yabancilar-dairesi","status":"publish","type":"page","link":"https:\/\/www.anika-net.de\/tr\/varmak\/sehirde-ikamet-kaydi\/yabancilar-dairesi\/","title":{"rendered":"Karls\u00adru\u00adhe G\u00f6\u00e7\u00admen\u00adlik B\u00fcro\u00adsu (Aus\u00adl\u00ad\u00e4n\u00adder\u00adbe\u00adh\u00f6r\u00adde)"},"content":{"rendered":"\n<div class=\"wp-block-stackable-columns stk-block-columns stk-block stk-efd9f8b\" data-block-id=\"efd9f8b\"><style>.stk-efd9f8b{margin-bottom:0px !important}<\/style><div class=\"stk-row stk-inner-blocks stk-block-content stk-content-align stk-efd9f8b-column\">\n<div class=\"wp-block-stackable-column stk-block-column stk-column stk-block stk-ecfcbd5\" data-v=\"4\" data-block-id=\"ecfcbd5\"><style>@media screen and (min-width:901px){.stk-ecfcbd5{flex:1 1 calc(50% - var(--stk-column-gap,0px) * 1 \/ 2 ) !important}}<\/style><div class=\"stk-column-wrapper stk-block-column__content stk-container stk-ecfcbd5-container stk--no-background stk--no-padding\"><div class=\"stk-block-content stk-inner-blocks stk-ecfcbd5-inner-blocks\">\n<p class=\"mb-0\"><strong>Bir AB \u00fclke\u00adsin\u00adden de\u011fil\u00adse\u00adniz nere\u00adye kay\u0131t yap\u00adt\u0131r\u00adma\u00adn\u0131z gere\u00adkir?<\/strong><br><strong>AB d\u0131\u015f\u0131n\u00adda\u00adki<\/strong> bir \u00fclke\u00adnin vatan\u00adda\u00ad\u015f\u0131y\u00adsa\u00adn\u0131z ve Alman\u00adya\u00ad\u2019\u00adya kal\u0131\u00adc\u0131 ola\u00adrak ya\u015fa\u00admak i\u00e7in giri\u015f yapa\u00adcak\u00adsa\u00adn\u0131z, yerel <em>Aus\u00adl\u00ad\u00e4n\u00adder\u00adbe\u00adh\u00f6r\u00adde <\/em>\u2018ye (Karls\u00adru\u00adhe Yaban\u00adc\u0131\u00adlar Daire\u00adsi) kay\u0131t yap\u00adt\u0131r\u00adma\u00adn\u0131z gere\u00adkir. Size bir <strong><em>Aufent\u00adhalts\u00adti\u00adtel<\/em> (otur\u00adma izni)<\/strong> vereceklerdir.<\/p>\n<\/div><\/div><\/div>\n\n\n\n<div class=\"wp-block-stackable-column stk-block-column stk-column stk-block stk-a24018c\" data-v=\"4\" data-block-id=\"a24018c\"><style>@media screen and (min-width:901px){.stk-a24018c{flex:1 1 calc(50% - var(--stk-column-gap,0px) * 1 \/ 2 ) !important}}<\/style><div class=\"stk-column-wrapper stk-block-column__content stk-container stk-a24018c-container stk--no-background stk--no-padding\"><div class=\"has-text-align-left stk-block-content stk-inner-blocks stk-a24018c-inner-blocks\">\n<div class=\"wp-block-uagb-image uagb-block-00f40a34 wp-block-uagb-image--layout-default wp-block-uagb-image--effect-static wp-block-uagb-image--align-none\"><figure class=\"wp-block-uagb-image__figure\"><img decoding=\"async\" sizes=\"(max-width: 480px) 150px\" src=\"https:\/\/www.anika-net.de\/wp-content\/uploads\/2023\/04\/Aufenthaltstitel-2.svg\" alt title loading=\"lazy\"><\/figure><\/div>\n\n\n\n<figure class=\"wp-block-image size-thumbnail is-resized mb-0\"><img decoding=\"async\" src=\"https:\/\/www.anika-net.de\/wp-content\/uploads\/2023\/04\/Aufenthaltstitel-2.svg\" alt class=\"wp-image-37423\" style=\"width:180px\" width=\"180\"><\/figure>\n<\/div><\/div><\/div>\n<\/div><\/div>\n\n\n\n<div class=\"wp-block-stackable-call-to-action stk-block-call-to-action stk-block stk-18ec9c3 is-style-default\" data-v=\"2\" data-block-id=\"18ec9c3\"><div class=\"stk-block-call-to-action__content stk-content-align stk-18ec9c3-column stk-container stk-18ec9c3-container stk-hover-parent\"><div class=\"has-text-align-center stk-block-content stk-inner-blocks stk-18ec9c3-inner-blocks\">\n<div class=\"wp-block-stackable-heading stk-block-heading stk-block-heading--v2 stk-block stk-0827952\" id=\"span-style-color-a-804-a-5-class-stk-highlight-tip-span\" data-block-id=\"0827952\"><h3 class=\"stk-block-heading__text\"><span style=\"color: #a804a5;\" class=\"stk-highlight\">TIP<\/span><\/h3><\/div>\n\n\n\n<div class=\"wp-block-stackable-text stk-block-text stk-block stk-a538d03\" data-block-id=\"a538d03\"><p class=\"stk-block-text__text\">Ani\u00adKA, otur\u00adma izni\u00adni\u00adzin s\u00fcre\u00adsi dol\u00adma\u00addan en <strong>az iki ay \u00f6nce<\/strong> ba\u015f\u00advur\u00adma\u00adn\u0131\u00adz\u0131 \u00f6nermektedir.<\/p><\/div>\n<\/div><\/div><\/div>\n\n\n\n<p><span style=\"color: #01b193;\" class=\"stk-highlight\">\n  <strong>Otur\u00adma izni\u00adnin veril\u00adme\u00adsi veya uza\u00adt\u0131l\u00adma\u00ads\u0131 art\u0131k \u015fah\u00adsen yap\u0131lm\u0131yor<\/strong>\n<\/span>. G\u00f6\u00e7\u00admen\u00adlik B\u00fcro\u00adsu, ba\u015f\u00advu\u00adru\u00adda bulun\u00adma\u00adn\u0131z i\u00e7in size a\u015fa\u00ad\u011f\u0131\u00adda\u00adki ola\u00adnak\u00adla\u00adr\u0131 sunmaktad\u0131r:<\/p>\n\n\n\n<ul class=\"wp-block-list\">\n<li><span style=\"color: #01b193;\" class=\"stk-highlight\"><strong>E\u2011posta<\/strong><\/span> <strong><span style=\"color: #000000;\" class=\"stk-highlight\">ile ba\u015f\u00advu\u00adru<\/span><\/strong><br>L\u00fct\u00adfen dol\u00addu\u00adrul\u00admu\u015f ve imza\u00adlan\u00adm\u0131\u015f ba\u015f\u00advu\u00adru\u00adyu ve gerek\u00adli bel\u00adge\u00adle\u00adri son ba\u015f\u00advu\u00adru tari\u00adhin\u00adden \u00f6nce PDF dos\u00adya\u00ads\u0131 ola\u00adrak e\u2011posta ile \u015fu adre\u00adse g\u00f6n\u00adde\u00adrin: <strong>abh@oa.karlsruhe.de<\/strong><\/li>\n\n\n\n<li><strong><span style=\"color: #01b193;\" class=\"stk-highlight\">Pos\u00adta<\/span> yoluy\u00adla <span style=\"color: #01b193;\" class=\"stk-highlight\">veya pos\u00adta<\/span> kutu\u00adsu\u00adna b\u0131ra\u00adka\u00adrak ba\u015f\u00advu\u00adru yap\u00admak<\/strong><br>Adres: Karls\u00adru\u00adhe: G\u00f6\u00e7\u00admen\u00adlik B\u00fcro\u00adsu, Kaise\u00adral\u00adlee 8, 76133 Karlsruhe.<\/li>\n<\/ul>\n\n\n\n<p><strong>L\u00fct\u00adfen akl\u0131\u00adn\u0131z\u00adda bulun\u00addu\u00adrun:<\/strong><br>Kara\u00adr\u0131 e\u2011posta veya pos\u00adta yoluy\u00adla ala\u00adcak\u00ads\u0131\u00adn\u0131z. <span style=\"color: #01b193;\" class=\"stk-highlight\"><strong>Bu mek\u00adtu\u00adbu ald\u0131k\u00adtan son\u00adra<\/strong>, <strong>biyo\u00admet\u00adrik veri\u00adle\u00adri<\/strong><\/span> (par\u00admak izi ve foto\u011f\u00adraf) <span style=\"color: #01b193;\" class=\"stk-highlight\"> <strong>g\u00f6n\u00adder\u00admek i\u00e7in<\/strong> ken\u00addi\u00adniz<strong>bir ran\u00adde\u00advu<\/strong><\/span> alabilirsiniz.<\/p>\n\n\n\n<p class=\"has-custom-weight\" style=\"font-weight:bold\">L\u00fct\u00adfen ran\u00adde\u00advu al\u0131n (biyo\u00admet\u00adrik veri\u00adle\u00adri g\u00f6n\u00adder\u00admek i\u00e7in)<strong>  ya da tele\u00adfon\u00adla \u00f6nce\u00adden \u2014 Tel. 115 \u2014 veya \u00e7ev\u00adri\u00admi\u00ad\u00e7i olarak:<\/strong><\/p>\n\n\n\n<div class=\"wp-block-ugb-button ugb-button-wrapper ugb-253cdc1 ugb-main-block\"><div class=\"ugb-inner-block\"><div class=\"ugb-block-content\"><div class=\"ugb-button-container\"><a class=\"ugb-button1 ugb-button ugb-button--size-normal\" href=\"https:\/\/stadt-karlsruhe.saas.smartcjm.com\/m\/stadt-karlsruhe-abh\/extern\/calendar\/?uid=8311b67c-7f17-41d3-801d-ae23fb82fd51&amp;wsid=85803752-404e-432e-993b-b63265ab10a6&amp;lang=de\" rel=\"noopener\" title><span class=\"ugb-button--inner\">onli\u00adne randevu<\/span><\/a><\/div><\/div><\/div><\/div>\n\n\n\n<div class=\"wp-block-ugb-columns ugb-columns ugb-df5f9b1 ugb-columns--design-plain ugb-columns--columns-3 ugb-main-block\"><div class=\"ugb-inner-block\"><div class=\"ugb-block-content\"><div class=\"ugb-columns__item ugb-df5f9b1-content-wrapper\">\n<div class=\"wp-block-ugb-column ugb-column ugb-7501c64 ugb-column--design-plain ugb-main-block\"><div class=\"ugb-inner-block\"><div class=\"ugb-block-content\"><div class=\"ugb-column__item ugb-7501c64-column-wrapper\"><div class=\"ugb-column__content-wrapper\">\n<p><strong><span style=\"color: #01b193;\" class=\"stk-highlight\">Aus\u00adl\u00ad\u00e4n\u00adder\u00adbe\u00adh\u00f6r\u00adde<\/span><\/strong><br>\u015eehir Karls\u00adru\u00adhe<br>Kaise\u00adral\u00adlee 8<br>76133 Karls\u00adru\u00adhe<br>Durak: <strong>M\u00fchl\u00adbur\u00adger Tor<\/strong><br>\u00c7iz\u00adgi\u00adler: S1, S11. S12, S2, S5, S51<br>Tram\u00advay 1, 2, 3,&nbsp;4<\/p>\n<\/div><\/div><\/div><\/div><\/div>\n\n\n\n<div class=\"wp-block-ugb-column ugb-column ugb-9fb4c54 ugb-column--design-plain ugb-main-block\"><div class=\"ugb-inner-block\"><div class=\"ugb-block-content\"><div class=\"ugb-column__item ugb-9fb4c54-column-wrapper\"><div class=\"ugb-column__content-wrapper\">\n<p><strong><strong><strong><span style=\"color: #01b193;\" class=\"stk-highlight\">Yan\u0131m\u00adda ne g\u00f6t\u00fcrece\u011fim?<\/span><\/strong><\/strong><\/strong><\/p>\n\n\n\n<div class=\"wp-block-kioken-visual-list kb-icon-list-items kb-icon-list-items_92ca07-72 kb-icon-list-columns-1 alignnone\"><ul class=\"kb-icon-list\"><li class=\"kb-icon-list-style-default kt_flex_aligncenter kb-icon-list-item-wrap kb-icon-list-item-0\"><div style=\"display:inline-flex;justify-content:center;align-items:center\" class=\"kb-icon-list-single kb-icon-list-single-fe_checkCircle\"><svg viewBox=\"0 0 24 24\" height=\"20\" width=\"20\" fill=\"none\" stroke=\"currentColor\" stroke-width=\"2\" stroke-linecap=\"round\" stroke-linejoin=\"round\" style=\"fill:none;display:inline-block;vertical-align:middle\" aria-hidden=\"true\"><path d=\"M22 11.08V12a10 10 0 1 1-5.93-9.14\" \/><polyline points=\"22 4 12 14.01 9 11.01\" \/><\/svg><\/div><span class=\"kb-icon-list-text\">Kim\u00adlik kar\u00adt\u0131 veya pasaport<\/span><\/li><li class=\"kb-icon-list-style-default kt_flex_aligncenter kb-icon-list-item-wrap kb-icon-list-item-1\"><div style=\"display:inline-flex;justify-content:center;align-items:center\" class=\"kb-icon-list-single kb-icon-list-single-fe_checkCircle\"><svg viewBox=\"0 0 24 24\" height=\"20\" width=\"20\" fill=\"none\" stroke=\"currentColor\" stroke-width=\"2\" stroke-linecap=\"round\" stroke-linejoin=\"round\" style=\"fill:none;display:inline-block;vertical-align:middle\" aria-hidden=\"true\"><path d=\"M22 11.08V12a10 10 0 1 1-5.93-9.14\" \/><polyline points=\"22 4 12 14.01 9 11.01\" \/><\/svg><\/div><span class=\"kb-icon-list-text\"><em> B\u00fcr\u00adger\u00adb\u00fc\u00adro<\/em>\u2019dan kay\u0131t&nbsp;onay\u0131<\/span><\/li><li class=\"kb-icon-list-style-default kt_flex_aligncenter kb-icon-list-item-wrap kb-icon-list-item-2\"><div style=\"display:inline-flex;justify-content:center;align-items:center\" class=\"kb-icon-list-single kb-icon-list-single-fe_checkCircle\"><svg viewBox=\"0 0 24 24\" height=\"20\" width=\"20\" fill=\"none\" stroke=\"currentColor\" stroke-width=\"2\" stroke-linecap=\"round\" stroke-linejoin=\"round\" style=\"fill:none;display:inline-block;vertical-align:middle\" aria-hidden=\"true\"><path d=\"M22 11.08V12a10 10 0 1 1-5.93-9.14\" \/><polyline points=\"22 4 12 14.01 9 11.01\" \/><\/svg><\/div><span class=\"kb-icon-list-text\">Duru\u00adma g\u00f6re di\u011fer belgeler<\/span><\/li><\/ul><\/div>\n<\/div><\/div><\/div><\/div><\/div>\n\n\n\n<div class=\"wp-block-ugb-column ugb-column ugb-4cc5eb2 ugb-column--design-plain ugb-main-block\"><div class=\"ugb-inner-block\"><div class=\"ugb-block-content\"><div class=\"ugb-column__item ugb-4cc5eb2-column-wrapper\"><div class=\"ugb-column__content-wrapper\">\n<p><span style=\"color: #01b193;\" class=\"stk-highlight\"> <strong><strong><strong>Ne ala\u00adca\u00ad\u011f\u0131m?<\/strong><\/strong><\/strong><\/span><\/p>\n\n\n\n<div class=\"wp-block-kioken-visual-list kb-icon-list-items kb-icon-list-items_130515-1d kb-icon-list-columns-1 alignnone\"><ul class=\"kb-icon-list\"><li class=\"kb-icon-list-style-default kt_flex_aligncenter kb-icon-list-item-wrap kb-icon-list-item-0\"><div style=\"display:inline-flex;justify-content:center;align-items:center\" class=\"kb-icon-list-single kb-icon-list-single-fe_checkCircle\"><svg viewBox=\"0 0 24 24\" height=\"20\" width=\"20\" fill=\"none\" stroke=\"currentColor\" stroke-width=\"2\" stroke-linecap=\"round\" stroke-linejoin=\"round\" style=\"fill:none;display:inline-block;vertical-align:middle\" aria-hidden=\"true\"><path d=\"M22 11.08V12a10 10 0 1 1-5.93-9.14\" \/><polyline points=\"22 4 12 14.01 9 11.01\" \/><\/svg><\/div><span class=\"kb-icon-list-text\">Otur\u00adma izni, belir\u00adli ama\u00e7\u00adlar i\u00e7in otur\u00adma izni veya di\u011fer sertifikalar<\/span><\/li><\/ul><\/div>\n<\/div><\/div><\/div><\/div><\/div>\n<\/div><\/div><\/div><\/div>\n\n\n\n<div class=\"wp-block-ugb-button ugb-button-wrapper ugb-2d5d3e4 ugb-main-block\"><div class=\"ugb-inner-block\"><div class=\"ugb-block-content\"><div class=\"ugb-button-container\"><a class=\"ugb-button1 ugb-button ugb-button--size-normal\" href=\"https:\/\/www.anika-net.de\/wp-content\/uploads\/2023\/10\/Auslaenderbehoerde_Tuerkisch.pdf\" rel title><span class=\"ugb-button--inner\"><strong>Duru\u00adma g\u00f6re di\u011fer belgeler<\/strong><\/span><\/a><\/div><\/div><\/div><\/div>\n\n\n\n<div id=\"kt-split-heading__114b6d-78\" class=\"wp-block-kioken-splitheading has-transition\" data-trans-effect=\"reveal\" data-trans-delay=\"0\" data-trans-rewind=\"false\" data-triggerhook=\"1\"><div class=\"headings_wrapper\"><div class=\"heading-line heading-0\"><h3 class=\"kt-heading-text\">Bura\u00adda sorabilirsiniz!<\/h3><\/div><\/div><\/div>\n\n\n\n<div class=\"wp-block-stackable-columns stk-block-columns stk-block stk-b53a531\" data-block-id=\"b53a531\"><div class=\"stk-row stk-inner-blocks stk-block-content stk-content-align stk-b53a531-column\">\n<div class=\"wp-block-stackable-column stk-block-column stk-column stk-block stk-9c1f55e\" data-v=\"4\" data-block-id=\"9c1f55e\"><style>@media screen and (min-width:901px){.stk-9c1f55e{flex:1 1 66.7% !important}}<\/style><div class=\"stk-column-wrapper stk-block-column__content stk-container stk-9c1f55e-container stk--no-background stk--no-padding\"><div class=\"stk-block-content stk-inner-blocks stk-9c1f55e-inner-blocks\">\n<p><span style=\"color: #01b193;\" class=\"stk-highlight\">\u00d6zel soru\u00adla\u00adr\u0131\u00adn\u0131z m\u0131 var veya for\u00admu dol\u00addur\u00admak i\u00e7in yar\u00add\u0131\u00adma m\u0131 ihti\u00adya\u00adc\u0131\u00adn\u0131z&nbsp;var?<\/span><\/p>\n\n\n\n<ul class=\"wp-block-list\">\n<li><a href=\"https:\/\/www.anika-net.de\/tr\/event\/hos-geldiniz-kafe\/\">Will\u00adkom\u00admens\u00adca\u00adfe \u2014&nbsp;ibz<\/a><\/li>\n\n\n\n<li><a href=\"https:\/\/www.anika-net.de\/tr\/event\/serit-degistirme-danisma-merkezi\/\">Spu\u00adr\u00adwech\u00adsel<\/a><\/li>\n\n\n\n<li><a href=\"https:\/\/www.anika-net.de\/tr\/event\/awo-migrationsberatung\/\">AWO G\u00f6\u00e7\u00admen\u00adlik dan\u0131\u015fmanl\u0131\u011f\u0131<\/a><\/li>\n\n\n\n<li><a href=\"https:\/\/www.anika-net.de\/tr\/event\/yetiskin-gocmenler-icin-goc-danismanligi-mbe\/\">Yeti\u015f\u00adkin g\u00f6\u00e7\u00admen\u00adler i\u00e7in g\u00f6\u00e7 dan\u0131\u015f\u00adman\u00adl\u0131\u00ad\u011f\u0131 (MBE)<\/a><\/li>\n\n\n\n<li><a href=\"https:\/\/www.anika-net.de\/tr\/event\/goecmenler-icin-danismanlik\/\">G\u00f6\u00e7\u00admen\u00adler i\u00e7in Rehberlik<\/a><\/li>\n\n\n\n<li><a href=\"https:\/\/www.anika-net.de\/tr\/event\/queer-siginmacilar-icin-danismanlik\/\">Que\u00ader s\u0131\u011f\u0131n\u00adma\u00adc\u0131\u00adlar i\u00e7in dan\u0131\u015fmanl\u0131k<\/a><\/li>\n<\/ul>\n<\/div><\/div><\/div>\n\n\n\n<div class=\"wp-block-stackable-column stk-block-column stk-column stk-block stk-3d14bad\" data-v=\"4\" data-block-id=\"3d14bad\"><style>@media screen and (min-width:901px){.stk-3d14bad{flex:1 1 33.3% !important}}<\/style><div class=\"stk-column-wrapper stk-block-column__content stk-container stk-3d14bad-container stk--no-background stk--no-padding\"><div class=\"stk-block-content stk-inner-blocks stk-3d14bad-inner-blocks\">\n<figure class=\"wp-block-image size-thumbnail is-resized\"><img decoding=\"async\" src=\"https:\/\/www.anika-net.de\/wp-content\/uploads\/2023\/05\/Beratung_Formular_ausfuellen_leer_um.svg\" alt class=\"wp-image-38600\" style=\"object-fit:cover;width:110px;height:180px\" width=\"110\" height=\"180\"><\/figure>\n<\/div><\/div><\/div>\n<\/div><\/div>\n\n\n\n<h2 class=\"wp-block-heading\"><span style=\"color: #01b193;\" class=\"stk-highlight\">Form\u00adlar<\/span><\/h2>\n\n\n\n<div class=\"wp-block-kioken-visual-list kb-icon-list-items kb-icon-list-items_bb6e28-f1 kb-icon-list-columns-1 alignnone\"><ul class=\"kb-icon-list\"><li class=\"kb-icon-list-style-default kt_flex_aligncenter kb-icon-list-item-wrap kb-icon-list-item-0\"><div style=\"display:inline-flex;justify-content:center;align-items:center\" class=\"kb-icon-list-single kb-icon-list-single-fe_arrowRightCircle\"><svg viewBox=\"0 0 24 24\" height=\"20\" width=\"20\" fill=\"none\" stroke=\"currentColor\" stroke-width=\"2\" stroke-linecap=\"round\" stroke-linejoin=\"round\" style=\"fill:none;display:inline-block;vertical-align:middle\" aria-hidden=\"true\"><circle cx=\"12\" cy=\"12\" r=\"10\" \/><polyline points=\"12 16 16 12 12 8\" \/><line x1=\"8\" y1=\"12\" x2=\"16\" y2=\"12\" \/><\/svg><\/div><span class=\"kb-icon-list-text\"><a href=\"https:\/\/pdf.form-solutions.net:443\/metaform\/Form-Solutions\/sid\/assistant\/637b69bd938cfd4687d68eb0\" target=\"_blank\" rel=\"noreferrer noopener\">Bir taah\u00adh\u00fct beya\u00adn\u0131 sun\u00adma tale\u00adbi (Verpf\u00adlich\u00adtung\u00adserk\u00adl\u00ad\u00e4\u00adrung)<\/a><\/span><\/li><li class=\"kb-icon-list-style-default kt_flex_aligncenter kb-icon-list-item-wrap kb-icon-list-item-1\"><div style=\"display:inline-flex;justify-content:center;align-items:center\" class=\"kb-icon-list-single kb-icon-list-single-fe_arrowRightCircle\"><svg viewBox=\"0 0 24 24\" height=\"20\" width=\"20\" fill=\"none\" stroke=\"currentColor\" stroke-width=\"2\" stroke-linecap=\"round\" stroke-linejoin=\"round\" style=\"fill:none;display:inline-block;vertical-align:middle\" aria-hidden=\"true\"><circle cx=\"12\" cy=\"12\" r=\"10\" \/><polyline points=\"12 16 16 12 12 8\" \/><line x1=\"8\" y1=\"12\" x2=\"16\" y2=\"12\" \/><\/svg><\/div><span class=\"kb-icon-list-text\"><a href=\"http:\/\/web1.karlsruhe.de\/service\/Formulare\/ordnungsamt\/AntragAuflagenaenderung.pdf\" rel=\"noopener\">Ko\u015ful de\u011fi\u00ad\u015fik\u00adli\u00ad\u011fi tale\u00adbi (Auf\u00adla\u00adge\u00adn\u00ad\u00e4n\u00adde\u00adrung)<\/a><\/span><\/li><li class=\"kb-icon-list-style-default kt_flex_aligncenter kb-icon-list-item-wrap kb-icon-list-item-2\"><div style=\"display:inline-flex;justify-content:center;align-items:center\" class=\"kb-icon-list-single kb-icon-list-single-fe_arrowRightCircle\"><svg viewBox=\"0 0 24 24\" height=\"20\" width=\"20\" fill=\"none\" stroke=\"currentColor\" stroke-width=\"2\" stroke-linecap=\"round\" stroke-linejoin=\"round\" style=\"fill:none;display:inline-block;vertical-align:middle\" aria-hidden=\"true\"><circle cx=\"12\" cy=\"12\" r=\"10\" \/><polyline points=\"12 16 16 12 12 8\" \/><line x1=\"8\" y1=\"12\" x2=\"16\" y2=\"12\" \/><\/svg><\/div><span class=\"kb-icon-list-text\"><a href=\"https:\/\/pdf.form-solutions.net\/metaform\/Form-Solutions\/sid\/assistant\/51de7e040cf2699d1b84cc07\" target=\"_blank\" rel=\"noreferrer noopener\">Otur\u00adma izni ba\u015f\u00advu\u00adru\u00adsu (Aufent\u00adhalt\u00adser\u00adla\u00adub\u00adnis<\/a>)<\/span><\/li><li class=\"kb-icon-list-style-default kt_flex_aligncenter kb-icon-list-item-wrap kb-icon-list-item-3\"><div style=\"display:inline-flex;justify-content:center;align-items:center\" class=\"kb-icon-list-single kb-icon-list-single-fe_arrowRightCircle\"><svg viewBox=\"0 0 24 24\" height=\"20\" width=\"20\" fill=\"none\" stroke=\"currentColor\" stroke-width=\"2\" stroke-linecap=\"round\" stroke-linejoin=\"round\" style=\"fill:none;display:inline-block;vertical-align:middle\" aria-hidden=\"true\"><circle cx=\"12\" cy=\"12\" r=\"10\" \/><polyline points=\"12 16 16 12 12 8\" \/><line x1=\"8\" y1=\"12\" x2=\"16\" y2=\"12\" \/><\/svg><\/div><span class=\"kb-icon-list-text\"><a href=\"http:\/\/web1.karlsruhe.de\/Service\/Formulare\/ordnungsamt\/AntragNiederlassungserlaubnis.pdf\" rel=\"noopener\">Yer\u00adle\u00ad\u015fim \u0130zni Ba\u015f\u00advu\u00adru\u00adsu (Nieder\u00adlas\u00adsung\u00adser\u00adla\u00adub\u00adnis \/ Dau\u00adera\u00adufent\u00adhalt-EU<\/a>)<\/span><\/li><li class=\"kb-icon-list-style-default kt_flex_aligncenter kb-icon-list-item-wrap kb-icon-list-item-4\"><div style=\"display:inline-flex;justify-content:center;align-items:center\" class=\"kb-icon-list-single kb-icon-list-single-fe_arrowRightCircle\"><svg viewBox=\"0 0 24 24\" height=\"20\" width=\"20\" fill=\"none\" stroke=\"currentColor\" stroke-width=\"2\" stroke-linecap=\"round\" stroke-linejoin=\"round\" style=\"fill:none;display:inline-block;vertical-align:middle\" aria-hidden=\"true\"><circle cx=\"12\" cy=\"12\" r=\"10\" \/><polyline points=\"12 16 16 12 12 8\" \/><line x1=\"8\" y1=\"12\" x2=\"16\" y2=\"12\" \/><\/svg><\/div><span class=\"kb-icon-list-text\"><a href=\"http:\/\/web1.karlsruhe.de\/service\/Formulare\/ordnungsamt\/AntragAufenthaltserlaubnis-und-vorzulegendeUnterlagen.pdf\" rel=\"noopener\">Otur\u00adma izni\u00adnin uza\u00adt\u0131l\u00adma\u00ads\u0131 i\u00e7in ba\u015f\u00advu\u00adru (Aufent\u00adhalt\u00adser\u00adla\u00adub\u00adnis)<\/a><\/span><\/li><li class=\"kb-icon-list-style-default kt_flex_aligncenter kb-icon-list-item-wrap kb-icon-list-item-5\"><div style=\"display:inline-flex;justify-content:center;align-items:center\" class=\"kb-icon-list-single kb-icon-list-single-fe_arrowRightCircle\"><svg viewBox=\"0 0 24 24\" height=\"20\" width=\"20\" fill=\"none\" stroke=\"currentColor\" stroke-width=\"2\" stroke-linecap=\"round\" stroke-linejoin=\"round\" style=\"fill:none;display:inline-block;vertical-align:middle\" aria-hidden=\"true\"><circle cx=\"12\" cy=\"12\" r=\"10\" \/><polyline points=\"12 16 16 12 12 8\" \/><line x1=\"8\" y1=\"12\" x2=\"16\" y2=\"12\" \/><\/svg><\/div><span class=\"kb-icon-list-text\"><a href=\"https:\/\/www.arbeitsagentur.de\/datei\/dok_ba014050.pdf\" target=\"_blank\" rel=\"noreferrer noopener\">Stad\u00adyum\u00adla ilgi\u00adli staj\u00adlar i\u00e7in ba\u015f\u00advu\u00adru (pdf)<\/a><\/span><\/li><li class=\"kb-icon-list-style-default kt_flex_aligncenter kb-icon-list-item-wrap kb-icon-list-item-6\"><div style=\"display:inline-flex;justify-content:center;align-items:center\" class=\"kb-icon-list-single kb-icon-list-single-fe_arrowRightCircle\"><svg viewBox=\"0 0 24 24\" height=\"20\" width=\"20\" fill=\"none\" stroke=\"currentColor\" stroke-width=\"2\" stroke-linecap=\"round\" stroke-linejoin=\"round\" style=\"fill:none;display:inline-block;vertical-align:middle\" aria-hidden=\"true\"><circle cx=\"12\" cy=\"12\" r=\"10\" \/><polyline points=\"12 16 16 12 12 8\" \/><line x1=\"8\" y1=\"12\" x2=\"16\" y2=\"12\" \/><\/svg><\/div><span class=\"kb-icon-list-text\"><a href=\"https:\/\/web1.karlsruhe.de\/service\/Formulare\/ordnungsamt\/BA_Formular_Erklaerung_Beschaeftigungsverhaeltnis.pdf\" rel=\"noopener\">\u0130\u015f ili\u015f\u00adki\u00adsi beya\u00adn\u0131 \u2014 Fede\u00adral \u0130\u015f Ajan\u00ads\u0131&nbsp;i\u00e7in<\/a><\/span><\/li><\/ul><\/div>\n\n\n\n<p>Form\u00adlar dol\u00addu\u00adrul\u00adma\u00adl\u0131 ve imzalanmal\u0131d\u0131r<\/p>\n\n\n\n<h3 class=\"wp-block-heading\"><span style=\"color: #01b193;\" class=\"stk-highlight\">S\u0131k soru\u00adlan sorular<\/span><\/h3>\n\n\n\n<div class=\"wp-block-ugb-accordion ugb-accordion ugb-e63cfcf ugb-accordion--v2 ugb-accordion--design-basic ugb-main-block\" aria-expanded=\"false\"><div class=\"ugb-inner-block\"><div class=\"ugb-block-content\"><div class=\"ugb-accordion__item\"><div class=\"ugb-accordion__heading\" role=\"button\" tabindex=\"0\"><h4 class=\"ugb-accordion__title\"><strong>Otur\u00adma izni\u00admin s\u00fcre\u00adsi dol\u00addu. Ne yap\u00admam gerekiyor?<\/strong><\/h4><svg viewBox=\"0 0 20 20\" class=\"ugb-accordion__arrow\" width=\"20\" height=\"20\"><path d=\"M16.7 3.3L10 10 3.3 3.4 0 6.7l10 10v-.1l10-9.9z\" \/><\/svg><\/div><div class=\"ugb-accordion__content\" role=\"region\"><div class=\"ugb-accordion__content-inner\">\n<p>L\u00fct\u00adfen imza\u00adl\u0131 ba\u015f\u00advu\u00adru\u00adnu\u00adzu ve bel\u00adge\u00adle\u00adri\u00adni\u00adzi m\u00fcm\u00adk\u00fcn olan en k\u0131sa s\u00fcre\u00adde g\u00f6n\u00adde\u00adrin.<br>Bel\u00adge\u00adle\u00adri PDF dos\u00adya\u00ads\u0131 ola\u00adrak e\u2011posta ile \u015fu adre\u00adse g\u00f6n\u00adde\u00adrin: <strong>abh@oa.karlsruhe.de<\/strong><\/p>\n<\/div><\/div><\/div><\/div><\/div><\/div>\n\n\n\n<div class=\"wp-block-ugb-accordion ugb-accordion ugb-27dcbd0 ugb-accordion--v2 ugb-accordion--design-basic ugb-main-block\" aria-expanded=\"false\"><div class=\"ugb-inner-block\"><div class=\"ugb-block-content\"><div class=\"ugb-accordion__item\"><div class=\"ugb-accordion__heading\" role=\"button\" tabindex=\"0\"><h4 class=\"ugb-accordion__title\"><strong>Kur\u00adgu\u00adsal Ser\u00adti\u00adfi\u00adka\u00adm\u0131n <strong>(Fik\u00adti\u00adons\u00adbesc\u00adhe\u00adini\u00adgung<\/strong>) s\u00fcre\u00adsi dol\u00addu. Nele\u00adri akl\u0131m\u00adda tutmal\u0131y\u0131m?<\/strong><\/h4><svg viewBox=\"0 0 20 20\" class=\"ugb-accordion__arrow\" width=\"20\" height=\"20\"><path d=\"M16.7 3.3L10 10 3.3 3.4 0 6.7l10 10v-.1l10-9.9z\" \/><\/svg><\/div><div class=\"ugb-accordion__content\" role=\"region\"><div class=\"ugb-accordion__content-inner\">\n<p>Kur\u00adgu etki\u00adsi kanu\u00adnen uygu\u00adlan\u00adma\u00adya devam etmek\u00adte\u00addir.<br>\u0130ht\u00adiy\u00ada\u00e7 halin\u00adde (\u00f6rne\u00ad\u011fin acil bir seya\u00adhat i\u00e7in), kur\u00adgu\u00adnun ge\u00e7er\u00adli\u00adli\u00ad\u011fi\u00adnin devam etti\u00ad\u011fi\u00adne dair bir ser\u00adti\u00adfi\u00adka d\u00fczen\u00adle\u00adne\u00adbi\u00adlir ve size g\u00f6n\u00adde\u00adri\u00adle\u00adbi\u00adlir.<br>Seya\u00adhat ser\u00adti\u00adfi\u00adka\u00ads\u0131 ile bir\u00adlik\u00adte bir e\u2011posta g\u00f6n\u00adde\u00adrin (\u00f6rne\u00ad\u011fin bilet kop\u00adya\u00ads\u0131): <strong>abh@oa.karlsruhe.de<\/strong><\/p>\n<\/div><\/div><\/div><\/div><\/div><\/div>\n\n\n\n<div class=\"wp-block-ugb-accordion ugb-accordion ugb-fd3334d ugb-accordion--v2 ugb-accordion--design-basic ugb-main-block\" aria-expanded=\"false\"><div class=\"ugb-inner-block\"><div class=\"ugb-block-content\"><div class=\"ugb-accordion__item\"><div class=\"ugb-accordion__heading\" role=\"button\" tabindex=\"0\"><h4 class=\"ugb-accordion__title\"><strong>Zama\u00adn\u0131n\u00adda ba\u015f\u00advu\u00adru\u00adda bulun\u00addum, ancak otur\u00adma izni\u00admin s\u00fcre\u00adsi dolu\u00adyor. Nele\u00adri g\u00f6z \u00f6n\u00fcn\u00adde bulun\u00addur\u00adma\u00adn\u0131z gerekiyor?<\/strong><\/h4><svg viewBox=\"0 0 20 20\" class=\"ugb-accordion__arrow\" width=\"20\" height=\"20\"><path d=\"M16.7 3.3L10 10 3.3 3.4 0 6.7l10 10v-.1l10-9.9z\" \/><\/svg><\/div><div class=\"ugb-accordion__content\" role=\"region\"><div class=\"ugb-accordion__content-inner\">\n<p>Ba\u015f\u00advu\u00adru\u00adyu yapa\u00adrak <strong>yasal fik\u00adtif sta\u00adt\u00fc\u00adde<\/strong> bulu\u00adnu\u00adyor\u00adsu\u00adnuz ve ika\u00admet\u00adgah unva\u00adn\u0131\u00adn\u0131z k\u0131s\u0131t\u00adla\u00adma olmak\u00ads\u0131\u00adz\u0131n ge\u00e7er\u00adli olma\u00adya devam edi\u00adyor.<br>\u0130ht\u00adiy\u00ada\u00e7 halin\u00adde (\u00f6rne\u00ad\u011fin acil bir seya\u00adhat i\u00e7in) haya\u00adli bir ser\u00adti\u00adfi\u00adka d\u00fczen\u00adle\u00adne\u00adbi\u00adlir ve size g\u00f6n\u00adde\u00adri\u00adle\u00adbi\u00adlir.<br>Bunun i\u00e7in seya\u00adhat bel\u00adge\u00adsi ile bir\u00adlik\u00adte <strong>abh@oa.karlsruhe.de<\/strong> adre\u00adsi\u00adne bir e\u2011posta g\u00f6nderin.<\/p>\n<\/div><\/div><\/div><\/div><\/div><\/div>\n\n\n\n<div class=\"wp-block-ugb-accordion ugb-accordion ugb-459d171 ugb-accordion--v2 ugb-accordion--design-basic ugb-main-block\" aria-expanded=\"false\"><div class=\"ugb-inner-block\"><div class=\"ugb-block-content\"><div class=\"ugb-accordion__item\"><div class=\"ugb-accordion__heading\" role=\"button\" tabindex=\"0\"><h4 class=\"ugb-accordion__title\"><strong>\u0130\u015fv\u00ader\u00adenl\u00ader i\u00e7in bilgiler<\/strong><\/h4><svg viewBox=\"0 0 20 20\" class=\"ugb-accordion__arrow\" width=\"20\" height=\"20\"><path d=\"M16.7 3.3L10 10 3.3 3.4 0 6.7l10 10v-.1l10-9.9z\" \/><\/svg><\/div><div class=\"ugb-accordion__content\" role=\"region\"><div class=\"ugb-accordion__content-inner\">\n<p>Ken\u00addi\u00adle\u00adri\u00adne \u00e7al\u0131\u015f\u00adma hak\u00adk\u0131 veren ge\u00e7i\u00adci ika\u00admet izni sahip\u00adle\u00adri, uzat\u00adma ba\u015f\u00advu\u00adru\u00adsu\u00adnun ika\u00admet izni\u00adnin sona erme tari\u00adhin\u00adden \u00f6nce yap\u0131l\u00adm\u0131\u015f olma\u00ads\u0131 ko\u015fu\u00adluy\u00adla, ika\u00admet izni sona erdik\u00adten son\u00adra da \u00e7al\u0131\u015f\u00adma\u00adya devam ede\u00adbi\u00adlir\u00adler. Bu durum\u00adlar\u00adda, \u0130kam\u00adet Kanu\u00adnu\u00ad\u2019\u00adnun (AufenthG) 81 (4) mad\u00adde\u00adsi uya\u00adr\u0131n\u00adca kur\u00adgu etki\u00adsi ola\u00adrak adlan\u00add\u0131\u00adr\u0131\u00adlan durum ge\u00e7er\u00adli\u00addir. Devam eden ika\u00admet ve bunun\u00adla ba\u011f\u00adlan\u00adt\u0131\u00adl\u0131 \u00f6nce\u00adki \u00e7al\u0131\u015f\u00adma izni, yaban\u00adc\u0131\u00adlar daire\u00adsi\u00adnin uzat\u00adma ba\u015f\u00advu\u00adru\u00adsu hak\u00adk\u0131n\u00adda nihai bir karar ver\u00adme\u00adsi\u00adne kadar ge\u00e7er\u00adli olma\u00adya devam eder.<br><br>Bu d\u00fczen\u00adle\u00adme, yaban\u00adc\u0131 hen\u00fcz kur\u00adgu bel\u00adge\u00adsi\u00adne sahip olma\u00adsa veya kur\u00adgu bel\u00adge\u00adsi\u00adnin ge\u00e7er\u00adli\u00adli\u00ad\u011fi sona ermi\u015f ve ba\u015f\u00advu\u00adru hak\u00adk\u0131n\u00adda hen\u00fcz bir karar veril\u00adme\u00admi\u015f olsa bile kanu\u00adnen ge\u00e7erlidir.<\/p>\n<\/div><\/div><\/div><\/div><\/div><\/div>\n\n\n\n<h3 class=\"wp-block-heading\"><span style=\"color: #01b193;\" class=\"stk-highlight\">Di\u011fer hiz\u00admet\u00adler<\/span><\/h3>\n\n\n\n<p>\u00f6rn. \u00e7al\u0131\u015f\u00adma izni, au pair, taah\u00adh\u00fct beya\u00adn\u0131 bula\u00adbi\u00adlir\u00adsi\u00adniz <a href=\"https:\/\/web1.karlsruhe.de\/service\/Buergerdienste\/organisation.php?id=6028411\" rel=\"noopener\"><strong>Bura\u00adda<\/strong> <\/a><\/p>\n\n\n\n<p><strong>Bil\u00admek\u00adte fay\u00adda var:<\/strong> AB vatan\u00adda\u015f\u00adla\u00adr\u0131 Avru\u00adpa Bir\u00adli\u00ad\u011fi i\u00e7in\u00adde ser\u00adbest dola\u00ad\u015f\u0131m hak\u00adk\u0131\u00adna sahip\u00adtir. Bu, di\u011fer \u00fcye dev\u00adlet\u00adler\u00adde ser\u00adbest\u00ad\u00e7e hare\u00adket ede\u00adbi\u00adle\u00adcek\u00adle\u00adri, ora\u00adya gire\u00adbi\u00adle\u00adcek\u00adle\u00adri veya ora\u00adda kala\u00adbi\u00adle\u00adcek\u00adle\u00adri anla\u00adm\u0131\u00adna gelir. G\u00f6\u00e7\u00admen\u00adlik B\u00fcro\u00adsu\u00adna kay\u0131t yap\u00adt\u0131r\u00adma\u00adla\u00adr\u0131 veya \u00e7al\u0131\u015f\u00adma izni i\u00e7in ba\u015f\u00advur\u00adma\u00adla\u00adr\u0131 gerekmez.<\/p>\n","protected":false},"excerpt":{"rendered":"<p>Bir AB \u00fclke\u00adsin\u00adden de\u011fil\u00adse\u00adniz nere\u00adye kay\u0131t yap\u00adt\u0131r\u00adma\u00adn\u0131z gere\u00adkir?AB d\u0131\u015f\u0131n\u00adda\u00adki bir \u00fclke\u00adnin vatan\u00adda\u00ad\u015f\u0131y\u00adsa\u00adn\u0131z ve Alman\u00adya\u00ad\u2019\u00adya kal\u0131\u00adc\u0131 ola\u00adrak ya\u015fa\u00admak i\u00e7in giri\u015f yapa\u00adcak\u00adsa\u00adn\u0131z, yerel Aus\u00adl\u00ad\u00e4n\u00adder\u00adbe\u00adh\u00f6r\u00adde \u2018ye (Karls\u00adru\u00adhe Yaban\u00adc\u0131\u00adlar Daire\u00adsi) kay\u0131t yap\u00adt\u0131r\u00adma\u00adn\u0131z gere\u00adkir. Size&nbsp;<a class=\"moretag\" href=\"https:\/\/www.anika-net.de\/tr\/varmak\/sehirde-ikamet-kaydi\/yabancilar-dairesi\/\">daha faz\u00adla okuyun<\/a><\/p>\n","protected":false},"author":12,"featured_media":0,"parent":15698,"menu_order":11,"comment_status":"closed","ping_status":"closed","template":"","meta":{"_acf_changed":false,"inline_featured_image":false,"_uag_custom_page_level_css":"","wp_typography_post_enhancements_disabled":false,"footnotes":""},"class_list":["post-2533","page","type-page","status-publish","hentry"],"acf":[],"featured_image_urls_v2":{"full":"","thumbnail":"","medium":"","medium_large":"","large":"","1536x1536":"","2048x2048":"","event-overview":"","event-archive-thumb":"","grid-item-thumbnail":"","network-partner-icon":"","organiser-icon":"","gform-image-choice-sm":"","gform-image-choice-md":"","gform-image-choice-lg":""},"post_excerpt_stackable_v2":"<p>Bir AB \u00fclke\u00adsin\u00adden de\u011fil\u00adse\u00adniz nere\u00adye kay\u0131t yap\u00adt\u0131r\u00adma\u00adn\u0131z gere\u00adkir?AB d\u0131\u015f\u0131n\u00adda\u00adki bir \u00fclke\u00adnin vatan\u00adda\u00ad\u015f\u0131y\u00adsa\u00adn\u0131z ve Alman\u00adya\u00ad\u2019\u00adya kal\u0131\u00adc\u0131 ola\u00adrak ya\u015fa\u00admak i\u00e7in giri\u015f yapa\u00adcak\u00adsa\u00adn\u0131z, yerel Aus\u00adl\u00ad\u00e4n\u00adder\u00adbe\u00adh\u00f6r\u00adde \u2018ye (Karls\u00adru\u00adhe Yaban\u00adc\u0131\u00adlar Daire\u00adsi) kay\u0131t yap\u00adt\u0131r\u00adma\u00adn\u0131z gere\u00adkir. Size bir Aufent\u00adhalts\u00adti\u00adtel (otur\u00adma izni) vere\u00adcek\u00adler\u00addir. TIP Ani\u00adKA, otur\u00adma izni\u00adni\u00adzin s\u00fcre\u00adsi dol\u00adma\u00addan en az iki ay \u00f6nce ba\u015f\u00advur\u00adma\u00adn\u0131\u00adz\u0131 \u00f6ner\u00admek\u00adte\u00addir. Otur\u00adma izni\u00adnin veril\u00adme\u00adsi veya uza\u00adt\u0131l\u00adma\u00ads\u0131 art\u0131k \u015fah\u00adsen yap\u0131l\u00adm\u0131\u00adyor . G\u00f6\u00e7\u00admen\u00adlik B\u00fcro\u00adsu, ba\u015f\u00advu\u00adru\u00adda bulun\u00adma\u00adn\u0131z i\u00e7in size a\u015fa\u00ad\u011f\u0131\u00adda\u00adki ola\u00adnak\u00adla\u00adr\u0131 sun\u00admak\u00adta\u00add\u0131r: E\u2011posta ile ba\u015f\u00advu\u00adruL\u00fct\u00adfen dol\u00addu\u00adrul\u00admu\u015f ve imza\u00adlan\u00adm\u0131\u015f ba\u015f\u00advu\u00adru\u00adyu ve gerek\u00adli bel\u00adge\u00adle\u00adri son ba\u015f\u00advu\u00adru tari\u00adhin\u00adden \u00f6nce PDF dos\u00adya\u00ads\u0131 ola\u00adrak e\u2011posta ile \u015fu adre\u00adse g\u00f6n\u00adde\u00adrin: abh@oa.karlsruhe.de Pos\u00adta yoluy\u00adla veya pos\u00adta kutu\u00adsu\u00adna b\u0131ra\u00adka\u00adrak ba\u015f\u00advu\u00adru yap\u00admakAdres: Karls\u00adru\u00adhe: G\u00f6\u00e7\u00admen\u00adlik B\u00fcrosu,\u2026<\/p>\n","category_list_v2":"","author_info_v2":{"name":"Andrea Ramirez","url":"https:\/\/www.anika-net.de\/tr\/author\/andrea-ramirez\/"},"comments_num_v2":"0 comments","uagb_featured_image_src":{"full":false,"thumbnail":false,"medium":false,"medium_large":false,"large":false,"1536x1536":false,"2048x2048":false,"event-overview":false,"event-archive-thumb":false,"grid-item-thumbnail":false,"network-partner-icon":false,"organiser-icon":false,"gform-image-choice-sm":false,"gform-image-choice-md":false,"gform-image-choice-lg":false},"uagb_author_info":{"display_name":"Andrea Ramirez","author_link":"https:\/\/www.anika-net.de\/tr\/author\/andrea-ramirez\/"},"uagb_comment_info":0,"uagb_excerpt":"Bir AB \u00fclke\u00adsin\u00adden de\u011fil\u00adse\u00adniz nere\u00adye kay\u0131t yap\u00adt\u0131r\u00adma\u00adn\u0131z gere\u00adkir?AB d\u0131\u015f\u0131n\u00adda\u00adki bir \u00fclke\u00adnin vatan\u00adda\u00ad\u015f\u0131y\u00adsa\u00adn\u0131z ve Alman\u00adya\u00ad\u2019\u00adya kal\u0131\u00adc\u0131 ola\u00adrak ya\u015fa\u00admak i\u00e7in giri\u015f yapa\u00adcak\u00adsa\u00adn\u0131z, yerel Aus\u00adl\u00ad\u00e4n\u00adder\u00adbe\u00adh\u00f6r\u00adde \u2018ye (Karls\u00adru\u00adhe Yaban\u00adc\u0131\u00adlar Daire\u00adsi) kay\u0131t yap\u00adt\u0131r\u00adma\u00adn\u0131z gere\u00adkir. Size&nbsp;daha fazla okuyun","_links":{"self":[{"href":"https:\/\/www.anika-net.de\/tr\/wp-json\/wp\/v2\/pages\/2533","targetHints":{"allow":["GET"]}}],"collection":[{"href":"https:\/\/www.anika-net.de\/tr\/wp-json\/wp\/v2\/pages"}],"about":[{"href":"https:\/\/www.anika-net.de\/tr\/wp-json\/wp\/v2\/types\/page"}],"author":[{"embeddable":true,"href":"https:\/\/www.anika-net.de\/tr\/wp-json\/wp\/v2\/users\/12"}],"replies":[{"embeddable":true,"href":"https:\/\/www.anika-net.de\/tr\/wp-json\/wp\/v2\/comments?post=2533"}],"version-history":[{"count":0,"href":"https:\/\/www.anika-net.de\/tr\/wp-json\/wp\/v2\/pages\/2533\/revisions"}],"up":[{"embeddable":true,"href":"https:\/\/www.anika-net.de\/tr\/wp-json\/wp\/v2\/pages\/15698"}],"wp:attachment":[{"href":"https:\/\/www.anika-net.de\/tr\/wp-json\/wp\/v2\/media?parent=2533"}],"curies":[{"name":"wp","href":"https:\/\/api.w.org\/{rel}","templated":true}]}}