{"id":1039,"date":"2021-05-21T14:14:32","date_gmt":"2021-05-21T12:14:32","guid":{"rendered":"https:\/\/www.anika-net.de\/looking-for-a-job\/"},"modified":"2024-07-02T11:55:00","modified_gmt":"2024-07-02T09:55:00","slug":"is-ariyor","status":"publish","type":"page","link":"https:\/\/www.anika-net.de\/tr\/varmak\/karlsruhede-calismak\/is-ariyor\/","title":{"rendered":"\u0130\u015f ar\u0131\u00adyo\u00adrum"},"content":{"rendered":"\n<h2 class=\"wp-block-heading\"><span style=\"color: #0a8d82;\" class=\"stk-highlight\"><strong>Nas\u0131l i\u015f bula\u00adbi\u00adlir\u00adsin ya da<\/strong> <strong>e\u011fi\u00adtim&nbsp;kursu?<\/strong><\/span><\/h2>\n\n<p>E\u011fer bir i\u015fi\u00adniz yok\u00adsa, <strong>Karls\u00adru\u00adhe<\/strong> \u2018deki <strong>Agen\u00adtur f\u00fcr Arbe\u00adit Karls\u00adru\u00adhe-Ras\u00adtat\u00adt\u00ad\u2019a (\u0130\u015f Bul\u00adma Kuru\u00admu)<\/strong> kay\u0131t olabilirsiniz.<\/p>\n\n<p><strong>Ora\u00adda bulabilirsin:<\/strong><\/p>\n\n<ul class=\"wp-block-list\">\n<li>\u0130\u015f bul\u00adma konu\u00adsun\u00adda des\u00adtek ve tavsiye,<\/li>\n\n\n\n<li>E\u011fi\u00adtim, y\u00fck\u00adsek \u00f6\u011fre\u00adnim ve mes\u00adle\u00adki geli\u00ad\u015fim konu\u00adla\u00adr\u0131n\u00adda bil\u00adgi ve tavsiyeler,<\/li>\n\n\n\n<li>S\u00fcrek\u00adli mes\u00adle\u00adki e\u011fi\u00adtim i\u00e7in destek,<\/li>\n\n\n\n<li>Mali yar\u00add\u0131m, \u00f6rne\u00ad\u011fin i\u015fi\u00adni\u00adzi kay\u00adbet\u00adtiy\u00adse\u00adniz i\u015fsiz\u00adlik para\u00ads\u0131 (i\u015fsiz\u00adlik para\u00ads\u0131\u00adn\u0131n s\u00fcre\u00adsi ne kadar s\u00fcre\u00addir \u00e7al\u0131\u015f\u00adt\u0131\u00ad\u011f\u0131\u00adn\u0131\u00adza ve ya\u015f\u0131\u00adn\u0131\u00adza ba\u011fl\u0131d\u0131r).<\/li>\n<\/ul>\n\n<div class=\"wp-block-stackable-columns stk-block-columns stk-block stk-5aa0d49\" data-block-id=\"5aa0d49\"><div class=\"stk-row stk-inner-blocks stk-block-content stk-content-align stk-5aa0d49-column\">\n<div class=\"wp-block-stackable-column stk-block-column stk-column stk-block stk-31661c6\" data-v=\"4\" data-block-id=\"31661c6\"><div class=\"stk-column-wrapper stk-block-column__content stk-container stk-31661c6-container stk--no-background stk--no-padding\"><div class=\"stk-block-content stk-inner-blocks stk-31661c6-inner-blocks\">\n<p><strong>Nere\u00adye?<\/strong><br>\ud83c\udf10 <strong>\n  <a href=\"https:\/\/www.arbeitsagentur.de\/vor-ort\/karlsruhe-rastatt\" rel=\"noopener\">Agen\u00adtur f\u00fcr Arbe\u00adit Karlsruhe<\/a>\n<\/strong><br>Bra\u00adu\u00aderst\u00adra\u00ad\u00dfe 10<br>76135 Karls\u00adru\u00adhe<br><strong>Tel.:<\/strong> 0800 4 5555 00<br>  +49 721 823 2222<br>\ud83d\udcdd <strong>\n  <a href=\"https:\/\/web.arbeitsagentur.de\/portal\/kontakt\/de\" rel=\"noopener\">\u0130let\u00adi\u015f\u00adim formuna<\/a>\n<\/strong><\/p>\n<\/div><\/div><\/div>\n\n\n\n<div class=\"wp-block-stackable-column stk-block-column stk-column stk-block stk-fa1d9d8\" data-v=\"4\" data-block-id=\"fa1d9d8\"><div class=\"stk-column-wrapper stk-block-column__content stk-container stk-fa1d9d8-container stk--no-background stk--no-padding\"><div class=\"stk-block-content stk-inner-blocks stk-fa1d9d8-inner-blocks\">\n<p><strong>Yan\u0131m\u00adda ne getirmeliyim?<\/strong><\/p>\n\n\n\n<div class=\"wp-block-kioken-visual-list kb-icon-list-items kb-icon-list-items_935efd-7b kb-icon-list-columns-1 alignnone\"><ul class=\"kb-icon-list\"><li class=\"kb-icon-list-style-default kt_flex_aligncenter kb-icon-list-item-wrap kb-icon-list-item-0\"><div style=\"display:inline-flex;justify-content:center;align-items:center\" class=\"kb-icon-list-single kb-icon-list-single-fe_arrowRightCircle\"><svg viewBox=\"0 0 24 24\" height=\"20\" width=\"20\" fill=\"none\" stroke=\"currentColor\" stroke-width=\"2\" stroke-linecap=\"round\" stroke-linejoin=\"round\" style=\"fill:none;display:inline-block;vertical-align:middle\" aria-hidden=\"true\"><circle cx=\"12\" cy=\"12\" r=\"10\" \/><polyline points=\"12 16 16 12 12 8\" \/><line x1=\"8\" y1=\"12\" x2=\"16\" y2=\"12\" \/><\/svg><\/div><span class=\"kb-icon-list-text\">Pasa\u00adport veya kim\u00adlik&nbsp;kart\u0131<\/span><\/li><li class=\"kb-icon-list-style-default kt_flex_aligncenter kb-icon-list-item-wrap kb-icon-list-item-1\"><div style=\"display:inline-flex;justify-content:center;align-items:center\" class=\"kb-icon-list-single kb-icon-list-single-fe_arrowRightCircle\"><svg viewBox=\"0 0 24 24\" height=\"20\" width=\"20\" fill=\"none\" stroke=\"currentColor\" stroke-width=\"2\" stroke-linecap=\"round\" stroke-linejoin=\"round\" style=\"fill:none;display:inline-block;vertical-align:middle\" aria-hidden=\"true\"><circle cx=\"12\" cy=\"12\" r=\"10\" \/><polyline points=\"12 16 16 12 12 8\" \/><line x1=\"8\" y1=\"12\" x2=\"16\" y2=\"12\" \/><\/svg><\/div><span class=\"kb-icon-list-text\">Kay\u0131t ona\u00ady\u0131<\/span><\/li><li class=\"kb-icon-list-style-default kt_flex_aligncenter kb-icon-list-item-wrap kb-icon-list-item-2\"><div style=\"display:inline-flex;justify-content:center;align-items:center\" class=\"kb-icon-list-single kb-icon-list-single-fe_arrowRightCircle\"><svg viewBox=\"0 0 24 24\" height=\"20\" width=\"20\" fill=\"none\" stroke=\"currentColor\" stroke-width=\"2\" stroke-linecap=\"round\" stroke-linejoin=\"round\" style=\"fill:none;display:inline-block;vertical-align:middle\" aria-hidden=\"true\"><circle cx=\"12\" cy=\"12\" r=\"10\" \/><polyline points=\"12 16 16 12 12 8\" \/><line x1=\"8\" y1=\"12\" x2=\"16\" y2=\"12\" \/><\/svg><\/div><span class=\"kb-icon-list-text\">\u00d6zge\u00e7\u00admi\u015f \/ R\u00e9sum\u00e9<\/span><\/li><\/ul><\/div>\n<\/div><\/div><\/div>\n\n\n\n<div class=\"wp-block-stackable-column stk-block-column stk-column stk-block stk-622ba7a\" data-v=\"4\" data-block-id=\"622ba7a\"><div class=\"stk-column-wrapper stk-block-column__content stk-container stk-622ba7a-container stk--no-background stk--no-padding\"><div class=\"stk-block-content stk-inner-blocks stk-622ba7a-inner-blocks\">\n<p><strong>Ne elde ediyorsun?<\/strong><\/p>\n\n\n\n<div class=\"wp-block-kioken-visual-list kb-icon-list-items kb-icon-list-items_66dcdd-af kb-icon-list-columns-1 alignnone\"><ul class=\"kb-icon-list\"><li class=\"kb-icon-list-style-default kt_flex_aligncenter kb-icon-list-item-wrap kb-icon-list-item-0\"><div style=\"display:inline-flex;justify-content:center;align-items:center\" class=\"kb-icon-list-single kb-icon-list-single-fe_arrowRightCircle\"><svg viewBox=\"0 0 24 24\" height=\"20\" width=\"20\" fill=\"none\" stroke=\"currentColor\" stroke-width=\"2\" stroke-linecap=\"round\" stroke-linejoin=\"round\" style=\"fill:none;display:inline-block;vertical-align:middle\" aria-hidden=\"true\"><circle cx=\"12\" cy=\"12\" r=\"10\" \/><polyline points=\"12 16 16 12 12 8\" \/><line x1=\"8\" y1=\"12\" x2=\"16\" y2=\"12\" \/><\/svg><\/div><span class=\"kb-icon-list-text\">\u0130\u015f bul\u00adma konu\u00adsun\u00adda yar\u00add\u0131m ve&nbsp;bilgi<\/span><\/li><\/ul><\/div>\n<\/div><\/div><\/div>\n<\/div><\/div>\n\n<h2 class=\"wp-block-heading\"><strong><span style=\"color: #0a8d82;\" class=\"stk-highlight\">\u0130\u015f ara\u00admak i\u00e7in yar\u00add\u0131\u00adma ihti\u00adya\u00adc\u0131\u00adn\u0131z&nbsp;varsa:&nbsp;<\/span><\/strong><\/h2>\n\n<h3 class=\"wp-block-heading\"><strong>At the<\/strong> <strong><span style=\"color: #0a8d82;\" class=\"stk-highlight\">Beruf\u00adsin\u00adfor\u00adma\u00adti\u00adons\u00adzent\u00adrum Karls\u00adru\u00adhe<\/span> (Kari\u00adyer Bil\u00adgi Mer\u00adke\u00adzi)<\/strong> <strong>Karls\u00adru\u00adhe\u00ad\u2019\u00adde yapabilirsin:<\/strong><\/h3>\n\n<ul class=\"wp-block-list\">\n<li>\u0130\u015f ba\u015f\u00advu\u00adru\u00adla\u00adr\u0131\u00adn\u0131 yaz\u0131n, bel\u00adge\u00adle\u00adri yaz\u00add\u0131\u00adr\u0131n, kop\u00adya\u00adla\u00ady\u0131n ve taray\u0131n,&nbsp;<\/li>\n\n\n\n<li>Mes\u00adlek\u00adler, \u00e7\u0131rak\u00adl\u0131k e\u011fi\u00adtim\u00adle\u00adri, y\u00fck\u00adsek \u00f6\u011fre\u00adnim kurs\u00adla\u00adr\u0131, g\u00f6n\u00fcl\u00adl\u00fc hiz\u00admet\u00adler veya bir i\u015f kur\u00adma hak\u00adk\u0131n\u00adda bil\u00adgi edinin<\/li>\n\n\n\n<li>Karls\u00adru\u00adhe\u00ad\u2019\u00adde\u00adki etkin\u00adlik\u00adle\u00adri ve i\u015f bul\u00adma\u00adn\u0131\u00adza ve ba\u015f\u00advur\u00adma\u00adn\u0131\u00adza yar\u00add\u0131m\u00adc\u0131 ola\u00adcak uzman lite\u00adra\u00adt\u00fc\u00adr\u00fc\u00adn\u00fc&nbsp;bulun.<\/li>\n<\/ul>\n\n<div class=\"wp-block-stackable-columns stk-block-columns stk-block stk-e35c76a\" data-block-id=\"e35c76a\"><div class=\"stk-row stk-inner-blocks stk-block-content stk-content-align stk-e35c76a-column\">\n<div class=\"wp-block-stackable-column stk-block-column stk-column stk-block stk-d270215\" data-v=\"4\" data-block-id=\"d270215\"><div class=\"stk-column-wrapper stk-block-column__content stk-container stk-d270215-container stk--no-background stk--no-padding\"><div class=\"stk-block-content stk-inner-blocks stk-d270215-inner-blocks\">\n<p><strong>Nere\u00adye?<\/strong> <br>\ud83c\udf10 <strong>\n  <a href=\"http:\/\/www.arbeitsagentur.de\/vor-ort\/karlsruhe-rastatt\/biz-karlsruhe\" rel=\"noopener\">Beruf\u00adsin\u00adfor\u00adma\u00adti\u00adons\u00adzent\u00adrum BiZ Karlsruhe<\/a>\n<\/strong><br>Bra\u00adu\u00aderst\u00adra\u00ad\u00dfe 10<br>76135 Karls\u00adru\u00adhe<br><strong>E\u2011Mail:<\/strong> <a href=\"mailto:Karlsruhe-Rastatt.BIZ@arbeitsagentur.de\" target=\"_blank\" rel=\"noreferrer noopener\">karlsruhe-rastatt.BIZ@arbeitsagentur.de<\/a> <\/p>\n<\/div><\/div><\/div>\n\n\n\n<div class=\"wp-block-stackable-column stk-block-column stk-column stk-block stk-8f5c81d\" data-v=\"4\" data-block-id=\"8f5c81d\"><div class=\"stk-column-wrapper stk-block-column__content stk-container stk-8f5c81d-container stk--no-background stk--no-padding\"><div class=\"stk-block-content stk-inner-blocks stk-8f5c81d-inner-blocks\">\n<p><strong>A\u00e7\u0131\u00adl\u0131\u015f saat\u00adle\u00adri:<\/strong><br>Pazar\u00adte\u00adsi 08:00 \u2014 12:00<br>Sal\u0131: 08:00 \u2014 12:00<br>\u00c7ar\u00ad\u015fam\u00adba: 08:00 \u2014 12:00<br>Per\u00ad\u015fem\u00adbe: 08:00 \u2014 12:00<br>  14:00 \u2014 17:00<br>Cuma: 08:00 \u2014 12:00<\/p>\n<\/div><\/div><\/div>\n<\/div><\/div>\n","protected":false},"excerpt":{"rendered":"<p>Nas\u0131l i\u015f bula\u00adbi\u00adlir\u00adsin ya da e\u011fi\u00adtim&nbsp;kur\u00adsu? E\u011fer bir i\u015fi\u00adniz yok\u00adsa, Karls\u00adru\u00adhe \u2018deki Agen\u00adtur f\u00fcr Arbe\u00adit Karls\u00adru\u00adhe-Ras\u00adtat\u00adt\u00ad\u2019a (\u0130\u015f Bul\u00adma Kuru\u00admu) kay\u0131t ola\u00adbi\u00adlir\u00adsi\u00adniz. Ora\u00adda bula\u00adbi\u00adlir\u00adsin: Nere\u00adye?\ud83c\udf10 Agen\u00adtur f\u00fcr Arbe\u00adit Karls\u00adru\u00adhe Bra\u00adu\u00aderst\u00adra\u00ad\u00dfe 1076135&nbsp;<a class=\"moretag\" href=\"https:\/\/www.anika-net.de\/tr\/varmak\/karlsruhede-calismak\/is-ariyor\/\">daha faz\u00adla okuyun<\/a><\/p>\n","protected":false},"author":1,"featured_media":0,"parent":15762,"menu_order":31,"comment_status":"closed","ping_status":"closed","template":"","meta":{"_acf_changed":false,"inline_featured_image":false,"_uag_custom_page_level_css":"","wp_typography_post_enhancements_disabled":false,"footnotes":""},"class_list":["post-1039","page","type-page","status-publish","hentry"],"acf":[],"featured_image_urls_v2":{"full":"","thumbnail":"","medium":"","medium_large":"","large":"","1536x1536":"","2048x2048":"","event-overview":"","event-archive-thumb":"","grid-item-thumbnail":"","network-partner-icon":"","organiser-icon":"","gform-image-choice-sm":"","gform-image-choice-md":"","gform-image-choice-lg":""},"post_excerpt_stackable_v2":"<p>Nas\u0131l i\u015f bula\u00adbi\u00adlir\u00adsin ya da e\u011fi\u00adtim&nbsp;kur\u00adsu? E\u011fer bir i\u015fi\u00adniz yok\u00adsa, Karls\u00adru\u00adhe \u2018deki Agen\u00adtur f\u00fcr Arbe\u00adit Karls\u00adru\u00adhe-Ras\u00adtat\u00adt\u00ad\u2019a (\u0130\u015f Bul\u00adma Kuru\u00admu) kay\u0131t ola\u00adbi\u00adlir\u00adsi\u00adniz. Ora\u00adda bula\u00adbi\u00adlir\u00adsin: \u0130\u015f bul\u00adma konu\u00adsun\u00adda des\u00adtek ve tav\u00adsi\u00adye, E\u011fi\u00adtim, y\u00fck\u00adsek \u00f6\u011fre\u00adnim ve mes\u00adle\u00adki geli\u00ad\u015fim konu\u00adla\u00adr\u0131n\u00adda bil\u00adgi ve tav\u00adsi\u00adye\u00adler, S\u00fcrek\u00adli mes\u00adle\u00adki e\u011fi\u00adtim i\u00e7in des\u00adtek, Mali yar\u00add\u0131m, \u00f6rne\u00ad\u011fin i\u015fi\u00adni\u00adzi kay\u00adbet\u00adtiy\u00adse\u00adniz i\u015fsiz\u00adlik para\u00ads\u0131 (i\u015fsiz\u00adlik para\u00ads\u0131\u00adn\u0131n s\u00fcre\u00adsi ne kadar s\u00fcre\u00addir \u00e7al\u0131\u015f\u00adt\u0131\u00ad\u011f\u0131\u00adn\u0131\u00adza ve ya\u015f\u0131\u00adn\u0131\u00adza ba\u011f\u00adl\u0131\u00add\u0131r). Nere\u00adye?\ud83c\udf10 Agen\u00adtur f\u00fcr Arbe\u00adit Karls\u00adru\u00adhe Bra\u00adu\u00aderst\u00adra\u00ad\u00dfe 1076135 Karls\u00adru\u00adheTel.: 0800 4 5555 00 +49 721 823 2222\ud83d\udcdd \u0130let\u00adi\u015f\u00adim for\u00admu\u00adna Yan\u0131m\u00adda ne getir\u00adme\u00adli\u00adyim? Pasa\u00adport veya kim\u00adlik&nbsp;kar\u00adt\u0131\u00adKa\u00ady\u0131t ona\u00ady\u0131\u00d6zge\u00e7\u00admi\u015f \/ R\u00e9su\u00adm\u00e9 Ne elde edi\u00adyor\u00adsun? \u0130\u015f bul\u00adma konu\u00adsun\u00adda yar\u00add\u0131m ve&nbsp;bil\u00adgi \u0130\u015f ara\u00admak i\u00e7in yard\u0131ma\u2026<\/p>\n","category_list_v2":"","author_info_v2":{"name":"saasweb-admin","url":"https:\/\/www.anika-net.de\/tr\/author\/saasweb-admin\/"},"comments_num_v2":"0 comments","uagb_featured_image_src":{"full":false,"thumbnail":false,"medium":false,"medium_large":false,"large":false,"1536x1536":false,"2048x2048":false,"event-overview":false,"event-archive-thumb":false,"grid-item-thumbnail":false,"network-partner-icon":false,"organiser-icon":false,"gform-image-choice-sm":false,"gform-image-choice-md":false,"gform-image-choice-lg":false},"uagb_author_info":{"display_name":"saasweb-admin","author_link":"https:\/\/www.anika-net.de\/tr\/author\/saasweb-admin\/"},"uagb_comment_info":0,"uagb_excerpt":"Nas\u0131l i\u015f bula\u00adbi\u00adlir\u00adsin ya da e\u011fi\u00adtim&nbsp;kursu? E\u011fer bir i\u015fi\u00adniz yok\u00adsa, Karls\u00adru\u00adhe \u2018deki Agen\u00adtur f\u00fcr Arbe\u00adit Karls\u00adru\u00adhe-Ras\u00adtat\u00adt\u00ad\u2019a (\u0130\u015f Bul\u00adma Kuru\u00admu) kay\u0131t olabilirsiniz. Ora\u00adda bulabilirsin: Nere\u00adye?\ud83c\udf10 Agen\u00adtur f\u00fcr Arbe\u00adit Karlsruhe Bra\u00adu\u00aderst\u00adra\u00ad\u00dfe 1076135&nbsp;daha fazla okuyun","_links":{"self":[{"href":"https:\/\/www.anika-net.de\/tr\/wp-json\/wp\/v2\/pages\/1039","targetHints":{"allow":["GET"]}}],"collection":[{"href":"https:\/\/www.anika-net.de\/tr\/wp-json\/wp\/v2\/pages"}],"about":[{"href":"https:\/\/www.anika-net.de\/tr\/wp-json\/wp\/v2\/types\/page"}],"author":[{"embeddable":true,"href":"https:\/\/www.anika-net.de\/tr\/wp-json\/wp\/v2\/users\/1"}],"replies":[{"embeddable":true,"href":"https:\/\/www.anika-net.de\/tr\/wp-json\/wp\/v2\/comments?post=1039"}],"version-history":[{"count":0,"href":"https:\/\/www.anika-net.de\/tr\/wp-json\/wp\/v2\/pages\/1039\/revisions"}],"up":[{"embeddable":true,"href":"https:\/\/www.anika-net.de\/tr\/wp-json\/wp\/v2\/pages\/15762"}],"wp:attachment":[{"href":"https:\/\/www.anika-net.de\/tr\/wp-json\/wp\/v2\/media?parent=1039"}],"curies":[{"name":"wp","href":"https:\/\/api.w.org\/{rel}","templated":true}]}}