{"id":63341,"date":"2025-07-10T13:48:39","date_gmt":"2025-07-10T11:48:39","guid":{"rendered":"https:\/\/www.anika-net.de\/event\/stadtpiraten-karlsruhe-cocuk-projesi\/"},"modified":"2025-07-10T13:48:42","modified_gmt":"2025-07-10T11:48:42","slug":"stadtpiraten-karlsruhe-cocuk-projesi","status":"publish","type":"event","link":"https:\/\/www.anika-net.de\/tr\/event\/stadtpiraten-karlsruhe-cocuk-projesi\/","title":{"rendered":"Stadt\u00adpi\u00adra\u00adten Karls\u00adru\u00adhe \u2014 \u00c7ocuk Projesi"},"content":{"rendered":"\n<h4 class=\"wp-block-heading\"><span style=\"color: #9084a7\" class=\"stk-highlight\">M\u00fcl\u00adte\u00adci konut\u00adla\u00adr\u0131n\u00adda ya\u015fa\u00adyan \u00e7ocuk\u00adlar i\u00e7in haf\u00adta\u00adl\u0131k bir program<\/span><\/h4>\n\n<h1 class=\"wp-block-heading\"><span style=\"color: #fcb900\" class=\"stk-highlight\">Stadt\u00adpi\u00adra\u00adten Karls\u00adru\u00adhe<\/span> \u2014 <span style=\"color: #828080\" class=\"stk-highlight\"><em>\u00c7ocuk\u00adlar i\u00e7in E\u011flen\u00adce, Aidi\u00adyet ve Destek<\/em><\/span><\/h1>\n\n<p><strong>Stadt\u00adpi\u00adra\u00adten Karls\u00adru\u00adhe<\/strong>, \u015fu anda Karls\u00adru\u00adhe\u00ad\u2019\u00adde\u00adki <strong>ilk kabul mer\u00adke\u00adzin\u00adde (LEA<\/strong> ) kalan m\u00fcl\u00adte\u00adci aile\u00adle\u00adrin \u00e7ocuk\u00adla\u00adr\u0131\u00adna <strong>ne\u015fe, yara\u00adt\u0131\u00adc\u0131\u00adl\u0131k ve ba\u011f\u00adlan\u00adt\u0131<\/strong> sa\u011f\u00adla\u00adyan, g\u00f6n\u00fcl\u00adl\u00fc\u00adler tara\u00adf\u0131n\u00addan y\u00fcr\u00fc\u00adt\u00fc\u00adlen bir projedir.<\/p>\n\n<h3 class=\"wp-block-heading\">Ne Yap\u0131\u00adyo\u00adruz<\/h3>\n\n<p>Bir\u00adlik\u00adte \u00e7al\u0131\u015f\u00adt\u0131\u00ad\u011f\u0131\u00adm\u0131z aile\u00adle\u00adrin \u00e7o\u011fu Alman\u00adya\u00ad\u2019\u00adda belir\u00adsiz bir gele\u00adcek\u00adle kar\u00ad\u015f\u0131 kar\u00ad\u015f\u0131\u00adya. \u00c7ocuk\u00adlar genel\u00adlik\u00adle ge\u00e7\u00admi\u015f dene\u00adyim\u00adle\u00adri ile \u00f6nle\u00adrin\u00adde\u00adki belir\u00adsiz yol ara\u00ads\u0131n\u00adda bir \u201cara\u00adda kal\u00adma\u201d duru\u00admun\u00adda ya\u015f\u0131\u00adyor. Mis\u00adyo\u00adnu\u00admuz, onla\u00adr\u0131n <strong>yeni\u00adden \u00e7ocuk<\/strong> ola\u00adbi\u00adle\u00adcek\u00adle\u00adri bir alan yaratmak.&nbsp;<\/p>\n\n<p>Her haf\u00adta orga\u00adni\u00adze oluyoruz:<\/p>\n\n<ul class=\"wp-block-list\">\n<li>\ud83e\udd38\u200d\u2642\ufe0f E\u011flen\u00adce\u00adli ve aktif grup oyunlar\u0131<\/li>\n\n\n\n<li>\ud83c\udfa8 Yara\u00adt\u0131\u00adc\u0131 at\u00f6l\u00adye \u00e7al\u0131\u015fmalar\u0131<\/li>\n\n\n\n<li>\ud83d\ude8c Heye\u00adcan veri\u00adci gezi\u00adler (f\u0131r\u0131n\u00adc\u0131\u00adl\u0131k, hay\u00adva\u00adnat bah\u00ad\u00e7e\u00adsi ziya\u00adret\u00adle\u00adri, buz pate\u00adni, t\u0131r\u00adman\u00adma ve daha fazlas\u0131)<\/li>\n<\/ul>\n\n<h3 class=\"wp-block-heading\">Kat\u0131l\u00admak \u0130st\u00ader misiniz?<\/h3>\n\n<p>\u0130st\u00ader <strong>g\u00f6n\u00fcl\u00adl\u00fc<\/strong> olun, ister soru sorun ya da prog\u00adra\u00adm\u0131\u00adm\u0131z hak\u00adk\u0131n\u00adda daha faz\u00adla bil\u00adgi edi\u00adnin \u2014 siz\u00adden haber almak isteriz!<\/p>\n\n<p>\ud83d\udce7 <strong><a>stadtpiraten@fluechtlingshilfe-karlsruhe.de<\/a><\/strong><\/p>\n\n<p><\/p>\n","protected":false},"author":12,"featured_media":63301,"template":"","class_list":["post-63341","event","type-event","status-publish","has-post-thumbnail","hentry","event_category-yardim-olanaklari"],"acf":{"event-recurring":true,"event-category":95,"event-is-language-course":false,"event-recurring-still-active":true,"event-display-details":true,"event-schedules-recurring":null,"event-schedules-calendar":null,"event-is-online":false,"event-online-url":"","event-location-building":"Fl\u00fcchtlingshilfe Karlsruhe e.V.","event-location-street":"Alten Schlachthof 11","event-location-zip":"76131","event-location-city":"Karlsruhe","event-location-contact-person":"Gertrud Weber (Coordinator)","event-location-phone":"0170\/ 29219 99","event-location-phone-2":"","event-location-mail":"stadtpiraten@fluechtlingshilfe-karlsruhe.de","event-location-mail-2":"","event-location-website":"https:\/\/fluechtlingshilfe-karlsruhe.de\/projekte\/die-stadtpiraten\/","event-target-group":[{"target-group":"all"}],"event-target-group-comment":"","event-free":true,"event-organiser":[16127],"event-header-copyright-overlay":true,"event-copyright-note-description-end":false},"featured_image_urls_v2":{"full":["https:\/\/www.anika-net.de\/wp-content\/uploads\/2025\/07\/AdobeStock_293327591-scaled.jpeg",2560,1707,false],"thumbnail":["https:\/\/www.anika-net.de\/wp-content\/uploads\/2025\/07\/AdobeStock_293327591-150x150.jpeg",150,150,true],"medium":["https:\/\/www.anika-net.de\/wp-content\/uploads\/2025\/07\/AdobeStock_293327591-300x200.jpeg",300,200,true],"medium_large":["https:\/\/www.anika-net.de\/wp-content\/uploads\/2025\/07\/AdobeStock_293327591-768x512.jpeg",640,427,true],"large":["https:\/\/www.anika-net.de\/wp-content\/uploads\/2025\/07\/AdobeStock_293327591-1024x683.jpeg",640,427,true],"1536x1536":["https:\/\/www.anika-net.de\/wp-content\/uploads\/2025\/07\/AdobeStock_293327591-1536x1024.jpeg",1536,1024,true],"2048x2048":["https:\/\/www.anika-net.de\/wp-content\/uploads\/2025\/07\/AdobeStock_293327591-2048x1365.jpeg",2048,1365,true],"event-overview":["https:\/\/www.anika-net.de\/wp-content\/uploads\/2025\/07\/AdobeStock_293327591-960x640.jpeg",960,640,true],"event-archive-thumb":["https:\/\/www.anika-net.de\/wp-content\/uploads\/2025\/07\/AdobeStock_293327591-480x320.jpeg",480,320,true],"grid-item-thumbnail":["https:\/\/www.anika-net.de\/wp-content\/uploads\/2025\/07\/AdobeStock_293327591-360x200.jpeg",360,200,true],"network-partner-icon":["https:\/\/www.anika-net.de\/wp-content\/uploads\/2025\/07\/AdobeStock_293327591-100x100.jpeg",100,100,true],"organiser-icon":["https:\/\/www.anika-net.de\/wp-content\/uploads\/2025\/07\/AdobeStock_293327591-200x200.jpeg",200,200,true],"gform-image-choice-sm":["https:\/\/www.anika-net.de\/wp-content\/uploads\/2025\/07\/AdobeStock_293327591-scaled.jpeg",300,200,false],"gform-image-choice-md":["https:\/\/www.anika-net.de\/wp-content\/uploads\/2025\/07\/AdobeStock_293327591-scaled.jpeg",400,267,false],"gform-image-choice-lg":["https:\/\/www.anika-net.de\/wp-content\/uploads\/2025\/07\/AdobeStock_293327591-scaled.jpeg",600,400,false]},"post_excerpt_stackable_v2":"<p>M\u00fcl\u00adte\u00adci konut\u00adla\u00adr\u0131n\u00adda ya\u015fa\u00adyan \u00e7ocuk\u00adlar i\u00e7in haf\u00adta\u00adl\u0131k bir prog\u00adram Stadt\u00adpi\u00adra\u00adten Karls\u00adru\u00adhe \u2014 \u00c7ocuk\u00adlar i\u00e7in E\u011flen\u00adce, Aidi\u00adyet ve Des\u00adtek Stadt\u00adpi\u00adra\u00adten Karls\u00adru\u00adhe, \u015fu anda Karls\u00adru\u00adhe\u00ad\u2019\u00adde\u00adki ilk kabul mer\u00adke\u00adzin\u00adde (LEA ) kalan m\u00fcl\u00adte\u00adci aile\u00adle\u00adrin \u00e7ocuk\u00adla\u00adr\u0131\u00adna ne\u015fe, yara\u00adt\u0131\u00adc\u0131\u00adl\u0131k ve ba\u011f\u00adlan\u00adt\u0131 sa\u011f\u00adla\u00adyan, g\u00f6n\u00fcl\u00adl\u00fc\u00adler tara\u00adf\u0131n\u00addan y\u00fcr\u00fc\u00adt\u00fc\u00adlen bir pro\u00adje\u00addir. Ne Yap\u0131\u00adyo\u00adruz Bir\u00adlik\u00adte \u00e7al\u0131\u015f\u00adt\u0131\u00ad\u011f\u0131\u00adm\u0131z aile\u00adle\u00adrin \u00e7o\u011fu Alman\u00adya\u00ad\u2019\u00adda belir\u00adsiz bir gele\u00adcek\u00adle kar\u00ad\u015f\u0131 kar\u00ad\u015f\u0131\u00adya. \u00c7ocuk\u00adlar genel\u00adlik\u00adle ge\u00e7\u00admi\u015f dene\u00adyim\u00adle\u00adri ile \u00f6nle\u00adrin\u00adde\u00adki belir\u00adsiz yol ara\u00ads\u0131n\u00adda bir \u201cara\u00adda kal\u00adma\u201d duru\u00admun\u00adda ya\u015f\u0131\u00adyor. Mis\u00adyo\u00adnu\u00admuz, onla\u00adr\u0131n yeni\u00adden \u00e7ocuk ola\u00adbi\u00adle\u00adcek\u00adle\u00adri bir alan yarat\u00admak.&nbsp; Her haf\u00adta orga\u00adni\u00adze olu\u00adyo\u00adruz: \ud83e\udd38\u200d\u2642\ufe0f E\u011flen\u00adce\u00adli ve aktif grup oyun\u00adla\u00adr\u0131 \ud83c\udfa8 Yara\u00adt\u0131\u00adc\u0131 at\u00f6l\u00adye \u00e7al\u0131\u015f\u00adma\u00adla\u00adr\u0131 \ud83d\ude8c Heye\u00adcan veri\u00adci gezi\u00adler (f\u0131r\u0131n\u00adc\u0131\u00adl\u0131k, hay\u00adva\u00adnat bah\u00ad\u00e7e\u00adsi ziya\u00adret\u00adle\u00adri, buz pate\u00adni, t\u0131rmanma\u2026<\/p>\n","category_list_v2":"","author_info_v2":{"name":"Andrea Ramirez","url":"https:\/\/www.anika-net.de\/tr\/author\/andrea-ramirez\/"},"comments_num_v2":"0 comments","uagb_featured_image_src":{"full":["https:\/\/www.anika-net.de\/wp-content\/uploads\/2025\/07\/AdobeStock_293327591-scaled.jpeg",2560,1707,false],"thumbnail":["https:\/\/www.anika-net.de\/wp-content\/uploads\/2025\/07\/AdobeStock_293327591-150x150.jpeg",150,150,true],"medium":["https:\/\/www.anika-net.de\/wp-content\/uploads\/2025\/07\/AdobeStock_293327591-300x200.jpeg",300,200,true],"medium_large":["https:\/\/www.anika-net.de\/wp-content\/uploads\/2025\/07\/AdobeStock_293327591-768x512.jpeg",640,427,true],"large":["https:\/\/www.anika-net.de\/wp-content\/uploads\/2025\/07\/AdobeStock_293327591-1024x683.jpeg",640,427,true],"1536x1536":["https:\/\/www.anika-net.de\/wp-content\/uploads\/2025\/07\/AdobeStock_293327591-1536x1024.jpeg",1536,1024,true],"2048x2048":["https:\/\/www.anika-net.de\/wp-content\/uploads\/2025\/07\/AdobeStock_293327591-2048x1365.jpeg",2048,1365,true],"event-overview":["https:\/\/www.anika-net.de\/wp-content\/uploads\/2025\/07\/AdobeStock_293327591-960x640.jpeg",960,640,true],"event-archive-thumb":["https:\/\/www.anika-net.de\/wp-content\/uploads\/2025\/07\/AdobeStock_293327591-480x320.jpeg",480,320,true],"grid-item-thumbnail":["https:\/\/www.anika-net.de\/wp-content\/uploads\/2025\/07\/AdobeStock_293327591-360x200.jpeg",360,200,true],"network-partner-icon":["https:\/\/www.anika-net.de\/wp-content\/uploads\/2025\/07\/AdobeStock_293327591-100x100.jpeg",100,100,true],"organiser-icon":["https:\/\/www.anika-net.de\/wp-content\/uploads\/2025\/07\/AdobeStock_293327591-200x200.jpeg",200,200,true],"gform-image-choice-sm":["https:\/\/www.anika-net.de\/wp-content\/uploads\/2025\/07\/AdobeStock_293327591-scaled.jpeg",300,200,false],"gform-image-choice-md":["https:\/\/www.anika-net.de\/wp-content\/uploads\/2025\/07\/AdobeStock_293327591-scaled.jpeg",400,267,false],"gform-image-choice-lg":["https:\/\/www.anika-net.de\/wp-content\/uploads\/2025\/07\/AdobeStock_293327591-scaled.jpeg",600,400,false]},"uagb_author_info":{"display_name":"Andrea Ramirez","author_link":"https:\/\/www.anika-net.de\/tr\/author\/andrea-ramirez\/"},"uagb_comment_info":0,"uagb_excerpt":"M\u00fcl\u00adte\u00adci konut\u00adla\u00adr\u0131n\u00adda ya\u015fa\u00adyan \u00e7ocuk\u00adlar i\u00e7in haf\u00adta\u00adl\u0131k bir program Stadt\u00adpi\u00adra\u00adten Karls\u00adru\u00adhe \u2014 \u00c7ocuk\u00adlar i\u00e7in E\u011flen\u00adce, Aidi\u00adyet ve Destek Stadt\u00adpi\u00adra\u00adten Karls\u00adru\u00adhe, \u015fu anda Karls\u00adru\u00adhe\u00ad\u2019\u00adde\u00adki ilk kabul mer\u00adke\u00adzin\u00adde (LEA ) kalan m\u00fcl\u00adte\u00adci aile\u00adle\u00adrin&nbsp;daha fazla okuyun","_links":{"self":[{"href":"https:\/\/www.anika-net.de\/tr\/wp-json\/wp\/v2\/event\/63341","targetHints":{"allow":["GET"]}}],"collection":[{"href":"https:\/\/www.anika-net.de\/tr\/wp-json\/wp\/v2\/event"}],"about":[{"href":"https:\/\/www.anika-net.de\/tr\/wp-json\/wp\/v2\/types\/event"}],"author":[{"embeddable":true,"href":"https:\/\/www.anika-net.de\/tr\/wp-json\/wp\/v2\/users\/12"}],"version-history":[{"count":2,"href":"https:\/\/www.anika-net.de\/tr\/wp-json\/wp\/v2\/event\/63341\/revisions"}],"predecessor-version":[{"id":63343,"href":"https:\/\/www.anika-net.de\/tr\/wp-json\/wp\/v2\/event\/63341\/revisions\/63343"}],"acf:post":[{"embeddable":true,"href":"https:\/\/www.anika-net.de\/tr\/wp-json\/wp\/v2\/organiser\/16127"}],"acf:term":[{"embeddable":true,"taxonomy":"event_category","href":"https:\/\/www.anika-net.de\/tr\/wp-json\/wp\/v2\/event_category\/95"}],"wp:featuredmedia":[{"embeddable":true,"href":"https:\/\/www.anika-net.de\/tr\/wp-json\/wp\/v2\/media\/63301"}],"wp:attachment":[{"href":"https:\/\/www.anika-net.de\/tr\/wp-json\/wp\/v2\/media?parent=63341"}],"curies":[{"name":"wp","href":"https:\/\/api.w.org\/{rel}","templated":true}]}}