{"id":62856,"date":"2025-06-25T11:48:51","date_gmt":"2025-06-25T09:48:51","guid":{"rendered":"https:\/\/www.anika-net.de\/event\/karlsruhede-mentorluk-destek-alin-ogrenin-baglanin\/"},"modified":"2025-06-25T11:48:51","modified_gmt":"2025-06-25T09:48:51","slug":"karlsruhede-mentorluk-destek-alin-ogrenin-baglanin","status":"publish","type":"event","link":"https:\/\/www.anika-net.de\/tr\/event\/karlsruhede-mentorluk-destek-alin-ogrenin-baglanin\/","title":{"rendered":"Karls\u00adru\u00adhe\u00ad\u2019\u00adde Men\u00adtor\u00adluk \u2014 Des\u00adtek Al\u0131n, \u00d6\u011fre\u00adnin, Ba\u011flan\u0131n"},"content":{"rendered":"<blockquote>\n<h3><em><span style=\"color: #666699;\">Karls\u00adru\u00adhe\u00ad\u2019\u00adde reh\u00adber\u00adlik, des\u00adtek veya yolu\u00adnu\u00adzu bul\u00adma\u00adn\u0131\u00adza yar\u00add\u0131m\u00adc\u0131 ola\u00adbi\u00adlecek biri\u00adni mi ar\u0131yorsunuz?<\/span><\/em><\/h3>\n<\/blockquote>\n<h1><span style=\"color: #ffcc00;\">Karls\u00adru\u00adhe\u00ad\u2019\u00adde Men\u00adtor\u00adluk <span style=\"color: #008080;\">- Des\u00adtek Al\u0131n, \u00d6\u011fre\u00adnin, Ba\u011flan\u0131n<\/span><\/span><\/h1>\n<h3 data-start=\"295\" data-end=\"337\">Yer\u00adle\u015f\u00adme\u00adni\u00adze, \u00d6\u011fren\u00adme\u00adni\u00adze ve B\u00fcy\u00fc\u00adme\u00adni\u00adze Yar\u00add\u0131m\u00adc\u0131&nbsp;Olmak<\/h3>\n<p data-start=\"339\" data-end=\"539\">Karls\u00adru\u00adhe\u00ad\u2019\u00adde yeni\u00adsi\u00adniz ve des\u00adtek, reh\u00adber\u00adlik veya ba\u011f\u00adlan\u00adt\u0131 m\u0131 ar\u0131\u00adyor\u00adsu\u00adnuz?<br data-start=\"413\" data-end=\"416\"><strong>Men\u00adtor\u00adluk prog\u00adram\u00adla\u00adr\u0131<\/strong> ken\u00addi\u00adni\u00adzi evi\u00adniz\u00adde his\u00adset\u00adme\u00adni\u00adze, dil \u00f6\u011fren\u00adme\u00adni\u00adze, arka\u00adda\u015f\u00adl\u0131k\u00adlar kur\u00adma\u00adn\u0131\u00adza ve pro\u00adfes\u00adyo\u00adnel veya ki\u015fi\u00adsel ola\u00adrak b\u00fcy\u00fc\u00adme\u00adni\u00adze yar\u00add\u0131m\u00adc\u0131 olabilir.<\/p>\n<p data-start=\"541\" data-end=\"737\">Bu say\u00adfa\u00adda, Karls\u00adru\u00adhe\u00ad\u2019\u00adde\u00adki fark\u00adl\u0131 kuru\u00adlu\u015f\u00adlar tara\u00adf\u0131n\u00addan \u00f6\u011fren\u00adci\u00adler, yeni gelen\u00adler, g\u00f6\u00e7\u00admen\u00adler ve des\u00adtek\u00adle\u00admek ya da des\u00adtek\u00adlen\u00admek iste\u00adyen her\u00adkes i\u00e7in sunu\u00adlan men\u00adtor\u00adluk giri\u00ad\u015fim\u00adle\u00adri\u00adne genel bir bak\u0131\u015f bulacaks\u0131n\u0131z.<\/p>\n<h2 data-start=\"541\" data-end=\"737\"><span style=\"color: #666699;\"><strong>Men\u00adtor\u00adluk prog\u00adram\u00adla\u00adr\u0131<\/strong> <span style=\"color: #008080;\"><strong>Karls\u00adru\u00adhe\u00ad\u2019\u00adde<\/strong><\/span><\/span><\/h2>\n<h3 data-start=\"164\" data-end=\"219\"><strong data-start=\"168\" data-end=\"219\">\ud83d\udcd8 <span style=\"color: #008080;\">Alman\u00adca \u00d6\u011fren\u00admek i\u00e7in Birey\u00adsel Destek<\/span><\/strong><\/h3>\n<ul>\n<li data-start=\"223\" data-end=\"310\"><strong data-start=\"223\" data-end=\"240\">Kim\u00adler i\u00e7in\u00addir?<\/strong> Stan\u00addart dil kurs\u00adla\u00adr\u0131n\u00adda etki\u00adli bir \u015fekil\u00adde \u00f6\u011fren\u00admek\u00adte zor\u00adla\u00adnan ki\u015filer<\/li>\n<li data-start=\"223\" data-end=\"310\"><strong data-start=\"313\" data-end=\"332\">Ne sunu\u00adyor?<\/strong> \u0130ht\u00adiy\u00ada\u00e7l\u00adar\u00ad\u0131n\u00ad\u0131za g\u00f6re uyar\u00adlan\u00adm\u0131\u015f bire bir veya k\u00fc\u00e7\u00fck grup Alman\u00adca dersleri<\/li>\n<li data-start=\"223\" data-end=\"310\"><strong data-start=\"399\" data-end=\"413\">Orga\u00adni\u00adza\u00adt\u00f6r:<\/strong> <strong data-start=\"600\" data-end=\"614\"><a href=\"https:\/\/www.awo-karlsruhe.de\/mitmachen\/ehrenamt\/\" rel=\"noopener\">AWO Karls\u00adru\u00adhe<\/a><\/strong><\/li>\n<li data-start=\"223\" data-end=\"310\"><strong data-start=\"430\" data-end=\"444\">Tara\u00adf\u0131n\u00addan finan\u00adse edil\u00admek\u00adte\u00addir:<\/strong> BfI<\/li>\n<li data-start=\"223\" data-end=\"310\"><strong data-start=\"451\" data-end=\"470\">\u0130let\u00adi\u015f\u00adim kuru\u00adla\u00adcak ki\u015fi:<\/strong> Espe\u00adran\u00adza Del Real<br data-start=\"493\" data-end=\"496\">\ud83d\udcde 0721 35 007 \u2014 144<br data-start=\"518\" data-end=\"521\">\ud83d\udce7 <a class=\"cursor-pointer\" rel=\"noopener\" data-start=\"526\" data-end=\"560\">fluechtlingshilfe@awo-karlsruhe.de<\/a>&nbsp;<\/li>\n<li>\ud83d\udd17 <a href=\"https:\/\/www.anika-net.de\/tr\/event\/almanca-ogrenmek-icin-bire-bir-destek\/\"><strong>Daha faz\u00adla&nbsp;bilgi<\/strong><\/a><\/li>\n<\/ul>\n<hr>\n<h3 data-start=\"123\" data-end=\"182\"><strong data-start=\"127\" data-end=\"182\">\ud83d\udde3\ufe0f <span style=\"color: #008080;\">Lan\u00adgu\u00adage Tan\u00addem <span style=\"color: #666699;\">- Kolay Yol\u00addan Dil \u00d6\u011frenin!<\/span><\/span><\/strong><\/h3>\n<ul data-start=\"184\" data-end=\"587\">\n<li data-start=\"184\" data-end=\"272\">\n<p data-start=\"186\" data-end=\"272\"><strong data-start=\"186\" data-end=\"203\">Kim\u00adler i\u00e7in\u00addir?<\/strong> Alman\u00adca veya ba\u015f\u00adka bir dili \u00f6\u011fren\u00admek veya geli\u015f\u00adtir\u00admek iste\u00adyen \u00f6\u011frenciler<\/p>\n<\/li>\n<li data-start=\"184\" data-end=\"272\">\n<p data-start=\"186\" data-end=\"272\"><strong data-start=\"275\" data-end=\"294\">Ne sunu\u00adyor?<\/strong> Kar\u00ad\u015f\u0131\u00adl\u0131k\u00adl\u0131 \u00f6\u011fren\u00adme i\u00e7in bir dil part\u00adne\u00adri bulun \u2014 h\u0131z\u00adl\u0131, \u00fccret\u00adsiz ve esnek!<br data-start=\"366\" data-end=\"369\">Mev\u00adcut tan\u00addem tek\u00adlif\u00adle\u00adri\u00adne g\u00f6z ata\u00adbi\u00adlir veya ken\u00addi ila\u00adn\u0131\u00adn\u0131\u00adz\u0131 g\u00f6nderebilirsiniz.<\/p>\n<\/li>\n<li data-start=\"184\" data-end=\"272\">\n<p data-start=\"186\" data-end=\"272\"><strong data-start=\"432\" data-end=\"446\">Orga\u00adni\u00adza\u00adt\u00f6r: <\/strong>Ulus\u00adla\u00adra\u00adra\u00ads\u0131 \u00d6\u011fren\u00adci Mer\u00adke\u00adzi <strong data-start=\"600\" data-end=\"614\">-<\/strong> <a href=\"https:\/\/www.sw-ka.de\/de\/international\/tandem\/\" rel=\"noopener\"><strong>Stu\u00addi\u00aderen\u00adde\u00adn\u00adwerk<\/strong><\/a><\/p>\n<\/li>\n<li data-start=\"184\" data-end=\"272\">\n<p data-start=\"186\" data-end=\"272\"><strong data-start=\"523\" data-end=\"542\">\u0130let\u00adi\u015f\u00adim kuru\u00adla\u00adcak ki\u015fi:<\/strong> Laura Liefke<br>\n\ud83d\udcde 0721 6909\u2013203<br data-start=\"576\" data-end=\"579\">\ud83d\udce7 l<a class=\"cursor-pointer\" rel=\"noopener\" data-start=\"584\" data-end=\"605\">aura.li<\/a>efke@sw-ka.de<\/p>\n<hr>\n<\/li>\n<\/ul>\n<h3 data-start=\"90\" data-end=\"146\"><strong data-start=\"94\" data-end=\"146\">\ud83c\udf0d <span style=\"color: #008080;\">Pers\u00adpek\u00adti\u00adve \u015eim\u00addi! <span style=\"color: #666699;\">- Alman\u00adca \u00d6\u011fre\u00adnin &amp; Des\u00adtek&nbsp;Al\u0131n<\/span><\/span><\/strong><\/h3>\n<ul data-start=\"148\" data-end=\"614\">\n<li data-start=\"148\" data-end=\"204\">\n<p data-start=\"150\" data-end=\"204\"><strong data-start=\"150\" data-end=\"167\">Kimin i\u00e7in?<\/strong> D\u00fcn\u00adya\u00adn\u0131n d\u00f6rt bir yan\u0131n\u00addan gen\u00e7ler<\/p>\n<\/li>\n<li data-start=\"148\" data-end=\"204\">\n<p data-start=\"150\" data-end=\"204\"><strong data-start=\"207\" data-end=\"226\">Ne sunu\u00adyor?<\/strong> Tan\u00addem veya grup orta\u00adm\u0131n\u00adda Alman\u00adca \u00f6\u011fren\u00adme\u00adnin yan\u0131 s\u0131ra okul, e\u011fi\u00adtim ve g\u00fcn\u00adl\u00fck soru\u00adlar\u00adda destek<\/p>\n<\/li>\n<li data-start=\"331\" data-end=\"368\">\n<p data-start=\"333\" data-end=\"368\"><strong data-start=\"333\" data-end=\"342\">Ne zaman:<\/strong> \u00c7ar\u00ad\u015fam\u00adba g\u00fcn\u00adle\u00adri, 16:00\u201318:00<\/p>\n<\/li>\n<li data-start=\"369\" data-end=\"409\">\n<p data-start=\"371\" data-end=\"409\"><strong data-start=\"371\" data-end=\"385\">Orga\u00adni\u00adza\u00adt\u00f6r:<\/strong> Pers\u00adpek\u00adti\u00adve Now \u2014&nbsp;ibz<br>\n<strong data-start=\"412\" data-end=\"426\">Tara\u00adf\u0131n\u00addan finan\u00adse edil\u00admek\u00adte\u00addir<\/strong>: Karls\u00adru\u00adhe Belediyesi<\/p>\n<\/li>\n<li data-start=\"447\" data-end=\"545\">\n<p data-start=\"449\" data-end=\"545\"><strong data-start=\"449\" data-end=\"468\">\u0130let\u00adi\u015f\u00adim kuru\u00adla\u00adcak ki\u015fi:<\/strong> Anni\u00adka Her\u00adtel<br data-start=\"482\" data-end=\"485\">\ud83d\udcde 0157 38182177<br data-start=\"503\" data-end=\"506\">\ud83d\udce7 <a class=\"cursor-pointer\" rel=\"noopener\" data-start=\"511\" data-end=\"543\">perspektive-now@ibz-karlsruhe.de<\/a><\/p>\n<\/li>\n<li data-start=\"546\" data-end=\"614\">\n<p data-start=\"548\" data-end=\"614\">\ud83d\udd17 <strong><a class href=\"https:\/\/www.anika-net.de\/tr\/event\/perspective-now\/\" target=\"_new\" rel=\"noopener\" data-start=\"551\" data-end=\"614\">Daha faz\u00adla&nbsp;bilgi<\/a><\/strong><\/p>\n<hr>\n<\/li>\n<\/ul>\n<h3 data-start=\"130\" data-end=\"193\"><strong data-start=\"134\" data-end=\"193\">\ud83e\udd1d <span style=\"color: #800080;\">Ulus\u00adla\u00adra\u00adra\u00ads\u0131 Buddy Prog\u00adra\u00adm\u0131 <span style=\"color: #666699;\">- Tan\u0131\u00ad\u015f\u0131n, Ba\u011f\u00adla\u00adn\u0131n, Destekleyin<\/span><\/span><\/strong><\/h3>\n<ul data-start=\"195\" data-end=\"665\">\n<li data-start=\"195\" data-end=\"250\">\n<p data-start=\"197\" data-end=\"250\"><strong data-start=\"197\" data-end=\"214\">Kimin i\u00e7in?<\/strong> KIT\u00ad\u2019\u00adte\u00adki yeni ulus\u00adla\u00adra\u00adra\u00ads\u0131 \u00f6\u011frenciler<\/p>\n<\/li>\n<li data-start=\"251\" data-end=\"450\">\n<p data-start=\"253\" data-end=\"450\"><strong data-start=\"253\" data-end=\"272\">Ne sunu\u00adyor?<\/strong> Dene\u00adyim\u00adli KIT \u00f6\u011fren\u00adci\u00adle\u00adriy\u00adle ba\u011f\u00adlan\u00adt\u0131 kur\u00admak i\u00e7in bir plat\u00adform.<br data-start=\"325\" data-end=\"328\">Sos\u00adyal a\u011f\u0131\u00adn\u0131\u00adz\u0131 olu\u015f\u00adtu\u00adrun, k\u00fcl\u00adt\u00fcr\u00adle\u00adra\u00adra\u00ads\u0131 bece\u00adri\u00adle\u00adri\u00adni\u00adzi geli\u015f\u00adti\u00adrin ve pay\u00adla\u00ad\u015f\u0131\u00adlan bil\u00adgi ve dene\u00adyim yoluy\u00adla bir\u00adbi\u00adri\u00adni\u00adzi destekleyin.<\/p>\n<\/li>\n<li data-start=\"452\" data-end=\"497\">\n<p data-start=\"454\" data-end=\"497\"><strong data-start=\"454\" data-end=\"468\">Orga\u00adni\u00adza\u00adt\u00f6r: <\/strong> <a href=\"https:\/\/www.intl.kit.edu\/istudent\/10402.php\" rel=\"noopener\"><strong>Ulus\u00adla\u00adra\u00adra\u00ads\u0131 Ofis \u2014&nbsp;KIT<\/strong><\/a><\/p>\n<\/li>\n<li data-start=\"498\" data-end=\"520\"><strong data-start=\"523\" data-end=\"542\">\u0130let\u00adi\u015f\u00adim kuru\u00adla\u00adcak ki\u015fi:<\/strong> Annet\u00adte Seiter (Koor\u00addi\u00adna\u00adt\u00f6r)<br data-start=\"571\" data-end=\"574\">\ud83d\udce7 <a class=\"cursor-pointer\" rel=\"noopener\" data-start=\"579\" data-end=\"601\">annette.seiter@kit.edu<\/a><\/li>\n<li data-start=\"604\" data-end=\"665\">\n<p data-start=\"606\" data-end=\"665\">\ud83d\udd17 <a class href=\"https:\/\/www.intl.kit.edu\/istudent\/10402.php\" target=\"_new\" rel=\"noopener\" data-start=\"609\" data-end=\"665\"><strong>Daha faz\u00adla&nbsp;bilgi<\/strong><\/a><\/p>\n<\/li>\n<\/ul>\n<hr>\n<h3 data-start=\"129\" data-end=\"185\"><strong data-start=\"133\" data-end=\"185\">\ud83e\udded <span style=\"color: #800080;\">Buddy Sup\u00adport <span style=\"color: #666699;\">- Alman\u00adya\u00ad\u2019\u00adda Yerel Bir Reh\u00adber&nbsp;Bulun<\/span><\/span><\/strong><\/h3>\n<ul data-start=\"187\" data-end=\"670\">\n<li data-start=\"187\" data-end=\"280\">\n<p data-start=\"189\" data-end=\"280\"><strong data-start=\"189\" data-end=\"206\">Kimin i\u00e7in?<\/strong> Alman\u00adya\u00ad\u2019\u00adda\u00adki ilk ad\u0131m\u00adla\u00adr\u0131n\u00adda ki\u015fi\u00adsel reh\u00adber\u00adlik ara\u00adyan yeni gelenler<\/p>\n<\/li>\n<li data-start=\"281\" data-end=\"452\">\n<p data-start=\"283\" data-end=\"452\"><strong data-start=\"283\" data-end=\"302\">Ne sunu\u00adyor?<\/strong> G\u00fcn\u00adl\u00fck zor\u00adluk\u00adlar\u00adda size yar\u00add\u0131m\u00adc\u0131 olan, ran\u00adde\u00advu\u00adlar\u00adda size e\u015flik eden ve yeni haya\u00adt\u0131\u00adn\u0131\u00adza uyum sa\u011f\u00adla\u00adma\u00adn\u0131\u00adza des\u00adtek olan yerel bir \u201carka\u00adda\u015f\u201d ile e\u015fle\u015fin.<\/p>\n<\/li>\n<li data-start=\"454\" data-end=\"520\">\n<p data-start=\"456\" data-end=\"520\"><strong data-start=\"456\" data-end=\"470\">Orga\u00adni\u00adza\u00adt\u00f6r:<\/strong> Ulus\u00adla\u00adra\u00adra\u00ads\u0131 \u00d6\u011fren\u00adci Mer\u00adke\u00adzi <strong data-start=\"600\" data-end=\"614\">-<\/strong> <a href=\"https:\/\/www.sw-ka.de\/de\/international\/paten\/\" rel=\"noopener\"><strong>Stu\u00addi\u00aderen\u00adde\u00adn\u00adwerk<\/strong><\/a><\/p>\n<\/li>\n<li data-start=\"521\" data-end=\"607\">\n<p data-start=\"523\" data-end=\"607\"><strong data-start=\"523\" data-end=\"542\">\u0130let\u00adi\u015f\u00adim kuru\u00adla\u00adcak ki\u015fi:<\/strong> Laura Lief\u00adke<br data-start=\"555\" data-end=\"558\">\ud83d\udcde 0721 6909\u2013203<br data-start=\"576\" data-end=\"579\">\ud83d\udce7 l<a class=\"cursor-pointer\" rel=\"noopener\" data-start=\"584\" data-end=\"605\">aura.li<\/a>efke@sw-ka.de<\/p>\n<\/li>\n<\/ul>\n<hr>\n<h3 data-start=\"146\" data-end=\"197\"><strong data-start=\"150\" data-end=\"197\">\ud83d\udc6d <span style=\"color: #800080;\">Patin\u00adnenP\u00adro\u00adjekt<\/span> <span style=\"color: #666699;\">- Kad\u0131n\u00adla\u00adr\u0131 Des\u00adtek\u00adle\u00adyen Kad\u0131nlar<\/span><\/strong><\/h3>\n<ul data-start=\"199\" data-end=\"769\">\n<li data-start=\"199\" data-end=\"291\">\n<p data-start=\"201\" data-end=\"291\"><strong data-start=\"201\" data-end=\"218\">Kim\u00adler i\u00e7in\u00addir?<\/strong> K\u00fcl\u00adt\u00fc\u00adrel de\u011fi\u00ad\u015fim ve ba\u011f kur\u00admak iste\u00adyen g\u00f6\u00e7\u00admen ve yerel kad\u0131nlar<\/p>\n<\/li>\n<li data-start=\"292\" data-end=\"481\">\n<p data-start=\"294\" data-end=\"481\"><strong data-start=\"294\" data-end=\"313\">Ne sunu\u00adyor?<\/strong> Tan\u00addem\u00adler ve d\u00fczen\u00adli grup top\u00adlan\u00adt\u0131\u00adla\u00adr\u0131 ara\u00adc\u0131\u00adl\u0131\u00ad\u011f\u0131y\u00adla arka\u00adda\u015f\u00adl\u0131k ve kar\u00ad\u015f\u0131\u00adl\u0131k\u00adl\u0131 \u00f6\u011fren\u00adme i\u00e7in g\u00fcven\u00adli bir alan.<br data-start=\"405\" data-end=\"408\">Bir\u00adbi\u00adri\u00adni\u00adzin ya\u015fam tarz\u00adla\u00adr\u0131\u00adn\u0131 tan\u0131\u00ady\u0131n ve des\u00adtek\u00adle\u00adyi\u00adci ili\u015f\u00adki\u00adler&nbsp;kurun.<\/p>\n<\/li>\n<li data-start=\"483\" data-end=\"519\">\n<p data-start=\"485\" data-end=\"519\"><strong data-start=\"485\" data-end=\"494\">Ne zaman?<\/strong> Per\u00ad\u015fem\u00adbe g\u00fcn\u00adle\u00adri, 15:30\u201317:30<\/p>\n<\/li>\n<li data-start=\"520\" data-end=\"560\">\n<p data-start=\"522\" data-end=\"560\"><strong data-start=\"522\" data-end=\"536\">Orga\u00adni\u00adza\u00adt\u00f6r:<\/strong> Patin\u00adnenP\u00adro\u00adjekt \u2014&nbsp;ibz<br>\n<strong data-start=\"563\" data-end=\"577\">Tara\u00adf\u0131n\u00addan finan\u00adse edil\u00admek\u00adte\u00addir<\/strong>: Karls\u00adru\u00adhe Belediyesi<\/p>\n<\/li>\n<li data-start=\"598\" data-end=\"700\">\n<p data-start=\"600\" data-end=\"700\"><strong data-start=\"600\" data-end=\"619\">\u0130let\u00adi\u015f\u00adim kuru\u00adla\u00adcak ki\u015fi:<\/strong> And\u00adrea Ben\u00adgert<br data-start=\"634\" data-end=\"637\">\ud83d\udcde 0721 89 33 37 13<br data-start=\"658\" data-end=\"661\">\ud83d\udce7 <a class=\"cursor-pointer\" rel=\"noopener\" data-start=\"666\" data-end=\"698\">patinnenprojekt@ibz-karlsruhe.de<\/a><\/p>\n<\/li>\n<li data-start=\"701\" data-end=\"769\">\n<p data-start=\"703\" data-end=\"769\">\ud83d\udd17 <strong><a class href=\"https:\/\/www.anika-net.de\/tr\/event\/vaftiz-annesi-projesi\/\" target=\"_new\" rel=\"noopener\" data-start=\"706\" data-end=\"769\">Daha faz\u00adla&nbsp;bilgi<\/a><\/strong><\/p>\n<\/li>\n<\/ul>\n<hr>\n<h3 data-start=\"132\" data-end=\"198\"><strong data-start=\"136\" data-end=\"198\">\ud83d\udcbb<span style=\"color: #ff9900;\"> Edu\u00adRef <span style=\"color: #666699;\">Men\u00adtor\u00adluk \u2014 Ki\u015fi\u00adsel Men\u00adtor ile Kod\u00adla\u00adma\u00ady\u0131 \u00d6\u011fr<\/span>enin<\/span><\/strong><\/h3>\n<ul>\n<li data-start=\"200\" data-end=\"289\">\n<p data-start=\"202\" data-end=\"289\"><strong data-start=\"202\" data-end=\"219\">Kim\u00adler i\u00e7in\u00addir:<\/strong> Yaz\u0131\u00adl\u0131m geli\u015f\u00adtir\u00adme bece\u00adri\u00adle\u00adri\u00adni derin\u00adle\u015f\u00adtir\u00admek iste\u00adyen herkes<\/p>\n<\/li>\n<li data-start=\"290\" data-end=\"471\">\n<p data-start=\"292\" data-end=\"471\"><strong data-start=\"292\" data-end=\"311\">Ne sunu\u00adyor?<\/strong> Haf\u00adta\u00adl\u0131k otu\u00adrum\u00adlar ve ara\u00adda ba\u011f\u0131m\u00ads\u0131z pro\u00adje \u00e7al\u0131\u015f\u00adma\u00adla\u00adr\u0131 ile 6 ayl\u0131k ki\u015fi\u00adsel\u00adle\u015f\u00adti\u00adril\u00admi\u015f bir men\u00adtor\u00adluk prog\u00adra\u00adm\u0131.<br data-start=\"414\" data-end=\"417\">H\u0131z, i\u00e7e\u00adrik ve odak hedef\u00adle\u00adri\u00adni\u00adze g\u00f6re uyarlan\u0131r.<\/p>\n<\/li>\n<li data-start=\"473\" data-end=\"596\">\n<p data-start=\"475\" data-end=\"596\"><strong data-start=\"475\" data-end=\"503\">Ola\u00ads\u0131 pro\u00adje konu\u00adla\u00adr\u0131:<\/strong><br data-start=\"503\" data-end=\"506\">- Ken\u00addi web site\u00adniz<br data-start=\"526\" data-end=\"529\">- Bir mobil uygu\u00adla\u00adma<br data-start=\"545\" data-end=\"548\">- Bir video oyu\u00adnu<br data-start=\"564\" data-end=\"567\" data-is-only-node>- Yapay&nbsp;zeka<\/p>\n<\/li>\n<li data-start=\"598\" data-end=\"623\">\n<p data-start=\"600\" data-end=\"623\"><strong data-start=\"600\" data-end=\"614\">Orga\u00adni\u00adza\u00adt\u00f6r <a href=\"https:\/\/www.eduref.eu\/\" rel=\"noopener\">Edu\u00adRef<\/a><\/strong><\/p>\n<\/li>\n<li><strong data-start=\"626\" data-end=\"645\">\u0130let\u00adi\u015f\u00adim kuru\u00adla\u00adcak ki\u015fi:<\/strong> Yan\u00adnick Nocus<br data-start=\"659\" data-end=\"662\">\ud83d\udce7 <a class=\"cursor-pointer\" rel=\"noopener\" data-start=\"667\" data-end=\"681\">info@eduref.eu\n<p><\/p><\/a><\/li>\n<li>\ud83d\udd17 <strong><a class href=\"https:\/\/www.eduref.eu\/mentoring\" target=\"_new\" rel=\"noopener\" data-start=\"689\" data-end=\"733\">Daha faz\u00adla&nbsp;bilgi<\/a><\/strong><\/li>\n<\/ul>\n<hr>\n<h2 style=\"text-align: center;\" data-start=\"128\" data-end=\"407\"><span style=\"color: #008080;\"><strong data-start=\"128\" data-end=\"178\">Karls\u00adru\u00adhe\u00ad\u2019\u00adde bir men\u00adtor\u00adluk prog\u00adra\u00adm\u0131 sunu\u00adyor musunuz?<\/strong><\/span><\/h2>\n<p style=\"text-align: center;\" data-start=\"128\" data-end=\"407\">Prog\u00adra\u00adm\u0131\u00adn\u0131z<strong> ulus\u00adla\u00adra\u00adra\u00ads\u0131<\/strong> bir<strong> kit\u00adle\u00adye<\/strong> y\u00f6ne\u00adlik\u00adse ve <strong>\u00fccret\u00adsiz\u00adse<\/strong>, siz\u00adden haber almak iste\u00adriz!<br data-start=\"285\" data-end=\"288\"><strong data-start=\"600\" data-end=\"614\">Bunu<\/strong> dol\u00addur\u00adma\u00adn\u0131z yeter\u00adli\u00addir <a href=\"https:\/\/docs.google.com\/forms\/d\/e\/1FAIpQLSc5gnLGoQjAsCr3UyiIxWPokWLyHopaEWd43vUP1cWp9AcyIA\/viewform?usp=sf_link\" rel=\"noopener\"><strong>k\u0131sa form<\/strong><\/a> \u2014 Sade\u00adce 2 daki\u00adka\u00adn\u0131\u00adz\u0131 al\u0131r ve men\u00adtor\u00adluk veya tan\u00addem prog\u00adra\u00adm\u0131\u00adn\u0131\u00adz\u0131 \u00fccret\u00adsiz ola\u00adrak yay\u0131nlar\u0131z.<\/p>\n","protected":false},"author":12,"featured_media":63269,"template":"","class_list":["post-62856","event","type-event","status-publish","has-post-thumbnail","hentry","event_category-yardim-olanaklari"],"acf":{"event-recurring":true,"event-category":95,"event-is-language-course":false,"event-recurring-still-active":true,"event-display-details":true,"event-schedules-recurring":null,"event-schedules-calendar":null,"event-is-online":false,"event-online-url":"","event-location-building":"","event-location-street":"","event-location-zip":"","event-location-city":"Karlsruhe","event-location-contact-person":"","event-location-phone":"","event-location-phone-2":"","event-location-mail":"","event-location-mail-2":"","event-location-website":"","event-target-group":null,"event-target-group-comment":"G\u00f6\u00e7menler, yeni gelenler ve g\u00f6n\u00fcll\u00fcler","event-free":true,"event-organiser":[63994],"event-header-copyright-overlay":true,"event-copyright-note-description-end":false},"featured_image_urls_v2":{"full":["https:\/\/www.anika-net.de\/wp-content\/uploads\/2025\/06\/AdobeStock_1241585829-scaled.jpeg",2560,1152,false],"thumbnail":["https:\/\/www.anika-net.de\/wp-content\/uploads\/2025\/06\/AdobeStock_1241585829-150x150.jpeg",150,150,true],"medium":["https:\/\/www.anika-net.de\/wp-content\/uploads\/2025\/06\/AdobeStock_1241585829-300x135.jpeg",300,135,true],"medium_large":["https:\/\/www.anika-net.de\/wp-content\/uploads\/2025\/06\/AdobeStock_1241585829-768x346.jpeg",640,288,true],"large":["https:\/\/www.anika-net.de\/wp-content\/uploads\/2025\/06\/AdobeStock_1241585829-1024x461.jpeg",640,288,true],"1536x1536":["https:\/\/www.anika-net.de\/wp-content\/uploads\/2025\/06\/AdobeStock_1241585829-1536x691.jpeg",1536,691,true],"2048x2048":["https:\/\/www.anika-net.de\/wp-content\/uploads\/2025\/06\/AdobeStock_1241585829-2048x922.jpeg",2048,922,true],"event-overview":["https:\/\/www.anika-net.de\/wp-content\/uploads\/2025\/06\/AdobeStock_1241585829-960x640.jpeg",960,640,true],"event-archive-thumb":["https:\/\/www.anika-net.de\/wp-content\/uploads\/2025\/06\/AdobeStock_1241585829-480x216.jpeg",480,216,true],"grid-item-thumbnail":["https:\/\/www.anika-net.de\/wp-content\/uploads\/2025\/06\/AdobeStock_1241585829-360x200.jpeg",360,200,true],"network-partner-icon":["https:\/\/www.anika-net.de\/wp-content\/uploads\/2025\/06\/AdobeStock_1241585829-100x100.jpeg",100,100,true],"organiser-icon":["https:\/\/www.anika-net.de\/wp-content\/uploads\/2025\/06\/AdobeStock_1241585829-200x200.jpeg",200,200,true],"gform-image-choice-sm":["https:\/\/www.anika-net.de\/wp-content\/uploads\/2025\/06\/AdobeStock_1241585829-scaled.jpeg",300,135,false],"gform-image-choice-md":["https:\/\/www.anika-net.de\/wp-content\/uploads\/2025\/06\/AdobeStock_1241585829-scaled.jpeg",400,180,false],"gform-image-choice-lg":["https:\/\/www.anika-net.de\/wp-content\/uploads\/2025\/06\/AdobeStock_1241585829-scaled.jpeg",600,270,false]},"post_excerpt_stackable_v2":"<p>Karls\u00adru\u00adhe\u00ad\u2019\u00adde reh\u00adber\u00adlik, des\u00adtek veya yolu\u00adnu\u00adzu bul\u00adma\u00adn\u0131\u00adza yar\u00add\u0131m\u00adc\u0131 ola\u00adbi\u00adlecek biri\u00adni mi ar\u0131\u00adyor\u00adsu\u00adnuz? Karls\u00adru\u00adhe\u00ad\u2019\u00adde Men\u00adtor\u00adluk \u2014 Des\u00adtek Al\u0131n, \u00d6\u011fre\u00adnin, Ba\u011f\u00adla\u00adn\u0131n Yer\u00adle\u015f\u00adme\u00adni\u00adze, \u00d6\u011fren\u00adme\u00adni\u00adze ve B\u00fcy\u00fc\u00adme\u00adni\u00adze Yar\u00add\u0131m\u00adc\u0131&nbsp;Olmak Karls\u00adru\u00adhe\u00ad\u2019\u00adde yeni\u00adsi\u00adniz ve des\u00adtek, reh\u00adber\u00adlik veya ba\u011f\u00adlan\u00adt\u0131 m\u0131 ar\u0131\u00adyor\u00adsu\u00adnuz?Men\u00adtor\u00adluk prog\u00adram\u00adla\u00adr\u0131 ken\u00addi\u00adni\u00adzi evi\u00adniz\u00adde his\u00adset\u00adme\u00adni\u00adze, dil \u00f6\u011fren\u00adme\u00adni\u00adze, arka\u00adda\u015f\u00adl\u0131k\u00adlar kur\u00adma\u00adn\u0131\u00adza ve pro\u00adfes\u00adyo\u00adnel veya ki\u015fi\u00adsel ola\u00adrak b\u00fcy\u00fc\u00adme\u00adni\u00adze yar\u00add\u0131m\u00adc\u0131 ola\u00adbi\u00adlir. Bu say\u00adfa\u00adda, Karls\u00adru\u00adhe\u00ad\u2019\u00adde\u00adki fark\u00adl\u0131 kuru\u00adlu\u015f\u00adlar tara\u00adf\u0131n\u00addan \u00f6\u011fren\u00adci\u00adler, yeni gelen\u00adler, g\u00f6\u00e7\u00admen\u00adler ve des\u00adtek\u00adle\u00admek ya da des\u00adtek\u00adlen\u00admek iste\u00adyen her\u00adkes i\u00e7in sunu\u00adlan men\u00adtor\u00adluk giri\u00ad\u015fim\u00adle\u00adri\u00adne genel bir bak\u0131\u015f bula\u00adcak\u00ads\u0131\u00adn\u0131z. Men\u00adtor\u00adluk prog\u00adram\u00adla\u00adr\u0131 Karls\u00adru\u00adhe\u00ad\u2019\u00adde \ud83d\udcd8 Alman\u00adca \u00d6\u011fren\u00admek i\u00e7in Birey\u00adsel Des\u00adtek Kim\u00adler i\u00e7in\u00addir? Stan\u00addart dil kurs\u00adla\u00adr\u0131n\u00adda etki\u00adli bir \u015fekil\u00adde \u00f6\u011fren\u00admek\u00adte zor\u00adla\u00adnan ki\u015fi\u00adler Ne sunu\u00adyor? \u0130ht\u00adiy\u00ada\u00e7l\u00adar\u00ad\u0131n\u00ad\u0131za g\u00f6re uyar\u00adlan\u00adm\u0131\u015f bire&nbsp;bir\u2026<\/p>\n","category_list_v2":"","author_info_v2":{"name":"Andrea Ramirez","url":"https:\/\/www.anika-net.de\/tr\/author\/andrea-ramirez\/"},"comments_num_v2":"0 comments","uagb_featured_image_src":{"full":["https:\/\/www.anika-net.de\/wp-content\/uploads\/2025\/06\/AdobeStock_1241585829-scaled.jpeg",2560,1152,false],"thumbnail":["https:\/\/www.anika-net.de\/wp-content\/uploads\/2025\/06\/AdobeStock_1241585829-150x150.jpeg",150,150,true],"medium":["https:\/\/www.anika-net.de\/wp-content\/uploads\/2025\/06\/AdobeStock_1241585829-300x135.jpeg",300,135,true],"medium_large":["https:\/\/www.anika-net.de\/wp-content\/uploads\/2025\/06\/AdobeStock_1241585829-768x346.jpeg",640,288,true],"large":["https:\/\/www.anika-net.de\/wp-content\/uploads\/2025\/06\/AdobeStock_1241585829-1024x461.jpeg",640,288,true],"1536x1536":["https:\/\/www.anika-net.de\/wp-content\/uploads\/2025\/06\/AdobeStock_1241585829-1536x691.jpeg",1536,691,true],"2048x2048":["https:\/\/www.anika-net.de\/wp-content\/uploads\/2025\/06\/AdobeStock_1241585829-2048x922.jpeg",2048,922,true],"event-overview":["https:\/\/www.anika-net.de\/wp-content\/uploads\/2025\/06\/AdobeStock_1241585829-960x640.jpeg",960,640,true],"event-archive-thumb":["https:\/\/www.anika-net.de\/wp-content\/uploads\/2025\/06\/AdobeStock_1241585829-480x216.jpeg",480,216,true],"grid-item-thumbnail":["https:\/\/www.anika-net.de\/wp-content\/uploads\/2025\/06\/AdobeStock_1241585829-360x200.jpeg",360,200,true],"network-partner-icon":["https:\/\/www.anika-net.de\/wp-content\/uploads\/2025\/06\/AdobeStock_1241585829-100x100.jpeg",100,100,true],"organiser-icon":["https:\/\/www.anika-net.de\/wp-content\/uploads\/2025\/06\/AdobeStock_1241585829-200x200.jpeg",200,200,true],"gform-image-choice-sm":["https:\/\/www.anika-net.de\/wp-content\/uploads\/2025\/06\/AdobeStock_1241585829-scaled.jpeg",300,135,false],"gform-image-choice-md":["https:\/\/www.anika-net.de\/wp-content\/uploads\/2025\/06\/AdobeStock_1241585829-scaled.jpeg",400,180,false],"gform-image-choice-lg":["https:\/\/www.anika-net.de\/wp-content\/uploads\/2025\/06\/AdobeStock_1241585829-scaled.jpeg",600,270,false]},"uagb_author_info":{"display_name":"Andrea Ramirez","author_link":"https:\/\/www.anika-net.de\/tr\/author\/andrea-ramirez\/"},"uagb_comment_info":0,"uagb_excerpt":"Karls\u00adru\u00adhe\u00ad\u2019\u00adde reh\u00adber\u00adlik, des\u00adtek veya yolu\u00adnu\u00adzu bul\u00adma\u00adn\u0131\u00adza yar\u00add\u0131m\u00adc\u0131 ola\u00adbi\u00adlecek biri\u00adni mi ar\u0131yorsunuz? Karls\u00adru\u00adhe\u00ad\u2019\u00adde Men\u00adtor\u00adluk - Des\u00adtek Al\u0131n, \u00d6\u011fre\u00adnin, Ba\u011flan\u0131n Yer\u00adle\u015f\u00adme\u00adni\u00adze, \u00d6\u011fren\u00adme\u00adni\u00adze ve B\u00fcy\u00fc\u00adme\u00adni\u00adze Yar\u00add\u0131m\u00adc\u0131&nbsp;Olmak Karls\u00adru\u00adhe\u00ad\u2019\u00adde yeni\u00adsi\u00adniz ve des\u00adtek, reh\u00adber\u00adlik veya ba\u011f\u00adlan\u00adt\u0131&nbsp;daha fazla okuyun","_links":{"self":[{"href":"https:\/\/www.anika-net.de\/tr\/wp-json\/wp\/v2\/event\/62856","targetHints":{"allow":["GET"]}}],"collection":[{"href":"https:\/\/www.anika-net.de\/tr\/wp-json\/wp\/v2\/event"}],"about":[{"href":"https:\/\/www.anika-net.de\/tr\/wp-json\/wp\/v2\/types\/event"}],"author":[{"embeddable":true,"href":"https:\/\/www.anika-net.de\/tr\/wp-json\/wp\/v2\/users\/12"}],"version-history":[{"count":0,"href":"https:\/\/www.anika-net.de\/tr\/wp-json\/wp\/v2\/event\/62856\/revisions"}],"acf:post":[{"embeddable":true,"href":"https:\/\/www.anika-net.de\/tr\/wp-json\/wp\/v2\/organiser\/63994"}],"acf:term":[{"embeddable":true,"taxonomy":"event_category","href":"https:\/\/www.anika-net.de\/tr\/wp-json\/wp\/v2\/event_category\/95"}],"wp:featuredmedia":[{"embeddable":true,"href":"https:\/\/www.anika-net.de\/tr\/wp-json\/wp\/v2\/media\/63269"}],"wp:attachment":[{"href":"https:\/\/www.anika-net.de\/tr\/wp-json\/wp\/v2\/media?parent=62856"}],"curies":[{"name":"wp","href":"https:\/\/api.w.org\/{rel}","templated":true}]}}