{"id":61515,"date":"2025-05-20T12:14:55","date_gmt":"2025-05-20T10:14:55","guid":{"rendered":"https:\/\/www.anika-net.de\/event\/hamile-gencler-icin-gobekten-gobege-doguma-hazirlik\/"},"modified":"2025-05-20T12:14:55","modified_gmt":"2025-05-20T10:14:55","slug":"hamile-gencler-icin-gobekten-gobege-doguma-hazirlik","status":"publish","type":"event","link":"https:\/\/www.anika-net.de\/tr\/event\/hamile-gencler-icin-gobekten-gobege-doguma-hazirlik\/","title":{"rendered":"Hami\u00adle Gen\u00e7\u00adler i\u00e7in \u201cG\u00f6bek\u00adten G\u00f6be\u00ad\u011fe\u201d Do\u011fu\u00adma Haz\u0131rl\u0131k"},"content":{"rendered":"<h3><span style=\"color: #666699;\">pro fami\u00adlia<\/span><\/h3>\n<h1><span style=\"color: #ffcc00;\">Hami\u00adle Gen\u00e7\u00adler i\u00e7in \u201cG\u00f6bek\u00adten G\u00f6be\u00ad\u011fe\u201d Do\u011fu\u00adma Haz\u0131rl\u0131k<br>\n<\/span><\/h1>\n<p><strong>\u201cG\u00f6bek\u00adten G\u00f6be\u00ad\u011fe\u201d<\/strong> kur\u00adsu \u00f6zel\u00adlik\u00adle hami\u00adle\u00adlik\u00adle\u00adri boyun\u00adca ken\u00addi\u00adle\u00adri\u00adne e\u015flik edil\u00adme\u00adsi\u00adni ve des\u00adtek\u00adlen\u00adme\u00adsi\u00adni iste\u00adyen gen\u00e7 hami\u00adle kad\u0131n\u00adlar i\u00e7in sunulmaktad\u0131r.<br>\nDo\u011fu\u00adma yo\u011fun bir \u015fekil\u00adde haz\u0131r\u00adlan\u00admak isti\u00adyo\u00adruz, ancak gen\u00e7\u00adle\u00adrin \u00f6zel duru\u00admu\u00adnu da dik\u00adka\u00adte al\u0131yoruz.<\/p>\n<p><strong>Kurs, bir ebe ve bir sos\u00adyal e\u011fi\u00adtim g\u00f6rev\u00adli\u00adsi tara\u00adf\u0131n\u00addan y\u00fcr\u00fct\u00fclmektedir.<\/strong><\/p>\n<p><strong><span style=\"color: #008080;\">Do\u011fum haz\u0131r\u00adl\u0131\u00ad\u011f\u0131 \u015fun\u00adla\u00adr\u0131 i\u00e7erir<\/span><\/strong><\/p>\n<ul>\n<li>Do\u011fum hak\u00adk\u0131n\u00adda&nbsp;bilgi<\/li>\n<li>Rahat\u00adla\u00adma y\u00f6ntemleri<\/li>\n<li>Nefes alma teknikleri<\/li>\n<li>V\u00fccu\u00addun sin\u00adyal\u00adle\u00adri\u00adni tan\u0131ma<\/li>\n<li>Bebek Bak\u0131\u00adm\u0131<\/li>\n<\/ul>\n<p><span style=\"color: #008080;\"><strong>Di\u011fer \u00f6nem\u00adli konular:<\/strong><\/span><\/p>\n<ul>\n<li>  Vela\u00adyet hak\u00adk\u0131n\u00adda sorular<\/li>\n<li>Mali yar\u00add\u0131m<\/li>\n<li>Baba ada\u00ady\u0131\u00adn\u0131n hak\u00adla\u00adr\u0131 ve g\u00f6revleri<\/li>\n<li>\u0130li\u015fk\u00adil\u00ader \u00fcze\u00adrin\u00adde\u00adki etki\u00adler (part\u00adner\u00adler, ebeveynler)<\/li>\n<li>\u201cKen\u00addi\u00admi nas\u0131l bir anne ola\u00adrak g\u00f6r\u00fcyorum?\u201d<\/li>\n<\/ul>\n","protected":false},"author":12,"featured_media":61506,"template":"","class_list":["post-61515","event","type-event","status-publish","has-post-thumbnail","hentry","event_category-yardim-olanaklari"],"acf":{"event-recurring":false,"event-category":95,"event-is-language-course":false,"event-recurring-still-active":true,"event-display-details":true,"event-schedules-recurring":null,"event-schedules-calendar":[{"event-calendar-day":"20250714","event-calendar-time":"16:00 \u2013 18:00","event-calendar-time-text":""},{"event-calendar-day":"20250721","event-calendar-time":"16:00 \u2013 18:00","event-calendar-time-text":""},{"event-calendar-day":"20250728","event-calendar-time":"16:00 \u2013 18:00","event-calendar-time-text":""},{"event-calendar-day":"20250804","event-calendar-time":"16:00 \u2013 18:00","event-calendar-time-text":""},{"event-calendar-day":"20250811","event-calendar-time":"16:00 \u2013 18:00","event-calendar-time-text":""},{"event-calendar-day":"20250818","event-calendar-time":"16:00 \u2013 18:00","event-calendar-time-text":""},{"event-calendar-day":"20250825","event-calendar-time":"16:00 \u2013 18:00","event-calendar-time-text":""}],"event-is-online":false,"event-online-url":"","event-location-building":"Pro familia","event-location-street":" Leopoldstr. 5","event-location-zip":"76133","event-location-city":"Karlsruhe","event-location-contact-person":"Familienhebamme Birgit Kr\u00e4nzler-Haas \/ Sabine Wei\u00df","event-location-phone":"01575 1059005","event-location-phone-2":"","event-location-mail":"birgit.kraenzler-haas@profamilia.de","event-location-mail-2":"sabine.weiss@profamilia.de","event-location-website":"https:\/\/www.profamilia.de\/angebote-vor-ort\/baden-wuerttemberg\/beratungsstelle-karlsruhe","event-target-group":null,"event-target-group-comment":"gen\u00e7 hamile kad\u0131nlar i\u00e7in","event-free":true,"event-organiser":[16422],"event-header-copyright-overlay":true,"event-copyright-note-description-end":false},"featured_image_urls_v2":{"full":["https:\/\/www.anika-net.de\/wp-content\/uploads\/2025\/05\/bauch-an-bauch.png",461,395,false],"thumbnail":["https:\/\/www.anika-net.de\/wp-content\/uploads\/2025\/05\/bauch-an-bauch-150x150.png",150,150,true],"medium":["https:\/\/www.anika-net.de\/wp-content\/uploads\/2025\/05\/bauch-an-bauch-300x257.png",300,257,true],"medium_large":["https:\/\/www.anika-net.de\/wp-content\/uploads\/2025\/05\/bauch-an-bauch.png",461,395,false],"large":["https:\/\/www.anika-net.de\/wp-content\/uploads\/2025\/05\/bauch-an-bauch.png",461,395,false],"1536x1536":["https:\/\/www.anika-net.de\/wp-content\/uploads\/2025\/05\/bauch-an-bauch.png",461,395,false],"2048x2048":["https:\/\/www.anika-net.de\/wp-content\/uploads\/2025\/05\/bauch-an-bauch.png",461,395,false],"event-overview":["https:\/\/www.anika-net.de\/wp-content\/uploads\/2025\/05\/bauch-an-bauch.png",461,395,false],"event-archive-thumb":["https:\/\/www.anika-net.de\/wp-content\/uploads\/2025\/05\/bauch-an-bauch.png",461,395,false],"grid-item-thumbnail":["https:\/\/www.anika-net.de\/wp-content\/uploads\/2025\/05\/bauch-an-bauch-360x200.png",360,200,true],"network-partner-icon":["https:\/\/www.anika-net.de\/wp-content\/uploads\/2025\/05\/bauch-an-bauch-100x100.png",100,100,true],"organiser-icon":["https:\/\/www.anika-net.de\/wp-content\/uploads\/2025\/05\/bauch-an-bauch-200x200.png",200,200,true],"gform-image-choice-sm":["https:\/\/www.anika-net.de\/wp-content\/uploads\/2025\/05\/bauch-an-bauch.png",300,257,false],"gform-image-choice-md":["https:\/\/www.anika-net.de\/wp-content\/uploads\/2025\/05\/bauch-an-bauch.png",400,343,false],"gform-image-choice-lg":["https:\/\/www.anika-net.de\/wp-content\/uploads\/2025\/05\/bauch-an-bauch.png",461,395,false]},"post_excerpt_stackable_v2":"<p>pro fami\u00adlia Hami\u00adle Gen\u00e7\u00adler i\u00e7in \u201cG\u00f6bek\u00adten G\u00f6be\u00ad\u011fe\u201d Do\u011fu\u00adma Haz\u0131r\u00adl\u0131k \u201cG\u00f6bek\u00adten G\u00f6be\u00ad\u011fe\u201d kur\u00adsu \u00f6zel\u00adlik\u00adle hami\u00adle\u00adlik\u00adle\u00adri boyun\u00adca ken\u00addi\u00adle\u00adri\u00adne e\u015flik edil\u00adme\u00adsi\u00adni ve des\u00adtek\u00adlen\u00adme\u00adsi\u00adni iste\u00adyen gen\u00e7 hami\u00adle kad\u0131n\u00adlar i\u00e7in sunul\u00admak\u00adta\u00add\u0131r. Do\u011fu\u00adma yo\u011fun bir \u015fekil\u00adde haz\u0131r\u00adlan\u00admak isti\u00adyo\u00adruz, ancak gen\u00e7\u00adle\u00adrin \u00f6zel duru\u00admu\u00adnu da dik\u00adka\u00adte al\u0131\u00adyo\u00adruz. Kurs, bir ebe ve bir sos\u00adyal e\u011fi\u00adtim g\u00f6rev\u00adli\u00adsi tara\u00adf\u0131n\u00addan y\u00fcr\u00fc\u00adt\u00fcl\u00admek\u00adte\u00addir. Do\u011fum haz\u0131r\u00adl\u0131\u00ad\u011f\u0131 \u015fun\u00adla\u00adr\u0131 i\u00e7e\u00adrir Do\u011fum hak\u00adk\u0131n\u00adda&nbsp;bil\u00adgi Rahat\u00adla\u00adma y\u00f6n\u00adtem\u00adle\u00adri Nefes alma tek\u00adnik\u00adle\u00adri V\u00fccu\u00addun sin\u00adyal\u00adle\u00adri\u00adni tan\u0131\u00adma Bebek Bak\u0131\u00adm\u0131 Di\u011fer \u00f6nem\u00adli konu\u00adlar: Vela\u00adyet hak\u00adk\u0131n\u00adda soru\u00adlar Mali yar\u00add\u0131m Baba ada\u00ady\u0131\u00adn\u0131n hak\u00adla\u00adr\u0131 ve g\u00f6rev\u00adle\u00adri \u0130li\u015fk\u00adil\u00ader \u00fcze\u00adrin\u00adde\u00adki etki\u00adler (part\u00adner\u00adler, ebe\u00adveyn\u00adler) \u201cKen\u00addi\u00admi nas\u0131l bir anne ola\u00adrak g\u00f6r\u00fcyorum?\u201d<\/p>\n","category_list_v2":"","author_info_v2":{"name":"Andrea Ramirez","url":"https:\/\/www.anika-net.de\/tr\/author\/andrea-ramirez\/"},"comments_num_v2":"0 comments","uagb_featured_image_src":{"full":["https:\/\/www.anika-net.de\/wp-content\/uploads\/2025\/05\/bauch-an-bauch.png",461,395,false],"thumbnail":["https:\/\/www.anika-net.de\/wp-content\/uploads\/2025\/05\/bauch-an-bauch-150x150.png",150,150,true],"medium":["https:\/\/www.anika-net.de\/wp-content\/uploads\/2025\/05\/bauch-an-bauch-300x257.png",300,257,true],"medium_large":["https:\/\/www.anika-net.de\/wp-content\/uploads\/2025\/05\/bauch-an-bauch.png",461,395,false],"large":["https:\/\/www.anika-net.de\/wp-content\/uploads\/2025\/05\/bauch-an-bauch.png",461,395,false],"1536x1536":["https:\/\/www.anika-net.de\/wp-content\/uploads\/2025\/05\/bauch-an-bauch.png",461,395,false],"2048x2048":["https:\/\/www.anika-net.de\/wp-content\/uploads\/2025\/05\/bauch-an-bauch.png",461,395,false],"event-overview":["https:\/\/www.anika-net.de\/wp-content\/uploads\/2025\/05\/bauch-an-bauch.png",461,395,false],"event-archive-thumb":["https:\/\/www.anika-net.de\/wp-content\/uploads\/2025\/05\/bauch-an-bauch.png",461,395,false],"grid-item-thumbnail":["https:\/\/www.anika-net.de\/wp-content\/uploads\/2025\/05\/bauch-an-bauch-360x200.png",360,200,true],"network-partner-icon":["https:\/\/www.anika-net.de\/wp-content\/uploads\/2025\/05\/bauch-an-bauch-100x100.png",100,100,true],"organiser-icon":["https:\/\/www.anika-net.de\/wp-content\/uploads\/2025\/05\/bauch-an-bauch-200x200.png",200,200,true],"gform-image-choice-sm":["https:\/\/www.anika-net.de\/wp-content\/uploads\/2025\/05\/bauch-an-bauch.png",300,257,false],"gform-image-choice-md":["https:\/\/www.anika-net.de\/wp-content\/uploads\/2025\/05\/bauch-an-bauch.png",400,343,false],"gform-image-choice-lg":["https:\/\/www.anika-net.de\/wp-content\/uploads\/2025\/05\/bauch-an-bauch.png",461,395,false]},"uagb_author_info":{"display_name":"Andrea Ramirez","author_link":"https:\/\/www.anika-net.de\/tr\/author\/andrea-ramirez\/"},"uagb_comment_info":0,"uagb_excerpt":"pro fami\u00adlia Hami\u00adle Gen\u00e7\u00adler i\u00e7in \u201cG\u00f6bek\u00adten G\u00f6be\u00ad\u011fe\u201d Do\u011fu\u00adma Haz\u0131rl\u0131k \u201cG\u00f6bek\u00adten G\u00f6be\u00ad\u011fe\u201d kur\u00adsu \u00f6zel\u00adlik\u00adle hami\u00adle\u00adlik\u00adle\u00adri boyun\u00adca ken\u00addi\u00adle\u00adri\u00adne e\u015flik edil\u00adme\u00adsi\u00adni ve des\u00adtek\u00adlen\u00adme\u00adsi\u00adni iste\u00adyen gen\u00e7 hami\u00adle kad\u0131n\u00adlar i\u00e7in sunulmaktad\u0131r. Do\u011fu\u00adma yo\u011fun bir \u015fekil\u00adde&nbsp;daha fazla okuyun","_links":{"self":[{"href":"https:\/\/www.anika-net.de\/tr\/wp-json\/wp\/v2\/event\/61515","targetHints":{"allow":["GET"]}}],"collection":[{"href":"https:\/\/www.anika-net.de\/tr\/wp-json\/wp\/v2\/event"}],"about":[{"href":"https:\/\/www.anika-net.de\/tr\/wp-json\/wp\/v2\/types\/event"}],"author":[{"embeddable":true,"href":"https:\/\/www.anika-net.de\/tr\/wp-json\/wp\/v2\/users\/12"}],"version-history":[{"count":0,"href":"https:\/\/www.anika-net.de\/tr\/wp-json\/wp\/v2\/event\/61515\/revisions"}],"acf:post":[{"embeddable":true,"href":"https:\/\/www.anika-net.de\/tr\/wp-json\/wp\/v2\/organiser\/16422"}],"acf:term":[{"embeddable":true,"taxonomy":"event_category","href":"https:\/\/www.anika-net.de\/tr\/wp-json\/wp\/v2\/event_category\/95"}],"wp:featuredmedia":[{"embeddable":true,"href":"https:\/\/www.anika-net.de\/tr\/wp-json\/wp\/v2\/media\/61506"}],"wp:attachment":[{"href":"https:\/\/www.anika-net.de\/tr\/wp-json\/wp\/v2\/media?parent=61515"}],"curies":[{"name":"wp","href":"https:\/\/api.w.org\/{rel}","templated":true}]}}