{"id":61304,"date":"2025-05-15T11:58:27","date_gmt":"2025-05-15T09:58:27","guid":{"rendered":"https:\/\/www.anika-net.de\/event\/hizli-ve-kolay-almanya\/"},"modified":"2025-05-15T11:58:27","modified_gmt":"2025-05-15T09:58:27","slug":"hizli-ve-kolay-almanya","status":"publish","type":"event","link":"https:\/\/www.anika-net.de\/tr\/event\/hizli-ve-kolay-almanya\/","title":{"rendered":"H\u0131z\u00adl\u0131 ve kolay Almanya"},"content":{"rendered":"<h3><span style=\"color: #666699;\">Alman\u00adya\u00ad\u2019\u00ady\u0131 anla\u00admak: Alman\u00adya\u00ad\u2019\u00adda ya\u015fa\u00admak ve \u00e7al\u0131\u015f\u00admak i\u00e7in k\u00fcl\u00adt\u00fcr\u00adle\u00adra\u00adra\u00ads\u0131 y\u00f6nler<\/span><\/h3>\n<h1><span style=\"color: #ffcc00;\">H\u0131z\u00adl\u0131 ve kolay Almanya<\/span><\/h1>\n<p>Bu D\u00fc\u015f\u00fcn\u00adce Mer\u00adke\u00adzi, \u201cAlman\u00adya\u00ad\u2019\u00adda ya\u015fa\u00admak ve Alman\u00adya\u00ad\u2019\u00adya gel\u00admek\u201d konu\u00adsu\u00adna pra\u00adtik ve inte\u00adrak\u00adtif bir giri\u015f sun\u00admak\u00adta\u00add\u0131r. Temel soru\u00adya k\u0131sa\u00adca bir g\u00f6z ata\u00adca\u00ad\u011f\u0131z: <strong>K\u00fcl\u00adt\u00fcr nedir<\/strong> ve d\u00fc\u015f\u00fcn\u00adce\u00adle\u00adri\u00admi\u00adzi, eylem\u00adle\u00adri\u00admi\u00adzi ve bek\u00adlen\u00adti\u00adle\u00adri\u00admi\u00adzi nas\u0131l \u015fekil\u00adlen\u00addi\u00adrir? Bu ba\u011f\u00adlam\u00adda, genel\u00adlik\u00adle \u201cAlman\u00adlar\u201d ile ili\u015f\u00adki\u00adlen\u00addi\u00adri\u00adlen tipik \u00f6zel\u00adlik\u00adle\u00adre de baka\u00adca\u00ad\u011f\u0131z. Ama\u00e7, k\u00fcl\u00adt\u00fc\u00adrel fark\u00adl\u0131\u00adl\u0131k\u00adlar ve ben\u00adzer\u00adlik\u00adler hak\u00adk\u0131n\u00adda bir ba\u015f\u00adlan\u00adg\u0131\u00e7 anla\u00ady\u0131\u00ad\u015f\u0131 olu\u015fturmakt\u0131r.&nbsp;<\/p>\n<p>Kat\u0131\u00adl\u0131m\u00adc\u0131\u00adla\u00adra daha son\u00adra k\u00fc\u00e7\u00fck grup\u00adlar halin\u00adde ken\u00addi k\u00fcl\u00adt\u00fcr\u00adle\u00adra\u00adra\u00ads\u0131 dene\u00adyim\u00adle\u00adri \u00fcze\u00adri\u00adne d\u00fc\u015f\u00fcn\u00adme f\u0131r\u00adsa\u00adt\u0131 veri\u00adle\u00adcek\u00adtir. Han\u00adgi kar\u00ad\u015f\u0131\u00adla\u015f\u00adma\u00adlar \u00f6zel\u00adlik\u00adle bi\u00e7im\u00adlen\u00addi\u00adri\u00adci oldu?   <strong>Onla\u00adr\u0131 olum\u00adlu ya da zor\u00adla\u00ady\u0131\u00adc\u0131 k\u0131lan ney\u00addi?<\/strong>  Bu de\u011fi\u00ad\u015fim, ki\u015fi\u00adsel pers\u00adpek\u00adtif\u00adle\u00adri geni\u015f\u00adlet\u00adme\u00adye ve bir\u00adbi\u00adri\u00admiz\u00adden bir \u015fey\u00adler \u00f6\u011fren\u00adme\u00adye hiz\u00admet etmektedir.<\/p>\n<p>Kon\u00adfe\u00adran\u00ads\u0131n bir di\u011fer odak nok\u00adta\u00ads\u0131 da Alman\u00adya\u00ad\u2019\u00adda i\u015f bul\u00adma konu\u00adsu ola\u00adcak\u00adt\u0131r. \u00d6zel\u00adlik\u00adle Alman i\u015fve\u00adren\u00adle\u00adrin bek\u00adlen\u00adti\u00adle\u00adri ve i\u015f g\u00f6r\u00fc\u015f\u00adme\u00adle\u00adri s\u0131ra\u00ads\u0131n\u00adda k\u00fcl\u00adt\u00fcr\u00adle\u00adra\u00adra\u00ads\u0131 \u00f6zel\u00adlik\u00adler \u00fcze\u00adrin\u00adde duru\u00adla\u00adcak\u00adt\u0131r. Kat\u0131\u00adl\u0131m\u00adc\u0131\u00adlar, Alman \u00e7al\u0131\u015f\u00adma orta\u00adm\u0131n\u00adda i\u015f ba\u015f\u00advu\u00adru\u00adsu durum\u00adla\u00adr\u0131\u00adna nas\u0131l haz\u0131r\u00adla\u00adna\u00adbi\u00adle\u00adcek\u00adle\u00adri konu\u00adsun\u00adda yarar\u00adl\u0131 ipu\u00e7\u00adla\u00adr\u0131 alacaklard\u0131r.&nbsp;<\/p>\n<p>Bir son\u00adra\u00adki tema\u00adtik blok\u00adta sos\u00adyal ya\u015fam ele al\u0131\u00adn\u0131\u00adyor:<strong> Alman\u00adya\u00ad\u2019\u00adda nas\u0131l arka\u00adda\u015f edi\u00adne\u00adbi\u00adlir ve sos\u00adyal ili\u015f\u00adki\u00adler kurup s\u00fcr\u00add\u00fc\u00adre\u00adbi\u00adlir\u00adsi\u00adniz?<\/strong> Bo\u015f zaman etkin\u00adlik\u00adle\u00adri, davet\u00adler ve de\u011fi\u00ad\u015fim\u00adler g\u00fcn\u00adl\u00fck ya\u015fam\u00adda nas\u0131l bir rol oynar? Buna ek ola\u00adrak, Karls\u00adru\u00adhe b\u00f6l\u00adge\u00adsin\u00adden \u2014 kul\u00fcp\u00adler, etkin\u00adlik\u00adler ve fes\u00adti\u00adval\u00adler de dahil olmak \u00fcze\u00adre \u2014 yeni kar\u00ad\u015f\u0131\u00adla\u015f\u00adma\u00adlar i\u00e7in ba\u015f\u00adlan\u00adg\u0131\u00e7 nok\u00adta\u00adla\u00adr\u0131 ola\u00adrak hiz\u00admet ede\u00adbi\u00adlecek \u00f6zel tek\u00adlif\u00adler sunulacak.&nbsp;<\/p>\n<h4><span style=\"color: #008080;\"><strong>\ud83d\udca1 \u00d6nem\u00adli<\/strong><\/span><\/h4>\n<p><strong>Kay\u0131t olur\u00adken l\u00fct\u00adfen \u201cWarum neh\u00admen Sie an der Verans\u00adtal\u00adtung teil?\u201d ala\u00adn\u0131\u00adna Yuvar\u00adlak Masa top\u00adlan\u00adt\u0131\u00ads\u0131\u00adn\u0131 \u0130ng\u00adil\u00adizce mi yok\u00adsa Alman\u00adca m\u0131 iste\u00addi\u00ad\u011fi\u00adni\u00adzi belirtin.<\/strong><\/p>\n<h4><strong>\ud83c\udfa4 <\/strong><span style=\"color: #008080;\"><strong>Konu\u015f\u00adma\u00adc\u0131 <\/strong><\/span> <\/h4>\n<p>Elke M\u00fcl\u00adler, Stutt\u00adgar\u00adt\u00ad\u2019\u00adta\u00adki com\u00adpass inter\u00adna\u00adti\u00adonal gmb\u00adh\u00ad\u2019\u00adnin sahi\u00adbi ve insan kay\u00adnak\u00adla\u00adr\u0131 y\u00f6ne\u00adti\u00admi konu\u00adsun\u00adda uzman\u00adla\u015f\u00adm\u0131\u015f bir i\u015flet\u00adme eko\u00adno\u00admis\u00adti\u00addir. Bir e\u011fit\u00admen ola\u00adrak, temel konu\u00adla\u00adr\u0131 k\u00fcl\u00adt\u00fcr\u00adle\u00adra\u00adra\u00ads\u0131 duyar\u00adl\u0131\u00adl\u0131k, ayr\u0131m\u00adc\u0131\u00adl\u0131k\u00adla m\u00fcca\u00adde\u00adle ala\u00adn\u0131n\u00adda at\u00f6l\u00adye \u00e7al\u0131\u015f\u00adma\u00adla\u00adr\u0131 veya \u00e7e\u015fit\u00adli\u00adlik i\u00e7in duyar\u00adl\u0131\u00adl\u0131k\u00adt\u0131r \u2014 \u00e7o\u011fun\u00adluk\u00adla y\u00f6ne\u00adti\u00adci\u00adler veya fark\u00adl\u0131 ekip\u00adler i\u00e7in. Dan\u0131\u015f\u00adman ola\u00adrak, \u0130K sek\u00adt\u00f6\u00adr\u00fcn\u00adde ulus\u00adla\u00adra\u00adra\u00ads\u0131\u00adla\u015f\u00adma, \u00e7e\u015fit\u00adli\u00adlik ve kap\u00adsa\u00ady\u0131\u00adc\u0131\u00adl\u0131k pro\u00adje\u00adle\u00adri\u00adnin tan\u0131\u00adt\u0131\u00adm\u0131 ve uygu\u00adlan\u00adma\u00ads\u0131\u00adn\u0131n yan\u0131 s\u0131ra ulus\u00adla\u00adra\u00adra\u00ads\u0131 \u00e7al\u0131\u00ad\u015fan\u00adla\u00adr\u0131n stra\u00adte\u00adjik ola\u00adrak i\u015fe al\u0131n\u00adma\u00ads\u0131 gibi konu\u00adla\u00adr\u0131 tem\u00adsil etmektedir.&nbsp;<\/p>\n<h2>\ud83d\udc49\ud83c\udffd <span style=\"color: #800080;\"><a style=\"color: #800080;\" href=\"https:\/\/www.cyberforum.de\/veranstaltungen\/anmeldung?tx_wrcyberforumevents_register%5Baction%5D=login&amp;tx_wrcyberforumevents_register%5Bcontroller%5D=Registration&amp;tx_wrcyberforumevents_register%5Bevent%5D=9689&amp;cHash=24a78d60c41712fc13dc0738b42d1cf2\" rel=\"noopener\">Kay\u0131t<\/a><\/span><\/h2>\n","protected":false},"author":12,"featured_media":59063,"template":"","class_list":["post-61304","event","type-event","status-publish","has-post-thumbnail","hentry","event_category-yardim-olanaklari"],"acf":{"event-recurring":false,"event-category":95,"event-is-language-course":false,"event-recurring-still-active":true,"event-display-details":true,"event-schedules-recurring":null,"event-schedules-calendar":[{"event-calendar-day":"20250605","event-calendar-time":"09:00 - 11:00","event-calendar-time-text":""}],"event-is-online":true,"event-online-url":"","event-location-building":"","event-location-street":"","event-location-zip":"","event-location-city":"","event-location-contact-person":"","event-location-phone":"","event-location-phone-2":"","event-location-mail":"","event-location-mail-2":"","event-location-website":"https:\/\/www.cyberforum.de\/veranstaltungen\/quickn-easy-germany-05-06-2025","event-target-group":null,"event-target-group-comment":"RoundTable \u00f6ncelikle uluslararas\u0131 profesyonellere ve ayn\u0131 zamanda onlar\u0131n aile \u00fcyelerine veya ortaklar\u0131na y\u00f6neliktir.","event-free":true,"event-organiser":[16000],"event-header-copyright-overlay":true,"event-copyright-note-description-end":false},"featured_image_urls_v2":{"full":["https:\/\/www.anika-net.de\/wp-content\/uploads\/2025\/02\/webinar-links-seo-hand-cyberspace-concept-scaled.jpg",2560,2560,false],"thumbnail":["https:\/\/www.anika-net.de\/wp-content\/uploads\/2025\/02\/webinar-links-seo-hand-cyberspace-concept-150x150.jpg",150,150,true],"medium":["https:\/\/www.anika-net.de\/wp-content\/uploads\/2025\/02\/webinar-links-seo-hand-cyberspace-concept-300x300.jpg",300,300,true],"medium_large":["https:\/\/www.anika-net.de\/wp-content\/uploads\/2025\/02\/webinar-links-seo-hand-cyberspace-concept-768x768.jpg",640,640,true],"large":["https:\/\/www.anika-net.de\/wp-content\/uploads\/2025\/02\/webinar-links-seo-hand-cyberspace-concept-1024x1024.jpg",640,640,true],"1536x1536":["https:\/\/www.anika-net.de\/wp-content\/uploads\/2025\/02\/webinar-links-seo-hand-cyberspace-concept-1536x1536.jpg",1536,1536,true],"2048x2048":["https:\/\/www.anika-net.de\/wp-content\/uploads\/2025\/02\/webinar-links-seo-hand-cyberspace-concept-2048x2048.jpg",2048,2048,true],"event-overview":["https:\/\/www.anika-net.de\/wp-content\/uploads\/2025\/02\/webinar-links-seo-hand-cyberspace-concept-960x640.jpg",960,640,true],"event-archive-thumb":["https:\/\/www.anika-net.de\/wp-content\/uploads\/2025\/02\/webinar-links-seo-hand-cyberspace-concept-480x480.jpg",480,480,true],"grid-item-thumbnail":["https:\/\/www.anika-net.de\/wp-content\/uploads\/2025\/02\/webinar-links-seo-hand-cyberspace-concept-360x200.jpg",360,200,true],"network-partner-icon":["https:\/\/www.anika-net.de\/wp-content\/uploads\/2025\/02\/webinar-links-seo-hand-cyberspace-concept-100x100.jpg",100,100,true],"organiser-icon":["https:\/\/www.anika-net.de\/wp-content\/uploads\/2025\/02\/webinar-links-seo-hand-cyberspace-concept-200x200.jpg",200,200,true],"gform-image-choice-sm":["https:\/\/www.anika-net.de\/wp-content\/uploads\/2025\/02\/webinar-links-seo-hand-cyberspace-concept-scaled.jpg",300,300,false],"gform-image-choice-md":["https:\/\/www.anika-net.de\/wp-content\/uploads\/2025\/02\/webinar-links-seo-hand-cyberspace-concept-scaled.jpg",400,400,false],"gform-image-choice-lg":["https:\/\/www.anika-net.de\/wp-content\/uploads\/2025\/02\/webinar-links-seo-hand-cyberspace-concept-scaled.jpg",600,600,false]},"post_excerpt_stackable_v2":"<p>Alman\u00adya\u00ad\u2019\u00ady\u0131 anla\u00admak: Alman\u00adya\u00ad\u2019\u00adda ya\u015fa\u00admak ve \u00e7al\u0131\u015f\u00admak i\u00e7in k\u00fcl\u00adt\u00fcr\u00adle\u00adra\u00adra\u00ads\u0131 y\u00f6n\u00adler H\u0131z\u00adl\u0131 ve kolay Alman\u00adya Bu D\u00fc\u015f\u00fcn\u00adce Mer\u00adke\u00adzi, \u201cAlman\u00adya\u00ad\u2019\u00adda ya\u015fa\u00admak ve Alman\u00adya\u00ad\u2019\u00adya gel\u00admek\u201d konu\u00adsu\u00adna pra\u00adtik ve inte\u00adrak\u00adtif bir giri\u015f sun\u00admak\u00adta\u00add\u0131r. Temel soru\u00adya k\u0131sa\u00adca bir g\u00f6z ata\u00adca\u00ad\u011f\u0131z: K\u00fcl\u00adt\u00fcr nedir ve d\u00fc\u015f\u00fcn\u00adce\u00adle\u00adri\u00admi\u00adzi, eylem\u00adle\u00adri\u00admi\u00adzi ve bek\u00adlen\u00adti\u00adle\u00adri\u00admi\u00adzi nas\u0131l \u015fekil\u00adlen\u00addi\u00adrir? Bu ba\u011f\u00adlam\u00adda, genel\u00adlik\u00adle \u201cAlman\u00adlar\u201d ile ili\u015f\u00adki\u00adlen\u00addi\u00adri\u00adlen tipik \u00f6zel\u00adlik\u00adle\u00adre de baka\u00adca\u00ad\u011f\u0131z. Ama\u00e7, k\u00fcl\u00adt\u00fc\u00adrel fark\u00adl\u0131\u00adl\u0131k\u00adlar ve ben\u00adzer\u00adlik\u00adler hak\u00adk\u0131n\u00adda bir ba\u015f\u00adlan\u00adg\u0131\u00e7 anla\u00ady\u0131\u00ad\u015f\u0131 olu\u015f\u00adtur\u00admak\u00adt\u0131r.&nbsp; Kat\u0131\u00adl\u0131m\u00adc\u0131\u00adla\u00adra daha son\u00adra k\u00fc\u00e7\u00fck grup\u00adlar halin\u00adde ken\u00addi k\u00fcl\u00adt\u00fcr\u00adle\u00adra\u00adra\u00ads\u0131 dene\u00adyim\u00adle\u00adri \u00fcze\u00adri\u00adne d\u00fc\u015f\u00fcn\u00adme f\u0131r\u00adsa\u00adt\u0131 veri\u00adle\u00adcek\u00adtir. Han\u00adgi kar\u00ad\u015f\u0131\u00adla\u015f\u00adma\u00adlar \u00f6zel\u00adlik\u00adle bi\u00e7im\u00adlen\u00addi\u00adri\u00adci oldu? Onla\u00adr\u0131 olum\u00adlu ya da zor\u00adla\u00ady\u0131\u00adc\u0131 k\u0131lan ney\u00addi? Bu de\u011fi\u00ad\u015fim, ki\u015fi\u00adsel pers\u00adpek\u00adtif\u00adle\u00adri geni\u015f\u00adlet\u00adme\u00adye ve bir\u00adbi\u00adri\u00admiz\u00adden bir \u015fey\u00adler \u00f6\u011fren\u00adme\u00adye hiz\u00admet etmektedir.\u2026<\/p>\n","category_list_v2":"","author_info_v2":{"name":"Andrea Ramirez","url":"https:\/\/www.anika-net.de\/tr\/author\/andrea-ramirez\/"},"comments_num_v2":"0 comments","uagb_featured_image_src":{"full":["https:\/\/www.anika-net.de\/wp-content\/uploads\/2025\/02\/webinar-links-seo-hand-cyberspace-concept-scaled.jpg",2560,2560,false],"thumbnail":["https:\/\/www.anika-net.de\/wp-content\/uploads\/2025\/02\/webinar-links-seo-hand-cyberspace-concept-150x150.jpg",150,150,true],"medium":["https:\/\/www.anika-net.de\/wp-content\/uploads\/2025\/02\/webinar-links-seo-hand-cyberspace-concept-300x300.jpg",300,300,true],"medium_large":["https:\/\/www.anika-net.de\/wp-content\/uploads\/2025\/02\/webinar-links-seo-hand-cyberspace-concept-768x768.jpg",640,640,true],"large":["https:\/\/www.anika-net.de\/wp-content\/uploads\/2025\/02\/webinar-links-seo-hand-cyberspace-concept-1024x1024.jpg",640,640,true],"1536x1536":["https:\/\/www.anika-net.de\/wp-content\/uploads\/2025\/02\/webinar-links-seo-hand-cyberspace-concept-1536x1536.jpg",1536,1536,true],"2048x2048":["https:\/\/www.anika-net.de\/wp-content\/uploads\/2025\/02\/webinar-links-seo-hand-cyberspace-concept-2048x2048.jpg",2048,2048,true],"event-overview":["https:\/\/www.anika-net.de\/wp-content\/uploads\/2025\/02\/webinar-links-seo-hand-cyberspace-concept-960x640.jpg",960,640,true],"event-archive-thumb":["https:\/\/www.anika-net.de\/wp-content\/uploads\/2025\/02\/webinar-links-seo-hand-cyberspace-concept-480x480.jpg",480,480,true],"grid-item-thumbnail":["https:\/\/www.anika-net.de\/wp-content\/uploads\/2025\/02\/webinar-links-seo-hand-cyberspace-concept-360x200.jpg",360,200,true],"network-partner-icon":["https:\/\/www.anika-net.de\/wp-content\/uploads\/2025\/02\/webinar-links-seo-hand-cyberspace-concept-100x100.jpg",100,100,true],"organiser-icon":["https:\/\/www.anika-net.de\/wp-content\/uploads\/2025\/02\/webinar-links-seo-hand-cyberspace-concept-200x200.jpg",200,200,true],"gform-image-choice-sm":["https:\/\/www.anika-net.de\/wp-content\/uploads\/2025\/02\/webinar-links-seo-hand-cyberspace-concept-scaled.jpg",300,300,false],"gform-image-choice-md":["https:\/\/www.anika-net.de\/wp-content\/uploads\/2025\/02\/webinar-links-seo-hand-cyberspace-concept-scaled.jpg",400,400,false],"gform-image-choice-lg":["https:\/\/www.anika-net.de\/wp-content\/uploads\/2025\/02\/webinar-links-seo-hand-cyberspace-concept-scaled.jpg",600,600,false]},"uagb_author_info":{"display_name":"Andrea Ramirez","author_link":"https:\/\/www.anika-net.de\/tr\/author\/andrea-ramirez\/"},"uagb_comment_info":0,"uagb_excerpt":"Alman\u00adya\u00ad\u2019\u00ady\u0131 anla\u00admak: Alman\u00adya\u00ad\u2019\u00adda ya\u015fa\u00admak ve \u00e7al\u0131\u015f\u00admak i\u00e7in k\u00fcl\u00adt\u00fcr\u00adle\u00adra\u00adra\u00ads\u0131 y\u00f6nler H\u0131z\u00adl\u0131 ve kolay Almanya Bu D\u00fc\u015f\u00fcn\u00adce Mer\u00adke\u00adzi, \u201cAlman\u00adya\u00ad\u2019\u00adda ya\u015fa\u00admak ve Alman\u00adya\u00ad\u2019\u00adya gel\u00admek\u201d konu\u00adsu\u00adna pra\u00adtik ve inte\u00adrak\u00adtif bir giri\u015f sun\u00admak\u00adta\u00add\u0131r. Temel soru\u00adya&nbsp;daha fazla okuyun","_links":{"self":[{"href":"https:\/\/www.anika-net.de\/tr\/wp-json\/wp\/v2\/event\/61304","targetHints":{"allow":["GET"]}}],"collection":[{"href":"https:\/\/www.anika-net.de\/tr\/wp-json\/wp\/v2\/event"}],"about":[{"href":"https:\/\/www.anika-net.de\/tr\/wp-json\/wp\/v2\/types\/event"}],"author":[{"embeddable":true,"href":"https:\/\/www.anika-net.de\/tr\/wp-json\/wp\/v2\/users\/12"}],"version-history":[{"count":0,"href":"https:\/\/www.anika-net.de\/tr\/wp-json\/wp\/v2\/event\/61304\/revisions"}],"acf:post":[{"embeddable":true,"href":"https:\/\/www.anika-net.de\/tr\/wp-json\/wp\/v2\/organiser\/16000"}],"acf:term":[{"embeddable":true,"taxonomy":"event_category","href":"https:\/\/www.anika-net.de\/tr\/wp-json\/wp\/v2\/event_category\/95"}],"wp:featuredmedia":[{"embeddable":true,"href":"https:\/\/www.anika-net.de\/tr\/wp-json\/wp\/v2\/media\/59063"}],"wp:attachment":[{"href":"https:\/\/www.anika-net.de\/tr\/wp-json\/wp\/v2\/media?parent=61304"}],"curies":[{"name":"wp","href":"https:\/\/api.w.org\/{rel}","templated":true}]}}