{"id":61278,"date":"2025-05-14T13:53:46","date_gmt":"2025-05-14T11:53:46","guid":{"rendered":"https:\/\/www.anika-net.de\/event\/vhsde-ilk-oryantasyon-kursu\/"},"modified":"2025-05-14T13:53:46","modified_gmt":"2025-05-14T11:53:46","slug":"vhsde-ilk-oryantasyon-kursu","status":"publish","type":"event","link":"https:\/\/www.anika-net.de\/tr\/event\/vhsde-ilk-oryantasyon-kursu\/","title":{"rendered":"VHS\u00ad\u2019\u00adde ilk oryan\u00adtas\u00adyon&nbsp;kursu"},"content":{"rendered":"<h3><span style=\"color: #666699;\">M\u00fcl\u00adte\u00adci\u00adler ve g\u00f6\u00e7\u00admen\u00adler&nbsp;i\u00e7in<\/span><\/h3>\n<h1><span style=\"color: #ffcc00;\">VHS\u00ad\u2019\u00adde ilk oryan\u00adtas\u00adyon&nbsp;kursu<\/span><\/h1>\n<p><strong>\u2705 300&nbsp;ders<\/strong><br>\n<strong>\u2705 Tatil\u00adler\u00adde ders&nbsp;yok<\/strong><\/p>\n<h4><strong><span style=\"color: #008080;\">\u00d6n ko\u015ful:<\/span><\/strong><\/h4>\n<ul>\n<li>\u0130lk oryan\u00adtas\u00adyon kurs\u00adla\u00adr\u0131 (EOK) \u00f6zel\u00adlik\u00adle koru\u00adma ara\u00adyan ki\u015fi\u00adler i\u00e7in bir giri\u015f ve oryan\u00adtas\u00adyon kur\u00adsu ola\u00adrak tasarlanm\u0131\u015ft\u0131r.<br>\nYer olma\u00ads\u0131 duru\u00admun\u00adda, koru\u00adma hak\u00adk\u0131\u00adna sahip ki\u015fi\u00adler veya AB g\u00f6\u00e7\u00admen\u00adle\u00adri gibi di\u011fer ki\u015fi\u00adler de kat\u0131labilir.<\/li>\n<li>EOK sade\u00adce bir enteg\u00adras\u00adyon kur\u00adsu\u00adna kat\u0131l\u00adma imka\u00adn\u0131 olma\u00adyan veya enteg\u00adras\u00adyon kur\u00adsu\u00adnun (hen\u00fcz) uygun bir se\u00e7e\u00adnek olma\u00add\u0131\u00ad\u011f\u0131 ki\u015fi\u00adle\u00adre y\u00f6neliktir.<\/li>\n<li>Oku\u00adla giden \u00e7ocuk\u00adlar ve gen\u00e7\u00adler (zorun\u00adlu e\u011fi\u00adtim \u00e7a\u011f\u0131n\u00adda\u00adki ki\u015fi\u00adler) ilk oryan\u00adtas\u00adyon kur\u00adsu\u00adna kat\u0131lamazlar.<\/li>\n<\/ul>\n","protected":false},"author":12,"featured_media":65685,"template":"","class_list":["post-61278","event","type-event","status-publish","has-post-thumbnail","hentry","event_category-egitim"],"acf":{"event-recurring":false,"event-category":94,"event-is-language-course":false,"event-recurring-still-active":true,"event-display-details":true,"event-schedules-recurring":null,"event-schedules-calendar":[{"event-calendar-day":"20260518","event-calendar-time":"","event-calendar-time-text":"bis"},{"event-calendar-day":"20260821","event-calendar-time":"13:00 - 17:00","event-calendar-time-text":""}],"event-is-online":false,"event-online-url":"","event-location-building":"Kimmelmannschule","event-location-street":"Graf-Rhena-Str. 18","event-location-zip":"76137","event-location-city":"Karlsruhe","event-location-contact-person":"","event-location-phone":"0721\/ 985 75 0","event-location-phone-2":"","event-location-mail":"daf@vhs-karlsruhe.de","event-location-mail-2":"","event-location-website":"","event-target-group":null,"event-target-group-comment":"M\u00fclteciler ve g\u00f6\u00e7menler i\u00e7in","event-free":true,"event-organiser":[16646],"event-header-copyright-overlay":true,"event-copyright-note-description-end":false},"featured_image_urls_v2":{"full":["https:\/\/www.anika-net.de\/wp-content\/uploads\/2025\/05\/annika-gordon-cZISY8ai2iA-unsplash-scaled.jpg",2560,1829,false],"thumbnail":["https:\/\/www.anika-net.de\/wp-content\/uploads\/2025\/05\/annika-gordon-cZISY8ai2iA-unsplash-150x150.jpg",150,150,true],"medium":["https:\/\/www.anika-net.de\/wp-content\/uploads\/2025\/05\/annika-gordon-cZISY8ai2iA-unsplash-300x214.jpg",300,214,true],"medium_large":["https:\/\/www.anika-net.de\/wp-content\/uploads\/2025\/05\/annika-gordon-cZISY8ai2iA-unsplash-768x549.jpg",640,458,true],"large":["https:\/\/www.anika-net.de\/wp-content\/uploads\/2025\/05\/annika-gordon-cZISY8ai2iA-unsplash-1024x731.jpg",640,457,true],"1536x1536":["https:\/\/www.anika-net.de\/wp-content\/uploads\/2025\/05\/annika-gordon-cZISY8ai2iA-unsplash-1536x1097.jpg",1536,1097,true],"2048x2048":["https:\/\/www.anika-net.de\/wp-content\/uploads\/2025\/05\/annika-gordon-cZISY8ai2iA-unsplash-2048x1463.jpg",2048,1463,true],"event-overview":["https:\/\/www.anika-net.de\/wp-content\/uploads\/2025\/05\/annika-gordon-cZISY8ai2iA-unsplash-960x640.jpg",960,640,true],"event-archive-thumb":["https:\/\/www.anika-net.de\/wp-content\/uploads\/2025\/05\/annika-gordon-cZISY8ai2iA-unsplash-480x343.jpg",480,343,true],"grid-item-thumbnail":["https:\/\/www.anika-net.de\/wp-content\/uploads\/2025\/05\/annika-gordon-cZISY8ai2iA-unsplash-360x200.jpg",360,200,true],"network-partner-icon":["https:\/\/www.anika-net.de\/wp-content\/uploads\/2025\/05\/annika-gordon-cZISY8ai2iA-unsplash-100x100.jpg",100,100,true],"organiser-icon":["https:\/\/www.anika-net.de\/wp-content\/uploads\/2025\/05\/annika-gordon-cZISY8ai2iA-unsplash-200x200.jpg",200,200,true],"gform-image-choice-sm":["https:\/\/www.anika-net.de\/wp-content\/uploads\/2025\/05\/annika-gordon-cZISY8ai2iA-unsplash-scaled.jpg",300,214,false],"gform-image-choice-md":["https:\/\/www.anika-net.de\/wp-content\/uploads\/2025\/05\/annika-gordon-cZISY8ai2iA-unsplash-scaled.jpg",400,286,false],"gform-image-choice-lg":["https:\/\/www.anika-net.de\/wp-content\/uploads\/2025\/05\/annika-gordon-cZISY8ai2iA-unsplash-scaled.jpg",600,429,false]},"post_excerpt_stackable_v2":"<p>M\u00fcl\u00adte\u00adci\u00adler ve g\u00f6\u00e7\u00admen\u00adler&nbsp;i\u00e7in VHS\u00ad\u2019\u00adde ilk oryan\u00adtas\u00adyon&nbsp;kur\u00adsu \u2705 300&nbsp;ders \u2705 Tatil\u00adler\u00adde ders&nbsp;yok \u00d6n ko\u015ful: \u0130lk oryan\u00adtas\u00adyon kurs\u00adla\u00adr\u0131 (EOK) \u00f6zel\u00adlik\u00adle koru\u00adma ara\u00adyan ki\u015fi\u00adler i\u00e7in bir giri\u015f ve oryan\u00adtas\u00adyon kur\u00adsu ola\u00adrak tasar\u00adlan\u00adm\u0131\u015f\u00adt\u0131r. Yer olma\u00ads\u0131 duru\u00admun\u00adda, koru\u00adma hak\u00adk\u0131\u00adna sahip ki\u015fi\u00adler veya AB g\u00f6\u00e7\u00admen\u00adle\u00adri gibi di\u011fer ki\u015fi\u00adler de kat\u0131\u00adla\u00adbi\u00adlir. EOK sade\u00adce bir enteg\u00adras\u00adyon kur\u00adsu\u00adna kat\u0131l\u00adma imka\u00adn\u0131 olma\u00adyan veya enteg\u00adras\u00adyon kur\u00adsu\u00adnun (hen\u00fcz) uygun bir se\u00e7e\u00adnek olma\u00add\u0131\u00ad\u011f\u0131 ki\u015fi\u00adle\u00adre y\u00f6ne\u00adlik\u00adtir. Oku\u00adla giden \u00e7ocuk\u00adlar ve gen\u00e7\u00adler (zorun\u00adlu e\u011fi\u00adtim \u00e7a\u011f\u0131n\u00adda\u00adki ki\u015fi\u00adler) ilk oryan\u00adtas\u00adyon kur\u00adsu\u00adna kat\u0131lamazlar.<\/p>\n","category_list_v2":"","author_info_v2":{"name":"Andrea Ramirez","url":"https:\/\/www.anika-net.de\/tr\/author\/andrea-ramirez\/"},"comments_num_v2":"0 comments","uagb_featured_image_src":{"full":["https:\/\/www.anika-net.de\/wp-content\/uploads\/2025\/05\/annika-gordon-cZISY8ai2iA-unsplash-scaled.jpg",2560,1829,false],"thumbnail":["https:\/\/www.anika-net.de\/wp-content\/uploads\/2025\/05\/annika-gordon-cZISY8ai2iA-unsplash-150x150.jpg",150,150,true],"medium":["https:\/\/www.anika-net.de\/wp-content\/uploads\/2025\/05\/annika-gordon-cZISY8ai2iA-unsplash-300x214.jpg",300,214,true],"medium_large":["https:\/\/www.anika-net.de\/wp-content\/uploads\/2025\/05\/annika-gordon-cZISY8ai2iA-unsplash-768x549.jpg",640,458,true],"large":["https:\/\/www.anika-net.de\/wp-content\/uploads\/2025\/05\/annika-gordon-cZISY8ai2iA-unsplash-1024x731.jpg",640,457,true],"1536x1536":["https:\/\/www.anika-net.de\/wp-content\/uploads\/2025\/05\/annika-gordon-cZISY8ai2iA-unsplash-1536x1097.jpg",1536,1097,true],"2048x2048":["https:\/\/www.anika-net.de\/wp-content\/uploads\/2025\/05\/annika-gordon-cZISY8ai2iA-unsplash-2048x1463.jpg",2048,1463,true],"event-overview":["https:\/\/www.anika-net.de\/wp-content\/uploads\/2025\/05\/annika-gordon-cZISY8ai2iA-unsplash-960x640.jpg",960,640,true],"event-archive-thumb":["https:\/\/www.anika-net.de\/wp-content\/uploads\/2025\/05\/annika-gordon-cZISY8ai2iA-unsplash-480x343.jpg",480,343,true],"grid-item-thumbnail":["https:\/\/www.anika-net.de\/wp-content\/uploads\/2025\/05\/annika-gordon-cZISY8ai2iA-unsplash-360x200.jpg",360,200,true],"network-partner-icon":["https:\/\/www.anika-net.de\/wp-content\/uploads\/2025\/05\/annika-gordon-cZISY8ai2iA-unsplash-100x100.jpg",100,100,true],"organiser-icon":["https:\/\/www.anika-net.de\/wp-content\/uploads\/2025\/05\/annika-gordon-cZISY8ai2iA-unsplash-200x200.jpg",200,200,true],"gform-image-choice-sm":["https:\/\/www.anika-net.de\/wp-content\/uploads\/2025\/05\/annika-gordon-cZISY8ai2iA-unsplash-scaled.jpg",300,214,false],"gform-image-choice-md":["https:\/\/www.anika-net.de\/wp-content\/uploads\/2025\/05\/annika-gordon-cZISY8ai2iA-unsplash-scaled.jpg",400,286,false],"gform-image-choice-lg":["https:\/\/www.anika-net.de\/wp-content\/uploads\/2025\/05\/annika-gordon-cZISY8ai2iA-unsplash-scaled.jpg",600,429,false]},"uagb_author_info":{"display_name":"Andrea Ramirez","author_link":"https:\/\/www.anika-net.de\/tr\/author\/andrea-ramirez\/"},"uagb_comment_info":0,"uagb_excerpt":"M\u00fcl\u00adte\u00adci\u00adler ve g\u00f6\u00e7\u00admen\u00adler&nbsp;i\u00e7in VHS\u00ad\u2019\u00adde ilk oryan\u00adtas\u00adyon&nbsp;kursu \u2705 300&nbsp;ders \u2705 Tatil\u00adler\u00adde ders&nbsp;yok \u00d6n ko\u015ful: \u0130lk oryan\u00adtas\u00adyon kurs\u00adla\u00adr\u0131 (EOK) \u00f6zel\u00adlik\u00adle koru\u00adma ara\u00adyan ki\u015fi\u00adler i\u00e7in bir giri\u015f ve oryan\u00adtas\u00adyon kur\u00adsu ola\u00adrak tasarlanm\u0131\u015ft\u0131r. Yer&nbsp;daha fazla okuyun","_links":{"self":[{"href":"https:\/\/www.anika-net.de\/tr\/wp-json\/wp\/v2\/event\/61278","targetHints":{"allow":["GET"]}}],"collection":[{"href":"https:\/\/www.anika-net.de\/tr\/wp-json\/wp\/v2\/event"}],"about":[{"href":"https:\/\/www.anika-net.de\/tr\/wp-json\/wp\/v2\/types\/event"}],"author":[{"embeddable":true,"href":"https:\/\/www.anika-net.de\/tr\/wp-json\/wp\/v2\/users\/12"}],"version-history":[{"count":0,"href":"https:\/\/www.anika-net.de\/tr\/wp-json\/wp\/v2\/event\/61278\/revisions"}],"acf:post":[{"embeddable":true,"href":"https:\/\/www.anika-net.de\/tr\/wp-json\/wp\/v2\/organiser\/16646"}],"acf:term":[{"embeddable":true,"taxonomy":"event_category","href":"https:\/\/www.anika-net.de\/tr\/wp-json\/wp\/v2\/event_category\/94"}],"wp:featuredmedia":[{"embeddable":true,"href":"https:\/\/www.anika-net.de\/tr\/wp-json\/wp\/v2\/media\/65685"}],"wp:attachment":[{"href":"https:\/\/www.anika-net.de\/tr\/wp-json\/wp\/v2\/media?parent=61278"}],"curies":[{"name":"wp","href":"https:\/\/api.w.org\/{rel}","templated":true}]}}