{"id":59674,"date":"2025-03-11T12:32:46","date_gmt":"2025-03-11T11:32:46","guid":{"rendered":"https:\/\/www.anika-net.de\/event\/direkteinstieg-kita-cocuklarla-calisma-yolunuz\/"},"modified":"2025-03-11T12:32:46","modified_gmt":"2025-03-11T11:32:46","slug":"direkteinstieg-kita-cocuklarla-calisma-yolunuz","status":"publish","type":"event","link":"https:\/\/www.anika-net.de\/tr\/event\/direkteinstieg-kita-cocuklarla-calisma-yolunuz\/","title":{"rendered":"Direk\u00adte\u00adins\u00adti\u00adeg Kita: \u00c7ocuk\u00adlar\u00adla \u00e7al\u0131\u015f\u00adma yolunuz"},"content":{"rendered":"<h4><span style=\"color: #666699;\">\u00c7ocuk\u00adlar\u00adla \u00e7al\u0131\u015f\u00admak isti\u00adyor ve kari\u00adye\u00adri\u00adni\u00adzi de\u011fi\u015f\u00adtir\u00admek mi istiyorsunuz?<\/span><\/h4>\n<h1><span style=\"color: #ff9900;\"><span style=\"color: #008080;\">Direk\u00adte\u00adins\u00adti\u00adeg Kita:<\/span> \u00c7ocuk\u00adlar\u00adla \u00e7al\u0131\u015f\u00adma yolunuz<\/span><\/h1>\n<blockquote><p><em>\u201cDirek\u00adte\u00adins\u00adti\u00adeg Kita\u201d yeter\u00adli\u00adlik prog\u00adra\u00adm\u0131 kari\u00adyer de\u011fi\u00ad\u015fik\u00adli\u00ad\u011fi i\u00e7in bir f\u0131rsatt\u0131r.<\/em><\/p><\/blockquote>\n<p>\u201cDirek\u00adte\u00adins\u00adti\u00adeg Kita\u201d prog\u00adra\u00adm\u0131, sos\u00adyal peda\u00adgo\u00adjik asis\u00adtan olmak i\u00e7in k\u0131sa ve uygu\u00adla\u00adma odak\u00adl\u0131 bir e\u011fi\u00adtim sunmaktad\u0131r.<br>\nProg\u00adram, istih\u00addam\u00adda olan\u00adla\u00adra, i\u015fe geri d\u00f6nen\u00adle\u00adre ve i\u015fsiz\u00adle\u00adre y\u00f6neliktir.<\/p>\n<p>Sos\u00adyal peda\u00adgo\u00adjik asis\u00adtan ola\u00adrak, kre\u015f\u00adler\u00adde\u00adki \u00e7ocuk\u00adla\u00adr\u0131n e\u011fi\u00adti\u00admi\u00adne, yeti\u015f\u00adti\u00adril\u00adme\u00adsi\u00adne ve bak\u0131\u00adm\u0131\u00adna des\u00adtek olacaks\u0131n\u0131z.<br>\nBu g\u00fcn\u00adde, saha\u00adda tav\u00adsi\u00adye alma ve b\u00f6l\u00adge\u00adde\u00adki i\u015fve\u00adren\u00adle\u00adri ve okul\u00adla\u00adr\u0131 tan\u0131\u00adma f\u0131r\u00adsa\u00adt\u0131\u00adn\u0131z olacak.<\/p>\n<p><strong>\u0130lg\u00adil\u00aden\u00adiy\u00ador musunuz?<\/strong><br>\n<strong>O zaman&nbsp;gel!<\/strong><\/p>\n<h3><span style=\"color: #008080;\">Kay\u0131t gerek\u00adli de\u011fildir!<\/span><\/h3>\n","protected":false},"author":12,"featured_media":56884,"template":"","class_list":["post-59674","event","type-event","status-publish","has-post-thumbnail","hentry","event_category-egitim"],"acf":{"event-recurring":false,"event-category":94,"event-is-language-course":false,"event-recurring-still-active":true,"event-display-details":true,"event-schedules-recurring":null,"event-schedules-calendar":[{"event-calendar-day":"20250320","event-calendar-time":"14:00 - 17:00","event-calendar-time-text":""}],"event-is-online":false,"event-online-url":"","event-location-building":"Berufsinformationszentrum (BiZ) - Agentur f\u00fcr Arbeit Karlsruhe-Rastatt","event-location-street":"Brauerstr. 10","event-location-zip":"76135","event-location-city":"Karlsruhe","event-location-contact-person":"Julia Nosach ","event-location-phone":"07222 930 307","event-location-phone-2":"","event-location-mail":"julia.nosach@arbeitsagentur.de","event-location-mail-2":"","event-location-website":"https:\/\/eveeno.com\/kitamessekarlsruherastatt","event-target-group":[{"target-group":"all"}],"event-target-group-comment":"","event-free":true,"event-organiser":[34902],"event-header-copyright-overlay":true,"event-copyright-note-description-end":false},"featured_image_urls_v2":{"full":["https:\/\/www.anika-net.de\/wp-content\/uploads\/2023\/05\/pedagogical-specialist-scaled.jpg",2560,1427,false],"thumbnail":["https:\/\/www.anika-net.de\/wp-content\/uploads\/2023\/05\/pedagogical-specialist-150x150.jpg",150,150,true],"medium":["https:\/\/www.anika-net.de\/wp-content\/uploads\/2023\/05\/pedagogical-specialist-300x167.jpg",300,167,true],"medium_large":["https:\/\/www.anika-net.de\/wp-content\/uploads\/2023\/05\/pedagogical-specialist-768x428.jpg",640,357,true],"large":["https:\/\/www.anika-net.de\/wp-content\/uploads\/2023\/05\/pedagogical-specialist-1024x571.jpg",640,357,true],"1536x1536":["https:\/\/www.anika-net.de\/wp-content\/uploads\/2023\/05\/pedagogical-specialist-1536x856.jpg",1536,856,true],"2048x2048":["https:\/\/www.anika-net.de\/wp-content\/uploads\/2023\/05\/pedagogical-specialist-2048x1142.jpg",2048,1142,true],"event-overview":["https:\/\/www.anika-net.de\/wp-content\/uploads\/2023\/05\/pedagogical-specialist-960x640.jpg",960,640,true],"event-archive-thumb":["https:\/\/www.anika-net.de\/wp-content\/uploads\/2023\/05\/pedagogical-specialist-480x268.jpg",480,268,true],"grid-item-thumbnail":["https:\/\/www.anika-net.de\/wp-content\/uploads\/2023\/05\/pedagogical-specialist-360x200.jpg",360,200,true],"network-partner-icon":["https:\/\/www.anika-net.de\/wp-content\/uploads\/2023\/05\/pedagogical-specialist-100x100.jpg",100,100,true],"organiser-icon":["https:\/\/www.anika-net.de\/wp-content\/uploads\/2023\/05\/pedagogical-specialist-200x200.jpg",200,200,true],"gform-image-choice-sm":["https:\/\/www.anika-net.de\/wp-content\/uploads\/2023\/05\/pedagogical-specialist-300x300.jpg",300,300,true],"gform-image-choice-md":["https:\/\/www.anika-net.de\/wp-content\/uploads\/2023\/05\/pedagogical-specialist-400x400.jpg",400,400,true],"gform-image-choice-lg":["https:\/\/www.anika-net.de\/wp-content\/uploads\/2023\/05\/pedagogical-specialist-600x600.jpg",600,600,true]},"post_excerpt_stackable_v2":"<p>\u00c7ocuk\u00adlar\u00adla \u00e7al\u0131\u015f\u00admak isti\u00adyor ve kari\u00adye\u00adri\u00adni\u00adzi de\u011fi\u015f\u00adtir\u00admek mi isti\u00adyor\u00adsu\u00adnuz? Direk\u00adte\u00adins\u00adti\u00adeg Kita: \u00c7ocuk\u00adlar\u00adla \u00e7al\u0131\u015f\u00adma yolu\u00adnuz \u201cDirek\u00adte\u00adins\u00adti\u00adeg Kita\u201d yeter\u00adli\u00adlik prog\u00adra\u00adm\u0131 kari\u00adyer de\u011fi\u00ad\u015fik\u00adli\u00ad\u011fi i\u00e7in bir f\u0131r\u00adsat\u00adt\u0131r. \u201cDirek\u00adte\u00adins\u00adti\u00adeg Kita\u201d prog\u00adra\u00adm\u0131, sos\u00adyal peda\u00adgo\u00adjik asis\u00adtan olmak i\u00e7in k\u0131sa ve uygu\u00adla\u00adma odak\u00adl\u0131 bir e\u011fi\u00adtim sun\u00admak\u00adta\u00add\u0131r. Prog\u00adram, istih\u00addam\u00adda olan\u00adla\u00adra, i\u015fe geri d\u00f6nen\u00adle\u00adre ve i\u015fsiz\u00adle\u00adre y\u00f6ne\u00adlik\u00adtir. Sos\u00adyal peda\u00adgo\u00adjik asis\u00adtan ola\u00adrak, kre\u015f\u00adler\u00adde\u00adki \u00e7ocuk\u00adla\u00adr\u0131n e\u011fi\u00adti\u00admi\u00adne, yeti\u015f\u00adti\u00adril\u00adme\u00adsi\u00adne ve bak\u0131\u00adm\u0131\u00adna des\u00adtek ola\u00adcak\u00ads\u0131\u00adn\u0131z. Bu g\u00fcn\u00adde, saha\u00adda tav\u00adsi\u00adye alma ve b\u00f6l\u00adge\u00adde\u00adki i\u015fve\u00adren\u00adle\u00adri ve okul\u00adla\u00adr\u0131 tan\u0131\u00adma f\u0131r\u00adsa\u00adt\u0131\u00adn\u0131z ola\u00adcak. \u0130lg\u00adil\u00aden\u00adiy\u00ador musu\u00adnuz? O zaman&nbsp;gel! Kay\u0131t gerek\u00adli de\u011fildir!<\/p>\n","category_list_v2":"","author_info_v2":{"name":"Andrea Ramirez","url":"https:\/\/www.anika-net.de\/tr\/author\/andrea-ramirez\/"},"comments_num_v2":"0 comments","uagb_featured_image_src":{"full":["https:\/\/www.anika-net.de\/wp-content\/uploads\/2023\/05\/pedagogical-specialist-scaled.jpg",2560,1427,false],"thumbnail":["https:\/\/www.anika-net.de\/wp-content\/uploads\/2023\/05\/pedagogical-specialist-150x150.jpg",150,150,true],"medium":["https:\/\/www.anika-net.de\/wp-content\/uploads\/2023\/05\/pedagogical-specialist-300x167.jpg",300,167,true],"medium_large":["https:\/\/www.anika-net.de\/wp-content\/uploads\/2023\/05\/pedagogical-specialist-768x428.jpg",640,357,true],"large":["https:\/\/www.anika-net.de\/wp-content\/uploads\/2023\/05\/pedagogical-specialist-1024x571.jpg",640,357,true],"1536x1536":["https:\/\/www.anika-net.de\/wp-content\/uploads\/2023\/05\/pedagogical-specialist-1536x856.jpg",1536,856,true],"2048x2048":["https:\/\/www.anika-net.de\/wp-content\/uploads\/2023\/05\/pedagogical-specialist-2048x1142.jpg",2048,1142,true],"event-overview":["https:\/\/www.anika-net.de\/wp-content\/uploads\/2023\/05\/pedagogical-specialist-960x640.jpg",960,640,true],"event-archive-thumb":["https:\/\/www.anika-net.de\/wp-content\/uploads\/2023\/05\/pedagogical-specialist-480x268.jpg",480,268,true],"grid-item-thumbnail":["https:\/\/www.anika-net.de\/wp-content\/uploads\/2023\/05\/pedagogical-specialist-360x200.jpg",360,200,true],"network-partner-icon":["https:\/\/www.anika-net.de\/wp-content\/uploads\/2023\/05\/pedagogical-specialist-100x100.jpg",100,100,true],"organiser-icon":["https:\/\/www.anika-net.de\/wp-content\/uploads\/2023\/05\/pedagogical-specialist-200x200.jpg",200,200,true],"gform-image-choice-sm":["https:\/\/www.anika-net.de\/wp-content\/uploads\/2023\/05\/pedagogical-specialist-300x300.jpg",300,300,true],"gform-image-choice-md":["https:\/\/www.anika-net.de\/wp-content\/uploads\/2023\/05\/pedagogical-specialist-400x400.jpg",400,400,true],"gform-image-choice-lg":["https:\/\/www.anika-net.de\/wp-content\/uploads\/2023\/05\/pedagogical-specialist-600x600.jpg",600,600,true]},"uagb_author_info":{"display_name":"Andrea Ramirez","author_link":"https:\/\/www.anika-net.de\/tr\/author\/andrea-ramirez\/"},"uagb_comment_info":0,"uagb_excerpt":"\u00c7ocuk\u00adlar\u00adla \u00e7al\u0131\u015f\u00admak isti\u00adyor ve kari\u00adye\u00adri\u00adni\u00adzi de\u011fi\u015f\u00adtir\u00admek mi istiyorsunuz? Direk\u00adte\u00adins\u00adti\u00adeg Kita: \u00c7ocuk\u00adlar\u00adla \u00e7al\u0131\u015f\u00adma yolunuz \u201cDirek\u00adte\u00adins\u00adti\u00adeg Kita\u201d yeter\u00adli\u00adlik prog\u00adra\u00adm\u0131 kari\u00adyer de\u011fi\u00ad\u015fik\u00adli\u00ad\u011fi i\u00e7in bir f\u0131rsatt\u0131r. \u201cDirek\u00adte\u00adins\u00adti\u00adeg Kita\u201d prog\u00adra\u00adm\u0131, sos\u00adyal peda\u00adgo\u00adjik asis\u00adtan olmak i\u00e7in&nbsp;daha fazla okuyun","_links":{"self":[{"href":"https:\/\/www.anika-net.de\/tr\/wp-json\/wp\/v2\/event\/59674","targetHints":{"allow":["GET"]}}],"collection":[{"href":"https:\/\/www.anika-net.de\/tr\/wp-json\/wp\/v2\/event"}],"about":[{"href":"https:\/\/www.anika-net.de\/tr\/wp-json\/wp\/v2\/types\/event"}],"author":[{"embeddable":true,"href":"https:\/\/www.anika-net.de\/tr\/wp-json\/wp\/v2\/users\/12"}],"version-history":[{"count":0,"href":"https:\/\/www.anika-net.de\/tr\/wp-json\/wp\/v2\/event\/59674\/revisions"}],"acf:post":[{"embeddable":true,"href":"https:\/\/www.anika-net.de\/tr\/wp-json\/wp\/v2\/organiser\/34902"}],"acf:term":[{"embeddable":true,"taxonomy":"event_category","href":"https:\/\/www.anika-net.de\/tr\/wp-json\/wp\/v2\/event_category\/94"}],"wp:featuredmedia":[{"embeddable":true,"href":"https:\/\/www.anika-net.de\/tr\/wp-json\/wp\/v2\/media\/56884"}],"wp:attachment":[{"href":"https:\/\/www.anika-net.de\/tr\/wp-json\/wp\/v2\/media?parent=59674"}],"curies":[{"name":"wp","href":"https:\/\/api.w.org\/{rel}","templated":true}]}}