{"id":59274,"date":"2025-03-04T10:23:55","date_gmt":"2025-03-04T09:23:55","guid":{"rendered":"https:\/\/www.anika-net.de\/event\/asta-tarafindan-verilen-almanca-kursu-kit-2025\/"},"modified":"2025-03-04T10:23:55","modified_gmt":"2025-03-04T09:23:55","slug":"asta-tarafindan-verilen-almanca-kursu-kit-2025","status":"publish","type":"event","link":"https:\/\/www.anika-net.de\/tr\/event\/asta-tarafindan-verilen-almanca-kursu-kit-2025\/","title":{"rendered":"AStA tara\u00adf\u0131n\u00addan veri\u00adlen Alman\u00adca kur\u00adsu \u2014 KIT&nbsp;2025"},"content":{"rendered":"<h1><span style=\"color: #ffcc00;\">AStA 2025 tara\u00adf\u0131n\u00addan Alman\u00adca&nbsp;kursu<\/span><\/h1>\n<div><strong>Alman\u00adya\u00ad\u2019\u00adda \u00fcni\u00adver\u00adsi\u00adte ba\u015f\u00advu\u00adru\u00adsu yap\u00admak m\u0131 istiyorsunuz?<\/strong><br>\nDil sevi\u00adye\u00adniz A2\u2019nin \u00fcze\u00adrin\u00addey\u00adse Alman\u00adca Dil Kur\u00adsu\u00admu\u00adza kay\u0131t olabilirsiniz.<\/div>\n<div><\/div>\n<div><strong>Hedef kit\u00adle:<\/strong> Kurs\u00adla\u00adr\u0131\u00adm\u0131z, kay\u0131t\u00adl\u0131 \u00f6\u011fren\u00adci\u00adle\u00adre ve daha son\u00adra\u00adki bir a\u015fa\u00adma\u00adda Alman\u00adya\u00ad\u2019\u00adda e\u011fi\u00adtim almak iste\u00adyen \u00f6\u011fren\u00adci olma\u00adyan\u00adla\u00adra y\u00f6neliktir.<\/div>\n<h3><strong><a href=\"https:\/\/www.asta-kit.de\/de\/angebote\/deutschkurs\/aktuelle-kurse\" rel=\"noopener\">Kurs tarih\u00adle\u00adri ve fiyatlar\u0131<\/a><\/strong><\/h3>\n<p>\ud83d\udcc6 <span style=\"color: #808080;\"><strong> Kurs tari\u00adhi:<\/strong><\/span> <strong>05.05.2025<\/strong> <strong>A\u011fus\u00adtos ay\u0131\u00adn\u0131n ba\u015f\u0131\u00adna kadar<\/strong> <\/p>\n<p><span style=\"color: #666699;\"><strong>Sevi\u00adye belir\u00adle\u00adme s\u0131na\u00adv\u0131: 29.04.2025 (yaz\u0131\u00adl\u0131)<\/strong><\/span><\/p>\n<p>\ud83d\udcc6<span style=\"color: #808080;\"><strong> Kurs tari\u00adhi: <\/strong><\/span><strong>16.09.2025 Ara\u00adl\u0131k orta\u00ads\u0131\u00adna&nbsp;kadar<\/strong><br>\n<span style=\"color: #666699;\"><strong>Sevi\u00adye belir\u00adle\u00adme s\u0131na\u00adv\u0131:<\/strong><\/span> 10.09.2025 (yaz\u0131\u00adl\u0131)<\/p>\n<p><a href=\"https:\/\/www.asta-kit.de\/de\/angebote\/deutschkurs\/anmeldung\" rel=\"noopener\"><strong>Uygu\u00adla\u00adma<\/strong><\/a><\/p>\n<div>\n<h3><span style=\"color: #008080;\"><strong>Kurs sis\u00adte\u00admi<\/strong><\/span><\/h3>\n<p>Ulus\u00adla\u00adra\u00adra\u00ads\u0131 \u00f6\u011fren\u00adci\u00adle\u00adrin Alman\u00adya\u00ad\u2019\u00adda e\u011fi\u00adtim\u00adle\u00adri\u00adne ba\u015f\u00adla\u00adya\u00adbil\u00adme\u00adle\u00adri i\u00e7in \u00fcni\u00adver\u00adsi\u00adte\u00adye giri\u015f yeter\u00adli\u00adlik\u00adle\u00adri\u00adni bel\u00adge\u00adle\u00adme\u00adle\u00adri gerekmektedir.<\/p>\n<p><strong>DSH2 veya DAF TDN 4 tes\u00adti\u00adni<\/strong> ba\u015fa\u00adr\u0131y\u00adla ge\u00e7\u00adtik\u00adten son\u00adra kay\u0131t olabilirler.<br>\n<strong>Onla\u00adr\u0131 bunun i\u00e7in yo\u011fun bir \u015fekil\u00adde haz\u0131rl\u0131yoruz.<\/strong><\/p>\n<p><span style=\"color: #666699;\"><strong>Kurs\u00adlar 12 haf\u00adta s\u00fcr\u00admek\u00adte ve her biri 240 \u00f6\u011fre\u00adtim \u00fcni\u00adte\u00adsin\u00adden olu\u015fmaktad\u0131r<\/strong><\/span><\/p>\n<ul>\n<li>Ders\u00adler Pazar\u00adte\u00adsi\u00ad\u2019\u00adden Cuma\u00ad\u2019\u00adya kadar yap\u0131lmaktad\u0131r<\/li>\n<li>Kurs s\u00fcre\u00adsi g\u00fcn\u00adde 4 \u00f6\u011fre\u00adtim birimidir<\/li>\n<li>Lieba\u00adug-Dart\u00admann Ver\u00adlag tara\u00adf\u0131n\u00addan yay\u0131n\u00adla\u00adnan al\u0131\u015f\u00adt\u0131r\u00adma dil\u00adbil\u00adgi\u00adsi ile \u00e7al\u0131\u015f\u0131yoruz<\/li>\n<li>AG, YG ve keli\u00adme bil\u00adgi\u00adsi i\u00e7in e\u011fi\u00adtim, ilgi\u00adli kop\u00adya\u00adlar\u00adla uygulan\u0131r<\/li>\n<\/ul>\n<p><strong><a href=\"https:\/\/www.asta-kit.de\/de\/angebote\/deutschkurs\/kursinhalt\" rel=\"noopener\">Kurs i\u00e7e\u00adri\u00ad\u011fi<\/a><\/strong><\/p>\n<\/div>\n","protected":false},"author":12,"featured_media":59255,"template":"","class_list":["post-59274","event","type-event","status-publish","has-post-thumbnail","hentry","event_category-egitim"],"acf":{"event-recurring":false,"event-category":94,"event-is-language-course":false,"event-recurring-still-active":true,"event-display-details":true,"event-schedules-recurring":[{"event-recurring-week-day":"3","event-recurring-time":"10:00 - 12:00","event-recurring-time-text":""}],"event-schedules-calendar":[{"event-calendar-day":"20250910","event-calendar-time":"","event-calendar-time-text":""}],"event-is-online":false,"event-online-url":"","event-location-building":"AStA am KIT","event-location-street":"Adenauerring 7","event-location-zip":"76131","event-location-city":"Karlsruhe","event-location-contact-person":"Beat Nizam","event-location-phone":"0721 18123800","event-location-phone-2":"","event-location-mail":"deutschkurse@asta-kit.de","event-location-mail-2":"","event-location-website":"https:\/\/www.asta-kit.de\/angebote\/deutschkurs","event-target-group":[{"target-group":"students"}],"event-target-group-comment":"","event-free":false,"event-organiser":[59239],"event-header-copyright-overlay":true,"event-copyright-note-description-end":false},"featured_image_urls_v2":{"full":["https:\/\/www.anika-net.de\/wp-content\/uploads\/2025\/03\/Asta_kit.png",300,300,false],"thumbnail":["https:\/\/www.anika-net.de\/wp-content\/uploads\/2025\/03\/Asta_kit-150x150.png",150,150,true],"medium":["https:\/\/www.anika-net.de\/wp-content\/uploads\/2025\/03\/Asta_kit.png",300,300,false],"medium_large":["https:\/\/www.anika-net.de\/wp-content\/uploads\/2025\/03\/Asta_kit.png",300,300,false],"large":["https:\/\/www.anika-net.de\/wp-content\/uploads\/2025\/03\/Asta_kit.png",300,300,false],"1536x1536":["https:\/\/www.anika-net.de\/wp-content\/uploads\/2025\/03\/Asta_kit.png",300,300,false],"2048x2048":["https:\/\/www.anika-net.de\/wp-content\/uploads\/2025\/03\/Asta_kit.png",300,300,false],"event-overview":["https:\/\/www.anika-net.de\/wp-content\/uploads\/2025\/03\/Asta_kit.png",300,300,false],"event-archive-thumb":["https:\/\/www.anika-net.de\/wp-content\/uploads\/2025\/03\/Asta_kit.png",300,300,false],"grid-item-thumbnail":["https:\/\/www.anika-net.de\/wp-content\/uploads\/2025\/03\/Asta_kit-300x200.png",300,200,true],"network-partner-icon":["https:\/\/www.anika-net.de\/wp-content\/uploads\/2025\/03\/Asta_kit-100x100.png",100,100,true],"organiser-icon":["https:\/\/www.anika-net.de\/wp-content\/uploads\/2025\/03\/Asta_kit-200x200.png",200,200,true],"gform-image-choice-sm":["https:\/\/www.anika-net.de\/wp-content\/uploads\/2025\/03\/Asta_kit.png",300,300,false],"gform-image-choice-md":["https:\/\/www.anika-net.de\/wp-content\/uploads\/2025\/03\/Asta_kit.png",300,300,false],"gform-image-choice-lg":["https:\/\/www.anika-net.de\/wp-content\/uploads\/2025\/03\/Asta_kit.png",300,300,false]},"post_excerpt_stackable_v2":"<p>AStA 2025 tara\u00adf\u0131n\u00addan Alman\u00adca&nbsp;kur\u00adsu Alman\u00adya\u00ad\u2019\u00adda \u00fcni\u00adver\u00adsi\u00adte ba\u015f\u00advu\u00adru\u00adsu yap\u00admak m\u0131 isti\u00adyor\u00adsu\u00adnuz? Dil sevi\u00adye\u00adniz A2\u2019nin \u00fcze\u00adrin\u00addey\u00adse Alman\u00adca Dil Kur\u00adsu\u00admu\u00adza kay\u0131t ola\u00adbi\u00adlir\u00adsi\u00adniz. Hedef kit\u00adle: Kurs\u00adla\u00adr\u0131\u00adm\u0131z, kay\u0131t\u00adl\u0131 \u00f6\u011fren\u00adci\u00adle\u00adre ve daha son\u00adra\u00adki bir a\u015fa\u00adma\u00adda Alman\u00adya\u00ad\u2019\u00adda e\u011fi\u00adtim almak iste\u00adyen \u00f6\u011fren\u00adci olma\u00adyan\u00adla\u00adra y\u00f6ne\u00adlik\u00adtir. Kurs tarih\u00adle\u00adri ve fiyat\u00adla\u00adr\u0131 \ud83d\udcc6 Kurs tari\u00adhi: 05.05.2025 A\u011fus\u00adtos ay\u0131\u00adn\u0131n ba\u015f\u0131\u00adna kadar Sevi\u00adye belir\u00adle\u00adme s\u0131na\u00adv\u0131: 29.04.2025 (yaz\u0131\u00adl\u0131) \ud83d\udcc6 Kurs tari\u00adhi: 16.09.2025 Ara\u00adl\u0131k orta\u00ads\u0131\u00adna&nbsp;kadar Sevi\u00adye belir\u00adle\u00adme s\u0131na\u00adv\u0131: 10.09.2025 (yaz\u0131\u00adl\u0131) Uygu\u00adla\u00adma Kurs sis\u00adte\u00admi Ulus\u00adla\u00adra\u00adra\u00ads\u0131 \u00f6\u011fren\u00adci\u00adle\u00adrin Alman\u00adya\u00ad\u2019\u00adda e\u011fi\u00adtim\u00adle\u00adri\u00adne ba\u015f\u00adla\u00adya\u00adbil\u00adme\u00adle\u00adri i\u00e7in \u00fcni\u00adver\u00adsi\u00adte\u00adye giri\u015f yeter\u00adli\u00adlik\u00adle\u00adri\u00adni bel\u00adge\u00adle\u00adme\u00adle\u00adri gerek\u00admek\u00adte\u00addir. DSH2 veya DAF TDN 4 tes\u00adti\u00adni ba\u015fa\u00adr\u0131y\u00adla ge\u00e7\u00adtik\u00adten son\u00adra kay\u0131t ola\u00adbi\u00adlir\u00adler. Onla\u00adr\u0131 bunun i\u00e7in yo\u011fun bir \u015fekil\u00adde haz\u0131r\u00adl\u0131\u00adyo\u00adruz. Kurs\u00adlar 12 haf\u00adta s\u00fcrmekte\u2026<\/p>\n","category_list_v2":"","author_info_v2":{"name":"Andrea Ramirez","url":"https:\/\/www.anika-net.de\/tr\/author\/andrea-ramirez\/"},"comments_num_v2":"0 comments","uagb_featured_image_src":{"full":["https:\/\/www.anika-net.de\/wp-content\/uploads\/2025\/03\/Asta_kit.png",300,300,false],"thumbnail":["https:\/\/www.anika-net.de\/wp-content\/uploads\/2025\/03\/Asta_kit-150x150.png",150,150,true],"medium":["https:\/\/www.anika-net.de\/wp-content\/uploads\/2025\/03\/Asta_kit.png",300,300,false],"medium_large":["https:\/\/www.anika-net.de\/wp-content\/uploads\/2025\/03\/Asta_kit.png",300,300,false],"large":["https:\/\/www.anika-net.de\/wp-content\/uploads\/2025\/03\/Asta_kit.png",300,300,false],"1536x1536":["https:\/\/www.anika-net.de\/wp-content\/uploads\/2025\/03\/Asta_kit.png",300,300,false],"2048x2048":["https:\/\/www.anika-net.de\/wp-content\/uploads\/2025\/03\/Asta_kit.png",300,300,false],"event-overview":["https:\/\/www.anika-net.de\/wp-content\/uploads\/2025\/03\/Asta_kit.png",300,300,false],"event-archive-thumb":["https:\/\/www.anika-net.de\/wp-content\/uploads\/2025\/03\/Asta_kit.png",300,300,false],"grid-item-thumbnail":["https:\/\/www.anika-net.de\/wp-content\/uploads\/2025\/03\/Asta_kit-300x200.png",300,200,true],"network-partner-icon":["https:\/\/www.anika-net.de\/wp-content\/uploads\/2025\/03\/Asta_kit-100x100.png",100,100,true],"organiser-icon":["https:\/\/www.anika-net.de\/wp-content\/uploads\/2025\/03\/Asta_kit-200x200.png",200,200,true],"gform-image-choice-sm":["https:\/\/www.anika-net.de\/wp-content\/uploads\/2025\/03\/Asta_kit.png",300,300,false],"gform-image-choice-md":["https:\/\/www.anika-net.de\/wp-content\/uploads\/2025\/03\/Asta_kit.png",300,300,false],"gform-image-choice-lg":["https:\/\/www.anika-net.de\/wp-content\/uploads\/2025\/03\/Asta_kit.png",300,300,false]},"uagb_author_info":{"display_name":"Andrea Ramirez","author_link":"https:\/\/www.anika-net.de\/tr\/author\/andrea-ramirez\/"},"uagb_comment_info":0,"uagb_excerpt":"AStA 2025 tara\u00adf\u0131n\u00addan Alman\u00adca&nbsp;kursu Alman\u00adya\u00ad\u2019\u00adda \u00fcni\u00adver\u00adsi\u00adte ba\u015f\u00advu\u00adru\u00adsu yap\u00admak m\u0131 istiyorsunuz? Dil sevi\u00adye\u00adniz A2\u2019nin \u00fcze\u00adrin\u00addey\u00adse Alman\u00adca Dil Kur\u00adsu\u00admu\u00adza kay\u0131t olabilirsiniz. Hedef kit\u00adle: Kurs\u00adla\u00adr\u0131\u00adm\u0131z, kay\u0131t\u00adl\u0131 \u00f6\u011fren\u00adci\u00adle\u00adre ve daha son\u00adra\u00adki bir a\u015fa\u00adma\u00adda Alman\u00adya\u00ad\u2019\u00adda&nbsp;daha fazla okuyun","_links":{"self":[{"href":"https:\/\/www.anika-net.de\/tr\/wp-json\/wp\/v2\/event\/59274","targetHints":{"allow":["GET"]}}],"collection":[{"href":"https:\/\/www.anika-net.de\/tr\/wp-json\/wp\/v2\/event"}],"about":[{"href":"https:\/\/www.anika-net.de\/tr\/wp-json\/wp\/v2\/types\/event"}],"author":[{"embeddable":true,"href":"https:\/\/www.anika-net.de\/tr\/wp-json\/wp\/v2\/users\/12"}],"version-history":[{"count":0,"href":"https:\/\/www.anika-net.de\/tr\/wp-json\/wp\/v2\/event\/59274\/revisions"}],"acf:post":[{"embeddable":true,"href":"https:\/\/www.anika-net.de\/tr\/wp-json\/wp\/v2\/organiser\/59239"}],"acf:term":[{"embeddable":true,"taxonomy":"event_category","href":"https:\/\/www.anika-net.de\/tr\/wp-json\/wp\/v2\/event_category\/94"}],"wp:featuredmedia":[{"embeddable":true,"href":"https:\/\/www.anika-net.de\/tr\/wp-json\/wp\/v2\/media\/59255"}],"wp:attachment":[{"href":"https:\/\/www.anika-net.de\/tr\/wp-json\/wp\/v2\/media?parent=59274"}],"curies":[{"name":"wp","href":"https:\/\/api.w.org\/{rel}","templated":true}]}}