{"id":59214,"date":"2025-03-03T13:20:03","date_gmt":"2025-03-03T12:20:03","guid":{"rendered":"https:\/\/www.anika-net.de\/event\/freunde-fur-fremde-e-v-den-danismanlik-ve-destek\/"},"modified":"2025-03-03T13:20:03","modified_gmt":"2025-03-03T12:20:03","slug":"freunde-fur-fremde-e-v-den-danismanlik-ve-destek","status":"publish","type":"event","link":"https:\/\/www.anika-net.de\/tr\/event\/freunde-fur-fremde-e-v-den-danismanlik-ve-destek\/","title":{"rendered":"Fre\u00adun\u00adde f\u00fcr Frem\u00adde e.V.\u2018den dan\u0131\u015f\u00adman\u00adl\u0131k ve destek"},"content":{"rendered":"<h3><span style=\"color: #666699;\"><em>G\u00f6\u00e7\u00admen\u00adlik sorun\u00adla\u00adr\u0131, res\u00admi makam\u00adlar\u00adla ili\u015f\u00adki\u00adler, i\u015f ve kala\u00adcak yer bul\u00adma ve iki k\u00fcl\u00adt\u00fcr\u00adl\u00fc ortak\u00adl\u0131k\u00adlar konu\u00adla\u00adr\u0131n\u00adda destek<\/em><\/span><\/h3>\n<h1><span style=\"color: #ffcc00;\">Fre\u00adun\u00adde f\u00fcr Frem\u00adde e.V.\u2018den dan\u0131\u015f\u00adman\u00adl\u0131k ve destek<\/span><\/h1>\n<p>Karls\u00adru\u00adhe\u00ad\u2019\u00adde\u00adki <em>Fre\u00adun\u00adde f\u00fcr Frem\u00adde e.V.<\/em> der\u00adne\u00ad\u011fi, iyi bir bir\u00adlik\u00adte ya\u015fa\u00adm\u0131 kolay\u00adla\u015f\u00adt\u0131r\u00admak ama\u00adc\u0131y\u00adla Alman\u00adlar ve di\u011fer k\u00fcl\u00adt\u00fcr\u00adler\u00adden insan\u00adlar ara\u00ads\u0131n\u00adda\u00adki kar\u00ad\u015f\u0131\u00adla\u015f\u00adma\u00adla\u00adr\u0131 te\u015f\u00advik etmektedir.<\/p>\n<h4><strong>\u00c7al\u0131\u015f\u00adma\u00adla\u00adr\u0131\u00adm\u0131z a\u015fa\u00ad\u011f\u0131\u00adda\u00adki ana alan\u00adla\u00adra sahiptir:<\/strong><\/h4>\n<p><span style=\"color: #008080;\"><strong>1. isti\u00ad\u015fa\u00adre\u00adler:<\/strong><\/span><\/p>\n<ul>\n<li>Yaban\u00adc\u0131\u00adla\u00adr\u0131 ilgi\u00adlen\u00addi\u00adren yasal konular<\/li>\n<li>Yet\u00adki\u00adli makam\u00adlar\u00adla ili\u015fkiler<\/li>\n<li>\u0130\u015f veya kala\u00adcak yer&nbsp;bulma<\/li>\n<li>\u0130ki k\u00fcl\u00adt\u00fcr\u00adl\u00fc ortak\u00adl\u0131k sorun\u00adla\u00adr\u0131 veya orta\u00adya \u00e7\u0131ka\u00adbi\u00adlecek di\u011fer sorunlar<\/li>\n<\/ul>\n<p><strong>Ran\u00adde\u00advu\u00adlar:<\/strong><br>\n\ud83d\udcc6 Per\u00ad\u015fem\u00adbe 10:00 \u2014 13:00 ve tele\u00adfon ran\u00adde\u00advu\u00adsu&nbsp;ile&nbsp;\ud83d\udcde&nbsp;<\/p>\n<hr>\n<p><span style=\"color: #008080;\"><strong>2. Alman\u00adca dersleri<\/strong><\/span><br>\n\u0130ns\u00adanl\u00adar i\u00e7in birey\u00adsel ve grup ders\u00adle\u00adri sunuyoruz:<\/p>\n<ul>\n<li>Enteg\u00adras\u00adyon kur\u00adsu\u00adna kat\u0131l\u00adma hak\u00adk\u0131 olmayanlar,<\/li>\n<li>ki\u015fi\u00adsel durum\u00adla\u00adr\u0131 nede\u00adniy\u00adle kat\u0131\u00adla\u00adma\u00adyan\u00adlar&nbsp;veya<\/li>\n<li>Alman\u00adca kur\u00adsu i\u00e7in bekliyorlar.<\/li>\n<\/ul>\n<p><strong>Kay\u0131t:<\/strong><br>\n\ud83d\udcc6 Pazar\u00adte\u00adsi g\u00fcn\u00adle\u00adri saat&nbsp;10\u2019da.<\/p>\n<hr>\n<p><strong><span style=\"color: #008080;\">3. \u0130\u015fg\u00ad\u00fcc\u00fc piya\u00adsa\u00ads\u0131\u00adna&nbsp;giri\u015f<\/span><\/strong><\/p>\n<p>\u0130\u015f piya\u00adsa\u00ads\u0131\u00adna giri\u015f ve e\u011fi\u00adtim sek\u00adt\u00f6\u00adr\u00fc i\u00e7in \u00f6zel bil\u00adgi ve des\u00adtek alacaks\u0131n\u0131z.<\/p>\n<hr>\n<p><span style=\"color: #008080;\"><strong>4. E\u011fi\u00adti\u00adme para\u00adlel birey\u00adler i\u00e7in destek<\/strong><\/span><\/p>\n<p>Mes\u00adlek oku\u00adlun\u00adda veya s\u0131nav\u00adla\u00adra haz\u0131r\u00adlan\u00admak i\u00e7in \u00f6zel der\u00adse ihti\u00adya\u00adc\u0131\u00adn\u0131z var\u00adsa, l\u00fct\u00adfen bizim\u00adle ile\u00adti\u00ad\u015fi\u00adme&nbsp;ge\u00e7in.<\/p>\n<hr>\n<p><span style=\"color: #008080;\"><strong>5. Sa\u011f\u00adl\u0131k tavsiyesi<\/strong><\/span><\/p>\n<p>Bir\u00ad\u00e7ok insan i\u00e7in Alman\u00adya\u00ad\u2019\u00adda\u00adki sa\u011f\u00adl\u0131k sis\u00adte\u00admi yeni ve anla\u00ad\u015f\u0131l\u00adma\u00ads\u0131 zor bir sis\u00adtem\u00addir. T\u0131b\u00adbi soru\u00adla\u00adr\u0131\u00adn\u0131z\u00adda size des\u00adtek oluyoruz.&nbsp;<\/p>\n<p><strong>Size bu soru\u00adla\u00adr\u0131n yan\u0131t\u00adla\u00adr\u0131\u00adn\u0131 verebiliriz:<\/strong><\/p>\n<ul>\n<li>Sa\u011f\u00adl\u0131k sis\u00adte\u00admi hak\u00adk\u0131n\u00adda sorular<\/li>\n<li>Han\u00adgi dok\u00adtor\u00adlar neden sorumludur?<\/li>\n<li>Do\u011f\u00adru dok\u00adto\u00adru nas\u0131l bulabilirim?<\/li>\n<\/ul>\n<p>Fre\u00adun\u00adde f\u00fcr Frem\u00adde e.V. der\u00adne\u00ad\u011fi\u00admi\u00adzin \u00fcye\u00adsi olan bir dok\u00adtor soru\u00adla\u00adr\u0131\u00adn\u0131\u00adz\u0131 yan\u0131tlayacakt\u0131r.<\/p>\n<p>Bu kon\u00ads\u00fcl\u00adtas\u00adyon \u00fccret\u00adsiz\u00addir ve sa\u011f\u00adl\u0131k sigor\u00adta\u00ads\u0131 gerek\u00adli de\u011fildir.<\/p>\n<p><strong>Ran\u00adde\u00advu\u00adlar kay\u0131t\u00adla al\u0131n\u0131r:<\/strong><br>\n\ud83d\udcc6 Pazar\u00adte\u00adsi\u00adden Cuma\u00adya sabah 9:00 \u2014 \u00f6\u011flen 12:00&nbsp;aras\u0131<\/p>\n","protected":false},"author":12,"featured_media":26516,"template":"","class_list":["post-59214","event","type-event","status-publish","has-post-thumbnail","hentry","event_category-yardim-olanaklari"],"acf":{"event-recurring":true,"event-category":95,"event-is-language-course":false,"event-recurring-still-active":true,"event-display-details":true,"event-schedules-recurring":[{"event-recurring-week-day":"1","event-recurring-time":"15:30 - 17:00","event-recurring-time-text":""},{"event-recurring-week-day":"3","event-recurring-time":"10:00 - 13:00","event-recurring-time-text":""}],"event-schedules-calendar":null,"event-is-online":false,"event-online-url":"","event-location-building":"ibz, 1st floor","event-location-street":"Kaiserallee 12 d","event-location-zip":"76133","event-location-city":"Karlsruhe","event-location-contact-person":"","event-location-phone":"0721\/ 84 53 41","event-location-phone-2":"","event-location-mail":"freunde.fuer.fremde@gmx.de","event-location-mail-2":"","event-location-website":"https:\/\/freunde-fuer-fremde.de\/arbeitsbereiche","event-target-group":[{"target-group":"all"}],"event-target-group-comment":"","event-free":true,"event-organiser":[16147],"event-header-copyright-overlay":true,"event-copyright-note-description-end":false},"featured_image_urls_v2":{"full":["https:\/\/www.anika-net.de\/wp-content\/uploads\/2022\/09\/freunde-fuer-fremde-quadrat.png",368,368,false],"thumbnail":["https:\/\/www.anika-net.de\/wp-content\/uploads\/2022\/09\/freunde-fuer-fremde-quadrat-150x150.png",150,150,true],"medium":["https:\/\/www.anika-net.de\/wp-content\/uploads\/2022\/09\/freunde-fuer-fremde-quadrat-300x300.png",300,300,true],"medium_large":["https:\/\/www.anika-net.de\/wp-content\/uploads\/2022\/09\/freunde-fuer-fremde-quadrat.png",368,368,false],"large":["https:\/\/www.anika-net.de\/wp-content\/uploads\/2022\/09\/freunde-fuer-fremde-quadrat.png",368,368,false],"1536x1536":["https:\/\/www.anika-net.de\/wp-content\/uploads\/2022\/09\/freunde-fuer-fremde-quadrat.png",368,368,false],"2048x2048":["https:\/\/www.anika-net.de\/wp-content\/uploads\/2022\/09\/freunde-fuer-fremde-quadrat.png",368,368,false],"event-overview":["https:\/\/www.anika-net.de\/wp-content\/uploads\/2022\/09\/freunde-fuer-fremde-quadrat.png",368,368,false],"event-archive-thumb":["https:\/\/www.anika-net.de\/wp-content\/uploads\/2022\/09\/freunde-fuer-fremde-quadrat.png",368,368,false],"grid-item-thumbnail":["https:\/\/www.anika-net.de\/wp-content\/uploads\/2022\/09\/freunde-fuer-fremde-quadrat-360x200.png",360,200,true],"network-partner-icon":["https:\/\/www.anika-net.de\/wp-content\/uploads\/2022\/09\/freunde-fuer-fremde-quadrat-100x100.png",100,100,true],"organiser-icon":["https:\/\/www.anika-net.de\/wp-content\/uploads\/2022\/09\/freunde-fuer-fremde-quadrat-200x200.png",200,200,true],"gform-image-choice-sm":["https:\/\/www.anika-net.de\/wp-content\/uploads\/2022\/09\/freunde-fuer-fremde-quadrat.png",300,300,false],"gform-image-choice-md":["https:\/\/www.anika-net.de\/wp-content\/uploads\/2022\/09\/freunde-fuer-fremde-quadrat.png",368,368,false],"gform-image-choice-lg":["https:\/\/www.anika-net.de\/wp-content\/uploads\/2022\/09\/freunde-fuer-fremde-quadrat.png",368,368,false]},"post_excerpt_stackable_v2":"<p>G\u00f6\u00e7\u00admen\u00adlik sorun\u00adla\u00adr\u0131, res\u00admi makam\u00adlar\u00adla ili\u015f\u00adki\u00adler, i\u015f ve kala\u00adcak yer bul\u00adma ve iki k\u00fcl\u00adt\u00fcr\u00adl\u00fc ortak\u00adl\u0131k\u00adlar konu\u00adla\u00adr\u0131n\u00adda des\u00adtek Fre\u00adun\u00adde f\u00fcr Frem\u00adde e.V.\u2018den dan\u0131\u015f\u00adman\u00adl\u0131k ve des\u00adtek Karls\u00adru\u00adhe\u00ad\u2019\u00adde\u00adki Fre\u00adun\u00adde f\u00fcr Frem\u00adde e.V. der\u00adne\u00ad\u011fi, iyi bir bir\u00adlik\u00adte ya\u015fa\u00adm\u0131 kolay\u00adla\u015f\u00adt\u0131r\u00admak ama\u00adc\u0131y\u00adla Alman\u00adlar ve di\u011fer k\u00fcl\u00adt\u00fcr\u00adler\u00adden insan\u00adlar ara\u00ads\u0131n\u00adda\u00adki kar\u00ad\u015f\u0131\u00adla\u015f\u00adma\u00adla\u00adr\u0131 te\u015f\u00advik etmek\u00adte\u00addir. \u00c7al\u0131\u015f\u00adma\u00adla\u00adr\u0131\u00adm\u0131z a\u015fa\u00ad\u011f\u0131\u00adda\u00adki ana alan\u00adla\u00adra sahip\u00adtir: 1. isti\u00ad\u015fa\u00adre\u00adler: Yaban\u00adc\u0131\u00adla\u00adr\u0131 ilgi\u00adlen\u00addi\u00adren yasal konu\u00adlar Yet\u00adki\u00adli makam\u00adlar\u00adla ili\u015f\u00adki\u00adler \u0130\u015f veya kala\u00adcak yer&nbsp;bul\u00adma \u0130ki k\u00fcl\u00adt\u00fcr\u00adl\u00fc ortak\u00adl\u0131k sorun\u00adla\u00adr\u0131 veya orta\u00adya \u00e7\u0131ka\u00adbi\u00adlecek di\u011fer sorun\u00adlar Ran\u00adde\u00advu\u00adlar: \ud83d\udcc6 Per\u00ad\u015fem\u00adbe 10:00 \u2014 13:00 ve tele\u00adfon ran\u00adde\u00advu\u00adsu&nbsp;ile&nbsp;\ud83d\udcde&nbsp; 2. Alman\u00adca ders\u00adle\u00adri \u0130ns\u00adanl\u00adar i\u00e7in birey\u00adsel ve grup ders\u00adle\u00adri sunu\u00adyo\u00adruz: Enteg\u00adras\u00adyon kur\u00adsu\u00adna kat\u0131l\u00adma hak\u00adk\u0131 olma\u00adyan\u00adlar, ki\u015fi\u00adsel durum\u00adla\u00adr\u0131 nede\u00adniy\u00adle kat\u0131\u00adla\u00adma\u00adyan\u00adlar&nbsp;veya Almanca\u2026<\/p>\n","category_list_v2":"","author_info_v2":{"name":"Andrea Ramirez","url":"https:\/\/www.anika-net.de\/tr\/author\/andrea-ramirez\/"},"comments_num_v2":"0 comments","uagb_featured_image_src":{"full":["https:\/\/www.anika-net.de\/wp-content\/uploads\/2022\/09\/freunde-fuer-fremde-quadrat.png",368,368,false],"thumbnail":["https:\/\/www.anika-net.de\/wp-content\/uploads\/2022\/09\/freunde-fuer-fremde-quadrat-150x150.png",150,150,true],"medium":["https:\/\/www.anika-net.de\/wp-content\/uploads\/2022\/09\/freunde-fuer-fremde-quadrat-300x300.png",300,300,true],"medium_large":["https:\/\/www.anika-net.de\/wp-content\/uploads\/2022\/09\/freunde-fuer-fremde-quadrat.png",368,368,false],"large":["https:\/\/www.anika-net.de\/wp-content\/uploads\/2022\/09\/freunde-fuer-fremde-quadrat.png",368,368,false],"1536x1536":["https:\/\/www.anika-net.de\/wp-content\/uploads\/2022\/09\/freunde-fuer-fremde-quadrat.png",368,368,false],"2048x2048":["https:\/\/www.anika-net.de\/wp-content\/uploads\/2022\/09\/freunde-fuer-fremde-quadrat.png",368,368,false],"event-overview":["https:\/\/www.anika-net.de\/wp-content\/uploads\/2022\/09\/freunde-fuer-fremde-quadrat.png",368,368,false],"event-archive-thumb":["https:\/\/www.anika-net.de\/wp-content\/uploads\/2022\/09\/freunde-fuer-fremde-quadrat.png",368,368,false],"grid-item-thumbnail":["https:\/\/www.anika-net.de\/wp-content\/uploads\/2022\/09\/freunde-fuer-fremde-quadrat-360x200.png",360,200,true],"network-partner-icon":["https:\/\/www.anika-net.de\/wp-content\/uploads\/2022\/09\/freunde-fuer-fremde-quadrat-100x100.png",100,100,true],"organiser-icon":["https:\/\/www.anika-net.de\/wp-content\/uploads\/2022\/09\/freunde-fuer-fremde-quadrat-200x200.png",200,200,true],"gform-image-choice-sm":["https:\/\/www.anika-net.de\/wp-content\/uploads\/2022\/09\/freunde-fuer-fremde-quadrat.png",300,300,false],"gform-image-choice-md":["https:\/\/www.anika-net.de\/wp-content\/uploads\/2022\/09\/freunde-fuer-fremde-quadrat.png",368,368,false],"gform-image-choice-lg":["https:\/\/www.anika-net.de\/wp-content\/uploads\/2022\/09\/freunde-fuer-fremde-quadrat.png",368,368,false]},"uagb_author_info":{"display_name":"Andrea Ramirez","author_link":"https:\/\/www.anika-net.de\/tr\/author\/andrea-ramirez\/"},"uagb_comment_info":0,"uagb_excerpt":"G\u00f6\u00e7\u00admen\u00adlik sorun\u00adla\u00adr\u0131, res\u00admi makam\u00adlar\u00adla ili\u015f\u00adki\u00adler, i\u015f ve kala\u00adcak yer bul\u00adma ve iki k\u00fcl\u00adt\u00fcr\u00adl\u00fc ortak\u00adl\u0131k\u00adlar konu\u00adla\u00adr\u0131n\u00adda destek Fre\u00adun\u00adde f\u00fcr Frem\u00adde e.V.\u2018den dan\u0131\u015f\u00adman\u00adl\u0131k ve destek Karls\u00adru\u00adhe\u00ad\u2019\u00adde\u00adki Fre\u00adun\u00adde f\u00fcr Frem\u00adde e.V. der\u00adne\u00ad\u011fi, iyi&nbsp;daha fazla okuyun","_links":{"self":[{"href":"https:\/\/www.anika-net.de\/tr\/wp-json\/wp\/v2\/event\/59214","targetHints":{"allow":["GET"]}}],"collection":[{"href":"https:\/\/www.anika-net.de\/tr\/wp-json\/wp\/v2\/event"}],"about":[{"href":"https:\/\/www.anika-net.de\/tr\/wp-json\/wp\/v2\/types\/event"}],"author":[{"embeddable":true,"href":"https:\/\/www.anika-net.de\/tr\/wp-json\/wp\/v2\/users\/12"}],"version-history":[{"count":0,"href":"https:\/\/www.anika-net.de\/tr\/wp-json\/wp\/v2\/event\/59214\/revisions"}],"acf:post":[{"embeddable":true,"href":"https:\/\/www.anika-net.de\/tr\/wp-json\/wp\/v2\/organiser\/16147"}],"acf:term":[{"embeddable":true,"taxonomy":"event_category","href":"https:\/\/www.anika-net.de\/tr\/wp-json\/wp\/v2\/event_category\/95"}],"wp:featuredmedia":[{"embeddable":true,"href":"https:\/\/www.anika-net.de\/tr\/wp-json\/wp\/v2\/media\/26516"}],"wp:attachment":[{"href":"https:\/\/www.anika-net.de\/tr\/wp-json\/wp\/v2\/media?parent=59214"}],"curies":[{"name":"wp","href":"https:\/\/api.w.org\/{rel}","templated":true}]}}