{"id":58754,"date":"2025-02-19T13:03:45","date_gmt":"2025-02-19T12:03:45","guid":{"rendered":"https:\/\/www.anika-net.de\/event\/sehriniz-icin-fikirleriniz-11-karlsruhe-genclik-konferansi\/"},"modified":"2025-02-19T13:03:45","modified_gmt":"2025-02-19T12:03:45","slug":"sehriniz-icin-fikirleriniz-11-karlsruhe-genclik-konferansi","status":"publish","type":"event","link":"https:\/\/www.anika-net.de\/tr\/event\/sehriniz-icin-fikirleriniz-11-karlsruhe-genclik-konferansi\/","title":{"rendered":"\u015eeh\u00adri\u00adniz i\u00e7in fikir\u00adle\u00adri\u00adniz \u2014 11. Karls\u00adru\u00adhe Gen\u00e7\u00adlik Konferans\u0131"},"content":{"rendered":"<h4><span style=\"color: #666699;\">11. Karls\u00adru\u00adhe Gen\u00e7\u00adlik Konferans\u0131<\/span><\/h4>\n<h1><span style=\"color: #333399;\">\u015eeh\u00adri\u00adniz i\u00e7in fikirleriniz<\/span><\/h1>\n<blockquote>\n<p style=\"text-align: center;\"><em>\u201cB\u00f6l\u00adge\u00adniz\u00adde\u00adki fut\u00adbol saha\u00ads\u0131\u00adn\u0131n nesi var? Nere\u00adde bulu\u00ad\u015fa\u00adbi\u00adlir\u00adsi\u00adniz? Ve Karls\u00adru\u00adhe\u00ad\u2019\u00adde neyi de\u011fi\u015f\u00adtir\u00admek ya da geli\u015f\u00adtir\u00admek istersiniz?\u201d<br>\nBun\u00adlar, Karls\u00adru\u00adhe Gen\u00e7\u00adlik Kon\u00adfe\u00adran\u00ads\u0131\u00ad\u2019n\u00adda ele al\u0131\u00adna\u00adbi\u00adlecek pek \u00e7ok soru\u00addan sade\u00adce&nbsp;\u00fc\u00e7\u00fc.<\/em><\/p>\n<\/blockquote>\n<p>22 Mart 2025 tari\u00adhin\u00adde Karls\u00adru\u00adhe Bele\u00addi\u00adye Bina\u00ads\u0131\u00ad\u2019n\u00adda ger\u00ad\u00e7ek\u00adle\u015f\u00adti\u00adri\u00adlecek olan <strong>11.<\/strong> Karls\u00adru\u00adhe <strong>Gen\u00e7\u00adlik Kon\u00adfe\u00adran\u00ads\u0131<\/strong>\u2019nda gen\u00e7\u00adler bir kez daha \u015fehir\u00adle\u00adri\u00adni \u015fekil\u00adlen\u00addir\u00adme\u00adye kat\u0131\u00adla\u00adbi\u00adlecek ve demok\u00adra\u00adtik s\u00fcre\u00e7\u00adle\u00adri ilk elden deneyimleyebilecekler.<\/p>\n<p>\u00d6ne\u00adri\u00adle\u00adrin uygu\u00adla\u00adna\u00adbi\u00adlir\u00adli\u00ad\u011fi siya\u00adset ve y\u00f6ne\u00adtim\u00adden tem\u00adsil\u00adci\u00adler\u00adle tart\u0131\u015f\u0131lacakt\u0131r.<br>\n14 ya\u015f ve \u00fcze\u00adri t\u00fcm gen\u00e7\u00adler kat\u0131l\u00adma\u00adya davet\u00adli\u00addir. \u00c7ok say\u0131\u00adda gen\u00adcin Karls\u00adru\u00adhe Bele\u00addi\u00adye Bina\u00ads\u0131\u00ad\u2019\u00adn\u0131n yolu\u00adnu tut\u00adma\u00ads\u0131 ve ken\u00addi fikir ve \u00f6ne\u00adri\u00adle\u00adriy\u00adle \u015feh\u00adrin geli\u00ad\u015fi\u00admi\u00adne kat\u0131l\u00adma\u00ads\u0131 bizi \u00e7ok mut\u00adlu edecektir.&nbsp;<\/p>\n","protected":false},"author":12,"featured_media":58737,"template":"","class_list":["post-58754","event","type-event","status-publish","has-post-thumbnail","hentry","event_category-bos-vakit"],"acf":{"event-recurring":false,"event-category":97,"event-is-language-course":false,"event-recurring-still-active":true,"event-display-details":true,"event-schedules-recurring":null,"event-schedules-calendar":[{"event-calendar-day":"20250322","event-calendar-time":"14:00","event-calendar-time-text":""}],"event-is-online":false,"event-online-url":"","event-location-building":"B\u00fcrgersaal (Rathaus Karlsruhe)","event-location-street":"Karl-Friedrich-Stra\u00dfe 10","event-location-zip":"76133","event-location-city":"Karlsruhe","event-location-contact-person":"Nicolai B\u00f6rckel","event-location-phone":"0721 133 5603","event-location-phone-2":"","event-location-mail":"n.boerckel@stja.de","event-location-mail-2":"","event-location-website":"https:\/\/karlsruherjugendkonferenz.de\/","event-target-group":[{"target-group":"teens"},{"target-group":"students"}],"event-target-group-comment":"","event-free":true,"event-organiser":[16579],"event-header-copyright-overlay":true,"event-copyright-note-description-end":false},"featured_image_urls_v2":{"full":["https:\/\/www.anika-net.de\/wp-content\/uploads\/2025\/02\/Jugendkonferenz.png",1414,2000,false],"thumbnail":["https:\/\/www.anika-net.de\/wp-content\/uploads\/2025\/02\/Jugendkonferenz-150x150.png",150,150,true],"medium":["https:\/\/www.anika-net.de\/wp-content\/uploads\/2025\/02\/Jugendkonferenz-212x300.png",212,300,true],"medium_large":["https:\/\/www.anika-net.de\/wp-content\/uploads\/2025\/02\/Jugendkonferenz-768x1086.png",640,905,true],"large":["https:\/\/www.anika-net.de\/wp-content\/uploads\/2025\/02\/Jugendkonferenz-724x1024.png",640,905,true],"1536x1536":["https:\/\/www.anika-net.de\/wp-content\/uploads\/2025\/02\/Jugendkonferenz-1086x1536.png",1086,1536,true],"2048x2048":["https:\/\/www.anika-net.de\/wp-content\/uploads\/2025\/02\/Jugendkonferenz.png",1414,2000,false],"event-overview":["https:\/\/www.anika-net.de\/wp-content\/uploads\/2025\/02\/Jugendkonferenz-960x640.png",960,640,true],"event-archive-thumb":["https:\/\/www.anika-net.de\/wp-content\/uploads\/2025\/02\/Jugendkonferenz-480x679.png",480,679,true],"grid-item-thumbnail":["https:\/\/www.anika-net.de\/wp-content\/uploads\/2025\/02\/Jugendkonferenz-360x200.png",360,200,true],"network-partner-icon":["https:\/\/www.anika-net.de\/wp-content\/uploads\/2025\/02\/Jugendkonferenz-100x100.png",100,100,true],"organiser-icon":["https:\/\/www.anika-net.de\/wp-content\/uploads\/2025\/02\/Jugendkonferenz-200x200.png",200,200,true],"gform-image-choice-sm":["https:\/\/www.anika-net.de\/wp-content\/uploads\/2025\/02\/Jugendkonferenz.png",212,300,false],"gform-image-choice-md":["https:\/\/www.anika-net.de\/wp-content\/uploads\/2025\/02\/Jugendkonferenz.png",283,400,false],"gform-image-choice-lg":["https:\/\/www.anika-net.de\/wp-content\/uploads\/2025\/02\/Jugendkonferenz.png",424,600,false]},"post_excerpt_stackable_v2":"<p>11. Karls\u00adru\u00adhe Gen\u00e7\u00adlik Kon\u00adfe\u00adran\u00ads\u0131 \u015eeh\u00adri\u00adniz i\u00e7in fikir\u00adle\u00adri\u00adniz \u201cB\u00f6l\u00adge\u00adniz\u00adde\u00adki fut\u00adbol saha\u00ads\u0131\u00adn\u0131n nesi var? Nere\u00adde bulu\u00ad\u015fa\u00adbi\u00adlir\u00adsi\u00adniz? Ve Karls\u00adru\u00adhe\u00ad\u2019\u00adde neyi de\u011fi\u015f\u00adtir\u00admek ya da geli\u015f\u00adtir\u00admek ister\u00adsi\u00adniz?\u201d Bun\u00adlar, Karls\u00adru\u00adhe Gen\u00e7\u00adlik Kon\u00adfe\u00adran\u00ads\u0131\u00ad\u2019n\u00adda ele al\u0131\u00adna\u00adbi\u00adlecek pek \u00e7ok soru\u00addan sade\u00adce&nbsp;\u00fc\u00e7\u00fc. 22 Mart 2025 tari\u00adhin\u00adde Karls\u00adru\u00adhe Bele\u00addi\u00adye Bina\u00ads\u0131\u00ad\u2019n\u00adda ger\u00ad\u00e7ek\u00adle\u015f\u00adti\u00adri\u00adlecek olan 11. Karls\u00adru\u00adhe Gen\u00e7\u00adlik Kon\u00adfe\u00adran\u00ads\u0131\u2019nda gen\u00e7\u00adler bir kez daha \u015fehir\u00adle\u00adri\u00adni \u015fekil\u00adlen\u00addir\u00adme\u00adye kat\u0131\u00adla\u00adbi\u00adlecek ve demok\u00adra\u00adtik s\u00fcre\u00e7\u00adle\u00adri ilk elden dene\u00adyim\u00adle\u00adye\u00adbi\u00adle\u00adcek\u00adler. \u00d6ne\u00adri\u00adle\u00adrin uygu\u00adla\u00adna\u00adbi\u00adlir\u00adli\u00ad\u011fi siya\u00adset ve y\u00f6ne\u00adtim\u00adden tem\u00adsil\u00adci\u00adler\u00adle tar\u00adt\u0131\u00ad\u015f\u0131\u00adla\u00adcak\u00adt\u0131r. 14 ya\u015f ve \u00fcze\u00adri t\u00fcm gen\u00e7\u00adler kat\u0131l\u00adma\u00adya davet\u00adli\u00addir. \u00c7ok say\u0131\u00adda gen\u00adcin Karls\u00adru\u00adhe Bele\u00addi\u00adye Bina\u00ads\u0131\u00ad\u2019\u00adn\u0131n yolu\u00adnu tut\u00adma\u00ads\u0131 ve ken\u00addi fikir ve \u00f6ne\u00adri\u00adle\u00adriy\u00adle \u015feh\u00adrin geli\u00ad\u015fi\u00admi\u00adne kat\u0131l\u00adma\u00ads\u0131 bizi \u00e7ok mut\u00adlu edecektir.&nbsp;<\/p>\n","category_list_v2":"","author_info_v2":{"name":"Andrea Ramirez","url":"https:\/\/www.anika-net.de\/tr\/author\/andrea-ramirez\/"},"comments_num_v2":"0 comments","uagb_featured_image_src":{"full":["https:\/\/www.anika-net.de\/wp-content\/uploads\/2025\/02\/Jugendkonferenz.png",1414,2000,false],"thumbnail":["https:\/\/www.anika-net.de\/wp-content\/uploads\/2025\/02\/Jugendkonferenz-150x150.png",150,150,true],"medium":["https:\/\/www.anika-net.de\/wp-content\/uploads\/2025\/02\/Jugendkonferenz-212x300.png",212,300,true],"medium_large":["https:\/\/www.anika-net.de\/wp-content\/uploads\/2025\/02\/Jugendkonferenz-768x1086.png",640,905,true],"large":["https:\/\/www.anika-net.de\/wp-content\/uploads\/2025\/02\/Jugendkonferenz-724x1024.png",640,905,true],"1536x1536":["https:\/\/www.anika-net.de\/wp-content\/uploads\/2025\/02\/Jugendkonferenz-1086x1536.png",1086,1536,true],"2048x2048":["https:\/\/www.anika-net.de\/wp-content\/uploads\/2025\/02\/Jugendkonferenz.png",1414,2000,false],"event-overview":["https:\/\/www.anika-net.de\/wp-content\/uploads\/2025\/02\/Jugendkonferenz-960x640.png",960,640,true],"event-archive-thumb":["https:\/\/www.anika-net.de\/wp-content\/uploads\/2025\/02\/Jugendkonferenz-480x679.png",480,679,true],"grid-item-thumbnail":["https:\/\/www.anika-net.de\/wp-content\/uploads\/2025\/02\/Jugendkonferenz-360x200.png",360,200,true],"network-partner-icon":["https:\/\/www.anika-net.de\/wp-content\/uploads\/2025\/02\/Jugendkonferenz-100x100.png",100,100,true],"organiser-icon":["https:\/\/www.anika-net.de\/wp-content\/uploads\/2025\/02\/Jugendkonferenz-200x200.png",200,200,true],"gform-image-choice-sm":["https:\/\/www.anika-net.de\/wp-content\/uploads\/2025\/02\/Jugendkonferenz.png",212,300,false],"gform-image-choice-md":["https:\/\/www.anika-net.de\/wp-content\/uploads\/2025\/02\/Jugendkonferenz.png",283,400,false],"gform-image-choice-lg":["https:\/\/www.anika-net.de\/wp-content\/uploads\/2025\/02\/Jugendkonferenz.png",424,600,false]},"uagb_author_info":{"display_name":"Andrea Ramirez","author_link":"https:\/\/www.anika-net.de\/tr\/author\/andrea-ramirez\/"},"uagb_comment_info":0,"uagb_excerpt":"11. Karls\u00adru\u00adhe Gen\u00e7\u00adlik Konferans\u0131 \u015eeh\u00adri\u00adniz i\u00e7in fikirleriniz \u201cB\u00f6l\u00adge\u00adniz\u00adde\u00adki fut\u00adbol saha\u00ads\u0131\u00adn\u0131n nesi var? Nere\u00adde bulu\u00ad\u015fa\u00adbi\u00adlir\u00adsi\u00adniz? Ve Karls\u00adru\u00adhe\u00ad\u2019\u00adde neyi de\u011fi\u015f\u00adtir\u00admek ya da geli\u015f\u00adtir\u00admek istersiniz?\u201d Bun\u00adlar, Karls\u00adru\u00adhe Gen\u00e7\u00adlik Kon\u00adfe\u00adran\u00ads\u0131\u00ad\u2019n\u00adda ele al\u0131\u00adna\u00adbi\u00adlecek pek \u00e7ok&nbsp;daha fazla okuyun","_links":{"self":[{"href":"https:\/\/www.anika-net.de\/tr\/wp-json\/wp\/v2\/event\/58754","targetHints":{"allow":["GET"]}}],"collection":[{"href":"https:\/\/www.anika-net.de\/tr\/wp-json\/wp\/v2\/event"}],"about":[{"href":"https:\/\/www.anika-net.de\/tr\/wp-json\/wp\/v2\/types\/event"}],"author":[{"embeddable":true,"href":"https:\/\/www.anika-net.de\/tr\/wp-json\/wp\/v2\/users\/12"}],"version-history":[{"count":0,"href":"https:\/\/www.anika-net.de\/tr\/wp-json\/wp\/v2\/event\/58754\/revisions"}],"acf:post":[{"embeddable":true,"href":"https:\/\/www.anika-net.de\/tr\/wp-json\/wp\/v2\/organiser\/16579"}],"acf:term":[{"embeddable":true,"taxonomy":"event_category","href":"https:\/\/www.anika-net.de\/tr\/wp-json\/wp\/v2\/event_category\/97"}],"wp:featuredmedia":[{"embeddable":true,"href":"https:\/\/www.anika-net.de\/tr\/wp-json\/wp\/v2\/media\/58737"}],"wp:attachment":[{"href":"https:\/\/www.anika-net.de\/tr\/wp-json\/wp\/v2\/media?parent=58754"}],"curies":[{"name":"wp","href":"https:\/\/api.w.org\/{rel}","templated":true}]}}