{"id":57887,"date":"2025-01-30T11:44:24","date_gmt":"2025-01-30T10:44:24","guid":{"rendered":"https:\/\/www.anika-net.de\/event\/almanca-kursu-erken-egitim\/"},"modified":"2025-03-05T12:26:37","modified_gmt":"2025-03-05T11:26:37","slug":"almanca-kursu-erken-egitim","status":"publish","type":"event","link":"https:\/\/www.anika-net.de\/tr\/event\/almanca-kursu-erken-egitim\/","title":{"rendered":"Erken e\u011fi\u00adtim\u00adde Alman\u00adca kurslar\u0131"},"content":{"rendered":"<h3><span style=\"color: #666699;\">(Aday) ana\u00adoku\u00adlu \u00f6\u011fret\u00admen\u00adle\u00adri i\u00e7in (mes\u00adle\u00ad\u011fe y\u00f6ne\u00adlik uygu\u00adla\u00adma\u00adl\u0131 e\u011fitim)<\/span><\/h3>\n<h1><span style=\"color: #ffcc00;\">Erken e\u011fi\u00adtim\u00adde Alman\u00adca kurslar\u0131<\/span><\/h1>\n<p><strong>\u015eu anda Karls\u00adru\u00adhe\u00ad\u2019\u00adde erken e\u011fi\u00adti\u00adme odak\u00adla\u00adnan \u00fc\u00e7 Alman\u00adca kur\u00adsu d\u00fczenlenmektedir:<\/strong><\/p>\n<p><span style=\"color: #008080;\"><strong>1. VwV Alman\u00adca kur\u00adsu B2 erken e\u011fitim<\/strong><\/span><br>\n<strong>Kurs ba\u015f\u00adlan\u00adg\u0131\u00adc\u0131:<\/strong> 22 Ocak 2025 \u2014 25 Temmuz<br>\n<strong>Ders saat\u00adle\u00adri:<\/strong><br>\n\ud83d\udcc5 \u00c7ar\u00ad\u015fam\u00adba g\u00fcn\u00adle\u00adri \u23f0 17:15\u201320:30<br>\n\ud83d\udcc5 Cumar\u00adte\u00adsi g\u00fcn\u00adle\u00adri \u23f0 10:15\u201314:30 saat\u00adle\u00adri aras\u0131nda<\/p>\n<hr>\n<p><span style=\"color: #008080;\"><strong>2. BAMF pilot kur\u00adsu B2 Erken \u00c7ocuk\u00adluk E\u011fitimi<\/strong><\/span><br>\n<strong>Kurs ba\u015f\u00adlan\u00adg\u0131\u00adc\u0131:<\/strong> 24 \u015eubat 2025 \u2014 25 Temmuz<br>\n<strong>Ders saat\u00adle\u00adri:<\/strong><br>\n\ud83d\udcc5 Pazar\u00adte\u00adsi \u2014&nbsp;Cuma<br>\n\u23f0 08:30\u201312:30 saat\u00adle\u00adri aras\u0131nda<\/p>\n<hr>\n<p><strong><span style=\"color: #008080;\">3. BAMF pilot kur\u00adsu C1 Erken \u00c7ocuk\u00adluk E\u011fitimi<\/span><\/strong><br>\n<strong>Kurs ba\u015f\u00adlan\u00adg\u0131\u00adc\u0131:<\/strong> 24 Mart 2025 \u2014 25 A\u011fustos<br>\n<strong>Ders saat\u00adle\u00adri:<\/strong><br>\n\ud83d\udcc5 Pazar\u00adte\u00adsi\u00adden Cumaya<br>\n\u23f0 08:30\u201312:30<\/p>\n<p><span style=\"color: #808080;\"><em>Kurs\u00adlar Fede\u00adral G\u00f6\u00e7\u00admen ve M\u00fcl\u00adte\u00adci Daire\u00adsi (BAMF), Karls\u00adru\u00adhe Bele\u00addi\u00adye\u00adsi ve Baden-W\u00fcrt\u00adtem\u00adberg Eya\u00adle\u00adti tara\u00adf\u0131n\u00addan finan\u00adse edilmektedir.<\/em><\/span><\/p>\n<p>&nbsp;<\/p>\n","protected":false},"author":12,"featured_media":57913,"template":"","class_list":["post-57887","event","type-event","status-publish","has-post-thumbnail","hentry","event_category-egitim"],"acf":{"event-recurring":false,"event-category":94,"event-is-language-course":true,"event-recurring-still-active":true,"event-display-details":true,"event-schedules-recurring":null,"event-schedules-calendar":[{"event-calendar-day":"20250122","event-calendar-time":"","event-calendar-time-text":""},{"event-calendar-day":"20250224","event-calendar-time":"","event-calendar-time-text":""},{"event-calendar-day":"20250324","event-calendar-time":"","event-calendar-time-text":"kadar"},{"event-calendar-day":"20250801","event-calendar-time":"","event-calendar-time-text":""}],"event-is-online":false,"event-online-url":"","event-location-building":"eduGLOBAL - Institut f\u00fcr Sprache und Bildung","event-location-street":"Erbprinzenstra\u00dfe 27","event-location-zip":"76133","event-location-city":"Karlsruhe","event-location-contact-person":"Beatrice Wurm","event-location-phone":"0177\/ 311 03 91","event-location-phone-2":"","event-location-mail":"b.wurm@eduglobal.de","event-location-mail-2":"","event-location-website":"http:\/\/www.eduglobal.de\/","event-target-group":null,"event-target-group-comment":"(m\u00fcstakbel) anaokulu \u00f6\u011fretmenleri","event-free":true,"event-organiser":[23358],"event-header-copyright-overlay":true,"event-copyright-note-description-end":false},"featured_image_urls_v2":{"full":["https:\/\/www.anika-net.de\/wp-content\/uploads\/2025\/01\/Sprachkurs-scaled.jpg",2560,1440,false],"thumbnail":["https:\/\/www.anika-net.de\/wp-content\/uploads\/2025\/01\/Sprachkurs-150x150.jpg",150,150,true],"medium":["https:\/\/www.anika-net.de\/wp-content\/uploads\/2025\/01\/Sprachkurs-300x169.jpg",300,169,true],"medium_large":["https:\/\/www.anika-net.de\/wp-content\/uploads\/2025\/01\/Sprachkurs-768x432.jpg",640,360,true],"large":["https:\/\/www.anika-net.de\/wp-content\/uploads\/2025\/01\/Sprachkurs-1024x576.jpg",640,360,true],"1536x1536":["https:\/\/www.anika-net.de\/wp-content\/uploads\/2025\/01\/Sprachkurs-1536x864.jpg",1536,864,true],"2048x2048":["https:\/\/www.anika-net.de\/wp-content\/uploads\/2025\/01\/Sprachkurs-2048x1152.jpg",2048,1152,true],"event-overview":["https:\/\/www.anika-net.de\/wp-content\/uploads\/2025\/01\/Sprachkurs-960x640.jpg",960,640,true],"event-archive-thumb":["https:\/\/www.anika-net.de\/wp-content\/uploads\/2025\/01\/Sprachkurs-480x270.jpg",480,270,true],"grid-item-thumbnail":["https:\/\/www.anika-net.de\/wp-content\/uploads\/2025\/01\/Sprachkurs-360x200.jpg",360,200,true],"network-partner-icon":["https:\/\/www.anika-net.de\/wp-content\/uploads\/2025\/01\/Sprachkurs-100x100.jpg",100,100,true],"organiser-icon":["https:\/\/www.anika-net.de\/wp-content\/uploads\/2025\/01\/Sprachkurs-200x200.jpg",200,200,true],"gform-image-choice-sm":["https:\/\/www.anika-net.de\/wp-content\/uploads\/2025\/01\/Sprachkurs-300x300.jpg",300,300,true],"gform-image-choice-md":["https:\/\/www.anika-net.de\/wp-content\/uploads\/2025\/01\/Sprachkurs-400x400.jpg",400,400,true],"gform-image-choice-lg":["https:\/\/www.anika-net.de\/wp-content\/uploads\/2025\/01\/Sprachkurs-600x600.jpg",600,600,true]},"post_excerpt_stackable_v2":"<p>(Aday) ana\u00adoku\u00adlu \u00f6\u011fret\u00admen\u00adle\u00adri i\u00e7in (mes\u00adle\u00ad\u011fe y\u00f6ne\u00adlik uygu\u00adla\u00adma\u00adl\u0131 e\u011fi\u00adtim) Erken e\u011fi\u00adtim\u00adde Alman\u00adca kurs\u00adla\u00adr\u0131 \u015eu anda Karls\u00adru\u00adhe\u00ad\u2019\u00adde erken e\u011fi\u00adti\u00adme odak\u00adla\u00adnan \u00fc\u00e7 Alman\u00adca kur\u00adsu d\u00fczen\u00adlen\u00admek\u00adte\u00addir: 1. VwV Alman\u00adca kur\u00adsu B2 erken e\u011fi\u00adtim Kurs ba\u015f\u00adlan\u00adg\u0131\u00adc\u0131: 22 Ocak 2025 \u2014 25 Tem\u00admuz Ders saat\u00adle\u00adri: \ud83d\udcc5 \u00c7ar\u00ad\u015fam\u00adba g\u00fcn\u00adle\u00adri \u23f0 17:15\u201320:30 \ud83d\udcc5 Cumar\u00adte\u00adsi g\u00fcn\u00adle\u00adri \u23f0 10:15\u201314:30 saat\u00adle\u00adri ara\u00ads\u0131n\u00adda 2. BAMF pilot kur\u00adsu B2 Erken \u00c7ocuk\u00adluk E\u011fi\u00adti\u00admi Kurs ba\u015f\u00adlan\u00adg\u0131\u00adc\u0131: 24 \u015eubat 2025 \u2014 25 Tem\u00admuz Ders saat\u00adle\u00adri: \ud83d\udcc5 Pazar\u00adte\u00adsi \u2014&nbsp;Cuma \u23f0 08:30\u201312:30 saat\u00adle\u00adri ara\u00ads\u0131n\u00adda 3. BAMF pilot kur\u00adsu C1 Erken \u00c7ocuk\u00adluk E\u011fi\u00adti\u00admi Kurs ba\u015f\u00adlan\u00adg\u0131\u00adc\u0131: 24 Mart 2025 \u2014 25 A\u011fus\u00adtos Ders saat\u00adle\u00adri: \ud83d\udcc5 Pazar\u00adte\u00adsi\u00adden Cuma\u00adya \u23f0 08:30\u201312:30 Kurslar\u2026<\/p>\n","category_list_v2":"","author_info_v2":{"name":"Andrea Ramirez","url":"https:\/\/www.anika-net.de\/tr\/author\/andrea-ramirez\/"},"comments_num_v2":"0 comments","uagb_featured_image_src":{"full":["https:\/\/www.anika-net.de\/wp-content\/uploads\/2025\/01\/Sprachkurs-scaled.jpg",2560,1440,false],"thumbnail":["https:\/\/www.anika-net.de\/wp-content\/uploads\/2025\/01\/Sprachkurs-150x150.jpg",150,150,true],"medium":["https:\/\/www.anika-net.de\/wp-content\/uploads\/2025\/01\/Sprachkurs-300x169.jpg",300,169,true],"medium_large":["https:\/\/www.anika-net.de\/wp-content\/uploads\/2025\/01\/Sprachkurs-768x432.jpg",640,360,true],"large":["https:\/\/www.anika-net.de\/wp-content\/uploads\/2025\/01\/Sprachkurs-1024x576.jpg",640,360,true],"1536x1536":["https:\/\/www.anika-net.de\/wp-content\/uploads\/2025\/01\/Sprachkurs-1536x864.jpg",1536,864,true],"2048x2048":["https:\/\/www.anika-net.de\/wp-content\/uploads\/2025\/01\/Sprachkurs-2048x1152.jpg",2048,1152,true],"event-overview":["https:\/\/www.anika-net.de\/wp-content\/uploads\/2025\/01\/Sprachkurs-960x640.jpg",960,640,true],"event-archive-thumb":["https:\/\/www.anika-net.de\/wp-content\/uploads\/2025\/01\/Sprachkurs-480x270.jpg",480,270,true],"grid-item-thumbnail":["https:\/\/www.anika-net.de\/wp-content\/uploads\/2025\/01\/Sprachkurs-360x200.jpg",360,200,true],"network-partner-icon":["https:\/\/www.anika-net.de\/wp-content\/uploads\/2025\/01\/Sprachkurs-100x100.jpg",100,100,true],"organiser-icon":["https:\/\/www.anika-net.de\/wp-content\/uploads\/2025\/01\/Sprachkurs-200x200.jpg",200,200,true],"gform-image-choice-sm":["https:\/\/www.anika-net.de\/wp-content\/uploads\/2025\/01\/Sprachkurs-300x300.jpg",300,300,true],"gform-image-choice-md":["https:\/\/www.anika-net.de\/wp-content\/uploads\/2025\/01\/Sprachkurs-400x400.jpg",400,400,true],"gform-image-choice-lg":["https:\/\/www.anika-net.de\/wp-content\/uploads\/2025\/01\/Sprachkurs-600x600.jpg",600,600,true]},"uagb_author_info":{"display_name":"Andrea Ramirez","author_link":"https:\/\/www.anika-net.de\/tr\/author\/andrea-ramirez\/"},"uagb_comment_info":0,"uagb_excerpt":"(Aday) ana\u00adoku\u00adlu \u00f6\u011fret\u00admen\u00adle\u00adri i\u00e7in (mes\u00adle\u00ad\u011fe y\u00f6ne\u00adlik uygu\u00adla\u00adma\u00adl\u0131 e\u011fitim) Erken e\u011fi\u00adtim\u00adde Alman\u00adca kurslar\u0131 \u015eu anda Karls\u00adru\u00adhe\u00ad\u2019\u00adde erken e\u011fi\u00adti\u00adme odak\u00adla\u00adnan \u00fc\u00e7 Alman\u00adca kur\u00adsu d\u00fczenlenmektedir: 1. VwV Alman\u00adca kur\u00adsu B2 erken e\u011fitim Kurs&nbsp;daha fazla okuyun","_links":{"self":[{"href":"https:\/\/www.anika-net.de\/tr\/wp-json\/wp\/v2\/event\/57887","targetHints":{"allow":["GET"]}}],"collection":[{"href":"https:\/\/www.anika-net.de\/tr\/wp-json\/wp\/v2\/event"}],"about":[{"href":"https:\/\/www.anika-net.de\/tr\/wp-json\/wp\/v2\/types\/event"}],"author":[{"embeddable":true,"href":"https:\/\/www.anika-net.de\/tr\/wp-json\/wp\/v2\/users\/12"}],"version-history":[{"count":1,"href":"https:\/\/www.anika-net.de\/tr\/wp-json\/wp\/v2\/event\/57887\/revisions"}],"predecessor-version":[{"id":59469,"href":"https:\/\/www.anika-net.de\/tr\/wp-json\/wp\/v2\/event\/57887\/revisions\/59469"}],"acf:post":[{"embeddable":true,"href":"https:\/\/www.anika-net.de\/tr\/wp-json\/wp\/v2\/organiser\/23358"}],"acf:term":[{"embeddable":true,"taxonomy":"event_category","href":"https:\/\/www.anika-net.de\/tr\/wp-json\/wp\/v2\/event_category\/94"}],"wp:featuredmedia":[{"embeddable":true,"href":"https:\/\/www.anika-net.de\/tr\/wp-json\/wp\/v2\/media\/57913"}],"wp:attachment":[{"href":"https:\/\/www.anika-net.de\/tr\/wp-json\/wp\/v2\/media?parent=57887"}],"curies":[{"name":"wp","href":"https:\/\/api.w.org\/{rel}","templated":true}]}}