{"id":57690,"date":"2025-01-15T11:58:07","date_gmt":"2025-01-15T10:58:07","guid":{"rendered":"https:\/\/www.anika-net.de\/event\/tarihi-kaydet-bildungscampusun-acilisi-bizimle-kutlayin\/"},"modified":"2025-01-15T11:58:07","modified_gmt":"2025-01-15T10:58:07","slug":"tarihi-kaydet-bildungscampusun-acilisi-bizimle-kutlayin","status":"publish","type":"event","link":"https:\/\/www.anika-net.de\/tr\/event\/tarihi-kaydet-bildungscampusun-acilisi-bizimle-kutlayin\/","title":{"rendered":"Tari\u00adhi Kay\u00addet! Bil\u00addungs\u00adcam\u00adpu\u00ads\u00ad\u2019\u00fcn a\u00e7\u0131\u00adl\u0131\u00ad\u015f\u0131 \u2014 Bizim\u00adle kutlay\u0131n!"},"content":{"rendered":"<h3><span style=\"color: #008080;\">KONS \u2014 ibz \u2014&nbsp;vhs<\/span><\/h3>\n<h1><strong><span style=\"color: #333399;\">Bil\u00addungs\u00adcam\u00adpu\u00ads\u00ad\u2019\u00fcn a\u00e7\u0131\u00adl\u0131\u00ad\u015f\u0131 \u2014 <em><span style=\"color: #ffcc00;\">Bizim\u00adle kutlay\u0131n!<\/span><\/em><\/span><\/strong><\/h1>\n<p><strong>10 May\u0131s 2025<\/strong> Cumar\u00adte\u00adsi g\u00fcn\u00fc Karls\u00adru\u00adhe\u00ad\u2019\u00adde\u00adki Bil\u00addungs\u00adcam\u00adpus Wests\u00adtadt, Bele\u00addi\u00adye Ba\u015f\u00adka\u00adn\u0131 Dr. Mar\u00adtin Lenz tara\u00adf\u0131n\u00addan res\u00admi ola\u00adrak a\u00e7\u0131\u00adla\u00adcak\u00adt\u0131r. Sah\u00adne\u00adde bir m\u00fczi\u00adkal ve \u00e7e\u015fit\u00adli prog\u00adram kat\u00adk\u0131\u00adla\u00adr\u0131\u00adn\u0131n yan\u0131 s\u0131ra, her \u00fc\u00e7 kurum da saat 14:00\u2019ten 18:00\u2019e kadar mey\u00addan\u00adda ve\/veya bina\u00adlar\u00adda \u00e7e\u015fit\u00adli etkin\u00adlik\u00adler ve tek\u00adlif\u00adler\u00adle ken\u00addi\u00adle\u00adri\u00adni tan\u0131\u00adta\u00adcak. Ayr\u0131\u00adca ziya\u00adret\u00ad\u00e7i\u00adle\u00adri her eve davet eden bir kam\u00adp\u00fcs mitin\u00adgi de d\u00fczenlenecek.<\/p>\n<blockquote>\n<h1><span style=\"color: #666699;\"><em>\u00c7e\u015fit\u00adli\u00adlik i\u00e7in&nbsp;alan,<br>\nKarls\u00adru\u00adhe\u00ad\u2019\u00adde bil\u00adgi ve de\u011ferler<\/em><\/span><\/h1>\n<\/blockquote>\n<h2><span style=\"color: #008080;\">bil\u00addungs\u00adcam\u00adpus Weststadt<\/span><\/h2>\n<p>Bil\u00addungs\u00adcam\u00adpus Karls\u00adru\u00adhe, Badisc\u00adhes KON\u00adSer\u00adva\u00adto\u00adri\u00adum (KONS), Volks\u00adhochsc\u00adhu\u00adle Karls\u00adru\u00adhe (vhs) ve Inter\u00adna\u00adti\u00adona\u00adles Begeg\u00adnungs\u00adzent\u00adrum (ibz) adl\u0131 \u00fc\u00e7 e\u011fi\u00adtim kuru\u00admu ara\u00ads\u0131n\u00adda\u00adki bir i\u015fbir\u00adli\u00ad\u011fi\u00addir \u2014 \u00f6\u011fren\u00adme ve dene\u00adyim\u00adle\u00adme i\u00e7in yeni f\u0131r\u00adsat\u00adlar yarat\u00admak \u00fcze\u00adre bir\u00adlik\u00adte \u00e7al\u0131\u00ad\u015fan \u00fc\u00e7&nbsp;kurum.<\/p>\n","protected":false},"author":12,"featured_media":57686,"template":"","class_list":["post-57690","event","type-event","status-publish","has-post-thumbnail","hentry","event_category-bos-vakit"],"acf":{"event-recurring":false,"event-category":97,"event-is-language-course":false,"event-recurring-still-active":true,"event-display-details":true,"event-schedules-recurring":null,"event-schedules-calendar":[{"event-calendar-day":"20250510","event-calendar-time":"14:00 - 18:00","event-calendar-time-text":""}],"event-is-online":false,"event-online-url":"","event-location-building":"Bildungscampus","event-location-street":"Kaiserallee 12c-e","event-location-zip":"76133","event-location-city":"Karlsruhe","event-location-contact-person":"","event-location-phone":"","event-location-phone-2":"","event-location-mail":"","event-location-mail-2":"","event-location-website":"https:\/\/bildungscampus-weststadt.de\/","event-target-group":[{"target-group":"all"}],"event-target-group-comment":"","event-free":true,"event-organiser":[28549,16249,16646,34261],"event-header-copyright-overlay":true,"event-copyright-note-description-end":false},"featured_image_urls_v2":{"full":["https:\/\/www.anika-net.de\/wp-content\/uploads\/2025\/01\/bildungscampus-1.png",1616,543,false],"thumbnail":["https:\/\/www.anika-net.de\/wp-content\/uploads\/2025\/01\/bildungscampus-1-150x150.png",150,150,true],"medium":["https:\/\/www.anika-net.de\/wp-content\/uploads\/2025\/01\/bildungscampus-1-300x101.png",300,101,true],"medium_large":["https:\/\/www.anika-net.de\/wp-content\/uploads\/2025\/01\/bildungscampus-1-768x258.png",640,215,true],"large":["https:\/\/www.anika-net.de\/wp-content\/uploads\/2025\/01\/bildungscampus-1-1024x344.png",640,215,true],"1536x1536":["https:\/\/www.anika-net.de\/wp-content\/uploads\/2025\/01\/bildungscampus-1-1536x516.png",1536,516,true],"2048x2048":["https:\/\/www.anika-net.de\/wp-content\/uploads\/2025\/01\/bildungscampus-1.png",1616,543,false],"event-overview":["https:\/\/www.anika-net.de\/wp-content\/uploads\/2025\/01\/bildungscampus-1-960x543.png",960,543,true],"event-archive-thumb":["https:\/\/www.anika-net.de\/wp-content\/uploads\/2025\/01\/bildungscampus-1-480x161.png",480,161,true],"grid-item-thumbnail":["https:\/\/www.anika-net.de\/wp-content\/uploads\/2025\/01\/bildungscampus-1-360x200.png",360,200,true],"network-partner-icon":["https:\/\/www.anika-net.de\/wp-content\/uploads\/2025\/01\/bildungscampus-1-100x100.png",100,100,true],"organiser-icon":["https:\/\/www.anika-net.de\/wp-content\/uploads\/2025\/01\/bildungscampus-1-200x200.png",200,200,true],"gform-image-choice-sm":["https:\/\/www.anika-net.de\/wp-content\/uploads\/2025\/01\/bildungscampus-1-300x300.png",300,300,true],"gform-image-choice-md":["https:\/\/www.anika-net.de\/wp-content\/uploads\/2025\/01\/bildungscampus-1-400x400.png",400,400,true],"gform-image-choice-lg":["https:\/\/www.anika-net.de\/wp-content\/uploads\/2025\/01\/bildungscampus-1-600x543.png",600,543,true]},"post_excerpt_stackable_v2":"<p>KONS \u2014 ibz \u2014&nbsp;vhs Bil\u00addungs\u00adcam\u00adpu\u00ads\u00ad\u2019\u00fcn a\u00e7\u0131\u00adl\u0131\u00ad\u015f\u0131 \u2014 Bizim\u00adle kut\u00adla\u00ady\u0131n! 10 May\u0131s 2025 Cumar\u00adte\u00adsi g\u00fcn\u00fc Karls\u00adru\u00adhe\u00ad\u2019\u00adde\u00adki Bil\u00addungs\u00adcam\u00adpus Wests\u00adtadt, Bele\u00addi\u00adye Ba\u015f\u00adka\u00adn\u0131 Dr. Mar\u00adtin Lenz tara\u00adf\u0131n\u00addan res\u00admi ola\u00adrak a\u00e7\u0131\u00adla\u00adcak\u00adt\u0131r. Sah\u00adne\u00adde bir m\u00fczi\u00adkal ve \u00e7e\u015fit\u00adli prog\u00adram kat\u00adk\u0131\u00adla\u00adr\u0131\u00adn\u0131n yan\u0131 s\u0131ra, her \u00fc\u00e7 kurum da saat 14:00\u2019ten 18:00\u2019e kadar mey\u00addan\u00adda ve\/veya bina\u00adlar\u00adda \u00e7e\u015fit\u00adli etkin\u00adlik\u00adler ve tek\u00adlif\u00adler\u00adle ken\u00addi\u00adle\u00adri\u00adni tan\u0131\u00adta\u00adcak. Ayr\u0131\u00adca ziya\u00adret\u00ad\u00e7i\u00adle\u00adri her eve davet eden bir kam\u00adp\u00fcs mitin\u00adgi de d\u00fczen\u00adle\u00adnecek. \u00c7e\u015fit\u00adli\u00adlik i\u00e7in&nbsp;alan, Karls\u00adru\u00adhe\u00ad\u2019\u00adde bil\u00adgi ve de\u011fer\u00adler bil\u00addungs\u00adcam\u00adpus Wests\u00adtadt Bil\u00addungs\u00adcam\u00adpus Karls\u00adru\u00adhe, Badisc\u00adhes KON\u00adSer\u00adva\u00adto\u00adri\u00adum (KONS), Volks\u00adhochsc\u00adhu\u00adle Karls\u00adru\u00adhe (vhs) ve Inter\u00adna\u00adti\u00adona\u00adles Begeg\u00adnungs\u00adzent\u00adrum (ibz) adl\u0131 \u00fc\u00e7 e\u011fi\u00adtim kuru\u00admu ara\u00ads\u0131n\u00adda\u00adki bir i\u015fbir\u00adli\u00ad\u011fi\u00addir \u2014 \u00f6\u011fren\u00adme ve dene\u00adyim\u00adle\u00adme i\u00e7in yeni f\u0131r\u00adsat\u00adlar yarat\u00admak \u00fcze\u00adre birlikte\u2026<\/p>\n","category_list_v2":"","author_info_v2":{"name":"Andrea Ramirez","url":"https:\/\/www.anika-net.de\/tr\/author\/andrea-ramirez\/"},"comments_num_v2":"0 comments","uagb_featured_image_src":{"full":["https:\/\/www.anika-net.de\/wp-content\/uploads\/2025\/01\/bildungscampus-1.png",1616,543,false],"thumbnail":["https:\/\/www.anika-net.de\/wp-content\/uploads\/2025\/01\/bildungscampus-1-150x150.png",150,150,true],"medium":["https:\/\/www.anika-net.de\/wp-content\/uploads\/2025\/01\/bildungscampus-1-300x101.png",300,101,true],"medium_large":["https:\/\/www.anika-net.de\/wp-content\/uploads\/2025\/01\/bildungscampus-1-768x258.png",640,215,true],"large":["https:\/\/www.anika-net.de\/wp-content\/uploads\/2025\/01\/bildungscampus-1-1024x344.png",640,215,true],"1536x1536":["https:\/\/www.anika-net.de\/wp-content\/uploads\/2025\/01\/bildungscampus-1-1536x516.png",1536,516,true],"2048x2048":["https:\/\/www.anika-net.de\/wp-content\/uploads\/2025\/01\/bildungscampus-1.png",1616,543,false],"event-overview":["https:\/\/www.anika-net.de\/wp-content\/uploads\/2025\/01\/bildungscampus-1-960x543.png",960,543,true],"event-archive-thumb":["https:\/\/www.anika-net.de\/wp-content\/uploads\/2025\/01\/bildungscampus-1-480x161.png",480,161,true],"grid-item-thumbnail":["https:\/\/www.anika-net.de\/wp-content\/uploads\/2025\/01\/bildungscampus-1-360x200.png",360,200,true],"network-partner-icon":["https:\/\/www.anika-net.de\/wp-content\/uploads\/2025\/01\/bildungscampus-1-100x100.png",100,100,true],"organiser-icon":["https:\/\/www.anika-net.de\/wp-content\/uploads\/2025\/01\/bildungscampus-1-200x200.png",200,200,true],"gform-image-choice-sm":["https:\/\/www.anika-net.de\/wp-content\/uploads\/2025\/01\/bildungscampus-1-300x300.png",300,300,true],"gform-image-choice-md":["https:\/\/www.anika-net.de\/wp-content\/uploads\/2025\/01\/bildungscampus-1-400x400.png",400,400,true],"gform-image-choice-lg":["https:\/\/www.anika-net.de\/wp-content\/uploads\/2025\/01\/bildungscampus-1-600x543.png",600,543,true]},"uagb_author_info":{"display_name":"Andrea Ramirez","author_link":"https:\/\/www.anika-net.de\/tr\/author\/andrea-ramirez\/"},"uagb_comment_info":0,"uagb_excerpt":"KONS \u2014 ibz \u2014&nbsp;vhs Bil\u00addungs\u00adcam\u00adpu\u00ads\u00ad\u2019\u00fcn a\u00e7\u0131\u00adl\u0131\u00ad\u015f\u0131 \u2014 Bizim\u00adle kutlay\u0131n! 10 May\u0131s 2025 Cumar\u00adte\u00adsi g\u00fcn\u00fc Karls\u00adru\u00adhe\u00ad\u2019\u00adde\u00adki Bil\u00addungs\u00adcam\u00adpus Wests\u00adtadt, Bele\u00addi\u00adye Ba\u015f\u00adka\u00adn\u0131 Dr. Mar\u00adtin Lenz tara\u00adf\u0131n\u00addan res\u00admi ola\u00adrak a\u00e7\u0131\u00adla\u00adcak\u00adt\u0131r. Sah\u00adne\u00adde bir m\u00fczi\u00adkal ve&nbsp;daha fazla okuyun","_links":{"self":[{"href":"https:\/\/www.anika-net.de\/tr\/wp-json\/wp\/v2\/event\/57690","targetHints":{"allow":["GET"]}}],"collection":[{"href":"https:\/\/www.anika-net.de\/tr\/wp-json\/wp\/v2\/event"}],"about":[{"href":"https:\/\/www.anika-net.de\/tr\/wp-json\/wp\/v2\/types\/event"}],"author":[{"embeddable":true,"href":"https:\/\/www.anika-net.de\/tr\/wp-json\/wp\/v2\/users\/12"}],"version-history":[{"count":0,"href":"https:\/\/www.anika-net.de\/tr\/wp-json\/wp\/v2\/event\/57690\/revisions"}],"acf:post":[{"embeddable":true,"href":"https:\/\/www.anika-net.de\/tr\/wp-json\/wp\/v2\/organiser\/34261"},{"embeddable":true,"href":"https:\/\/www.anika-net.de\/tr\/wp-json\/wp\/v2\/organiser\/16646"},{"embeddable":true,"href":"https:\/\/www.anika-net.de\/tr\/wp-json\/wp\/v2\/organiser\/16249"},{"embeddable":true,"href":"https:\/\/www.anika-net.de\/tr\/wp-json\/wp\/v2\/organiser\/28549"}],"acf:term":[{"embeddable":true,"taxonomy":"event_category","href":"https:\/\/www.anika-net.de\/tr\/wp-json\/wp\/v2\/event_category\/97"}],"wp:featuredmedia":[{"embeddable":true,"href":"https:\/\/www.anika-net.de\/tr\/wp-json\/wp\/v2\/media\/57686"}],"wp:attachment":[{"href":"https:\/\/www.anika-net.de\/tr\/wp-json\/wp\/v2\/media?parent=57690"}],"curies":[{"name":"wp","href":"https:\/\/api.w.org\/{rel}","templated":true}]}}