{"id":55569,"date":"2024-11-21T11:01:04","date_gmt":"2024-11-21T10:01:04","guid":{"rendered":"https:\/\/www.anika-net.de\/event\/waldklassenzimmer\/"},"modified":"2024-11-21T11:01:04","modified_gmt":"2024-11-21T10:01:04","slug":"waldklassenzimmer","status":"publish","type":"event","link":"https:\/\/www.anika-net.de\/tr\/event\/waldklassenzimmer\/","title":{"rendered":"Waldk\u00adlas\u00adsen\u00adzim\u00admer"},"content":{"rendered":"<p>Bu <a href=\"https:\/\/www.waldpaedagogik-karlsruhe.de\/aktuelles\/\" rel=\"noopener\"><em><strong><span style=\"color: #008080;\">Waldk\u00adlas\u00adsen\u00adzim\u00admer<\/span> <\/strong><\/em><\/a>(orman s\u0131n\u0131\u00adf\u0131) 1996 y\u0131l\u0131n\u00addan bu yana orman e\u011fi\u00adti\u00admi etkin\u00adlik\u00adle\u00adri i\u00e7in bir irti\u00adbat nok\u00adta\u00ads\u0131 ola\u00adrak kullan\u0131lmaktad\u0131r.<br>\nSade\u00adce \u00f6nce\u00adden ran\u00adde\u00advu al\u0131\u00adna\u00adrak veya y\u0131l\u00adl\u0131k prog\u00adram\u00adda\u00adki ke\u015fif ve zana\u00adat g\u00fcn\u00adle\u00adrin\u00adde kul\u00adla\u00adn\u0131\u00adla\u00adbi\u00adlir. <span style=\"color: #666699;\"><strong>Etkin\u00adlik ala\u00adn\u0131:<\/strong><\/span> \u00c7ocuk\u00adlar bura\u00adda do\u011fal hare\u00adket ihti\u00adya\u00e7\u00adla\u00adr\u0131\u00adn\u0131 kar\u00ad\u015f\u0131\u00adla\u00adya\u00adbi\u00adlir, t\u0131r\u00adma\u00adna\u00adbi\u00adlir, den\u00adge\u00adde dura\u00adbi\u00adlir, ko\u015fa\u00adbi\u00adlir, bo\u011fu\u00ad\u015fa\u00adbi\u00adlir ve motor bece\u00adri\u00adle\u00adri\u00adni geli\u015f\u00adti\u00adre\u00adbi\u00adlir\u00adler. \u0130st\u00ader a\u011fa\u00e7 labi\u00adrent, ister tav\u00ad\u015fan deli\u00ad\u011fi, ister mace\u00adra par\u00adku\u00adru veya a\u011fa\u00e7 ev olsun \u2014 \u00e7ocuk\u00adlar \u00f6nce\u00adden belir\u00adlen\u00adme\u00admi\u015f, ken\u00addi hayal g\u00fc\u00e7\u00adle\u00adriy\u00adle geli\u015f\u00adtir\u00addik\u00adle\u00adri fikir\u00adle\u00adri, etkin\u00adlik\u00adle\u00adri ve rol yap\u00adma oyun\u00adla\u00adr\u0131\u00adn\u0131 h\u0131z\u00adla geli\u015f\u00adti\u00adrir\u00adler. <strong><span style=\"color: #666699;\">Duyu\u00adsal alan:<\/span><\/strong> Orman s\u0131n\u0131\u00adf\u0131n\u00adda do\u011fa sade\u00adce bili\u015f\u00adsel ola\u00adrak de\u011fil, t\u00fcm duyu\u00adlar\u00adla dene\u00adyim\u00adle\u00adnir. \u00c7\u0131p\u00adlak ayak par\u00adku\u00adru, ses kul\u00fc\u00adbe\u00adsi ve duyu\u00adsal pati\u00adka sizi buna davet edi\u00adyor. <strong><span style=\"color: #666699;\">Biyo\u00adtop ala\u00adn\u0131:<\/span> <\/strong>Biyo\u00adtop ala\u00adn\u0131, di\u011fer \u015fey\u00adle\u00adrin yan\u0131 s\u0131ra \u015fun\u00adla\u00adr\u0131 i\u00e7e\u00adrir: G\u00f6let, mey\u00adve bah\u00ad\u00e7e\u00adsi \u00e7ay\u0131\u00adr\u0131, kuru ta\u015f duvar veya bah\u00ad\u00e7e (BUND ile i\u015fbir\u00adli\u00ad\u011fi projesi).<br>\nBu habi\u00adtat\u00adlar, orman eko\u00adsis\u00adte\u00admiy\u00adle kar\u00ad\u015f\u0131\u00adla\u015f\u00adt\u0131r\u00adma\u00adya elve\u00adri\u015f\u00adli\u00addir. Yaba\u00adni ar\u0131 duva\u00adr\u0131 veya Tier-WG yar\u00add\u0131\u00adm\u0131y\u00adla, uygu\u00adla\u00adnan t\u00fcr\u00adle\u00adrin korun\u00adma\u00ads\u0131 i\u00e7in \u00f6nlem\u00adler sunulmaktad\u0131r.<\/p>\n<h3><strong><span style=\"color: #008080;\">Y\u0131l\u00adl\u0131k prog\u00adram \u2014 Waldklassenzimmer<br>\n<\/span><\/strong><\/h3>\n<p>Bu <a href=\"https:\/\/www.waldpaedagogik-karlsruhe.de\/jahresprogramm\/\" rel=\"noopener\"><strong>y\u0131l\u00adl\u0131k prog\u00adram<\/strong><\/a> bo\u015f zaman\u00adla\u00adr\u0131n\u00adda orman, do\u011fa ve \u00e7ev\u00adre konu\u00adla\u00adr\u0131y\u00adla ilgi\u00adle\u00adnen ve bir grup i\u00e7in\u00adde pay\u00adla\u00ad\u015f\u0131\u00adlan dene\u00adyim\u00adler\u00adden ho\u015f\u00adla\u00adnan aile\u00adle\u00adre ve yeti\u015f\u00adkin\u00adle\u00adre y\u00f6ne\u00adlik\u00adtir. Prog\u00adra\u00adm\u0131\u00adm\u0131z\u00adda \u00e7ocuk\u00adlar i\u00e7in \u00e7e\u015fit\u00adli tatil etkin\u00adlik\u00adle\u00adri\u00admiz bulunmaktad\u0131r.<\/p>\n<h3><span style=\"color: #800080;\">Aile\u00adler d\u0131\u015fa\u00adr\u0131\u00adda ve ormanda<\/span><\/h3>\n<p>Bura\u00adda bula\u00adcak\u00adla\u00adr\u0131\u00adn\u0131z <strong><a href=\"https:\/\/www.waldpaedagogik-karlsruhe.de\/weitere-angebote\/auf-eigene-faust-im-wald-unterwegs\/\" rel=\"noopener\">aile\u00adler i\u00e7in \u00e7e\u015fit\u00adli etkin\u00adlik\u00adler<\/a><\/strong> reh\u00adber\u00adlik olma\u00addan ken\u00addi ba\u015f\u0131\u00adn\u0131\u00adza yapa\u00adbi\u00adle\u00adce\u00ad\u011fi\u00adniz. \u00c7ev\u00adre\u00adde\u00adki orman oyun alan\u00adla\u00adr\u0131 ve orman mace\u00adra par\u00adkur\u00adla\u00adr\u0131 hak\u00adk\u0131n\u00adda genel bir bil\u00adgi edi\u00adne\u00adcek\u00adsi\u00adniz. Ayr\u0131\u00adca sizin i\u00e7in \u00e7e\u015fit\u00adli ral\u00adli\u00adler tasarlad\u0131k.<\/p>\n<h4><span style=\"color: #008080;\">Yol Tari\u00adfi<\/span><\/h4>\n<p>Orman s\u0131n\u0131\u00adf\u0131, Hard\u00adt\u00adwald orma\u00adn\u0131\u00adn\u0131n orta\u00ads\u0131n\u00adda, Lin\u00adken\u00adhe\u00adimer Allee ve Gra\u00adbe\u00adner Allee ara\u00ads\u0131n\u00adda\u00adki Kana\u00adl\u00adweg \u00fcze\u00adrin\u00adde yer almak\u00adta\u00add\u0131r. Kom\u00ad\u015fu orman mer\u00adke\u00adzi yak\u00adla\u00ad\u015f\u0131k 200 met\u00adre uzak\u00adl\u0131k\u00adta\u00add\u0131r ve R\u00e4t\u00adse\u00adl\u00adwald \u00fcze\u00adrin\u00adden y\u00fcr\u00fc\u00adye\u00adrek ula\u00ad\u015f\u0131\u00adla\u00adbi\u00adlir. <strong><a href=\"https:\/\/www.waldpaedagogik-karlsruhe.de\/home\/kontakt\/\" rel=\"noopener\">Site pla\u00adn\u0131<\/a><\/strong><\/p>\n","protected":false},"author":12,"featured_media":55560,"template":"","class_list":["post-55569","event","type-event","status-publish","has-post-thumbnail","hentry","event_category-bos-vakit"],"acf":{"event-recurring":true,"event-category":97,"event-is-language-course":false,"event-recurring-still-active":true,"event-display-details":true,"event-schedules-recurring":[{"event-recurring-week-day":false,"event-recurring-time":"9:00 - 11:00","event-recurring-time-text":""},{"event-recurring-week-day":"1","event-recurring-time":"14:00 - 16:00","event-recurring-time-text":""},{"event-recurring-week-day":"2","event-recurring-time":"14:00 - 16:00","event-recurring-time-text":""}],"event-schedules-calendar":null,"event-is-online":false,"event-online-url":"","event-location-building":"Waldklassenzimmer","event-location-street":"Linkenheimer Allee 10","event-location-zip":"76131","event-location-city":"Karlsruhe","event-location-contact-person":"","event-location-phone":"0721\/ 1337354","event-location-phone-2":"","event-location-mail":"waldpaedagogik@fa.karlsruhe.de","event-location-mail-2":"","event-location-website":"","event-target-group":[{"target-group":"families"},{"target-group":"teens"},{"target-group":"children"}],"event-target-group-comment":"","event-free":false,"event-organiser":[55526],"event-header-copyright-overlay":true,"event-copyright-note-description-end":false},"featured_image_urls_v2":{"full":["https:\/\/www.anika-net.de\/wp-content\/uploads\/2024\/11\/Waldklassenzimmer-Karlsruhe-scaled.jpg",2560,1707,false],"thumbnail":["https:\/\/www.anika-net.de\/wp-content\/uploads\/2024\/11\/Waldklassenzimmer-Karlsruhe-150x150.jpg",150,150,true],"medium":["https:\/\/www.anika-net.de\/wp-content\/uploads\/2024\/11\/Waldklassenzimmer-Karlsruhe-300x200.jpg",300,200,true],"medium_large":["https:\/\/www.anika-net.de\/wp-content\/uploads\/2024\/11\/Waldklassenzimmer-Karlsruhe-768x512.jpg",640,427,true],"large":["https:\/\/www.anika-net.de\/wp-content\/uploads\/2024\/11\/Waldklassenzimmer-Karlsruhe-1024x683.jpg",640,427,true],"1536x1536":["https:\/\/www.anika-net.de\/wp-content\/uploads\/2024\/11\/Waldklassenzimmer-Karlsruhe-1536x1024.jpg",1536,1024,true],"2048x2048":["https:\/\/www.anika-net.de\/wp-content\/uploads\/2024\/11\/Waldklassenzimmer-Karlsruhe-2048x1365.jpg",2048,1365,true],"event-overview":["https:\/\/www.anika-net.de\/wp-content\/uploads\/2024\/11\/Waldklassenzimmer-Karlsruhe-960x640.jpg",960,640,true],"event-archive-thumb":["https:\/\/www.anika-net.de\/wp-content\/uploads\/2024\/11\/Waldklassenzimmer-Karlsruhe-480x320.jpg",480,320,true],"grid-item-thumbnail":["https:\/\/www.anika-net.de\/wp-content\/uploads\/2024\/11\/Waldklassenzimmer-Karlsruhe-360x200.jpg",360,200,true],"network-partner-icon":["https:\/\/www.anika-net.de\/wp-content\/uploads\/2024\/11\/Waldklassenzimmer-Karlsruhe-100x100.jpg",100,100,true],"organiser-icon":["https:\/\/www.anika-net.de\/wp-content\/uploads\/2024\/11\/Waldklassenzimmer-Karlsruhe-200x200.jpg",200,200,true],"gform-image-choice-sm":["https:\/\/www.anika-net.de\/wp-content\/uploads\/2024\/11\/Waldklassenzimmer-Karlsruhe-300x300.jpg",300,300,true],"gform-image-choice-md":["https:\/\/www.anika-net.de\/wp-content\/uploads\/2024\/11\/Waldklassenzimmer-Karlsruhe-400x400.jpg",400,400,true],"gform-image-choice-lg":["https:\/\/www.anika-net.de\/wp-content\/uploads\/2024\/11\/Waldklassenzimmer-Karlsruhe-600x600.jpg",600,600,true]},"post_excerpt_stackable_v2":"<p>Bu Waldk\u00adlas\u00adsen\u00adzim\u00admer (orman s\u0131n\u0131\u00adf\u0131) 1996 y\u0131l\u0131n\u00addan bu yana orman e\u011fi\u00adti\u00admi etkin\u00adlik\u00adle\u00adri i\u00e7in bir irti\u00adbat nok\u00adta\u00ads\u0131 ola\u00adrak kul\u00adla\u00adn\u0131l\u00admak\u00adta\u00add\u0131r. Sade\u00adce \u00f6nce\u00adden ran\u00adde\u00advu al\u0131\u00adna\u00adrak veya y\u0131l\u00adl\u0131k prog\u00adram\u00adda\u00adki ke\u015fif ve zana\u00adat g\u00fcn\u00adle\u00adrin\u00adde kul\u00adla\u00adn\u0131\u00adla\u00adbi\u00adlir. Etkin\u00adlik ala\u00adn\u0131: \u00c7ocuk\u00adlar bura\u00adda do\u011fal hare\u00adket ihti\u00adya\u00e7\u00adla\u00adr\u0131\u00adn\u0131 kar\u00ad\u015f\u0131\u00adla\u00adya\u00adbi\u00adlir, t\u0131r\u00adma\u00adna\u00adbi\u00adlir, den\u00adge\u00adde dura\u00adbi\u00adlir, ko\u015fa\u00adbi\u00adlir, bo\u011fu\u00ad\u015fa\u00adbi\u00adlir ve motor bece\u00adri\u00adle\u00adri\u00adni geli\u015f\u00adti\u00adre\u00adbi\u00adlir\u00adler. \u0130st\u00ader a\u011fa\u00e7 labi\u00adrent, ister tav\u00ad\u015fan deli\u00ad\u011fi, ister mace\u00adra par\u00adku\u00adru veya a\u011fa\u00e7 ev olsun \u2014 \u00e7ocuk\u00adlar \u00f6nce\u00adden belir\u00adlen\u00adme\u00admi\u015f, ken\u00addi hayal g\u00fc\u00e7\u00adle\u00adriy\u00adle geli\u015f\u00adtir\u00addik\u00adle\u00adri fikir\u00adle\u00adri, etkin\u00adlik\u00adle\u00adri ve rol yap\u00adma oyun\u00adla\u00adr\u0131\u00adn\u0131 h\u0131z\u00adla geli\u015f\u00adti\u00adrir\u00adler. Duyu\u00adsal alan: Orman s\u0131n\u0131\u00adf\u0131n\u00adda do\u011fa sade\u00adce bili\u015f\u00adsel ola\u00adrak de\u011fil, t\u00fcm duyu\u00adlar\u00adla dene\u00adyim\u00adle\u00adnir. \u00c7\u0131p\u00adlak ayak par\u00adku\u00adru, ses kul\u00fc\u00adbe\u00adsi ve duyu\u00adsal pati\u00adka sizi buna davet edi\u00adyor. Biyotop\u2026<\/p>\n","category_list_v2":"","author_info_v2":{"name":"Andrea Ramirez","url":"https:\/\/www.anika-net.de\/tr\/author\/andrea-ramirez\/"},"comments_num_v2":"0 comments","uagb_featured_image_src":{"full":["https:\/\/www.anika-net.de\/wp-content\/uploads\/2024\/11\/Waldklassenzimmer-Karlsruhe-scaled.jpg",2560,1707,false],"thumbnail":["https:\/\/www.anika-net.de\/wp-content\/uploads\/2024\/11\/Waldklassenzimmer-Karlsruhe-150x150.jpg",150,150,true],"medium":["https:\/\/www.anika-net.de\/wp-content\/uploads\/2024\/11\/Waldklassenzimmer-Karlsruhe-300x200.jpg",300,200,true],"medium_large":["https:\/\/www.anika-net.de\/wp-content\/uploads\/2024\/11\/Waldklassenzimmer-Karlsruhe-768x512.jpg",640,427,true],"large":["https:\/\/www.anika-net.de\/wp-content\/uploads\/2024\/11\/Waldklassenzimmer-Karlsruhe-1024x683.jpg",640,427,true],"1536x1536":["https:\/\/www.anika-net.de\/wp-content\/uploads\/2024\/11\/Waldklassenzimmer-Karlsruhe-1536x1024.jpg",1536,1024,true],"2048x2048":["https:\/\/www.anika-net.de\/wp-content\/uploads\/2024\/11\/Waldklassenzimmer-Karlsruhe-2048x1365.jpg",2048,1365,true],"event-overview":["https:\/\/www.anika-net.de\/wp-content\/uploads\/2024\/11\/Waldklassenzimmer-Karlsruhe-960x640.jpg",960,640,true],"event-archive-thumb":["https:\/\/www.anika-net.de\/wp-content\/uploads\/2024\/11\/Waldklassenzimmer-Karlsruhe-480x320.jpg",480,320,true],"grid-item-thumbnail":["https:\/\/www.anika-net.de\/wp-content\/uploads\/2024\/11\/Waldklassenzimmer-Karlsruhe-360x200.jpg",360,200,true],"network-partner-icon":["https:\/\/www.anika-net.de\/wp-content\/uploads\/2024\/11\/Waldklassenzimmer-Karlsruhe-100x100.jpg",100,100,true],"organiser-icon":["https:\/\/www.anika-net.de\/wp-content\/uploads\/2024\/11\/Waldklassenzimmer-Karlsruhe-200x200.jpg",200,200,true],"gform-image-choice-sm":["https:\/\/www.anika-net.de\/wp-content\/uploads\/2024\/11\/Waldklassenzimmer-Karlsruhe-300x300.jpg",300,300,true],"gform-image-choice-md":["https:\/\/www.anika-net.de\/wp-content\/uploads\/2024\/11\/Waldklassenzimmer-Karlsruhe-400x400.jpg",400,400,true],"gform-image-choice-lg":["https:\/\/www.anika-net.de\/wp-content\/uploads\/2024\/11\/Waldklassenzimmer-Karlsruhe-600x600.jpg",600,600,true]},"uagb_author_info":{"display_name":"Andrea Ramirez","author_link":"https:\/\/www.anika-net.de\/tr\/author\/andrea-ramirez\/"},"uagb_comment_info":0,"uagb_excerpt":"Bu Waldk\u00adlas\u00adsen\u00adzim\u00admer (orman s\u0131n\u0131\u00adf\u0131) 1996 y\u0131l\u0131n\u00addan bu yana orman e\u011fi\u00adti\u00admi etkin\u00adlik\u00adle\u00adri i\u00e7in bir irti\u00adbat nok\u00adta\u00ads\u0131 ola\u00adrak kullan\u0131lmaktad\u0131r. Sade\u00adce \u00f6nce\u00adden ran\u00adde\u00advu al\u0131\u00adna\u00adrak veya y\u0131l\u00adl\u0131k prog\u00adram\u00adda\u00adki ke\u015fif ve zana\u00adat g\u00fcn\u00adle\u00adrin\u00adde kul\u00adla\u00adn\u0131\u00adla\u00adbi\u00adlir. Etkin\u00adlik&nbsp;daha fazla okuyun","_links":{"self":[{"href":"https:\/\/www.anika-net.de\/tr\/wp-json\/wp\/v2\/event\/55569","targetHints":{"allow":["GET"]}}],"collection":[{"href":"https:\/\/www.anika-net.de\/tr\/wp-json\/wp\/v2\/event"}],"about":[{"href":"https:\/\/www.anika-net.de\/tr\/wp-json\/wp\/v2\/types\/event"}],"author":[{"embeddable":true,"href":"https:\/\/www.anika-net.de\/tr\/wp-json\/wp\/v2\/users\/12"}],"version-history":[{"count":0,"href":"https:\/\/www.anika-net.de\/tr\/wp-json\/wp\/v2\/event\/55569\/revisions"}],"acf:post":[{"embeddable":true,"href":"https:\/\/www.anika-net.de\/tr\/wp-json\/wp\/v2\/organiser\/55526"}],"acf:term":[{"embeddable":true,"taxonomy":"event_category","href":"https:\/\/www.anika-net.de\/tr\/wp-json\/wp\/v2\/event_category\/97"}],"wp:featuredmedia":[{"embeddable":true,"href":"https:\/\/www.anika-net.de\/tr\/wp-json\/wp\/v2\/media\/55560"}],"wp:attachment":[{"href":"https:\/\/www.anika-net.de\/tr\/wp-json\/wp\/v2\/media?parent=55569"}],"curies":[{"name":"wp","href":"https:\/\/api.w.org\/{rel}","templated":true}]}}