{"id":55274,"date":"2024-11-13T11:38:35","date_gmt":"2024-11-13T10:38:35","guid":{"rendered":"https:\/\/www.anika-net.de\/event\/sinir-tanimayan-bisikletler\/"},"modified":"2024-11-13T11:38:35","modified_gmt":"2024-11-13T10:38:35","slug":"sinir-tanimayan-bisikletler","status":"publish","type":"event","link":"https:\/\/www.anika-net.de\/tr\/event\/sinir-tanimayan-bisikletler\/","title":{"rendered":"S\u0131n\u0131r Tan\u0131\u00adma\u00adyan Bisikletler"},"content":{"rendered":"<h3><span style=\"color: #666699;\">\u0130ki teker\u00adlek\u00adli ara\u00e7\u00adlar insan\u00adla\u00adr\u0131 hare\u00adke\u00adte ge\u00e7iriyor&nbsp;\ud83d\udeb2<br>\n<\/span><\/h3>\n<h1><span style=\"color: #ffcc00;\">S\u0131n\u0131r Tan\u0131\u00adma\u00adyan Bisikletler<\/span><\/h1>\n<p>S\u0131n\u0131r Tan\u0131\u00adma\u00adyan Bisik\u00adlet\u00adler, Karls\u00adru\u00adhe\u00ad\u2019\u00adde\u00adki m\u00fcl\u00adte\u00adci\u00adle\u00adri kira\u00adl\u0131k bisik\u00adlet\u00adler\u00adle des\u00adtek\u00adle\u00admek ama\u00adc\u0131y\u00adla Tem\u00admuz 2012\u2019de ba\u015f\u00adla\u00adt\u0131l\u00adm\u0131\u015f\u00adt\u0131r. \u0130lg\u00adil\u00aden\u00aden ki\u015fi\u00adler bisik\u00adlet tami\u00adri konu\u00adsun\u00adda da e\u011fi\u00adtil\u00admek\u00adte ve pro\u00adje \u00e7al\u0131\u015f\u00adma\u00adla\u00adr\u0131\u00adna enteg\u00adre edil\u00admek\u00adte\u00addir. Her ay m\u00fcl\u00adte\u00adci\u00adle\u00adre veri\u00adlen paray\u00adla, top\u00adlu ta\u015f\u0131\u00adma ara\u00e7\u00adla\u00adr\u0131\u00adn\u0131 kul\u00adlan\u00adma\u00adn\u0131n mali\u00adye\u00adti\u00adni ancak kar\u00ad\u015f\u0131\u00adla\u00adya\u00adbi\u00adli\u00adyor\u00adlar. Ancak hare\u00adket\u00adli\u00adlik her zaman ki\u015fi\u00adsel \u00f6zg\u00fcr\u00adl\u00fck ve enteg\u00adras\u00adyon anla\u00adm\u0131\u00adna&nbsp;gelir.<br>\nArka\u00adda\u015f\u00adla\u00adr\u0131\u00adn\u0131 veya aile \u00fcye\u00adle\u00adri\u00adni ziya\u00adret ede\u00adbi\u00adlir, dan\u0131\u015f\u00adman\u00adl\u0131k hiz\u00admet\u00adle\u00adri\u00adne ve Alman\u00adca kurs\u00adla\u00adr\u0131\u00adna kat\u0131\u00adla\u00adbi\u00adlir ve \u015feh\u00adri ve \u00e7ev\u00adre\u00adsi\u00adni tan\u0131yabilirler.<br>\nBunu hiz\u00admet\u00adle\u00adri\u00admiz\u00adle des\u00adtek\u00adle\u00admek isti\u00adyo\u00adruz. Bisik\u00adlet da\u011f\u0131\u00adt\u0131\u00adm\u0131 ve tami\u00adri haf\u00adta\u00adda iki kez yap\u0131l\u00admak\u00adta\u00add\u0131r. Bunun i\u00e7in k\u00fc\u00e7\u00fck bir kat\u00adk\u0131 istiyoruz:&nbsp;<\/p>\n<ul>\n<li>Bisik\u00adlet: 10 \u2014 35 EURO, kali\u00adte ve dona\u00adn\u0131\u00adma ba\u011f\u00adl\u0131 olarak<\/li>\n<li>Kilit: Kali\u00adte\u00adye ba\u011f\u00adl\u0131 ola\u00adrak 3 \u2014 5&nbsp;EURO<\/li>\n<li>Yedek par\u00ad\u00e7a\u00adlar: yeniy\u00adse sat\u0131n alma fiya\u00adt\u0131; kul\u00adla\u00adn\u0131l\u00adm\u0131\u015f\u00adsa \u00fccretsiz<\/li>\n<\/ul>\n<p>\ud83e\ude9b Ona\u00adr\u0131m\u00adla\u00adra aktif kat\u0131\u00adl\u0131m pro\u00adje\u00admi\u00adzin temel ta\u015f\u00adla\u00adr\u0131n\u00addan biri\u00addir. \ud83e\udef6\ud83c\udffb Bu neden\u00adle, ilgi\u00adli ki\u015fi\u00adler bece\u00adri\u00adle\u00adri\u00adni geli\u015f\u00adtir\u00admek ve \u00e7al\u0131\u015f\u00adma\u00adlar\u00adda bize yar\u00add\u0131m\u00adc\u0131 olmak iste\u00addik\u00adle\u00adrin\u00adde her zaman \u00e7ok mut\u00adlu oluyoruz.<\/p>\n<h3>\ud83d\udeb2 <strong>B<\/strong> a\u011f\u0131\u015f\u00adla\u00adnan bisik\u00adlet\u00adler, yedek par\u00ad\u00e7a\u00adlar, alet\u00adler <strong>ve aktif yar\u00add\u0131m<\/strong> \u015fek\u00adlin\u00adde\u00adki <strong>des\u00adte\u00ad\u011fe<\/strong> <strong>\u00e7ok a\u00e7\u0131\u00ad\u011f\u0131z!<\/strong><\/h3>\n","protected":false},"author":12,"featured_media":55259,"template":"","class_list":["post-55274","event","type-event","status-publish","has-post-thumbnail","hentry","event_category-bos-vakit"],"acf":{"event-recurring":true,"event-category":97,"event-is-language-course":false,"event-recurring-still-active":true,"event-display-details":true,"event-schedules-recurring":[{"event-recurring-week-day":"2","event-recurring-time":"17:00 - 18:00","event-recurring-time-text":""},{"event-recurring-week-day":"5","event-recurring-time":"15:00 - 17:00","event-recurring-time-text":""}],"event-schedules-calendar":null,"event-is-online":false,"event-online-url":"","event-location-building":"MenschenrechtsZentrum","event-location-street":"Alter Schlachthof 59","event-location-zip":"76131","event-location-city":"Karlsruhe","event-location-contact-person":"","event-location-phone":"","event-location-phone-2":"","event-location-mail":"bikeswithoutborders@gmx.de","event-location-mail-2":"","event-location-website":"https:\/\/bikeswithoutborders.blogspot.com\/p\/ausleihkonzept.html","event-target-group":[{"target-group":"all"}],"event-target-group-comment":"","event-free":false,"event-organiser":[55243],"event-header-copyright-overlay":true,"event-copyright-note-description-end":false},"featured_image_urls_v2":{"full":["https:\/\/www.anika-net.de\/wp-content\/uploads\/2024\/11\/bikes-whitout-borders-scaled.jpg",2560,1707,false],"thumbnail":["https:\/\/www.anika-net.de\/wp-content\/uploads\/2024\/11\/bikes-whitout-borders-150x150.jpg",150,150,true],"medium":["https:\/\/www.anika-net.de\/wp-content\/uploads\/2024\/11\/bikes-whitout-borders-300x200.jpg",300,200,true],"medium_large":["https:\/\/www.anika-net.de\/wp-content\/uploads\/2024\/11\/bikes-whitout-borders-768x512.jpg",640,427,true],"large":["https:\/\/www.anika-net.de\/wp-content\/uploads\/2024\/11\/bikes-whitout-borders-1024x683.jpg",640,427,true],"1536x1536":["https:\/\/www.anika-net.de\/wp-content\/uploads\/2024\/11\/bikes-whitout-borders-1536x1024.jpg",1536,1024,true],"2048x2048":["https:\/\/www.anika-net.de\/wp-content\/uploads\/2024\/11\/bikes-whitout-borders-2048x1365.jpg",2048,1365,true],"event-overview":["https:\/\/www.anika-net.de\/wp-content\/uploads\/2024\/11\/bikes-whitout-borders-960x640.jpg",960,640,true],"event-archive-thumb":["https:\/\/www.anika-net.de\/wp-content\/uploads\/2024\/11\/bikes-whitout-borders-480x320.jpg",480,320,true],"grid-item-thumbnail":["https:\/\/www.anika-net.de\/wp-content\/uploads\/2024\/11\/bikes-whitout-borders-360x200.jpg",360,200,true],"network-partner-icon":["https:\/\/www.anika-net.de\/wp-content\/uploads\/2024\/11\/bikes-whitout-borders-100x100.jpg",100,100,true],"organiser-icon":["https:\/\/www.anika-net.de\/wp-content\/uploads\/2024\/11\/bikes-whitout-borders-200x200.jpg",200,200,true],"gform-image-choice-sm":["https:\/\/www.anika-net.de\/wp-content\/uploads\/2024\/11\/bikes-whitout-borders-scaled.jpg",300,200,false],"gform-image-choice-md":["https:\/\/www.anika-net.de\/wp-content\/uploads\/2024\/11\/bikes-whitout-borders-scaled.jpg",400,267,false],"gform-image-choice-lg":["https:\/\/www.anika-net.de\/wp-content\/uploads\/2024\/11\/bikes-whitout-borders-scaled.jpg",600,400,false]},"post_excerpt_stackable_v2":"<p>\u0130ki teker\u00adlek\u00adli ara\u00e7\u00adlar insan\u00adla\u00adr\u0131 hare\u00adke\u00adte ge\u00e7i\u00adri\u00adyor&nbsp;\ud83d\udeb2 S\u0131n\u0131r Tan\u0131\u00adma\u00adyan Bisik\u00adlet\u00adler S\u0131n\u0131r Tan\u0131\u00adma\u00adyan Bisik\u00adlet\u00adler, Karls\u00adru\u00adhe\u00ad\u2019\u00adde\u00adki m\u00fcl\u00adte\u00adci\u00adle\u00adri kira\u00adl\u0131k bisik\u00adlet\u00adler\u00adle des\u00adtek\u00adle\u00admek ama\u00adc\u0131y\u00adla Tem\u00admuz 2012\u2019de ba\u015f\u00adla\u00adt\u0131l\u00adm\u0131\u015f\u00adt\u0131r. \u0130lg\u00adil\u00aden\u00aden ki\u015fi\u00adler bisik\u00adlet tami\u00adri konu\u00adsun\u00adda da e\u011fi\u00adtil\u00admek\u00adte ve pro\u00adje \u00e7al\u0131\u015f\u00adma\u00adla\u00adr\u0131\u00adna enteg\u00adre edil\u00admek\u00adte\u00addir. Her ay m\u00fcl\u00adte\u00adci\u00adle\u00adre veri\u00adlen paray\u00adla, top\u00adlu ta\u015f\u0131\u00adma ara\u00e7\u00adla\u00adr\u0131\u00adn\u0131 kul\u00adlan\u00adma\u00adn\u0131n mali\u00adye\u00adti\u00adni ancak kar\u00ad\u015f\u0131\u00adla\u00adya\u00adbi\u00adli\u00adyor\u00adlar. Ancak hare\u00adket\u00adli\u00adlik her zaman ki\u015fi\u00adsel \u00f6zg\u00fcr\u00adl\u00fck ve enteg\u00adras\u00adyon anla\u00adm\u0131\u00adna&nbsp;gelir. Arka\u00adda\u015f\u00adla\u00adr\u0131\u00adn\u0131 veya aile \u00fcye\u00adle\u00adri\u00adni ziya\u00adret ede\u00adbi\u00adlir, dan\u0131\u015f\u00adman\u00adl\u0131k hiz\u00admet\u00adle\u00adri\u00adne ve Alman\u00adca kurs\u00adla\u00adr\u0131\u00adna kat\u0131\u00adla\u00adbi\u00adlir ve \u015feh\u00adri ve \u00e7ev\u00adre\u00adsi\u00adni tan\u0131\u00adya\u00adbi\u00adlir\u00adler. Bunu hiz\u00admet\u00adle\u00adri\u00admiz\u00adle des\u00adtek\u00adle\u00admek isti\u00adyo\u00adruz. Bisik\u00adlet da\u011f\u0131\u00adt\u0131\u00adm\u0131 ve tami\u00adri haf\u00adta\u00adda iki kez yap\u0131l\u00admak\u00adta\u00add\u0131r. Bunun i\u00e7in k\u00fc\u00e7\u00fck bir kat\u00adk\u0131 isti\u00adyo\u00adruz:&nbsp; Bisik\u00adlet: 10 \u2014 35 EURO, kali\u00adte ve dona\u00adn\u0131\u00adma ba\u011f\u00adl\u0131 ola\u00adrak&nbsp;Kilit:\u2026<\/p>\n","category_list_v2":"","author_info_v2":{"name":"Andrea Ramirez","url":"https:\/\/www.anika-net.de\/tr\/author\/andrea-ramirez\/"},"comments_num_v2":"0 comments","uagb_featured_image_src":{"full":["https:\/\/www.anika-net.de\/wp-content\/uploads\/2024\/11\/bikes-whitout-borders-scaled.jpg",2560,1707,false],"thumbnail":["https:\/\/www.anika-net.de\/wp-content\/uploads\/2024\/11\/bikes-whitout-borders-150x150.jpg",150,150,true],"medium":["https:\/\/www.anika-net.de\/wp-content\/uploads\/2024\/11\/bikes-whitout-borders-300x200.jpg",300,200,true],"medium_large":["https:\/\/www.anika-net.de\/wp-content\/uploads\/2024\/11\/bikes-whitout-borders-768x512.jpg",640,427,true],"large":["https:\/\/www.anika-net.de\/wp-content\/uploads\/2024\/11\/bikes-whitout-borders-1024x683.jpg",640,427,true],"1536x1536":["https:\/\/www.anika-net.de\/wp-content\/uploads\/2024\/11\/bikes-whitout-borders-1536x1024.jpg",1536,1024,true],"2048x2048":["https:\/\/www.anika-net.de\/wp-content\/uploads\/2024\/11\/bikes-whitout-borders-2048x1365.jpg",2048,1365,true],"event-overview":["https:\/\/www.anika-net.de\/wp-content\/uploads\/2024\/11\/bikes-whitout-borders-960x640.jpg",960,640,true],"event-archive-thumb":["https:\/\/www.anika-net.de\/wp-content\/uploads\/2024\/11\/bikes-whitout-borders-480x320.jpg",480,320,true],"grid-item-thumbnail":["https:\/\/www.anika-net.de\/wp-content\/uploads\/2024\/11\/bikes-whitout-borders-360x200.jpg",360,200,true],"network-partner-icon":["https:\/\/www.anika-net.de\/wp-content\/uploads\/2024\/11\/bikes-whitout-borders-100x100.jpg",100,100,true],"organiser-icon":["https:\/\/www.anika-net.de\/wp-content\/uploads\/2024\/11\/bikes-whitout-borders-200x200.jpg",200,200,true],"gform-image-choice-sm":["https:\/\/www.anika-net.de\/wp-content\/uploads\/2024\/11\/bikes-whitout-borders-scaled.jpg",300,200,false],"gform-image-choice-md":["https:\/\/www.anika-net.de\/wp-content\/uploads\/2024\/11\/bikes-whitout-borders-scaled.jpg",400,267,false],"gform-image-choice-lg":["https:\/\/www.anika-net.de\/wp-content\/uploads\/2024\/11\/bikes-whitout-borders-scaled.jpg",600,400,false]},"uagb_author_info":{"display_name":"Andrea Ramirez","author_link":"https:\/\/www.anika-net.de\/tr\/author\/andrea-ramirez\/"},"uagb_comment_info":0,"uagb_excerpt":"\u0130ki teker\u00adlek\u00adli ara\u00e7\u00adlar insan\u00adla\u00adr\u0131 hare\u00adke\u00adte ge\u00e7iriyor&nbsp;\ud83d\udeb2 S\u0131n\u0131r Tan\u0131\u00adma\u00adyan Bisikletler S\u0131n\u0131r Tan\u0131\u00adma\u00adyan Bisik\u00adlet\u00adler, Karls\u00adru\u00adhe\u00ad\u2019\u00adde\u00adki m\u00fcl\u00adte\u00adci\u00adle\u00adri kira\u00adl\u0131k bisik\u00adlet\u00adler\u00adle des\u00adtek\u00adle\u00admek ama\u00adc\u0131y\u00adla Tem\u00admuz 2012\u2019de ba\u015f\u00adla\u00adt\u0131l\u00adm\u0131\u015f\u00adt\u0131r. \u0130lg\u00adil\u00aden\u00aden ki\u015fi\u00adler bisik\u00adlet tami\u00adri konu\u00adsun\u00adda da e\u011fi\u00adtil\u00admek\u00adte ve pro\u00adje&nbsp;daha fazla okuyun","_links":{"self":[{"href":"https:\/\/www.anika-net.de\/tr\/wp-json\/wp\/v2\/event\/55274","targetHints":{"allow":["GET"]}}],"collection":[{"href":"https:\/\/www.anika-net.de\/tr\/wp-json\/wp\/v2\/event"}],"about":[{"href":"https:\/\/www.anika-net.de\/tr\/wp-json\/wp\/v2\/types\/event"}],"author":[{"embeddable":true,"href":"https:\/\/www.anika-net.de\/tr\/wp-json\/wp\/v2\/users\/12"}],"version-history":[{"count":0,"href":"https:\/\/www.anika-net.de\/tr\/wp-json\/wp\/v2\/event\/55274\/revisions"}],"acf:post":[{"embeddable":true,"href":"https:\/\/www.anika-net.de\/tr\/wp-json\/wp\/v2\/organiser\/55243"}],"acf:term":[{"embeddable":true,"taxonomy":"event_category","href":"https:\/\/www.anika-net.de\/tr\/wp-json\/wp\/v2\/event_category\/97"}],"wp:featuredmedia":[{"embeddable":true,"href":"https:\/\/www.anika-net.de\/tr\/wp-json\/wp\/v2\/media\/55259"}],"wp:attachment":[{"href":"https:\/\/www.anika-net.de\/tr\/wp-json\/wp\/v2\/media?parent=55274"}],"curies":[{"name":"wp","href":"https:\/\/api.w.org\/{rel}","templated":true}]}}