{"id":54961,"date":"2024-11-07T13:18:59","date_gmt":"2024-11-07T12:18:59","guid":{"rendered":"https:\/\/www.anika-net.de\/event\/orta-dogudaki-catismalar-alman-toplumunu-neden-boluyor\/"},"modified":"2024-11-07T13:18:59","modified_gmt":"2024-11-07T12:18:59","slug":"orta-dogudaki-catismalar-alman-toplumunu-neden-boluyor","status":"publish","type":"event","link":"https:\/\/www.anika-net.de\/tr\/event\/orta-dogudaki-catismalar-alman-toplumunu-neden-boluyor\/","title":{"rendered":"Orta Do\u011fu\u00ad\u2019\u00adda\u00adki \u00e7at\u0131\u015f\u00adma\u00adlar Alman top\u00adlu\u00admu\u00adnu neden b\u00f6l\u00fcyor?"},"content":{"rendered":"<h4><span style=\"color: #666699;\">Dr. Meron Men\u00addel anti\u00adse\u00admi\u00adtizm, \u0131rk\u00ad\u00e7\u0131\u00adl\u0131k ve 7 Ekim son\u00adra\u00ads\u0131 tar\u00adt\u0131\u015f\u00adma\u00adlar hak\u00adk\u0131n\u00adda konu\u015ftu<\/span><\/h4>\n<h1><span style=\"color: #800080;\">Orta Do\u011fu\u00ad\u2019\u00adda\u00adki \u00e7at\u0131\u015f\u00adma\u00adlar Alman top\u00adlu\u00admu\u00adnu neden b\u00f6l\u00fcyor?<\/span><\/h1>\n<p>Orta Do\u011fu\u00ad\u2019\u00adda\u00adki \u00e7at\u0131\u015f\u00adma\u00adlar kadar kutup\u00adla\u015f\u00adt\u0131\u00adr\u0131\u00adc\u0131 bir \u015fekil\u00adde tar\u00adt\u0131\u00ad\u015f\u0131\u00adlan ba\u015f\u00adka bir konu nere\u00addey\u00adse yok. Hama\u00ads\u00ad\u2019\u0131n 7 Ekim 2023\u2019te ger\u00ad\u00e7ek\u00adle\u015f\u00adtir\u00addi\u00ad\u011fi kat\u00adli\u00adam ve ard\u0131n\u00addan Gaz\u00adze\u00ad\u2019\u00adde ya\u015fa\u00adnan sava\u00ad\u015f\u0131n \u00fcze\u00adrin\u00adden bir y\u0131l ge\u00e7\u00adme\u00adsi\u00adne ra\u011f\u00admen tar\u00adt\u0131\u015f\u00adma hala her yer\u00adde devam edi\u00adyor. Siya\u00adset\u00adte, sanat ve k\u00fcl\u00adt\u00fcr d\u00fcn\u00adya\u00ads\u0131n\u00adda, \u00fcni\u00adver\u00adsi\u00adte\u00adler\u00adde, sokak\u00adlar\u00adda ve sos\u00adyal med\u00adya\u00adda sade\u00adce iki pozis\u00adyon m\u00fcm\u00adk\u00fcn g\u00f6r\u00fc\u00adn\u00fc\u00adyor: ya \u0130sr\u00adai\u00adl\u2019\u00add\u00aden yana\u00ads\u0131\u00adn\u0131z ya da Filis\u00adtin\u00adli\u00adler\u00adden. Ayn\u0131 zaman\u00adda, anti\u00adse\u00admit sal\u00add\u0131\u00adr\u0131\u00adlar\u00adda da dra\u00adma\u00adtik bir art\u0131\u015f var. M\u00fcs\u00adl\u00fc\u00adman\u00adlar da daha faz\u00adla d\u00fc\u015f\u00adman\u00adl\u0131\u00ad\u011fa maruz kalmaktad\u0131r.&nbsp;<\/p>\n<p><strong>Anti\u00adse\u00admi\u00adtik veya \u0131rk\u00ad\u00e7\u0131 arg\u00fc\u00adman\u00adlar kul\u00adlan\u00adma\u00addan Orta Do\u011fu \u00e7at\u0131\u015f\u00adma\u00ads\u0131\u00adn\u0131 tar\u00adt\u0131\u015f\u00admak nas\u0131l m\u00fcm\u00adk\u00fcn olabilir?&nbsp;<\/strong><br>\n<strong>Yap\u0131\u00adc\u0131 bir tar\u00adt\u0131\u015f\u00adma i\u00e7in neye ihti\u00adya\u00adc\u0131\u00adm\u0131z&nbsp;var?<\/strong><\/p>\n<p>Tarih\u00ad\u00e7i ve gaze\u00adte\u00adci Prof. Dr. Meron Men\u00addel, Alman\u00adya\u00ad\u2019\u00adda\u00adki Orta Do\u011fu \u00e7at\u0131\u015f\u00adma\u00ads\u0131\u00adna ili\u015f\u00adkin tar\u00adt\u0131\u015f\u00adma\u00ady\u0131 ulus\u00adla\u00adra\u00adra\u00ads\u0131 ba\u011f\u00adlam\u00adda ana\u00adliz edi\u00adyor ve diya\u00adlog ola\u00adnak\u00adla\u00adr\u0131\u00adna i\u015fa\u00adret edi\u00adyor. Meron Men\u00addel Sos\u00adyal Hiz\u00admet Pro\u00adfe\u00ads\u00f6\u00adr\u00fc ve Anne Frank E\u011fi\u00adtim Mer\u00adke\u00adzi Direk\u00adt\u00f6\u00adr\u00fc\u00add\u00fcr. En son kita\u00adb\u0131 \u201c\u00dcber Isra\u00adel reden. Eine deutsc\u00adhe Debat\u00adte\u201d (Kiwi Ver\u00adlag 2023) ve Saba-Nur Che\u00adema ile bir\u00adlik\u00adte yaz\u00add\u0131\u00ad\u011f\u0131 \u201cMus\u00adlim-Jewish Eve\u00adning Meal. Kutup\u00adla\u015f\u00adma Zaman\u00adla\u00adr\u0131n\u00adda Bir Ara\u00adda Ya\u015fa\u00adma\u201d (Kiwi Ver\u00adlag&nbsp;2024).&nbsp;<\/p>\n<p>&nbsp;<\/p>\n<p>&nbsp;<\/p>\n","protected":false},"author":12,"featured_media":0,"template":"","class_list":["post-54961","event","type-event","status-publish","hentry","event_category-bos-vakit"],"acf":{"event-recurring":false,"event-category":97,"event-is-language-course":false,"event-recurring-still-active":true,"event-display-details":true,"event-schedules-recurring":null,"event-schedules-calendar":[{"event-calendar-day":"20241111","event-calendar-time":"20:00","event-calendar-time-text":""}],"event-is-online":false,"event-online-url":"","event-location-building":"St\u00e4ndehaussaal ","event-location-street":" St\u00e4ndehausstra\u00dfe 2","event-location-zip":"76133","event-location-city":"Karlsruhe","event-location-contact-person":"","event-location-phone":"","event-location-phone-2":"","event-location-mail":"","event-location-mail-2":"","event-location-website":"https:\/\/www.karlsruhe.de\/stadt-rathaus\/aktuelles\/meldungen\/warum-spaltet-der-nahostkonflikt-die-deutsche-gesellschaft","event-target-group":[{"target-group":"all"}],"event-target-group-comment":"","event-free":true,"event-organiser":[16512],"event-header-copyright-overlay":true,"event-copyright-note-description-end":false},"featured_image_urls_v2":{"full":"","thumbnail":"","medium":"","medium_large":"","large":"","1536x1536":"","2048x2048":"","event-overview":"","event-archive-thumb":"","grid-item-thumbnail":"","network-partner-icon":"","organiser-icon":"","gform-image-choice-sm":"","gform-image-choice-md":"","gform-image-choice-lg":""},"post_excerpt_stackable_v2":"<p>Dr. Meron Men\u00addel anti\u00adse\u00admi\u00adtizm, \u0131rk\u00ad\u00e7\u0131\u00adl\u0131k ve 7 Ekim son\u00adra\u00ads\u0131 tar\u00adt\u0131\u015f\u00adma\u00adlar hak\u00adk\u0131n\u00adda konu\u015f\u00adtu Orta Do\u011fu\u00ad\u2019\u00adda\u00adki \u00e7at\u0131\u015f\u00adma\u00adlar Alman top\u00adlu\u00admu\u00adnu neden b\u00f6l\u00fc\u00adyor? Orta Do\u011fu\u00ad\u2019\u00adda\u00adki \u00e7at\u0131\u015f\u00adma\u00adlar kadar kutup\u00adla\u015f\u00adt\u0131\u00adr\u0131\u00adc\u0131 bir \u015fekil\u00adde tar\u00adt\u0131\u00ad\u015f\u0131\u00adlan ba\u015f\u00adka bir konu nere\u00addey\u00adse yok. Hama\u00ads\u00ad\u2019\u0131n 7 Ekim 2023\u2019te ger\u00ad\u00e7ek\u00adle\u015f\u00adtir\u00addi\u00ad\u011fi kat\u00adli\u00adam ve ard\u0131n\u00addan Gaz\u00adze\u00ad\u2019\u00adde ya\u015fa\u00adnan sava\u00ad\u015f\u0131n \u00fcze\u00adrin\u00adden bir y\u0131l ge\u00e7\u00adme\u00adsi\u00adne ra\u011f\u00admen tar\u00adt\u0131\u015f\u00adma hala her yer\u00adde devam edi\u00adyor. Siya\u00adset\u00adte, sanat ve k\u00fcl\u00adt\u00fcr d\u00fcn\u00adya\u00ads\u0131n\u00adda, \u00fcni\u00adver\u00adsi\u00adte\u00adler\u00adde, sokak\u00adlar\u00adda ve sos\u00adyal med\u00adya\u00adda sade\u00adce iki pozis\u00adyon m\u00fcm\u00adk\u00fcn g\u00f6r\u00fc\u00adn\u00fc\u00adyor: ya \u0130sr\u00adai\u00adl\u2019\u00add\u00aden yana\u00ads\u0131\u00adn\u0131z ya da Filis\u00adtin\u00adli\u00adler\u00adden. Ayn\u0131 zaman\u00adda, anti\u00adse\u00admit sal\u00add\u0131\u00adr\u0131\u00adlar\u00adda da dra\u00adma\u00adtik bir art\u0131\u015f var. M\u00fcs\u00adl\u00fc\u00adman\u00adlar da daha faz\u00adla d\u00fc\u015f\u00adman\u00adl\u0131\u00ad\u011fa maruz kal\u00admak\u00adta\u00add\u0131r.&nbsp; Anti\u00adse\u00admi\u00adtik veya \u0131rk\u00ad\u00e7\u0131 arg\u00fc\u00adman\u00adlar kul\u00adlan\u00adma\u00addan Orta Do\u011fu \u00e7at\u0131\u015f\u00adma\u00ads\u0131\u00adn\u0131 tart\u0131\u015fmak\u2026<\/p>\n","category_list_v2":"","author_info_v2":{"name":"Andrea Ramirez","url":"https:\/\/www.anika-net.de\/tr\/author\/andrea-ramirez\/"},"comments_num_v2":"0 comments","uagb_featured_image_src":{"full":false,"thumbnail":false,"medium":false,"medium_large":false,"large":false,"1536x1536":false,"2048x2048":false,"event-overview":false,"event-archive-thumb":false,"grid-item-thumbnail":false,"network-partner-icon":false,"organiser-icon":false,"gform-image-choice-sm":false,"gform-image-choice-md":false,"gform-image-choice-lg":false},"uagb_author_info":{"display_name":"Andrea Ramirez","author_link":"https:\/\/www.anika-net.de\/tr\/author\/andrea-ramirez\/"},"uagb_comment_info":0,"uagb_excerpt":"Dr. Meron Men\u00addel anti\u00adse\u00admi\u00adtizm, \u0131rk\u00ad\u00e7\u0131\u00adl\u0131k ve 7 Ekim son\u00adra\u00ads\u0131 tar\u00adt\u0131\u015f\u00adma\u00adlar hak\u00adk\u0131n\u00adda konu\u015ftu Orta Do\u011fu\u00ad\u2019\u00adda\u00adki \u00e7at\u0131\u015f\u00adma\u00adlar Alman top\u00adlu\u00admu\u00adnu neden b\u00f6l\u00fcyor? Orta Do\u011fu\u00ad\u2019\u00adda\u00adki \u00e7at\u0131\u015f\u00adma\u00adlar kadar kutup\u00adla\u015f\u00adt\u0131\u00adr\u0131\u00adc\u0131 bir \u015fekil\u00adde tar\u00adt\u0131\u00ad\u015f\u0131\u00adlan ba\u015f\u00adka bir konu&nbsp;daha fazla okuyun","_links":{"self":[{"href":"https:\/\/www.anika-net.de\/tr\/wp-json\/wp\/v2\/event\/54961","targetHints":{"allow":["GET"]}}],"collection":[{"href":"https:\/\/www.anika-net.de\/tr\/wp-json\/wp\/v2\/event"}],"about":[{"href":"https:\/\/www.anika-net.de\/tr\/wp-json\/wp\/v2\/types\/event"}],"author":[{"embeddable":true,"href":"https:\/\/www.anika-net.de\/tr\/wp-json\/wp\/v2\/users\/12"}],"version-history":[{"count":0,"href":"https:\/\/www.anika-net.de\/tr\/wp-json\/wp\/v2\/event\/54961\/revisions"}],"acf:post":[{"embeddable":true,"href":"https:\/\/www.anika-net.de\/tr\/wp-json\/wp\/v2\/organiser\/16512"}],"acf:term":[{"embeddable":true,"taxonomy":"event_category","href":"https:\/\/www.anika-net.de\/tr\/wp-json\/wp\/v2\/event_category\/97"}],"wp:attachment":[{"href":"https:\/\/www.anika-net.de\/tr\/wp-json\/wp\/v2\/media?parent=54961"}],"curies":[{"name":"wp","href":"https:\/\/api.w.org\/{rel}","templated":true}]}}