{"id":53554,"date":"2024-09-16T12:52:29","date_gmt":"2024-09-16T10:52:29","guid":{"rendered":"https:\/\/www.anika-net.de\/event\/goc-toplumunda-siyasi-katilim\/"},"modified":"2024-09-16T12:52:29","modified_gmt":"2024-09-16T10:52:29","slug":"goc-toplumunda-siyasi-katilim","status":"publish","type":"event","link":"https:\/\/www.anika-net.de\/tr\/event\/goc-toplumunda-siyasi-katilim\/","title":{"rendered":"G\u00f6\u00e7 top\u00adlu\u00admun\u00adda siya\u00adsi kat\u0131l\u0131m"},"content":{"rendered":"<h4><span style=\"color: #666699;\">Enteg\u00adras\u00adyon Komi\u00adte\u00adsi se\u00e7i\u00admi kap\u00adsa\u00adm\u0131n\u00adda ba\u015f\u00adlan\u00adg\u0131\u00e7 etkinli\u011fi<\/span><\/h4>\n<h2><span style=\"color: #993366;\">G\u00f6\u00e7 top\u00adlu\u00admun\u00adda siya\u00adsi kat\u0131\u00adl\u0131m \u2014 Siya\u00adsi kat\u0131\u00adl\u0131m yoluy\u00adla enteg\u00adras\u00adyon&nbsp;mu?\u201d<\/span><\/h2>\n<p>  G\u00f6\u00e7 dene\u00adyi\u00admi olan insan\u00adla\u00adr\u0131n siya\u00adsi kat\u0131\u00adl\u0131\u00adm\u0131 modern bir g\u00f6\u00e7 \u00fclke\u00adsin\u00adde nas\u0131l \u00f6rg\u00fctlenebilir?<br>\nBunu m\u00fcm\u00adk\u00fcn k\u0131l\u00admak i\u00e7in han\u00adgi engel\u00adle\u00adrin kal\u00add\u0131\u00adr\u0131l\u00adma\u00ads\u0131 gerekir?<br>\nBu soru\u00adlar, 10 Ara\u00adl\u0131\u00adk\u00ad\u2019\u00adta Karls\u00adru\u00adhe \u015eeh\u00adri Enteg\u00adras\u00adyon Komi\u00adte\u00adsi\u00ad\u2019\u00adne uzman\u00adla\u00adr\u0131n se\u00e7il\u00adme\u00adsi nede\u00adniy\u00adle Karls\u00adru\u00adhe\u00ad\u2019\u00adde olduk\u00ad\u00e7a g\u00fcncel.<br>\nBele\u00addi\u00adye Ba\u015f\u00adka\u00adn\u0131 Dr. Mar\u00adtin Len\u00adz\u00ad\u2019in selam\u00adla\u00adma konu\u015f\u00adma\u00ads\u0131\u00adn\u0131n ard\u0131n\u00addan Karls\u00adru\u00adhe \u015eeh\u00adri Enteg\u00adras\u00adyon Daire\u00adsi Ba\u015f\u00adka\u00adn\u0131 ve Enteg\u00adras\u00adyon Komi\u00adse\u00adri Meri Uhlig bu konu\u00adyu tan\u0131n\u00adm\u0131\u015f uzman\u00adlar\u00adla tar\u00adt\u0131\u00ad\u015fa\u00adcak: \u2014 Dr. Bir\u00adgit Loc\u00adher-Fin\u00adke, Baden-W\u00fcrt\u00adtem\u00adberg Sos\u00adyal \u0130\u015fl\u00ader, Sa\u011f\u00adl\u0131k ve Enteg\u00adras\u00adyon Bakan\u00adl\u0131\u00ad\u011f\u0131 Enteg\u00adras\u00adyon Daire\u00adsi Ba\u015f\u00adka\u00adn\u0131 \u2014 Bayan Nas\u00adrin Fark\u00adha\u00adri, Karls\u00adru\u00adhe Ayr\u0131m\u00adc\u0131\u00adl\u0131k\u00adla M\u00fcca\u00adde\u00adle B\u00fcro\u00adsu Dan\u0131\u015f\u00adma\u00adn\u0131 \u2014 Dr. And\u00adre\u00adas W\u00fcst, M\u00fcnih Uygu\u00adla\u00adma\u00adl\u0131 Bilim\u00adler \u00dcni\u00adver\u00adsi\u00adte\u00adsi Siya\u00adset Bili\u00admi Pro\u00adfe\u00ads\u00f6\u00adr\u00fc \u2014 Bele\u00addi\u00adye Ba\u015f\u00adka\u00adn\u0131 Dr. Mar\u00adtin Lenz kar\u00ad\u015f\u0131\u00adla\u00adma konu\u015f\u00adma\u00ads\u0131\u00adn\u0131 yapacakt\u0131r.<br>\n\u0130lg\u00adil\u00aden\u00aden vatan\u00adda\u015f\u00adlar i\u00e7ten\u00adlik\u00adle davet\u00adli\u00addir. <strong>\ud83d\udccc L\u00fct\u00adfen 25 Eyl\u00fcl 2024 tari\u00adhi\u00adne kadar<\/strong> ak-integrationsausschuss@sjb.karlsruhe.de e\u2011posta adre\u00adsi \u00fcze\u00adrin\u00adden <strong>kay\u0131t yap\u00adt\u0131\u00adr\u0131\u00adn\u0131z.<\/strong>     <\/p>\n","protected":false},"author":12,"featured_media":53543,"template":"","class_list":["post-53554","event","type-event","status-publish","has-post-thumbnail","hentry","event_category-bos-vakit"],"acf":{"event-recurring":false,"event-category":97,"event-is-language-course":false,"event-recurring-still-active":true,"event-display-details":true,"event-schedules-recurring":null,"event-schedules-calendar":[{"event-calendar-day":"20240930","event-calendar-time":"19:00 - 21:30","event-calendar-time-text":""}],"event-is-online":false,"event-online-url":"","event-location-building":"St\u00e4ndehaussaal","event-location-street":"St\u00e4ndehausstra\u00dfe 2","event-location-zip":"76133","event-location-city":"Karlsruhe","event-location-contact-person":"","event-location-phone":"0721\/ 133-5761","event-location-phone-2":"","event-location-mail":"ak-integrationsausschuss@sjb.karlsruhe.de","event-location-mail-2":"","event-location-website":"https:\/\/kalender.karlsruhe.de\/db\/termine\/literatur\/politische_partizipation_in_einer_einwanderungsgesellsc","event-target-group":[{"target-group":"all"}],"event-target-group-comment":"","event-free":true,"event-organiser":[16500],"event-header-copyright-overlay":true,"event-copyright-note-description-end":false},"featured_image_urls_v2":{"full":["https:\/\/www.anika-net.de\/wp-content\/uploads\/2024\/09\/Gemainsam-Vielfalt-gestalten.png",794,591,false],"thumbnail":["https:\/\/www.anika-net.de\/wp-content\/uploads\/2024\/09\/Gemainsam-Vielfalt-gestalten-150x150.png",150,150,true],"medium":["https:\/\/www.anika-net.de\/wp-content\/uploads\/2024\/09\/Gemainsam-Vielfalt-gestalten-300x223.png",300,223,true],"medium_large":["https:\/\/www.anika-net.de\/wp-content\/uploads\/2024\/09\/Gemainsam-Vielfalt-gestalten-768x572.png",640,477,true],"large":["https:\/\/www.anika-net.de\/wp-content\/uploads\/2024\/09\/Gemainsam-Vielfalt-gestalten.png",640,476,false],"1536x1536":["https:\/\/www.anika-net.de\/wp-content\/uploads\/2024\/09\/Gemainsam-Vielfalt-gestalten.png",794,591,false],"2048x2048":["https:\/\/www.anika-net.de\/wp-content\/uploads\/2024\/09\/Gemainsam-Vielfalt-gestalten.png",794,591,false],"event-overview":["https:\/\/www.anika-net.de\/wp-content\/uploads\/2024\/09\/Gemainsam-Vielfalt-gestalten.png",794,591,false],"event-archive-thumb":["https:\/\/www.anika-net.de\/wp-content\/uploads\/2024\/09\/Gemainsam-Vielfalt-gestalten-480x357.png",480,357,true],"grid-item-thumbnail":["https:\/\/www.anika-net.de\/wp-content\/uploads\/2024\/09\/Gemainsam-Vielfalt-gestalten-360x200.png",360,200,true],"network-partner-icon":["https:\/\/www.anika-net.de\/wp-content\/uploads\/2024\/09\/Gemainsam-Vielfalt-gestalten-100x100.png",100,100,true],"organiser-icon":["https:\/\/www.anika-net.de\/wp-content\/uploads\/2024\/09\/Gemainsam-Vielfalt-gestalten-200x200.png",200,200,true],"gform-image-choice-sm":["https:\/\/www.anika-net.de\/wp-content\/uploads\/2024\/09\/Gemainsam-Vielfalt-gestalten.png",300,223,false],"gform-image-choice-md":["https:\/\/www.anika-net.de\/wp-content\/uploads\/2024\/09\/Gemainsam-Vielfalt-gestalten.png",400,298,false],"gform-image-choice-lg":["https:\/\/www.anika-net.de\/wp-content\/uploads\/2024\/09\/Gemainsam-Vielfalt-gestalten.png",600,447,false]},"post_excerpt_stackable_v2":"<p>Enteg\u00adras\u00adyon Komi\u00adte\u00adsi se\u00e7i\u00admi kap\u00adsa\u00adm\u0131n\u00adda ba\u015f\u00adlan\u00adg\u0131\u00e7 etkin\u00adli\u00ad\u011fi G\u00f6\u00e7 top\u00adlu\u00admun\u00adda siya\u00adsi kat\u0131\u00adl\u0131m \u2014 Siya\u00adsi kat\u0131\u00adl\u0131m yoluy\u00adla enteg\u00adras\u00adyon&nbsp;mu?\u201d G\u00f6\u00e7 dene\u00adyi\u00admi olan insan\u00adla\u00adr\u0131n siya\u00adsi kat\u0131\u00adl\u0131\u00adm\u0131 modern bir g\u00f6\u00e7 \u00fclke\u00adsin\u00adde nas\u0131l \u00f6rg\u00fct\u00adle\u00adne\u00adbi\u00adlir? Bunu m\u00fcm\u00adk\u00fcn k\u0131l\u00admak i\u00e7in han\u00adgi engel\u00adle\u00adrin kal\u00add\u0131\u00adr\u0131l\u00adma\u00ads\u0131 gere\u00adkir? Bu soru\u00adlar, 10 Ara\u00adl\u0131\u00adk\u00ad\u2019\u00adta Karls\u00adru\u00adhe \u015eeh\u00adri Enteg\u00adras\u00adyon Komi\u00adte\u00adsi\u00ad\u2019\u00adne uzman\u00adla\u00adr\u0131n se\u00e7il\u00adme\u00adsi nede\u00adniy\u00adle Karls\u00adru\u00adhe\u00ad\u2019\u00adde olduk\u00ad\u00e7a g\u00fcn\u00adcel. Bele\u00addi\u00adye Ba\u015f\u00adka\u00adn\u0131 Dr. Mar\u00adtin Len\u00adz\u00ad\u2019in selam\u00adla\u00adma konu\u015f\u00adma\u00ads\u0131\u00adn\u0131n ard\u0131n\u00addan Karls\u00adru\u00adhe \u015eeh\u00adri Enteg\u00adras\u00adyon Daire\u00adsi Ba\u015f\u00adka\u00adn\u0131 ve Enteg\u00adras\u00adyon Komi\u00adse\u00adri Meri Uhlig bu konu\u00adyu tan\u0131n\u00adm\u0131\u015f uzman\u00adlar\u00adla tar\u00adt\u0131\u00ad\u015fa\u00adcak: \u2014 Dr. Bir\u00adgit Loc\u00ad\u00ad\u00adher-Fin\u00ad\u00ad\u00adke, Baden-W\u00fcr\u00adt\u00ad\u00ad\u00adte\u00adm\u00ad\u00ad\u00adberg Sos\u00adyal \u0130\u015fl\u00ader, Sa\u011f\u00adl\u0131k ve Enteg\u00adras\u00adyon Bakan\u00adl\u0131\u00ad\u011f\u0131 Enteg\u00adras\u00adyon Daire\u00adsi Ba\u015f\u00adka\u00adn\u0131 \u2014 Bayan Nas\u00adrin Fark\u00adha\u00adri, Karls\u00adru\u00adhe Ayr\u0131m\u00adc\u0131\u00adl\u0131k\u00adla M\u00fcca\u00adde\u00adle B\u00fcro\u00adsu Dan\u0131\u015f\u00adma\u00adn\u0131 \u2014 Dr. And\u00adre\u00adas W\u00fcst,&nbsp;M\u00fcnih\u2026<\/p>\n","category_list_v2":"","author_info_v2":{"name":"Andrea Ramirez","url":"https:\/\/www.anika-net.de\/tr\/author\/andrea-ramirez\/"},"comments_num_v2":"0 comments","uagb_featured_image_src":{"full":["https:\/\/www.anika-net.de\/wp-content\/uploads\/2024\/09\/Gemainsam-Vielfalt-gestalten.png",794,591,false],"thumbnail":["https:\/\/www.anika-net.de\/wp-content\/uploads\/2024\/09\/Gemainsam-Vielfalt-gestalten-150x150.png",150,150,true],"medium":["https:\/\/www.anika-net.de\/wp-content\/uploads\/2024\/09\/Gemainsam-Vielfalt-gestalten-300x223.png",300,223,true],"medium_large":["https:\/\/www.anika-net.de\/wp-content\/uploads\/2024\/09\/Gemainsam-Vielfalt-gestalten-768x572.png",640,477,true],"large":["https:\/\/www.anika-net.de\/wp-content\/uploads\/2024\/09\/Gemainsam-Vielfalt-gestalten.png",640,476,false],"1536x1536":["https:\/\/www.anika-net.de\/wp-content\/uploads\/2024\/09\/Gemainsam-Vielfalt-gestalten.png",794,591,false],"2048x2048":["https:\/\/www.anika-net.de\/wp-content\/uploads\/2024\/09\/Gemainsam-Vielfalt-gestalten.png",794,591,false],"event-overview":["https:\/\/www.anika-net.de\/wp-content\/uploads\/2024\/09\/Gemainsam-Vielfalt-gestalten.png",794,591,false],"event-archive-thumb":["https:\/\/www.anika-net.de\/wp-content\/uploads\/2024\/09\/Gemainsam-Vielfalt-gestalten-480x357.png",480,357,true],"grid-item-thumbnail":["https:\/\/www.anika-net.de\/wp-content\/uploads\/2024\/09\/Gemainsam-Vielfalt-gestalten-360x200.png",360,200,true],"network-partner-icon":["https:\/\/www.anika-net.de\/wp-content\/uploads\/2024\/09\/Gemainsam-Vielfalt-gestalten-100x100.png",100,100,true],"organiser-icon":["https:\/\/www.anika-net.de\/wp-content\/uploads\/2024\/09\/Gemainsam-Vielfalt-gestalten-200x200.png",200,200,true],"gform-image-choice-sm":["https:\/\/www.anika-net.de\/wp-content\/uploads\/2024\/09\/Gemainsam-Vielfalt-gestalten.png",300,223,false],"gform-image-choice-md":["https:\/\/www.anika-net.de\/wp-content\/uploads\/2024\/09\/Gemainsam-Vielfalt-gestalten.png",400,298,false],"gform-image-choice-lg":["https:\/\/www.anika-net.de\/wp-content\/uploads\/2024\/09\/Gemainsam-Vielfalt-gestalten.png",600,447,false]},"uagb_author_info":{"display_name":"Andrea Ramirez","author_link":"https:\/\/www.anika-net.de\/tr\/author\/andrea-ramirez\/"},"uagb_comment_info":0,"uagb_excerpt":"Enteg\u00adras\u00adyon Komi\u00adte\u00adsi se\u00e7i\u00admi kap\u00adsa\u00adm\u0131n\u00adda ba\u015f\u00adlan\u00adg\u0131\u00e7 etkinli\u011fi G\u00f6\u00e7 top\u00adlu\u00admun\u00adda siya\u00adsi kat\u0131\u00adl\u0131m \u2014 Siya\u00adsi kat\u0131\u00adl\u0131m yoluy\u00adla enteg\u00adras\u00adyon&nbsp;mu?\u201d G\u00f6\u00e7 dene\u00adyi\u00admi olan insan\u00adla\u00adr\u0131n siya\u00adsi kat\u0131\u00adl\u0131\u00adm\u0131 modern bir g\u00f6\u00e7 \u00fclke\u00adsin\u00adde nas\u0131l \u00f6rg\u00fctlenebilir? Bunu m\u00fcm\u00adk\u00fcn k\u0131l\u00admak&nbsp;daha fazla okuyun","_links":{"self":[{"href":"https:\/\/www.anika-net.de\/tr\/wp-json\/wp\/v2\/event\/53554","targetHints":{"allow":["GET"]}}],"collection":[{"href":"https:\/\/www.anika-net.de\/tr\/wp-json\/wp\/v2\/event"}],"about":[{"href":"https:\/\/www.anika-net.de\/tr\/wp-json\/wp\/v2\/types\/event"}],"author":[{"embeddable":true,"href":"https:\/\/www.anika-net.de\/tr\/wp-json\/wp\/v2\/users\/12"}],"version-history":[{"count":0,"href":"https:\/\/www.anika-net.de\/tr\/wp-json\/wp\/v2\/event\/53554\/revisions"}],"acf:post":[{"embeddable":true,"href":"https:\/\/www.anika-net.de\/tr\/wp-json\/wp\/v2\/organiser\/16500"}],"acf:term":[{"embeddable":true,"taxonomy":"event_category","href":"https:\/\/www.anika-net.de\/tr\/wp-json\/wp\/v2\/event_category\/97"}],"wp:featuredmedia":[{"embeddable":true,"href":"https:\/\/www.anika-net.de\/tr\/wp-json\/wp\/v2\/media\/53543"}],"wp:attachment":[{"href":"https:\/\/www.anika-net.de\/tr\/wp-json\/wp\/v2\/media?parent=53554"}],"curies":[{"name":"wp","href":"https:\/\/api.w.org\/{rel}","templated":true}]}}