{"id":53189,"date":"2024-09-04T11:05:39","date_gmt":"2024-09-04T09:05:39","guid":{"rendered":"https:\/\/www.anika-net.de\/event\/angelika-steininger-tarafindan-hazirlanan-sergi\/"},"modified":"2024-09-04T11:05:39","modified_gmt":"2024-09-04T09:05:39","slug":"angelika-steininger-tarafindan-hazirlanan-sergi","status":"publish","type":"event","link":"https:\/\/www.anika-net.de\/tr\/event\/angelika-steininger-tarafindan-hazirlanan-sergi\/","title":{"rendered":"Ange\u00adli\u00adka Ste\u00adinin\u00adger tara\u00adf\u0131n\u00addan haz\u0131r\u00adla\u00adnan&nbsp;sergi"},"content":{"rendered":"<h1><span style=\"color: #800080;\">Ange\u00adli\u00adka Ste\u00adinin\u00adge\u00adr\u00ad\u2019\u00adden \u201cFark\u00adl\u0131 I\u015f\u0131k \u2014 Fark\u00adl\u0131 Bak\u0131\u015f\u201d sergisi<\/span><\/h1>\n<p>  Resim, plas\u00adtik\u00adle her yer\u00adde var olan y\u00fcz\u00adle\u015f\u00adme\u00adye dik\u00adkat \u00e7ek\u00admek i\u00e7in kullan\u0131l\u0131yor.<br>\nRenk\u00adli plas\u00adtik\u00adten yap\u0131l\u00adm\u0131\u015f man\u00adza\u00adra\u00adlar bek\u00adlen\u00adme\u00addik bir hay\u00adran\u00adl\u0131k uyand\u0131r\u0131yor.<br>\nBizim i\u00e7in zarar\u00adl\u0131 olan \u00fcr\u00fcn\u00adle\u00adrin g\u00fczel\u00adli\u00ad\u011fi, end\u00fcst\u00adri\u00adnin k\u00f6r\u00adl\u00fc\u00ad\u011f\u00fc soru\u00adsu\u00adnu bir kez daha g\u00fcn\u00adde\u00adme geti\u00adri\u00adyor. <strong>Ser\u00adgi s\u00fcre\u00adsi 20 Kas\u0131m 2024\u2019e kada\u00adrA\u00ad\u00e7\u0131\u00adl\u0131\u015f<\/strong><strong>saat\u00adle\u00adri:<\/strong> 0721 89333710 adre\u00adsin\u00adden \u00f6nce\u00adden ran\u00adde\u00advu al\u0131\u00adna\u00adrak ziya\u00adret edilebilir.&nbsp;<\/p>\n","protected":false},"author":12,"featured_media":53180,"template":"","class_list":["post-53189","event","type-event","status-publish","has-post-thumbnail","hentry","event_category-bos-vakit"],"acf":{"event-recurring":false,"event-category":97,"event-is-language-course":false,"event-recurring-still-active":true,"event-display-details":true,"event-schedules-recurring":null,"event-schedules-calendar":[{"event-calendar-day":"20240913","event-calendar-time":"","event-calendar-time-text":"19 Uhr bis"},{"event-calendar-day":"20241120","event-calendar-time":"","event-calendar-time-text":""}],"event-is-online":false,"event-online-url":"","event-location-building":"ibz, EG, Gro\u00dfer Saal","event-location-street":"Kaiserallee 12d","event-location-zip":"76133","event-location-city":"Karlsruhe","event-location-contact-person":"Nicole Blaffert","event-location-phone":"0721 89 333 710","event-location-phone-2":"","event-location-mail":"info@ibz-karlsruhe.de","event-location-mail-2":"","event-location-website":"https:\/\/www.ibz-karlsruhe.de\/events\/ausstellungseroeffnung-different-light-different-view\/","event-target-group":[{"target-group":"women"}],"event-target-group-comment":"","event-free":true,"event-organiser":[48607,16249],"event-header-copyright-overlay":true,"event-copyright-note-description-end":false},"featured_image_urls_v2":{"full":["https:\/\/www.anika-net.de\/wp-content\/uploads\/2024\/09\/Marta-sep-24.png",496,161,false],"thumbnail":["https:\/\/www.anika-net.de\/wp-content\/uploads\/2024\/09\/Marta-sep-24-150x150.png",150,150,true],"medium":["https:\/\/www.anika-net.de\/wp-content\/uploads\/2024\/09\/Marta-sep-24-300x97.png",300,97,true],"medium_large":["https:\/\/www.anika-net.de\/wp-content\/uploads\/2024\/09\/Marta-sep-24.png",496,161,false],"large":["https:\/\/www.anika-net.de\/wp-content\/uploads\/2024\/09\/Marta-sep-24.png",496,161,false],"1536x1536":["https:\/\/www.anika-net.de\/wp-content\/uploads\/2024\/09\/Marta-sep-24.png",496,161,false],"2048x2048":["https:\/\/www.anika-net.de\/wp-content\/uploads\/2024\/09\/Marta-sep-24.png",496,161,false],"event-overview":["https:\/\/www.anika-net.de\/wp-content\/uploads\/2024\/09\/Marta-sep-24.png",496,161,false],"event-archive-thumb":["https:\/\/www.anika-net.de\/wp-content\/uploads\/2024\/09\/Marta-sep-24-480x156.png",480,156,true],"grid-item-thumbnail":["https:\/\/www.anika-net.de\/wp-content\/uploads\/2024\/09\/Marta-sep-24-360x161.png",360,161,true],"network-partner-icon":["https:\/\/www.anika-net.de\/wp-content\/uploads\/2024\/09\/Marta-sep-24-100x100.png",100,100,true],"organiser-icon":["https:\/\/www.anika-net.de\/wp-content\/uploads\/2024\/09\/Marta-sep-24-200x161.png",200,161,true],"gform-image-choice-sm":["https:\/\/www.anika-net.de\/wp-content\/uploads\/2024\/09\/Marta-sep-24.png",300,97,false],"gform-image-choice-md":["https:\/\/www.anika-net.de\/wp-content\/uploads\/2024\/09\/Marta-sep-24.png",400,130,false],"gform-image-choice-lg":["https:\/\/www.anika-net.de\/wp-content\/uploads\/2024\/09\/Marta-sep-24.png",496,161,false]},"post_excerpt_stackable_v2":"<p>Ange\u00adli\u00adka Ste\u00adinin\u00adge\u00adr\u00ad\u2019\u00adden \u201cFark\u00adl\u0131 I\u015f\u0131k \u2014 Fark\u00adl\u0131 Bak\u0131\u015f\u201d ser\u00adgi\u00adsi Resim, plas\u00adtik\u00adle her yer\u00adde var olan y\u00fcz\u00adle\u015f\u00adme\u00adye dik\u00adkat \u00e7ek\u00admek i\u00e7in kul\u00adla\u00adn\u0131\u00adl\u0131\u00adyor. Renk\u00adli plas\u00adtik\u00adten yap\u0131l\u00adm\u0131\u015f man\u00adza\u00adra\u00adlar bek\u00adlen\u00adme\u00addik bir hay\u00adran\u00adl\u0131k uyan\u00add\u0131\u00adr\u0131\u00adyor. Bizim i\u00e7in zarar\u00adl\u0131 olan \u00fcr\u00fcn\u00adle\u00adrin g\u00fczel\u00adli\u00ad\u011fi, end\u00fcst\u00adri\u00adnin k\u00f6r\u00adl\u00fc\u00ad\u011f\u00fc soru\u00adsu\u00adnu bir kez daha g\u00fcn\u00adde\u00adme geti\u00adri\u00adyor. Ser\u00adgi s\u00fcre\u00adsi 20 Kas\u0131m 2024\u2019e kada\u00adrA\u00ad\u00e7\u0131\u00adl\u0131\u015fsaat\u00adle\u00adri: 0721 89333710 adre\u00adsin\u00adden \u00f6nce\u00adden ran\u00adde\u00advu al\u0131\u00adna\u00adrak ziya\u00adret edilebilir.&nbsp;<\/p>\n","category_list_v2":"","author_info_v2":{"name":"Andrea Ramirez","url":"https:\/\/www.anika-net.de\/tr\/author\/andrea-ramirez\/"},"comments_num_v2":"0 comments","uagb_featured_image_src":{"full":["https:\/\/www.anika-net.de\/wp-content\/uploads\/2024\/09\/Marta-sep-24.png",496,161,false],"thumbnail":["https:\/\/www.anika-net.de\/wp-content\/uploads\/2024\/09\/Marta-sep-24-150x150.png",150,150,true],"medium":["https:\/\/www.anika-net.de\/wp-content\/uploads\/2024\/09\/Marta-sep-24-300x97.png",300,97,true],"medium_large":["https:\/\/www.anika-net.de\/wp-content\/uploads\/2024\/09\/Marta-sep-24.png",496,161,false],"large":["https:\/\/www.anika-net.de\/wp-content\/uploads\/2024\/09\/Marta-sep-24.png",496,161,false],"1536x1536":["https:\/\/www.anika-net.de\/wp-content\/uploads\/2024\/09\/Marta-sep-24.png",496,161,false],"2048x2048":["https:\/\/www.anika-net.de\/wp-content\/uploads\/2024\/09\/Marta-sep-24.png",496,161,false],"event-overview":["https:\/\/www.anika-net.de\/wp-content\/uploads\/2024\/09\/Marta-sep-24.png",496,161,false],"event-archive-thumb":["https:\/\/www.anika-net.de\/wp-content\/uploads\/2024\/09\/Marta-sep-24-480x156.png",480,156,true],"grid-item-thumbnail":["https:\/\/www.anika-net.de\/wp-content\/uploads\/2024\/09\/Marta-sep-24-360x161.png",360,161,true],"network-partner-icon":["https:\/\/www.anika-net.de\/wp-content\/uploads\/2024\/09\/Marta-sep-24-100x100.png",100,100,true],"organiser-icon":["https:\/\/www.anika-net.de\/wp-content\/uploads\/2024\/09\/Marta-sep-24-200x161.png",200,161,true],"gform-image-choice-sm":["https:\/\/www.anika-net.de\/wp-content\/uploads\/2024\/09\/Marta-sep-24.png",300,97,false],"gform-image-choice-md":["https:\/\/www.anika-net.de\/wp-content\/uploads\/2024\/09\/Marta-sep-24.png",400,130,false],"gform-image-choice-lg":["https:\/\/www.anika-net.de\/wp-content\/uploads\/2024\/09\/Marta-sep-24.png",496,161,false]},"uagb_author_info":{"display_name":"Andrea Ramirez","author_link":"https:\/\/www.anika-net.de\/tr\/author\/andrea-ramirez\/"},"uagb_comment_info":0,"uagb_excerpt":"Ange\u00adli\u00adka Ste\u00adinin\u00adge\u00adr\u00ad\u2019\u00adden \u201cFark\u00adl\u0131 I\u015f\u0131k \u2014 Fark\u00adl\u0131 Bak\u0131\u015f\u201d sergisi Resim, plas\u00adtik\u00adle her yer\u00adde var olan y\u00fcz\u00adle\u015f\u00adme\u00adye dik\u00adkat \u00e7ek\u00admek i\u00e7in kullan\u0131l\u0131yor. Renk\u00adli plas\u00adtik\u00adten yap\u0131l\u00adm\u0131\u015f man\u00adza\u00adra\u00adlar bek\u00adlen\u00adme\u00addik bir hay\u00adran\u00adl\u0131k uyand\u0131r\u0131yor. Bizim i\u00e7in zarar\u00adl\u0131&nbsp;daha fazla okuyun","_links":{"self":[{"href":"https:\/\/www.anika-net.de\/tr\/wp-json\/wp\/v2\/event\/53189","targetHints":{"allow":["GET"]}}],"collection":[{"href":"https:\/\/www.anika-net.de\/tr\/wp-json\/wp\/v2\/event"}],"about":[{"href":"https:\/\/www.anika-net.de\/tr\/wp-json\/wp\/v2\/types\/event"}],"author":[{"embeddable":true,"href":"https:\/\/www.anika-net.de\/tr\/wp-json\/wp\/v2\/users\/12"}],"version-history":[{"count":0,"href":"https:\/\/www.anika-net.de\/tr\/wp-json\/wp\/v2\/event\/53189\/revisions"}],"acf:post":[{"embeddable":true,"href":"https:\/\/www.anika-net.de\/tr\/wp-json\/wp\/v2\/organiser\/16249"},{"embeddable":true,"href":"https:\/\/www.anika-net.de\/tr\/wp-json\/wp\/v2\/organiser\/48607"}],"acf:term":[{"embeddable":true,"taxonomy":"event_category","href":"https:\/\/www.anika-net.de\/tr\/wp-json\/wp\/v2\/event_category\/97"}],"wp:featuredmedia":[{"embeddable":true,"href":"https:\/\/www.anika-net.de\/tr\/wp-json\/wp\/v2\/media\/53180"}],"wp:attachment":[{"href":"https:\/\/www.anika-net.de\/tr\/wp-json\/wp\/v2\/media?parent=53189"}],"curies":[{"name":"wp","href":"https:\/\/api.w.org\/{rel}","templated":true}]}}