{"id":52437,"date":"2024-07-29T13:24:38","date_gmt":"2024-07-29T11:24:38","guid":{"rendered":"https:\/\/www.anika-net.de\/event\/karlsruhede-dil-kafesi\/"},"modified":"2025-01-08T12:56:03","modified_gmt":"2025-01-08T11:56:03","slug":"karlsruhede-dil-kafesi","status":"publish","type":"event","link":"https:\/\/www.anika-net.de\/tr\/event\/karlsruhede-dil-kafesi\/","title":{"rendered":"Karls\u00adru\u00adhe\u00ad\u2019\u00adde dil kafesi"},"content":{"rendered":"<h1><span style=\"color: #ffcc00;\">Yolan\u00adda ve Lena sizi Karls\u00adru\u00adhe\u00ad\u2019\u00adde\u00adki dil kafe\u00adsi\u00adne davet ediyor!<\/span><\/h1>\n<p>Her iki haf\u00adta\u00adda bir \ud83d\udcc6 <strong>Cuma g\u00fcn\u00adle\u00adri<\/strong> <strong>saat<\/strong> <strong>16:00<\/strong> \u2018da <strong>Ste\u00adam\u00adwor\u00adk\u00ad\u2019\u00fcn<\/strong> \ud83d\udccd<strong>Impact oda\u00ads\u0131n\u00adda<\/strong> bulu\u015fuyoruz.<\/p>\n<p>Her Alman\u00adca sevi\u00adye\u00adsin\u00adden insa\u00adn\u0131 bekliyoruz.<br>\nHer top\u00adlan\u00adt\u0131 i\u00e7in heye\u00adcan veri\u00adci bir konu haz\u0131r\u00adl\u0131\u00adyo\u00adruz ve her\u00adke\u00adsi keli\u00adme da\u011far\u00adc\u0131\u00ad\u011f\u0131\u00adn\u0131 geni\u015f\u00adlet\u00adme\u00adye ve konu\u015f\u00adma\u00adya te\u015f\u00advik etmek istiyoruz.<\/p>\n<h4><strong><span style=\"color: #008080;\">Sizin\u00adle tan\u0131\u015f\u00admak i\u00e7in sab\u0131rs\u0131zlan\u0131yoruz!<\/span><\/strong><\/h4>\n<p>Her sean\u00ads\u0131n bir konu\u00adsu var\u00add\u0131r (\u00f6rne\u00ad\u011fin hobi\u00adler, ev ara\u00adma, k\u0131ya\u00adfet\u00adler vb.), bu konu keli\u00adme bil\u00adgi\u00adsi, resim\u00adli kart\u00adlar ve vide\u00adolar\u00adla des\u00adtek\u00adle\u00adnir ve ard\u0131n\u00addan k\u00fc\u00e7\u00fck diya\u00adlog\u00adlar\u00adla pra\u00adtik yap\u0131\u00adl\u0131r. Ama\u00e7 \u00f6zg\u00fcr\u00adce konu\u015f\u00admak\u00adt\u0131r. Kat\u0131\u00adl\u0131m\u00adc\u0131\u00adla\u00adr\u0131n moti\u00advas\u00adyo\u00adnu\u00adna ba\u011f\u00adl\u0131 ola\u00adrak, bir son\u00adra\u00adki otu\u00adrum i\u00e7in bir konu da veri\u00adle\u00adbi\u00adlir, b\u00f6y\u00adle\u00adce \u00f6\u011fren\u00adci\u00adler k\u00fc\u00e7\u00fck bir keli\u00adme g\u00fcn\u00adl\u00fc\u00ad\u011f\u00fc olu\u015f\u00adtu\u00adra\u00adbi\u00adlir ve bir son\u00adra\u00adki otu\u00adrum\u00adda pra\u00adtik yap\u00admak i\u00e7in ifa\u00adde\u00adler, par\u00ad\u00e7a\u00adlar ve keli\u00adme\u00adler haz\u0131r\u00adla\u00adya\u00adbi\u00adlir\u00adler. Gezi\u00adler de ger\u00ad\u00e7ek\u00adle\u015f\u00adti\u00adri\u00adlir. \u00d6rne\u00ad\u011fin, hay\u00advan\u00adlar hak\u00adk\u0131n\u00adda konu\u00ad\u015fu\u00adyor\u00adsak, hay\u00adva\u00adnat bah\u00ad\u00e7e\u00adsi\u00adne veya do\u011fal tarih m\u00fcze\u00adsi\u00adne gide\u00adbi\u00adlir veya b\u00f6l\u00adge\u00adde bir gezi\u00adye \u00e7\u0131kabiliriz.<\/p>\n<p><em>Karls\u00adru\u00adhe\u00ad\u2019\u00adde\u00adki dil kafe\u00adsi <strong>\u201cMensc\u00adhen st\u00e4r\u00adken Mensc\u00adhen\u201d pro\u00adje\u00adsi\u00adnin<\/strong> bir par\u00ad\u00e7a\u00ads\u0131\u00add\u0131r ve BAF\u00adzA (Fede\u00adral Aile \u0130\u015fl\u00aderi ve Sivil Top\u00adlum Fonk\u00adsi\u00adyon\u00adla\u00adr\u0131 Daire\u00adsi) tara\u00adf\u0131n\u00addan finan\u00adse edilmektedir.<\/em><\/p>\n<p><strong>\ud83d\udcce <a href=\"https:\/\/www.anika-net.de\/wp-content\/uploads\/2025\/01\/Sprachcafe-2025-1.-Halbjahr.pdf\">El \u0130lan\u0131<\/a><\/strong><\/p>\n<p>\ud83d\udc49\ud83c\udffd \u00c7ocuk getir\u00admek isti\u00adyor\u00adsa\u00adn\u0131z, l\u00fct\u00adfen \u00f6nce\u00adden bize bildirin.<\/p>\n","protected":false},"author":12,"featured_media":52484,"template":"","class_list":["post-52437","event","type-event","status-publish","has-post-thumbnail","hentry","event_category-egitim"],"acf":{"event-recurring":false,"event-category":94,"event-is-language-course":false,"event-recurring-still-active":true,"event-display-details":true,"event-schedules-recurring":[{"event-recurring-week-day":"4","event-recurring-time":"15:00","event-recurring-time-text":"Her ikinci hafta"}],"event-schedules-calendar":[{"event-calendar-day":"20260508","event-calendar-time":"","event-calendar-time-text":""},{"event-calendar-day":"20260522","event-calendar-time":"","event-calendar-time-text":""},{"event-calendar-day":"20260605","event-calendar-time":"","event-calendar-time-text":""},{"event-calendar-day":"20260612","event-calendar-time":"16:00 - 17:30","event-calendar-time-text":""}],"event-is-online":false,"event-online-url":"","event-location-building":"Impact-Raum von Steamwork","event-location-street":"Roonstra\u00dfe 23a","event-location-zip":"76137","event-location-city":"Karlsruhe","event-location-contact-person":"Lena Mai\u00df","event-location-phone":"0176\/ 760 97 071 (WhatsApp)","event-location-phone-2":"","event-location-mail":"maiss@debuet.org","event-location-mail-2":"rohde@debuet.org","event-location-website":"https:\/\/debuet.org\/sprachcafe","event-target-group":[{"target-group":"all"}],"event-target-group-comment":"Daha iyi Almanca konu\u015fmak isteyen herkes","event-free":true,"event-organiser":[52353,119920,119924],"event-header-copyright-overlay":true,"event-copyright-note-description-end":false},"featured_image_urls_v2":{"full":["https:\/\/www.anika-net.de\/wp-content\/uploads\/2024\/07\/Sprachcafe-2024-scaled.jpg",2560,1477,false],"thumbnail":["https:\/\/www.anika-net.de\/wp-content\/uploads\/2024\/07\/Sprachcafe-2024-150x150.jpg",150,150,true],"medium":["https:\/\/www.anika-net.de\/wp-content\/uploads\/2024\/07\/Sprachcafe-2024-300x173.jpg",300,173,true],"medium_large":["https:\/\/www.anika-net.de\/wp-content\/uploads\/2024\/07\/Sprachcafe-2024-768x443.jpg",640,369,true],"large":["https:\/\/www.anika-net.de\/wp-content\/uploads\/2024\/07\/Sprachcafe-2024-1024x591.jpg",640,369,true],"1536x1536":["https:\/\/www.anika-net.de\/wp-content\/uploads\/2024\/07\/Sprachcafe-2024-1536x886.jpg",1536,886,true],"2048x2048":["https:\/\/www.anika-net.de\/wp-content\/uploads\/2024\/07\/Sprachcafe-2024-2048x1181.jpg",2048,1181,true],"event-overview":["https:\/\/www.anika-net.de\/wp-content\/uploads\/2024\/07\/Sprachcafe-2024-960x640.jpg",960,640,true],"event-archive-thumb":["https:\/\/www.anika-net.de\/wp-content\/uploads\/2024\/07\/Sprachcafe-2024-480x277.jpg",480,277,true],"grid-item-thumbnail":["https:\/\/www.anika-net.de\/wp-content\/uploads\/2024\/07\/Sprachcafe-2024-360x200.jpg",360,200,true],"network-partner-icon":["https:\/\/www.anika-net.de\/wp-content\/uploads\/2024\/07\/Sprachcafe-2024-100x100.jpg",100,100,true],"organiser-icon":["https:\/\/www.anika-net.de\/wp-content\/uploads\/2024\/07\/Sprachcafe-2024-200x200.jpg",200,200,true],"gform-image-choice-sm":["https:\/\/www.anika-net.de\/wp-content\/uploads\/2024\/07\/Sprachcafe-2024-scaled.jpg",300,173,false],"gform-image-choice-md":["https:\/\/www.anika-net.de\/wp-content\/uploads\/2024\/07\/Sprachcafe-2024-scaled.jpg",400,231,false],"gform-image-choice-lg":["https:\/\/www.anika-net.de\/wp-content\/uploads\/2024\/07\/Sprachcafe-2024-scaled.jpg",600,346,false]},"post_excerpt_stackable_v2":"<p>Yolan\u00adda ve Lena sizi Karls\u00adru\u00adhe\u00ad\u2019\u00adde\u00adki dil kafe\u00adsi\u00adne davet edi\u00adyor! Her iki haf\u00adta\u00adda bir \ud83d\udcc6 Cuma g\u00fcn\u00adle\u00adri saat 16:00 \u2018da Ste\u00adam\u00adwor\u00adk\u00ad\u2019\u00fcn \ud83d\udccdImpact oda\u00ads\u0131n\u00adda bulu\u00ad\u015fu\u00adyo\u00adruz. Her Alman\u00adca sevi\u00adye\u00adsin\u00adden insa\u00adn\u0131 bek\u00adli\u00adyo\u00adruz. Her top\u00adlan\u00adt\u0131 i\u00e7in heye\u00adcan veri\u00adci bir konu haz\u0131r\u00adl\u0131\u00adyo\u00adruz ve her\u00adke\u00adsi keli\u00adme da\u011far\u00adc\u0131\u00ad\u011f\u0131\u00adn\u0131 geni\u015f\u00adlet\u00adme\u00adye ve konu\u015f\u00adma\u00adya te\u015f\u00advik etmek isti\u00adyo\u00adruz. Sizin\u00adle tan\u0131\u015f\u00admak i\u00e7in sab\u0131r\u00ads\u0131z\u00adla\u00adn\u0131\u00adyo\u00adruz! Her sean\u00ads\u0131n bir konu\u00adsu var\u00add\u0131r (\u00f6rne\u00ad\u011fin hobi\u00adler, ev ara\u00adma, k\u0131ya\u00adfet\u00adler vb.), bu konu keli\u00adme bil\u00adgi\u00adsi, resim\u00adli kart\u00adlar ve vide\u00adolar\u00adla des\u00adtek\u00adle\u00adnir ve ard\u0131n\u00addan k\u00fc\u00e7\u00fck diya\u00adlog\u00adlar\u00adla pra\u00adtik yap\u0131\u00adl\u0131r. Ama\u00e7 \u00f6zg\u00fcr\u00adce konu\u015f\u00admak\u00adt\u0131r. Kat\u0131\u00adl\u0131m\u00adc\u0131\u00adla\u00adr\u0131n moti\u00advas\u00adyo\u00adnu\u00adna ba\u011f\u00adl\u0131 ola\u00adrak, bir son\u00adra\u00adki otu\u00adrum i\u00e7in bir konu da veri\u00adle\u00adbi\u00adlir, b\u00f6y\u00adle\u00adce \u00f6\u011fren\u00adci\u00adler k\u00fc\u00e7\u00fck bir keli\u00adme g\u00fcn\u00adl\u00fc\u00ad\u011f\u00fc olu\u015f\u00adtu\u00adra\u00adbi\u00adlir ve&nbsp;bir\u2026<\/p>\n","category_list_v2":"","author_info_v2":{"name":"Andrea Ramirez","url":"https:\/\/www.anika-net.de\/tr\/author\/andrea-ramirez\/"},"comments_num_v2":"0 comments","uagb_featured_image_src":{"full":["https:\/\/www.anika-net.de\/wp-content\/uploads\/2024\/07\/Sprachcafe-2024-scaled.jpg",2560,1477,false],"thumbnail":["https:\/\/www.anika-net.de\/wp-content\/uploads\/2024\/07\/Sprachcafe-2024-150x150.jpg",150,150,true],"medium":["https:\/\/www.anika-net.de\/wp-content\/uploads\/2024\/07\/Sprachcafe-2024-300x173.jpg",300,173,true],"medium_large":["https:\/\/www.anika-net.de\/wp-content\/uploads\/2024\/07\/Sprachcafe-2024-768x443.jpg",640,369,true],"large":["https:\/\/www.anika-net.de\/wp-content\/uploads\/2024\/07\/Sprachcafe-2024-1024x591.jpg",640,369,true],"1536x1536":["https:\/\/www.anika-net.de\/wp-content\/uploads\/2024\/07\/Sprachcafe-2024-1536x886.jpg",1536,886,true],"2048x2048":["https:\/\/www.anika-net.de\/wp-content\/uploads\/2024\/07\/Sprachcafe-2024-2048x1181.jpg",2048,1181,true],"event-overview":["https:\/\/www.anika-net.de\/wp-content\/uploads\/2024\/07\/Sprachcafe-2024-960x640.jpg",960,640,true],"event-archive-thumb":["https:\/\/www.anika-net.de\/wp-content\/uploads\/2024\/07\/Sprachcafe-2024-480x277.jpg",480,277,true],"grid-item-thumbnail":["https:\/\/www.anika-net.de\/wp-content\/uploads\/2024\/07\/Sprachcafe-2024-360x200.jpg",360,200,true],"network-partner-icon":["https:\/\/www.anika-net.de\/wp-content\/uploads\/2024\/07\/Sprachcafe-2024-100x100.jpg",100,100,true],"organiser-icon":["https:\/\/www.anika-net.de\/wp-content\/uploads\/2024\/07\/Sprachcafe-2024-200x200.jpg",200,200,true],"gform-image-choice-sm":["https:\/\/www.anika-net.de\/wp-content\/uploads\/2024\/07\/Sprachcafe-2024-scaled.jpg",300,173,false],"gform-image-choice-md":["https:\/\/www.anika-net.de\/wp-content\/uploads\/2024\/07\/Sprachcafe-2024-scaled.jpg",400,231,false],"gform-image-choice-lg":["https:\/\/www.anika-net.de\/wp-content\/uploads\/2024\/07\/Sprachcafe-2024-scaled.jpg",600,346,false]},"uagb_author_info":{"display_name":"Andrea Ramirez","author_link":"https:\/\/www.anika-net.de\/tr\/author\/andrea-ramirez\/"},"uagb_comment_info":0,"uagb_excerpt":"Yolan\u00adda ve Lena sizi Karls\u00adru\u00adhe\u00ad\u2019\u00adde\u00adki dil kafe\u00adsi\u00adne davet ediyor! Her iki haf\u00adta\u00adda bir \ud83d\udcc6 Cuma g\u00fcn\u00adle\u00adri saat 16:00 \u2018da Ste\u00adam\u00adwor\u00adk\u00ad\u2019\u00fcn \ud83d\udccdImpact oda\u00ads\u0131n\u00adda bulu\u015fuyoruz. Her Alman\u00adca sevi\u00adye\u00adsin\u00adden insa\u00adn\u0131 bekliyoruz. Her top\u00adlan\u00adt\u0131&nbsp;daha fazla okuyun","_links":{"self":[{"href":"https:\/\/www.anika-net.de\/tr\/wp-json\/wp\/v2\/event\/52437","targetHints":{"allow":["GET"]}}],"collection":[{"href":"https:\/\/www.anika-net.de\/tr\/wp-json\/wp\/v2\/event"}],"about":[{"href":"https:\/\/www.anika-net.de\/tr\/wp-json\/wp\/v2\/types\/event"}],"author":[{"embeddable":true,"href":"https:\/\/www.anika-net.de\/tr\/wp-json\/wp\/v2\/users\/12"}],"version-history":[{"count":3,"href":"https:\/\/www.anika-net.de\/tr\/wp-json\/wp\/v2\/event\/52437\/revisions"}],"predecessor-version":[{"id":57297,"href":"https:\/\/www.anika-net.de\/tr\/wp-json\/wp\/v2\/event\/52437\/revisions\/57297"}],"acf:post":[{"embeddable":true,"href":"https:\/\/www.anika-net.de\/tr\/wp-json\/wp\/v2\/organiser\/119924"},{"embeddable":true,"href":"https:\/\/www.anika-net.de\/tr\/wp-json\/wp\/v2\/organiser\/119920"},{"embeddable":true,"href":"https:\/\/www.anika-net.de\/tr\/wp-json\/wp\/v2\/organiser\/52353"}],"acf:term":[{"embeddable":true,"taxonomy":"event_category","href":"https:\/\/www.anika-net.de\/tr\/wp-json\/wp\/v2\/event_category\/94"}],"wp:featuredmedia":[{"embeddable":true,"href":"https:\/\/www.anika-net.de\/tr\/wp-json\/wp\/v2\/media\/52484"}],"wp:attachment":[{"href":"https:\/\/www.anika-net.de\/tr\/wp-json\/wp\/v2\/media?parent=52437"}],"curies":[{"name":"wp","href":"https:\/\/api.w.org\/{rel}","templated":true}]}}