{"id":50635,"date":"2024-06-25T13:12:43","date_gmt":"2024-06-25T11:12:43","guid":{"rendered":"https:\/\/www.anika-net.de\/event\/multeciler-icin-ucretsiz-kutuphane-karti\/"},"modified":"2024-06-25T13:12:43","modified_gmt":"2024-06-25T11:12:43","slug":"multeciler-icin-ucretsiz-kutuphane-karti","status":"publish","type":"event","link":"https:\/\/www.anika-net.de\/tr\/event\/multeciler-icin-ucretsiz-kutuphane-karti\/","title":{"rendered":"M\u00fcl\u00adte\u00adci\u00adler i\u00e7in \u00fccret\u00adsiz k\u00fct\u00fcp\u00adha\u00adne&nbsp;kart\u0131"},"content":{"rendered":"<blockquote>\n<h3><em><span style=\"color: #333399;\">Karls\u00adru\u00adhe\u00ad\u2019\u00adye yeni gelen ki\u015fi\u00adler, <strong>kay\u0131t bel\u00adge\u00adle\u00adri\u00adni<\/strong> (ika\u00admet adre\u00adsi\u00adni de i\u00e7e\u00adren) ibraz ede\u00adrek 6 ay boyun\u00adca \u00fccret\u00adsiz k\u00fct\u00fcp\u00adha\u00adne kar\u00adt\u0131 alabilirler.<\/span><\/em><\/h3>\n<\/blockquote>\n<p>Karls\u00adru\u00adhe \u015eehir K\u00fct\u00fcp\u00adha\u00adne\u00adsi, \u00e7al\u0131\u015f\u00adma saat\u00adle\u00adri i\u00e7in\u00adde \ud83d\udd0e <a class=\"link-style website-link\" title=\"Link zur Seite\" href=\"https:\/\/stadtbibliothek.karlsruhe.de\/standorte\" target=\"_self\" rel=\"noopener\">t\u00fcm konum\u00adlar\u00adda<\/a> her\u00adhan\u00adgi bir sorun ya\u015fa\u00adma\u00addan ziya\u00adret edilebilir.<br>\nOra\u00adda oku\u00adya\u00adbi\u00adlir, \u00f6\u011fre\u00adne\u00adbi\u00adlir, oyna\u00adya\u00adbi\u00adlir veya di\u011fer insan\u00adlar\u00adla tan\u0131\u015fabilirsiniz.<br>\nAyr\u0131\u00adca bil\u00adgi\u00adsa\u00adyar i\u015f istas\u00adyon\u00adla\u00adr\u0131, e\u2011Kitaplar, e\u2011Dergiler ve ePa\u00adpers veya diji\u00adtal Alman\u00adca dil kurs\u00adla\u00adr\u0131, (video) oyun\u00adla\u00adr\u0131, kitap\u00adlar, film\u00adler, m\u00fczik CD\u2019\u00adle\u00adri, yeti\u015f\u00adkin\u00adler, gen\u00e7\u00adler ve \u00e7ocuk\u00adlar i\u00e7in fark\u00adl\u0131 dil\u00adler\u00adde ses\u00adli kitap\u00adlar bula\u00adbi\u00adlir\u00adsi\u00adniz. Halk k\u00fct\u00fcp\u00adha\u00adne\u00adsi tara\u00adf\u0131n\u00addan sunu\u00adlan kap\u00adsam\u00adl\u0131 hiz\u00admet\u00adler\u00adden yarar\u00adla\u00adna\u00adbil\u00admek ve med\u00adya \u00f6d\u00fcn\u00e7 ala\u00adbil\u00admek i\u00e7in bir k\u00fct\u00fcp\u00adha\u00adne kar\u00adt\u0131\u00adna ihti\u00adya\u00adc\u0131\u00adn\u0131z vard\u0131r.<\/p>\n<p><strong><br>\n  <span style=\"color: #008080;\">\u00dccret\u00adsiz k\u00fct\u00fcp\u00adha\u00adne kar\u00adt\u0131 nas\u0131l al\u0131n\u0131r?<\/span><\/strong><\/p>\n<p> Sade\u00adce halk k\u00fct\u00fcp\u00adha\u00adne\u00adsi\u00adni ziya\u00adret edin ve <strong>kay\u0131t bel\u00adge\u00adni\u00adzi geti\u00adrin <\/strong>(ika\u00admet adre\u00adsi\u00adniz\u00adle bir\u00adlik\u00adte) ve <strong>6 ay boyun\u00adca \u00fccret\u00adsiz<\/strong> bir k\u00fct\u00fcp\u00adha\u00adne kar\u00adt\u0131 alacaks\u0131n\u0131z.<\/p>\n<hr>\n<h2><span style=\"color: #333399;\">\u0130kinci dil ola\u00adrak Almanca<\/span><\/h2>\n<p><strong>Neu\u00ades St\u00e4n\u00adde\u00adha\u00adus\u00ad\u2019\u00adda\u00adki \u015eehir K\u00fct\u00fcp\u00adha\u00adne\u00adsi\u00ad\u2019\u00adnin ikin\u00adci kat\u0131n\u00adda bulu\u00adnan Ulus\u00adla\u00adra\u00adra\u00ads\u0131 B\u00f6l\u00fcm<\/strong> \u2018de \u201cYaban\u00adc\u0131 Dil Ola\u00adrak Alman\u00adca\u201d raf\u0131\u00adn\u0131 bulabilirsiniz.<br>\nBura\u00adda, k\u00fct\u00fcp\u00adha\u00adne\u00adde yerin\u00adde kul\u00adla\u00adna\u00adbi\u00adle\u00adce\u00ad\u011fi\u00adniz veya k\u00fct\u00fcp\u00adha\u00adne kar\u00adt\u0131y\u00adla \u00f6d\u00fcn\u00e7 ala\u00adbi\u00adle\u00adce\u00ad\u011fi\u00adniz \u00e7ok say\u0131\u00adda kitap, \u00f6\u011fren\u00adme yar\u00add\u0131m\u00adc\u0131\u00adla\u00adr\u0131 ve \u00f6\u011fren\u00adme paket\u00adle\u00adri (\u00f6rne\u00ad\u011fin Goet\u00adhe, telc ser\u00adti\u00adfi\u00adka\u00adla\u00adr\u0131 i\u00e7in) bulabilirsiniz.<\/p>\n","protected":false},"author":12,"featured_media":50615,"template":"","class_list":["post-50635","event","type-event","status-publish","has-post-thumbnail","hentry","event_category-bos-vakit"],"acf":{"event-recurring":false,"event-category":97,"event-is-language-course":false,"event-recurring-still-active":true,"event-display-details":true,"event-schedules-recurring":null,"event-schedules-calendar":null,"event-is-online":false,"event-online-url":"","event-location-building":"Stadtbibliothek Karlsruhe","event-location-street":"St\u00e4ndehausstra\u00dfe 2","event-location-zip":"76133","event-location-city":"Karlsruhe","event-location-contact-person":"","event-location-phone":"0721\/ 133-4249","event-location-phone-2":"","event-location-mail":"stadtbibliothek@kultur.karlsruhe.de","event-location-mail-2":"","event-location-website":"https:\/\/stadtbibliothek.karlsruhe.de\/angebote\/fuer-gefluechtete","event-target-group":null,"event-target-group-comment":"M\u00fclteciler","event-free":true,"event-organiser":[50537],"event-header-copyright-overlay":true,"event-copyright-note-description-end":false},"featured_image_urls_v2":{"full":["https:\/\/www.anika-net.de\/wp-content\/uploads\/2024\/06\/bibausweis2-1.png",925,525,false],"thumbnail":["https:\/\/www.anika-net.de\/wp-content\/uploads\/2024\/06\/bibausweis2-1-150x150.png",150,150,true],"medium":["https:\/\/www.anika-net.de\/wp-content\/uploads\/2024\/06\/bibausweis2-1-300x170.png",300,170,true],"medium_large":["https:\/\/www.anika-net.de\/wp-content\/uploads\/2024\/06\/bibausweis2-1-768x436.png",640,363,true],"large":["https:\/\/www.anika-net.de\/wp-content\/uploads\/2024\/06\/bibausweis2-1.png",640,363,false],"1536x1536":["https:\/\/www.anika-net.de\/wp-content\/uploads\/2024\/06\/bibausweis2-1.png",925,525,false],"2048x2048":["https:\/\/www.anika-net.de\/wp-content\/uploads\/2024\/06\/bibausweis2-1.png",925,525,false],"event-overview":["https:\/\/www.anika-net.de\/wp-content\/uploads\/2024\/06\/bibausweis2-1.png",925,525,false],"event-archive-thumb":["https:\/\/www.anika-net.de\/wp-content\/uploads\/2024\/06\/bibausweis2-1-480x272.png",480,272,true],"grid-item-thumbnail":["https:\/\/www.anika-net.de\/wp-content\/uploads\/2024\/06\/bibausweis2-1-360x200.png",360,200,true],"network-partner-icon":["https:\/\/www.anika-net.de\/wp-content\/uploads\/2024\/06\/bibausweis2-1-100x100.png",100,100,true],"organiser-icon":["https:\/\/www.anika-net.de\/wp-content\/uploads\/2024\/06\/bibausweis2-1-200x200.png",200,200,true],"gform-image-choice-sm":["https:\/\/www.anika-net.de\/wp-content\/uploads\/2024\/06\/bibausweis2-1.png",300,170,false],"gform-image-choice-md":["https:\/\/www.anika-net.de\/wp-content\/uploads\/2024\/06\/bibausweis2-1.png",400,227,false],"gform-image-choice-lg":["https:\/\/www.anika-net.de\/wp-content\/uploads\/2024\/06\/bibausweis2-1.png",600,341,false]},"post_excerpt_stackable_v2":"<p>Karls\u00adru\u00adhe\u00ad\u2019\u00adye yeni gelen ki\u015fi\u00adler, kay\u0131t bel\u00adge\u00adle\u00adri\u00adni (ika\u00admet adre\u00adsi\u00adni de i\u00e7e\u00adren) ibraz ede\u00adrek 6 ay boyun\u00adca \u00fccret\u00adsiz k\u00fct\u00fcp\u00adha\u00adne kar\u00adt\u0131 ala\u00adbi\u00adlir\u00adler. Karls\u00adru\u00adhe \u015eehir K\u00fct\u00fcp\u00adha\u00adne\u00adsi, \u00e7al\u0131\u015f\u00adma saat\u00adle\u00adri i\u00e7in\u00adde \ud83d\udd0e t\u00fcm konum\u00adlar\u00adda her\u00adhan\u00adgi bir sorun ya\u015fa\u00adma\u00addan ziya\u00adret edi\u00adle\u00adbi\u00adlir. Ora\u00adda oku\u00adya\u00adbi\u00adlir, \u00f6\u011fre\u00adne\u00adbi\u00adlir, oyna\u00adya\u00adbi\u00adlir veya di\u011fer insan\u00adlar\u00adla tan\u0131\u00ad\u015fa\u00adbi\u00adlir\u00adsi\u00adniz. Ayr\u0131\u00adca bil\u00adgi\u00adsa\u00adyar i\u015f istas\u00adyon\u00adla\u00adr\u0131, e\u2011Kitaplar, e\u2011Dergiler ve ePa\u00adpers veya diji\u00adtal Alman\u00adca dil kurs\u00adla\u00adr\u0131, (video) oyun\u00adla\u00adr\u0131, kitap\u00adlar, film\u00adler, m\u00fczik CD\u2019\u00adle\u00adri, yeti\u015f\u00adkin\u00adler, gen\u00e7\u00adler ve \u00e7ocuk\u00adlar i\u00e7in fark\u00adl\u0131 dil\u00adler\u00adde ses\u00adli kitap\u00adlar bula\u00adbi\u00adlir\u00adsi\u00adniz. Halk k\u00fct\u00fcp\u00adha\u00adne\u00adsi tara\u00adf\u0131n\u00addan sunu\u00adlan kap\u00adsam\u00adl\u0131 hiz\u00admet\u00adler\u00adden yarar\u00adla\u00adna\u00adbil\u00admek ve med\u00adya \u00f6d\u00fcn\u00e7 ala\u00adbil\u00admek i\u00e7in bir k\u00fct\u00fcp\u00adha\u00adne kar\u00adt\u0131\u00adna ihti\u00adya\u00adc\u0131\u00adn\u0131z var\u00add\u0131r. \u00dccret\u00adsiz k\u00fct\u00fcp\u00adha\u00adne kar\u00adt\u0131 nas\u0131l al\u0131\u00adn\u0131r? Sade\u00adce halk k\u00fct\u00fcp\u00adha\u00adne\u00adsi\u00adni ziya\u00adret edin ve&nbsp;kay\u0131t\u2026<\/p>\n","category_list_v2":"","author_info_v2":{"name":"Andrea Ramirez","url":"https:\/\/www.anika-net.de\/tr\/author\/andrea-ramirez\/"},"comments_num_v2":"0 comments","uagb_featured_image_src":{"full":["https:\/\/www.anika-net.de\/wp-content\/uploads\/2024\/06\/bibausweis2-1.png",925,525,false],"thumbnail":["https:\/\/www.anika-net.de\/wp-content\/uploads\/2024\/06\/bibausweis2-1-150x150.png",150,150,true],"medium":["https:\/\/www.anika-net.de\/wp-content\/uploads\/2024\/06\/bibausweis2-1-300x170.png",300,170,true],"medium_large":["https:\/\/www.anika-net.de\/wp-content\/uploads\/2024\/06\/bibausweis2-1-768x436.png",640,363,true],"large":["https:\/\/www.anika-net.de\/wp-content\/uploads\/2024\/06\/bibausweis2-1.png",640,363,false],"1536x1536":["https:\/\/www.anika-net.de\/wp-content\/uploads\/2024\/06\/bibausweis2-1.png",925,525,false],"2048x2048":["https:\/\/www.anika-net.de\/wp-content\/uploads\/2024\/06\/bibausweis2-1.png",925,525,false],"event-overview":["https:\/\/www.anika-net.de\/wp-content\/uploads\/2024\/06\/bibausweis2-1.png",925,525,false],"event-archive-thumb":["https:\/\/www.anika-net.de\/wp-content\/uploads\/2024\/06\/bibausweis2-1-480x272.png",480,272,true],"grid-item-thumbnail":["https:\/\/www.anika-net.de\/wp-content\/uploads\/2024\/06\/bibausweis2-1-360x200.png",360,200,true],"network-partner-icon":["https:\/\/www.anika-net.de\/wp-content\/uploads\/2024\/06\/bibausweis2-1-100x100.png",100,100,true],"organiser-icon":["https:\/\/www.anika-net.de\/wp-content\/uploads\/2024\/06\/bibausweis2-1-200x200.png",200,200,true],"gform-image-choice-sm":["https:\/\/www.anika-net.de\/wp-content\/uploads\/2024\/06\/bibausweis2-1.png",300,170,false],"gform-image-choice-md":["https:\/\/www.anika-net.de\/wp-content\/uploads\/2024\/06\/bibausweis2-1.png",400,227,false],"gform-image-choice-lg":["https:\/\/www.anika-net.de\/wp-content\/uploads\/2024\/06\/bibausweis2-1.png",600,341,false]},"uagb_author_info":{"display_name":"Andrea Ramirez","author_link":"https:\/\/www.anika-net.de\/tr\/author\/andrea-ramirez\/"},"uagb_comment_info":0,"uagb_excerpt":"Karls\u00adru\u00adhe\u00ad\u2019\u00adye yeni gelen ki\u015fi\u00adler, kay\u0131t bel\u00adge\u00adle\u00adri\u00adni (ika\u00admet adre\u00adsi\u00adni de i\u00e7e\u00adren) ibraz ede\u00adrek 6 ay boyun\u00adca \u00fccret\u00adsiz k\u00fct\u00fcp\u00adha\u00adne kar\u00adt\u0131 alabilirler. Karls\u00adru\u00adhe \u015eehir K\u00fct\u00fcp\u00adha\u00adne\u00adsi, \u00e7al\u0131\u015f\u00adma saat\u00adle\u00adri i\u00e7in\u00adde \ud83d\udd0e t\u00fcm konum\u00adlar\u00adda her\u00adhan\u00adgi bir&nbsp;daha fazla okuyun","_links":{"self":[{"href":"https:\/\/www.anika-net.de\/tr\/wp-json\/wp\/v2\/event\/50635","targetHints":{"allow":["GET"]}}],"collection":[{"href":"https:\/\/www.anika-net.de\/tr\/wp-json\/wp\/v2\/event"}],"about":[{"href":"https:\/\/www.anika-net.de\/tr\/wp-json\/wp\/v2\/types\/event"}],"author":[{"embeddable":true,"href":"https:\/\/www.anika-net.de\/tr\/wp-json\/wp\/v2\/users\/12"}],"version-history":[{"count":0,"href":"https:\/\/www.anika-net.de\/tr\/wp-json\/wp\/v2\/event\/50635\/revisions"}],"acf:post":[{"embeddable":true,"href":"https:\/\/www.anika-net.de\/tr\/wp-json\/wp\/v2\/organiser\/50537"}],"acf:term":[{"embeddable":true,"taxonomy":"event_category","href":"https:\/\/www.anika-net.de\/tr\/wp-json\/wp\/v2\/event_category\/97"}],"wp:featuredmedia":[{"embeddable":true,"href":"https:\/\/www.anika-net.de\/tr\/wp-json\/wp\/v2\/media\/50615"}],"wp:attachment":[{"href":"https:\/\/www.anika-net.de\/tr\/wp-json\/wp\/v2\/media?parent=50635"}],"curies":[{"name":"wp","href":"https:\/\/api.w.org\/{rel}","templated":true}]}}