{"id":49886,"date":"2024-05-29T19:20:04","date_gmt":"2024-05-29T17:20:04","guid":{"rendered":"https:\/\/www.anika-net.de\/event\/film-woanders-uberall-in-kinemathek\/"},"modified":"2024-05-29T19:20:04","modified_gmt":"2024-05-29T17:20:04","slug":"film-woanders-uberall-in-kinemathek","status":"publish","type":"event","link":"https:\/\/www.anika-net.de\/tr\/event\/film-woanders-uberall-in-kinemathek\/","title":{"rendered":"Film Woan\u00adders \u00dcbe\u00adrall in Kinemathek"},"content":{"rendered":"<h4><span style=\"color: #008080;\">Karls\u00adru\u00adhe Kad\u0131n Evi tara\u00adf\u0131n\u00addan ba\u015flat\u0131ld\u0131<\/span><\/h4>\n<h1><span style=\"color: #800080;\">\u201cWoanders.\u00dcberall\u201d (Ba\u015f\u00adka her&nbsp;yerde)<\/span><br>\n<span style=\"color: #800080;\">\u201cKad\u0131\u00adna y\u00f6ne\u00adlik \u015fid\u00addet\u201d konu\u00adlu&nbsp;film<\/span><\/h1>\n<h3><span style=\"color: #008080;\">\ud83d\udcfd\ufe0f \u00dccret\u00adsiz&nbsp;giri\u015f<\/span><\/h3>\n<p>\u201cWOANDERS.\u00dcBERALL\u201d film pro\u00adje\u00adsi ayn\u0131 adl\u0131 oyun\u00addan uyar\u00adla\u00adn\u0131\u00adyor ve aile i\u00e7i \u015fid\u00addet, cin\u00adsi\u00adye\u00adte \u00f6zg\u00fc de\u011fer\u00adsiz\u00adle\u015f\u00adtir\u00adme, cin\u00adsi\u00adyet\u00ad\u00e7i\u00adlik ve top\u00adlum\u00adda\u00adki kad\u0131n d\u00fc\u015f\u00adma\u00adn\u0131 tutum\u00adla\u00adra odak\u00adla\u00adn\u0131\u00adyor. Oyun 2022\/23 y\u0131l\u0131n\u00adda Ley\u00adla Baran, Han\u00adnah Ditt\u00adrich, Alic\u00adja Here\u00adda ve Anet\u00adte Mei\u00ader tara\u00adf\u0131n\u00addan geli\u015f\u00adti\u00adril\u00addi ve pr\u00f6\u00admi\u00adye\u00adri Karls\u00adru\u00adhe\u00ad\u2019\u00adde yap\u0131l\u00add\u0131. Gala\u00adn\u0131n ard\u0131n\u00addan film, \u00f6nle\u00adme \u00e7al\u0131\u015f\u00adma\u00adla\u00adr\u0131 i\u00e7in Vere\u00adin zum Schutz miss\u00adhan\u00addel\u00adter Fra\u00adu\u00aden und deren Kin\u00adder e.V.\u2018ye ba\u011f\u0131\u015flanacak.<\/p>\n<p><strong><span style=\"color: #003366;\">\u0130\u00e7er\u00adik hakk\u0131nda:<\/span><\/strong><br>\nKad\u0131\u00adna y\u00f6ne\u00adlik \u015fid\u00addet ne yaz\u0131k ki hala yay\u00adg\u0131n\u00add\u0131r ve bir\u00ad\u00e7ok y\u00fcz\u00fc var\u00add\u0131r. \u201cWoanders.\u00dcberall\u201d bunu g\u00f6s\u00adter\u00admek, ancak her \u015fey\u00adden \u00f6nce daya\u00adn\u0131\u015f\u00adma\u00ady\u0131 te\u015f\u00advik etmek ve \u00e7a\u011f\u00adr\u0131\u00adda bulun\u00admak istiyor.<br>\nBu film pro\u00adje\u00adsi\u00adni \u00f6zel k\u0131lan \u015fey, oyu\u00adnu geli\u015f\u00adti\u00adren ve oyna\u00adyan kad\u0131n\u00adla\u00adr\u0131n ayn\u0131 zaman\u00adda fil\u00admin ba\u015f\u00adrol oyun\u00adcu\u00adla\u00adr\u0131 olma\u00ads\u0131. Karls\u00adru\u00adhe\u00ad\u2019\u00adden pek \u00e7ok ba\u015f\u00adka kad\u0131n da kat\u0131lm\u0131\u015ft\u0131r.<\/p>\n<p>Yer s\u0131n\u0131r\u00adl\u0131 oldu\u00ad\u011fu i\u00e7in l\u00fct\u00adfen e\u2011posta ile rezer\u00advas\u00adyon yapt\u0131r\u0131n\u0131z.<br>\n<strong>info@werkraum-karlsruhe.de<\/strong> adre\u00adsin\u00adden veya <strong>0721\u201356841030<\/strong> numa\u00adra\u00adl\u0131 telefondan<\/p>\n<h4><span style=\"color: #800080;\">Her t\u00fcr\u00adl\u00fc ba\u011f\u0131\u015f i\u00e7in minnettar\u0131z<br>\n<\/span><\/h4>\n","protected":false},"author":12,"featured_media":49997,"template":"","class_list":["post-49886","event","type-event","status-publish","has-post-thumbnail","hentry","event_category-bos-vakit"],"acf":{"event-recurring":false,"event-category":97,"event-is-language-course":false,"event-recurring-still-active":true,"event-display-details":true,"event-schedules-recurring":null,"event-schedules-calendar":[{"event-calendar-day":"20240612","event-calendar-time":"18:30 ","event-calendar-time-text":""}],"event-is-online":false,"event-online-url":"","event-location-building":"Kinemathek Karlsruhe","event-location-street":"Kaiserpassage 6","event-location-zip":"76133","event-location-city":"Karlsruhe","event-location-contact-person":"","event-location-phone":"0721-56841030","event-location-phone-2":"","event-location-mail":"info@werkraum-karlsruhe.de","event-location-mail-2":"","event-location-website":"https:\/\/kinemathek-karlsruhe.de\/film\/premiere-woanders-ueberall\/","event-target-group":[{"target-group":"all"}],"event-target-group-comment":"","event-free":true,"event-organiser":[48664],"event-header-copyright-overlay":true,"event-copyright-note-description-end":false},"featured_image_urls_v2":{"full":["https:\/\/www.anika-net.de\/wp-content\/uploads\/2024\/05\/WoanderUeberall_Schnitt_08.00_58_30_24.Standbild025-scaled.jpg",2560,1440,false],"thumbnail":["https:\/\/www.anika-net.de\/wp-content\/uploads\/2024\/05\/WoanderUeberall_Schnitt_08.00_58_30_24.Standbild025-150x150.jpg",150,150,true],"medium":["https:\/\/www.anika-net.de\/wp-content\/uploads\/2024\/05\/WoanderUeberall_Schnitt_08.00_58_30_24.Standbild025-300x169.jpg",300,169,true],"medium_large":["https:\/\/www.anika-net.de\/wp-content\/uploads\/2024\/05\/WoanderUeberall_Schnitt_08.00_58_30_24.Standbild025-768x432.jpg",640,360,true],"large":["https:\/\/www.anika-net.de\/wp-content\/uploads\/2024\/05\/WoanderUeberall_Schnitt_08.00_58_30_24.Standbild025-1024x576.jpg",640,360,true],"1536x1536":["https:\/\/www.anika-net.de\/wp-content\/uploads\/2024\/05\/WoanderUeberall_Schnitt_08.00_58_30_24.Standbild025-1536x864.jpg",1536,864,true],"2048x2048":["https:\/\/www.anika-net.de\/wp-content\/uploads\/2024\/05\/WoanderUeberall_Schnitt_08.00_58_30_24.Standbild025-2048x1152.jpg",2048,1152,true],"event-overview":["https:\/\/www.anika-net.de\/wp-content\/uploads\/2024\/05\/WoanderUeberall_Schnitt_08.00_58_30_24.Standbild025-960x640.jpg",960,640,true],"event-archive-thumb":["https:\/\/www.anika-net.de\/wp-content\/uploads\/2024\/05\/WoanderUeberall_Schnitt_08.00_58_30_24.Standbild025-480x270.jpg",480,270,true],"grid-item-thumbnail":["https:\/\/www.anika-net.de\/wp-content\/uploads\/2024\/05\/WoanderUeberall_Schnitt_08.00_58_30_24.Standbild025-360x200.jpg",360,200,true],"network-partner-icon":["https:\/\/www.anika-net.de\/wp-content\/uploads\/2024\/05\/WoanderUeberall_Schnitt_08.00_58_30_24.Standbild025-100x100.jpg",100,100,true],"organiser-icon":["https:\/\/www.anika-net.de\/wp-content\/uploads\/2024\/05\/WoanderUeberall_Schnitt_08.00_58_30_24.Standbild025-200x200.jpg",200,200,true],"gform-image-choice-sm":["https:\/\/www.anika-net.de\/wp-content\/uploads\/2024\/05\/WoanderUeberall_Schnitt_08.00_58_30_24.Standbild025-scaled.jpg",300,169,false],"gform-image-choice-md":["https:\/\/www.anika-net.de\/wp-content\/uploads\/2024\/05\/WoanderUeberall_Schnitt_08.00_58_30_24.Standbild025-scaled.jpg",400,225,false],"gform-image-choice-lg":["https:\/\/www.anika-net.de\/wp-content\/uploads\/2024\/05\/WoanderUeberall_Schnitt_08.00_58_30_24.Standbild025-scaled.jpg",600,338,false]},"post_excerpt_stackable_v2":"<p>Karls\u00adru\u00adhe Kad\u0131n Evi tara\u00adf\u0131n\u00addan ba\u015f\u00adla\u00adt\u0131l\u00add\u0131 \u201cWoanders.\u00dcberall\u201d (Ba\u015f\u00adka her&nbsp;yer\u00adde) \u201cKad\u0131\u00adna y\u00f6ne\u00adlik \u015fid\u00addet\u201d konu\u00adlu&nbsp;film \ud83d\udcfd\ufe0f \u00dccret\u00adsiz&nbsp;giri\u015f \u201cWOANDERS.\u00dcBERALL\u201d film pro\u00adje\u00adsi ayn\u0131 adl\u0131 oyun\u00addan uyar\u00adla\u00adn\u0131\u00adyor ve aile i\u00e7i \u015fid\u00addet, cin\u00adsi\u00adye\u00adte \u00f6zg\u00fc de\u011fer\u00adsiz\u00adle\u015f\u00adtir\u00adme, cin\u00adsi\u00adyet\u00ad\u00e7i\u00adlik ve top\u00adlum\u00adda\u00adki kad\u0131n d\u00fc\u015f\u00adma\u00adn\u0131 tutum\u00adla\u00adra odak\u00adla\u00adn\u0131\u00adyor. Oyun 2022\/23 y\u0131l\u0131n\u00adda Ley\u00adla Baran, Han\u00adnah Ditt\u00adrich, Alic\u00adja Here\u00adda ve Anet\u00adte Mei\u00ader tara\u00adf\u0131n\u00addan geli\u015f\u00adti\u00adril\u00addi ve pr\u00f6\u00admi\u00adye\u00adri Karls\u00adru\u00adhe\u00ad\u2019\u00adde yap\u0131l\u00add\u0131. Gala\u00adn\u0131n ard\u0131n\u00addan film, \u00f6nle\u00adme \u00e7al\u0131\u015f\u00adma\u00adla\u00adr\u0131 i\u00e7in Vere\u00adin zum Schutz miss\u00adhan\u00addel\u00adter Fra\u00adu\u00aden und deren Kin\u00adder e.V.\u2018ye ba\u011f\u0131\u015f\u00adla\u00adna\u00adcak. \u0130\u00e7er\u00adik hak\u00adk\u0131n\u00adda: Kad\u0131\u00adna y\u00f6ne\u00adlik \u015fid\u00addet ne yaz\u0131k ki hala yay\u00adg\u0131n\u00add\u0131r ve bir\u00ad\u00e7ok y\u00fcz\u00fc var\u00add\u0131r. \u201cWoanders.\u00dcberall\u201d bunu g\u00f6s\u00adter\u00admek, ancak her \u015fey\u00adden \u00f6nce daya\u00adn\u0131\u015f\u00adma\u00ady\u0131 te\u015f\u00advik etmek ve \u00e7a\u011f\u00adr\u0131\u00adda bulun\u00admak isti\u00adyor. Bu film projesini\u2026<\/p>\n","category_list_v2":"","author_info_v2":{"name":"Andrea Ramirez","url":"https:\/\/www.anika-net.de\/tr\/author\/andrea-ramirez\/"},"comments_num_v2":"0 comments","uagb_featured_image_src":{"full":["https:\/\/www.anika-net.de\/wp-content\/uploads\/2024\/05\/WoanderUeberall_Schnitt_08.00_58_30_24.Standbild025-scaled.jpg",2560,1440,false],"thumbnail":["https:\/\/www.anika-net.de\/wp-content\/uploads\/2024\/05\/WoanderUeberall_Schnitt_08.00_58_30_24.Standbild025-150x150.jpg",150,150,true],"medium":["https:\/\/www.anika-net.de\/wp-content\/uploads\/2024\/05\/WoanderUeberall_Schnitt_08.00_58_30_24.Standbild025-300x169.jpg",300,169,true],"medium_large":["https:\/\/www.anika-net.de\/wp-content\/uploads\/2024\/05\/WoanderUeberall_Schnitt_08.00_58_30_24.Standbild025-768x432.jpg",640,360,true],"large":["https:\/\/www.anika-net.de\/wp-content\/uploads\/2024\/05\/WoanderUeberall_Schnitt_08.00_58_30_24.Standbild025-1024x576.jpg",640,360,true],"1536x1536":["https:\/\/www.anika-net.de\/wp-content\/uploads\/2024\/05\/WoanderUeberall_Schnitt_08.00_58_30_24.Standbild025-1536x864.jpg",1536,864,true],"2048x2048":["https:\/\/www.anika-net.de\/wp-content\/uploads\/2024\/05\/WoanderUeberall_Schnitt_08.00_58_30_24.Standbild025-2048x1152.jpg",2048,1152,true],"event-overview":["https:\/\/www.anika-net.de\/wp-content\/uploads\/2024\/05\/WoanderUeberall_Schnitt_08.00_58_30_24.Standbild025-960x640.jpg",960,640,true],"event-archive-thumb":["https:\/\/www.anika-net.de\/wp-content\/uploads\/2024\/05\/WoanderUeberall_Schnitt_08.00_58_30_24.Standbild025-480x270.jpg",480,270,true],"grid-item-thumbnail":["https:\/\/www.anika-net.de\/wp-content\/uploads\/2024\/05\/WoanderUeberall_Schnitt_08.00_58_30_24.Standbild025-360x200.jpg",360,200,true],"network-partner-icon":["https:\/\/www.anika-net.de\/wp-content\/uploads\/2024\/05\/WoanderUeberall_Schnitt_08.00_58_30_24.Standbild025-100x100.jpg",100,100,true],"organiser-icon":["https:\/\/www.anika-net.de\/wp-content\/uploads\/2024\/05\/WoanderUeberall_Schnitt_08.00_58_30_24.Standbild025-200x200.jpg",200,200,true],"gform-image-choice-sm":["https:\/\/www.anika-net.de\/wp-content\/uploads\/2024\/05\/WoanderUeberall_Schnitt_08.00_58_30_24.Standbild025-scaled.jpg",300,169,false],"gform-image-choice-md":["https:\/\/www.anika-net.de\/wp-content\/uploads\/2024\/05\/WoanderUeberall_Schnitt_08.00_58_30_24.Standbild025-scaled.jpg",400,225,false],"gform-image-choice-lg":["https:\/\/www.anika-net.de\/wp-content\/uploads\/2024\/05\/WoanderUeberall_Schnitt_08.00_58_30_24.Standbild025-scaled.jpg",600,338,false]},"uagb_author_info":{"display_name":"Andrea Ramirez","author_link":"https:\/\/www.anika-net.de\/tr\/author\/andrea-ramirez\/"},"uagb_comment_info":0,"uagb_excerpt":"Karls\u00adru\u00adhe Kad\u0131n Evi tara\u00adf\u0131n\u00addan ba\u015flat\u0131ld\u0131 \u201cWoanders.\u00dcberall\u201d (Ba\u015f\u00adka her&nbsp;yerde) \u201cKad\u0131\u00adna y\u00f6ne\u00adlik \u015fid\u00addet\u201d konu\u00adlu&nbsp;film \ud83d\udcfd\ufe0f \u00dccret\u00adsiz&nbsp;giri\u015f \u201cWOANDERS.\u00dcBERALL\u201d film pro\u00adje\u00adsi ayn\u0131 adl\u0131 oyun\u00addan uyar\u00adla\u00adn\u0131\u00adyor ve aile i\u00e7i \u015fid\u00addet, cin\u00adsi\u00adye\u00adte \u00f6zg\u00fc de\u011fer\u00adsiz\u00adle\u015f\u00adtir\u00adme, cin\u00adsi\u00adyet\u00ad\u00e7i\u00adlik ve&nbsp;daha fazla okuyun","_links":{"self":[{"href":"https:\/\/www.anika-net.de\/tr\/wp-json\/wp\/v2\/event\/49886","targetHints":{"allow":["GET"]}}],"collection":[{"href":"https:\/\/www.anika-net.de\/tr\/wp-json\/wp\/v2\/event"}],"about":[{"href":"https:\/\/www.anika-net.de\/tr\/wp-json\/wp\/v2\/types\/event"}],"author":[{"embeddable":true,"href":"https:\/\/www.anika-net.de\/tr\/wp-json\/wp\/v2\/users\/12"}],"version-history":[{"count":0,"href":"https:\/\/www.anika-net.de\/tr\/wp-json\/wp\/v2\/event\/49886\/revisions"}],"acf:post":[{"embeddable":true,"href":"https:\/\/www.anika-net.de\/tr\/wp-json\/wp\/v2\/organiser\/48664"}],"acf:term":[{"embeddable":true,"taxonomy":"event_category","href":"https:\/\/www.anika-net.de\/tr\/wp-json\/wp\/v2\/event_category\/97"}],"wp:featuredmedia":[{"embeddable":true,"href":"https:\/\/www.anika-net.de\/tr\/wp-json\/wp\/v2\/media\/49997"}],"wp:attachment":[{"href":"https:\/\/www.anika-net.de\/tr\/wp-json\/wp\/v2\/media?parent=49886"}],"curies":[{"name":"wp","href":"https:\/\/api.w.org\/{rel}","templated":true}]}}