{"id":49127,"date":"2024-05-14T11:23:13","date_gmt":"2024-05-14T09:23:13","guid":{"rendered":"https:\/\/www.anika-net.de\/event\/gencler-ve-genc-yetiskinler-icin-yaz-almanca-kurslari\/"},"modified":"2025-05-12T11:11:42","modified_gmt":"2025-05-12T09:11:42","slug":"gencler-ve-genc-yetiskinler-icin-yaz-almanca-kurslari","status":"publish","type":"event","link":"https:\/\/www.anika-net.de\/tr\/event\/gencler-ve-genc-yetiskinler-icin-yaz-almanca-kurslari\/","title":{"rendered":"Gen\u00e7\u00adler ve Gen\u00e7 Yeti\u015f\u00adkin\u00adler i\u00e7in Yaz Alman\u00adca Kurslar\u0131"},"content":{"rendered":"<h3><em><span style=\"color: #008080;\">Gen\u00e7\u00adler ve gen\u00e7 yeti\u015f\u00adkin\u00adler&nbsp;i\u00e7in<\/span><\/em><\/h3>\n<h2>Ser\u00adti\u00adfi\u00adka\u00adl\u0131 final s\u0131nav\u00adla\u00adr\u0131 B1 veya \u00fcst\u00fc olan Yaz Alman\u00adca Kurslar\u0131<br>\n \u2014 <span style=\"color: #ffcc00;\">bu kesin\u00adlik\u00adle harika!<\/span><\/h2>\n<h3><span style=\"color: #008080;\">\ud83d\udc49\ud83c\udffd <span style=\"color: #800080;\">En ge\u00e7 30 Hazi\u00adran 2025 tari\u00adhi\u00adne kadar kay\u0131t ve dan\u0131\u015fmanl\u0131k<\/span><br>\n<\/span><\/h3>\n<p><strong>Kim\u00adler kat\u0131labilir?<\/strong><br>\nA2 veya daha y\u00fck\u00adsek dil sevi\u00adye\u00adsin\u00adde iyi Alman\u00adca bil\u00adgi\u00adsi\u00adne sahip gen\u00e7\u00adler ve gen\u00e7 yeti\u015f\u00adkin\u00adler (15 ya\u015f ve&nbsp;\u00fczeri).<\/p>\n<p><strong>Kurs s\u00fcre\u00adsi<\/strong><br>\nYaz tati\u00adli boyun\u00adca 150 \u00f6\u011fre\u00adtim birimi.<\/p>\n<p><strong>Kurs tarih\u00adle\u00adri<\/strong><br>\n<span style=\"color: #800080;\"><strong>14 Tem\u00admuz \u2014 22 A\u011fus\u00adtos&nbsp;2025<\/strong><\/span><br>\nKurs prog\u00adra\u00adm\u0131\u00adna ba\u011f\u00adl\u0131 ola\u00adrak ders saatleri<br>\nPazar\u00adte\u00adsi \u2014 Cuma 8:30 \u2014 12:45 veya 13:15 \u2014 17:15<\/p>\n<p><strong>Kurs \u00fccret\u00adle\u00adri<\/strong><br>\n<strong><span style=\"color: #666699;\">\u00dccret\u00adsiz.<\/span><\/strong>  D\u00fczen\u00adli kat\u0131\u00adl\u0131m gerekli<\/p>\n<p><strong>S\u0131nav<\/strong><br>\nKesin s\u0131nav tarih\u00adle\u00adri kurs s\u0131ra\u00ads\u0131n\u00adda duyurulacakt\u0131r.<\/p>\n<blockquote><p>Bir yer\u00adle\u015f\u00adtir\u00adme tes\u00adti yap\u0131\u00adla\u00adcak\u00adt\u0131r. Daha son\u00adra bir kur\u00adsa yerle\u015ftirileceksiniz&nbsp;<\/p><\/blockquote>\n<p>\ud83d\udcce <a href=\"https:\/\/www.anika-net.de\/wp-content\/uploads\/2025\/05\/2025-Infoblatt-Sommerkurse_Uebergang-Schule-Beruf.pdf\"><strong>El ila\u00adn\u0131<\/strong> <\/a> <\/p>\n","protected":false},"author":12,"featured_media":49113,"template":"","class_list":["post-49127","event","type-event","status-publish","has-post-thumbnail","hentry","event_category-egitim"],"acf":{"event-recurring":false,"event-category":94,"event-is-language-course":true,"event-recurring-still-active":true,"event-display-details":true,"event-schedules-recurring":null,"event-schedules-calendar":[{"event-calendar-day":"20250714","event-calendar-time":"","event-calendar-time-text":"bis"},{"event-calendar-day":"20250822","event-calendar-time":"","event-calendar-time-text":""}],"event-is-online":false,"event-online-url":"","event-location-building":"Internationaler Bund Karlsruhe","event-location-street":"Scheffelstra\u00dfe 13, 2. OG, Zimmer 1207","event-location-zip":"76135","event-location-city":"Karlsruhe","event-location-contact-person":"Tea Shamatava - (Availability from 1 pm)","event-location-phone":"0721\/ 850 19 65","event-location-phone-2":"0151\/ 539 416 73","event-location-mail":"tea.shamatava@ib.de","event-location-mail-2":"","event-location-website":"","event-target-group":[{"target-group":"teens"},{"target-group":"adults"}],"event-target-group-comment":"","event-free":true,"event-organiser":[16245,16500,54167],"event-header-copyright-overlay":true,"event-copyright-note-description-end":false},"featured_image_urls_v2":{"full":["https:\/\/www.anika-net.de\/wp-content\/uploads\/2024\/05\/Sommerkurse.png",942,543,false],"thumbnail":["https:\/\/www.anika-net.de\/wp-content\/uploads\/2024\/05\/Sommerkurse-150x150.png",150,150,true],"medium":["https:\/\/www.anika-net.de\/wp-content\/uploads\/2024\/05\/Sommerkurse-300x173.png",300,173,true],"medium_large":["https:\/\/www.anika-net.de\/wp-content\/uploads\/2024\/05\/Sommerkurse-768x443.png",640,369,true],"large":["https:\/\/www.anika-net.de\/wp-content\/uploads\/2024\/05\/Sommerkurse.png",640,369,false],"1536x1536":["https:\/\/www.anika-net.de\/wp-content\/uploads\/2024\/05\/Sommerkurse.png",942,543,false],"2048x2048":["https:\/\/www.anika-net.de\/wp-content\/uploads\/2024\/05\/Sommerkurse.png",942,543,false],"event-overview":["https:\/\/www.anika-net.de\/wp-content\/uploads\/2024\/05\/Sommerkurse.png",942,543,false],"event-archive-thumb":["https:\/\/www.anika-net.de\/wp-content\/uploads\/2024\/05\/Sommerkurse-480x277.png",480,277,true],"grid-item-thumbnail":["https:\/\/www.anika-net.de\/wp-content\/uploads\/2024\/05\/Sommerkurse-360x200.png",360,200,true],"network-partner-icon":["https:\/\/www.anika-net.de\/wp-content\/uploads\/2024\/05\/Sommerkurse-100x100.png",100,100,true],"organiser-icon":["https:\/\/www.anika-net.de\/wp-content\/uploads\/2024\/05\/Sommerkurse-200x200.png",200,200,true],"gform-image-choice-sm":["https:\/\/www.anika-net.de\/wp-content\/uploads\/2024\/05\/Sommerkurse.png",300,173,false],"gform-image-choice-md":["https:\/\/www.anika-net.de\/wp-content\/uploads\/2024\/05\/Sommerkurse.png",400,231,false],"gform-image-choice-lg":["https:\/\/www.anika-net.de\/wp-content\/uploads\/2024\/05\/Sommerkurse.png",600,346,false]},"post_excerpt_stackable_v2":"<p>Gen\u00e7\u00adler ve gen\u00e7 yeti\u015f\u00adkin\u00adler&nbsp;i\u00e7in Ser\u00adti\u00adfi\u00adka\u00adl\u0131 final s\u0131nav\u00adla\u00adr\u0131 B1 veya \u00fcst\u00fc olan Yaz Alman\u00adca Kurs\u00adla\u00adr\u0131 \u2014 bu kesin\u00adlik\u00adle hari\u00adka! \ud83d\udc49\ud83c\udffd En ge\u00e7 30 Hazi\u00adran 2025 tari\u00adhi\u00adne kadar kay\u0131t ve dan\u0131\u015f\u00adman\u00adl\u0131k Kim\u00adler kat\u0131\u00adla\u00adbi\u00adlir? A2 veya daha y\u00fck\u00adsek dil sevi\u00adye\u00adsin\u00adde iyi Alman\u00adca bil\u00adgi\u00adsi\u00adne sahip gen\u00e7\u00adler ve gen\u00e7 yeti\u015f\u00adkin\u00adler (15 ya\u015f ve&nbsp;\u00fcze\u00adri). Kurs s\u00fcre\u00adsi Yaz tati\u00adli boyun\u00adca 150 \u00f6\u011fre\u00adtim biri\u00admi. Kurs tarih\u00adle\u00adri 14 Tem\u00admuz \u2014 22 A\u011fus\u00adtos&nbsp;2025 Kurs prog\u00adra\u00adm\u0131\u00adna ba\u011f\u00adl\u0131 ola\u00adrak ders saat\u00adle\u00adri Pazar\u00adte\u00adsi \u2014 Cuma 8:30 \u2014 12:45 veya 13:15 \u2014 17:15 Kurs \u00fccret\u00adle\u00adri \u00dccret\u00adsiz. D\u00fczen\u00adli kat\u0131\u00adl\u0131m gerek\u00adli S\u0131nav Kesin s\u0131nav tarih\u00adle\u00adri kurs s\u0131ra\u00ads\u0131n\u00adda duyu\u00adru\u00adla\u00adcak\u00adt\u0131r. Bir yer\u00adle\u015f\u00adtir\u00adme tes\u00adti yap\u0131\u00adla\u00adcak\u00adt\u0131r. Daha son\u00adra bir&nbsp;kursa\u2026<\/p>\n","category_list_v2":"","author_info_v2":{"name":"Andrea Ramirez","url":"https:\/\/www.anika-net.de\/tr\/author\/andrea-ramirez\/"},"comments_num_v2":"0 comments","uagb_featured_image_src":{"full":["https:\/\/www.anika-net.de\/wp-content\/uploads\/2024\/05\/Sommerkurse.png",942,543,false],"thumbnail":["https:\/\/www.anika-net.de\/wp-content\/uploads\/2024\/05\/Sommerkurse-150x150.png",150,150,true],"medium":["https:\/\/www.anika-net.de\/wp-content\/uploads\/2024\/05\/Sommerkurse-300x173.png",300,173,true],"medium_large":["https:\/\/www.anika-net.de\/wp-content\/uploads\/2024\/05\/Sommerkurse-768x443.png",640,369,true],"large":["https:\/\/www.anika-net.de\/wp-content\/uploads\/2024\/05\/Sommerkurse.png",640,369,false],"1536x1536":["https:\/\/www.anika-net.de\/wp-content\/uploads\/2024\/05\/Sommerkurse.png",942,543,false],"2048x2048":["https:\/\/www.anika-net.de\/wp-content\/uploads\/2024\/05\/Sommerkurse.png",942,543,false],"event-overview":["https:\/\/www.anika-net.de\/wp-content\/uploads\/2024\/05\/Sommerkurse.png",942,543,false],"event-archive-thumb":["https:\/\/www.anika-net.de\/wp-content\/uploads\/2024\/05\/Sommerkurse-480x277.png",480,277,true],"grid-item-thumbnail":["https:\/\/www.anika-net.de\/wp-content\/uploads\/2024\/05\/Sommerkurse-360x200.png",360,200,true],"network-partner-icon":["https:\/\/www.anika-net.de\/wp-content\/uploads\/2024\/05\/Sommerkurse-100x100.png",100,100,true],"organiser-icon":["https:\/\/www.anika-net.de\/wp-content\/uploads\/2024\/05\/Sommerkurse-200x200.png",200,200,true],"gform-image-choice-sm":["https:\/\/www.anika-net.de\/wp-content\/uploads\/2024\/05\/Sommerkurse.png",300,173,false],"gform-image-choice-md":["https:\/\/www.anika-net.de\/wp-content\/uploads\/2024\/05\/Sommerkurse.png",400,231,false],"gform-image-choice-lg":["https:\/\/www.anika-net.de\/wp-content\/uploads\/2024\/05\/Sommerkurse.png",600,346,false]},"uagb_author_info":{"display_name":"Andrea Ramirez","author_link":"https:\/\/www.anika-net.de\/tr\/author\/andrea-ramirez\/"},"uagb_comment_info":0,"uagb_excerpt":"Gen\u00e7\u00adler ve gen\u00e7 yeti\u015f\u00adkin\u00adler&nbsp;i\u00e7in Ser\u00adti\u00adfi\u00adka\u00adl\u0131 final s\u0131nav\u00adla\u00adr\u0131 B1 veya \u00fcst\u00fc olan Yaz Alman\u00adca Kurslar\u0131 \u2014 bu kesin\u00adlik\u00adle harika! \ud83d\udc49\ud83c\udffd En ge\u00e7 30 Hazi\u00adran 2025 tari\u00adhi\u00adne kadar kay\u0131t ve dan\u0131\u015fmanl\u0131k Kim\u00adler&nbsp;daha fazla okuyun","_links":{"self":[{"href":"https:\/\/www.anika-net.de\/tr\/wp-json\/wp\/v2\/event\/49127","targetHints":{"allow":["GET"]}}],"collection":[{"href":"https:\/\/www.anika-net.de\/tr\/wp-json\/wp\/v2\/event"}],"about":[{"href":"https:\/\/www.anika-net.de\/tr\/wp-json\/wp\/v2\/types\/event"}],"author":[{"embeddable":true,"href":"https:\/\/www.anika-net.de\/tr\/wp-json\/wp\/v2\/users\/12"}],"version-history":[{"count":1,"href":"https:\/\/www.anika-net.de\/tr\/wp-json\/wp\/v2\/event\/49127\/revisions"}],"predecessor-version":[{"id":61021,"href":"https:\/\/www.anika-net.de\/tr\/wp-json\/wp\/v2\/event\/49127\/revisions\/61021"}],"acf:post":[{"embeddable":true,"href":"https:\/\/www.anika-net.de\/tr\/wp-json\/wp\/v2\/organiser\/54167"},{"embeddable":true,"href":"https:\/\/www.anika-net.de\/tr\/wp-json\/wp\/v2\/organiser\/16500"},{"embeddable":true,"href":"https:\/\/www.anika-net.de\/tr\/wp-json\/wp\/v2\/organiser\/16245"}],"acf:term":[{"embeddable":true,"taxonomy":"event_category","href":"https:\/\/www.anika-net.de\/tr\/wp-json\/wp\/v2\/event_category\/94"}],"wp:featuredmedia":[{"embeddable":true,"href":"https:\/\/www.anika-net.de\/tr\/wp-json\/wp\/v2\/media\/49113"}],"wp:attachment":[{"href":"https:\/\/www.anika-net.de\/tr\/wp-json\/wp\/v2\/media?parent=49127"}],"curies":[{"name":"wp","href":"https:\/\/api.w.org\/{rel}","templated":true}]}}