{"id":48604,"date":"2024-04-24T10:38:38","date_gmt":"2024-04-24T08:38:38","guid":{"rendered":"https:\/\/www.anika-net.de\/event\/karlsruhe-duyular-festivali-2024\/"},"modified":"2024-04-24T10:38:38","modified_gmt":"2024-04-24T08:38:38","slug":"karlsruhe-duyular-festivali-2024","status":"publish","type":"event","link":"https:\/\/www.anika-net.de\/tr\/event\/karlsruhe-duyular-festivali-2024\/","title":{"rendered":"Karls\u00adru\u00adhe Duyu\u00adlar Fes\u00adti\u00adva\u00adli&nbsp;2024"},"content":{"rendered":"<h2><span style=\"color: #800080;\">Karls\u00adru\u00adhe Duyu\u00adlar Fes\u00adti\u00adva\u00adli&nbsp;2024<\/span><\/h2>\n<p>Bahar ayla\u00adr\u0131n\u00adda Karls\u00adru\u00adhe, Duyu\u00adla\u00adr\u0131n Fes\u00adti\u00adva\u00adli ile bu y\u0131l da renk\u00adli y\u00fcz\u00fc\u00adn\u00fc g\u00f6s\u00adte\u00adri\u00adyor ve sizi ger\u00ad\u00e7ek bir keyif yol\u00adcu\u00adlu\u00ad\u011fu\u00adna davet edi\u00adyor. \u015eehir mer\u00adke\u00adzi ren\u00adga\u00adrenk bir bahar man\u00adza\u00adra\u00ads\u0131\u00adna d\u00f6n\u00fc\u015f\u00adt\u00fc\u00ad\u011f\u00fcn\u00adde, gez\u00adme, ziya\u00adfet \u00e7ek\u00adme, e\u011flen\u00adme ve al\u0131\u015f\u00adve\u00adri\u015f yap\u00adma zaman\u0131d\u0131r.<\/p>\n<p>Gur\u00adme paza\u00adr\u0131, \u00e7e\u015fit\u00adli \u00e7ocuk ve aile prog\u00adram\u00adla\u00adr\u0131, Karls\u00adru\u00adhe semt\u00adle\u00adrin\u00adde \u00f6zel etkin\u00adlik\u00adler ve \u00e7ok daha faz\u00adla\u00ads\u0131 siz\u00adle\u00adri bekliyor!<\/p>\n<p>28 Nisa\u00adn\u00ad\u2019\u00adda \u015fehir mer\u00adke\u00adzin\u00adde\u00adki ve Dur\u00adlac\u00adh\u00ad\u2019\u00adta\u00adki ma\u011fa\u00adza\u00adlar saat 13:00\u2019ten 18:00\u2019e kadar kap\u0131\u00adla\u00adr\u0131\u00adn\u0131 a\u00e7a\u00adcak ve sizi hare\u00adket\u00adli bir Pazar g\u00fcn\u00fc\u00adne davet edecek!<\/p>\n","protected":false},"author":12,"featured_media":48588,"template":"","class_list":["post-48604","event","type-event","status-publish","has-post-thumbnail","hentry","event_category-bos-vakit"],"acf":{"event-recurring":false,"event-category":97,"event-is-language-course":false,"event-recurring-still-active":true,"event-display-details":true,"event-schedules-recurring":null,"event-schedules-calendar":[{"event-calendar-day":"20240427","event-calendar-time":"","event-calendar-time-text":""},{"event-calendar-day":"20240428","event-calendar-time":"","event-calendar-time-text":""}],"event-is-online":false,"event-online-url":"","event-location-building":"Karlsruhe Innenstadt","event-location-street":"","event-location-zip":"","event-location-city":"Karlsruhe","event-location-contact-person":"","event-location-phone":"","event-location-phone-2":"","event-location-mail":"","event-location-mail-2":"","event-location-website":"https:\/\/www.karlsruhe-erleben.de\/veranstaltungen\/fest-der-sinne","event-target-group":[{"target-group":"all"}],"event-target-group-comment":"","event-free":true,"event-organiser":[41427],"event-header-copyright-overlay":true,"event-copyright-note-description-end":false},"featured_image_urls_v2":{"full":["https:\/\/www.anika-net.de\/wp-content\/uploads\/2024\/04\/fest-der-sinne.png",333,234,false],"thumbnail":["https:\/\/www.anika-net.de\/wp-content\/uploads\/2024\/04\/fest-der-sinne-150x150.png",150,150,true],"medium":["https:\/\/www.anika-net.de\/wp-content\/uploads\/2024\/04\/fest-der-sinne-300x211.png",300,211,true],"medium_large":["https:\/\/www.anika-net.de\/wp-content\/uploads\/2024\/04\/fest-der-sinne.png",333,234,false],"large":["https:\/\/www.anika-net.de\/wp-content\/uploads\/2024\/04\/fest-der-sinne.png",333,234,false],"1536x1536":["https:\/\/www.anika-net.de\/wp-content\/uploads\/2024\/04\/fest-der-sinne.png",333,234,false],"2048x2048":["https:\/\/www.anika-net.de\/wp-content\/uploads\/2024\/04\/fest-der-sinne.png",333,234,false],"event-overview":["https:\/\/www.anika-net.de\/wp-content\/uploads\/2024\/04\/fest-der-sinne.png",333,234,false],"event-archive-thumb":["https:\/\/www.anika-net.de\/wp-content\/uploads\/2024\/04\/fest-der-sinne.png",333,234,false],"grid-item-thumbnail":["https:\/\/www.anika-net.de\/wp-content\/uploads\/2024\/04\/fest-der-sinne-333x200.png",333,200,true],"network-partner-icon":["https:\/\/www.anika-net.de\/wp-content\/uploads\/2024\/04\/fest-der-sinne-100x100.png",100,100,true],"organiser-icon":["https:\/\/www.anika-net.de\/wp-content\/uploads\/2024\/04\/fest-der-sinne-200x200.png",200,200,true],"gform-image-choice-sm":["https:\/\/www.anika-net.de\/wp-content\/uploads\/2024\/04\/fest-der-sinne.png",300,211,false],"gform-image-choice-md":["https:\/\/www.anika-net.de\/wp-content\/uploads\/2024\/04\/fest-der-sinne.png",333,234,false],"gform-image-choice-lg":["https:\/\/www.anika-net.de\/wp-content\/uploads\/2024\/04\/fest-der-sinne.png",333,234,false]},"post_excerpt_stackable_v2":"<p>Karls\u00adru\u00adhe Duyu\u00adlar Fes\u00adti\u00adva\u00adli&nbsp;2024 Bahar ayla\u00adr\u0131n\u00adda Karls\u00adru\u00adhe, Duyu\u00adla\u00adr\u0131n Fes\u00adti\u00adva\u00adli ile bu y\u0131l da renk\u00adli y\u00fcz\u00fc\u00adn\u00fc g\u00f6s\u00adte\u00adri\u00adyor ve sizi ger\u00ad\u00e7ek bir keyif yol\u00adcu\u00adlu\u00ad\u011fu\u00adna davet edi\u00adyor. \u015eehir mer\u00adke\u00adzi ren\u00adga\u00adrenk bir bahar man\u00adza\u00adra\u00ads\u0131\u00adna d\u00f6n\u00fc\u015f\u00adt\u00fc\u00ad\u011f\u00fcn\u00adde, gez\u00adme, ziya\u00adfet \u00e7ek\u00adme, e\u011flen\u00adme ve al\u0131\u015f\u00adve\u00adri\u015f yap\u00adma zama\u00adn\u0131\u00add\u0131r. Gur\u00adme paza\u00adr\u0131, \u00e7e\u015fit\u00adli \u00e7ocuk ve aile prog\u00adram\u00adla\u00adr\u0131, Karls\u00adru\u00adhe semt\u00adle\u00adrin\u00adde \u00f6zel etkin\u00adlik\u00adler ve \u00e7ok daha faz\u00adla\u00ads\u0131 siz\u00adle\u00adri bek\u00adli\u00adyor! 28 Nisa\u00adn\u00ad\u2019\u00adda \u015fehir mer\u00adke\u00adzin\u00adde\u00adki ve Dur\u00adlac\u00adh\u00ad\u2019\u00adta\u00adki ma\u011fa\u00adza\u00adlar saat 13:00\u2019ten 18:00\u2019e kadar kap\u0131\u00adla\u00adr\u0131\u00adn\u0131 a\u00e7a\u00adcak ve sizi hare\u00adket\u00adli bir Pazar g\u00fcn\u00fc\u00adne davet edecek!<\/p>\n","category_list_v2":"","author_info_v2":{"name":"Andrea Ramirez","url":"https:\/\/www.anika-net.de\/tr\/author\/andrea-ramirez\/"},"comments_num_v2":"0 comments","uagb_featured_image_src":{"full":["https:\/\/www.anika-net.de\/wp-content\/uploads\/2024\/04\/fest-der-sinne.png",333,234,false],"thumbnail":["https:\/\/www.anika-net.de\/wp-content\/uploads\/2024\/04\/fest-der-sinne-150x150.png",150,150,true],"medium":["https:\/\/www.anika-net.de\/wp-content\/uploads\/2024\/04\/fest-der-sinne-300x211.png",300,211,true],"medium_large":["https:\/\/www.anika-net.de\/wp-content\/uploads\/2024\/04\/fest-der-sinne.png",333,234,false],"large":["https:\/\/www.anika-net.de\/wp-content\/uploads\/2024\/04\/fest-der-sinne.png",333,234,false],"1536x1536":["https:\/\/www.anika-net.de\/wp-content\/uploads\/2024\/04\/fest-der-sinne.png",333,234,false],"2048x2048":["https:\/\/www.anika-net.de\/wp-content\/uploads\/2024\/04\/fest-der-sinne.png",333,234,false],"event-overview":["https:\/\/www.anika-net.de\/wp-content\/uploads\/2024\/04\/fest-der-sinne.png",333,234,false],"event-archive-thumb":["https:\/\/www.anika-net.de\/wp-content\/uploads\/2024\/04\/fest-der-sinne.png",333,234,false],"grid-item-thumbnail":["https:\/\/www.anika-net.de\/wp-content\/uploads\/2024\/04\/fest-der-sinne-333x200.png",333,200,true],"network-partner-icon":["https:\/\/www.anika-net.de\/wp-content\/uploads\/2024\/04\/fest-der-sinne-100x100.png",100,100,true],"organiser-icon":["https:\/\/www.anika-net.de\/wp-content\/uploads\/2024\/04\/fest-der-sinne-200x200.png",200,200,true],"gform-image-choice-sm":["https:\/\/www.anika-net.de\/wp-content\/uploads\/2024\/04\/fest-der-sinne.png",300,211,false],"gform-image-choice-md":["https:\/\/www.anika-net.de\/wp-content\/uploads\/2024\/04\/fest-der-sinne.png",333,234,false],"gform-image-choice-lg":["https:\/\/www.anika-net.de\/wp-content\/uploads\/2024\/04\/fest-der-sinne.png",333,234,false]},"uagb_author_info":{"display_name":"Andrea Ramirez","author_link":"https:\/\/www.anika-net.de\/tr\/author\/andrea-ramirez\/"},"uagb_comment_info":0,"uagb_excerpt":"Karls\u00adru\u00adhe Duyu\u00adlar Fes\u00adti\u00adva\u00adli&nbsp;2024 Bahar ayla\u00adr\u0131n\u00adda Karls\u00adru\u00adhe, Duyu\u00adla\u00adr\u0131n Fes\u00adti\u00adva\u00adli ile bu y\u0131l da renk\u00adli y\u00fcz\u00fc\u00adn\u00fc g\u00f6s\u00adte\u00adri\u00adyor ve sizi ger\u00ad\u00e7ek bir keyif yol\u00adcu\u00adlu\u00ad\u011fu\u00adna davet edi\u00adyor. \u015eehir mer\u00adke\u00adzi ren\u00adga\u00adrenk bir bahar man\u00adza\u00adra\u00ads\u0131\u00adna d\u00f6n\u00fc\u015f\u00adt\u00fc\u00ad\u011f\u00fcn\u00adde,&nbsp;daha fazla okuyun","_links":{"self":[{"href":"https:\/\/www.anika-net.de\/tr\/wp-json\/wp\/v2\/event\/48604","targetHints":{"allow":["GET"]}}],"collection":[{"href":"https:\/\/www.anika-net.de\/tr\/wp-json\/wp\/v2\/event"}],"about":[{"href":"https:\/\/www.anika-net.de\/tr\/wp-json\/wp\/v2\/types\/event"}],"author":[{"embeddable":true,"href":"https:\/\/www.anika-net.de\/tr\/wp-json\/wp\/v2\/users\/12"}],"version-history":[{"count":0,"href":"https:\/\/www.anika-net.de\/tr\/wp-json\/wp\/v2\/event\/48604\/revisions"}],"acf:post":[{"embeddable":true,"href":"https:\/\/www.anika-net.de\/tr\/wp-json\/wp\/v2\/organiser\/41427"}],"acf:term":[{"embeddable":true,"taxonomy":"event_category","href":"https:\/\/www.anika-net.de\/tr\/wp-json\/wp\/v2\/event_category\/97"}],"wp:featuredmedia":[{"embeddable":true,"href":"https:\/\/www.anika-net.de\/tr\/wp-json\/wp\/v2\/media\/48588"}],"wp:attachment":[{"href":"https:\/\/www.anika-net.de\/tr\/wp-json\/wp\/v2\/media?parent=48604"}],"curies":[{"name":"wp","href":"https:\/\/api.w.org\/{rel}","templated":true}]}}