{"id":47838,"date":"2024-03-28T11:11:40","date_gmt":"2024-03-28T10:11:40","guid":{"rendered":"https:\/\/www.anika-net.de\/event\/hareket-yoluyla-bagimsizlik\/"},"modified":"2024-03-28T11:11:40","modified_gmt":"2024-03-28T10:11:40","slug":"hareket-yoluyla-bagimsizlik","status":"publish","type":"event","link":"https:\/\/www.anika-net.de\/tr\/event\/hareket-yoluyla-bagimsizlik\/","title":{"rendered":"Hare\u00adket yoluy\u00adla ba\u011f\u0131ms\u0131zl\u0131k"},"content":{"rendered":"<h3><span style=\"color: #008080;\">Sonn\u00adtags\u00adca\u00adf\u00e9<\/span><\/h3>\n<h2><span style=\"color: #3366ff;\">Hare\u00adket yoluy\u00adla ba\u011f\u0131ms\u0131zl\u0131k<\/span><\/h2>\n<p>Egzer\u00adsiz ve ant\u00adren\u00adman aktif ya\u015f\u00adlan\u00adma i\u00e7in ne gibi kat\u00adma de\u011fer\u00adle\u00adre sahip\u00adtir ve hare\u00adket etme\u00adye devam etmez\u00adse\u00adniz ne gibi risk\u00adler ta\u015f\u0131rs\u0131n\u0131z?<\/p>\n<p>Dene\u00adyim\u00adli bir spor tera\u00adpis\u00adti olan <strong>Kevin Pfef\u00adfer<\/strong>, v\u00fccu\u00addu\u00adnu\u00adzu etki\u00adle\u00adyen \u00f6nem\u00adli ba\u011f\u00adlan\u00adt\u0131\u00adla\u00adr\u0131, nas\u0131l \u00e7al\u0131\u015f\u00adt\u0131\u00ad\u011f\u0131\u00adn\u0131 ve son y\u0131l\u00adlar\u00adda han\u00adgi \u00e7\u0131\u011f\u0131r a\u00e7an yeni bul\u00adgu\u00adla\u00adr\u0131n elde edil\u00addi\u00ad\u011fi\u00adni a\u00e7\u0131klayacak.<\/p>\n<p><em>Konu\u015f\u00adma\u00adc\u0131<\/em> Kevin Pfef\u00adfer, 1984 do\u011fum\u00adlu, spor ve jim\u00adnas\u00adtik \u00f6\u011fret\u00adme\u00adni, spor tera\u00adpis\u00adti ve spor ve tera\u00adpi i\u00e7in ki\u015fi\u00adsel antren\u00f6r.<\/p>\n<p><strong>Giri\u015f:<\/strong> 10:30.<\/p>\n","protected":false},"author":12,"featured_media":47821,"template":"","class_list":["post-47838","event","type-event","status-publish","has-post-thumbnail","hentry","event_category-bos-vakit"],"acf":{"event-recurring":false,"event-category":97,"event-is-language-course":false,"event-recurring-still-active":true,"event-display-details":true,"event-schedules-recurring":null,"event-schedules-calendar":[{"event-calendar-day":"20240512","event-calendar-time":"11:00","event-calendar-time-text":""}],"event-is-online":false,"event-online-url":"","event-location-building":"ibz, EG, Gro\u00dfer Saal","event-location-street":"Kaiserallee 12d","event-location-zip":"76133","event-location-city":"Karlsruhe","event-location-contact-person":"","event-location-phone":"721\/ 89 33 37 10","event-location-phone-2":"","event-location-mail":"info@ibz-karlsruhe.de","event-location-mail-2":"","event-location-website":"https:\/\/www.ibz-karlsruhe.de\/events\/sonntagscafe-eigenstaendigkeit-durch-bewegung\/","event-target-group":[{"target-group":"all"}],"event-target-group-comment":"Ya\u015fl\u0131lar","event-free":true,"event-organiser":[47823],"event-header-copyright-overlay":true,"event-copyright-note-description-end":false},"featured_image_urls_v2":{"full":["https:\/\/www.anika-net.de\/wp-content\/uploads\/2024\/03\/4206959-scaled.jpg",2560,1707,false],"thumbnail":["https:\/\/www.anika-net.de\/wp-content\/uploads\/2024\/03\/4206959-150x150.jpg",150,150,true],"medium":["https:\/\/www.anika-net.de\/wp-content\/uploads\/2024\/03\/4206959-300x200.jpg",300,200,true],"medium_large":["https:\/\/www.anika-net.de\/wp-content\/uploads\/2024\/03\/4206959-768x512.jpg",640,427,true],"large":["https:\/\/www.anika-net.de\/wp-content\/uploads\/2024\/03\/4206959-1024x683.jpg",640,427,true],"1536x1536":["https:\/\/www.anika-net.de\/wp-content\/uploads\/2024\/03\/4206959-1536x1024.jpg",1536,1024,true],"2048x2048":["https:\/\/www.anika-net.de\/wp-content\/uploads\/2024\/03\/4206959-2048x1365.jpg",2048,1365,true],"event-overview":["https:\/\/www.anika-net.de\/wp-content\/uploads\/2024\/03\/4206959-960x640.jpg",960,640,true],"event-archive-thumb":["https:\/\/www.anika-net.de\/wp-content\/uploads\/2024\/03\/4206959-480x320.jpg",480,320,true],"grid-item-thumbnail":["https:\/\/www.anika-net.de\/wp-content\/uploads\/2024\/03\/4206959-360x200.jpg",360,200,true],"network-partner-icon":["https:\/\/www.anika-net.de\/wp-content\/uploads\/2024\/03\/4206959-100x100.jpg",100,100,true],"organiser-icon":["https:\/\/www.anika-net.de\/wp-content\/uploads\/2024\/03\/4206959-200x200.jpg",200,200,true],"gform-image-choice-sm":["https:\/\/www.anika-net.de\/wp-content\/uploads\/2024\/03\/4206959-scaled.jpg",300,200,false],"gform-image-choice-md":["https:\/\/www.anika-net.de\/wp-content\/uploads\/2024\/03\/4206959-scaled.jpg",400,267,false],"gform-image-choice-lg":["https:\/\/www.anika-net.de\/wp-content\/uploads\/2024\/03\/4206959-scaled.jpg",600,400,false]},"post_excerpt_stackable_v2":"<p>Sonn\u00adtags\u00adca\u00adf\u00e9 Hare\u00adket yoluy\u00adla ba\u011f\u0131m\u00ads\u0131z\u00adl\u0131k Egzer\u00adsiz ve ant\u00adren\u00adman aktif ya\u015f\u00adlan\u00adma i\u00e7in ne gibi kat\u00adma de\u011fer\u00adle\u00adre sahip\u00adtir ve hare\u00adket etme\u00adye devam etmez\u00adse\u00adniz ne gibi risk\u00adler ta\u015f\u0131r\u00ads\u0131\u00adn\u0131z? Dene\u00adyim\u00adli bir spor tera\u00adpis\u00adti olan Kevin Pfef\u00adfer, v\u00fccu\u00addu\u00adnu\u00adzu etki\u00adle\u00adyen \u00f6nem\u00adli ba\u011f\u00adlan\u00adt\u0131\u00adla\u00adr\u0131, nas\u0131l \u00e7al\u0131\u015f\u00adt\u0131\u00ad\u011f\u0131\u00adn\u0131 ve son y\u0131l\u00adlar\u00adda han\u00adgi \u00e7\u0131\u011f\u0131r a\u00e7an yeni bul\u00adgu\u00adla\u00adr\u0131n elde edil\u00addi\u00ad\u011fi\u00adni a\u00e7\u0131k\u00adla\u00adya\u00adcak. Konu\u015f\u00adma\u00adc\u0131 Kevin Pfef\u00adfer, 1984 do\u011fum\u00adlu, spor ve jim\u00adnas\u00adtik \u00f6\u011fret\u00adme\u00adni, spor tera\u00adpis\u00adti ve spor ve tera\u00adpi i\u00e7in ki\u015fi\u00adsel ant\u00adre\u00adn\u00f6r. Giri\u015f: 10:30.<\/p>\n","category_list_v2":"","author_info_v2":{"name":"Andrea Ramirez","url":"https:\/\/www.anika-net.de\/tr\/author\/andrea-ramirez\/"},"comments_num_v2":"0 comments","uagb_featured_image_src":{"full":["https:\/\/www.anika-net.de\/wp-content\/uploads\/2024\/03\/4206959-scaled.jpg",2560,1707,false],"thumbnail":["https:\/\/www.anika-net.de\/wp-content\/uploads\/2024\/03\/4206959-150x150.jpg",150,150,true],"medium":["https:\/\/www.anika-net.de\/wp-content\/uploads\/2024\/03\/4206959-300x200.jpg",300,200,true],"medium_large":["https:\/\/www.anika-net.de\/wp-content\/uploads\/2024\/03\/4206959-768x512.jpg",640,427,true],"large":["https:\/\/www.anika-net.de\/wp-content\/uploads\/2024\/03\/4206959-1024x683.jpg",640,427,true],"1536x1536":["https:\/\/www.anika-net.de\/wp-content\/uploads\/2024\/03\/4206959-1536x1024.jpg",1536,1024,true],"2048x2048":["https:\/\/www.anika-net.de\/wp-content\/uploads\/2024\/03\/4206959-2048x1365.jpg",2048,1365,true],"event-overview":["https:\/\/www.anika-net.de\/wp-content\/uploads\/2024\/03\/4206959-960x640.jpg",960,640,true],"event-archive-thumb":["https:\/\/www.anika-net.de\/wp-content\/uploads\/2024\/03\/4206959-480x320.jpg",480,320,true],"grid-item-thumbnail":["https:\/\/www.anika-net.de\/wp-content\/uploads\/2024\/03\/4206959-360x200.jpg",360,200,true],"network-partner-icon":["https:\/\/www.anika-net.de\/wp-content\/uploads\/2024\/03\/4206959-100x100.jpg",100,100,true],"organiser-icon":["https:\/\/www.anika-net.de\/wp-content\/uploads\/2024\/03\/4206959-200x200.jpg",200,200,true],"gform-image-choice-sm":["https:\/\/www.anika-net.de\/wp-content\/uploads\/2024\/03\/4206959-scaled.jpg",300,200,false],"gform-image-choice-md":["https:\/\/www.anika-net.de\/wp-content\/uploads\/2024\/03\/4206959-scaled.jpg",400,267,false],"gform-image-choice-lg":["https:\/\/www.anika-net.de\/wp-content\/uploads\/2024\/03\/4206959-scaled.jpg",600,400,false]},"uagb_author_info":{"display_name":"Andrea Ramirez","author_link":"https:\/\/www.anika-net.de\/tr\/author\/andrea-ramirez\/"},"uagb_comment_info":0,"uagb_excerpt":"Sonn\u00adtags\u00adca\u00adf\u00e9 Hare\u00adket yoluy\u00adla ba\u011f\u0131ms\u0131zl\u0131k Egzer\u00adsiz ve ant\u00adren\u00adman aktif ya\u015f\u00adlan\u00adma i\u00e7in ne gibi kat\u00adma de\u011fer\u00adle\u00adre sahip\u00adtir ve hare\u00adket etme\u00adye devam etmez\u00adse\u00adniz ne gibi risk\u00adler ta\u015f\u0131rs\u0131n\u0131z? Dene\u00adyim\u00adli bir spor tera\u00adpis\u00adti olan Kevin&nbsp;daha fazla okuyun","_links":{"self":[{"href":"https:\/\/www.anika-net.de\/tr\/wp-json\/wp\/v2\/event\/47838","targetHints":{"allow":["GET"]}}],"collection":[{"href":"https:\/\/www.anika-net.de\/tr\/wp-json\/wp\/v2\/event"}],"about":[{"href":"https:\/\/www.anika-net.de\/tr\/wp-json\/wp\/v2\/types\/event"}],"author":[{"embeddable":true,"href":"https:\/\/www.anika-net.de\/tr\/wp-json\/wp\/v2\/users\/12"}],"version-history":[{"count":0,"href":"https:\/\/www.anika-net.de\/tr\/wp-json\/wp\/v2\/event\/47838\/revisions"}],"acf:post":[{"embeddable":true,"href":"https:\/\/www.anika-net.de\/tr\/wp-json\/wp\/v2\/organiser\/47823"}],"acf:term":[{"embeddable":true,"taxonomy":"event_category","href":"https:\/\/www.anika-net.de\/tr\/wp-json\/wp\/v2\/event_category\/97"}],"wp:featuredmedia":[{"embeddable":true,"href":"https:\/\/www.anika-net.de\/tr\/wp-json\/wp\/v2\/media\/47821"}],"wp:attachment":[{"href":"https:\/\/www.anika-net.de\/tr\/wp-json\/wp\/v2\/media?parent=47838"}],"curies":[{"name":"wp","href":"https:\/\/api.w.org\/{rel}","templated":true}]}}