{"id":47199,"date":"2024-03-11T10:58:24","date_gmt":"2024-03-11T09:58:24","guid":{"rendered":"https:\/\/www.anika-net.de\/event\/uluslararasi-irkcilikla-mucadele-haftasi-karlsruhe-2024\/"},"modified":"2026-03-10T11:07:35","modified_gmt":"2026-03-10T10:07:35","slug":"uluslararasi-irkcilikla-mucadele-haftasi-karlsruhe-2024","status":"publish","type":"event","link":"https:\/\/www.anika-net.de\/tr\/event\/uluslararasi-irkcilikla-mucadele-haftasi-karlsruhe-2024\/","title":{"rendered":"Ulus\u00adla\u00adra\u00adra\u00ads\u0131 Irk\u00ad\u00e7\u0131\u00adl\u0131k Kar\u00ad\u015f\u0131\u00adt\u0131 Haf\u00adta\u00adlar Karls\u00adru\u00adhe&nbsp;2026"},"content":{"rendered":"\n<h2 class=\"wp-block-heading\">100 insan onu\u00adru. Irk\u00ad\u00e7\u0131\u00adl\u0131\u00ad\u011fa ve a\u015f\u0131\u00adr\u0131 sa\u011f\u00adc\u0131\u00adl\u0131\u00ad\u011fa kar\u00ad\u015f\u0131 birlikte.&nbsp;<\/h2>\n<div>\n<blockquote>\n<h3 class=\"c-h2\"><span dir=\"auto\"><span class dir=\"auto\">Karls\u00adru\u00adhe\u00ad\u2019\u00adnin bir duru\u015f ser\u00adgi\u00adle\u00adme\u00adsi gere\u00adki\u00adyor \u2014 kesin\u00adti&nbsp;yok.<\/span><\/span><\/h3>\n<h1><span style=\"color: #800080;\">Ulus\u00adla\u00adra\u00adra\u00ads\u0131 Irk\u00ad\u00e7\u0131\u00adl\u0131k Kar\u00ad\u015f\u0131\u00adt\u0131 Haf\u00adta\u00adlar Karls\u00adru\u00adhe&nbsp;2026<\/span><\/h1>\n<\/blockquote>\n<p><strong>Ulus\u00adla\u00adra\u00adra\u00ads\u0131 Irk\u00ad\u00e7\u0131\u00adl\u0131k\u00adla M\u00fcca\u00adde\u00adle G\u00fcn\u00fc<\/strong> her y\u0131l 21 Mart tari\u00adhin\u00adde kut\u00adlan\u00admak\u00adta\u00add\u0131r ve 1966 y\u0131l\u0131n\u00adda Bir\u00adle\u015f\u00admi\u015f Mil\u00adlet\u00adler tara\u00adf\u0131n\u00addan ilan edil\u00admi\u015f\u00adtir. Son y\u0131l\u00adlar\u00adda bu g\u00fcn\u00fc kut\u00adla\u00admak \u00fcze\u00adre Karls\u00adru\u00adhe\u00ad\u2019\u00adde Irk\u00ad\u00e7\u0131\u00adl\u0131\u00ad\u011fa Kar\u00ad\u015f\u0131 Ulus\u00adla\u00adra\u00adra\u00ads\u0131 Haf\u00adta\u00adlar da d\u00fczen\u00adlen\u00admek\u00adte\u00addir. Karls\u00adru\u00adhe top\u00adlu\u00admu\u00adnun t\u00fcm kesim\u00adle\u00adrin\u00adden birey\u00adle\u00adrin yan\u0131 s\u0131ra 40\u2019tan faz\u00adla der\u00adnek, ini\u00adsi\u00adya\u00adtif ve kuru\u00adlu\u015f kat\u0131l\u0131yor.<\/p>\n<p><span dir=\"auto\"><span class dir=\"auto\">Ortak ama\u00e7, \u0131rk\u00ad\u00e7\u0131\u00adl\u0131k kar\u00ad\u015f\u0131\u00adt\u0131 \u00e7al\u0131\u015f\u00adma\u00adlar konu\u00adsun\u00adda far\u00adk\u0131n\u00adda\u00adl\u0131k yarat\u00admak\u00adt\u0131r.  <strong>Irk\u00ad\u00e7\u0131\u00adl\u0131k konu\u00adsu kent top\u00adlu\u00admu\u00adnun g\u00fcn\u00adde\u00admin\u00adde s\u00fcrek\u00adli ola\u00adrak kal\u00adma\u00adl\u0131\u00add\u0131r ki insan\u00adlar buna kar\u00ad\u015f\u0131 duyar\u00adl\u0131 hale gel\u00adsin ve hare\u00adke\u00adte ge\u00e7\u00adsin.<\/strong>  Bu haf\u00adta\u00adlar bu \u00e7aba\u00adya kat\u00adk\u0131\u00adda bulunmaktad\u0131r.<\/span><\/span><\/p>\n<h3><strong>\ud83d\udcce <\/strong><a href=\"https:\/\/www.iwgr-ka.de\/events\/liste\/\" rel=\"noopener\"><strong>2026 prog\u00adra\u00adm\u0131\u00adna<\/strong><\/a><\/h3>\n<\/div>\n\n<h3 class=\"wp-block-heading\"><strong><a href=\"https:\/\/www.iwgr-ka.de\/event\/eroeffnungsveranstaltung-in-der-stadtkirche-the-cage-am-15-3-20261800-uhr\/\" rel=\"noopener\">IWGR 2026 a\u00e7\u0131\u00adl\u0131\u015f etkinli\u011fi<\/a><\/strong><\/h3>\n\n<p><strong>15. Mart 2026<\/strong> \/ 18:00 \u2014 20:00 h<br><strong>The Cage \/ Evan\u00adge\u00adli\u00adcal City Church Karls\u00adru\u00adhe<\/strong><br>City Church Mar\u00adket Squ\u00adare<br>76131 Karls\u00adru\u00adhe<br><strong>\u00dccret\u00adsiz<\/strong><\/p>\n\n<blockquote class=\"wp-block-stackable-blockquote stk-block-blockquote stk-block stk-811ad2a is-style-default\" data-v=\"2\" data-block-id=\"811ad2a\"><div class=\"has-text-align-left stk-block-blockquote__content stk-container stk-811ad2a-container stk-hover-parent\"><div class=\"stk-block-content stk-inner-blocks\">\n<div class=\"wp-block-stackable-icon stk-block-icon stk-block stk-1922173\" data-block-id=\"1922173\"><span class=\"stk--svg-wrapper\"><div class=\"stk--inner-svg\"><svg style=\"height:0;width:0\"><defs><linearGradient id=\"linear-gradient-1922173\" x1=\"0\" x2=\"100%\" y1=\"0\" y2=\"0\"><stop offset=\"0%\" style=\"stop-opacity:1;stop-color:var(--linear-gradient-1922173-color-1)\" \/><stop offset=\"100%\" style=\"stop-opacity:1;stop-color:var(--linear-gradient-1922173-color-2)\" \/><\/linearGradient><\/defs><\/svg><svg viewBox=\"0 0 50 50\" aria-hidden=\"true\" width=\"32\" height=\"32\"><path d=\"M19.8 9.3C10.5 11.8 4.6 17 2.1 24.8c2.3-3.6 5.6-5.4 9.9-5.4 3.3 0 6 1.1 8.3 3.3 2.2 2.2 3.4 5 3.4 8.3 0 3.2-1.1 5.8-3.3 8-2.2 2.2-5.1 3.2-8.7 3.2-3.7 0-6.5-1.2-8.6-3.5C1 36.3 0 33.1 0 29 0 18.3 6.5 11.2 19.6 7.9l.2 1.4zm26.4 0C36.9 11.9 31 17 28.5 24.8c2.2-3.6 5.5-5.4 9.8-5.4 3.2 0 6 1.1 8.3 3.2 2.3 2.2 3.4 4.9 3.4 8.3 0 3.1-1.1 5.8-3.3 7.9-2.2 2.2-5.1 3.3-8.6 3.3-3.7 0-6.6-1.1-8.6-3.4-2.1-2.3-3.1-5.5-3.1-9.7 0-10.7 6.6-17.8 19.7-21.1l.1 1.4z\" \/><\/svg><\/div><\/span><\/div>\n\n\n<\/div><\/div><\/blockquote>\n","protected":false},"author":12,"featured_media":119751,"template":"","class_list":["post-47199","event","type-event","status-publish","has-post-thumbnail","hentry","event_category-bos-vakit"],"acf":{"event-recurring":false,"event-category":97,"event-is-language-course":false,"event-recurring-still-active":true,"event-display-details":true,"event-schedules-recurring":null,"event-schedules-calendar":[{"event-calendar-day":"20260315","event-calendar-time":"","event-calendar-time-text":""},{"event-calendar-day":"20260329","event-calendar-time":"","event-calendar-time-text":""}],"event-is-online":false,"event-online-url":"","event-location-building":"","event-location-street":"","event-location-zip":"","event-location-city":"Verschiedene Orte- Karlsruhe","event-location-contact-person":"","event-location-phone":"","event-location-phone-2":"","event-location-mail":"kontakt@iwgr-ka.de","event-location-mail-2":"","event-location-website":"https:\/\/www.iwgr-ka.de\/","event-target-group":[{"target-group":"all"}],"event-target-group-comment":"Uluslararas\u0131 Irk\u00e7\u0131l\u0131kla M\u00fccadele Haftas\u0131 Karlsruhe 2024","event-free":true,"event-organiser":[31892,16512],"event-header-copyright-overlay":true,"event-copyright-note-description-end":false},"featured_image_urls_v2":{"full":["https:\/\/www.anika-net.de\/wp-content\/uploads\/2024\/03\/Logo_IWgR_2026.webp",1600,1600,false],"thumbnail":["https:\/\/www.anika-net.de\/wp-content\/uploads\/2024\/03\/Logo_IWgR_2026-150x150.webp",150,150,true],"medium":["https:\/\/www.anika-net.de\/wp-content\/uploads\/2024\/03\/Logo_IWgR_2026-300x300.webp",300,300,true],"medium_large":["https:\/\/www.anika-net.de\/wp-content\/uploads\/2024\/03\/Logo_IWgR_2026-768x768.webp",640,640,true],"large":["https:\/\/www.anika-net.de\/wp-content\/uploads\/2024\/03\/Logo_IWgR_2026-1024x1024.webp",640,640,true],"1536x1536":["https:\/\/www.anika-net.de\/wp-content\/uploads\/2024\/03\/Logo_IWgR_2026-1536x1536.webp",1536,1536,true],"2048x2048":["https:\/\/www.anika-net.de\/wp-content\/uploads\/2024\/03\/Logo_IWgR_2026.webp",1600,1600,false],"event-overview":["https:\/\/www.anika-net.de\/wp-content\/uploads\/2024\/03\/Logo_IWgR_2026-960x640.webp",960,640,true],"event-archive-thumb":["https:\/\/www.anika-net.de\/wp-content\/uploads\/2024\/03\/Logo_IWgR_2026-480x480.webp",480,480,true],"grid-item-thumbnail":["https:\/\/www.anika-net.de\/wp-content\/uploads\/2024\/03\/Logo_IWgR_2026-360x200.webp",360,200,true],"network-partner-icon":["https:\/\/www.anika-net.de\/wp-content\/uploads\/2024\/03\/Logo_IWgR_2026-100x100.webp",100,100,true],"organiser-icon":["https:\/\/www.anika-net.de\/wp-content\/uploads\/2024\/03\/Logo_IWgR_2026-200x200.webp",200,200,true],"gform-image-choice-sm":["https:\/\/www.anika-net.de\/wp-content\/uploads\/2024\/03\/Logo_IWgR_2026.webp",300,300,false],"gform-image-choice-md":["https:\/\/www.anika-net.de\/wp-content\/uploads\/2024\/03\/Logo_IWgR_2026.webp",400,400,false],"gform-image-choice-lg":["https:\/\/www.anika-net.de\/wp-content\/uploads\/2024\/03\/Logo_IWgR_2026.webp",600,600,false]},"post_excerpt_stackable_v2":"<p>100 insan onu\u00adru. Irk\u00ad\u00e7\u0131\u00adl\u0131\u00ad\u011fa ve a\u015f\u0131\u00adr\u0131 sa\u011f\u00adc\u0131\u00adl\u0131\u00ad\u011fa kar\u00ad\u015f\u0131 bir\u00adlik\u00adte.&nbsp; Karls\u00adru\u00adhe\u00ad\u2019\u00adnin bir duru\u015f ser\u00adgi\u00adle\u00adme\u00adsi gere\u00adki\u00adyor \u2014 kesin\u00adti&nbsp;yok. Ulus\u00adla\u00adra\u00adra\u00ads\u0131 Irk\u00ad\u00e7\u0131\u00adl\u0131k Kar\u00ad\u015f\u0131\u00adt\u0131 Haf\u00adta\u00adlar Karls\u00adru\u00adhe&nbsp;2026 Ulus\u00adla\u00adra\u00adra\u00ads\u0131 Irk\u00ad\u00e7\u0131\u00adl\u0131k\u00adla M\u00fcca\u00adde\u00adle G\u00fcn\u00fc her y\u0131l 21 Mart tari\u00adhin\u00adde kut\u00adlan\u00admak\u00adta\u00add\u0131r ve 1966 y\u0131l\u0131n\u00adda Bir\u00adle\u015f\u00admi\u015f Mil\u00adlet\u00adler tara\u00adf\u0131n\u00addan ilan edil\u00admi\u015f\u00adtir. Son y\u0131l\u00adlar\u00adda bu g\u00fcn\u00fc kut\u00adla\u00admak \u00fcze\u00adre Karls\u00adru\u00adhe\u00ad\u2019\u00adde Irk\u00ad\u00e7\u0131\u00adl\u0131\u00ad\u011fa Kar\u00ad\u015f\u0131 Ulus\u00adla\u00adra\u00adra\u00ads\u0131 Haf\u00adta\u00adlar da d\u00fczen\u00adlen\u00admek\u00adte\u00addir. Karls\u00adru\u00adhe top\u00adlu\u00admu\u00adnun t\u00fcm kesim\u00adle\u00adrin\u00adden birey\u00adle\u00adrin yan\u0131 s\u0131ra 40\u2019tan faz\u00adla der\u00adnek, ini\u00adsi\u00adya\u00adtif ve kuru\u00adlu\u015f kat\u0131\u00adl\u0131\u00adyor. Ortak ama\u00e7, \u0131rk\u00ad\u00e7\u0131\u00adl\u0131k kar\u00ad\u015f\u0131\u00adt\u0131 \u00e7al\u0131\u015f\u00adma\u00adlar konu\u00adsun\u00adda far\u00adk\u0131n\u00adda\u00adl\u0131k yarat\u00admak\u00adt\u0131r. Irk\u00ad\u00e7\u0131\u00adl\u0131k konu\u00adsu kent top\u00adlu\u00admu\u00adnun g\u00fcn\u00adde\u00admin\u00adde s\u00fcrek\u00adli ola\u00adrak kal\u00adma\u00adl\u0131\u00add\u0131r ki insan\u00adlar buna kar\u00ad\u015f\u0131 duyar\u00adl\u0131 hale gel\u00adsin ve hare\u00adke\u00adte ge\u00e7\u00adsin. Bu haf\u00adta\u00adlar bu \u00e7aba\u00adya kat\u00adk\u0131\u00adda bulun\u00admak\u00adta\u00add\u0131r. \ud83d\udcce&nbsp;2026\u2026<\/p>\n","category_list_v2":"","author_info_v2":{"name":"Andrea Ramirez","url":"https:\/\/www.anika-net.de\/tr\/author\/andrea-ramirez\/"},"comments_num_v2":"0 comments","uagb_featured_image_src":{"full":["https:\/\/www.anika-net.de\/wp-content\/uploads\/2024\/03\/Logo_IWgR_2026.webp",1600,1600,false],"thumbnail":["https:\/\/www.anika-net.de\/wp-content\/uploads\/2024\/03\/Logo_IWgR_2026-150x150.webp",150,150,true],"medium":["https:\/\/www.anika-net.de\/wp-content\/uploads\/2024\/03\/Logo_IWgR_2026-300x300.webp",300,300,true],"medium_large":["https:\/\/www.anika-net.de\/wp-content\/uploads\/2024\/03\/Logo_IWgR_2026-768x768.webp",640,640,true],"large":["https:\/\/www.anika-net.de\/wp-content\/uploads\/2024\/03\/Logo_IWgR_2026-1024x1024.webp",640,640,true],"1536x1536":["https:\/\/www.anika-net.de\/wp-content\/uploads\/2024\/03\/Logo_IWgR_2026-1536x1536.webp",1536,1536,true],"2048x2048":["https:\/\/www.anika-net.de\/wp-content\/uploads\/2024\/03\/Logo_IWgR_2026.webp",1600,1600,false],"event-overview":["https:\/\/www.anika-net.de\/wp-content\/uploads\/2024\/03\/Logo_IWgR_2026-960x640.webp",960,640,true],"event-archive-thumb":["https:\/\/www.anika-net.de\/wp-content\/uploads\/2024\/03\/Logo_IWgR_2026-480x480.webp",480,480,true],"grid-item-thumbnail":["https:\/\/www.anika-net.de\/wp-content\/uploads\/2024\/03\/Logo_IWgR_2026-360x200.webp",360,200,true],"network-partner-icon":["https:\/\/www.anika-net.de\/wp-content\/uploads\/2024\/03\/Logo_IWgR_2026-100x100.webp",100,100,true],"organiser-icon":["https:\/\/www.anika-net.de\/wp-content\/uploads\/2024\/03\/Logo_IWgR_2026-200x200.webp",200,200,true],"gform-image-choice-sm":["https:\/\/www.anika-net.de\/wp-content\/uploads\/2024\/03\/Logo_IWgR_2026.webp",300,300,false],"gform-image-choice-md":["https:\/\/www.anika-net.de\/wp-content\/uploads\/2024\/03\/Logo_IWgR_2026.webp",400,400,false],"gform-image-choice-lg":["https:\/\/www.anika-net.de\/wp-content\/uploads\/2024\/03\/Logo_IWgR_2026.webp",600,600,false]},"uagb_author_info":{"display_name":"Andrea Ramirez","author_link":"https:\/\/www.anika-net.de\/tr\/author\/andrea-ramirez\/"},"uagb_comment_info":0,"uagb_excerpt":"100 insan onu\u00adru. Irk\u00ad\u00e7\u0131\u00adl\u0131\u00ad\u011fa ve a\u015f\u0131\u00adr\u0131 sa\u011f\u00adc\u0131\u00adl\u0131\u00ad\u011fa kar\u00ad\u015f\u0131 birlikte.&nbsp; Karls\u00adru\u00adhe\u00ad\u2019\u00adnin bir duru\u015f ser\u00adgi\u00adle\u00adme\u00adsi gere\u00adki\u00adyor \u2014 kesin\u00adti&nbsp;yok. Ulus\u00adla\u00adra\u00adra\u00ads\u0131 Irk\u00ad\u00e7\u0131\u00adl\u0131k Kar\u00ad\u015f\u0131\u00adt\u0131 Haf\u00adta\u00adlar Karls\u00adru\u00adhe&nbsp;2026 Ulus\u00adla\u00adra\u00adra\u00ads\u0131 Irk\u00ad\u00e7\u0131\u00adl\u0131k\u00adla M\u00fcca\u00adde\u00adle G\u00fcn\u00fc her y\u0131l 21 Mart tari\u00adhin\u00adde&nbsp;daha fazla okuyun","_links":{"self":[{"href":"https:\/\/www.anika-net.de\/tr\/wp-json\/wp\/v2\/event\/47199","targetHints":{"allow":["GET"]}}],"collection":[{"href":"https:\/\/www.anika-net.de\/tr\/wp-json\/wp\/v2\/event"}],"about":[{"href":"https:\/\/www.anika-net.de\/tr\/wp-json\/wp\/v2\/types\/event"}],"author":[{"embeddable":true,"href":"https:\/\/www.anika-net.de\/tr\/wp-json\/wp\/v2\/users\/12"}],"version-history":[{"count":3,"href":"https:\/\/www.anika-net.de\/tr\/wp-json\/wp\/v2\/event\/47199\/revisions"}],"predecessor-version":[{"id":119774,"href":"https:\/\/www.anika-net.de\/tr\/wp-json\/wp\/v2\/event\/47199\/revisions\/119774"}],"acf:post":[{"embeddable":true,"href":"https:\/\/www.anika-net.de\/tr\/wp-json\/wp\/v2\/organiser\/16512"},{"embeddable":true,"href":"https:\/\/www.anika-net.de\/tr\/wp-json\/wp\/v2\/organiser\/31892"}],"acf:term":[{"embeddable":true,"taxonomy":"event_category","href":"https:\/\/www.anika-net.de\/tr\/wp-json\/wp\/v2\/event_category\/97"}],"wp:featuredmedia":[{"embeddable":true,"href":"https:\/\/www.anika-net.de\/tr\/wp-json\/wp\/v2\/media\/119751"}],"wp:attachment":[{"href":"https:\/\/www.anika-net.de\/tr\/wp-json\/wp\/v2\/media?parent=47199"}],"curies":[{"name":"wp","href":"https:\/\/api.w.org\/{rel}","templated":true}]}}