{"id":47135,"date":"2024-02-29T12:40:32","date_gmt":"2024-02-29T11:40:32","guid":{"rendered":"https:\/\/www.anika-net.de\/event\/karlsruhe-pass-cocuk-pass-60-plus\/"},"modified":"2024-02-29T12:40:32","modified_gmt":"2024-02-29T11:40:32","slug":"karlsruhe-pass-cocuk-pass-60-plus","status":"publish","type":"event","link":"https:\/\/www.anika-net.de\/tr\/event\/karlsruhe-pass-cocuk-pass-60-plus\/","title":{"rendered":"Karls\u00adru\u00adhe Pass \u2014 \u00c7ocuk Pass \u2014 60&nbsp;Plus"},"content":{"rendered":"<h1><span style=\"color: #800080;\">Karls\u00adru\u00adhe Pass \u2014 \u00c7ocuk Pass \u2014 60&nbsp;Plus<\/span><\/h1>\n<blockquote>\n<h3><span style=\"color: #666699;\"><em>Bir kez uygu\u00adla\u00ady\u0131n ve bir y\u0131l boyun\u00adca kullan\u0131n<\/em><\/span><\/h3>\n<\/blockquote>\n<p>\ud83c\udfaf Karls\u00adru\u00adhe Pas\u00ads\u00ad\u2019\u0131 kat\u0131\u00adl\u0131m\u00adc\u0131 bele\u00addi\u00adye\u00adler\u00adden temin edebilirsiniz<\/p>\n<p>Karls\u00adru\u00adhe Ge\u00e7i\u00addi\u00ad\u2019\u00adnin \ud83c\udfab tek\u00adlif\u00adle\u00adri \u00e7ok \u00e7e\u015fitlidir.<br>\n\ud83d\ude8aMobi\u00adli\u00adte \u2014 \ud83d\udeb4\ud83c\udffc\u200d\u2642\ufe0fSport \u2014 \u2600\ufe0f E\u011flen\u00adce \u2014 \ud83c\udfb6M\u00fczik \u2014 \ud83c\udfad Tiyat\u00adro \u2014 \ud83d\udcdaE\u011fi\u00adtim \u2014 \ud83d\udc5c Al\u0131\u015f\u00adve\u00adri\u015f \u2014 \ud83e\udd68&nbsp;Yemek<\/p>\n<blockquote>\n<h3><span style=\"color: #999999;\">\ud83d\udc49\ud83c\udffd <a href=\"https:\/\/karlsruher-pass.de\/angebote\/#\/\" rel=\"noopener\">Karls\u00adru\u00adhe b\u00f6l\u00adge\u00adsin\u00adde\u00adki tekliflere<\/a><\/span><\/h3>\n<\/blockquote>\n<h2><span style=\"color: #008080;\">Karls\u00adru\u00adhe Ge\u00e7idi<\/span><\/h2>\n<p>Karls\u00adru\u00adhe Pass, bo\u015f zaman, spor, k\u00fcl\u00adt\u00fcr, e\u011fi\u00adtim ve hare\u00adket\u00adli\u00adlik alan\u00adla\u00adr\u0131n\u00adda\u00adki kap\u00adsam\u00adl\u0131 <a href=\"https:\/\/karlsruher-pass.de\/angebote\/\" rel=\"noopener\">tek\u00adlif\u00adler<\/a> i\u00e7in indi\u00adrim \u015fek\u00adlin\u00adde \u00e7e\u015fit\u00adli avan\u00adtaj\u00adlar i\u00e7erir.<\/p>\n<h4><strong>Ge\u00e7i\u015f kar\u00adt\u0131 i\u00e7in kim\u00adler ba\u015fvurabilir?<\/strong><\/h4>\n<ul>\n<li>ALG II (SGB II), sos\u00adyal yar\u00add\u0131m (SGB XII), konut yar\u00add\u0131\u00adm\u0131, AsylbLG kap\u00adsa\u00adm\u0131n\u00adda yar\u00add\u0131m veya \u00e7ocuk zam\u00adm\u0131 alan veya SGB VIII kap\u00adsa\u00adm\u0131n\u00adda dene\u00adtim\u00adli bir konut\u00adta ya\u015fa\u00adyan veya d\u00fc\u015f\u00fck geli\u00adre sahip olan vatanda\u015flar.<\/li>\n<li>Sos\u00adyal yar\u00add\u0131m <u>alma\u00adyan<\/u> d\u00fc\u015f\u00fck gelir\u00adli ki\u015fi\u00adler i\u00e7in Karls\u00adru\u00adhe Pass hak\u00adk\u0131 do\u011f\u00adru\u00addan kar\u00adt\u0131 veren ofis\u00adte hesap\u00adla\u00adn\u0131r. Bu hesap\u00adla\u00adma i\u00e7in geli\u00adre ili\u015f\u00adkin bel\u00adge\u00adler, ban\u00adka hesap \u00f6zet\u00adle\u00adri ve muh\u00adte\u00adme\u00adlen di\u011fer bel\u00adge\u00adler gereklidir.<\/li>\n<\/ul>\n<h2><span style=\"color: #ff9900;\">\u00c7ocuk Kar\u00adt\u0131 \ud83c\udfab<br>\n<\/span><\/h2>\n<p>Karls\u00adru\u00adhe Kids Pass, kat\u0131\u00adl\u0131m\u00adc\u0131 bele\u00addi\u00adye\u00adler\u00adde\u00adki \u00e7ocuk\u00adlar ve gen\u00e7\u00adler i\u00e7in ge\u00e7er\u00adli\u00addir ve 18 ya\u015f\u0131\u00adna kadar uzat\u0131labilir.<\/p>\n<h4>Ge\u00e7i\u015f kar\u00adt\u0131 i\u00e7in kim\u00adler ba\u015fvurabilir?<\/h4>\n<ul>\n<li>ALG II (SBG II), sos\u00adyal yar\u00add\u0131m (SGB XII), konut yar\u00add\u0131\u00adm\u0131 veya \u00e7ocuk zam\u00adm\u0131 alan veya d\u00fc\u015f\u00fck gelir\u00adli ebe\u00adveyn\u00adle\u00adrin \u00e7ocuklar\u0131.<\/li>\n<li>A\u011f\u0131r engel\u00adli ser\u00adti\u00adfi\u00adka\u00ads\u0131 olan \u00e7ocuk\u00adlar ve enteg\u00adras\u00adyon yar\u00add\u0131\u00adm\u0131 alan \u00f6nem\u00adli \u00f6l\u00e7\u00fc\u00adde engel\u00adli \u00e7ocuklar.<\/li>\n<li>Koru\u00adyu\u00adcu \u00e7ocuk\u00adlar ve SGB VIII uya\u00adr\u0131n\u00adca yat\u0131\u00adl\u0131 bak\u0131m\u00adda olan \u00e7ocuk\u00adlar ve gen\u00e7ler.<\/li>\n<li>Be\u015f veya daha faz\u00adla re\u015fit olma\u00adyan \u00e7ocu\u00ad\u011fu olan aile\u00adle\u00adrin \u00e7ocuk\u00adla\u00adr\u0131 (l\u00fct\u00adfen do\u011fum bel\u00adge\u00adle\u00adri\u00adni veya kay\u0131t bel\u00adge\u00adle\u00adri\u00adni veya aile kay\u0131t\u00adla\u00adr\u0131\u00adn\u0131 getirin)<\/li>\n<li>Sos\u00adyal yar\u00add\u0131m <u>alma\u00adyan<\/u> d\u00fc\u015f\u00fck gelir\u00adli aile\u00adler i\u00e7in Karls\u00adru\u00adhe \u00c7ocuk Paso\u00adsu hak\u00adk\u0131 do\u011f\u00adru\u00addan paso\u00adyu veren kurum\u00adda hesap\u00adla\u00adn\u0131r. Bu hesap\u00adla\u00adma i\u00e7in geli\u00adre ili\u015f\u00adkin bel\u00adge\u00adler, ban\u00adka hesap \u00f6zet\u00adle\u00adri ve muh\u00adte\u00adme\u00adlen di\u011fer bel\u00adge\u00adler gereklidir.<\/li>\n<\/ul>\n<h2><span style=\"color: #666699;\">Karls\u00adru\u00adhe Pass 60Plus<\/span><\/h2>\n<h4>Ge\u00e7i\u015f kar\u00adt\u0131 i\u00e7in kim\u00adler ba\u015fvurabilir?<\/h4>\n<ul>\n<li>ALG II (SBG II), temel gelir des\u00adte\u00ad\u011fi (SGB XII) veya konut yar\u00add\u0131\u00adm\u0131 alan veya d\u00fc\u015f\u00fck gelir\u00adli veya d\u00fc\u015f\u00fck emek\u00adli maa\u015f\u0131 olan vatanda\u015flar.<\/li>\n<li>Sos\u00adyal yar\u00add\u0131m <u>alma\u00adyan<\/u> d\u00fc\u015f\u00fck gelir\u00adli ki\u015fi\u00adler i\u00e7in Karls\u00adru\u00adhe Pass hak\u00adk\u0131, kar\u00adt\u0131 veren ofis\u00adte birey\u00adsel ola\u00adrak hesap\u00adla\u00adn\u0131r. Bu durum\u00adda, <a href=\"https:\/\/karlsruher-pass.de\/wp-content\/uploads\/2019\/12\/Notwendige_Berechnungsunterlagen.pdf\" rel=\"noopener\">hesap\u00adla\u00adma i\u00e7in<\/a> l\u00fct\u00adfen a\u015fa\u00ad\u011f\u0131\u00adda\u00adki <a href=\"https:\/\/karlsruher-pass.de\/wp-content\/uploads\/2019\/12\/Notwendige_Berechnungsunterlagen.pdf\" rel=\"noopener\">bel\u00adge\u00adle\u00adri<\/a> yan\u0131\u00adn\u0131z\u00adda getirin.<\/li>\n<\/ul>\n<p>&nbsp;<\/p>\n","protected":false},"author":12,"featured_media":55306,"template":"","class_list":["post-47135","event","type-event","status-publish","has-post-thumbnail","hentry","event_category-bos-vakit"],"acf":{"event-recurring":true,"event-category":97,"event-is-language-course":false,"event-recurring-still-active":true,"event-display-details":true,"event-schedules-recurring":null,"event-schedules-calendar":null,"event-is-online":false,"event-online-url":"","event-location-building":"Jugendfreizeit- und Bildungswerk","event-location-street":"B\u00fcrgerstr. 16","event-location-zip":"76133","event-location-city":"Karlsruhe","event-location-contact-person":"","event-location-phone":"0721 133-5671","event-location-phone-2":"","event-location-mail":"jfbw@stja.de","event-location-mail-2":"","event-location-website":"https:\/\/karlsruher-pass.de\/","event-target-group":null,"event-target-group-comment":"D\u00fc\u015f\u00fck gelirli ki\u015filer i\u00e7in","event-free":true,"event-organiser":[16579,47100],"event-header-copyright-overlay":true,"event-copyright-note-description-end":false},"featured_image_urls_v2":{"full":["https:\/\/www.anika-net.de\/wp-content\/uploads\/2024\/02\/Karlsruher-Pass.png",470,329,false],"thumbnail":["https:\/\/www.anika-net.de\/wp-content\/uploads\/2024\/02\/Karlsruher-Pass-150x150.png",150,150,true],"medium":["https:\/\/www.anika-net.de\/wp-content\/uploads\/2024\/02\/Karlsruher-Pass-300x210.png",300,210,true],"medium_large":["https:\/\/www.anika-net.de\/wp-content\/uploads\/2024\/02\/Karlsruher-Pass.png",470,329,false],"large":["https:\/\/www.anika-net.de\/wp-content\/uploads\/2024\/02\/Karlsruher-Pass.png",470,329,false],"1536x1536":["https:\/\/www.anika-net.de\/wp-content\/uploads\/2024\/02\/Karlsruher-Pass.png",470,329,false],"2048x2048":["https:\/\/www.anika-net.de\/wp-content\/uploads\/2024\/02\/Karlsruher-Pass.png",470,329,false],"event-overview":["https:\/\/www.anika-net.de\/wp-content\/uploads\/2024\/02\/Karlsruher-Pass.png",470,329,false],"event-archive-thumb":["https:\/\/www.anika-net.de\/wp-content\/uploads\/2024\/02\/Karlsruher-Pass.png",470,329,false],"grid-item-thumbnail":["https:\/\/www.anika-net.de\/wp-content\/uploads\/2024\/02\/Karlsruher-Pass-360x200.png",360,200,true],"network-partner-icon":["https:\/\/www.anika-net.de\/wp-content\/uploads\/2024\/02\/Karlsruher-Pass-100x100.png",100,100,true],"organiser-icon":["https:\/\/www.anika-net.de\/wp-content\/uploads\/2024\/02\/Karlsruher-Pass-200x200.png",200,200,true],"gform-image-choice-sm":["https:\/\/www.anika-net.de\/wp-content\/uploads\/2024\/02\/Karlsruher-Pass.png",300,210,false],"gform-image-choice-md":["https:\/\/www.anika-net.de\/wp-content\/uploads\/2024\/02\/Karlsruher-Pass.png",400,280,false],"gform-image-choice-lg":["https:\/\/www.anika-net.de\/wp-content\/uploads\/2024\/02\/Karlsruher-Pass.png",470,329,false]},"post_excerpt_stackable_v2":"<p>Karls\u00adru\u00adhe Pass \u2014 \u00c7ocuk Pass \u2014 60&nbsp;Plus Bir kez uygu\u00adla\u00ady\u0131n ve bir y\u0131l boyun\u00adca kul\u00adla\u00adn\u0131n \ud83c\udfaf Karls\u00adru\u00adhe Pas\u00ads\u00ad\u2019\u0131 kat\u0131\u00adl\u0131m\u00adc\u0131 bele\u00addi\u00adye\u00adler\u00adden temin ede\u00adbi\u00adlir\u00adsi\u00adniz Karls\u00adru\u00adhe Ge\u00e7i\u00addi\u00ad\u2019\u00adnin \ud83c\udfab tek\u00adlif\u00adle\u00adri \u00e7ok \u00e7e\u015fit\u00adli\u00addir. \ud83d\ude8aMobi\u00adli\u00adte \u2014 \ud83d\udeb4\ud83c\udffc\u200d\u2642\ufe0fSport \u2014 \u2600\ufe0f E\u011flen\u00adce \u2014 \ud83c\udfb6M\u00fczik \u2014 \ud83c\udfad Tiyat\u00adro \u2014 \ud83d\udcdaE\u011fi\u00adtim \u2014 \ud83d\udc5c Al\u0131\u015f\u00adve\u00adri\u015f \u2014 \ud83e\udd68&nbsp;Yemek \ud83d\udc49\ud83c\udffd Karls\u00adru\u00adhe b\u00f6l\u00adge\u00adsin\u00adde\u00adki tek\u00adlif\u00adle\u00adre Karls\u00adru\u00adhe Ge\u00e7i\u00addi Karls\u00adru\u00adhe Pass, bo\u015f zaman, spor, k\u00fcl\u00adt\u00fcr, e\u011fi\u00adtim ve hare\u00adket\u00adli\u00adlik alan\u00adla\u00adr\u0131n\u00adda\u00adki kap\u00adsam\u00adl\u0131 tek\u00adlif\u00adler i\u00e7in indi\u00adrim \u015fek\u00adlin\u00adde \u00e7e\u015fit\u00adli avan\u00adtaj\u00adlar i\u00e7e\u00adrir. Ge\u00e7i\u015f kar\u00adt\u0131 i\u00e7in kim\u00adler ba\u015f\u00advu\u00adra\u00adbi\u00adlir? ALG II (SGB II), sos\u00adyal yar\u00add\u0131m (SGB XII), konut yar\u00add\u0131\u00adm\u0131, AsylbLG kap\u00adsa\u00adm\u0131n\u00adda yar\u00add\u0131m veya \u00e7ocuk zam\u00adm\u0131 alan veya SGB VIII kap\u00adsa\u00adm\u0131n\u00adda dene\u00adtim\u00adli bir konut\u00adta ya\u015fayan\u2026<\/p>\n","category_list_v2":"","author_info_v2":{"name":"Andrea Ramirez","url":"https:\/\/www.anika-net.de\/tr\/author\/andrea-ramirez\/"},"comments_num_v2":"0 comments","uagb_featured_image_src":{"full":["https:\/\/www.anika-net.de\/wp-content\/uploads\/2024\/02\/Karlsruher-Pass.png",470,329,false],"thumbnail":["https:\/\/www.anika-net.de\/wp-content\/uploads\/2024\/02\/Karlsruher-Pass-150x150.png",150,150,true],"medium":["https:\/\/www.anika-net.de\/wp-content\/uploads\/2024\/02\/Karlsruher-Pass-300x210.png",300,210,true],"medium_large":["https:\/\/www.anika-net.de\/wp-content\/uploads\/2024\/02\/Karlsruher-Pass.png",470,329,false],"large":["https:\/\/www.anika-net.de\/wp-content\/uploads\/2024\/02\/Karlsruher-Pass.png",470,329,false],"1536x1536":["https:\/\/www.anika-net.de\/wp-content\/uploads\/2024\/02\/Karlsruher-Pass.png",470,329,false],"2048x2048":["https:\/\/www.anika-net.de\/wp-content\/uploads\/2024\/02\/Karlsruher-Pass.png",470,329,false],"event-overview":["https:\/\/www.anika-net.de\/wp-content\/uploads\/2024\/02\/Karlsruher-Pass.png",470,329,false],"event-archive-thumb":["https:\/\/www.anika-net.de\/wp-content\/uploads\/2024\/02\/Karlsruher-Pass.png",470,329,false],"grid-item-thumbnail":["https:\/\/www.anika-net.de\/wp-content\/uploads\/2024\/02\/Karlsruher-Pass-360x200.png",360,200,true],"network-partner-icon":["https:\/\/www.anika-net.de\/wp-content\/uploads\/2024\/02\/Karlsruher-Pass-100x100.png",100,100,true],"organiser-icon":["https:\/\/www.anika-net.de\/wp-content\/uploads\/2024\/02\/Karlsruher-Pass-200x200.png",200,200,true],"gform-image-choice-sm":["https:\/\/www.anika-net.de\/wp-content\/uploads\/2024\/02\/Karlsruher-Pass.png",300,210,false],"gform-image-choice-md":["https:\/\/www.anika-net.de\/wp-content\/uploads\/2024\/02\/Karlsruher-Pass.png",400,280,false],"gform-image-choice-lg":["https:\/\/www.anika-net.de\/wp-content\/uploads\/2024\/02\/Karlsruher-Pass.png",470,329,false]},"uagb_author_info":{"display_name":"Andrea Ramirez","author_link":"https:\/\/www.anika-net.de\/tr\/author\/andrea-ramirez\/"},"uagb_comment_info":0,"uagb_excerpt":"Karls\u00adru\u00adhe Pass \u2014 \u00c7ocuk Pass \u2014 60&nbsp;Plus Bir kez uygu\u00adla\u00ady\u0131n ve bir y\u0131l boyun\u00adca kullan\u0131n \ud83c\udfaf Karls\u00adru\u00adhe Pas\u00ads\u00ad\u2019\u0131 kat\u0131\u00adl\u0131m\u00adc\u0131 bele\u00addi\u00adye\u00adler\u00adden temin edebilirsiniz Karls\u00adru\u00adhe Ge\u00e7i\u00addi\u00ad\u2019\u00adnin \ud83c\udfab tek\u00adlif\u00adle\u00adri \u00e7ok \u00e7e\u015fitlidir. \ud83d\ude8aMobi\u00adli\u00adte \u2014&nbsp;daha fazla okuyun","_links":{"self":[{"href":"https:\/\/www.anika-net.de\/tr\/wp-json\/wp\/v2\/event\/47135","targetHints":{"allow":["GET"]}}],"collection":[{"href":"https:\/\/www.anika-net.de\/tr\/wp-json\/wp\/v2\/event"}],"about":[{"href":"https:\/\/www.anika-net.de\/tr\/wp-json\/wp\/v2\/types\/event"}],"author":[{"embeddable":true,"href":"https:\/\/www.anika-net.de\/tr\/wp-json\/wp\/v2\/users\/12"}],"version-history":[{"count":0,"href":"https:\/\/www.anika-net.de\/tr\/wp-json\/wp\/v2\/event\/47135\/revisions"}],"acf:post":[{"embeddable":true,"href":"https:\/\/www.anika-net.de\/tr\/wp-json\/wp\/v2\/organiser\/47100"},{"embeddable":true,"href":"https:\/\/www.anika-net.de\/tr\/wp-json\/wp\/v2\/organiser\/16579"}],"acf:term":[{"embeddable":true,"taxonomy":"event_category","href":"https:\/\/www.anika-net.de\/tr\/wp-json\/wp\/v2\/event_category\/97"}],"wp:featuredmedia":[{"embeddable":true,"href":"https:\/\/www.anika-net.de\/tr\/wp-json\/wp\/v2\/media\/55306"}],"wp:attachment":[{"href":"https:\/\/www.anika-net.de\/tr\/wp-json\/wp\/v2\/media?parent=47135"}],"curies":[{"name":"wp","href":"https:\/\/api.w.org\/{rel}","templated":true}]}}