{"id":46991,"date":"2024-02-26T14:07:53","date_gmt":"2024-02-26T13:07:53","guid":{"rendered":"https:\/\/www.anika-net.de\/event\/mondo-2024-herkes-icin-bir-kutlama\/"},"modified":"2026-04-28T14:48:10","modified_gmt":"2026-04-28T12:48:10","slug":"mondo-2024-herkes-icin-bir-kutlama","status":"publish","type":"event","link":"https:\/\/www.anika-net.de\/tr\/event\/mondo-2024-herkes-icin-bir-kutlama\/","title":{"rendered":"MONDO 2026"},"content":{"rendered":"<div>\n<blockquote>\n<h3><span style=\"color: #666699;\"><em>MONDO \u201cd\u00fcn\u00adya\u201d anla\u00adm\u0131\u00adna&nbsp;gelir.<br>\nFes\u00adti\u00adval, d\u00fcn\u00adya\u00adn\u0131n d\u00f6rt bir yan\u0131n\u00addan gelen Karls\u00adru\u00adhe sakin\u00adle\u00adri\u00adnin k\u00fcl\u00adt\u00fc\u00adrel \u00e7e\u015fit\u00adli\u00adli\u00ad\u011fi\u00adni sergiliyor.&nbsp;<\/em><\/span><\/h3>\n<\/blockquote>\n<h1><span style=\"color: #800080;\">MONDO 2026 her\u00adkes i\u00e7in bir festival<br>\n<\/span><\/h1>\n<blockquote><p><em>11 Tem\u00admuz 2026 Cumar\u00adte\u00adsi g\u00fcn\u00fc, her\u00adkes i\u00e7in bir fes\u00adti\u00adval olan MON\u00adDO\u00ad\u2019\u00adyu, Karls\u00adru\u00adhe\u00ad\u2019\u00adde\u00adki k\u00fcl\u00adt\u00fcr\u00adle\u00adra\u00adra\u00ads\u0131 fes\u00adti\u00adva\u00adli Bil\u00addungs\u00adcam\u00adpu\u00ads\u00ad\u2019\u00adte kutlayaca\u011f\u0131z<\/em><\/p><\/blockquote>\n<p>Yaban\u00adc\u0131-Alman der\u00adnek\u00adle\u00adri ve kurum\u00adla\u00adr\u0131 stant\u00adla\u00adr\u0131 ve \u00e7e\u015fit\u00adli k\u00fcl\u00adt\u00fc\u00adrel prog\u00adram\u00adla\u00adr\u0131y\u00adla ken\u00addi\u00adle\u00adri\u00adni tan\u0131\u00adt\u0131\u00adyor. Karls\u00adru\u00adhe\u00ad\u2019\u00adde\u00adki k\u00fcl\u00adt\u00fcr\u00adle\u00adra\u00adra\u00ads\u0131 ve ulus\u00adla\u00adra\u00adra\u00ads\u0131 \u00e7al\u0131\u015f\u00adma\u00adlar\u00adla ilgi\u00adli g\u00fcn\u00adcel pro\u00adje\u00adler, faali\u00adyet\u00adler ve etkin\u00adlik\u00adler hak\u00adk\u0131n\u00adda bil\u00adgi verir\u00adler. D\u00fcn\u00adya\u00adn\u0131n her yerin\u00adden spe\u00adsi\u00adya\u00adli\u00adte\u00adler her yer\u00adde sunul\u00admak\u00adta\u00add\u0131r. Der\u00adnek\u00adler\u00adden g\u00f6n\u00fcl\u00adl\u00fc\u00adler yemek\u00adler\u00adden sorum\u00adlu\u00addur ve b\u00f6y\u00adle\u00adce di\u011fer fes\u00adti\u00adval\u00adler\u00adde bulun\u00adma\u00ads\u0131 zor bir otan\u00adtik\u00adli\u00ad\u011fi garan\u00adti ederler.<\/p>\n<p>Karls\u00adru\u00adhe\u00ad\u2019\u00adnin \u00e7e\u015fit\u00adli\u00adli\u00ad\u011fi ve renk\u00adli\u00adli\u00ad\u011fi MONDO 2026\u2019da t\u00fcm duyu\u00adlar\u00adla deneyimlenebilir.<\/p>\n<p>T\u00fcm d\u00fcn\u00adya\u00adda ve ayn\u0131 zaman\u00adda Avru\u00adpa\u00ad\u2019\u00adn\u0131n kal\u00adbin\u00adde ya\u015fa\u00adnan \u00e7at\u0131\u015f\u00adma\u00adlar ve sava\u015f\u00adlar kar\u00ad\u015f\u0131\u00ads\u0131n\u00adda, Karls\u00adru\u00adhe\u00ad\u2019\u00adde bar\u0131\u015f i\u00e7in\u00adde bir ara\u00adda ya\u015fa\u00adma ve fark\u00adl\u0131 k\u00fcl\u00adt\u00fcr\u00adle\u00adrin bir ara\u00adda kut\u00adlan\u00adma\u00ads\u0131 umut veri\u00adci bir i\u015farettir.<\/p>\n<h3><span style=\"color: #008080;\"><strong>Stan\u00add\u0131\u00adn\u0131z\u00adla kat\u0131l\u00admak ister misiniz?<\/strong><\/span><\/h3>\n<\/div>\n<p>Siz ve grup\u00adla\u00adr\u0131\u00adn\u0131z bu y\u0131l bir bil\u00adgi\u00adlen\u00addir\u00adme stan\u00add\u0131, yiyecek stan\u00add\u0131, sah\u00adne\u00adde \u015far\u00adk\u0131\u00adlar, dans\u00adlar, per\u00adfor\u00admans\u00adlar ya da eylem\/toplant\u0131 ada\u00adla\u00adr\u0131\u00adm\u0131z\u00addan birin\u00adde bir etkin\u00adlik\u00adle kat\u0131\u00adl\u0131r\u00adsa\u00adn\u0131z \u00e7ok mem\u00adnun oluruz.<\/p>\n<p>Fikir\u00adle\u00adri\u00adniz\u00adle bize gelin, fes\u00adti\u00adval renk\u00adli ve her\u00adkes i\u00e7in olmal\u0131.<\/p>\n","protected":false},"author":12,"featured_media":58938,"template":"","class_list":["post-46991","event","type-event","status-publish","has-post-thumbnail","hentry","event_category-bos-vakit"],"acf":{"event-recurring":false,"event-category":97,"event-is-language-course":false,"event-recurring-still-active":true,"event-display-details":true,"event-schedules-recurring":null,"event-schedules-calendar":[{"event-calendar-day":"20260711","event-calendar-time":"14:00 - 19:00","event-calendar-time-text":""}],"event-is-online":false,"event-online-url":"","event-location-building":"Bildungscampus","event-location-street":"Kaiseralle 12 d","event-location-zip":"76133","event-location-city":"Karlsruhe","event-location-contact-person":"","event-location-phone":"0721 \u2013 89 333 710","event-location-phone-2":"","event-location-mail":"info@ibz-karlsruhe.de","event-location-mail-2":"","event-location-website":"https:\/\/www.ibz-karlsruhe.de\/","event-target-group":[{"target-group":"all"}],"event-target-group-comment":"","event-free":true,"event-organiser":[16249,34261],"event-header-copyright-overlay":true,"event-copyright-note-description-end":false},"featured_image_urls_v2":{"full":["https:\/\/www.anika-net.de\/wp-content\/uploads\/2024\/02\/MONDO_instagram_feed_leer_gelb_NEU.jpg",1080,287,false],"thumbnail":["https:\/\/www.anika-net.de\/wp-content\/uploads\/2024\/02\/MONDO_instagram_feed_leer_gelb_NEU-150x150.jpg",150,150,true],"medium":["https:\/\/www.anika-net.de\/wp-content\/uploads\/2024\/02\/MONDO_instagram_feed_leer_gelb_NEU-300x80.jpg",300,80,true],"medium_large":["https:\/\/www.anika-net.de\/wp-content\/uploads\/2024\/02\/MONDO_instagram_feed_leer_gelb_NEU-768x204.jpg",640,170,true],"large":["https:\/\/www.anika-net.de\/wp-content\/uploads\/2024\/02\/MONDO_instagram_feed_leer_gelb_NEU-1024x272.jpg",640,170,true],"1536x1536":["https:\/\/www.anika-net.de\/wp-content\/uploads\/2024\/02\/MONDO_instagram_feed_leer_gelb_NEU.jpg",1080,287,false],"2048x2048":["https:\/\/www.anika-net.de\/wp-content\/uploads\/2024\/02\/MONDO_instagram_feed_leer_gelb_NEU.jpg",1080,287,false],"event-overview":["https:\/\/www.anika-net.de\/wp-content\/uploads\/2024\/02\/MONDO_instagram_feed_leer_gelb_NEU-960x287.jpg",960,287,true],"event-archive-thumb":["https:\/\/www.anika-net.de\/wp-content\/uploads\/2024\/02\/MONDO_instagram_feed_leer_gelb_NEU-480x128.jpg",480,128,true],"grid-item-thumbnail":["https:\/\/www.anika-net.de\/wp-content\/uploads\/2024\/02\/MONDO_instagram_feed_leer_gelb_NEU-360x200.jpg",360,200,true],"network-partner-icon":["https:\/\/www.anika-net.de\/wp-content\/uploads\/2024\/02\/MONDO_instagram_feed_leer_gelb_NEU-100x100.jpg",100,100,true],"organiser-icon":["https:\/\/www.anika-net.de\/wp-content\/uploads\/2024\/02\/MONDO_instagram_feed_leer_gelb_NEU-200x200.jpg",200,200,true],"gform-image-choice-sm":["https:\/\/www.anika-net.de\/wp-content\/uploads\/2024\/02\/MONDO_instagram_feed_leer_gelb_NEU.jpg",300,80,false],"gform-image-choice-md":["https:\/\/www.anika-net.de\/wp-content\/uploads\/2024\/02\/MONDO_instagram_feed_leer_gelb_NEU.jpg",400,106,false],"gform-image-choice-lg":["https:\/\/www.anika-net.de\/wp-content\/uploads\/2024\/02\/MONDO_instagram_feed_leer_gelb_NEU.jpg",600,159,false]},"post_excerpt_stackable_v2":"<p>MONDO \u201cd\u00fcn\u00adya\u201d anla\u00adm\u0131\u00adna&nbsp;gelir. Fes\u00adti\u00adval, d\u00fcn\u00adya\u00adn\u0131n d\u00f6rt bir yan\u0131n\u00addan gelen Karls\u00adru\u00adhe sakin\u00adle\u00adri\u00adnin k\u00fcl\u00adt\u00fc\u00adrel \u00e7e\u015fit\u00adli\u00adli\u00ad\u011fi\u00adni ser\u00adgi\u00adli\u00adyor.&nbsp; MONDO 2026 her\u00adkes i\u00e7in bir fes\u00adti\u00adval 11 Tem\u00admuz 2026 Cumar\u00adte\u00adsi g\u00fcn\u00fc, her\u00adkes i\u00e7in bir fes\u00adti\u00adval olan MON\u00adDO\u00ad\u2019\u00adyu, Karls\u00adru\u00adhe\u00ad\u2019\u00adde\u00adki k\u00fcl\u00adt\u00fcr\u00adle\u00adra\u00adra\u00ads\u0131 fes\u00adti\u00adva\u00adli Bil\u00addungs\u00adcam\u00adpu\u00ads\u00ad\u2019\u00adte kut\u00adla\u00adya\u00adca\u00ad\u011f\u0131z Yaba\u00adn\u00ad\u00ad\u00adc\u0131-Alman der\u00adnek\u00adle\u00adri ve kurum\u00adla\u00adr\u0131 stant\u00adla\u00adr\u0131 ve \u00e7e\u015fit\u00adli k\u00fcl\u00adt\u00fc\u00adrel prog\u00adram\u00adla\u00adr\u0131y\u00adla ken\u00addi\u00adle\u00adri\u00adni tan\u0131\u00adt\u0131\u00adyor. Karls\u00adru\u00adhe\u00ad\u2019\u00adde\u00adki k\u00fcl\u00adt\u00fcr\u00adle\u00adra\u00adra\u00ads\u0131 ve ulus\u00adla\u00adra\u00adra\u00ads\u0131 \u00e7al\u0131\u015f\u00adma\u00adlar\u00adla ilgi\u00adli g\u00fcn\u00adcel pro\u00adje\u00adler, faali\u00adyet\u00adler ve etkin\u00adlik\u00adler hak\u00adk\u0131n\u00adda bil\u00adgi verir\u00adler. D\u00fcn\u00adya\u00adn\u0131n her yerin\u00adden spe\u00adsi\u00adya\u00adli\u00adte\u00adler her yer\u00adde sunul\u00admak\u00adta\u00add\u0131r. Der\u00adnek\u00adler\u00adden g\u00f6n\u00fcl\u00adl\u00fc\u00adler yemek\u00adler\u00adden sorum\u00adlu\u00addur ve b\u00f6y\u00adle\u00adce di\u011fer fes\u00adti\u00adval\u00adler\u00adde bulun\u00adma\u00ads\u0131 zor bir otan\u00adtik\u00adli\u00ad\u011fi garan\u00adti eder\u00adler. Karls\u00adru\u00adhe\u00ad\u2019\u00adnin \u00e7e\u015fit\u00adli\u00adli\u00ad\u011fi ve renk\u00adli\u00adli\u00ad\u011fi MONDO 2026\u2019da t\u00fcm duyu\u00adlar\u00adla dene\u00adyim\u00adle\u00adne\u00adbi\u00adlir. T\u00fcm d\u00fcn\u00adya\u00adda ve ayn\u0131 zaman\u00adda Avru\u00adpa\u00ad\u2019\u00adn\u0131n kal\u00adbin\u00adde ya\u015fa\u00adnan \u00e7at\u0131\u015fmalar\u2026<\/p>\n","category_list_v2":"","author_info_v2":{"name":"Andrea Ramirez","url":"https:\/\/www.anika-net.de\/tr\/author\/andrea-ramirez\/"},"comments_num_v2":"0 comments","uagb_featured_image_src":{"full":["https:\/\/www.anika-net.de\/wp-content\/uploads\/2024\/02\/MONDO_instagram_feed_leer_gelb_NEU.jpg",1080,287,false],"thumbnail":["https:\/\/www.anika-net.de\/wp-content\/uploads\/2024\/02\/MONDO_instagram_feed_leer_gelb_NEU-150x150.jpg",150,150,true],"medium":["https:\/\/www.anika-net.de\/wp-content\/uploads\/2024\/02\/MONDO_instagram_feed_leer_gelb_NEU-300x80.jpg",300,80,true],"medium_large":["https:\/\/www.anika-net.de\/wp-content\/uploads\/2024\/02\/MONDO_instagram_feed_leer_gelb_NEU-768x204.jpg",640,170,true],"large":["https:\/\/www.anika-net.de\/wp-content\/uploads\/2024\/02\/MONDO_instagram_feed_leer_gelb_NEU-1024x272.jpg",640,170,true],"1536x1536":["https:\/\/www.anika-net.de\/wp-content\/uploads\/2024\/02\/MONDO_instagram_feed_leer_gelb_NEU.jpg",1080,287,false],"2048x2048":["https:\/\/www.anika-net.de\/wp-content\/uploads\/2024\/02\/MONDO_instagram_feed_leer_gelb_NEU.jpg",1080,287,false],"event-overview":["https:\/\/www.anika-net.de\/wp-content\/uploads\/2024\/02\/MONDO_instagram_feed_leer_gelb_NEU-960x287.jpg",960,287,true],"event-archive-thumb":["https:\/\/www.anika-net.de\/wp-content\/uploads\/2024\/02\/MONDO_instagram_feed_leer_gelb_NEU-480x128.jpg",480,128,true],"grid-item-thumbnail":["https:\/\/www.anika-net.de\/wp-content\/uploads\/2024\/02\/MONDO_instagram_feed_leer_gelb_NEU-360x200.jpg",360,200,true],"network-partner-icon":["https:\/\/www.anika-net.de\/wp-content\/uploads\/2024\/02\/MONDO_instagram_feed_leer_gelb_NEU-100x100.jpg",100,100,true],"organiser-icon":["https:\/\/www.anika-net.de\/wp-content\/uploads\/2024\/02\/MONDO_instagram_feed_leer_gelb_NEU-200x200.jpg",200,200,true],"gform-image-choice-sm":["https:\/\/www.anika-net.de\/wp-content\/uploads\/2024\/02\/MONDO_instagram_feed_leer_gelb_NEU.jpg",300,80,false],"gform-image-choice-md":["https:\/\/www.anika-net.de\/wp-content\/uploads\/2024\/02\/MONDO_instagram_feed_leer_gelb_NEU.jpg",400,106,false],"gform-image-choice-lg":["https:\/\/www.anika-net.de\/wp-content\/uploads\/2024\/02\/MONDO_instagram_feed_leer_gelb_NEU.jpg",600,159,false]},"uagb_author_info":{"display_name":"Andrea Ramirez","author_link":"https:\/\/www.anika-net.de\/tr\/author\/andrea-ramirez\/"},"uagb_comment_info":0,"uagb_excerpt":"MONDO \u201cd\u00fcn\u00adya\u201d anla\u00adm\u0131\u00adna&nbsp;gelir. Fes\u00adti\u00adval, d\u00fcn\u00adya\u00adn\u0131n d\u00f6rt bir yan\u0131n\u00addan gelen Karls\u00adru\u00adhe sakin\u00adle\u00adri\u00adnin k\u00fcl\u00adt\u00fc\u00adrel \u00e7e\u015fit\u00adli\u00adli\u00ad\u011fi\u00adni sergiliyor.&nbsp; MONDO 2026 her\u00adkes i\u00e7in bir festival 11 Tem\u00admuz 2026 Cumar\u00adte\u00adsi g\u00fcn\u00fc, her\u00adkes i\u00e7in bir fes\u00adti\u00adval olan&nbsp;daha fazla okuyun","_links":{"self":[{"href":"https:\/\/www.anika-net.de\/tr\/wp-json\/wp\/v2\/event\/46991","targetHints":{"allow":["GET"]}}],"collection":[{"href":"https:\/\/www.anika-net.de\/tr\/wp-json\/wp\/v2\/event"}],"about":[{"href":"https:\/\/www.anika-net.de\/tr\/wp-json\/wp\/v2\/types\/event"}],"author":[{"embeddable":true,"href":"https:\/\/www.anika-net.de\/tr\/wp-json\/wp\/v2\/users\/12"}],"version-history":[{"count":2,"href":"https:\/\/www.anika-net.de\/tr\/wp-json\/wp\/v2\/event\/46991\/revisions"}],"predecessor-version":[{"id":121488,"href":"https:\/\/www.anika-net.de\/tr\/wp-json\/wp\/v2\/event\/46991\/revisions\/121488"}],"acf:post":[{"embeddable":true,"href":"https:\/\/www.anika-net.de\/tr\/wp-json\/wp\/v2\/organiser\/34261"},{"embeddable":true,"href":"https:\/\/www.anika-net.de\/tr\/wp-json\/wp\/v2\/organiser\/16249"}],"acf:term":[{"embeddable":true,"taxonomy":"event_category","href":"https:\/\/www.anika-net.de\/tr\/wp-json\/wp\/v2\/event_category\/97"}],"wp:featuredmedia":[{"embeddable":true,"href":"https:\/\/www.anika-net.de\/tr\/wp-json\/wp\/v2\/media\/58938"}],"wp:attachment":[{"href":"https:\/\/www.anika-net.de\/tr\/wp-json\/wp\/v2\/media?parent=46991"}],"curies":[{"name":"wp","href":"https:\/\/api.w.org\/{rel}","templated":true}]}}