{"id":46600,"date":"2024-01-29T17:46:58","date_gmt":"2024-01-29T16:46:58","guid":{"rendered":"https:\/\/www.anika-net.de\/event\/karlsruhe-karnaval-gecit-toreni-2024\/"},"modified":"2024-01-29T17:46:58","modified_gmt":"2024-01-29T16:46:58","slug":"karlsruhe-karnaval-gecit-toreni-2024","status":"publish","type":"event","link":"https:\/\/www.anika-net.de\/tr\/event\/karlsruhe-karnaval-gecit-toreni-2024\/","title":{"rendered":"Karls\u00adru\u00adhe kar\u00adna\u00adval ge\u00e7it t\u00f6re\u00adni&nbsp;2024"},"content":{"rendered":"<h1><span style=\"color: #800080;\"><strong>Karls\u00adru\u00adhe kar\u00adna\u00adval ge\u00e7it t\u00f6re\u00adni&nbsp;2024<\/strong><\/span><\/h1>\n<p>Kar\u00adna\u00adval ala\u00ady\u0131 Karls\u00adru\u00adhe sokak\u00adla\u00adr\u0131n\u00adda m\u00fczik ve renk\u00adli ko\u015fu\u015f\u00adtur\u00adma\u00adlar e\u015fli\u00ad\u011fin\u00adde iler\u00adli\u00adyor. Ge\u00e7it t\u00f6re\u00adni \u201cKeh\u00adra\u00adus\u201d ve bele\u00addi\u00adye bina\u00ads\u0131\u00adn\u0131n \u00f6n\u00fcn\u00adde\u00adki kar\u00adna\u00adval cena\u00adze\u00adsi ile sona&nbsp;erer.<\/p>\n<p><strong>G\u00fczer\u00adgah<\/strong> Her\u00admann-Bil\u00adling-Stra\u00ad\u00dfe \u2014 Bei\u00adert\u00adhe\u00adimer Allee \u2014 Mathyst\u00adra\u00ad\u00dfe \u2014 Karlst\u00adra\u00ad\u00dfe \u2014 Kaiserst\u00adra\u00ad\u00dfe \u2014 Marktp\u00adlatz \u2014 Rondellplatz<\/p>\n<p><strong>Par\u00adti:<\/strong> Ge\u00e7it t\u00f6re\u00adni\u00adnin ard\u0131n\u00addan kat\u0131\u00adl\u0131m\u00adc\u0131\u00adlar pazar mey\u00adda\u00adn\u0131n\u00adda her t\u00fcr\u00adl\u00fc dans g\u00f6s\u00adte\u00adri\u00adsi, m\u00fczik ve anah\u00adtar\u00adla\u00adr\u0131n gele\u00adnek\u00adsel ola\u00adrak Bele\u00addi\u00adye Ba\u015f\u00adka\u00adn\u0131\u00adna tes\u00adlim edil\u00adme\u00adsi\u00adni i\u00e7e\u00adren bir sah\u00adne prog\u00adra\u00adm\u0131 d\u00fczen\u00adler\u00adler. Ayr\u0131\u00adca en iyi ayak ve \u015faman\u00add\u0131\u00adra grup\u00adla\u00adr\u0131\u00adna \u00f6d\u00fcl\u00adler veril\u00admek\u00adte ve Karls\u00adru\u00adhe kar\u00adna\u00adva\u00adl\u0131 ak\u015fam 6.11 sula\u00adr\u0131n\u00adda top\u00adra\u00ad\u011fa verilmektedir.<\/p>\n","protected":false},"author":12,"featured_media":46587,"template":"","class_list":["post-46600","event","type-event","status-publish","has-post-thumbnail","hentry","event_category-bos-vakit"],"acf":{"event-recurring":false,"event-category":97,"event-is-language-course":false,"event-recurring-still-active":true,"event-display-details":true,"event-schedules-recurring":null,"event-schedules-calendar":[{"event-calendar-day":"20240213","event-calendar-time":"14:11 - 18:11","event-calendar-time-text":""}],"event-is-online":false,"event-online-url":"","event-location-building":"","event-location-street":"City center","event-location-zip":"","event-location-city":"Karlsruhe","event-location-contact-person":"","event-location-phone":"","event-location-phone-2":"","event-location-mail":"","event-location-mail-2":"","event-location-website":"","event-target-group":[{"target-group":"all"}],"event-target-group-comment":"","event-free":true,"event-organiser":[16486],"event-header-copyright-overlay":true,"event-copyright-note-description-end":false},"featured_image_urls_v2":{"full":["https:\/\/www.anika-net.de\/wp-content\/uploads\/2024\/01\/fasching-KA.jpg",945,703,false],"thumbnail":["https:\/\/www.anika-net.de\/wp-content\/uploads\/2024\/01\/fasching-KA-150x150.jpg",150,150,true],"medium":["https:\/\/www.anika-net.de\/wp-content\/uploads\/2024\/01\/fasching-KA-300x223.jpg",300,223,true],"medium_large":["https:\/\/www.anika-net.de\/wp-content\/uploads\/2024\/01\/fasching-KA-768x571.jpg",640,476,true],"large":["https:\/\/www.anika-net.de\/wp-content\/uploads\/2024\/01\/fasching-KA.jpg",640,476,false],"1536x1536":["https:\/\/www.anika-net.de\/wp-content\/uploads\/2024\/01\/fasching-KA.jpg",945,703,false],"2048x2048":["https:\/\/www.anika-net.de\/wp-content\/uploads\/2024\/01\/fasching-KA.jpg",945,703,false],"event-overview":["https:\/\/www.anika-net.de\/wp-content\/uploads\/2024\/01\/fasching-KA-945x640.jpg",945,640,true],"event-archive-thumb":["https:\/\/www.anika-net.de\/wp-content\/uploads\/2024\/01\/fasching-KA-480x357.jpg",480,357,true],"grid-item-thumbnail":["https:\/\/www.anika-net.de\/wp-content\/uploads\/2024\/01\/fasching-KA-360x200.jpg",360,200,true],"network-partner-icon":["https:\/\/www.anika-net.de\/wp-content\/uploads\/2024\/01\/fasching-KA-100x100.jpg",100,100,true],"organiser-icon":["https:\/\/www.anika-net.de\/wp-content\/uploads\/2024\/01\/fasching-KA-200x200.jpg",200,200,true],"gform-image-choice-sm":["https:\/\/www.anika-net.de\/wp-content\/uploads\/2024\/01\/fasching-KA.jpg",300,223,false],"gform-image-choice-md":["https:\/\/www.anika-net.de\/wp-content\/uploads\/2024\/01\/fasching-KA.jpg",400,298,false],"gform-image-choice-lg":["https:\/\/www.anika-net.de\/wp-content\/uploads\/2024\/01\/fasching-KA.jpg",600,446,false]},"post_excerpt_stackable_v2":"<p>Karls\u00adru\u00adhe kar\u00adna\u00adval ge\u00e7it t\u00f6re\u00adni&nbsp;2024 Kar\u00adna\u00adval ala\u00ady\u0131 Karls\u00adru\u00adhe sokak\u00adla\u00adr\u0131n\u00adda m\u00fczik ve renk\u00adli ko\u015fu\u015f\u00adtur\u00adma\u00adlar e\u015fli\u00ad\u011fin\u00adde iler\u00adli\u00adyor. Ge\u00e7it t\u00f6re\u00adni \u201cKeh\u00adra\u00adus\u201d ve bele\u00addi\u00adye bina\u00ads\u0131\u00adn\u0131n \u00f6n\u00fcn\u00adde\u00adki kar\u00adna\u00adval cena\u00adze\u00adsi ile sona&nbsp;erer. G\u00fczer\u00adgah Her\u00ad\u00ad\u00admann-Bil\u00ad\u00ad\u00adling-Stra\u00ad\u00ad\u00dfe \u2014 Bei\u00adert\u00adhe\u00adimer Allee \u2014 Mathyst\u00adra\u00ad\u00dfe \u2014 Karlst\u00adra\u00ad\u00dfe \u2014 Kaiserst\u00adra\u00ad\u00dfe \u2014 Marktp\u00adlatz \u2014 Ron\u00addellp\u00adlatz Par\u00adti: Ge\u00e7it t\u00f6re\u00adni\u00adnin ard\u0131n\u00addan kat\u0131\u00adl\u0131m\u00adc\u0131\u00adlar pazar mey\u00adda\u00adn\u0131n\u00adda her t\u00fcr\u00adl\u00fc dans g\u00f6s\u00adte\u00adri\u00adsi, m\u00fczik ve anah\u00adtar\u00adla\u00adr\u0131n gele\u00adnek\u00adsel ola\u00adrak Bele\u00addi\u00adye Ba\u015f\u00adka\u00adn\u0131\u00adna tes\u00adlim edil\u00adme\u00adsi\u00adni i\u00e7e\u00adren bir sah\u00adne prog\u00adra\u00adm\u0131 d\u00fczen\u00adler\u00adler. Ayr\u0131\u00adca en iyi ayak ve \u015faman\u00add\u0131\u00adra grup\u00adla\u00adr\u0131\u00adna \u00f6d\u00fcl\u00adler veril\u00admek\u00adte ve Karls\u00adru\u00adhe kar\u00adna\u00adva\u00adl\u0131 ak\u015fam 6.11 sula\u00adr\u0131n\u00adda top\u00adra\u00ad\u011fa verilmektedir.<\/p>\n","category_list_v2":"","author_info_v2":{"name":"Andrea Ramirez","url":"https:\/\/www.anika-net.de\/tr\/author\/andrea-ramirez\/"},"comments_num_v2":"0 comments","uagb_featured_image_src":{"full":["https:\/\/www.anika-net.de\/wp-content\/uploads\/2024\/01\/fasching-KA.jpg",945,703,false],"thumbnail":["https:\/\/www.anika-net.de\/wp-content\/uploads\/2024\/01\/fasching-KA-150x150.jpg",150,150,true],"medium":["https:\/\/www.anika-net.de\/wp-content\/uploads\/2024\/01\/fasching-KA-300x223.jpg",300,223,true],"medium_large":["https:\/\/www.anika-net.de\/wp-content\/uploads\/2024\/01\/fasching-KA-768x571.jpg",640,476,true],"large":["https:\/\/www.anika-net.de\/wp-content\/uploads\/2024\/01\/fasching-KA.jpg",640,476,false],"1536x1536":["https:\/\/www.anika-net.de\/wp-content\/uploads\/2024\/01\/fasching-KA.jpg",945,703,false],"2048x2048":["https:\/\/www.anika-net.de\/wp-content\/uploads\/2024\/01\/fasching-KA.jpg",945,703,false],"event-overview":["https:\/\/www.anika-net.de\/wp-content\/uploads\/2024\/01\/fasching-KA-945x640.jpg",945,640,true],"event-archive-thumb":["https:\/\/www.anika-net.de\/wp-content\/uploads\/2024\/01\/fasching-KA-480x357.jpg",480,357,true],"grid-item-thumbnail":["https:\/\/www.anika-net.de\/wp-content\/uploads\/2024\/01\/fasching-KA-360x200.jpg",360,200,true],"network-partner-icon":["https:\/\/www.anika-net.de\/wp-content\/uploads\/2024\/01\/fasching-KA-100x100.jpg",100,100,true],"organiser-icon":["https:\/\/www.anika-net.de\/wp-content\/uploads\/2024\/01\/fasching-KA-200x200.jpg",200,200,true],"gform-image-choice-sm":["https:\/\/www.anika-net.de\/wp-content\/uploads\/2024\/01\/fasching-KA.jpg",300,223,false],"gform-image-choice-md":["https:\/\/www.anika-net.de\/wp-content\/uploads\/2024\/01\/fasching-KA.jpg",400,298,false],"gform-image-choice-lg":["https:\/\/www.anika-net.de\/wp-content\/uploads\/2024\/01\/fasching-KA.jpg",600,446,false]},"uagb_author_info":{"display_name":"Andrea Ramirez","author_link":"https:\/\/www.anika-net.de\/tr\/author\/andrea-ramirez\/"},"uagb_comment_info":0,"uagb_excerpt":"Karls\u00adru\u00adhe kar\u00adna\u00adval ge\u00e7it t\u00f6re\u00adni&nbsp;2024 Kar\u00adna\u00adval ala\u00ady\u0131 Karls\u00adru\u00adhe sokak\u00adla\u00adr\u0131n\u00adda m\u00fczik ve renk\u00adli ko\u015fu\u015f\u00adtur\u00adma\u00adlar e\u015fli\u00ad\u011fin\u00adde iler\u00adli\u00adyor. Ge\u00e7it t\u00f6re\u00adni \u201cKeh\u00adra\u00adus\u201d ve bele\u00addi\u00adye bina\u00ads\u0131\u00adn\u0131n \u00f6n\u00fcn\u00adde\u00adki kar\u00adna\u00adval cena\u00adze\u00adsi ile sona&nbsp;erer. G\u00fczer\u00adgah Her\u00admann-Bil\u00adling-Stra\u00ad\u00dfe \u2014 Bei\u00adert\u00adhe\u00adimer Allee&nbsp;daha fazla okuyun","_links":{"self":[{"href":"https:\/\/www.anika-net.de\/tr\/wp-json\/wp\/v2\/event\/46600","targetHints":{"allow":["GET"]}}],"collection":[{"href":"https:\/\/www.anika-net.de\/tr\/wp-json\/wp\/v2\/event"}],"about":[{"href":"https:\/\/www.anika-net.de\/tr\/wp-json\/wp\/v2\/types\/event"}],"author":[{"embeddable":true,"href":"https:\/\/www.anika-net.de\/tr\/wp-json\/wp\/v2\/users\/12"}],"version-history":[{"count":0,"href":"https:\/\/www.anika-net.de\/tr\/wp-json\/wp\/v2\/event\/46600\/revisions"}],"acf:post":[{"embeddable":true,"href":"https:\/\/www.anika-net.de\/tr\/wp-json\/wp\/v2\/organiser\/16486"}],"acf:term":[{"embeddable":true,"taxonomy":"event_category","href":"https:\/\/www.anika-net.de\/tr\/wp-json\/wp\/v2\/event_category\/97"}],"wp:featuredmedia":[{"embeddable":true,"href":"https:\/\/www.anika-net.de\/tr\/wp-json\/wp\/v2\/media\/46587"}],"wp:attachment":[{"href":"https:\/\/www.anika-net.de\/tr\/wp-json\/wp\/v2\/media?parent=46600"}],"curies":[{"name":"wp","href":"https:\/\/api.w.org\/{rel}","templated":true}]}}