{"id":46535,"date":"2024-01-29T14:28:43","date_gmt":"2024-01-29T13:28:43","guid":{"rendered":"https:\/\/www.anika-net.de\/event\/kultur-kavsagi-ukraynadan-almanyaya-bir-yolculuk\/"},"modified":"2024-01-29T14:28:43","modified_gmt":"2024-01-29T13:28:43","slug":"kultur-kavsagi-ukraynadan-almanyaya-bir-yolculuk","status":"publish","type":"event","link":"https:\/\/www.anika-net.de\/tr\/event\/kultur-kavsagi-ukraynadan-almanyaya-bir-yolculuk\/","title":{"rendered":"K\u00fcl\u00adt\u00fcr Kav\u00ad\u015fa\u00ad\u011f\u0131: Ukray\u00adna\u00ad\u2019\u00addan Alman\u00adya\u00ad\u2019\u00adya Bir Yolculuk"},"content":{"rendered":"<h3><span style=\"color: #008080;\">D\u00fcn\u00adya Bilim Kafesi<\/span><\/h3>\n<h2><strong><span style=\"color: #800080;\">K\u00fcl\u00adt\u00fcr Kav\u00ad\u015fa\u00ad\u011f\u0131: Ukray\u00adna\u00ad\u2019\u00addan Alman\u00adya\u00ad\u2019\u00adya Bir Yolculuk<\/span><br>\n<\/strong><\/h2>\n<p><strong>\ud83c\udf93 ile Do\u00e7.  <\/strong><strong>Dr. Ivan Balykin<br>\n<\/strong><\/p>\n<p><strong>Dr. Ivan Baly\u00adkin <\/strong>halen Mann\u00adhe\u00adim \u00dcni\u00adver\u00adsi\u00adte\u00adsi \u00c7a\u011f\u00adda\u015f Tarih K\u00fcr\u00ads\u00fc\u00ads\u00fc\u00ad\u2019n\u00adde Ara\u015f\u00adt\u0131r\u00adma G\u00f6rev\u00adli\u00adsi ola\u00adrak \u00e7al\u0131\u015f\u00admak\u00adta\u00add\u0131r. Konu\u015f\u00adma\u00adc\u0131 hak\u00adk\u0131n\u00adda daha faz\u00adla bil\u00adgi\u00adye <a href=\"https:\/\/www.phil.uni-mannheim.de\/zeitgeschichte\/team\/ivan-balykin\/#c349107\" rel=\"noopener\">bura\u00addan<\/a> ula\u015fabilirsiniz.<\/p>\n<p>Konu\u015f\u00adma, KIT Se\u00e7\u00adkin K\u0131dem\u00adli \u00dcye\u00adsi <strong>Pro\u00adfe\u00ads\u00f6r Dr. Caro\u00adli\u00adne Y. Robert\u00adson-von Trot\u00adha<\/strong> tara\u00adf\u0131n\u00addan sunulacakt\u0131r.<\/p>\n<p>Gelin ve ge\u00e7\u00admi\u00ad\u015fi, bug\u00fc\u00adn\u00fc ve aka\u00adde\u00admik hedef\u00adle\u00adri bir ara\u00adya geti\u00adre\u00adrek k\u00fcl\u00adt\u00fcr\u00adle\u00adrin bulu\u015f\u00adtu\u00ad\u011fu kav\u00ad\u015fak nok\u00adta\u00ads\u0131\u00adn\u0131 \u00f6zl\u00fc bir \u015fekil\u00adde ke\u015f\u00adfet\u00admek i\u00e7in bize kat\u0131\u00adl\u0131n. Do\u00e7ent Dok\u00adtor Ivan Balykin<br>\n\u201cK\u00fcl\u00adt\u00fcr Kav\u00ad\u015fak\u00adla\u00adr\u0131\u201d \u00fcze\u00adri\u00adne konu\u00ad\u015fa\u00adcak: Ukray\u00adna\u00ad\u2019\u00addan Alman\u00adya\u00ad\u2019\u00adya Bir Yol\u00adcu\u00adluk\u201d ba\u015f\u00adl\u0131k\u00adl\u0131 konu\u015f\u00adma\u00ads\u0131\u00adn\u0131n yan\u0131 s\u0131ra ki\u015fi\u00adsel ve pro\u00adfes\u00adyo\u00adnel haya\u00adt\u0131\u00adn\u0131n kesi\u015f\u00adme nok\u00adta\u00adla\u00adr\u0131\u00adn\u0131, Ukray\u00adna\u00ad\u2019\u00addan Alman\u00adya\u00ad\u2019\u00adya ge\u00e7i\u015f\u00adle\u00adri\u00adni g\u00f6z\u00adler \u00f6n\u00fc\u00adne serecek.<br>\nAlman\u00adya\u00ad\u2019\u00adn\u0131n bilim\u00adsel man\u00adza\u00adra\u00adla\u00adr\u0131 ve s\u00fcr\u00fck\u00adle\u00adyi\u00adci \u00f6\u011fre\u00adtim y\u00f6n\u00adtem\u00adle\u00adrin\u00adden \u201cProg\u00adresyl\u00adni\u201d STK\u00ad\u2019\u00ads\u0131n\u00adda e\u011fi\u00adtim\u00adci\u00adler top\u00adlu\u00adlu\u00ad\u011fu\u00adnun kuru\u00adcu ortak\u00adl\u0131\u00ad\u011f\u0131\u00adna kadar Alman\u00adya\u00ad\u2019\u00adda gele\u00adce\u00ad\u011fe y\u00f6ne\u00adlik beklentileri.<br>\n\u201cHaf\u0131\u00adza ve \u0130deo\u00adloj\u00adik Miras\u00adlar\u201d konu\u00adlu g\u00fcn\u00adcel ara\u015f\u00adt\u0131r\u00adma\u00ads\u0131\u00adn\u0131 suna\u00adcak ve haf\u0131\u00adza anla\u00adt\u0131\u00adla\u00adr\u0131, top\u00adlum\u00adsal hare\u00adket\u00adler ve kim\u00adlik poli\u00adti\u00adka\u00adla\u00adr\u0131 ara\u00ads\u0131n\u00adda\u00adki kar\u00adma\u00ad\u015f\u0131k ba\u011f\u00adlan\u00adt\u0131\u00adla\u00adr\u0131 anlayacak.<\/p>\n","protected":false},"author":12,"featured_media":46519,"template":"","class_list":["post-46535","event","type-event","status-publish","has-post-thumbnail","hentry","event_category-bos-vakit"],"acf":{"event-recurring":false,"event-category":97,"event-is-language-course":false,"event-recurring-still-active":true,"event-display-details":true,"event-schedules-recurring":null,"event-schedules-calendar":[{"event-calendar-day":"20240206","event-calendar-time":"18:00","event-calendar-time-text":""}],"event-is-online":false,"event-online-url":"","event-location-building":"TRIANGEL Transfer \u2013 Kultur \u2013 Raum, in \u201eSpace\u201c","event-location-street":"Kaiserstra\u00dfe 93","event-location-zip":"76133 ","event-location-city":"Karlsruhe","event-location-contact-person":"","event-location-phone":"","event-location-phone-2":"","event-location-mail":"","event-location-mail-2":"","event-location-website":"https:\/\/www.intl.kit.edu\/ischolar\/11727.php","event-target-group":[{"target-group":"all"}],"event-target-group-comment":"","event-free":true,"event-organiser":[16301],"event-header-copyright-overlay":true,"event-copyright-note-description-end":false},"featured_image_urls_v2":{"full":["https:\/\/www.anika-net.de\/wp-content\/uploads\/2024\/01\/high-angle-people-holding-hands-scaled.jpg",2560,1707,false],"thumbnail":["https:\/\/www.anika-net.de\/wp-content\/uploads\/2024\/01\/high-angle-people-holding-hands-150x150.jpg",150,150,true],"medium":["https:\/\/www.anika-net.de\/wp-content\/uploads\/2024\/01\/high-angle-people-holding-hands-300x200.jpg",300,200,true],"medium_large":["https:\/\/www.anika-net.de\/wp-content\/uploads\/2024\/01\/high-angle-people-holding-hands-768x512.jpg",640,427,true],"large":["https:\/\/www.anika-net.de\/wp-content\/uploads\/2024\/01\/high-angle-people-holding-hands-1024x683.jpg",640,427,true],"1536x1536":["https:\/\/www.anika-net.de\/wp-content\/uploads\/2024\/01\/high-angle-people-holding-hands-1536x1024.jpg",1536,1024,true],"2048x2048":["https:\/\/www.anika-net.de\/wp-content\/uploads\/2024\/01\/high-angle-people-holding-hands-2048x1365.jpg",2048,1365,true],"event-overview":["https:\/\/www.anika-net.de\/wp-content\/uploads\/2024\/01\/high-angle-people-holding-hands-960x640.jpg",960,640,true],"event-archive-thumb":["https:\/\/www.anika-net.de\/wp-content\/uploads\/2024\/01\/high-angle-people-holding-hands-480x320.jpg",480,320,true],"grid-item-thumbnail":["https:\/\/www.anika-net.de\/wp-content\/uploads\/2024\/01\/high-angle-people-holding-hands-360x200.jpg",360,200,true],"network-partner-icon":["https:\/\/www.anika-net.de\/wp-content\/uploads\/2024\/01\/high-angle-people-holding-hands-100x100.jpg",100,100,true],"organiser-icon":["https:\/\/www.anika-net.de\/wp-content\/uploads\/2024\/01\/high-angle-people-holding-hands-200x200.jpg",200,200,true],"gform-image-choice-sm":["https:\/\/www.anika-net.de\/wp-content\/uploads\/2024\/01\/high-angle-people-holding-hands-scaled.jpg",300,200,false],"gform-image-choice-md":["https:\/\/www.anika-net.de\/wp-content\/uploads\/2024\/01\/high-angle-people-holding-hands-scaled.jpg",400,267,false],"gform-image-choice-lg":["https:\/\/www.anika-net.de\/wp-content\/uploads\/2024\/01\/high-angle-people-holding-hands-scaled.jpg",600,400,false]},"post_excerpt_stackable_v2":"<p>D\u00fcn\u00adya Bilim Kafe\u00adsi K\u00fcl\u00adt\u00fcr Kav\u00ad\u015fa\u00ad\u011f\u0131: Ukray\u00adna\u00ad\u2019\u00addan Alman\u00adya\u00ad\u2019\u00adya Bir Yol\u00adcu\u00adluk \ud83c\udf93 ile Do\u00e7. Dr. Ivan Baly\u00adkin Dr. Ivan Baly\u00adkin halen Mann\u00adhe\u00adim \u00dcni\u00adver\u00adsi\u00adte\u00adsi \u00c7a\u011f\u00adda\u015f Tarih K\u00fcr\u00ads\u00fc\u00ads\u00fc\u00ad\u2019n\u00adde Ara\u015f\u00adt\u0131r\u00adma G\u00f6rev\u00adli\u00adsi ola\u00adrak \u00e7al\u0131\u015f\u00admak\u00adta\u00add\u0131r. Konu\u015f\u00adma\u00adc\u0131 hak\u00adk\u0131n\u00adda daha faz\u00adla bil\u00adgi\u00adye bura\u00addan ula\u00ad\u015fa\u00adbi\u00adlir\u00adsi\u00adniz. Konu\u015f\u00adma, KIT Se\u00e7\u00adkin K\u0131dem\u00adli \u00dcye\u00adsi Pro\u00adfe\u00ads\u00f6r Dr. Caro\u00adli\u00adne Y. Rober\u00adt\u00ad\u00ad\u00adson-von Trot\u00adha tara\u00adf\u0131n\u00addan sunu\u00adla\u00adcak\u00adt\u0131r. Gelin ve ge\u00e7\u00admi\u00ad\u015fi, bug\u00fc\u00adn\u00fc ve aka\u00adde\u00admik hedef\u00adle\u00adri bir ara\u00adya geti\u00adre\u00adrek k\u00fcl\u00adt\u00fcr\u00adle\u00adrin bulu\u015f\u00adtu\u00ad\u011fu kav\u00ad\u015fak nok\u00adta\u00ads\u0131\u00adn\u0131 \u00f6zl\u00fc bir \u015fekil\u00adde ke\u015f\u00adfet\u00admek i\u00e7in bize kat\u0131\u00adl\u0131n. Do\u00e7ent Dok\u00adtor Ivan Baly\u00adkin \u201cK\u00fcl\u00adt\u00fcr Kav\u00ad\u015fak\u00adla\u00adr\u0131\u201d \u00fcze\u00adri\u00adne konu\u00ad\u015fa\u00adcak: Ukray\u00adna\u00ad\u2019\u00addan Alman\u00adya\u00ad\u2019\u00adya Bir Yol\u00adcu\u00adluk\u201d ba\u015f\u00adl\u0131k\u00adl\u0131 konu\u015f\u00adma\u00ads\u0131\u00adn\u0131n yan\u0131 s\u0131ra ki\u015fi\u00adsel ve pro\u00adfes\u00adyo\u00adnel haya\u00adt\u0131\u00adn\u0131n kesi\u015f\u00adme nok\u00adta\u00adla\u00adr\u0131\u00adn\u0131, Ukray\u00adna\u00ad\u2019\u00addan Alman\u00adya\u00ad\u2019\u00adya ge\u00e7i\u015f\u00adle\u00adri\u00adni g\u00f6z\u00adler \u00f6n\u00fc\u00adne serecek. Alman\u00adya\u00ad\u2019\u00adn\u0131n bilim\u00adsel manzaralar\u0131\u2026<\/p>\n","category_list_v2":"","author_info_v2":{"name":"Andrea Ramirez","url":"https:\/\/www.anika-net.de\/tr\/author\/andrea-ramirez\/"},"comments_num_v2":"0 comments","uagb_featured_image_src":{"full":["https:\/\/www.anika-net.de\/wp-content\/uploads\/2024\/01\/high-angle-people-holding-hands-scaled.jpg",2560,1707,false],"thumbnail":["https:\/\/www.anika-net.de\/wp-content\/uploads\/2024\/01\/high-angle-people-holding-hands-150x150.jpg",150,150,true],"medium":["https:\/\/www.anika-net.de\/wp-content\/uploads\/2024\/01\/high-angle-people-holding-hands-300x200.jpg",300,200,true],"medium_large":["https:\/\/www.anika-net.de\/wp-content\/uploads\/2024\/01\/high-angle-people-holding-hands-768x512.jpg",640,427,true],"large":["https:\/\/www.anika-net.de\/wp-content\/uploads\/2024\/01\/high-angle-people-holding-hands-1024x683.jpg",640,427,true],"1536x1536":["https:\/\/www.anika-net.de\/wp-content\/uploads\/2024\/01\/high-angle-people-holding-hands-1536x1024.jpg",1536,1024,true],"2048x2048":["https:\/\/www.anika-net.de\/wp-content\/uploads\/2024\/01\/high-angle-people-holding-hands-2048x1365.jpg",2048,1365,true],"event-overview":["https:\/\/www.anika-net.de\/wp-content\/uploads\/2024\/01\/high-angle-people-holding-hands-960x640.jpg",960,640,true],"event-archive-thumb":["https:\/\/www.anika-net.de\/wp-content\/uploads\/2024\/01\/high-angle-people-holding-hands-480x320.jpg",480,320,true],"grid-item-thumbnail":["https:\/\/www.anika-net.de\/wp-content\/uploads\/2024\/01\/high-angle-people-holding-hands-360x200.jpg",360,200,true],"network-partner-icon":["https:\/\/www.anika-net.de\/wp-content\/uploads\/2024\/01\/high-angle-people-holding-hands-100x100.jpg",100,100,true],"organiser-icon":["https:\/\/www.anika-net.de\/wp-content\/uploads\/2024\/01\/high-angle-people-holding-hands-200x200.jpg",200,200,true],"gform-image-choice-sm":["https:\/\/www.anika-net.de\/wp-content\/uploads\/2024\/01\/high-angle-people-holding-hands-scaled.jpg",300,200,false],"gform-image-choice-md":["https:\/\/www.anika-net.de\/wp-content\/uploads\/2024\/01\/high-angle-people-holding-hands-scaled.jpg",400,267,false],"gform-image-choice-lg":["https:\/\/www.anika-net.de\/wp-content\/uploads\/2024\/01\/high-angle-people-holding-hands-scaled.jpg",600,400,false]},"uagb_author_info":{"display_name":"Andrea Ramirez","author_link":"https:\/\/www.anika-net.de\/tr\/author\/andrea-ramirez\/"},"uagb_comment_info":0,"uagb_excerpt":"D\u00fcn\u00adya Bilim Kafesi K\u00fcl\u00adt\u00fcr Kav\u00ad\u015fa\u00ad\u011f\u0131: Ukray\u00adna\u00ad\u2019\u00addan Alman\u00adya\u00ad\u2019\u00adya Bir Yolculuk \ud83c\udf93 ile Do\u00e7. Dr. Ivan Balykin Dr. Ivan Baly\u00adkin halen Mann\u00adhe\u00adim \u00dcni\u00adver\u00adsi\u00adte\u00adsi \u00c7a\u011f\u00adda\u015f Tarih K\u00fcr\u00ads\u00fc\u00ads\u00fc\u00ad\u2019n\u00adde Ara\u015f\u00adt\u0131r\u00adma G\u00f6rev\u00adli\u00adsi ola\u00adrak \u00e7al\u0131\u015f\u00admak\u00adta\u00add\u0131r. Konu\u015f\u00adma\u00adc\u0131 hak\u00adk\u0131n\u00adda&nbsp;daha fazla okuyun","_links":{"self":[{"href":"https:\/\/www.anika-net.de\/tr\/wp-json\/wp\/v2\/event\/46535","targetHints":{"allow":["GET"]}}],"collection":[{"href":"https:\/\/www.anika-net.de\/tr\/wp-json\/wp\/v2\/event"}],"about":[{"href":"https:\/\/www.anika-net.de\/tr\/wp-json\/wp\/v2\/types\/event"}],"author":[{"embeddable":true,"href":"https:\/\/www.anika-net.de\/tr\/wp-json\/wp\/v2\/users\/12"}],"version-history":[{"count":0,"href":"https:\/\/www.anika-net.de\/tr\/wp-json\/wp\/v2\/event\/46535\/revisions"}],"acf:post":[{"embeddable":true,"href":"https:\/\/www.anika-net.de\/tr\/wp-json\/wp\/v2\/organiser\/16301"}],"acf:term":[{"embeddable":true,"taxonomy":"event_category","href":"https:\/\/www.anika-net.de\/tr\/wp-json\/wp\/v2\/event_category\/97"}],"wp:featuredmedia":[{"embeddable":true,"href":"https:\/\/www.anika-net.de\/tr\/wp-json\/wp\/v2\/media\/46519"}],"wp:attachment":[{"href":"https:\/\/www.anika-net.de\/tr\/wp-json\/wp\/v2\/media?parent=46535"}],"curies":[{"name":"wp","href":"https:\/\/api.w.org\/{rel}","templated":true}]}}