{"id":46256,"date":"2024-01-10T14:11:03","date_gmt":"2024-01-10T13:11:03","guid":{"rendered":"https:\/\/www.anika-net.de\/event\/karlsruhe-entegrasyon-odulu-2024-aciklandi\/"},"modified":"2024-01-10T14:11:03","modified_gmt":"2024-01-10T13:11:03","slug":"karlsruhe-entegrasyon-odulu-2024-aciklandi","status":"publish","type":"event","link":"https:\/\/www.anika-net.de\/tr\/event\/karlsruhe-entegrasyon-odulu-2024-aciklandi\/","title":{"rendered":"Karls\u00adru\u00adhe Enteg\u00adras\u00adyon \u00d6d\u00fc\u00adl\u00fc 2024 a\u00e7\u0131kland\u0131!"},"content":{"rendered":"<h2><span style=\"color: #008080;\">Karls\u00adru\u00adhe Enteg\u00adras\u00adyon \u00d6d\u00fc\u00adl\u00fc 2024 a\u00e7\u0131kland\u0131!<\/span><\/h2>\n<blockquote><p><em>Ba\u015f\u00advu\u00adru\u00adlar 18.2.2024 tari\u00adhi\u00adne kadar yap\u0131labilir.<\/em><\/p><\/blockquote>\n<p>Karls\u00adru\u00adhe Enteg\u00adras\u00adyon \u00d6d\u00fc\u00adl\u00fc, Karls\u00adru\u00adhe\u00ad\u2019\u00adde ya\u015fa\u00adyan t\u00fcm insan\u00adla\u00adr\u0131n f\u0131r\u00adsat e\u015fit\u00adli\u00ad\u011fi ve kat\u0131\u00adl\u0131\u00adm\u0131 i\u00e7in bir \u00f6rnek te\u015f\u00adkil etme\u00adyi ve \u00f6nyar\u00adg\u0131\u00adla\u00adr\u0131n ve \u0131rk\u00ad\u00e7\u0131\u00adl\u0131\u00ad\u011f\u0131n \u00fcste\u00adsin\u00adden gel\u00adme\u00adyi ama\u00e7lamaktad\u0131r.<br>\n\u00d6d\u00fcl, g\u00f6\u00e7 ge\u00e7\u00admi\u00ad\u015fi olan ve olma\u00adyan insan\u00adla\u00adr\u0131n bir ara\u00adda ya\u015fa\u00adma\u00ads\u0131 i\u00e7in \u00f6zel bir \u00e7aba sarf eden ki\u015fi, kuru\u00adlu\u015f ve \u015fir\u00adket\u00adle\u00adri onur\u00adlan\u00add\u0131r\u00adma\u00ady\u0131 ama\u00e7lamaktad\u0131r.<\/p>\n<p><strong>\u015eart\u00adlar ve Ko\u015fullar<\/strong><\/p>\n<p>1. Birey\u00adle\u00adrin yan\u0131 s\u0131ra der\u00adnek\u00adler, \u015fir\u00adket\u00adler ve kuru\u00adlu\u015f\u00adlar da ba\u015f\u00advu\u00adra\u00adbi\u00adlir. Ayr\u0131\u00adca \u00fc\u00e7\u00fcn\u00adc\u00fc taraf\u00adlar i\u00e7in de tek\u00adlif\u00adler sunulabilir.<br>\n2. Faali\u00adyet\u00adler \u00f6rnek te\u015f\u00adkil etme\u00adli ve bariz ola\u00adn\u0131n \u00f6te\u00adsi\u00adne ge\u00e7\u00adme\u00adli\u00addir. Tak\u00adlit edil\u00adme\u00adyi te\u015f\u00advik eden bir \u00f6rnek olu\u015fturmal\u0131d\u0131rlar.<br>\n3. Tek\u00adlif\u00adler yaz\u0131\u00adl\u0131 ola\u00adrak sunul\u00adma\u00adl\u0131\u00add\u0131r. Ba\u015f\u00advu\u00adru for\u00admu\u00adna bura\u00addan ula\u00ad\u015fa\u00adbi\u00adlir\u00adsi\u00adniz: https:\/\/www.ibz-karlsruhe. de\/wp-con\u00adten\u00adt\u00ad\/up\u00adlo\u00adad\u00ads\u00ad\/2023\/11\/2024_ Proposal-Form.pdf<br>\n4. \u00d6d\u00fcl, ser\u00adti\u00adfi\u00adka \u015fek\u00adlin\u00adde sunu\u00adla\u00adcak ve birey\u00adler ile der\u00adnek ve kuru\u00adlu\u015f\u00adla\u00adra nakit para \u00f6d\u00fc\u00adl\u00fc verilecektir.<br>\n5. M\u00fcte\u00advel\u00adli Heye\u00adti \u00f6d\u00fc\u00adle karar&nbsp;verir.<br>\n6. Ret karar\u00adla\u00adr\u0131 i\u00e7in her\u00adhan\u00adgi bir gerek\u00ad\u00e7e g\u00f6s\u00adte\u00adril\u00adme\u00adye\u00adcek\u00adtir. Yasal ba\u015f\u00advu\u00adru\u00adlar hari\u00e7 tutulmu\u015ftur.<\/p>\n","protected":false},"author":12,"featured_media":46249,"template":"","class_list":["post-46256","event","type-event","status-publish","has-post-thumbnail","hentry","event_category-bos-vakit"],"acf":{"event-recurring":false,"event-category":97,"event-is-language-course":false,"event-recurring-still-active":true,"event-display-details":true,"event-schedules-recurring":null,"event-schedules-calendar":[{"event-calendar-day":"20240218","event-calendar-time":"","event-calendar-time-text":""}],"event-is-online":true,"event-online-url":"https:\/\/www.ibz-karlsruhe.de\/wp-content\/uploads\/2023\/12\/Ausschreibung-2024w-pdf.pdf","event-location-building":"","event-location-street":"","event-location-zip":"","event-location-city":"","event-location-contact-person":"","event-location-phone":"","event-location-phone-2":"","event-location-mail":"info@ibz-karlsruhe.de","event-location-mail-2":"","event-location-website":"https:\/\/www.ibz-karlsruhe.de\/","event-target-group":[{"target-group":"t\u00fcm"}],"event-target-group-comment":"","event-free":true,"event-organiser":16249,"event-header-copyright-overlay":true,"event-copyright-note-description-end":false},"featured_image_urls_v2":{"full":["https:\/\/www.anika-net.de\/wp-content\/uploads\/2024\/01\/Integrationspreis.png",832,871,false],"thumbnail":["https:\/\/www.anika-net.de\/wp-content\/uploads\/2024\/01\/Integrationspreis-150x150.png",150,150,true],"medium":["https:\/\/www.anika-net.de\/wp-content\/uploads\/2024\/01\/Integrationspreis-287x300.png",287,300,true],"medium_large":["https:\/\/www.anika-net.de\/wp-content\/uploads\/2024\/01\/Integrationspreis-768x804.png",640,670,true],"large":["https:\/\/www.anika-net.de\/wp-content\/uploads\/2024\/01\/Integrationspreis.png",640,670,false],"1536x1536":["https:\/\/www.anika-net.de\/wp-content\/uploads\/2024\/01\/Integrationspreis.png",832,871,false],"2048x2048":["https:\/\/www.anika-net.de\/wp-content\/uploads\/2024\/01\/Integrationspreis.png",832,871,false],"event-overview":["https:\/\/www.anika-net.de\/wp-content\/uploads\/2024\/01\/Integrationspreis-832x640.png",832,640,true],"event-archive-thumb":["https:\/\/www.anika-net.de\/wp-content\/uploads\/2024\/01\/Integrationspreis-480x503.png",480,503,true],"grid-item-thumbnail":["https:\/\/www.anika-net.de\/wp-content\/uploads\/2024\/01\/Integrationspreis-360x200.png",360,200,true],"network-partner-icon":["https:\/\/www.anika-net.de\/wp-content\/uploads\/2024\/01\/Integrationspreis-100x100.png",100,100,true],"organiser-icon":["https:\/\/www.anika-net.de\/wp-content\/uploads\/2024\/01\/Integrationspreis-200x200.png",200,200,true],"gform-image-choice-sm":["https:\/\/www.anika-net.de\/wp-content\/uploads\/2024\/01\/Integrationspreis.png",287,300,false],"gform-image-choice-md":["https:\/\/www.anika-net.de\/wp-content\/uploads\/2024\/01\/Integrationspreis.png",382,400,false],"gform-image-choice-lg":["https:\/\/www.anika-net.de\/wp-content\/uploads\/2024\/01\/Integrationspreis.png",573,600,false]},"post_excerpt_stackable_v2":"<p>Karls\u00adru\u00adhe Enteg\u00adras\u00adyon \u00d6d\u00fc\u00adl\u00fc 2024 a\u00e7\u0131k\u00adlan\u00add\u0131! Ba\u015f\u00advu\u00adru\u00adlar 18.2.2024 tari\u00adhi\u00adne kadar yap\u0131\u00adla\u00adbi\u00adlir. Karls\u00adru\u00adhe Enteg\u00adras\u00adyon \u00d6d\u00fc\u00adl\u00fc, Karls\u00adru\u00adhe\u00ad\u2019\u00adde ya\u015fa\u00adyan t\u00fcm insan\u00adla\u00adr\u0131n f\u0131r\u00adsat e\u015fit\u00adli\u00ad\u011fi ve kat\u0131\u00adl\u0131\u00adm\u0131 i\u00e7in bir \u00f6rnek te\u015f\u00adkil etme\u00adyi ve \u00f6nyar\u00adg\u0131\u00adla\u00adr\u0131n ve \u0131rk\u00ad\u00e7\u0131\u00adl\u0131\u00ad\u011f\u0131n \u00fcste\u00adsin\u00adden gel\u00adme\u00adyi ama\u00e7\u00adla\u00admak\u00adta\u00add\u0131r. \u00d6d\u00fcl, g\u00f6\u00e7 ge\u00e7\u00admi\u00ad\u015fi olan ve olma\u00adyan insan\u00adla\u00adr\u0131n bir ara\u00adda ya\u015fa\u00adma\u00ads\u0131 i\u00e7in \u00f6zel bir \u00e7aba sarf eden ki\u015fi, kuru\u00adlu\u015f ve \u015fir\u00adket\u00adle\u00adri onur\u00adlan\u00add\u0131r\u00adma\u00ady\u0131 ama\u00e7\u00adla\u00admak\u00adta\u00add\u0131r. \u015eart\u00adlar ve Ko\u015ful\u00adlar 1. Birey\u00adle\u00adrin yan\u0131 s\u0131ra der\u00adnek\u00adler, \u015fir\u00adket\u00adler ve kuru\u00adlu\u015f\u00adlar da ba\u015f\u00advu\u00adra\u00adbi\u00adlir. Ayr\u0131\u00adca \u00fc\u00e7\u00fcn\u00adc\u00fc taraf\u00adlar i\u00e7in de tek\u00adlif\u00adler sunu\u00adla\u00adbi\u00adlir. 2. Faali\u00adyet\u00adler \u00f6rnek te\u015f\u00adkil etme\u00adli ve bariz ola\u00adn\u0131n \u00f6te\u00adsi\u00adne ge\u00e7\u00adme\u00adli\u00addir. Tak\u00adlit edil\u00adme\u00adyi te\u015f\u00advik eden bir \u00f6rnek olu\u015f\u00adtur\u00adma\u00adl\u0131\u00add\u0131r\u00adlar. 3. Tek\u00adlif\u00adler yaz\u0131\u00adl\u0131 ola\u00adrak sunul\u00adma\u00adl\u0131\u00add\u0131r. Ba\u015f\u00advu\u00adru for\u00admu\u00adna buradan\u2026<\/p>\n","category_list_v2":"","author_info_v2":{"name":"Andrea Ramirez","url":"https:\/\/www.anika-net.de\/tr\/author\/andrea-ramirez\/"},"comments_num_v2":"0 comments","uagb_featured_image_src":{"full":["https:\/\/www.anika-net.de\/wp-content\/uploads\/2024\/01\/Integrationspreis.png",832,871,false],"thumbnail":["https:\/\/www.anika-net.de\/wp-content\/uploads\/2024\/01\/Integrationspreis-150x150.png",150,150,true],"medium":["https:\/\/www.anika-net.de\/wp-content\/uploads\/2024\/01\/Integrationspreis-287x300.png",287,300,true],"medium_large":["https:\/\/www.anika-net.de\/wp-content\/uploads\/2024\/01\/Integrationspreis-768x804.png",640,670,true],"large":["https:\/\/www.anika-net.de\/wp-content\/uploads\/2024\/01\/Integrationspreis.png",640,670,false],"1536x1536":["https:\/\/www.anika-net.de\/wp-content\/uploads\/2024\/01\/Integrationspreis.png",832,871,false],"2048x2048":["https:\/\/www.anika-net.de\/wp-content\/uploads\/2024\/01\/Integrationspreis.png",832,871,false],"event-overview":["https:\/\/www.anika-net.de\/wp-content\/uploads\/2024\/01\/Integrationspreis-832x640.png",832,640,true],"event-archive-thumb":["https:\/\/www.anika-net.de\/wp-content\/uploads\/2024\/01\/Integrationspreis-480x503.png",480,503,true],"grid-item-thumbnail":["https:\/\/www.anika-net.de\/wp-content\/uploads\/2024\/01\/Integrationspreis-360x200.png",360,200,true],"network-partner-icon":["https:\/\/www.anika-net.de\/wp-content\/uploads\/2024\/01\/Integrationspreis-100x100.png",100,100,true],"organiser-icon":["https:\/\/www.anika-net.de\/wp-content\/uploads\/2024\/01\/Integrationspreis-200x200.png",200,200,true],"gform-image-choice-sm":["https:\/\/www.anika-net.de\/wp-content\/uploads\/2024\/01\/Integrationspreis.png",287,300,false],"gform-image-choice-md":["https:\/\/www.anika-net.de\/wp-content\/uploads\/2024\/01\/Integrationspreis.png",382,400,false],"gform-image-choice-lg":["https:\/\/www.anika-net.de\/wp-content\/uploads\/2024\/01\/Integrationspreis.png",573,600,false]},"uagb_author_info":{"display_name":"Andrea Ramirez","author_link":"https:\/\/www.anika-net.de\/tr\/author\/andrea-ramirez\/"},"uagb_comment_info":0,"uagb_excerpt":"Karls\u00adru\u00adhe Enteg\u00adras\u00adyon \u00d6d\u00fc\u00adl\u00fc 2024 a\u00e7\u0131kland\u0131! Ba\u015f\u00advu\u00adru\u00adlar 18.2.2024 tari\u00adhi\u00adne kadar yap\u0131labilir. Karls\u00adru\u00adhe Enteg\u00adras\u00adyon \u00d6d\u00fc\u00adl\u00fc, Karls\u00adru\u00adhe\u00ad\u2019\u00adde ya\u015fa\u00adyan t\u00fcm insan\u00adla\u00adr\u0131n f\u0131r\u00adsat e\u015fit\u00adli\u00ad\u011fi ve kat\u0131\u00adl\u0131\u00adm\u0131 i\u00e7in bir \u00f6rnek te\u015f\u00adkil etme\u00adyi ve \u00f6nyar\u00adg\u0131\u00adla\u00adr\u0131n ve \u0131rk\u00ad\u00e7\u0131\u00adl\u0131\u00ad\u011f\u0131n&nbsp;daha fazla okuyun","_links":{"self":[{"href":"https:\/\/www.anika-net.de\/tr\/wp-json\/wp\/v2\/event\/46256","targetHints":{"allow":["GET"]}}],"collection":[{"href":"https:\/\/www.anika-net.de\/tr\/wp-json\/wp\/v2\/event"}],"about":[{"href":"https:\/\/www.anika-net.de\/tr\/wp-json\/wp\/v2\/types\/event"}],"author":[{"embeddable":true,"href":"https:\/\/www.anika-net.de\/tr\/wp-json\/wp\/v2\/users\/12"}],"version-history":[{"count":0,"href":"https:\/\/www.anika-net.de\/tr\/wp-json\/wp\/v2\/event\/46256\/revisions"}],"acf:post":[{"embeddable":true,"href":"https:\/\/www.anika-net.de\/tr\/wp-json\/wp\/v2\/organiser\/16249"}],"acf:term":[{"embeddable":true,"taxonomy":"event_category","href":"https:\/\/www.anika-net.de\/tr\/wp-json\/wp\/v2\/event_category\/97"}],"wp:featuredmedia":[{"embeddable":true,"href":"https:\/\/www.anika-net.de\/tr\/wp-json\/wp\/v2\/media\/46249"}],"wp:attachment":[{"href":"https:\/\/www.anika-net.de\/tr\/wp-json\/wp\/v2\/media?parent=46256"}],"curies":[{"name":"wp","href":"https:\/\/api.w.org\/{rel}","templated":true}]}}