{"id":44181,"date":"2023-12-04T14:32:49","date_gmt":"2023-12-04T13:32:49","guid":{"rendered":"https:\/\/www.anika-net.de\/event\/yabanci-mesleki-yeterliliklerin-taninmasi\/"},"modified":"2026-02-23T12:56:57","modified_gmt":"2026-02-23T11:56:57","slug":"yabanci-mesleki-yeterliliklerin-taninmasi","status":"publish","type":"event","link":"https:\/\/www.anika-net.de\/tr\/event\/yabanci-mesleki-yeterliliklerin-taninmasi\/","title":{"rendered":"Yaban\u00adc\u0131 mes\u00adle\u00adki yeter\u00adli\u00adlik\u00adle\u00adrin tan\u0131nmas\u0131"},"content":{"rendered":"<h3><span style=\"color: #666699;\"><strong>iku\u00adbiz<\/strong><\/span><\/h3>\n<h2><span style=\"color: #008080;\">Yaban\u00adc\u0131 Mes\u00adle\u00adki Yeter\u00adli\u00adlik\u00adle\u00adrin Tan\u0131nmas\u0131<\/span><\/h2>\n<p>Iku\u00adbiz, yaban\u00adc\u0131 mes\u00adle\u00adki yeter\u00adli\u00adlik\u00adle\u00adrin tan\u0131n\u00adma\u00ads\u0131y\u00adla ilgi\u00adli soru\u00adla\u00adr\u0131\u00adn\u0131z i\u00e7in hiz\u00adme\u00adti\u00adniz\u00adde\u00addir. Mes\u00adle\u00adki nite\u00adlik\u00adle\u00adre sahip bir\u00ad\u00e7ok yaban\u00adci, tan\u0131\u00adma s\u00fcre\u00adci hak\u00adk\u0131n\u00adda bil\u00adgi eksik\u00adli\u00ad\u011fi nede\u00adniy\u00adle mes\u00adlek\u00adle\u00adrin\u00adde nas\u0131l \u00e7al\u0131\u00ad\u015fa\u00adbi\u00adle\u00adcek\u00adle\u00adri\u00adni bile\u00adme\u00admek\u00adte\u00addir. Iku\u00adbi\u00adz\u00ad\u2019\u00adde\u00adki tan\u0131\u00adma dan\u0131\u015f\u00adman\u00adl\u0131k hiz\u00adme\u00adti\u00admiz, yeter\u00adli\u00adlik tan\u0131\u00adma s\u00fcre\u00adci hak\u00adk\u0131n\u00adda \u00fccret\u00adsiz dan\u0131\u015f\u00adman\u00adl\u0131k ve bil\u00adgi sun\u00admak\u00adta\u00add\u0131r.<br>Mann\u00adhe\u00adim\u00ad\u2019\u0131n yan\u0131 s\u0131ra Heidel\u00adberg, Karls\u00adru\u00adhe, Pforz\u00adhe\u00adim ve Mos\u00adbac\u00adh\u00ad\u2019\u00adda da dan\u0131\u015f\u00adman\u00adl\u0131k vermekteyiz.<\/p>\n<p><span style=\"color: #008080;\"><strong>Hiz\u00adme\u00adti\u00admiz<\/strong><\/span><\/p>\n<ul>\n<li>Yeter\u00adli\u00adlik tan\u0131\u00adma s\u00fcre\u00adcin\u00adde size dan\u0131\u015f\u00adman\u00adl\u0131k yap\u0131\u00adyo\u00adruz. Mes\u00adle\u00adki yeter\u00adli\u00adlik tan\u0131\u00adma s\u00fcre\u00adci\u00adni a\u00e7\u0131k\u00adl\u0131\u00adyor ve ilgi\u00adli mes\u00adle\u00adki yeter\u00adli\u00adlik tan\u0131\u00adma kuru\u00admu\u00adnu ara\u015ft\u0131r\u0131yoruz.<\/li>\n<li>Dan\u0131\u015f\u00adman\u00adl\u0131k, e\u2011posta, video, tele\u00adfon veya y\u00fcz y\u00fcze yap\u0131l\u00admak\u00adta\u00add\u0131r. Dan\u0131\u015f\u00adman\u00adl\u0131k\u00adlar yal\u00adn\u0131z\u00adca ran\u00adde\u00advu ile m\u00fcm\u00adk\u00fcn\u00add\u00fcr. L\u00fct\u00adfen dan\u0131\u015f\u00adman\u00adl\u0131k i\u00e7in web uygu\u00adla\u00adma\u00ads\u0131 \u00fcze\u00adrin\u00adden ran\u00adde\u00advu al\u0131n. E\u011fer bu m\u00fcm\u00adk\u00fcn de\u011fil\u00adse, e\u2011posta veya tele\u00adfon\u00adla da bizim\u00adle ile\u00adti\u00ad\u015fi\u00adme ge\u00e7e\u00adbi\u00adlir\u00adsi\u00adniz. \u0130let\u00adi\u015f\u00adim bil\u00adgi\u00adle\u00adri\u00adni a\u015fa\u00ad\u011f\u0131\u00adda bulabilirsiniz.<\/li>\n<li>Dan\u0131\u015f\u00adman\u00adl\u0131k i\u00e7in (var\u00adsa) a\u015fa\u00ad\u011f\u0131\u00adda\u00adki bel\u00adge\u00adle\u00adri talep edi\u00adyo\u00adruz: dip\u00adlo\u00adma\u00adlar, ders lis\u00adte\u00adle\u00adri, i\u015f refe\u00adrans\u00adla\u00adr\u0131, \u00f6zge\u00e7\u00admi\u015f. E\u011fer daha \u00f6nce Alman\u00adca ter\u00adc\u00fc\u00adme\u00adler mev\u00adcut\u00adsa, bun\u00adla\u00adr\u0131 g\u00f6n\u00adde\u00adre\u00adbi\u00adlir\u00adsi\u00adniz. Aksi tak\u00addir\u00adde, l\u00fct\u00adfen ran\u00adde\u00advu \u00f6nce\u00adsin\u00adde ter\u00adc\u00fc\u00adme yapt\u0131rmay\u0131n.<\/li>\n<\/ul>\n<p>&nbsp;<\/p>\n<p><strong><span style=\"color: #800080;\">\ud83d\udccc Ran\u00adde\u00advu\u00adlar yal\u00adn\u0131z\u00adca \u00f6nce\u00adden ran\u00adde\u00advu al\u0131\u00adna\u00adrak yap\u0131labilir<br><\/span><\/strong><\/p>\n<p><strong><span style=\"color: #008080;\">Ran\u00adde\u00advu almak i\u00e7in<\/span><\/strong><br><a href=\"https:\/\/www.iq-webapp.de\/anmeldung-bw\" rel=\"noopener\">https:\/\/www.iq-webapp.de\/anmeldung-bw<\/a><\/p>\n<p><span style=\"color: #999999;\"><strong>Nere\u00adde<\/strong><\/span><br><strong>Karls\u00adru\u00adhe-Ras\u00adtatt \u0130\u015f Ajan\u00ads\u0131, Mes\u00adlek Bil\u00adgi\u00adlen\u00addir\u00adme Mer\u00adke\u00adzi (BiZ)<\/strong><br>Rund\u00adbau Oda 110 (1. kat)<br>Bra\u00adu\u00aderstr. 10, 76135 Karlsruhe<\/p>\n<p><strong>Ulus\u00adla\u00adra\u00adra\u00ads\u0131 Bulu\u015f\u00adma Mer\u00adke\u00adzi (ibz)<\/strong><br>2. kat, sol\u00adda<br>Kaise\u00adral\u00adlee 12 d, 76133 Karlsruhe<\/p>\n\n\n<p><strong>\ud83d\udce2 G\u00fcn\u00adcel bilgiler<\/strong><\/p>\n\n\n\n<blockquote class=\"wp-block-quote is-layout-flow wp-block-quote-is-layout-flow\">\n<p>Yo\u011fun ba\u015f\u00advu\u00adru\u00adlar nede\u00adniy\u00adle, ran\u00adde\u00advu i\u00e7in maale\u00adsef yak\u00adla\u00ad\u015f\u0131k 3 ay bek\u00adle\u00adme s\u00fcre\u00adsi olabilir.<\/p>\n<\/blockquote>\n\n\n\n<p><strong>\ud83d\udcce<a href=\"https:\/\/www.anika-net.de\/wp-content\/uploads\/2026\/02\/BZ-Flyer-2-ikubiz-sprachen_2025-09-03_tuerkisch_web.pdf\">Bro\u00ad\u015f\u00fcr<\/a><\/strong><\/p>\n","protected":false},"author":12,"featured_media":119424,"template":"","class_list":["post-44181","event","type-event","status-publish","has-post-thumbnail","hentry","event_category-is"],"acf":{"event-recurring":true,"event-category":96,"event-is-language-course":false,"event-recurring-still-active":true,"event-display-details":true,"event-schedules-recurring":[{"event-recurring-week-day":"1","event-recurring-time":"","event-recurring-time-text":"09:30 - 17:00 BiZ"},{"event-recurring-week-day":"2","event-recurring-time":"","event-recurring-time-text":"10:00 - 16:00 ibz"}],"event-schedules-calendar":null,"event-is-online":false,"event-online-url":"","event-location-building":"ibz, 2. OG, links","event-location-street":"Kaiserallee 12 d","event-location-zip":"76133","event-location-city":"Karlsruhe","event-location-contact-person":"Fra Ghaderi - Frau Laura Karl","event-location-phone":"0621\/ 400 712 13 (Frau Ghaderi)","event-location-phone-2":"0621\/ 437 731 13 (Frau Karl)","event-location-mail":"anerkennung@ikubiz.de","event-location-mail-2":"","event-location-website":"https:\/\/www.iq-webapp.de\/anmeldung-bw","event-target-group":[{"target-group":"all"}],"event-target-group-comment":"Yabanc\u0131 mesleki ve\/veya okul diplomalar\u0131na sahip g\u00f6\u00e7menler","event-free":true,"event-organiser":[16233,16268,34902],"event-header-copyright-overlay":true,"event-copyright-note-description-end":false},"featured_image_urls_v2":{"full":["https:\/\/www.anika-net.de\/wp-content\/uploads\/2023\/12\/IQ_RGB_L.jpg",638,164,false],"thumbnail":["https:\/\/www.anika-net.de\/wp-content\/uploads\/2023\/12\/IQ_RGB_L-150x150.jpg",150,150,true],"medium":["https:\/\/www.anika-net.de\/wp-content\/uploads\/2023\/12\/IQ_RGB_L-300x77.jpg",300,77,true],"medium_large":["https:\/\/www.anika-net.de\/wp-content\/uploads\/2023\/12\/IQ_RGB_L.jpg",638,164,false],"large":["https:\/\/www.anika-net.de\/wp-content\/uploads\/2023\/12\/IQ_RGB_L.jpg",638,164,false],"1536x1536":["https:\/\/www.anika-net.de\/wp-content\/uploads\/2023\/12\/IQ_RGB_L.jpg",638,164,false],"2048x2048":["https:\/\/www.anika-net.de\/wp-content\/uploads\/2023\/12\/IQ_RGB_L.jpg",638,164,false],"event-overview":["https:\/\/www.anika-net.de\/wp-content\/uploads\/2023\/12\/IQ_RGB_L.jpg",638,164,false],"event-archive-thumb":["https:\/\/www.anika-net.de\/wp-content\/uploads\/2023\/12\/IQ_RGB_L-480x123.jpg",480,123,true],"grid-item-thumbnail":["https:\/\/www.anika-net.de\/wp-content\/uploads\/2023\/12\/IQ_RGB_L-360x164.jpg",360,164,true],"network-partner-icon":["https:\/\/www.anika-net.de\/wp-content\/uploads\/2023\/12\/IQ_RGB_L-100x100.jpg",100,100,true],"organiser-icon":["https:\/\/www.anika-net.de\/wp-content\/uploads\/2023\/12\/IQ_RGB_L-200x164.jpg",200,164,true],"gform-image-choice-sm":["https:\/\/www.anika-net.de\/wp-content\/uploads\/2023\/12\/IQ_RGB_L.jpg",300,77,false],"gform-image-choice-md":["https:\/\/www.anika-net.de\/wp-content\/uploads\/2023\/12\/IQ_RGB_L.jpg",400,103,false],"gform-image-choice-lg":["https:\/\/www.anika-net.de\/wp-content\/uploads\/2023\/12\/IQ_RGB_L.jpg",600,154,false]},"post_excerpt_stackable_v2":"<p>iku\u00adbiz Yaban\u00adc\u0131 Mes\u00adle\u00adki Yeter\u00adli\u00adlik\u00adle\u00adrin Tan\u0131n\u00adma\u00ads\u0131 Iku\u00adbiz, yaban\u00adc\u0131 mes\u00adle\u00adki yeter\u00adli\u00adlik\u00adle\u00adrin tan\u0131n\u00adma\u00ads\u0131y\u00adla ilgi\u00adli soru\u00adla\u00adr\u0131\u00adn\u0131z i\u00e7in hiz\u00adme\u00adti\u00adniz\u00adde\u00addir. Mes\u00adle\u00adki nite\u00adlik\u00adle\u00adre sahip bir\u00ad\u00e7ok yaban\u00adci, tan\u0131\u00adma s\u00fcre\u00adci hak\u00adk\u0131n\u00adda bil\u00adgi eksik\u00adli\u00ad\u011fi nede\u00adniy\u00adle mes\u00adlek\u00adle\u00adrin\u00adde nas\u0131l \u00e7al\u0131\u00ad\u015fa\u00adbi\u00adle\u00adcek\u00adle\u00adri\u00adni bile\u00adme\u00admek\u00adte\u00addir. Iku\u00adbi\u00adz\u00ad\u2019\u00adde\u00adki tan\u0131\u00adma dan\u0131\u015f\u00adman\u00adl\u0131k hiz\u00adme\u00adti\u00admiz, yeter\u00adli\u00adlik tan\u0131\u00adma s\u00fcre\u00adci hak\u00adk\u0131n\u00adda \u00fccret\u00adsiz dan\u0131\u015f\u00adman\u00adl\u0131k ve bil\u00adgi sun\u00admak\u00adta\u00add\u0131r.Mann\u00adhe\u00adim\u00ad\u2019\u0131n yan\u0131 s\u0131ra Heidel\u00adberg, Karls\u00adru\u00adhe, Pforz\u00adhe\u00adim ve Mos\u00adbac\u00adh\u00ad\u2019\u00adda da dan\u0131\u015f\u00adman\u00adl\u0131k ver\u00admek\u00adte\u00adyiz. Hiz\u00adme\u00adti\u00admiz Yeter\u00adli\u00adlik tan\u0131\u00adma s\u00fcre\u00adcin\u00adde size dan\u0131\u015f\u00adman\u00adl\u0131k yap\u0131\u00adyo\u00adruz. Mes\u00adle\u00adki yeter\u00adli\u00adlik tan\u0131\u00adma s\u00fcre\u00adci\u00adni a\u00e7\u0131k\u00adl\u0131\u00adyor ve ilgi\u00adli mes\u00adle\u00adki yeter\u00adli\u00adlik tan\u0131\u00adma kuru\u00admu\u00adnu ara\u015f\u00adt\u0131\u00adr\u0131\u00adyo\u00adruz. Dan\u0131\u015f\u00adman\u00adl\u0131k, e\u2011posta, video, tele\u00adfon veya y\u00fcz y\u00fcze yap\u0131l\u00admak\u00adta\u00add\u0131r. Dan\u0131\u015f\u00adman\u00adl\u0131k\u00adlar yal\u00adn\u0131z\u00adca ran\u00adde\u00advu ile m\u00fcm\u00adk\u00fcn\u00add\u00fcr. L\u00fct\u00adfen dan\u0131\u015f\u00adman\u00adl\u0131k i\u00e7in web uygu\u00adla\u00adma\u00ads\u0131 \u00fcze\u00adrin\u00adden ran\u00adde\u00advu al\u0131n. E\u011fer bu m\u00fcm\u00adk\u00fcn de\u011fil\u00adse, e\u2011posta veya tele\u00adfon\u00adla&nbsp;da\u2026<\/p>\n","category_list_v2":"","author_info_v2":{"name":"Andrea Ramirez","url":"https:\/\/www.anika-net.de\/tr\/author\/andrea-ramirez\/"},"comments_num_v2":"0 comments","uagb_featured_image_src":{"full":["https:\/\/www.anika-net.de\/wp-content\/uploads\/2023\/12\/IQ_RGB_L.jpg",638,164,false],"thumbnail":["https:\/\/www.anika-net.de\/wp-content\/uploads\/2023\/12\/IQ_RGB_L-150x150.jpg",150,150,true],"medium":["https:\/\/www.anika-net.de\/wp-content\/uploads\/2023\/12\/IQ_RGB_L-300x77.jpg",300,77,true],"medium_large":["https:\/\/www.anika-net.de\/wp-content\/uploads\/2023\/12\/IQ_RGB_L.jpg",638,164,false],"large":["https:\/\/www.anika-net.de\/wp-content\/uploads\/2023\/12\/IQ_RGB_L.jpg",638,164,false],"1536x1536":["https:\/\/www.anika-net.de\/wp-content\/uploads\/2023\/12\/IQ_RGB_L.jpg",638,164,false],"2048x2048":["https:\/\/www.anika-net.de\/wp-content\/uploads\/2023\/12\/IQ_RGB_L.jpg",638,164,false],"event-overview":["https:\/\/www.anika-net.de\/wp-content\/uploads\/2023\/12\/IQ_RGB_L.jpg",638,164,false],"event-archive-thumb":["https:\/\/www.anika-net.de\/wp-content\/uploads\/2023\/12\/IQ_RGB_L-480x123.jpg",480,123,true],"grid-item-thumbnail":["https:\/\/www.anika-net.de\/wp-content\/uploads\/2023\/12\/IQ_RGB_L-360x164.jpg",360,164,true],"network-partner-icon":["https:\/\/www.anika-net.de\/wp-content\/uploads\/2023\/12\/IQ_RGB_L-100x100.jpg",100,100,true],"organiser-icon":["https:\/\/www.anika-net.de\/wp-content\/uploads\/2023\/12\/IQ_RGB_L-200x164.jpg",200,164,true],"gform-image-choice-sm":["https:\/\/www.anika-net.de\/wp-content\/uploads\/2023\/12\/IQ_RGB_L.jpg",300,77,false],"gform-image-choice-md":["https:\/\/www.anika-net.de\/wp-content\/uploads\/2023\/12\/IQ_RGB_L.jpg",400,103,false],"gform-image-choice-lg":["https:\/\/www.anika-net.de\/wp-content\/uploads\/2023\/12\/IQ_RGB_L.jpg",600,154,false]},"uagb_author_info":{"display_name":"Andrea Ramirez","author_link":"https:\/\/www.anika-net.de\/tr\/author\/andrea-ramirez\/"},"uagb_comment_info":0,"uagb_excerpt":"iku\u00adbiz Yaban\u00adc\u0131 Mes\u00adle\u00adki Yeter\u00adli\u00adlik\u00adle\u00adrin Tan\u0131nmas\u0131 Iku\u00adbiz, yaban\u00adc\u0131 mes\u00adle\u00adki yeter\u00adli\u00adlik\u00adle\u00adrin tan\u0131n\u00adma\u00ads\u0131y\u00adla ilgi\u00adli soru\u00adla\u00adr\u0131\u00adn\u0131z i\u00e7in hiz\u00adme\u00adti\u00adniz\u00adde\u00addir. Mes\u00adle\u00adki nite\u00adlik\u00adle\u00adre sahip bir\u00ad\u00e7ok yaban\u00adci, tan\u0131\u00adma s\u00fcre\u00adci hak\u00adk\u0131n\u00adda bil\u00adgi eksik\u00adli\u00ad\u011fi nede\u00adniy\u00adle mes\u00adlek\u00adle\u00adrin\u00adde nas\u0131l \u00e7al\u0131\u00ad\u015fa\u00adbi\u00adle\u00adcek\u00adle\u00adri\u00adni bile\u00adme\u00admek\u00adte\u00addir. Iku\u00adbi\u00adz\u00ad\u2019\u00adde\u00adki&nbsp;daha fazla okuyun","_links":{"self":[{"href":"https:\/\/www.anika-net.de\/tr\/wp-json\/wp\/v2\/event\/44181","targetHints":{"allow":["GET"]}}],"collection":[{"href":"https:\/\/www.anika-net.de\/tr\/wp-json\/wp\/v2\/event"}],"about":[{"href":"https:\/\/www.anika-net.de\/tr\/wp-json\/wp\/v2\/types\/event"}],"author":[{"embeddable":true,"href":"https:\/\/www.anika-net.de\/tr\/wp-json\/wp\/v2\/users\/12"}],"version-history":[{"count":3,"href":"https:\/\/www.anika-net.de\/tr\/wp-json\/wp\/v2\/event\/44181\/revisions"}],"predecessor-version":[{"id":119457,"href":"https:\/\/www.anika-net.de\/tr\/wp-json\/wp\/v2\/event\/44181\/revisions\/119457"}],"acf:post":[{"embeddable":true,"href":"https:\/\/www.anika-net.de\/tr\/wp-json\/wp\/v2\/organiser\/34902"},{"embeddable":true,"href":"https:\/\/www.anika-net.de\/tr\/wp-json\/wp\/v2\/organiser\/16268"},{"embeddable":true,"href":"https:\/\/www.anika-net.de\/tr\/wp-json\/wp\/v2\/organiser\/16233"}],"acf:term":[{"embeddable":true,"taxonomy":"event_category","href":"https:\/\/www.anika-net.de\/tr\/wp-json\/wp\/v2\/event_category\/96"}],"wp:featuredmedia":[{"embeddable":true,"href":"https:\/\/www.anika-net.de\/tr\/wp-json\/wp\/v2\/media\/119424"}],"wp:attachment":[{"href":"https:\/\/www.anika-net.de\/tr\/wp-json\/wp\/v2\/media?parent=44181"}],"curies":[{"name":"wp","href":"https:\/\/api.w.org\/{rel}","templated":true}]}}