{"id":43346,"date":"2023-10-31T13:45:54","date_gmt":"2023-10-31T12:45:54","guid":{"rendered":"https:\/\/www.anika-net.de\/event\/pazar-kafesi-21-yuzyilda-insan-haklarina-baglilik\/"},"modified":"2023-10-31T13:45:54","modified_gmt":"2023-10-31T12:45:54","slug":"pazar-kafesi-21-yuzyilda-insan-haklarina-baglilik","status":"publish","type":"event","link":"https:\/\/www.anika-net.de\/tr\/event\/pazar-kafesi-21-yuzyilda-insan-haklarina-baglilik\/","title":{"rendered":"Pazar Kafe\u00adsi: 21. y\u00fcz\u00ady\u0131l\u00adda insan hak\u00adla\u00adr\u0131\u00adna ba\u011fl\u0131l\u0131k"},"content":{"rendered":"<h2><span style=\"color: #333399;\">Pazar Kafe\u00adsi: 21. y\u00fcz\u00ady\u0131l\u00adda insan hak\u00adla\u00adr\u0131\u00adna ba\u011fl\u0131l\u0131k<\/span><\/h2>\n<p><strong><span style=\"color: #008080;\">Cat\u00adhe\u00adri\u00adne R. Deva\u00adux tara\u00adf\u0131n\u00addan veri\u00adlen konferans<\/span><\/strong><\/p>\n<p>Ulus\u00adla\u00adra\u00adra\u00ads\u0131 Af \u00d6rg\u00fc\u00adt\u00fc, 60 y\u0131l\u0131 a\u015fk\u0131n bir s\u00fcre\u00addir d\u00fcn\u00adya\u00adn\u0131n d\u00f6rt bir yan\u0131n\u00adda insan hak\u00adla\u00adr\u0131\u00adn\u0131 ve savu\u00adnu\u00adcu\u00adla\u00adr\u0131\u00adn\u0131 koru\u00admak i\u00e7in \u00e7al\u0131\u015f\u00admak\u00adta\u00add\u0131r. Bir\u00ad\u00e7ok vatan\u00adda\u015f Af \u00d6rg\u00fc\u00adt\u00fc\u00ad\u2019\u00adn\u00fcn y\u0131l\u00adl\u0131k rapo\u00adru\u00adnu, bil\u00adgi\u00adlen\u00addir\u00adme stant\u00adla\u00adr\u0131\u00adn\u0131 ve dilek\u00ad\u00e7e\u00adle\u00adri\u00adni bili\u00adyor \u2014 ancak y\u0131l\u00adlar i\u00e7in\u00adde \u00f6rg\u00fc\u00adt\u00fcn \u00e7al\u0131\u015f\u00adma\u00adla\u00adr\u0131 \u00e7ok de\u011fi\u015f\u00adti \u2014 sos\u00adyal med\u00adya\u00adn\u0131n da bun\u00adda \u00f6nem\u00adli bir kat\u00adk\u0131\u00ads\u0131&nbsp;var.<br>\n\u0130st\u00ader Ukray\u00adna\u00ad\u2019\u00adda\u00adki sava\u015f, ister \u0130ran\u00ad\u2019\u00adda ac\u0131\u00adma\u00ads\u0131z\u00adca bas\u00adt\u0131\u00adr\u0131\u00adlan g\u00f6s\u00adte\u00adri\u00adler ya da Mek\u00adsi\u00adka\u00ad\u2019\u00adda zul\u00adme u\u011fra\u00adyan sen\u00addi\u00adka\u00adc\u0131\u00adlar olsun, insan\u00adla\u00adr\u0131n onu\u00adru ve hak\u00adla\u00adr\u0131 her zaman savu\u00adnul\u00adma\u00adya haz\u0131rd\u0131r.<br>\n<strong>Ulus\u00adla\u00adra\u00adra\u00ads\u0131 Af \u00d6rg\u00fc\u00adt\u00fc Nord\u00adba\u00adden B\u00f6l\u00adge S\u00f6z\u00adc\u00fc\u00ads\u00fc Cat\u00adhe\u00adri\u00adne R. Deva\u00adux<\/strong>, Karls\u00adru\u00adhe\u00ad\u2019\u00adde, Alman\u00adya\u00ad\u2019\u00adda ve d\u00fcn\u00adya gene\u00adlin\u00adde insan hak\u00adla\u00adr\u0131\u00adna veri\u00adlen \u00f6ne\u00admi \u00e7ok say\u0131\u00adda \u00f6rnek\u00adle anlat\u0131yor.<\/p>\n<p><strong>Giri\u015f: 10:30.<\/strong><\/p>\n","protected":false},"author":12,"featured_media":43314,"template":"","class_list":["post-43346","event","type-event","status-publish","has-post-thumbnail","hentry","event_category-egitim"],"acf":{"event-recurring":false,"event-category":94,"event-is-language-course":false,"event-recurring-still-active":true,"event-display-details":true,"event-schedules-recurring":null,"event-schedules-calendar":[{"event-calendar-day":"20231119","event-calendar-time":"11:00","event-calendar-time-text":""}],"event-is-online":false,"event-online-url":"","event-location-building":"ibz, EG, Gro\u00dfer Saal ","event-location-street":"Kaiserallee 12 d","event-location-zip":"76133","event-location-city":"Karlsruhe","event-location-contact-person":"","event-location-phone":"721 89 33 37 10","event-location-phone-2":"","event-location-mail":"","event-location-mail-2":"","event-location-website":"https:\/\/www.ibz-karlsruhe.de\/events\/550-600-649\/","event-target-group":[{"target-group":"adults"}],"event-target-group-comment":"","event-free":true,"event-organiser":[16249],"event-header-copyright-overlay":true,"event-copyright-note-description-end":true},"featured_image_urls_v2":{"full":["https:\/\/www.anika-net.de\/wp-content\/uploads\/2023\/10\/people-having-protest-world-environment-day-scaled.jpg",2560,1707,false],"thumbnail":["https:\/\/www.anika-net.de\/wp-content\/uploads\/2023\/10\/people-having-protest-world-environment-day-150x150.jpg",150,150,true],"medium":["https:\/\/www.anika-net.de\/wp-content\/uploads\/2023\/10\/people-having-protest-world-environment-day-300x200.jpg",300,200,true],"medium_large":["https:\/\/www.anika-net.de\/wp-content\/uploads\/2023\/10\/people-having-protest-world-environment-day-768x512.jpg",640,427,true],"large":["https:\/\/www.anika-net.de\/wp-content\/uploads\/2023\/10\/people-having-protest-world-environment-day-1024x683.jpg",640,427,true],"1536x1536":["https:\/\/www.anika-net.de\/wp-content\/uploads\/2023\/10\/people-having-protest-world-environment-day-1536x1024.jpg",1536,1024,true],"2048x2048":["https:\/\/www.anika-net.de\/wp-content\/uploads\/2023\/10\/people-having-protest-world-environment-day-2048x1365.jpg",2048,1365,true],"event-overview":["https:\/\/www.anika-net.de\/wp-content\/uploads\/2023\/10\/people-having-protest-world-environment-day-960x640.jpg",960,640,true],"event-archive-thumb":["https:\/\/www.anika-net.de\/wp-content\/uploads\/2023\/10\/people-having-protest-world-environment-day-480x320.jpg",480,320,true],"grid-item-thumbnail":["https:\/\/www.anika-net.de\/wp-content\/uploads\/2023\/10\/people-having-protest-world-environment-day-360x200.jpg",360,200,true],"network-partner-icon":["https:\/\/www.anika-net.de\/wp-content\/uploads\/2023\/10\/people-having-protest-world-environment-day-100x100.jpg",100,100,true],"organiser-icon":["https:\/\/www.anika-net.de\/wp-content\/uploads\/2023\/10\/people-having-protest-world-environment-day-200x200.jpg",200,200,true],"gform-image-choice-sm":["https:\/\/www.anika-net.de\/wp-content\/uploads\/2023\/10\/people-having-protest-world-environment-day-scaled.jpg",300,200,false],"gform-image-choice-md":["https:\/\/www.anika-net.de\/wp-content\/uploads\/2023\/10\/people-having-protest-world-environment-day-scaled.jpg",400,267,false],"gform-image-choice-lg":["https:\/\/www.anika-net.de\/wp-content\/uploads\/2023\/10\/people-having-protest-world-environment-day-scaled.jpg",600,400,false]},"post_excerpt_stackable_v2":"<p>Pazar Kafe\u00adsi: 21. y\u00fcz\u00ady\u0131l\u00adda insan hak\u00adla\u00adr\u0131\u00adna ba\u011f\u00adl\u0131\u00adl\u0131k Cat\u00adhe\u00adri\u00adne R. Deva\u00adux tara\u00adf\u0131n\u00addan veri\u00adlen kon\u00adfe\u00adrans Ulus\u00adla\u00adra\u00adra\u00ads\u0131 Af \u00d6rg\u00fc\u00adt\u00fc, 60 y\u0131l\u0131 a\u015fk\u0131n bir s\u00fcre\u00addir d\u00fcn\u00adya\u00adn\u0131n d\u00f6rt bir yan\u0131n\u00adda insan hak\u00adla\u00adr\u0131\u00adn\u0131 ve savu\u00adnu\u00adcu\u00adla\u00adr\u0131\u00adn\u0131 koru\u00admak i\u00e7in \u00e7al\u0131\u015f\u00admak\u00adta\u00add\u0131r. Bir\u00ad\u00e7ok vatan\u00adda\u015f Af \u00d6rg\u00fc\u00adt\u00fc\u00ad\u2019\u00adn\u00fcn y\u0131l\u00adl\u0131k rapo\u00adru\u00adnu, bil\u00adgi\u00adlen\u00addir\u00adme stant\u00adla\u00adr\u0131\u00adn\u0131 ve dilek\u00ad\u00e7e\u00adle\u00adri\u00adni bili\u00adyor \u2014 ancak y\u0131l\u00adlar i\u00e7in\u00adde \u00f6rg\u00fc\u00adt\u00fcn \u00e7al\u0131\u015f\u00adma\u00adla\u00adr\u0131 \u00e7ok de\u011fi\u015f\u00adti \u2014 sos\u00adyal med\u00adya\u00adn\u0131n da bun\u00adda \u00f6nem\u00adli bir kat\u00adk\u0131\u00ads\u0131&nbsp;var. \u0130st\u00ader Ukray\u00adna\u00ad\u2019\u00adda\u00adki sava\u015f, ister \u0130ran\u00ad\u2019\u00adda ac\u0131\u00adma\u00ads\u0131z\u00adca bas\u00adt\u0131\u00adr\u0131\u00adlan g\u00f6s\u00adte\u00adri\u00adler ya da Mek\u00adsi\u00adka\u00ad\u2019\u00adda zul\u00adme u\u011fra\u00adyan sen\u00addi\u00adka\u00adc\u0131\u00adlar olsun, insan\u00adla\u00adr\u0131n onu\u00adru ve hak\u00adla\u00adr\u0131 her zaman savu\u00adnul\u00adma\u00adya haz\u0131r\u00add\u0131r. Ulus\u00adla\u00adra\u00adra\u00ads\u0131 Af \u00d6rg\u00fc\u00adt\u00fc Nord\u00adba\u00adden B\u00f6l\u00adge S\u00f6z\u00adc\u00fc\u00ads\u00fc Cat\u00adhe\u00adri\u00adne R. Deva\u00adux, Karls\u00adru\u00adhe\u00ad\u2019\u00adde, Alman\u00adya\u00ad\u2019\u00adda ve d\u00fcn\u00adya gene\u00adlin\u00adde insan hak\u00adla\u00adr\u0131\u00adna veri\u00adlen&nbsp;\u00f6nemi\u2026<\/p>\n","category_list_v2":"","author_info_v2":{"name":"Andrea Ramirez","url":"https:\/\/www.anika-net.de\/tr\/author\/andrea-ramirez\/"},"comments_num_v2":"0 comments","uagb_featured_image_src":{"full":["https:\/\/www.anika-net.de\/wp-content\/uploads\/2023\/10\/people-having-protest-world-environment-day-scaled.jpg",2560,1707,false],"thumbnail":["https:\/\/www.anika-net.de\/wp-content\/uploads\/2023\/10\/people-having-protest-world-environment-day-150x150.jpg",150,150,true],"medium":["https:\/\/www.anika-net.de\/wp-content\/uploads\/2023\/10\/people-having-protest-world-environment-day-300x200.jpg",300,200,true],"medium_large":["https:\/\/www.anika-net.de\/wp-content\/uploads\/2023\/10\/people-having-protest-world-environment-day-768x512.jpg",640,427,true],"large":["https:\/\/www.anika-net.de\/wp-content\/uploads\/2023\/10\/people-having-protest-world-environment-day-1024x683.jpg",640,427,true],"1536x1536":["https:\/\/www.anika-net.de\/wp-content\/uploads\/2023\/10\/people-having-protest-world-environment-day-1536x1024.jpg",1536,1024,true],"2048x2048":["https:\/\/www.anika-net.de\/wp-content\/uploads\/2023\/10\/people-having-protest-world-environment-day-2048x1365.jpg",2048,1365,true],"event-overview":["https:\/\/www.anika-net.de\/wp-content\/uploads\/2023\/10\/people-having-protest-world-environment-day-960x640.jpg",960,640,true],"event-archive-thumb":["https:\/\/www.anika-net.de\/wp-content\/uploads\/2023\/10\/people-having-protest-world-environment-day-480x320.jpg",480,320,true],"grid-item-thumbnail":["https:\/\/www.anika-net.de\/wp-content\/uploads\/2023\/10\/people-having-protest-world-environment-day-360x200.jpg",360,200,true],"network-partner-icon":["https:\/\/www.anika-net.de\/wp-content\/uploads\/2023\/10\/people-having-protest-world-environment-day-100x100.jpg",100,100,true],"organiser-icon":["https:\/\/www.anika-net.de\/wp-content\/uploads\/2023\/10\/people-having-protest-world-environment-day-200x200.jpg",200,200,true],"gform-image-choice-sm":["https:\/\/www.anika-net.de\/wp-content\/uploads\/2023\/10\/people-having-protest-world-environment-day-scaled.jpg",300,200,false],"gform-image-choice-md":["https:\/\/www.anika-net.de\/wp-content\/uploads\/2023\/10\/people-having-protest-world-environment-day-scaled.jpg",400,267,false],"gform-image-choice-lg":["https:\/\/www.anika-net.de\/wp-content\/uploads\/2023\/10\/people-having-protest-world-environment-day-scaled.jpg",600,400,false]},"uagb_author_info":{"display_name":"Andrea Ramirez","author_link":"https:\/\/www.anika-net.de\/tr\/author\/andrea-ramirez\/"},"uagb_comment_info":0,"uagb_excerpt":"Pazar Kafe\u00adsi: 21. y\u00fcz\u00ady\u0131l\u00adda insan hak\u00adla\u00adr\u0131\u00adna ba\u011fl\u0131l\u0131k Cat\u00adhe\u00adri\u00adne R. Deva\u00adux tara\u00adf\u0131n\u00addan veri\u00adlen konferans Ulus\u00adla\u00adra\u00adra\u00ads\u0131 Af \u00d6rg\u00fc\u00adt\u00fc, 60 y\u0131l\u0131 a\u015fk\u0131n bir s\u00fcre\u00addir d\u00fcn\u00adya\u00adn\u0131n d\u00f6rt bir yan\u0131n\u00adda insan hak\u00adla\u00adr\u0131\u00adn\u0131 ve savu\u00adnu\u00adcu\u00adla\u00adr\u0131\u00adn\u0131 koru\u00admak&nbsp;daha fazla okuyun","_links":{"self":[{"href":"https:\/\/www.anika-net.de\/tr\/wp-json\/wp\/v2\/event\/43346","targetHints":{"allow":["GET"]}}],"collection":[{"href":"https:\/\/www.anika-net.de\/tr\/wp-json\/wp\/v2\/event"}],"about":[{"href":"https:\/\/www.anika-net.de\/tr\/wp-json\/wp\/v2\/types\/event"}],"author":[{"embeddable":true,"href":"https:\/\/www.anika-net.de\/tr\/wp-json\/wp\/v2\/users\/12"}],"version-history":[{"count":0,"href":"https:\/\/www.anika-net.de\/tr\/wp-json\/wp\/v2\/event\/43346\/revisions"}],"acf:post":[{"embeddable":true,"href":"https:\/\/www.anika-net.de\/tr\/wp-json\/wp\/v2\/organiser\/16249"}],"acf:term":[{"embeddable":true,"taxonomy":"event_category","href":"https:\/\/www.anika-net.de\/tr\/wp-json\/wp\/v2\/event_category\/94"}],"wp:featuredmedia":[{"embeddable":true,"href":"https:\/\/www.anika-net.de\/tr\/wp-json\/wp\/v2\/media\/43314"}],"wp:attachment":[{"href":"https:\/\/www.anika-net.de\/tr\/wp-json\/wp\/v2\/media?parent=43346"}],"curies":[{"name":"wp","href":"https:\/\/api.w.org\/{rel}","templated":true}]}}