{"id":43166,"date":"2023-10-30T14:11:41","date_gmt":"2023-10-30T13:11:41","guid":{"rendered":"https:\/\/www.anika-net.de\/event\/is-fikrinizi-gelistirin\/"},"modified":"2023-10-30T14:11:41","modified_gmt":"2023-10-30T13:11:41","slug":"is-fikrinizi-gelistirin","status":"publish","type":"event","link":"https:\/\/www.anika-net.de\/tr\/event\/is-fikrinizi-gelistirin\/","title":{"rendered":"\u0130\u015f fik\u00adri\u00adni\u00adzi geli\u015ftirin"},"content":{"rendered":"<h4><span style=\"color: #333399;\">B\u00f6l\u00adge\u00adde a\u00e7\u0131k bir top\u00adlum i\u00e7in \u2014 LiNK Idea Lab Karlsruhe\u2019de<\/span><\/h4>\n<h2><span style=\"color: #008080;\">\u0130\u015f fik\u00adri\u00adni\u00adzi geli\u015ftirin<\/span><\/h2>\n<p><strong>Prog\u00adram<br>\n<\/strong>- Fik\u00adri\u00adni\u00adzi sunun ve eki\u00adbi\u00adni\u00adzi&nbsp;bulun<br>\n\u2014 Fik\u00adri\u00adni\u00adzi \u201cA\u00e7\u0131k Top\u00adlum\u201d konu\u00adsu etra\u00adf\u0131n\u00adda ana\u00adliz edin ve geli\u015ftirin<br>\n\u2014 A\u011f\u0131\u00adm\u0131z\u00adda\u00adki uzman\u00adlar\u00addan ve men\u00adtor\u00adlar\u00addan reh\u00adber\u00adlik&nbsp;al\u0131n<br>\n\u2014 Sos\u00adyal ino\u00advas\u00adyon ve s\u00fcr\u00add\u00fc\u00adr\u00fc\u00adle\u00adbi\u00adlir giri\u00ad\u015fim\u00adci\u00adlik hak\u00adk\u0131n\u00adda daha faz\u00adla bil\u00adgi edinin<br>\n\u2014 A\u00e7\u0131k ve etki odak\u00adl\u0131 insan\u00adlar\u00adla \u00e7al\u0131\u015f\u0131n<br>\n\u2014 Fik\u00adri\u00adni\u00adzi ger\u00ad\u00e7e\u00ad\u011fe d\u00f6n\u00fc\u015f\u00adt\u00fcr\u00admek i\u00e7in son\u00adra\u00adki ad\u0131m\u00adla\u00adr\u0131 geli\u015ftirin<\/p>\n<p><strong>Kim\u00adler kat\u0131labilir?<\/strong><br>\nT\u00fcm b\u00f6l\u00adge sakin\u00adle\u00adri \u2014 mil\u00adli\u00adyet\u00adle\u00adri ne olur\u00adsa olsun! \u2014 Stras\u00adbo\u00adurg ve Karls\u00adru\u00adhe ara\u00ads\u0131n\u00adda\u00adki s\u0131n\u0131r b\u00f6lgesinden.<br>\nT\u00fcm pro\u00adfil\u00adle\u00adri ar\u0131\u00adyo\u00adruz \u2014 yeni gelen\u00adler, m\u00fcl\u00adte\u00adci\u00adler, yerel halk, \u00f6\u011fren\u00adci\u00adler, \u00e7al\u0131\u00ad\u015fan\u00adlar, i\u015f ara\u00adyan\u00adlar&nbsp;vb.<br>\n\u00d6nce\u00adden bir fik\u00adre ihti\u00adya\u00adc\u0131\u00adn\u0131z yok: sade\u00adce bir haf\u00adta sonu i\u00e7in dahil olma moti\u00advas\u00adyo\u00adnu ve gelecek i\u00e7in ken\u00addi\u00adniz bir etki yarat\u00adma motivasyonu.<\/p>\n<p><strong>\ud83d\udc49 <a href=\"https:\/\/form.typeform.com\/to\/CDAa7b29\" rel=\"noopener\">\u015eim\u00addi kay\u0131t olun!<\/a> Yer\u00adler s\u0131n\u0131rl\u0131d\u0131r<\/strong><\/p>\n<p><strong>Ne zaman ve nerede?<\/strong><br>\n<strong>10 Kas\u0131m Cuma<\/strong>, 14:00\u20137:00<br>\n<strong>11 Kas\u0131m Cumar\u00adte\u00adsi<\/strong>, sabah 9 ak\u015fam&nbsp;5<br>\nImpact Hub Karls\u00adru\u00adhe\u00ad\u2019\u00adde\u00adki LiNK-Idea Laboratuvar\u0131<\/p>\n<p>\u0130st\u00ade\u011fe ba\u011f\u00adl\u0131: Fik\u00adri\u00adni\u00adzi sun\u00admak ve a\u011f\u0131\u00adn\u0131\u00adz\u0131 geni\u015f\u00adlet\u00admek i\u00e7in Ara\u00adl\u0131k ay\u0131n\u00adda\u00adki pitch etkin\u00adli\u00ad\u011fi\u00adne kat\u0131\u00adl\u0131m; pitch haz\u0131r\u00adla\u00admak i\u00e7in at\u00f6l\u00adye \u00e7al\u0131\u015fmas\u0131<br>\nSon\u00adra\u00ads\u0131n\u00adda: 6 ay boyun\u00adca ran\u00adde\u00advu ile birey\u00adsel ko\u00e7\u00adluk m\u00fcmk\u00fcn<\/p>\n<p><strong>Fiyat<\/strong><br>\n<strong>Kat\u0131\u00adl\u0131m \u00fccret\u00adsiz\u00addir.<\/strong> Seya\u00adhat ve konak\u00adla\u00adma mas\u00adraf\u00adla\u00adr\u0131 kar\u015f\u0131lanmaktad\u0131r.<br>\nStraz\u00adbur\u00adg\u00ad\u2019\u00addan bir grup tren yol\u00adcu\u00adlu\u00ad\u011fu d\u00fczen\u00adli\u00adyo\u00adruz. Kay\u0131t\u00adtan son\u00adra daha faz\u00adla&nbsp;bilgi.<\/p>\n<p><strong>Gerek\u00adsi\u00adnim\u00adler<\/strong><br>\n\u2014 Karls\u00adru\u00adhe \u00e7ev\u00adre\u00adsin\u00adde\u00adki s\u0131n\u0131r \u00f6te\u00adsi Yuka\u00adr\u0131 Ren b\u00f6l\u00adge\u00adsin\u00adde ya\u015f\u0131yorsunuz.<br>\n\u2014 A\u00e7\u0131k bir top\u00adlu\u00admu te\u015f\u00advik etmek i\u00e7in bir pro\u00adje veya i\u015f kur\u00admak istiyorsunuz<br>\n\u2014 Alman\u00adca, \u0130ng\u00adil\u00adizce veya Fran\u00ads\u0131z\u00adca biliyorsunuz<\/p>\n<p><strong>**Ba\u015f\u00adka soru\u00adla\u00adr\u0131\u00adn\u0131z m\u0131&nbsp;var?&nbsp;<\/strong><br>\n<a href=\"mailto:karlsruhe@singa-deutschland.de\" target=\"_blank\" rel=\"noopener noreferrer\">karlsruhe@singa-deutschland.de<\/a><\/p>\n","protected":false},"author":12,"featured_media":43149,"template":"","class_list":["post-43166","event","type-event","status-publish","has-post-thumbnail","hentry","event_category-is"],"acf":{"event-recurring":false,"event-category":96,"event-is-language-course":false,"event-recurring-still-active":true,"event-display-details":true,"event-schedules-recurring":null,"event-schedules-calendar":[{"event-calendar-day":"20231110","event-calendar-time":"14:00 - 19:00","event-calendar-time-text":""},{"event-calendar-day":"20231111","event-calendar-time":"09:00 - 17:00","event-calendar-time-text":""}],"event-is-online":false,"event-online-url":"","event-location-building":"LiNK Idea Lab \/ Impact Hub Karlsruhe","event-location-street":"Kaiserstra\u00dfe 97","event-location-zip":"76133","event-location-city":"Karlsruhe","event-location-contact-person":"","event-location-phone":"","event-location-phone-2":"","event-location-mail":"karlsruhe@singa-deutschland.de","event-location-mail-2":"","event-location-website":"https:\/\/form.typeform.com\/to\/CDAa7b29","event-target-group":[{"target-group":"adults"}],"event-target-group-comment":"","event-free":true,"event-organiser":[17453],"event-header-copyright-overlay":true,"event-copyright-note-description-end":false},"featured_image_urls_v2":{"full":["https:\/\/www.anika-net.de\/wp-content\/uploads\/2023\/10\/impact-hub.png",1106,540,false],"thumbnail":["https:\/\/www.anika-net.de\/wp-content\/uploads\/2023\/10\/impact-hub-150x150.png",150,150,true],"medium":["https:\/\/www.anika-net.de\/wp-content\/uploads\/2023\/10\/impact-hub-300x146.png",300,146,true],"medium_large":["https:\/\/www.anika-net.de\/wp-content\/uploads\/2023\/10\/impact-hub-768x375.png",640,313,true],"large":["https:\/\/www.anika-net.de\/wp-content\/uploads\/2023\/10\/impact-hub-1024x500.png",640,313,true],"1536x1536":["https:\/\/www.anika-net.de\/wp-content\/uploads\/2023\/10\/impact-hub.png",1106,540,false],"2048x2048":["https:\/\/www.anika-net.de\/wp-content\/uploads\/2023\/10\/impact-hub.png",1106,540,false],"event-overview":["https:\/\/www.anika-net.de\/wp-content\/uploads\/2023\/10\/impact-hub-960x540.png",960,540,true],"event-archive-thumb":["https:\/\/www.anika-net.de\/wp-content\/uploads\/2023\/10\/impact-hub-480x234.png",480,234,true],"grid-item-thumbnail":["https:\/\/www.anika-net.de\/wp-content\/uploads\/2023\/10\/impact-hub-360x200.png",360,200,true],"network-partner-icon":["https:\/\/www.anika-net.de\/wp-content\/uploads\/2023\/10\/impact-hub-100x100.png",100,100,true],"organiser-icon":["https:\/\/www.anika-net.de\/wp-content\/uploads\/2023\/10\/impact-hub-200x200.png",200,200,true],"gform-image-choice-sm":["https:\/\/www.anika-net.de\/wp-content\/uploads\/2023\/10\/impact-hub.png",300,146,false],"gform-image-choice-md":["https:\/\/www.anika-net.de\/wp-content\/uploads\/2023\/10\/impact-hub.png",400,195,false],"gform-image-choice-lg":["https:\/\/www.anika-net.de\/wp-content\/uploads\/2023\/10\/impact-hub.png",600,293,false]},"post_excerpt_stackable_v2":"<p>B\u00f6l\u00adge\u00adde a\u00e7\u0131k bir top\u00adlum i\u00e7in \u2014 LiNK Idea Lab Karlsruhe\u2019de \u0130\u015f fik\u00adri\u00adni\u00adzi geli\u015f\u00adti\u00adrin Prog\u00adram \u2014 Fik\u00adri\u00adni\u00adzi sunun ve eki\u00adbi\u00adni\u00adzi&nbsp;bulun \u2014 Fik\u00adri\u00adni\u00adzi \u201cA\u00e7\u0131k Top\u00adlum\u201d konu\u00adsu etra\u00adf\u0131n\u00adda ana\u00adliz edin ve geli\u015f\u00adti\u00adrin \u2014 A\u011f\u0131\u00adm\u0131z\u00adda\u00adki uzman\u00adlar\u00addan ve men\u00adtor\u00adlar\u00addan reh\u00adber\u00adlik&nbsp;al\u0131n \u2014 Sos\u00adyal ino\u00advas\u00adyon ve s\u00fcr\u00add\u00fc\u00adr\u00fc\u00adle\u00adbi\u00adlir giri\u00ad\u015fim\u00adci\u00adlik hak\u00adk\u0131n\u00adda daha faz\u00adla bil\u00adgi edi\u00adnin \u2014 A\u00e7\u0131k ve etki odak\u00adl\u0131 insan\u00adlar\u00adla \u00e7al\u0131\u00ad\u015f\u0131n \u2014 Fik\u00adri\u00adni\u00adzi ger\u00ad\u00e7e\u00ad\u011fe d\u00f6n\u00fc\u015f\u00adt\u00fcr\u00admek i\u00e7in son\u00adra\u00adki ad\u0131m\u00adla\u00adr\u0131 geli\u015f\u00adti\u00adrin Kim\u00adler kat\u0131\u00adla\u00adbi\u00adlir? T\u00fcm b\u00f6l\u00adge sakin\u00adle\u00adri \u2014 mil\u00adli\u00adyet\u00adle\u00adri ne olur\u00adsa olsun! \u2014 Stras\u00adbo\u00adurg ve Karls\u00adru\u00adhe ara\u00ads\u0131n\u00adda\u00adki s\u0131n\u0131r b\u00f6l\u00adge\u00adsin\u00adden. T\u00fcm pro\u00adfil\u00adle\u00adri ar\u0131\u00adyo\u00adruz \u2014 yeni gelen\u00adler, m\u00fcl\u00adte\u00adci\u00adler, yerel halk, \u00f6\u011fren\u00adci\u00adler, \u00e7al\u0131\u00ad\u015fan\u00adlar, i\u015f ara\u00adyan\u00adlar&nbsp;vb. \u00d6nce\u00adden bir fik\u00adre ihti\u00adya\u00adc\u0131\u00adn\u0131z yok: sade\u00adce bir haf\u00adta&nbsp;sonu\u2026<\/p>\n","category_list_v2":"","author_info_v2":{"name":"Andrea Ramirez","url":"https:\/\/www.anika-net.de\/tr\/author\/andrea-ramirez\/"},"comments_num_v2":"0 comments","uagb_featured_image_src":{"full":["https:\/\/www.anika-net.de\/wp-content\/uploads\/2023\/10\/impact-hub.png",1106,540,false],"thumbnail":["https:\/\/www.anika-net.de\/wp-content\/uploads\/2023\/10\/impact-hub-150x150.png",150,150,true],"medium":["https:\/\/www.anika-net.de\/wp-content\/uploads\/2023\/10\/impact-hub-300x146.png",300,146,true],"medium_large":["https:\/\/www.anika-net.de\/wp-content\/uploads\/2023\/10\/impact-hub-768x375.png",640,313,true],"large":["https:\/\/www.anika-net.de\/wp-content\/uploads\/2023\/10\/impact-hub-1024x500.png",640,313,true],"1536x1536":["https:\/\/www.anika-net.de\/wp-content\/uploads\/2023\/10\/impact-hub.png",1106,540,false],"2048x2048":["https:\/\/www.anika-net.de\/wp-content\/uploads\/2023\/10\/impact-hub.png",1106,540,false],"event-overview":["https:\/\/www.anika-net.de\/wp-content\/uploads\/2023\/10\/impact-hub-960x540.png",960,540,true],"event-archive-thumb":["https:\/\/www.anika-net.de\/wp-content\/uploads\/2023\/10\/impact-hub-480x234.png",480,234,true],"grid-item-thumbnail":["https:\/\/www.anika-net.de\/wp-content\/uploads\/2023\/10\/impact-hub-360x200.png",360,200,true],"network-partner-icon":["https:\/\/www.anika-net.de\/wp-content\/uploads\/2023\/10\/impact-hub-100x100.png",100,100,true],"organiser-icon":["https:\/\/www.anika-net.de\/wp-content\/uploads\/2023\/10\/impact-hub-200x200.png",200,200,true],"gform-image-choice-sm":["https:\/\/www.anika-net.de\/wp-content\/uploads\/2023\/10\/impact-hub.png",300,146,false],"gform-image-choice-md":["https:\/\/www.anika-net.de\/wp-content\/uploads\/2023\/10\/impact-hub.png",400,195,false],"gform-image-choice-lg":["https:\/\/www.anika-net.de\/wp-content\/uploads\/2023\/10\/impact-hub.png",600,293,false]},"uagb_author_info":{"display_name":"Andrea Ramirez","author_link":"https:\/\/www.anika-net.de\/tr\/author\/andrea-ramirez\/"},"uagb_comment_info":0,"uagb_excerpt":"B\u00f6l\u00adge\u00adde a\u00e7\u0131k bir top\u00adlum i\u00e7in \u2014 LiNK Idea Lab Karlsruhe\u2019de \u0130\u015f fik\u00adri\u00adni\u00adzi geli\u015ftirin Prog\u00adram - Fik\u00adri\u00adni\u00adzi sunun ve eki\u00adbi\u00adni\u00adzi&nbsp;bulun \u2014 Fik\u00adri\u00adni\u00adzi \u201cA\u00e7\u0131k Top\u00adlum\u201d konu\u00adsu etra\u00adf\u0131n\u00adda ana\u00adliz edin ve geli\u015ftirin \u2014&nbsp;daha fazla okuyun","_links":{"self":[{"href":"https:\/\/www.anika-net.de\/tr\/wp-json\/wp\/v2\/event\/43166","targetHints":{"allow":["GET"]}}],"collection":[{"href":"https:\/\/www.anika-net.de\/tr\/wp-json\/wp\/v2\/event"}],"about":[{"href":"https:\/\/www.anika-net.de\/tr\/wp-json\/wp\/v2\/types\/event"}],"author":[{"embeddable":true,"href":"https:\/\/www.anika-net.de\/tr\/wp-json\/wp\/v2\/users\/12"}],"version-history":[{"count":0,"href":"https:\/\/www.anika-net.de\/tr\/wp-json\/wp\/v2\/event\/43166\/revisions"}],"acf:post":[{"embeddable":true,"href":"https:\/\/www.anika-net.de\/tr\/wp-json\/wp\/v2\/organiser\/17453"}],"acf:term":[{"embeddable":true,"taxonomy":"event_category","href":"https:\/\/www.anika-net.de\/tr\/wp-json\/wp\/v2\/event_category\/96"}],"wp:featuredmedia":[{"embeddable":true,"href":"https:\/\/www.anika-net.de\/tr\/wp-json\/wp\/v2\/media\/43149"}],"wp:attachment":[{"href":"https:\/\/www.anika-net.de\/tr\/wp-json\/wp\/v2\/media?parent=43166"}],"curies":[{"name":"wp","href":"https:\/\/api.w.org\/{rel}","templated":true}]}}