{"id":43116,"date":"2023-10-30T12:01:31","date_gmt":"2023-10-30T11:01:31","guid":{"rendered":"https:\/\/www.anika-net.de\/event\/gocmenler-icin-bilgi-alisverisi\/"},"modified":"2023-10-30T12:01:31","modified_gmt":"2023-10-30T11:01:31","slug":"gocmenler-icin-bilgi-alisverisi","status":"publish","type":"event","link":"https:\/\/www.anika-net.de\/tr\/event\/gocmenler-icin-bilgi-alisverisi\/","title":{"rendered":"G\u00f6\u00e7\u00admen\u00adler i\u00e7in Bil\u00adgi Al\u0131\u015fveri\u015fi"},"content":{"rendered":"<h2><span style=\"color: #008080;\"><strong>G\u00f6\u00e7\u00admen\u00adler ve \u0130lg\u00adili Taraf\u00adlar i\u00e7in \u201c\u0130\u015f, E\u011fi\u00adtim ve \u00d6\u011fre\u00adtim\u201d Konu\u00adsun\u00adda Bil\u00adgi Al\u0131\u015fveri\u015fi<\/strong><\/span><\/h2>\n<p><strong>Dil kur\u00adsun\u00addan son\u00adra ne ola\u00adcak?<\/strong>  Nas\u0131l bir e\u011fi\u00adtim pozis\u00adyo\u00adnu veya i\u015f bula\u00adbi\u00adli\u00adrim? Yaban\u00adc\u0131 yeter\u00adli\u00adli\u00ad\u011fi\u00admin tan\u0131n\u00adma\u00ads\u0131\u00adn\u0131 nas\u0131l ve nere\u00adde sa\u011f\u00adla\u00adya\u00adbi\u00adli\u00adrim? Bir\u00ad\u00e7ok soru&nbsp;var\u2026<br>\n\u00c7e\u015fit\u00adli uzman\u00adlar\u00adla bil\u00adgi al\u0131\u015f\u00adve\u00adri\u00ad\u015fi s\u0131ra\u00ads\u0131n\u00adda, rahat bir ortam\u00adda cevap\u00adlar alma ve ba\u011f\u00adlan\u00adt\u0131\u00adlar kur\u00adma f\u0131r\u00adsa\u00adt\u0131\u00adna sahip olacaks\u0131n\u0131z.<\/p>\n<p>&nbsp;<\/p>\n","protected":false},"author":12,"featured_media":43103,"template":"","class_list":["post-43116","event","type-event","status-publish","has-post-thumbnail","hentry","event_category-is"],"acf":{"event-recurring":false,"event-category":96,"event-is-language-course":false,"event-recurring-still-active":true,"event-display-details":true,"event-schedules-recurring":null,"event-schedules-calendar":[{"event-calendar-day":"20231115","event-calendar-time":"10:00 - 13:00","event-calendar-time-text":""}],"event-is-online":false,"event-online-url":"","event-location-building":"ibz, EG, Gro\u00dfer Saal","event-location-street":"Kaiserallee 12 d","event-location-zip":"76133","event-location-city":"Karlsruhe","event-location-contact-person":"Nicole Blaffert","event-location-phone":"721 89 33 37 10","event-location-phone-2":"","event-location-mail":"","event-location-mail-2":"","event-location-website":"https:\/\/www.ibz-karlsruhe.de\/events\/infoboerse-fuer-zugewanderte-und-interessierte-zum-thema-arbeit-aus-und-weiterbildung\/","event-target-group":[{"target-group":"all"}],"event-target-group-comment":"","event-free":true,"event-organiser":[16249],"event-header-copyright-overlay":true,"event-copyright-note-description-end":false},"featured_image_urls_v2":{"full":["https:\/\/www.anika-net.de\/wp-content\/uploads\/2023\/10\/save-the-date-7857592_1920.png",1920,1671,false],"thumbnail":["https:\/\/www.anika-net.de\/wp-content\/uploads\/2023\/10\/save-the-date-7857592_1920-150x150.png",150,150,true],"medium":["https:\/\/www.anika-net.de\/wp-content\/uploads\/2023\/10\/save-the-date-7857592_1920-300x261.png",300,261,true],"medium_large":["https:\/\/www.anika-net.de\/wp-content\/uploads\/2023\/10\/save-the-date-7857592_1920-768x668.png",640,557,true],"large":["https:\/\/www.anika-net.de\/wp-content\/uploads\/2023\/10\/save-the-date-7857592_1920-1024x891.png",640,557,true],"1536x1536":["https:\/\/www.anika-net.de\/wp-content\/uploads\/2023\/10\/save-the-date-7857592_1920-1536x1337.png",1536,1337,true],"2048x2048":["https:\/\/www.anika-net.de\/wp-content\/uploads\/2023\/10\/save-the-date-7857592_1920.png",1920,1671,false],"event-overview":["https:\/\/www.anika-net.de\/wp-content\/uploads\/2023\/10\/save-the-date-7857592_1920-960x640.png",960,640,true],"event-archive-thumb":["https:\/\/www.anika-net.de\/wp-content\/uploads\/2023\/10\/save-the-date-7857592_1920-480x418.png",480,418,true],"grid-item-thumbnail":["https:\/\/www.anika-net.de\/wp-content\/uploads\/2023\/10\/save-the-date-7857592_1920-360x200.png",360,200,true],"network-partner-icon":["https:\/\/www.anika-net.de\/wp-content\/uploads\/2023\/10\/save-the-date-7857592_1920-100x100.png",100,100,true],"organiser-icon":["https:\/\/www.anika-net.de\/wp-content\/uploads\/2023\/10\/save-the-date-7857592_1920-200x200.png",200,200,true],"gform-image-choice-sm":["https:\/\/www.anika-net.de\/wp-content\/uploads\/2023\/10\/save-the-date-7857592_1920.png",300,261,false],"gform-image-choice-md":["https:\/\/www.anika-net.de\/wp-content\/uploads\/2023\/10\/save-the-date-7857592_1920.png",400,348,false],"gform-image-choice-lg":["https:\/\/www.anika-net.de\/wp-content\/uploads\/2023\/10\/save-the-date-7857592_1920.png",600,522,false]},"post_excerpt_stackable_v2":"<p>G\u00f6\u00e7\u00admen\u00adler ve \u0130lg\u00adili Taraf\u00adlar i\u00e7in \u201c\u0130\u015f, E\u011fi\u00adtim ve \u00d6\u011fre\u00adtim\u201d Konu\u00adsun\u00adda Bil\u00adgi Al\u0131\u015f\u00adve\u00adri\u00ad\u015fi Dil kur\u00adsun\u00addan son\u00adra ne ola\u00adcak? Nas\u0131l bir e\u011fi\u00adtim pozis\u00adyo\u00adnu veya i\u015f bula\u00adbi\u00adli\u00adrim? Yaban\u00adc\u0131 yeter\u00adli\u00adli\u00ad\u011fi\u00admin tan\u0131n\u00adma\u00ads\u0131\u00adn\u0131 nas\u0131l ve nere\u00adde sa\u011f\u00adla\u00adya\u00adbi\u00adli\u00adrim? Bir\u00ad\u00e7ok soru&nbsp;var\u2026 \u00c7e\u015fit\u00adli uzman\u00adlar\u00adla bil\u00adgi al\u0131\u015f\u00adve\u00adri\u00ad\u015fi s\u0131ra\u00ads\u0131n\u00adda, rahat bir ortam\u00adda cevap\u00adlar alma ve ba\u011f\u00adlan\u00adt\u0131\u00adlar kur\u00adma f\u0131r\u00adsa\u00adt\u0131\u00adna sahip olacaks\u0131n\u0131z.&nbsp;<\/p>\n","category_list_v2":"","author_info_v2":{"name":"Andrea Ramirez","url":"https:\/\/www.anika-net.de\/tr\/author\/andrea-ramirez\/"},"comments_num_v2":"0 comments","uagb_featured_image_src":{"full":["https:\/\/www.anika-net.de\/wp-content\/uploads\/2023\/10\/save-the-date-7857592_1920.png",1920,1671,false],"thumbnail":["https:\/\/www.anika-net.de\/wp-content\/uploads\/2023\/10\/save-the-date-7857592_1920-150x150.png",150,150,true],"medium":["https:\/\/www.anika-net.de\/wp-content\/uploads\/2023\/10\/save-the-date-7857592_1920-300x261.png",300,261,true],"medium_large":["https:\/\/www.anika-net.de\/wp-content\/uploads\/2023\/10\/save-the-date-7857592_1920-768x668.png",640,557,true],"large":["https:\/\/www.anika-net.de\/wp-content\/uploads\/2023\/10\/save-the-date-7857592_1920-1024x891.png",640,557,true],"1536x1536":["https:\/\/www.anika-net.de\/wp-content\/uploads\/2023\/10\/save-the-date-7857592_1920-1536x1337.png",1536,1337,true],"2048x2048":["https:\/\/www.anika-net.de\/wp-content\/uploads\/2023\/10\/save-the-date-7857592_1920.png",1920,1671,false],"event-overview":["https:\/\/www.anika-net.de\/wp-content\/uploads\/2023\/10\/save-the-date-7857592_1920-960x640.png",960,640,true],"event-archive-thumb":["https:\/\/www.anika-net.de\/wp-content\/uploads\/2023\/10\/save-the-date-7857592_1920-480x418.png",480,418,true],"grid-item-thumbnail":["https:\/\/www.anika-net.de\/wp-content\/uploads\/2023\/10\/save-the-date-7857592_1920-360x200.png",360,200,true],"network-partner-icon":["https:\/\/www.anika-net.de\/wp-content\/uploads\/2023\/10\/save-the-date-7857592_1920-100x100.png",100,100,true],"organiser-icon":["https:\/\/www.anika-net.de\/wp-content\/uploads\/2023\/10\/save-the-date-7857592_1920-200x200.png",200,200,true],"gform-image-choice-sm":["https:\/\/www.anika-net.de\/wp-content\/uploads\/2023\/10\/save-the-date-7857592_1920.png",300,261,false],"gform-image-choice-md":["https:\/\/www.anika-net.de\/wp-content\/uploads\/2023\/10\/save-the-date-7857592_1920.png",400,348,false],"gform-image-choice-lg":["https:\/\/www.anika-net.de\/wp-content\/uploads\/2023\/10\/save-the-date-7857592_1920.png",600,522,false]},"uagb_author_info":{"display_name":"Andrea Ramirez","author_link":"https:\/\/www.anika-net.de\/tr\/author\/andrea-ramirez\/"},"uagb_comment_info":0,"uagb_excerpt":"G\u00f6\u00e7\u00admen\u00adler ve \u0130lg\u00adili Taraf\u00adlar i\u00e7in \u201c\u0130\u015f, E\u011fi\u00adtim ve \u00d6\u011fre\u00adtim\u201d Konu\u00adsun\u00adda Bil\u00adgi Al\u0131\u015fveri\u015fi Dil kur\u00adsun\u00addan son\u00adra ne ola\u00adcak? Nas\u0131l bir e\u011fi\u00adtim pozis\u00adyo\u00adnu veya i\u015f bula\u00adbi\u00adli\u00adrim? Yaban\u00adc\u0131 yeter\u00adli\u00adli\u00ad\u011fi\u00admin tan\u0131n\u00adma\u00ads\u0131\u00adn\u0131 nas\u0131l ve nere\u00adde&nbsp;daha fazla okuyun","_links":{"self":[{"href":"https:\/\/www.anika-net.de\/tr\/wp-json\/wp\/v2\/event\/43116","targetHints":{"allow":["GET"]}}],"collection":[{"href":"https:\/\/www.anika-net.de\/tr\/wp-json\/wp\/v2\/event"}],"about":[{"href":"https:\/\/www.anika-net.de\/tr\/wp-json\/wp\/v2\/types\/event"}],"author":[{"embeddable":true,"href":"https:\/\/www.anika-net.de\/tr\/wp-json\/wp\/v2\/users\/12"}],"version-history":[{"count":0,"href":"https:\/\/www.anika-net.de\/tr\/wp-json\/wp\/v2\/event\/43116\/revisions"}],"acf:post":[{"embeddable":true,"href":"https:\/\/www.anika-net.de\/tr\/wp-json\/wp\/v2\/organiser\/16249"}],"acf:term":[{"embeddable":true,"taxonomy":"event_category","href":"https:\/\/www.anika-net.de\/tr\/wp-json\/wp\/v2\/event_category\/96"}],"wp:featuredmedia":[{"embeddable":true,"href":"https:\/\/www.anika-net.de\/tr\/wp-json\/wp\/v2\/media\/43103"}],"wp:attachment":[{"href":"https:\/\/www.anika-net.de\/tr\/wp-json\/wp\/v2\/media?parent=43116"}],"curies":[{"name":"wp","href":"https:\/\/api.w.org\/{rel}","templated":true}]}}