{"id":39952,"date":"2023-06-12T11:35:51","date_gmt":"2023-06-12T09:35:51","guid":{"rendered":"https:\/\/www.anika-net.de\/event\/aile-bilgi-gunu-bilgi-ve-tavsiye\/"},"modified":"2026-04-13T11:00:40","modified_gmt":"2026-04-13T09:00:40","slug":"aile-bilgi-gunu-bilgi-ve-tavsiye","status":"publish","type":"event","link":"https:\/\/www.anika-net.de\/tr\/event\/aile-bilgi-gunu-bilgi-ve-tavsiye\/","title":{"rendered":"Aile Bil\u00adgi G\u00fcn\u00fc \u2014 Bil\u00adgi ve tavsiye"},"content":{"rendered":"\n<h3 class=\"wp-block-heading\"><span style=\"color: #3d52a0;\" class=\"stk-highlight\">Kari\u00adyer ola\u00adnak\u00adla\u00adr\u0131, mali yar\u00add\u0131m ve b\u00f6l\u00adge\u00adsel des\u00adtek hiz\u00admet\u00adle\u00adri hak\u00adk\u0131n\u00adda bil\u00adgi ve tavsiyeler.<\/span><\/h3>\n\n<h1 class=\"wp-block-heading\">Kari\u00adyer Bil\u00adgi Mer\u00adke\u00adzi (BIZ) tara\u00adf\u0131n\u00addan Aile Bil\u00adgi\u00adlen\u00addir\u00adme&nbsp;G\u00fcn\u00fc<\/h1>\n\n<p>Aile Bil\u00adgi\u00adlen\u00addir\u00adme G\u00fcn\u00fc, Aile Yar\u00add\u0131m\u00adla\u00adr\u0131 Ofi\u00adsi, Karls\u00adru\u00adhe \u015eeh\u00adri ve B\u00f6l\u00adge\u00adsi \u0130\u015f Mer\u00adke\u00adzi ve \u0130\u015f Bul\u00adma Kuru\u00admu tara\u00adf\u0131n\u00addan ortak\u00adla\u00ad\u015fa d\u00fczen\u00adle\u00adnen bir etkinliktir.<\/p>\n\n<p><strong>A\u015fa\u00ad\u011f\u0131\u00adda\u00adki hiz\u00admet\u00adler ve konu\u00adlar mevcuttur:<\/strong><\/p>\n\n<h4 class=\"wp-block-heading\"><span style=\"color: #3d52a0;\" class=\"stk-highlight\"><strong>Aile yar\u00add\u0131m\u00adla\u00adr\u0131:<\/strong><\/span><\/h4>\n\n<ul class=\"wp-block-list\">\n<li>\u00c7ocuk para\u00ads\u0131 ve \u00e7ocuk para\u00ads\u0131&nbsp;eki<\/li>\n\n\n\n<li>\u0130\u015f Mer\u00adke\u00adzi avantajlar\u0131<\/li>\n\n\n\n<li>\u0130\u015fs\u00adizl\u00adik yard\u0131mlar\u0131<\/li>\n\n\n\n<li>E\u011fi\u00adtim ve kat\u0131l\u0131m<\/li>\n\n\n\n<li>\u00c7ocuk bak\u0131m s\u00fcbvansiyonlar\u0131<\/li>\n\n\n\n<li>Bor\u00e7 dan\u0131\u015f\u00adman\u00adl\u0131\u00ad\u011f\u0131<\/li>\n\n\n\n<li>Emek\u00adli\u00adlik<\/li>\n<\/ul>\n\n<h4 class=\"wp-block-heading\"><span style=\"color: #3d52a0;\" class=\"stk-highlight\"><strong>Kari\u00adyer reh\u00adber\u00adli\u00ad\u011fi ve beklentiler:<\/strong><\/span><\/h4>\n\n<ul class=\"wp-block-list\">\n<li>\u0130\u015fe D\u00f6n\u00fc\u015f<\/li>\n\n\n\n<li>Kari\u00adyer Bek\u00adlen\u00adti\u00adle\u00adri ve E\u011fitim<\/li>\n\n\n\n<li>B\u00f6l\u00adge\u00admiz\u00adde\u00adki \u0130\u015f ve E\u011fi\u00adtim F\u0131rsatlar\u0131<\/li>\n\n\n\n<li>Kari\u00adyer Se\u00e7i\u00admi S\u00fcre\u00adcin\u00adde Kilit Ortak\u00adlar Ola\u00adrak Ebeveynler<\/li>\n\n\n\n<li>\u0130\u015fv\u00ader\u00aden Ola\u00adrak \u0130st\u00adihd\u00adam Kuru\u00admu, \u0130\u015f Mer\u00adkez\u00adle\u00adri ve Aile Yar\u00add\u0131m\u00adla\u00adr\u0131 Ofi\u00adsi Hak\u00adk\u0131n\u00adda Bil\u00adgi Edinin<\/li>\n<\/ul>\n\n<h4 class=\"wp-block-heading\"><strong><span style=\"color: #3d52a0;\" class=\"stk-highlight\">Aile\u00adler i\u00e7in Des\u00adtek Hizmetleri:<\/span><\/strong><\/h4>\n\n<ul class=\"wp-block-list\">\n<li>\u00c7ocuk Bak\u0131m Se\u00e7enekleri<\/li>\n\n\n\n<li>\u00c7ocuk\u00adla\u00adra Y\u00f6ne\u00adlik Rek\u00adre\u00adas\u00adyon Faaliyetleri<\/li>\n\n\n\n<li>Sa\u011f\u00adl\u0131k ve E\u011fitim<\/li>\n\n\n\n<li>Do\u011fum \u00d6nce\u00adsi Dan\u0131\u015fmanl\u0131k<\/li>\n\n\n\n<li>Aile \u00dcye\u00adle\u00adri\u00adnin Bak\u0131\u00adm\u0131 i\u00e7in Avantajlar<\/li>\n\n\n\n<li>G\u00f6\u00e7\u00admen\u00adle\u00adre Destek<\/li>\n<\/ul>\n\n<h4 class=\"wp-block-heading\"><strong><span style=\"color: #3d52a0;\" class=\"stk-highlight\">Hiz\u00admet Teklifleri:<\/span><\/strong><\/h4>\n\n<p>eHiz\u00admet\u00adle\u00adri\u00admiz ile sos\u00adyal yar\u00add\u0131m ba\u015f\u00advu\u00adru\u00adsu yap\u00admak, bel\u00adge y\u00fck\u00adle\u00admek veya ran\u00adde\u00advu plan\u00adla\u00admak gibi ihti\u00adya\u00e7\u00adla\u00adr\u0131\u00adn\u0131\u00adz\u0131 kolay, h\u0131z\u00adl\u0131 ve g\u00fcven\u00adli bir \u015fekil\u00adde hal\u00adle\u00adde\u00adbi\u00adlir\u00adsi\u00adniz.<br>Kul\u00adla\u00adn\u0131\u00adc\u0131 hesa\u00adb\u0131\u00adn\u0131\u00adz\u0131 daha iyi tan\u0131\u00ady\u0131n ve nas\u0131l kul\u00adla\u00adna\u00adca\u00ad\u011f\u0131\u00adn\u0131\u00adz\u0131 \u00f6\u011frenin.<\/p>\n\n<h4 class=\"wp-block-heading\"><strong><span style=\"color: #3d52a0;\" class=\"stk-highlight\">Ek hiz\u00admet\u00adler:<\/span><\/strong><\/h4>\n\n<ul class=\"wp-block-list\">\n<li>\u00d6zge\u00e7\u00admi\u015f incelemesi<\/li>\n\n\n\n<li>\u0130\u015f g\u00f6r\u00fc\u015f\u00adme\u00adsi\u00adnin 3 a\u015fa\u00adma\u00ads\u0131 hak\u00adk\u0131n\u00adda&nbsp;bilgi.<\/li>\n<\/ul>\n\n<p><strong>Kay\u0131t:<\/strong> gerek\u00adli de\u011fil<br><strong>Flyer Aile Bil\u00adgi G\u00fcn\u00fc: <\/strong><a href=\"https:\/\/www.anika-net.de\/wp-content\/uploads\/2026\/04\/260421_Plakat_Familien-Info-Tag-2026.pdf\">bura\u00addan indirin<\/a><\/p>\n\n<p><\/p>\n","protected":false},"author":12,"featured_media":39926,"template":"","class_list":["post-39952","event","type-event","status-publish","has-post-thumbnail","hentry","event_category-yardim-olanaklari"],"acf":{"event-recurring":false,"event-category":95,"event-is-language-course":false,"event-recurring-still-active":true,"event-display-details":true,"event-schedules-recurring":null,"event-schedules-calendar":[{"event-calendar-day":"20260421","event-calendar-time":"09:00 - 12:00","event-calendar-time-text":""}],"event-is-online":false,"event-online-url":"","event-location-building":"BerufsInformationszentrum (Rundbau) der Agentur f\u00fcr Arbeit","event-location-street":"Brauerstr. 10","event-location-zip":"76135 ","event-location-city":"Karlsruhe","event-location-contact-person":"Frau Petri ","event-location-phone":"0721 82 333 44","event-location-phone-2":"","event-location-mail":"karlsruhe-rastatt.bca@arbeitsagentur.de","event-location-mail-2":"","event-location-website":"https:\/\/web.arbeitsagentur.de\/portal\/metasuche\/suche\/veranstaltungen\/10000-2001669913-V","event-target-group":[{"target-group":"families"}],"event-target-group-comment":"","event-free":true,"event-organiser":[34902],"event-header-copyright-overlay":true,"event-copyright-note-description-end":false},"featured_image_urls_v2":{"full":["https:\/\/www.anika-net.de\/wp-content\/uploads\/2023\/06\/family-gd0bc856b7_1280.jpg",1280,860,false],"thumbnail":["https:\/\/www.anika-net.de\/wp-content\/uploads\/2023\/06\/family-gd0bc856b7_1280-150x150.jpg",150,150,true],"medium":["https:\/\/www.anika-net.de\/wp-content\/uploads\/2023\/06\/family-gd0bc856b7_1280-300x202.jpg",300,202,true],"medium_large":["https:\/\/www.anika-net.de\/wp-content\/uploads\/2023\/06\/family-gd0bc856b7_1280-768x516.jpg",640,430,true],"large":["https:\/\/www.anika-net.de\/wp-content\/uploads\/2023\/06\/family-gd0bc856b7_1280-1024x688.jpg",640,430,true],"1536x1536":["https:\/\/www.anika-net.de\/wp-content\/uploads\/2023\/06\/family-gd0bc856b7_1280.jpg",1280,860,false],"2048x2048":["https:\/\/www.anika-net.de\/wp-content\/uploads\/2023\/06\/family-gd0bc856b7_1280.jpg",1280,860,false],"event-overview":["https:\/\/www.anika-net.de\/wp-content\/uploads\/2023\/06\/family-gd0bc856b7_1280-960x640.jpg",960,640,true],"event-archive-thumb":["https:\/\/www.anika-net.de\/wp-content\/uploads\/2023\/06\/family-gd0bc856b7_1280-480x323.jpg",480,323,true],"grid-item-thumbnail":["https:\/\/www.anika-net.de\/wp-content\/uploads\/2023\/06\/family-gd0bc856b7_1280-360x200.jpg",360,200,true],"network-partner-icon":["https:\/\/www.anika-net.de\/wp-content\/uploads\/2023\/06\/family-gd0bc856b7_1280-100x100.jpg",100,100,true],"organiser-icon":["https:\/\/www.anika-net.de\/wp-content\/uploads\/2023\/06\/family-gd0bc856b7_1280-200x200.jpg",200,200,true],"gform-image-choice-sm":["https:\/\/www.anika-net.de\/wp-content\/uploads\/2023\/06\/family-gd0bc856b7_1280.jpg",300,202,false],"gform-image-choice-md":["https:\/\/www.anika-net.de\/wp-content\/uploads\/2023\/06\/family-gd0bc856b7_1280.jpg",400,269,false],"gform-image-choice-lg":["https:\/\/www.anika-net.de\/wp-content\/uploads\/2023\/06\/family-gd0bc856b7_1280.jpg",600,403,false]},"post_excerpt_stackable_v2":"<p>Kari\u00adyer ola\u00adnak\u00adla\u00adr\u0131, mali yar\u00add\u0131m ve b\u00f6l\u00adge\u00adsel des\u00adtek hiz\u00admet\u00adle\u00adri hak\u00adk\u0131n\u00adda bil\u00adgi ve tav\u00adsi\u00adye\u00adler. Kari\u00adyer Bil\u00adgi Mer\u00adke\u00adzi (BIZ) tara\u00adf\u0131n\u00addan Aile Bil\u00adgi\u00adlen\u00addir\u00adme&nbsp;G\u00fcn\u00fc Aile Bil\u00adgi\u00adlen\u00addir\u00adme G\u00fcn\u00fc, Aile Yar\u00add\u0131m\u00adla\u00adr\u0131 Ofi\u00adsi, Karls\u00adru\u00adhe \u015eeh\u00adri ve B\u00f6l\u00adge\u00adsi \u0130\u015f Mer\u00adke\u00adzi ve \u0130\u015f Bul\u00adma Kuru\u00admu tara\u00adf\u0131n\u00addan ortak\u00adla\u00ad\u015fa d\u00fczen\u00adle\u00adnen bir etkin\u00adlik\u00adtir. A\u015fa\u00ad\u011f\u0131\u00adda\u00adki hiz\u00admet\u00adler ve konu\u00adlar mev\u00adcut\u00adtur: Aile yar\u00add\u0131m\u00adla\u00adr\u0131: \u00c7ocuk para\u00ads\u0131 ve \u00e7ocuk para\u00ads\u0131&nbsp;eki \u0130\u015f Mer\u00adke\u00adzi avan\u00adtaj\u00adla\u00adr\u0131 \u0130\u015fs\u00adizl\u00adik yar\u00add\u0131m\u00adla\u00adr\u0131 E\u011fi\u00adtim ve kat\u0131\u00adl\u0131m \u00c7ocuk bak\u0131m s\u00fcb\u00advan\u00adsi\u00adyon\u00adla\u00adr\u0131 Bor\u00e7 dan\u0131\u015f\u00adman\u00adl\u0131\u00ad\u011f\u0131 Emek\u00adli\u00adlik Kari\u00adyer reh\u00adber\u00adli\u00ad\u011fi ve bek\u00adlen\u00adti\u00adler: \u0130\u015fe D\u00f6n\u00fc\u015f Kari\u00adyer Bek\u00adlen\u00adti\u00adle\u00adri ve E\u011fi\u00adtim B\u00f6l\u00adge\u00admiz\u00adde\u00adki \u0130\u015f ve E\u011fi\u00adtim F\u0131r\u00adsat\u00adla\u00adr\u0131 Kari\u00adyer Se\u00e7i\u00admi S\u00fcre\u00adcin\u00adde Kilit Ortak\u00adlar Ola\u00adrak Ebe\u00adveyn\u00adler \u0130\u015fv\u00ader\u00aden Ola\u00adrak \u0130st\u00adihd\u00adam Kuru\u00admu, \u0130\u015f Mer\u00adkez\u00adle\u00adri ve Aile Yar\u00add\u0131m\u00adla\u00adr\u0131 Ofi\u00adsi Hak\u00adk\u0131n\u00adda&nbsp;Bilgi\u2026<\/p>\n","category_list_v2":"","author_info_v2":{"name":"Andrea Ramirez","url":"https:\/\/www.anika-net.de\/tr\/author\/andrea-ramirez\/"},"comments_num_v2":"0 comments","uagb_featured_image_src":{"full":["https:\/\/www.anika-net.de\/wp-content\/uploads\/2023\/06\/family-gd0bc856b7_1280.jpg",1280,860,false],"thumbnail":["https:\/\/www.anika-net.de\/wp-content\/uploads\/2023\/06\/family-gd0bc856b7_1280-150x150.jpg",150,150,true],"medium":["https:\/\/www.anika-net.de\/wp-content\/uploads\/2023\/06\/family-gd0bc856b7_1280-300x202.jpg",300,202,true],"medium_large":["https:\/\/www.anika-net.de\/wp-content\/uploads\/2023\/06\/family-gd0bc856b7_1280-768x516.jpg",640,430,true],"large":["https:\/\/www.anika-net.de\/wp-content\/uploads\/2023\/06\/family-gd0bc856b7_1280-1024x688.jpg",640,430,true],"1536x1536":["https:\/\/www.anika-net.de\/wp-content\/uploads\/2023\/06\/family-gd0bc856b7_1280.jpg",1280,860,false],"2048x2048":["https:\/\/www.anika-net.de\/wp-content\/uploads\/2023\/06\/family-gd0bc856b7_1280.jpg",1280,860,false],"event-overview":["https:\/\/www.anika-net.de\/wp-content\/uploads\/2023\/06\/family-gd0bc856b7_1280-960x640.jpg",960,640,true],"event-archive-thumb":["https:\/\/www.anika-net.de\/wp-content\/uploads\/2023\/06\/family-gd0bc856b7_1280-480x323.jpg",480,323,true],"grid-item-thumbnail":["https:\/\/www.anika-net.de\/wp-content\/uploads\/2023\/06\/family-gd0bc856b7_1280-360x200.jpg",360,200,true],"network-partner-icon":["https:\/\/www.anika-net.de\/wp-content\/uploads\/2023\/06\/family-gd0bc856b7_1280-100x100.jpg",100,100,true],"organiser-icon":["https:\/\/www.anika-net.de\/wp-content\/uploads\/2023\/06\/family-gd0bc856b7_1280-200x200.jpg",200,200,true],"gform-image-choice-sm":["https:\/\/www.anika-net.de\/wp-content\/uploads\/2023\/06\/family-gd0bc856b7_1280.jpg",300,202,false],"gform-image-choice-md":["https:\/\/www.anika-net.de\/wp-content\/uploads\/2023\/06\/family-gd0bc856b7_1280.jpg",400,269,false],"gform-image-choice-lg":["https:\/\/www.anika-net.de\/wp-content\/uploads\/2023\/06\/family-gd0bc856b7_1280.jpg",600,403,false]},"uagb_author_info":{"display_name":"Andrea Ramirez","author_link":"https:\/\/www.anika-net.de\/tr\/author\/andrea-ramirez\/"},"uagb_comment_info":0,"uagb_excerpt":"Kari\u00adyer ola\u00adnak\u00adla\u00adr\u0131, mali yar\u00add\u0131m ve b\u00f6l\u00adge\u00adsel des\u00adtek hiz\u00admet\u00adle\u00adri hak\u00adk\u0131n\u00adda bil\u00adgi ve tavsiyeler. Kari\u00adyer Bil\u00adgi Mer\u00adke\u00adzi (BIZ) tara\u00adf\u0131n\u00addan Aile Bil\u00adgi\u00adlen\u00addir\u00adme&nbsp;G\u00fcn\u00fc Aile Bil\u00adgi\u00adlen\u00addir\u00adme G\u00fcn\u00fc, Aile Yar\u00add\u0131m\u00adla\u00adr\u0131 Ofi\u00adsi, Karls\u00adru\u00adhe \u015eeh\u00adri ve B\u00f6l\u00adge\u00adsi \u0130\u015f&nbsp;daha fazla okuyun","_links":{"self":[{"href":"https:\/\/www.anika-net.de\/tr\/wp-json\/wp\/v2\/event\/39952","targetHints":{"allow":["GET"]}}],"collection":[{"href":"https:\/\/www.anika-net.de\/tr\/wp-json\/wp\/v2\/event"}],"about":[{"href":"https:\/\/www.anika-net.de\/tr\/wp-json\/wp\/v2\/types\/event"}],"author":[{"embeddable":true,"href":"https:\/\/www.anika-net.de\/tr\/wp-json\/wp\/v2\/users\/12"}],"version-history":[{"count":2,"href":"https:\/\/www.anika-net.de\/tr\/wp-json\/wp\/v2\/event\/39952\/revisions"}],"predecessor-version":[{"id":120616,"href":"https:\/\/www.anika-net.de\/tr\/wp-json\/wp\/v2\/event\/39952\/revisions\/120616"}],"acf:post":[{"embeddable":true,"href":"https:\/\/www.anika-net.de\/tr\/wp-json\/wp\/v2\/organiser\/34902"}],"acf:term":[{"embeddable":true,"taxonomy":"event_category","href":"https:\/\/www.anika-net.de\/tr\/wp-json\/wp\/v2\/event_category\/95"}],"wp:featuredmedia":[{"embeddable":true,"href":"https:\/\/www.anika-net.de\/tr\/wp-json\/wp\/v2\/media\/39926"}],"wp:attachment":[{"href":"https:\/\/www.anika-net.de\/tr\/wp-json\/wp\/v2\/media?parent=39952"}],"curies":[{"name":"wp","href":"https:\/\/api.w.org\/{rel}","templated":true}]}}