{"id":38834,"date":"2023-05-17T12:17:13","date_gmt":"2023-05-17T10:17:13","guid":{"rendered":"https:\/\/www.anika-net.de\/event\/okuldan-ise-gecis-surecindeki-ergenler-ve-genc-yetiskinler-icin-yaz-almanca-kurslari\/"},"modified":"2023-05-17T15:05:47","modified_gmt":"2023-05-17T13:05:47","slug":"okuldan-ise-gecis-surecindeki-ergenler-ve-genc-yetiskinler-icin-yaz-almanca-kurslari","status":"publish","type":"event","link":"https:\/\/www.anika-net.de\/tr\/event\/okuldan-ise-gecis-surecindeki-ergenler-ve-genc-yetiskinler-icin-yaz-almanca-kurslari\/","title":{"rendered":"Ergen\u00adler ve Gen\u00e7 Yeti\u015f\u00adkin\u00adler i\u00e7in Yaz Alman\u00adca Kurslar\u0131"},"content":{"rendered":"<h3>Ser\u00adti\u00adfi\u00adka\u00adl\u0131 final s\u0131nav\u00adla\u00adr\u0131 B1 veya \u00fcze\u00adri olan yo\u011fun\u00adla\u015f\u00adt\u0131\u00adr\u0131l\u00adm\u0131\u015f yaz kurslar\u0131<\/h3>\n<p>Hedef kit\u00adle, \u00f6nce\u00adlik\u00adle 2022\/23 \u00f6\u011fre\u00adtim y\u0131l\u0131n\u00adda bir \u00e7\u0131rak\u00adl\u0131k veya tam zaman\u00adl\u0131 mes\u00adle\u00adki e\u011fi\u00adtim prog\u00adra\u00adm\u0131\u00adna ba\u015f\u00adla\u00adya\u00adcak ve ser\u00adti\u00adfi\u00adka\u00adl\u0131 B1 s\u0131na\u00adv\u0131\u00adna veya daha y\u00fck\u00adsek bir s\u0131na\u00adva haz\u0131r\u00adlan\u00admak iste\u00adyen A2 veya daha y\u00fck\u00adsek sevi\u00adye\u00adde Alman\u00adca dil bece\u00adri\u00adsi\u00adne sahip ergen\u00adler (15 ya\u015f\u0131n\u00addan iti\u00adba\u00adren) ve gen\u00e7 yeti\u015fkinlerdir.<\/p>\n<p>\u00d6\u011fren\u00adci\u00adle\u00adrin yo\u011fun yaz kurs\u00adla\u00adr\u0131\u00adna kat\u0131\u00adla\u00adbil\u00adme\u00adle\u00adri i\u00e7in <strong>Alman\u00adca A2 sevi\u00adye\u00adsi\u00adne sahip olma\u00adla\u00adr\u0131 zorun\u00adlu\u00addur<\/strong>.<\/p>\n<p>Kurs\u00adlar top\u00adlam 150 \u00f6\u011fre\u00adtim \u00fcni\u00adte\u00adsin\u00adden olu\u015f\u00admak\u00adta ve mev\u00adcu\u00addi\u00adyet halin\u00adde ger\u00ad\u00e7ek\u00adle\u015f\u00admek\u00adte\u00addir. D\u00fczen\u00adli kat\u0131\u00adl\u0131m gerek\u00adli\u00addir. Kurs\u00adlar Ulus\u00adla\u00adra\u00adra\u00ads\u0131 Fede\u00adras\u00adyon tara\u00adf\u0131n\u00addan y\u00fcr\u00fct\u00fclmektedir.<\/p>\n<p><strong>Kurs prog\u00adra\u00adm\u0131<\/strong><\/p>\n<p>17 Tem\u00admuz \u2014 25 A\u011fus\u00adtos&nbsp;2023<br>\nDers prog\u00adra\u00adm\u0131\u00adna ba\u011f\u00adl\u0131 ola\u00adrak ders s\u00fcresi<br>\nPazar\u00adte\u00adsi \u2014 Cuma 8:30 \u2014 12:45 veya 1 \u2014 17:15&nbsp;aras\u0131.<\/p>\n<p><strong>Bir sevi\u00adye tes\u00adti yap\u0131\u00adla\u00adcak.<\/strong>  Daha son\u00adra bir kur\u00adsa yerle\u015ftirileceksiniz.<\/p>\n<p>S\u0131nav <strong>tarih\u00adle\u00adri<\/strong> (sade\u00adce kay\u0131t&nbsp;ile)<br>\n\u00c7ar\u00ad\u015fam\u00adba, 24 May\u0131s&nbsp;2023<br>\nPer\u00ad\u015fem\u00adbe, 15 Hazi\u00adran&nbsp;2023<br>\n\u00c7ar\u00ad\u015fam\u00adba, 21 Hazi\u00adran&nbsp;2023<br>\n\u00c7ar\u00ad\u015fam\u00adba, 28 Hazi\u00adran&nbsp;2023<br>\nPer\u00ad\u015fem\u00adbe, 29 Hazi\u00adran&nbsp;2023<\/p>\n<p>Sevi\u00adye belir\u00adle\u00adme s\u0131na\u00adv\u0131 i\u00e7in l\u00fct\u00adfen ran\u00adde\u00advu al\u0131\u00adn\u0131z. Kay\u0131t oldu\u00ad\u011fu\u00adnuz\u00adda size zaman bildirilecektir.<br>\nRan\u00adde\u00advu alma\u00addan test yap\u00admak m\u00fcm\u00adk\u00fcn de\u011fildir.<\/p>\n<p><strong>S\u0131nav<\/strong><br>\ntelc Deutsch (B1 s\u0131na\u00adv\u0131) 28 A\u011fus\u00adtos \u2014 01 Eyl\u00fcl haf\u00adta\u00ads\u0131n\u00adda (kesin tarih 17 Tem\u00admu\u00adz\u00ad\u2019\u00adda a\u00e7\u0131klanacakt\u0131r)<\/p>\n<p><em>Sos\u00adyal \u0130\u015fl\u00ader<\/em> ve Enteg\u00adras\u00adyon Bakan\u00adl\u0131\u00ad\u011f\u0131 ve Karls\u00adru\u00adhe Bele\u00addi\u00adye\u00adsi tara\u00adf\u0131n\u00addan desteklenmektedir.<\/p>\n","protected":false},"author":12,"featured_media":38822,"template":"","class_list":["post-38834","event","type-event","status-publish","has-post-thumbnail","hentry","event_category-egitim"],"acf":{"event-recurring":false,"event-category":94,"event-is-language-course":true,"event-recurring-still-active":true,"event-display-details":true,"event-schedules-recurring":null,"event-schedules-calendar":[{"event-calendar-day":"20230717","event-calendar-time":"","event-calendar-time-text":"bis"},{"event-calendar-day":"20230825","event-calendar-time":"","event-calendar-time-text":""}],"event-is-online":false,"event-online-url":"","event-location-building":"Internationaler Bund   Bildungszentrum Karlsruhe","event-location-street":"Scheffelstra\u00dfe 13, 2. OG, Zimmer 1207","event-location-zip":"76135","event-location-city":"Karlsruhe","event-location-contact-person":"Tea Shamatava \/ Availability from 1 pm","event-location-phone":"Sekretariat: 0721 8501929","event-location-phone-2":" 0721 8501965","event-location-mail":"tea.shamatava@ib.de","event-location-mail-2":"","event-location-website":"","event-target-group":null,"event-target-group-comment":"A2 seviyesinde Almanca dil becerisine sahip ergenler ve gen\u00e7 yeti\u015fkinler","event-free":true,"event-organiser":[23063],"event-header-copyright-overlay":true,"event-copyright-note-description-end":false},"featured_image_urls_v2":{"full":["https:\/\/www.anika-net.de\/wp-content\/uploads\/2023\/05\/schule-gfd101de05_1920.jpg",1920,1248,false],"thumbnail":["https:\/\/www.anika-net.de\/wp-content\/uploads\/2023\/05\/schule-gfd101de05_1920-150x150.jpg",150,150,true],"medium":["https:\/\/www.anika-net.de\/wp-content\/uploads\/2023\/05\/schule-gfd101de05_1920-300x195.jpg",300,195,true],"medium_large":["https:\/\/www.anika-net.de\/wp-content\/uploads\/2023\/05\/schule-gfd101de05_1920-768x499.jpg",640,416,true],"large":["https:\/\/www.anika-net.de\/wp-content\/uploads\/2023\/05\/schule-gfd101de05_1920-1024x666.jpg",640,416,true],"1536x1536":["https:\/\/www.anika-net.de\/wp-content\/uploads\/2023\/05\/schule-gfd101de05_1920-1536x998.jpg",1536,998,true],"2048x2048":["https:\/\/www.anika-net.de\/wp-content\/uploads\/2023\/05\/schule-gfd101de05_1920.jpg",1920,1248,false],"event-overview":["https:\/\/www.anika-net.de\/wp-content\/uploads\/2023\/05\/schule-gfd101de05_1920-960x640.jpg",960,640,true],"event-archive-thumb":["https:\/\/www.anika-net.de\/wp-content\/uploads\/2023\/05\/schule-gfd101de05_1920-480x312.jpg",480,312,true],"grid-item-thumbnail":["https:\/\/www.anika-net.de\/wp-content\/uploads\/2023\/05\/schule-gfd101de05_1920-360x200.jpg",360,200,true],"network-partner-icon":["https:\/\/www.anika-net.de\/wp-content\/uploads\/2023\/05\/schule-gfd101de05_1920-100x100.jpg",100,100,true],"organiser-icon":["https:\/\/www.anika-net.de\/wp-content\/uploads\/2023\/05\/schule-gfd101de05_1920-200x200.jpg",200,200,true],"gform-image-choice-sm":["https:\/\/www.anika-net.de\/wp-content\/uploads\/2023\/05\/schule-gfd101de05_1920.jpg",300,195,false],"gform-image-choice-md":["https:\/\/www.anika-net.de\/wp-content\/uploads\/2023\/05\/schule-gfd101de05_1920.jpg",400,260,false],"gform-image-choice-lg":["https:\/\/www.anika-net.de\/wp-content\/uploads\/2023\/05\/schule-gfd101de05_1920.jpg",600,390,false]},"post_excerpt_stackable_v2":"<p>Ser\u00adti\u00adfi\u00adka\u00adl\u0131 final s\u0131nav\u00adla\u00adr\u0131 B1 veya \u00fcze\u00adri olan yo\u011fun\u00adla\u015f\u00adt\u0131\u00adr\u0131l\u00adm\u0131\u015f yaz kurs\u00adla\u00adr\u0131 Hedef kit\u00adle, \u00f6nce\u00adlik\u00adle 2022\/23 \u00f6\u011fre\u00adtim y\u0131l\u0131n\u00adda bir \u00e7\u0131rak\u00adl\u0131k veya tam zaman\u00adl\u0131 mes\u00adle\u00adki e\u011fi\u00adtim prog\u00adra\u00adm\u0131\u00adna ba\u015f\u00adla\u00adya\u00adcak ve ser\u00adti\u00adfi\u00adka\u00adl\u0131 B1 s\u0131na\u00adv\u0131\u00adna veya daha y\u00fck\u00adsek bir s\u0131na\u00adva haz\u0131r\u00adlan\u00admak iste\u00adyen A2 veya daha y\u00fck\u00adsek sevi\u00adye\u00adde Alman\u00adca dil bece\u00adri\u00adsi\u00adne sahip ergen\u00adler (15 ya\u015f\u0131n\u00addan iti\u00adba\u00adren) ve gen\u00e7 yeti\u015f\u00adkin\u00adler\u00addir. \u00d6\u011fren\u00adci\u00adle\u00adrin yo\u011fun yaz kurs\u00adla\u00adr\u0131\u00adna kat\u0131\u00adla\u00adbil\u00adme\u00adle\u00adri i\u00e7in Alman\u00adca A2 sevi\u00adye\u00adsi\u00adne sahip olma\u00adla\u00adr\u0131 zorun\u00adlu\u00addur. Kurs\u00adlar top\u00adlam 150 \u00f6\u011fre\u00adtim \u00fcni\u00adte\u00adsin\u00adden olu\u015f\u00admak\u00adta ve mev\u00adcu\u00addi\u00adyet halin\u00adde ger\u00ad\u00e7ek\u00adle\u015f\u00admek\u00adte\u00addir. D\u00fczen\u00adli kat\u0131\u00adl\u0131m gerek\u00adli\u00addir. Kurs\u00adlar Ulus\u00adla\u00adra\u00adra\u00ads\u0131 Fede\u00adras\u00adyon tara\u00adf\u0131n\u00addan y\u00fcr\u00fc\u00adt\u00fcl\u00admek\u00adte\u00addir. Kurs prog\u00adra\u00adm\u0131 17 Tem\u00admuz \u2014 25 A\u011fus\u00adtos&nbsp;2023 Ders prog\u00adra\u00adm\u0131\u00adna ba\u011f\u00adl\u0131 ola\u00adrak ders s\u00fcre\u00adsi Pazar\u00adte\u00adsi \u2014 Cuma 8:30 \u2014\u2026<\/p>\n","category_list_v2":"","author_info_v2":{"name":"Andrea Ramirez","url":"https:\/\/www.anika-net.de\/tr\/author\/andrea-ramirez\/"},"comments_num_v2":"0 comments","uagb_featured_image_src":{"full":["https:\/\/www.anika-net.de\/wp-content\/uploads\/2023\/05\/schule-gfd101de05_1920.jpg",1920,1248,false],"thumbnail":["https:\/\/www.anika-net.de\/wp-content\/uploads\/2023\/05\/schule-gfd101de05_1920-150x150.jpg",150,150,true],"medium":["https:\/\/www.anika-net.de\/wp-content\/uploads\/2023\/05\/schule-gfd101de05_1920-300x195.jpg",300,195,true],"medium_large":["https:\/\/www.anika-net.de\/wp-content\/uploads\/2023\/05\/schule-gfd101de05_1920-768x499.jpg",640,416,true],"large":["https:\/\/www.anika-net.de\/wp-content\/uploads\/2023\/05\/schule-gfd101de05_1920-1024x666.jpg",640,416,true],"1536x1536":["https:\/\/www.anika-net.de\/wp-content\/uploads\/2023\/05\/schule-gfd101de05_1920-1536x998.jpg",1536,998,true],"2048x2048":["https:\/\/www.anika-net.de\/wp-content\/uploads\/2023\/05\/schule-gfd101de05_1920.jpg",1920,1248,false],"event-overview":["https:\/\/www.anika-net.de\/wp-content\/uploads\/2023\/05\/schule-gfd101de05_1920-960x640.jpg",960,640,true],"event-archive-thumb":["https:\/\/www.anika-net.de\/wp-content\/uploads\/2023\/05\/schule-gfd101de05_1920-480x312.jpg",480,312,true],"grid-item-thumbnail":["https:\/\/www.anika-net.de\/wp-content\/uploads\/2023\/05\/schule-gfd101de05_1920-360x200.jpg",360,200,true],"network-partner-icon":["https:\/\/www.anika-net.de\/wp-content\/uploads\/2023\/05\/schule-gfd101de05_1920-100x100.jpg",100,100,true],"organiser-icon":["https:\/\/www.anika-net.de\/wp-content\/uploads\/2023\/05\/schule-gfd101de05_1920-200x200.jpg",200,200,true],"gform-image-choice-sm":["https:\/\/www.anika-net.de\/wp-content\/uploads\/2023\/05\/schule-gfd101de05_1920.jpg",300,195,false],"gform-image-choice-md":["https:\/\/www.anika-net.de\/wp-content\/uploads\/2023\/05\/schule-gfd101de05_1920.jpg",400,260,false],"gform-image-choice-lg":["https:\/\/www.anika-net.de\/wp-content\/uploads\/2023\/05\/schule-gfd101de05_1920.jpg",600,390,false]},"uagb_author_info":{"display_name":"Andrea Ramirez","author_link":"https:\/\/www.anika-net.de\/tr\/author\/andrea-ramirez\/"},"uagb_comment_info":0,"uagb_excerpt":"Ser\u00adti\u00adfi\u00adka\u00adl\u0131 final s\u0131nav\u00adla\u00adr\u0131 B1 veya \u00fcze\u00adri olan yo\u011fun\u00adla\u015f\u00adt\u0131\u00adr\u0131l\u00adm\u0131\u015f yaz kurslar\u0131 Hedef kit\u00adle, \u00f6nce\u00adlik\u00adle 2022\/23 \u00f6\u011fre\u00adtim y\u0131l\u0131n\u00adda bir \u00e7\u0131rak\u00adl\u0131k veya tam zaman\u00adl\u0131 mes\u00adle\u00adki e\u011fi\u00adtim prog\u00adra\u00adm\u0131\u00adna ba\u015f\u00adla\u00adya\u00adcak ve ser\u00adti\u00adfi\u00adka\u00adl\u0131 B1 s\u0131na\u00adv\u0131\u00adna veya&nbsp;daha fazla okuyun","_links":{"self":[{"href":"https:\/\/www.anika-net.de\/tr\/wp-json\/wp\/v2\/event\/38834","targetHints":{"allow":["GET"]}}],"collection":[{"href":"https:\/\/www.anika-net.de\/tr\/wp-json\/wp\/v2\/event"}],"about":[{"href":"https:\/\/www.anika-net.de\/tr\/wp-json\/wp\/v2\/types\/event"}],"author":[{"embeddable":true,"href":"https:\/\/www.anika-net.de\/tr\/wp-json\/wp\/v2\/users\/12"}],"version-history":[{"count":0,"href":"https:\/\/www.anika-net.de\/tr\/wp-json\/wp\/v2\/event\/38834\/revisions"}],"acf:post":[{"embeddable":true,"href":"https:\/\/www.anika-net.de\/tr\/wp-json\/wp\/v2\/organiser\/23063"}],"acf:term":[{"embeddable":true,"taxonomy":"event_category","href":"https:\/\/www.anika-net.de\/tr\/wp-json\/wp\/v2\/event_category\/94"}],"wp:featuredmedia":[{"embeddable":true,"href":"https:\/\/www.anika-net.de\/tr\/wp-json\/wp\/v2\/media\/38822"}],"wp:attachment":[{"href":"https:\/\/www.anika-net.de\/tr\/wp-json\/wp\/v2\/media?parent=38834"}],"curies":[{"name":"wp","href":"https:\/\/api.w.org\/{rel}","templated":true}]}}