{"id":35049,"date":"2023-03-08T19:27:18","date_gmt":"2023-03-08T18:27:18","guid":{"rendered":"https:\/\/www.anika-net.de\/event\/entegrasyon-yonetimi-ukrayna\/"},"modified":"2023-03-08T19:27:18","modified_gmt":"2023-03-08T18:27:18","slug":"entegrasyon-yonetimi-ukrayna","status":"publish","type":"event","link":"https:\/\/www.anika-net.de\/tr\/event\/entegrasyon-yonetimi-ukrayna\/","title":{"rendered":"Enteg\u00adras\u00adyon y\u00f6ne\u00adti\u00admi Ukrayna"},"content":{"rendered":"<h3>Enteg\u00adras\u00adyon y\u00f6ne\u00adti\u00admi Ukrayna<\/h3>\n<p>Hede\u00adfi\u00admiz, Karls\u00adru\u00adhe\u00ad\u2019\u00adde ya\u015fa\u00adyan Ukray\u00adna\u00adl\u0131 m\u00fcl\u00adte\u00adci\u00adle\u00adrin s\u00fcr\u00add\u00fc\u00adr\u00fc\u00adle\u00adbi\u00adlir entegrasyonudur.<\/p>\n<p>E\u011fer Ukray\u00adna\u00ad\u2019\u00addan gelen bir m\u00fcl\u00adte\u00adciy\u00adse\u00adniz ve 6 ayd\u0131r Karls\u00adru\u00adhe \u015feh\u00adri\u00adnin bele\u00addi\u00adye konut\u00adla\u00adr\u0131n\u00adda ya\u015f\u0131\u00adyor\u00adsa\u00adn\u0131z, biz sizin yan\u0131n\u0131zday\u0131z.<\/p>\n<p><strong>\u0130lg\u00adili soru\u00adla\u00adr\u0131\u00adn\u0131z\u00adda size des\u00adtek oluyoruz:<\/strong><\/p>\n<p>- Yet\u00adki\u00adli makam\u00adlar\u00adla yaz\u0131\u015f\u00adma\u00adlar (i\u015f mer\u00adke\u00adzi, sos\u00adyal yar\u00add\u0131m ofi\u00adsi, g\u00f6\u00e7\u00admen\u00adlik b\u00fcrosu)<br>\n\u2014 Daire ara\u00adma ve kira s\u00f6zle\u015fmesi<br>\n\u2014 Bir enteg\u00adras\u00adyon kur\u00adsu aray\u0131n<br>\n\u2014 \u0130\u015f huku\u00adku konu\u00adla\u00adr\u0131n\u00adda destek<br>\n\u2014 \u00c7ocu\u00ad\u011fu\u00adnuz i\u00e7in bir kre\u015f veya okul yeri aray\u0131n<br>\n\u2014 Siz ve \u00e7ocu\u00ad\u011fu\u00adnuz i\u00e7in spor ve bo\u015f zaman akti\u00advi\u00adte\u00adle\u00adri aray\u0131n<br>\n\u2014 Psi\u00adko\u00adlo\u00adjik sorun\u00adlar\u00adla ilgi\u00adli ola\u00ads\u0131 yar\u00add\u0131m teklifleri<\/p>\n<p>Enteg\u00adras\u00adyon y\u00f6ne\u00adti\u00admi, Ukray\u00adna\u00ad\u2019\u00addan gelen m\u00fcl\u00adte\u00adci\u00adle\u00adri \u00e7e\u015fit\u00adli ya\u015fam ko\u015ful\u00adla\u00adr\u0131n\u00adda dan\u0131\u015f\u00adman\u00adl\u0131k, top\u00adlan\u00adt\u0131, e\u011fi\u00adtim ve refa\u00adkat tek\u00adlif\u00adle\u00adri yoluy\u00adla des\u00adtek\u00adle\u00admek\u00adte\u00addir. Birey\u00adsel enteg\u00adras\u00adyon s\u00fcre\u00adci\u00adni te\u015f\u00advik etmek ve bun\u00adla\u00adr\u0131n ba\u011f\u0131m\u00ads\u0131z\u00adl\u0131\u00ad\u011f\u0131\u00adn\u0131 g\u00fc\u00e7\u00adlen\u00addir\u00admek amac\u0131yla.<\/p>\n<p><strong>Birey\u00adsel enteg\u00adras\u00adyon s\u00fcre\u00adci a\u015fa\u00ad\u011f\u0131\u00adda\u00adki g\u00f6rev\u00adler ara\u00adc\u0131\u00adl\u0131\u00ad\u011f\u0131y\u00adla ger\u00e7ekle\u015ftirilecektir:<\/strong><\/p>\n<p>Zama\u00adna daya\u00adl\u0131 hedef\u00adler i\u00e7e\u00adren birey\u00adsel bir des\u00adtek pla\u00adn\u0131\u00adn\u0131n bir\u00adlik\u00adte olu\u015fturulmas\u0131<br>\nPsi\u00adko\u00adsos\u00adyal sorun\u00adlar duru\u00admun\u00adda uzman\u00adla\u015f\u00adm\u0131\u015f hiz\u00admet\u00adle\u00adre y\u00f6nlendirme<br>\nEbe\u00adveyn\u00adle\u00adre ebe\u00adveyn\u00adlik ve e\u011fi\u00adtim konu\u00adla\u00adr\u0131n\u00adda dan\u0131\u015fmanl\u0131k<br>\nAlman\u00adca dil bece\u00adri\u00adle\u00adri\u00adnin kaza\u00adn\u0131l\u00adma\u00ads\u0131 i\u00e7in tek\u00adlif\u00adle\u00adrin arabuluculu\u011fu<br>\nMes\u00adle\u00adki iler\u00adle\u00adme ama\u00adc\u0131y\u00adla ile\u00adri e\u011fi\u00adtim tek\u00adlif\u00adle\u00adri\u00adne ara\u00adc\u0131\u00adl\u0131k edilmesi<br>\n\u0130ns\u00adanl\u00adar\u0131 i\u015f piya\u00adsa\u00ads\u0131n\u00adda\u00adki \u00e7aba\u00adla\u00adr\u0131n\u00adda desteklemek<br>\nBo\u015f zaman tek\u00adlif\u00adle\u00adri\u00adnin ara\u00adbu\u00adlu\u00adcu\u00adlu\u00ad\u011fu (kul\u00fcp\u00adler, k\u00fcl\u00adt\u00fc\u00adrel tek\u00adlif\u00adler&nbsp;vb.)<br>\nK\u00fcl\u00adt\u00fcr\u00adle\u00adra\u00adra\u00ads\u0131 ile\u00adti\u00ad\u015fim ve bulu\u015f\u00adma yer\u00adle\u00adri\u00adnin geli\u015ftirilmesi<\/p>\n","protected":false},"author":12,"featured_media":34989,"template":"","class_list":["post-35049","event","type-event","status-publish","has-post-thumbnail","hentry","event_category-yardim-olanaklari"],"acf":{"event-recurring":true,"event-category":95,"event-is-language-course":false,"event-recurring-still-active":true,"event-display-details":true,"event-schedules-recurring":[{"event-recurring-week-day":false,"event-recurring-time":"09.00 - 12.00 \/ 14.00 - 16.00","event-recurring-time-text":""},{"event-recurring-week-day":"1","event-recurring-time":"09.00 - 12.00","event-recurring-time-text":""},{"event-recurring-week-day":"2","event-recurring-time":"09.00 - 12.00","event-recurring-time-text":""},{"event-recurring-week-day":"3","event-recurring-time":"09.00 - 12.00 \/ 14.00 - 16.00","event-recurring-time-text":""},{"event-recurring-week-day":"4","event-recurring-time":"09.00 - 12.00","event-recurring-time-text":""}],"event-schedules-calendar":null,"event-is-online":false,"event-online-url":"","event-location-building":"Beratungs- und Familienzentrum Caritashaus","event-location-street":"Sophienstra\u00dfe 33","event-location-zip":"76133","event-location-city":"Karlsruhe","event-location-contact-person":"Tamara Hillens","event-location-phone":"+49 721 91243-16","event-location-phone-2":"+49 721 91243-99","event-location-mail":"sekretariat-oemd@caritas-karlsruhe.de","event-location-mail-2":"","event-location-website":"https:\/\/www.caritas-karlsruhe.de\/beitraege\/integrationsmanagment-ukraine\/2434038\/?searchterm=ukraine","event-target-group":[{"target-group":"adults"}],"event-target-group-comment":"","event-free":true,"event-organiser":[16388],"event-header-copyright-overlay":true,"event-copyright-note-description-end":false},"featured_image_urls_v2":{"full":["https:\/\/www.anika-net.de\/wp-content\/uploads\/2019\/03\/Caritas-und-Diakonie.jpg",1181,709,false],"thumbnail":["https:\/\/www.anika-net.de\/wp-content\/uploads\/2019\/03\/Caritas-und-Diakonie-150x150.jpg",150,150,true],"medium":["https:\/\/www.anika-net.de\/wp-content\/uploads\/2019\/03\/Caritas-und-Diakonie-300x180.jpg",300,180,true],"medium_large":["https:\/\/www.anika-net.de\/wp-content\/uploads\/2019\/03\/Caritas-und-Diakonie-768x461.jpg",640,384,true],"large":["https:\/\/www.anika-net.de\/wp-content\/uploads\/2019\/03\/Caritas-und-Diakonie-1024x615.jpg",640,384,true],"1536x1536":["https:\/\/www.anika-net.de\/wp-content\/uploads\/2019\/03\/Caritas-und-Diakonie.jpg",1181,709,false],"2048x2048":["https:\/\/www.anika-net.de\/wp-content\/uploads\/2019\/03\/Caritas-und-Diakonie.jpg",1181,709,false],"event-overview":["https:\/\/www.anika-net.de\/wp-content\/uploads\/2019\/03\/Caritas-und-Diakonie-960x640.jpg",960,640,true],"event-archive-thumb":["https:\/\/www.anika-net.de\/wp-content\/uploads\/2019\/03\/Caritas-und-Diakonie-480x288.jpg",480,288,true],"grid-item-thumbnail":["https:\/\/www.anika-net.de\/wp-content\/uploads\/2019\/03\/Caritas-und-Diakonie-360x200.jpg",360,200,true],"network-partner-icon":["https:\/\/www.anika-net.de\/wp-content\/uploads\/2019\/03\/Caritas-und-Diakonie-100x100.jpg",100,100,true],"organiser-icon":["https:\/\/www.anika-net.de\/wp-content\/uploads\/2019\/03\/Caritas-und-Diakonie-200x200.jpg",200,200,true],"gform-image-choice-sm":["https:\/\/www.anika-net.de\/wp-content\/uploads\/2019\/03\/Caritas-und-Diakonie.jpg",300,180,false],"gform-image-choice-md":["https:\/\/www.anika-net.de\/wp-content\/uploads\/2019\/03\/Caritas-und-Diakonie.jpg",400,240,false],"gform-image-choice-lg":["https:\/\/www.anika-net.de\/wp-content\/uploads\/2019\/03\/Caritas-und-Diakonie.jpg",600,360,false]},"post_excerpt_stackable_v2":"<p>Enteg\u00adras\u00adyon y\u00f6ne\u00adti\u00admi Ukray\u00adna Hede\u00adfi\u00admiz, Karls\u00adru\u00adhe\u00ad\u2019\u00adde ya\u015fa\u00adyan Ukray\u00adna\u00adl\u0131 m\u00fcl\u00adte\u00adci\u00adle\u00adrin s\u00fcr\u00add\u00fc\u00adr\u00fc\u00adle\u00adbi\u00adlir enteg\u00adras\u00adyo\u00adnu\u00addur. E\u011fer Ukray\u00adna\u00ad\u2019\u00addan gelen bir m\u00fcl\u00adte\u00adciy\u00adse\u00adniz ve 6 ayd\u0131r Karls\u00adru\u00adhe \u015feh\u00adri\u00adnin bele\u00addi\u00adye konut\u00adla\u00adr\u0131n\u00adda ya\u015f\u0131\u00adyor\u00adsa\u00adn\u0131z, biz sizin yan\u0131\u00adn\u0131z\u00adda\u00ady\u0131z. \u0130lg\u00adili soru\u00adla\u00adr\u0131\u00adn\u0131z\u00adda size des\u00adtek olu\u00adyo\u00adruz: \u2014 Yet\u00adki\u00adli makam\u00adlar\u00adla yaz\u0131\u015f\u00adma\u00adlar (i\u015f mer\u00adke\u00adzi, sos\u00adyal yar\u00add\u0131m ofi\u00adsi, g\u00f6\u00e7\u00admen\u00adlik b\u00fcro\u00adsu) \u2014 Daire ara\u00adma ve kira s\u00f6z\u00adle\u015f\u00adme\u00adsi \u2014 Bir enteg\u00adras\u00adyon kur\u00adsu ara\u00ady\u0131n \u2014 \u0130\u015f huku\u00adku konu\u00adla\u00adr\u0131n\u00adda des\u00adtek \u2014 \u00c7ocu\u00ad\u011fu\u00adnuz i\u00e7in bir kre\u015f veya okul yeri ara\u00ady\u0131n \u2014 Siz ve \u00e7ocu\u00ad\u011fu\u00adnuz i\u00e7in spor ve bo\u015f zaman akti\u00advi\u00adte\u00adle\u00adri ara\u00ady\u0131n \u2014 Psi\u00adko\u00adlo\u00adjik sorun\u00adlar\u00adla ilgi\u00adli ola\u00ads\u0131 yar\u00add\u0131m tek\u00adlif\u00adle\u00adri Enteg\u00adras\u00adyon y\u00f6ne\u00adti\u00admi, Ukray\u00adna\u00ad\u2019\u00addan gelen m\u00fcl\u00adte\u00adci\u00adle\u00adri \u00e7e\u015fit\u00adli ya\u015fam ko\u015ful\u00adla\u00adr\u0131n\u00adda dan\u0131\u015f\u00adman\u00adl\u0131k, top\u00adlan\u00adt\u0131, e\u011fi\u00adtim ve refa\u00adkat tek\u00adlif\u00adle\u00adri yoluyla\u2026<\/p>\n","category_list_v2":"","author_info_v2":{"name":"Andrea Ramirez","url":"https:\/\/www.anika-net.de\/tr\/author\/andrea-ramirez\/"},"comments_num_v2":"0 comments","uagb_featured_image_src":{"full":["https:\/\/www.anika-net.de\/wp-content\/uploads\/2019\/03\/Caritas-und-Diakonie.jpg",1181,709,false],"thumbnail":["https:\/\/www.anika-net.de\/wp-content\/uploads\/2019\/03\/Caritas-und-Diakonie-150x150.jpg",150,150,true],"medium":["https:\/\/www.anika-net.de\/wp-content\/uploads\/2019\/03\/Caritas-und-Diakonie-300x180.jpg",300,180,true],"medium_large":["https:\/\/www.anika-net.de\/wp-content\/uploads\/2019\/03\/Caritas-und-Diakonie-768x461.jpg",640,384,true],"large":["https:\/\/www.anika-net.de\/wp-content\/uploads\/2019\/03\/Caritas-und-Diakonie-1024x615.jpg",640,384,true],"1536x1536":["https:\/\/www.anika-net.de\/wp-content\/uploads\/2019\/03\/Caritas-und-Diakonie.jpg",1181,709,false],"2048x2048":["https:\/\/www.anika-net.de\/wp-content\/uploads\/2019\/03\/Caritas-und-Diakonie.jpg",1181,709,false],"event-overview":["https:\/\/www.anika-net.de\/wp-content\/uploads\/2019\/03\/Caritas-und-Diakonie-960x640.jpg",960,640,true],"event-archive-thumb":["https:\/\/www.anika-net.de\/wp-content\/uploads\/2019\/03\/Caritas-und-Diakonie-480x288.jpg",480,288,true],"grid-item-thumbnail":["https:\/\/www.anika-net.de\/wp-content\/uploads\/2019\/03\/Caritas-und-Diakonie-360x200.jpg",360,200,true],"network-partner-icon":["https:\/\/www.anika-net.de\/wp-content\/uploads\/2019\/03\/Caritas-und-Diakonie-100x100.jpg",100,100,true],"organiser-icon":["https:\/\/www.anika-net.de\/wp-content\/uploads\/2019\/03\/Caritas-und-Diakonie-200x200.jpg",200,200,true],"gform-image-choice-sm":["https:\/\/www.anika-net.de\/wp-content\/uploads\/2019\/03\/Caritas-und-Diakonie.jpg",300,180,false],"gform-image-choice-md":["https:\/\/www.anika-net.de\/wp-content\/uploads\/2019\/03\/Caritas-und-Diakonie.jpg",400,240,false],"gform-image-choice-lg":["https:\/\/www.anika-net.de\/wp-content\/uploads\/2019\/03\/Caritas-und-Diakonie.jpg",600,360,false]},"uagb_author_info":{"display_name":"Andrea Ramirez","author_link":"https:\/\/www.anika-net.de\/tr\/author\/andrea-ramirez\/"},"uagb_comment_info":0,"uagb_excerpt":"Enteg\u00adras\u00adyon y\u00f6ne\u00adti\u00admi Ukrayna Hede\u00adfi\u00admiz, Karls\u00adru\u00adhe\u00ad\u2019\u00adde ya\u015fa\u00adyan Ukray\u00adna\u00adl\u0131 m\u00fcl\u00adte\u00adci\u00adle\u00adrin s\u00fcr\u00add\u00fc\u00adr\u00fc\u00adle\u00adbi\u00adlir entegrasyonudur. E\u011fer Ukray\u00adna\u00ad\u2019\u00addan gelen bir m\u00fcl\u00adte\u00adciy\u00adse\u00adniz ve 6 ayd\u0131r Karls\u00adru\u00adhe \u015feh\u00adri\u00adnin bele\u00addi\u00adye konut\u00adla\u00adr\u0131n\u00adda ya\u015f\u0131\u00adyor\u00adsa\u00adn\u0131z, biz sizin yan\u0131n\u0131zday\u0131z. \u0130lg\u00adili soru\u00adla\u00adr\u0131\u00adn\u0131z\u00adda size des\u00adtek&nbsp;daha fazla okuyun","_links":{"self":[{"href":"https:\/\/www.anika-net.de\/tr\/wp-json\/wp\/v2\/event\/35049","targetHints":{"allow":["GET"]}}],"collection":[{"href":"https:\/\/www.anika-net.de\/tr\/wp-json\/wp\/v2\/event"}],"about":[{"href":"https:\/\/www.anika-net.de\/tr\/wp-json\/wp\/v2\/types\/event"}],"author":[{"embeddable":true,"href":"https:\/\/www.anika-net.de\/tr\/wp-json\/wp\/v2\/users\/12"}],"version-history":[{"count":0,"href":"https:\/\/www.anika-net.de\/tr\/wp-json\/wp\/v2\/event\/35049\/revisions"}],"acf:post":[{"embeddable":true,"href":"https:\/\/www.anika-net.de\/tr\/wp-json\/wp\/v2\/organiser\/16388"}],"acf:term":[{"embeddable":true,"taxonomy":"event_category","href":"https:\/\/www.anika-net.de\/tr\/wp-json\/wp\/v2\/event_category\/95"}],"wp:featuredmedia":[{"embeddable":true,"href":"https:\/\/www.anika-net.de\/tr\/wp-json\/wp\/v2\/media\/34989"}],"wp:attachment":[{"href":"https:\/\/www.anika-net.de\/tr\/wp-json\/wp\/v2\/media?parent=35049"}],"curies":[{"name":"wp","href":"https:\/\/api.w.org\/{rel}","templated":true}]}}